{"id":381,"date":"2021-03-11T17:34:58","date_gmt":"2021-03-11T16:34:58","guid":{"rendered":"http:\/\/blogsaverroes.juntadeandalucia.es\/ceiprodriguezvega\/?page_id=381"},"modified":"2021-04-17T15:10:54","modified_gmt":"2021-04-17T13:10:54","slug":"historia-del-centro","status":"publish","type":"page","link":"https:\/\/blogsaverroes.juntadeandalucia.es\/ceiprodriguezvega\/historia-del-centro\/","title":{"rendered":"Historia del Centro"},"content":{"rendered":"<p style=\"text-align: justify\">Nuestro colegio se cre\u00f3 a mediados del siglo pasado. En un principio, en esta zona alta del pueblo, s\u00f3lo se edific\u00f3 el centro escolar, llamado desde el primer momento \u201cRodr\u00edguez Vega\u201d, haciendo alusi\u00f3n a los apellidos del alcalde que por entonces gobernaba. La nomenclatura exacta era \u201cGrupos Escolares Rodr\u00edguez Vega\u201d. M\u00e1s adelante se construy\u00f3 el barrio de casas adosadas paralelamente a una de las calles del centro. A este barrio se le llama \u201cLos Grupos\u201d, por lo de \u201cGrupos Escolares\u201d.<\/p>\n<p style=\"text-align: justify\">En la primera construcci\u00f3n s\u00f3lo se edifican los bloques donde actualmente se encuentran las aulas de Educaci\u00f3n Infantil y Primer Ciclo de Educaci\u00f3n Secundaria. En una segunda fase, se ampl\u00eda la construcci\u00f3n con los bloques donde hoy se encuentran el comedor escolar y las aulas de 1\u00ba y 2\u00ba Ciclo de Educaci\u00f3n Primaria.<\/p>\n<p style=\"text-align: justify\">Va aumentando con el tiempo el n\u00famero de alumnado, adem\u00e1s de empezar a recibir alumnos y alumnas de Educaci\u00f3n Especial. Por este motivo se construyen los actuales bloques de Direcci\u00f3n y Biblioteca, ubic\u00e1ndose en \u00e9ste \u00faltimo la Biblioteca del centro, las aulas de Pedagog\u00eda Terap\u00e9utica, el aula de Audici\u00f3n y Lenguaje, la sala de video y el aula de Inform\u00e1tica. El s\u00f3tano de este edificio se destin\u00f3 en un primer momento para gimnasio y sal\u00f3n de actos, y actualmente se encuentra el aula de M\u00fasica.<\/p>\n<p style=\"text-align: justify\">Ya sobre el a\u00f1o 2000 se realizaron las \u00faltimas e importantes obras: se construy\u00f3 el actual gimnasio, se instal\u00f3 la calefacci\u00f3n por todo el centro, todos los bloques se comunican con unas marquesinas que permiten poder recorrer el centro bajo techado, se construy\u00f3 el actual bloque de Direcci\u00f3n, se remodelaron los servicios y en el actual bloque de Educaci\u00f3n Infantil se dedica un espacio de cada aula a un aseo.<\/p>\n","protected":false},"excerpt":{"rendered":"<p>Nuestro colegio se cre\u00f3 a mediados del siglo pasado. En un principio, en esta zona alta del pueblo, s\u00f3lo se edific\u00f3 el centro escolar, llamado desde el primer momento \u201cRodr\u00edguez Vega\u201d, haciendo alusi\u00f3n a&#46;&#46;&#46;<\/p>\n","protected":false},"author":2153,"featured_media":584,"parent":0,"menu_order":0,"comment_status":"closed","ping_status":"closed","template":"","meta":{"ngg_post_thumbnail":0,"footnotes":""},"aioseo_notices":[],"_links":{"self":[{"href":"https:\/\/blogsaverroes.juntadeandalucia.es\/ceiprodriguezvega\/wp-json\/wp\/v2\/pages\/381"}],"collection":[{"href":"https:\/\/blogsaverroes.juntadeandalucia.es\/ceiprodriguezvega\/wp-json\/wp\/v2\/pages"}],"about":[{"href":"https:\/\/blogsaverroes.juntadeandalucia.es\/ceiprodriguezvega\/wp-json\/wp\/v2\/types\/page"}],"author":[{"embeddable":true,"href":"https:\/\/blogsaverroes.juntadeandalucia.es\/ceiprodriguezvega\/wp-json\/wp\/v2\/users\/2153"}],"replies":[{"embeddable":true,"href":"https:\/\/blogsaverroes.juntadeandalucia.es\/ceiprodriguezvega\/wp-json\/wp\/v2\/comments?post=381"}],"version-history":[{"count":4,"href":"https:\/\/blogsaverroes.juntadeandalucia.es\/ceiprodriguezvega\/wp-json\/wp\/v2\/pages\/381\/revisions"}],"predecessor-version":[{"id":388,"href":"https:\/\/blogsaverroes.juntadeandalucia.es\/ceiprodriguezvega\/wp-json\/wp\/v2\/pages\/381\/revisions\/388"}],"wp:featuredmedia":[{"embeddable":true,"href":"https:\/\/blogsaverroes.juntadeandalucia.es\/ceiprodriguezvega\/wp-json\/wp\/v2\/media\/584"}],"wp:attachment":[{"href":"https:\/\/blogsaverroes.juntadeandalucia.es\/ceiprodriguezvega\/wp-json\/wp\/v2\/media?parent=381"}],"curies":[{"name":"wp","href":"https:\/\/api.w.org\/{rel}","templated":true}]}}