{"id":2211,"date":"2017-11-28T09:19:33","date_gmt":"2017-11-28T09:19:33","guid":{"rendered":"http:\/\/blogsaverroes.juntadeandalucia.es\/ceipsalazar\/?page_id=2211"},"modified":"2025-04-03T18:13:05","modified_gmt":"2025-04-03T18:13:05","slug":"profesorado-y-p-a-s","status":"publish","type":"page","link":"https:\/\/blogsaverroes.juntadeandalucia.es\/ceipsalazar\/?page_id=2211","title":{"rendered":"Profesorado y P.A.S."},"content":{"rendered":"<p><strong>CLAUSTRO DE PROFESORADO Y P.A.S &#8211; CURSO 2024\/2025<\/strong><\/p>\n<table style=\"width: 99.8307%;height: 393px\" width=\"106%\">\n<tbody>\n<tr style=\"height: 92px\">\n<td style=\"width: 52.6721%;height: 38px\" colspan=\"2\" width=\"35%\"><strong>D. Bartolom\u00e9 Cartas Cartas<\/strong><\/td>\n<td style=\"width: 39.6136%;height: 38px\" colspan=\"2\" width=\"64%\"><strong>Director &#8211; Ed. F\u00edsica &#8211; Coordinador \u201cTDE\u201d y PROA<\/strong><\/td>\n<\/tr>\n<tr style=\"height: 49px\">\n<td style=\"width: 52.6721%;height: 49px\" colspan=\"2\" width=\"35%\"><strong>D. Antonio Barbero Quesada<\/strong><\/td>\n<td style=\"width: 39.6136%;height: 49px\" colspan=\"2\" width=\"64%\"><strong>Jefe de Estudios<\/strong><\/td>\n<\/tr>\n<tr style=\"height: 21px\">\n<td style=\"width: 52.6721%;height: 21px\" colspan=\"2\" width=\"35%\"><strong>D\u00f1a. Francisca Vega Viedma<\/strong><\/td>\n<td style=\"width: 39.6136%;height: 21px\" colspan=\"2\" width=\"64%\"><strong>Secretaria<\/strong><\/td>\n<\/tr>\n<tr style=\"height: 21px\">\n<td style=\"width: 92.2857%;height: 21px\" colspan=\"4\" width=\"100%\"><strong>SEGUNDO CICLO DE EDUCACI\u00d3N INFANTIL<\/strong><\/td>\n<\/tr>\n<tr style=\"height: 44px\">\n<td style=\"width: 24%;height: 88px\" rowspan=\"2\" width=\"24%\"><strong>INFANTIL DE 3 A\u00d1OS<\/strong><\/td>\n<td style=\"width: 28.6721%\" width=\"29%\"><strong>D\u00aa Adelina P\u00e9rez Garc\u00eda<\/strong><\/td>\n<td style=\"width: 6.80406%;height: 44px\" width=\"6%\"><strong>1\u00ba A<\/strong><\/td>\n<td style=\"width: 32.8095%;height: 44px\" width=\"39%\">&nbsp;<\/td>\n<\/tr>\n<tr>\n<td style=\"width: 28.6721%\" width=\"29%\"><strong>D\u00aa Josefa M\u00aa Garrido Herrera<\/strong><\/td>\n<td style=\"width: 6.80406%;height: 44px\" width=\"6%\"><strong>1\u00ba B<\/strong><\/td>\n<td style=\"width: 32.8095%;height: 44px\" width=\"39%\">&nbsp;<\/td>\n<\/tr>\n<tr style=\"height: 44px\">\n<td style=\"width: 24%;height: 88px\" rowspan=\"2\" width=\"24%\"><strong>INFANTIL DE 4 A\u00d1OS<\/strong><\/td>\n<td style=\"width: 28.6721%;height: 44px\" width=\"29%\"><strong>D\u00aa Francisca Vega Viedma<\/strong><\/td>\n<td style=\"width: 6.80406%;height: 44px\" width=\"6%\"><strong>2\u00ba A<\/strong><\/td>\n<td style=\"width: 32.8095%;height: 44px\" width=\"39%\"><strong>Secretaria<\/strong><\/td>\n<\/tr>\n<tr style=\"height: 44px\">\n<td style=\"width: 28.6721%;height: 44px\" width=\"29%\"><strong>D\u00aa Manuela Castillo Lara<\/strong><\/td>\n<td style=\"width: 6.80406%;height: 44px\" width=\"6%\"><strong>2\u00ba B<\/strong><\/td>\n<td style=\"width: 32.8095%;height: 44px\" width=\"39%\"><strong> Coordinadora de Educaci\u00f3n Infantil<\/strong><\/td>\n<\/tr>\n<tr style=\"height: 44px\">\n<td style=\"width: 24%;height: 88px\" rowspan=\"2\" width=\"24%\"><strong>INFANTIL DE 5 A\u00d1OS<\/strong><\/td>\n<td style=\"width: 28.6721%;height: 44px\" width=\"29%\"><strong>D\u00aa Ana Beltr\u00e1n Benedicto<\/strong><\/td>\n<td style=\"width: 6.80406%;height: 44px\" width=\"6%\"><strong>3\u00ba A<\/strong><\/td>\n<td style=\"width: 32.8095%;height: 44px\" width=\"39%\">&nbsp;<\/td>\n<\/tr>\n<tr style=\"height: 44px\">\n<td style=\"width: 28.6721%;height: 44px\" width=\"29%\"><strong>D\u00aa Antonia Sandoval Villaca\u00f1as<\/strong><\/td>\n<td style=\"width: 6.80406%;height: 44px\" width=\"6%\"><strong>3\u00ba B<\/strong><\/td>\n<td style=\"width: 32.8095%;height: 44px\" width=\"39%\">&nbsp;<\/td>\n<\/tr>\n<\/tbody>\n<\/table>\n<p>&nbsp;<\/p>\n<table style=\"width: 99.4568%\" width=\"106%\">\n<tbody>\n<tr>\n<td style=\"width: 91.9683%\" colspan=\"4\" width=\"100%\"><strong>EDUCACI\u00d3N PRIMARIA<\/strong><\/td>\n<\/tr>\n<tr>\n<td style=\"width: 91.9683%\" colspan=\"4\" width=\"100%\"><strong>PRIMER CICLO DE EDUCACI\u00d3N PRIMARIA<\/strong><\/td>\n<\/tr>\n<tr>\n<td style=\"width: 23.599%\" rowspan=\"2\" width=\"17%\"><strong>PRIMER NIVEL<\/strong><\/td>\n<td style=\"width: 28.7851%\" width=\"32%\"><strong>D\u00aa M\u00aa Dolores Raya Laserna<\/strong><\/td>\n<td style=\"width: 7.16921%\" width=\"7%\"><strong>1\u00ba A<\/strong><\/td>\n<td style=\"width: 32.415%\" width=\"42%\"><strong>Coordinadora \u201cEscuela: espacio de paz\u201d &#8211; Plan de Igualdad<\/strong><\/td>\n<\/tr>\n<tr>\n<td style=\"width: 28.7851%\" width=\"32%\"><strong>D\u00aa Maribely Ruiz Contreras<\/strong><\/td>\n<td style=\"width: 7.16921%\" width=\"7%\"><strong>1\u00ba B<\/strong><\/td>\n<td style=\"width: 32.415%\" width=\"42%\"><strong>Coordinadora \u00ab+Deporte\u00bb<\/strong><\/p>\n<p><strong>Coordinadora \u00c1mbito \u201cCreciendo en salud\u201d &#8211; H\u00e1bitos de Vida Saludable &#8211; (CIMA)<\/strong><\/td>\n<\/tr>\n<tr>\n<td style=\"width: 23.599%\" rowspan=\"2\" width=\"17%\"><strong>SEGUNDO NIVEL<\/strong><\/td>\n<td style=\"width: 28.7851%\" width=\"32%\"><strong>D\u00aa Francisca Herrera Vargas<\/strong><\/td>\n<td style=\"width: 7.16921%\" width=\"7%\"><strong>2\u00ba A<\/strong><\/td>\n<td style=\"width: 32.415%\" width=\"42%\"><strong>Coordinadora Plan Lectura y Bibliotecas<\/strong><\/td>\n<\/tr>\n<tr>\n<td style=\"width: 28.7851%\" width=\"32%\"><strong>D\u00aa M\u00aa Magdalena Mart\u00ednez N\u00e1jera<\/strong><\/td>\n<td style=\"width: 7.16921%\" width=\"7%\"><strong>2\u00ba B<\/strong><\/td>\n<td style=\"width: 32.415%\" width=\"42%\"><strong> Franc\u00e9s 5\u00ba y 6\u00ba<\/strong><\/td>\n<\/tr>\n<\/tbody>\n<\/table>\n<p>&nbsp;<\/p>\n<table style=\"width: 99.4568%\" width=\"106%\">\n<tbody>\n<tr>\n<td style=\"width: 91.9683%\" colspan=\"4\" width=\"100%\"><strong>SEGUNDO CICLO DE EDUCACI\u00d3N PRIMARIA<\/strong><\/td>\n<\/tr>\n<tr>\n<td style=\"width: 22.4146%\" rowspan=\"2\" width=\"17%\"><strong>TERCER NIVEL<\/strong><\/td>\n<td style=\"width: 30.1387%\" width=\"32%\"><strong>D. Antonio Ruiz Tejada<\/strong><\/td>\n<td style=\"width: 6.8308%\" width=\"7%\"><strong>3\u00ba A<\/strong><\/td>\n<td style=\"width: 32.5842%\" width=\"42%\"><strong>Coordinador de 2\u00ba ciclo \u2013 Ed. Musical Primaria&nbsp;<\/strong><\/td>\n<\/tr>\n<tr>\n<td style=\"width: 30.1387%\" width=\"32%\"><strong>D. Antonio Cruz Moreno<\/strong><\/td>\n<td style=\"width: 6.8308%\" width=\"7%\"><strong>3\u00ba B<\/strong><\/td>\n<td style=\"width: 32.5842%\" width=\"42%\"><strong>Ed. F\u00edsica-Primaria Biling\u00fce (Ingl\u00e9s) &#8211; 3\u00ba y 4\u00ba<\/strong><\/td>\n<\/tr>\n<tr>\n<td style=\"width: 22.4146%\" rowspan=\"2\" width=\"17%\"><strong>CUARTO NIVEL<\/strong><\/td>\n<td style=\"width: 30.1387%\" width=\"32%\"><strong>D\u00aa Yolanda Delgado Arcos&nbsp;<\/strong><\/td>\n<td style=\"width: 6.8308%\" width=\"7%\"><strong>4\u00ba A<\/strong><\/td>\n<td style=\"width: 32.5842%\" width=\"42%\">&nbsp;<\/td>\n<\/tr>\n<tr>\n<td style=\"width: 30.1387%\" width=\"32%\"><strong>D\u00aa M\u00aa Francisca Poza Valverde&nbsp;<\/strong><\/td>\n<td style=\"width: 6.8308%\" width=\"7%\"><strong>4\u00ba B<\/strong><\/td>\n<td style=\"width: 32.5842%\" width=\"42%\"><strong>Coordinadora Biling\u00fcismo<\/strong><\/td>\n<\/tr>\n<\/tbody>\n<\/table>\n<p>&nbsp;<\/p>\n<table style=\"width: 99.2698%\" width=\"106%\">\n<tbody>\n<tr>\n<td style=\"width: 91.6507%\" colspan=\"4\" width=\"100%\"><strong>TERCER CICLO DE EDUCACI\u00d3N PRIMARIA<\/strong><\/td>\n<\/tr>\n<tr>\n<td style=\"width: 22.0847%\" rowspan=\"2\" width=\"17%\"><strong>QUINTO NIVEL<\/strong><\/td>\n<td style=\"width: 30.3051%\" width=\"32%\"><strong>D\u00aa M\u00aa Inmaculada Poza V\u00e1zquez<\/strong><\/td>\n<td style=\"width: 6.49153%\" width=\"7%\"><strong>5\u00ba A<\/strong><\/td>\n<td style=\"width: 32.7694%\" width=\"42%\">&nbsp;<\/td>\n<\/tr>\n<tr>\n<td style=\"width: 30.3051%\" width=\"32%\"><strong>D. Jos\u00e9 Antonio And\u00fajar Molina<\/strong><\/td>\n<td style=\"width: 6.49153%\" width=\"7%\"><strong>5\u00ba B<\/strong><\/td>\n<td style=\"width: 32.7694%\" width=\"42%\">&nbsp;<\/td>\n<\/tr>\n<tr>\n<td style=\"width: 22.0847%\" rowspan=\"2\" width=\"17%\"><strong>SEXTO NIVEL<\/strong><\/td>\n<td style=\"width: 30.3051%\" width=\"32%\"><strong>D\u00aa Mar\u00eda Dolores Rodr\u00edguez Torres<\/strong><\/td>\n<td style=\"width: 6.49153%\" width=\"7%\"><strong>6\u00ba A<\/strong><\/td>\n<td style=\"width: 32.7694%\" width=\"42%\">&nbsp;<\/td>\n<\/tr>\n<tr>\n<td style=\"width: 30.3051%\" width=\"32%\"><strong>D. Jos\u00e9 Antonio Garrido Mar\u00edn&nbsp;<\/strong><\/td>\n<td style=\"width: 6.49153%\" width=\"7%\"><strong>6\u00ba B<\/strong><\/td>\n<td style=\"width: 32.7694%\" width=\"42%\"><strong>Coordinador 3<sup>er<\/sup> ciclo &#8211; Coordinador \u00c1mbito ALDEA (CIMA)<\/strong><\/td>\n<\/tr>\n<\/tbody>\n<\/table>\n<p>&nbsp;<\/p>\n<table style=\"width: 98.896%\" width=\"106%\">\n<tbody>\n<tr>\n<td style=\"width: 91.3333%\" colspan=\"3\" width=\"100%\"><strong>AULA ESPEC\u00cdFICA DE EDUCACI\u00d3N ESPECIAL<\/strong><\/td>\n<\/tr>\n<tr>\n<td style=\"width: 8.42857%\" width=\"17%\">&nbsp;<\/td>\n<td style=\"width: 35.3492%\" width=\"29%\"><strong>D\u00aa Adela M\u00aa Godoy Godoy<\/strong><\/td>\n<td style=\"width: 47.5555%\" width=\"52%\">&nbsp;<\/td>\n<\/tr>\n<\/tbody>\n<\/table>\n<p>&nbsp;<\/p>\n<table style=\"width: 99.6437%\" width=\"106%\">\n<tbody>\n<tr>\n<td style=\"width: 92.127%\" colspan=\"3\" width=\"100%\"><strong>ESPECIALISTAS SIN TUTOR\u00cdA<\/strong><\/td>\n<\/tr>\n<tr>\n<td style=\"width: 8.11111%\" width=\"17%\">&nbsp;<\/td>\n<td style=\"width: 34.8889%\" width=\"36%\"><strong>D\u00aa Manuela G\u00e1mez Maza<\/strong><\/td>\n<td style=\"width: 49.127%\" width=\"45%\"><strong>Pedagog\u00eda Terap\u00e9utica &#8211; Coordinadora del Equipo de Orientaci\u00f3n del Centro<\/strong><\/td>\n<\/tr>\n<tr>\n<td style=\"width: 8.11111%\" width=\"17%\">&nbsp;<\/td>\n<td style=\"width: 34.8889%\" width=\"36%\"><strong>D\u00aa M\u00aa Jos\u00e9 Mar\u00edn Ceacero<\/strong><\/td>\n<td style=\"width: 49.127%\" width=\"45%\"><strong>Ingl\u00e9s (1\u00ba, 2\u00ba y 3\u00ba EP) &#8211; Coordinadora de 1\u00ba ciclo&nbsp;<\/strong><\/td>\n<\/tr>\n<tr>\n<td style=\"width: 8.11111%\" width=\"17%\">&nbsp;<\/td>\n<td style=\"width: 34.8889%\" width=\"36%\"><strong>D\u00aa M\u00aa Jes\u00fas Arroyo Maldonado<\/strong><\/td>\n<td style=\"width: 49.127%\" width=\"45%\"><strong>Ingl\u00e9s (4\u00ba, 5\u00ba y 6\u00ba EP)<\/strong><\/td>\n<\/tr>\n<tr>\n<td style=\"width: 8.11111%\">&nbsp;<\/td>\n<td style=\"width: 34.8889%\"><strong>D\u00aa M\u00aa Teresa Guti\u00e9rrez Mar\u00edn<\/strong><\/td>\n<td style=\"width: 49.127%\"><strong>Primaria &#8211; Biling\u00fce (Ingl\u00e9s)&nbsp;<\/strong><\/td>\n<\/tr>\n<tr>\n<td style=\"width: 8.11111%\" width=\"17%\">&nbsp;<\/td>\n<td style=\"width: 34.8889%\" width=\"36%\"><strong>D\u00aa M\u00aa Emilia Cabezas Torres<\/strong><\/td>\n<td style=\"width: 49.127%\" width=\"45%\"><strong>Educaci\u00f3n Religiosa Primaria<\/strong><\/td>\n<\/tr>\n<tr>\n<td style=\"width: 8.11111%\">&nbsp;<\/td>\n<td style=\"width: 34.8889%\"><strong>D\u00aa Esperanza Romero Peralta<\/strong><\/td>\n<td style=\"width: 49.127%\"><strong>Educaci\u00f3n Religiosa Infantil<\/strong><\/td>\n<\/tr>\n<\/tbody>\n<\/table>\n<p>&nbsp;<\/p>\n<table style=\"width: 99.6438%\" width=\"106%\">\n<tbody>\n<tr>\n<td style=\"width: 92.1972%\" colspan=\"3\" width=\"100%\"><strong>REFUERZO EDUCATIVO Y APOYO<\/strong><\/td>\n<\/tr>\n<tr>\n<td style=\"width: 10.6984%\" width=\"8%\">&nbsp;<\/td>\n<td style=\"width: 39.6223%\" width=\"30%\"><strong>D\u00aa Juana Cobo Rus<\/strong><\/td>\n<td style=\"width: 41.8765%\" width=\"60%\"><strong>Refuerzo a Educaci\u00f3n&nbsp; Infantil<\/strong><\/td>\n<\/tr>\n<\/tbody>\n<\/table>\n<p>&nbsp;<\/p>\n<table style=\"width: 98.3178%;border-collapse: collapse;border-color: #f5f5f5\">\n<tbody>\n<tr>\n<td style=\"width: 98.7631%\" colspan=\"3\"><strong>MAESTROS REFUERZO&nbsp;<\/strong><\/td>\n<\/tr>\n<tr>\n<td style=\"width: 11.1111%\">&nbsp;<\/td>\n<td style=\"width: 43.2427%\">&nbsp;<\/td>\n<td style=\"width: 44.4093%\"><strong>Refuerzo a Educaci\u00f3n Primaria&nbsp;<\/strong><\/td>\n<\/tr>\n<\/tbody>\n<\/table>\n<p>&nbsp;<\/p>\n<table style=\"width: 99.4568%\" width=\"106%\">\n<tbody>\n<tr>\n<td style=\"width: 92.8752%\" colspan=\"2\" width=\"100%\"><strong>MONITOR\/A DE EDUCACI\u00d3N ESPECIAL &#8211; PTIs<\/strong><\/td>\n<\/tr>\n<tr>\n<td style=\"width: 10%\" width=\"10%\">&nbsp;<\/td>\n<td style=\"width: 82.8752%\" width=\"89%\"><strong>D\u00aa Miriam Toledano Cruz<\/strong><\/td>\n<\/tr>\n<\/tbody>\n<\/table>\n<table style=\"width: 98.8959%\" width=\"106%\">\n<tbody>\n<tr>\n<td style=\"width: 92.3829%\" colspan=\"2\" width=\"100%\"><strong>MONITORA DE APOYO ADMINISTRATIVO<\/strong><\/td>\n<\/tr>\n<tr>\n<td style=\"width: 10%\" width=\"10%\">&nbsp;<\/td>\n<td style=\"width: 82.3829%\" width=\"89%\"><strong>D\u00aa Ana Bel\u00e9n Caballero Cabrera<\/strong><\/td>\n<\/tr>\n<\/tbody>\n<\/table>\n","protected":false},"excerpt":{"rendered":"<p>CLAUSTRO DE PROFESORADO Y P.A.S &#8211; CURSO 2024\/2025 D. Bartolom\u00e9 Cartas Cartas Director &#8211; Ed. F\u00edsica &#8211; Coordinador \u201cTDE\u201d y PROA D. Antonio Barbero Quesada Jefe de Estudios D\u00f1a. Francisca Vega Viedma Secretaria SEGUNDO&#46;&#46;&#46;<\/p>\n","protected":false},"author":3205,"featured_media":0,"parent":0,"menu_order":0,"comment_status":"closed","ping_status":"closed","template":"","meta":{"ngg_post_thumbnail":0,"footnotes":"","_mc_calendar":[]},"aioseo_notices":[],"_links":{"self":[{"href":"https:\/\/blogsaverroes.juntadeandalucia.es\/ceipsalazar\/index.php?rest_route=\/wp\/v2\/pages\/2211"}],"collection":[{"href":"https:\/\/blogsaverroes.juntadeandalucia.es\/ceipsalazar\/index.php?rest_route=\/wp\/v2\/pages"}],"about":[{"href":"https:\/\/blogsaverroes.juntadeandalucia.es\/ceipsalazar\/index.php?rest_route=\/wp\/v2\/types\/page"}],"author":[{"embeddable":true,"href":"https:\/\/blogsaverroes.juntadeandalucia.es\/ceipsalazar\/index.php?rest_route=\/wp\/v2\/users\/3205"}],"replies":[{"embeddable":true,"href":"https:\/\/blogsaverroes.juntadeandalucia.es\/ceipsalazar\/index.php?rest_route=%2Fwp%2Fv2%2Fcomments&post=2211"}],"version-history":[{"count":47,"href":"https:\/\/blogsaverroes.juntadeandalucia.es\/ceipsalazar\/index.php?rest_route=\/wp\/v2\/pages\/2211\/revisions"}],"predecessor-version":[{"id":2716,"href":"https:\/\/blogsaverroes.juntadeandalucia.es\/ceipsalazar\/index.php?rest_route=\/wp\/v2\/pages\/2211\/revisions\/2716"}],"wp:attachment":[{"href":"https:\/\/blogsaverroes.juntadeandalucia.es\/ceipsalazar\/index.php?rest_route=%2Fwp%2Fv2%2Fmedia&parent=2211"}],"curies":[{"name":"wp","href":"https:\/\/api.w.org\/{rel}","templated":true}]}}