{"id":35,"date":"2015-03-13T08:21:43","date_gmt":"2015-03-13T08:21:43","guid":{"rendered":"http:\/\/blogsaverroes.juntadeandalucia.es\/pre\/ceip\/?page_id=35"},"modified":"2023-03-09T16:34:57","modified_gmt":"2023-03-09T15:34:57","slug":"el-centro-2","status":"publish","type":"page","link":"https:\/\/blogsaverroes.juntadeandalucia.es\/ceipsalvadorvinuesa\/el-centro-2\/","title":{"rendered":"Datos del centro"},"content":{"rendered":"<p><strong>Ver en el mapa<\/strong><\/p>\n<p><iframe loading=\"lazy\" src=\"https:\/\/www.google.com\/maps\/embed?pb=!1m18!1m12!1m3!1d1574.5399940633542!2d-4.797613551886847!3d37.881812040895596!2m3!1f0!2f0!3f0!3m2!1i1024!2i768!4f13.1!3m3!1m2!1s0xd6cdf5ea2dc9059%3A0xe41f5b803426df62!2sCEIP%20Salvador%20Vinuesa!5e0!3m2!1ses!2ses!4v1678356611982!5m2!1ses!2ses\" width=\"600\" height=\"450\"><\/iframe><\/p>\n<h4>Datos de contacto<\/h4>\n<p>DIRECCI\u00d3N DEL CENTRO: C\/ Periodista Quesada Chac\u00f3n, 65 14005 &#8211; C\u00f3rdoba<br class=\"autobr\">E-MAIL: 14001657.edu@juntadeandalucia.es<br class=\"autobr\">C\u00f3digo del Centro: 14001657<\/p>\n<p><strong>Tel\u00e9fono \/ FAX:<\/strong>957 734573<\/p>\n<h4><strong>Horarios<\/strong><\/h4>\n<p>Reflejar el horario de apertura del centro: aula matinal, actividades lectivas, Plan de Acompa\u00f1amiento, talleres extraescolares organizados desde el AMPA, etc.<\/p>\n<h4>Oferta educativa<\/h4>\n<p style=\"text-align: left\"><strong>Historia<\/strong><\/p>\n<p style=\"text-align: left\">El C.E.I.P. \u201cSalvador Vinuesa\u201d que recibe el nombre de un maestro y persona importante relacionada con el deporte, fue inaugurado en enero 1972, por tanto pr\u00f3ximo a celebrar su 50 aniversario. Estamos ante un centro emblem\u00e1tico y conocido por muchas generaciones de estudiante. Tras un largo periodo de funcionamiento, sufri\u00f3 una remodelaci\u00f3n arquitect\u00f3nica interior y exterior de dos a\u00f1os de duraci\u00f3n. Durante este tiempo se hizo necesario desplazar al alumnado de Infantil y Primaria a dos centros diferentes. Los primeros al I.E.S Medina Azahara, ubicados en caracolas port\u00e1tiles y los segundos al C.E.I.P. Califato, para los que fue necesario poner en marcha servicio de transporte escolar. Esta situaci\u00f3n finaliz\u00f3 en 2008, a\u00f1o en que se inaugur\u00f3 el nuevo centro, quedando en unas condiciones muy buenas y c\u00f3modas para el ejercicio de nuestra tarea.<\/p>\n<h4><strong>Instalaciones: Edificio<\/strong><\/h4>\n<p style=\"text-align: left\">Tras la mencionada remodelaci\u00f3n, el centro quedo dividido en dos edificios, uno de Infantil y otro de Primaria.<br class=\"autobr\"><strong>Edificio de Infantil:<\/strong> con nueve unidades y un S.U.M. dividido en tres espacios (sala de profesores, almacenamiento y para proyecciones, aula de A.L. y zona para impartir la Alternativa a la Religi\u00f3n)<br class=\"autobr\"><strong>Edificio de Primaria:<\/strong> que, con la remodelaci\u00f3n, adem\u00e1s de contar con la 18 aulas, sufri\u00f3 una ampliaci\u00f3n de espacios de uso com\u00fan tales como: comedor, gimnasio, aula de m\u00fasica, biblioteca, dependencias para la A.M.P.A., almac\u00e9n, zona de limpieza, espacios TIC, sal\u00f3n de actos, aula de P.T. y aula de A.L. En su momento la necesidad de acoger una joroba nos priv\u00f3 del aula destinada a ser espacio destinado a la inform\u00e1tica. Con posterioridad, se habilit\u00f3 una zona para el portero y m\u00e1s recientemente hemos comenzado a contar con un Aula Espec\u00edfica y con un Aula T.E.A. En la actualidad todos los espacios del Centro est\u00e1n ocupados.<\/p>\n<p>&nbsp;<\/p>\n<p>&nbsp;<\/p>\n","protected":false},"excerpt":{"rendered":"<p>Ver en el mapa Datos de contacto DIRECCI\u00d3N DEL CENTRO: C\/ Periodista Quesada Chac\u00f3n, 65 14005 &#8211; C\u00f3rdobaE-MAIL: 14001657.edu@juntadeandalucia.esC\u00f3digo del Centro: 14001657 Tel\u00e9fono \/ FAX:957 734573 Horarios Reflejar el horario de apertura del centro: aula matinal, actividades lectivas, Plan de Acompa\u00f1amiento, talleres extraescolares organizados desde el AMPA, etc. Oferta educativa Historia El C.E.I.P. \u201cSalvador Vinuesa\u201d &hellip; <\/p>\n<p><a class=\"more-link btn\" href=\"https:\/\/blogsaverroes.juntadeandalucia.es\/ceipsalvadorvinuesa\/el-centro-2\/\">Seguir leyendo<\/a><\/p>\n","protected":false},"author":1,"featured_media":0,"parent":0,"menu_order":0,"comment_status":"open","ping_status":"open","template":"","meta":{"ngg_post_thumbnail":0,"footnotes":"","_mc_calendar":[]},"aioseo_notices":[],"_links":{"self":[{"href":"https:\/\/blogsaverroes.juntadeandalucia.es\/ceipsalvadorvinuesa\/wp-json\/wp\/v2\/pages\/35"}],"collection":[{"href":"https:\/\/blogsaverroes.juntadeandalucia.es\/ceipsalvadorvinuesa\/wp-json\/wp\/v2\/pages"}],"about":[{"href":"https:\/\/blogsaverroes.juntadeandalucia.es\/ceipsalvadorvinuesa\/wp-json\/wp\/v2\/types\/page"}],"author":[{"embeddable":true,"href":"https:\/\/blogsaverroes.juntadeandalucia.es\/ceipsalvadorvinuesa\/wp-json\/wp\/v2\/users\/1"}],"replies":[{"embeddable":true,"href":"https:\/\/blogsaverroes.juntadeandalucia.es\/ceipsalvadorvinuesa\/wp-json\/wp\/v2\/comments?post=35"}],"version-history":[{"count":33,"href":"https:\/\/blogsaverroes.juntadeandalucia.es\/ceipsalvadorvinuesa\/wp-json\/wp\/v2\/pages\/35\/revisions"}],"predecessor-version":[{"id":2564,"href":"https:\/\/blogsaverroes.juntadeandalucia.es\/ceipsalvadorvinuesa\/wp-json\/wp\/v2\/pages\/35\/revisions\/2564"}],"wp:attachment":[{"href":"https:\/\/blogsaverroes.juntadeandalucia.es\/ceipsalvadorvinuesa\/wp-json\/wp\/v2\/media?parent=35"}],"curies":[{"name":"wp","href":"https:\/\/api.w.org\/{rel}","templated":true}]}}