{"id":49,"date":"2015-03-13T08:47:05","date_gmt":"2015-03-13T08:47:05","guid":{"rendered":"http:\/\/blogsaverroes.juntadeandalucia.es\/pre\/ceip\/?page_id=49"},"modified":"2025-02-22T10:48:41","modified_gmt":"2025-02-22T09:48:41","slug":"proyecto-educativo","status":"publish","type":"page","link":"https:\/\/blogsaverroes.juntadeandalucia.es\/ceipsanbartolomeandujar\/proyecto-educativo\/","title":{"rendered":"Proyecto Educativo"},"content":{"rendered":"<p><img loading=\"lazy\" decoding=\"async\" class=\"alignnone size-medium wp-image-1662\" src=\"http:\/\/blogsaverroes.juntadeandalucia.es\/temahueman\/files\/2015\/03\/proyecto-300x266.png\" alt=\"proyecto\" width=\"300\" height=\"266\" srcset=\"https:\/\/blogsaverroes.juntadeandalucia.es\/ceipsanbartolomeandujar\/files\/2015\/03\/proyecto-300x266.png 300w, https:\/\/blogsaverroes.juntadeandalucia.es\/ceipsanbartolomeandujar\/files\/2015\/03\/proyecto.png 640w\" sizes=\"(max-width: 300px) 100vw, 300px\" \/><\/p>\n<p>Un centro se define en gran medida por su <strong>Proyecto Educativo<\/strong>. En \u00e9l se plasma el modelo educativo y la concreci\u00f3n de la normativa que un centro realiza respecto a las ense\u00f1anzas que imparte.<\/p>\n<p>Que la web de un centro informe de su Proyecto Educativo es una apuesta clara por la <strong>transparencia<\/strong>.<\/p>\n<p>&nbsp;<\/p>\n<p><span style=\"color: #0000ff\"><a style=\"color: #0000ff\" href=\"https:\/\/drive.google.com\/file\/d\/1OXwZHdtVcSFd3OqTHQCl3H5REyY0lwE2\/view?usp=sharing\">0. \u00cdndice<\/a><\/span><\/p>\n<p><span style=\"color: #0000ff\"><a style=\"color: #0000ff\" href=\"https:\/\/drive.google.com\/file\/d\/160Sr4Erpwl1kGlqbyXxnNlDY-qLa_lky\/view?usp=sharing\">1 .Concepto Proyecto Educativo<\/a><\/span><\/p>\n<p><span style=\"color: #0000ff\"><a style=\"color: #0000ff\" href=\"https:\/\/drive.google.com\/file\/d\/1HoDI8VCZRR4aFAzl_wWvjje7i401wvM-\/view?usp=sharing\">A. Objetivos propios para la mejora del rendimiento escolar<\/a><\/span><\/p>\n<p><span style=\"color: #0000ff\"><a style=\"color: #0000ff\" href=\"https:\/\/drive.google.com\/file\/d\/1Yx9-oJwwRhRbhMTyIGnSbcmIVxi-GfuN\/view?usp=sharing\">B. L\u00edneas generales de actuaci\u00f3n pedag\u00f3gica<\/a><\/span><\/p>\n<p><span style=\"color: #0000ff\"><a style=\"color: #0000ff\" href=\"https:\/\/drive.google.com\/file\/d\/1xzAFy6ruxQo1QrfKL_aqIhzSNsf6EOW8\/view?usp=sharing\">C. Coordinaci\u00f3n y concreci\u00f3n de los contenidos curriculares<\/a>.<\/span><\/p>\n<p><span style=\"color: #0000ff\"><a style=\"color: #0000ff\" href=\"https:\/\/drive.google.com\/file\/d\/17cPP9LTkJIVu4Rh6VsIpZfGHSscnjzE0\/view?usp=sharing\">C.1. Acuerdos Interciclos<\/a><\/span><\/p>\n<p><a href=\"https:\/\/drive.google.com\/file\/d\/1sjvYrLkERYXhD0XJONViMpDjx7-Ho9c5\/view?usp=sharing\"><span style=\"color: #0000ff\">D. Criterios pedag\u00f3gicos \u00f3rganos coordinaci\u00f3n docente<\/span><\/a><\/p>\n<p><a href=\"https:\/\/drive.google.com\/file\/d\/19OMBFP8PmDz9DZeHc8vZKoFGF617NQ0q\/view?usp=sharing\"><span style=\"color: #0000ff\">E. Procedimientos y criterios de evaluaci\u00f3n y promoci\u00f3n del alumnado en Primaria<\/span><\/a><\/p>\n<p><a href=\"https:\/\/drive.google.com\/file\/d\/1WX9jCgx101pQSxEAqXt4cOEJj800u6St\/view?usp=sharing\"><span style=\"color: #0000ff\">F. Plan de atenci\u00f3n a la diversidad<\/span><\/a><\/p>\n<p><a href=\"https:\/\/drive.google.com\/file\/d\/1ko7JIa9A3Zx9jX1wm5HZdgbwp6GLsM5L\/view?usp=sharing\"><span style=\"color: #0000ff\">G. Plan de refuerzo&nbsp;<\/span><\/a><\/p>\n<p><a href=\"https:\/\/drive.google.com\/file\/d\/1ozI5DvDMoVS710YPXG9W16bEFeJhT5Mj\/view?usp=sharing\"><span style=\"color: #0000ff\">H. Plan de Orientaci\u00f3n y Acci\u00f3n Tutorial<\/span><\/a><\/p>\n<p><a href=\"https:\/\/drive.google.com\/file\/d\/1ts7wmUbHveM9jcYmwRQF5YgLpSCSpmZc\/view?usp=sharing\"><span style=\"color: #0000ff\">I. Compromisos educativos y de convivencia<\/span><\/a><\/p>\n<p><a href=\"https:\/\/drive.google.com\/file\/d\/1qh1tJ89Lja-w3vkfDg9L4mmLY0xnufX3\/view?usp=sharing\"><span style=\"color: #0000ff\">J. Plan de convivencia<\/span><\/a><\/p>\n<p><span style=\"color: #0000ff\"><a style=\"color: #0000ff\" href=\"https:\/\/drive.google.com\/file\/d\/1r_y6jY4yI479IEBndLo3Eko_y0kP2iRy\/view?usp=sharing\">K. Plan de formaci\u00f3n del profesorado<\/a><\/span><\/p>\n<p><a href=\"https:\/\/drive.google.com\/file\/d\/13Q9M8fUj1fT88tREvpMiFT7dFLAoDgP0\/view?usp=sharing\"><span style=\"color: #0000ff\">L. Criterios para organizar y distribuir el tiempo escolar<\/span><\/a><\/p>\n<p><a href=\"https:\/\/drive.google.com\/file\/d\/1S0_1v4aof5c2Ut2j3l1CoizK729WwlwD\/view?usp=sharing\"><span style=\"color: #0000ff\">M. Plan de Evaluaci\u00f3n Interna<\/span><\/a><\/p>\n<p><span style=\"color: #0000ff\"><a style=\"color: #0000ff\" href=\"https:\/\/drive.google.com\/file\/d\/1W95sG9uzSb28lL_9g31MjykGkRd3zz44\/view?usp=sharing\">N. Criterios Pedag\u00f3gicos de elaboraci\u00f3n de horarios y adjudicaci\u00f3n de tutor\u00edas<\/a><\/span><\/p>\n<p><span style=\"color: #0000ff\"><a style=\"color: #0000ff\" href=\"https:\/\/drive.google.com\/file\/d\/1MHDLnETu4Rd56TUcpR_m2hkcE7qyxLO8\/view?usp=sharing\">\u00d1. Criterios para la elaboraci\u00f3n de Programaciones Did\u00e1cticas y Propuestas Pedag\u00f3gicas<\/a><\/span><\/p>\n<p><a href=\"https:\/\/drive.google.com\/file\/d\/1ycJIMbXdjMHcWx0NVHJLTQJY7C3TAyXx\/view?usp=sharing\"><span style=\"color: #0000ff\">O. Planes estrat\u00e9gicos que se desarrollan en el centro<\/span><\/a><\/p>\n<p><a href=\"https:\/\/drive.google.com\/file\/d\/1LzAv2kiEJyErs3aU8ow8e6mGjCbWpxII\/view?usp=sharing\"><span style=\"color: #0000ff\">P. Programa de tr\u00e1nsito<\/span><\/a><\/p>\n<p>&nbsp;<\/p>\n<p>&nbsp;<\/p>\n<p>&nbsp;<\/p>\n<p>&nbsp;<\/p>\n","protected":false},"excerpt":{"rendered":"<p>Un centro se define en gran medida por su Proyecto Educativo. En \u00e9l se plasma el modelo educativo y la concreci\u00f3n de la normativa que un centro realiza respecto a las ense\u00f1anzas que imparte.&#46;&#46;&#46;<\/p>\n","protected":false},"author":1,"featured_media":0,"parent":0,"menu_order":0,"comment_status":"open","ping_status":"open","template":"","meta":{"ngg_post_thumbnail":0,"footnotes":"","_mc_calendar":[]},"aioseo_notices":[],"_links":{"self":[{"href":"https:\/\/blogsaverroes.juntadeandalucia.es\/ceipsanbartolomeandujar\/wp-json\/wp\/v2\/pages\/49"}],"collection":[{"href":"https:\/\/blogsaverroes.juntadeandalucia.es\/ceipsanbartolomeandujar\/wp-json\/wp\/v2\/pages"}],"about":[{"href":"https:\/\/blogsaverroes.juntadeandalucia.es\/ceipsanbartolomeandujar\/wp-json\/wp\/v2\/types\/page"}],"author":[{"embeddable":true,"href":"https:\/\/blogsaverroes.juntadeandalucia.es\/ceipsanbartolomeandujar\/wp-json\/wp\/v2\/users\/1"}],"replies":[{"embeddable":true,"href":"https:\/\/blogsaverroes.juntadeandalucia.es\/ceipsanbartolomeandujar\/wp-json\/wp\/v2\/comments?post=49"}],"version-history":[{"count":32,"href":"https:\/\/blogsaverroes.juntadeandalucia.es\/ceipsanbartolomeandujar\/wp-json\/wp\/v2\/pages\/49\/revisions"}],"predecessor-version":[{"id":3234,"href":"https:\/\/blogsaverroes.juntadeandalucia.es\/ceipsanbartolomeandujar\/wp-json\/wp\/v2\/pages\/49\/revisions\/3234"}],"wp:attachment":[{"href":"https:\/\/blogsaverroes.juntadeandalucia.es\/ceipsanbartolomeandujar\/wp-json\/wp\/v2\/media?parent=49"}],"curies":[{"name":"wp","href":"https:\/\/api.w.org\/{rel}","templated":true}]}}