{"id":20,"date":"2021-05-14T12:15:05","date_gmt":"2021-05-14T12:15:05","guid":{"rendered":"https:\/\/ceip-saneustaquio-sanlucarlamayor.es\/?page_id=20"},"modified":"2021-05-14T12:15:05","modified_gmt":"2021-05-14T12:15:05","slug":"secretaria","status":"publish","type":"page","link":"https:\/\/blogsaverroes.juntadeandalucia.es\/ceipsaneustaquiosanlucarlamayor\/secretaria\/","title":{"rendered":"Secretar\u00eda"},"content":{"rendered":"\n<div class=\"wp-block-media-text alignwide is-stacked-on-mobile\" style=\"grid-template-columns:32% auto\"><figure class=\"wp-block-media-text__media\"><img loading=\"lazy\" decoding=\"async\" width=\"500\" height=\"500\" src=\"https:\/\/blogsaverroes.juntadeandalucia.es\/ceipsaneustaquiosanlucarlamayor\/files\/2022\/04\/Logo-San-Eustaquio-Logo2.png\" alt=\"\" class=\"wp-image-865 size-full\" srcset=\"https:\/\/blogsaverroes.juntadeandalucia.es\/ceipsaneustaquiosanlucarlamayor\/files\/2022\/04\/Logo-San-Eustaquio-Logo2.png 500w, https:\/\/blogsaverroes.juntadeandalucia.es\/ceipsaneustaquiosanlucarlamayor\/files\/2022\/04\/Logo-San-Eustaquio-Logo2-300x300.png 300w, https:\/\/blogsaverroes.juntadeandalucia.es\/ceipsaneustaquiosanlucarlamayor\/files\/2022\/04\/Logo-San-Eustaquio-Logo2-150x150.png 150w, https:\/\/blogsaverroes.juntadeandalucia.es\/ceipsaneustaquiosanlucarlamayor\/files\/2022\/04\/Logo-San-Eustaquio-Logo2-246x246.png 246w, https:\/\/blogsaverroes.juntadeandalucia.es\/ceipsaneustaquiosanlucarlamayor\/files\/2022\/04\/Logo-San-Eustaquio-Logo2-185x185.png 185w, https:\/\/blogsaverroes.juntadeandalucia.es\/ceipsaneustaquiosanlucarlamayor\/files\/2022\/04\/Logo-San-Eustaquio-Logo2-220x220.png 220w, https:\/\/blogsaverroes.juntadeandalucia.es\/ceipsaneustaquiosanlucarlamayor\/files\/2022\/04\/Logo-San-Eustaquio-Logo2-60x60.png 60w, https:\/\/blogsaverroes.juntadeandalucia.es\/ceipsaneustaquiosanlucarlamayor\/files\/2022\/04\/Logo-San-Eustaquio-Logo2-384x384.png 384w\" sizes=\"(max-width: 500px) 100vw, 500px\" \/><\/figure><div class=\"wp-block-media-text__content\">\n<p>\ud83d\udccdCalle Castilla, N\u00b0 10, 41800, Sanl\u00facar La Mayor (Sevilla)<\/p>\n\n\n\n<p>\ud83d\udcde<strong>Tel\u00e9fono<\/strong>: 955 622 510<\/p>\n\n\n\n<p>\ud83d\udcde<strong>Tel\u00e9fono Secretar\u00eda<\/strong>: 671566910<\/p>\n\n\n\n<p>\ud83d\udcde<strong>Tel\u00e9fono Direcci\u00f3n<\/strong>: 671566905<\/p>\n\n\n\n<p>\ud83d\udcde<strong>Tel\u00e9fono Jefatura de Estudios<\/strong>: 671534323<\/p>\n\n\n\n<p>\ud83d\udce7 41601449.edu@juntadeandalucia.es<\/p>\n\n\n\n<p><\/p>\n\n\n\n<p><\/p>\n\n\n\n<p><\/p>\n<\/div><\/div>\n\n\n\n<hr class=\"wp-block-separator has-text-color has-background has-luminous-vivid-amber-background-color has-luminous-vivid-amber-color\" \/>\n\n\n\n<h3 class=\"has-light-green-cyan-color has-text-color wp-block-heading\"><em><strong>PROCESO DE<\/strong> <strong>ADMISI\u00d3N<\/strong><\/em><strong> <\/strong><\/h3>\n\n\n\n<p>El plazo de presentaci\u00f3n de solicitudes de preinscripci\u00f3n de nueva matr\u00edcula es del 1 al 31 de marzo y deber\u00e1 solicitarla:<\/p>\n\n\n\n<ul><li>El <strong>alumnado de nuevo ingreso<\/strong> para el pr\u00f3ximo curso.<\/li><li>Todo aquel alumnado que <strong>cambie de Centro<\/strong>.<\/li><\/ul>\n\n\n\n<div style=\"height:28px\" aria-hidden=\"true\" class=\"wp-block-spacer\"><\/div>\n\n\n\n<p class=\"has-medium-font-size\"><strong>Presentaci\u00f3n de solicitudes: <\/strong><\/p>\n\n\n\n<ul><li><strong>Preferentemente por v\u00eda telem\u00e1tica<\/strong> a trav\u00e9s de la <strong><a href=\"https:\/\/www.juntadeandalucia.es\/educacion\/secretariavirtual\/\" target=\"_blank\" rel=\"noreferrer noopener\">Secretar\u00eda Virtual de la Consejer\u00eda de Educaci\u00f3n<\/a><\/strong>. <\/li><li>En la <strong>Secretar\u00eda del Centro<\/strong>, pidiendo cita previa en el <strong>tel\u00e9fono 671 56 69 10<\/strong> y presentando por duplicado el modelo oficial de solicitud <strong><a href=\"https:\/\/www.juntadeandalucia.es\/educacion\/portals\/delegate\/content\/7e1d7b27-eaa4-42e7-bfa3-ac436db80ed6\/ANEXO%20III\" target=\"_blank\" rel=\"noreferrer noopener\">Anexo III<\/a><\/strong>.<\/li><\/ul>\n\n\n\n<hr class=\"wp-block-separator has-text-color has-background has-luminous-vivid-amber-background-color has-luminous-vivid-amber-color\" \/>\n\n\n\n<h3 class=\"has-light-green-cyan-color has-text-color wp-block-heading\"><em><strong>MATRICULACI\u00d3N<\/strong><\/em><\/h3>\n\n\n\n<p>El plazo de matriculaci\u00f3n es del 1 al 8 de junio y deber\u00e1 solicitarla:<\/p>\n\n\n\n<ul><li>El <strong>alumnado matriculado en el centro y contin\u00fae el pr\u00f3ximo curso<\/strong>.<\/li><li>Todo aquel alumnado que <strong>fueron admitidos en el proceso de<\/strong> <strong>admisi\u00f3n<\/strong>.<\/li><\/ul>\n\n\n\n<div style=\"height:28px\" aria-hidden=\"true\" class=\"wp-block-spacer\"><\/div>\n\n\n\n<p class=\"has-medium-font-size\"><strong>Presentaci\u00f3n de solicitudes: <\/strong><\/p>\n\n\n\n<ul><li><strong>Preferentemente por v\u00eda telem\u00e1tica<\/strong> a trav\u00e9s de la <strong><a href=\"https:\/\/www.juntadeandalucia.es\/educacion\/secretariavirtual\/\" target=\"_blank\" rel=\"noreferrer noopener\">Secretar\u00eda Virtual de la Consejer\u00eda de Educaci\u00f3n<\/a><\/strong>. <\/li><li>En la <strong>Secretar\u00eda del Centro<\/strong>, pidiendo cita previa en el <strong>tel\u00e9fono 671 56 69 10<\/strong> y rellenando e imprimiendo el documento seg\u00fan el curso:<ul><li><a href=\"https:\/\/www.juntadeandalucia.es\/educacion\/portals\/delegate\/content\/d26442b2-4b4a-433a-9c1e-e1790a29f781\/ANEXO%20IV\" target=\"_blank\" rel=\"noreferrer noopener\"><strong>Infantil <\/strong>(Anexo IV)<\/a><\/li><li><a href=\"https:\/\/www.juntadeandalucia.es\/educacion\/portals\/delegate\/content\/55fad88e-7bb3-40e3-bbe4-198107487345\/ANEXO%20V\" target=\"_blank\" rel=\"noreferrer noopener\"><strong>Primaria <\/strong>(Anexo V)<\/a><\/li><li><a href=\"https:\/\/www.juntadeandalucia.es\/educacion\/portals\/delegate\/content\/84909c76-f6af-4eaa-8a6a-7345b62b1645\/ANEXO%20VI\" target=\"_blank\" rel=\"noreferrer noopener\"><strong>Educaci\u00f3n Especial<\/strong> (Anexo VI)<\/a><\/li><li><strong>Religi\u00f3n <\/strong><\/li><\/ul><\/li><\/ul>\n\n\n\n<hr class=\"wp-block-separator has-text-color has-background has-luminous-vivid-amber-background-color has-luminous-vivid-amber-color\" \/>\n\n\n\n<h3 class=\"has-light-green-cyan-color has-text-color wp-block-heading\"><em><strong>SERVICIOS A LA FAMILIAS<\/strong><\/em><\/h3>\n\n\n\n<ul><li>El plazo de presentaci\u00f3n es <strong>del 1 al 10 de junio<\/strong> y se puede presentar <strong>de forma telem\u00e1tica<\/strong> junto a la matr\u00edcula, <strong>del 1 al 8 de junio<\/strong>, <strong>o en la Secretar\u00eda del Centro<\/strong> pidiendo <strong>cita previa<\/strong> en el tel\u00e9fono <strong>671 56 69 10<\/strong>, descargando y rellenando el <strong><a href=\"https:\/\/www.juntadeandalucia.es\/export\/drupaljda\/002563-A00-V02-00.pdf\" target=\"_blank\" rel=\"noreferrer noopener\" title=\"Anexo II\">Anexo II<\/a><\/strong>.<\/li><\/ul>\n\n\n\n<ul><li>Para la <strong>solicitud de la bonificaci\u00f3n<\/strong> de estos servicios, deben rellenar y descargar el <strong><a href=\"https:\/\/www.juntadeandalucia.es\/export\/drupaljda\/002563-A05-V01-00.pdf\" target=\"_blank\" rel=\"noreferrer noopener\" title=\"Anexo V\">Anexo V<\/a><\/strong>.<\/li><\/ul>\n\n\n\n<ul><li>Si desean solicitar la <strong>baja del centro<\/strong>, deber\u00e1n pedir el impreso en <strong>Secretar\u00eda<\/strong>.<\/li><\/ul>\n\n\n\n<hr class=\"wp-block-separator has-text-color has-background has-luminous-vivid-amber-background-color has-luminous-vivid-amber-color\" \/>\n\n\n\n<h3 class=\"has-light-green-cyan-color has-text-color wp-block-heading\"><em><strong>GRATUIDAD DE LIBROS DE TEXTO<\/strong><\/em><\/h3>\n\n\n\n<p><a href=\"https:\/\/www.ceiphernancortes.es\/sites\/default\/files\/Documentos\/anexo_I_renuncia_al_PGLT.pdf\"><strong>Anexo I, de renuncia al Programa de Gratuidad<\/strong>. Para los padres, madres o tutores legales que no quieran acogerse a la Programa de Gratuidad de Libros de texto. Deben rellenarlo, imprimirlo y entregarlo en la Secretar\u00eda del Centro los alumnos nuevos o a sus maestros o maestras tutores los que ya est\u00e1n matriculados en el Centro junto con el impreso de inscripci\u00f3n entre el 1 y el 8 de junio.<\/a><\/p>\n\n\n\n<p><\/p>\n","protected":false},"excerpt":{"rendered":"<p>\ud83d\udccdCalle Castilla, N\u00b0 10, 41800, Sanl\u00facar La Mayor (Sevilla) \ud83d\udcdeTel\u00e9fono: 955 622 510 \ud83d\udcdeTel\u00e9fono Secretar\u00eda: 671566910 \ud83d\udcdeTel\u00e9fono Direcci\u00f3n: 671566905 \ud83d\udcdeTel\u00e9fono Jefatura de Estudios: 671534323 \ud83d\udce7 41601449.edu@juntadeandalucia.es PROCESO DE ADMISI\u00d3N El plazo de presentaci\u00f3n de solicitudes de preinscripci\u00f3n de nueva matr\u00edcula es del 1 al 31 de marzo y deber\u00e1 solicitarla: El alumnado de nuevo ingreso &hellip; <\/p>\n<p><a class=\"more-link btn\" href=\"https:\/\/blogsaverroes.juntadeandalucia.es\/ceipsaneustaquiosanlucarlamayor\/secretaria\/\">Seguir leyendo<\/a><\/p>\n","protected":false},"author":8241,"featured_media":0,"parent":0,"menu_order":0,"comment_status":"closed","ping_status":"closed","template":"","meta":{"ngg_post_thumbnail":0,"footnotes":"","_mc_calendar":[]},"aioseo_notices":[],"_links":{"self":[{"href":"https:\/\/blogsaverroes.juntadeandalucia.es\/ceipsaneustaquiosanlucarlamayor\/wp-json\/wp\/v2\/pages\/20"}],"collection":[{"href":"https:\/\/blogsaverroes.juntadeandalucia.es\/ceipsaneustaquiosanlucarlamayor\/wp-json\/wp\/v2\/pages"}],"about":[{"href":"https:\/\/blogsaverroes.juntadeandalucia.es\/ceipsaneustaquiosanlucarlamayor\/wp-json\/wp\/v2\/types\/page"}],"author":[{"embeddable":true,"href":"https:\/\/blogsaverroes.juntadeandalucia.es\/ceipsaneustaquiosanlucarlamayor\/wp-json\/wp\/v2\/users\/8241"}],"replies":[{"embeddable":true,"href":"https:\/\/blogsaverroes.juntadeandalucia.es\/ceipsaneustaquiosanlucarlamayor\/wp-json\/wp\/v2\/comments?post=20"}],"version-history":[{"count":0,"href":"https:\/\/blogsaverroes.juntadeandalucia.es\/ceipsaneustaquiosanlucarlamayor\/wp-json\/wp\/v2\/pages\/20\/revisions"}],"wp:attachment":[{"href":"https:\/\/blogsaverroes.juntadeandalucia.es\/ceipsaneustaquiosanlucarlamayor\/wp-json\/wp\/v2\/media?parent=20"}],"curies":[{"name":"wp","href":"https:\/\/api.w.org\/{rel}","templated":true}]}}