{"id":404,"date":"2021-09-19T17:06:59","date_gmt":"2021-09-19T17:06:59","guid":{"rendered":"https:\/\/ceip-saneustaquio-sanlucarlamayor.es\/?page_id=404"},"modified":"2021-09-19T17:06:59","modified_gmt":"2021-09-19T17:06:59","slug":"aula-matinal","status":"publish","type":"page","link":"https:\/\/blogsaverroes.juntadeandalucia.es\/ceipsaneustaquiosanlucarlamayor\/aula-matinal\/","title":{"rendered":"Aula matinal"},"content":{"rendered":"\n<div class=\"wp-block-image\"><figure class=\"aligncenter\"><img decoding=\"async\" src=\"https:\/\/ceiphernancortes.es\/sites\/default\/files\/pictures\/IMAGEN%20DE%20AULA%20MATINAL.jpg\" alt=\"\" \/><\/figure><\/div>\n\n\n\n<p><strong><u>Aula Matinal<\/u><\/strong><\/p>\n\n\n\n<p>Servicio de Atenci\u00f3n Educativa.<br>Horario: De Lunes a Viernes. De 7.30h a 9.00h<br>Duraci\u00f3n: Septiembre a Junio (siguiendo el calendario escolar)<br><a href=\"https:\/\/www.adideandalucia.es\/normas\/ordenes\/Orden27marzo2019ModificaActividadesExtraescolares.pdf\">Inscripci\u00f3n: Descargar formulario de inscripci\u00f3n<\/a>(Anexo II)<br>(*) La JJ.AA s\u00f3lo bonifica los dos primeros Talleres ,el Aula Matinal y el comedor.<\/p>\n\n\n\n<p><strong>Actividades que se realizar\u00e1n en el Aula Matinal.<\/strong><\/p>\n\n\n\n<p>Se llevar\u00e1n a cabo tres tipos de actividades para poder prestar un servicio de calidad y adecuado a las necesidades de los alumnos\/as.<\/p>\n\n\n\n<p>Actividades de relajaci\u00f3n y descanso:Se han programado dichas actividades para que los ni\u00f1os\/as no lleguen alterados\/as  y\/o fatigados\/as al momento de incorporarse al aula.<\/p>\n\n\n\n<p>Actividades de entretenimiento y animaci\u00f3n, dirigidas a la educaci\u00f3n para la alimentaci\u00f3n y sensibilizaci\u00f3n ambiental (pintar y colorear, modelado con plastilina, trabajos manuales con cartulina, elaboraci\u00f3n de t\u00edteres, cuentacuentos, etc), todas ellas de baja o media-baja intensidad.<br>&nbsp;<\/p>\n\n\n\n<p><strong>Funcionamiento del Aula Matinal.<\/strong><\/p>\n\n\n\n<p>Recepci\u00f3n de los ni\u00f1os\/as a trav\u00e9s del padre\/madre o tutor\/a: La incorporaci\u00f3n de los ni\u00f1os\/as se realiza en distintos momentos seg\u00fan las necesidades familiares desde las 7.30 horas hasta al inicio de la jornada escolar.<\/p>\n\n\n\n<p>Cuidado y atenci\u00f3n de los ni\u00f1os\/as durante todo el servicio.<\/p>\n\n\n\n<p>&nbsp;Entrega de los ni\u00f1os\/as a los maestros\/as correspondientes. Se acompa\u00f1ar\u00e1 a los ni\u00f1os bien a sus aulas, bien a las filas correspondientes.<\/p>\n\n\n\n<p>\u00a0Control de asistencia.<\/p>\n\n\n\n<p>Empresa que desarrolla el servicio<\/p>\n\n\n\n<p><strong>Eulen<\/strong><\/p>\n\n\n\n<p><\/p>\n\n\n\n<p><strong>IMPRESOS<\/strong><\/p>\n\n\n\n<ul><li><a href=\"https:\/\/www.adideandalucia.es\/normas\/ordenes\/Orden27marzo2019ModificaActividadesExtraescolares.pdf\"><strong>Anexo II. Solicitud de Comedor Escolar, Aula Matinal y Actividades Extraescolares<\/strong>.<\/a> Entregar entre el 1 y 8 de junio de cada curso escolar. Una vez rellena, impr\u00edmala y entr\u00e9guela en la secretar\u00eda del Centro. Ser\u00eda conveniente que la impresi\u00f3n fuera en un solo folio por delante y por detr\u00e1s. No olviden que deber\u00e1n rellenar, imprimir y entregar en Secretaria el Anexo V (Solicitud de subvenci\u00f3n) entre el 1 y el 7 de septiembre de cada a\u00f1o si creen que tienen derecho a subvenci\u00f3n.<\/li><li><a href=\"https:\/\/www.adideandalucia.es\/normas\/ordenes\/Orden27marzo2019ModificaActividadesExtraescolares.pdf\"><strong>Anexo V.Solicitud de de subvenci\u00f3n para Comedor Escolar, Aula Matinal y\/o Actividades Extraescolares<\/strong>. Se debe entregar en la&nbsp;Secretar\u00eda del Centro entre el 1 y el 7 de septiembre de cada curso escolar.<\/a><\/li><\/ul>\n\n\n\n<p><\/p>\n","protected":false},"excerpt":{"rendered":"<p>Aula Matinal Servicio de Atenci\u00f3n Educativa.Horario: De Lunes a Viernes. De 7.30h a 9.00hDuraci\u00f3n: Septiembre a Junio (siguiendo el calendario escolar)Inscripci\u00f3n: Descargar formulario de inscripci\u00f3n(Anexo II)(*) La JJ.AA s\u00f3lo bonifica los dos primeros Talleres ,el Aula Matinal y el comedor. Actividades que se realizar\u00e1n en el Aula Matinal. Se llevar\u00e1n a cabo tres tipos de &hellip; <\/p>\n<p><a class=\"more-link btn\" href=\"https:\/\/blogsaverroes.juntadeandalucia.es\/ceipsaneustaquiosanlucarlamayor\/aula-matinal\/\">Seguir leyendo<\/a><\/p>\n","protected":false},"author":8241,"featured_media":0,"parent":0,"menu_order":0,"comment_status":"closed","ping_status":"closed","template":"","meta":{"ngg_post_thumbnail":0,"footnotes":"","_mc_calendar":[]},"aioseo_notices":[],"_links":{"self":[{"href":"https:\/\/blogsaverroes.juntadeandalucia.es\/ceipsaneustaquiosanlucarlamayor\/wp-json\/wp\/v2\/pages\/404"}],"collection":[{"href":"https:\/\/blogsaverroes.juntadeandalucia.es\/ceipsaneustaquiosanlucarlamayor\/wp-json\/wp\/v2\/pages"}],"about":[{"href":"https:\/\/blogsaverroes.juntadeandalucia.es\/ceipsaneustaquiosanlucarlamayor\/wp-json\/wp\/v2\/types\/page"}],"author":[{"embeddable":true,"href":"https:\/\/blogsaverroes.juntadeandalucia.es\/ceipsaneustaquiosanlucarlamayor\/wp-json\/wp\/v2\/users\/8241"}],"replies":[{"embeddable":true,"href":"https:\/\/blogsaverroes.juntadeandalucia.es\/ceipsaneustaquiosanlucarlamayor\/wp-json\/wp\/v2\/comments?post=404"}],"version-history":[{"count":0,"href":"https:\/\/blogsaverroes.juntadeandalucia.es\/ceipsaneustaquiosanlucarlamayor\/wp-json\/wp\/v2\/pages\/404\/revisions"}],"wp:attachment":[{"href":"https:\/\/blogsaverroes.juntadeandalucia.es\/ceipsaneustaquiosanlucarlamayor\/wp-json\/wp\/v2\/media?parent=404"}],"curies":[{"name":"wp","href":"https:\/\/api.w.org\/{rel}","templated":true}]}}