{"id":2473,"date":"2019-04-28T07:01:11","date_gmt":"2019-04-28T07:01:11","guid":{"rendered":"https:\/\/blogsaverroes.juntadeandalucia.es\/ceipsanfernandocordoba\/?page_id=2473"},"modified":"2019-05-01T09:22:31","modified_gmt":"2019-05-01T09:22:31","slug":"proyecto-educativo-2","status":"publish","type":"page","link":"https:\/\/blogsaverroes.juntadeandalucia.es\/ceipsanfernandocordoba\/proyecto-educativo-2\/","title":{"rendered":"Proyecto Educativo"},"content":{"rendered":"<!-- This slideshow output is generated with Advanced post slider a multipurpose responsive WordPress slideshow plugin - http:\/\/www.wpcue.com\/wordpress-plugins\/advanced-post-slider\/ -->\r\n<style>\r\n#advps_container2 .bx-wrapper .bx-viewport {\r\n\t\tbackground:#FFFFFF;\r\n}\r\n#advps_container2 .bx-wrapper .bx-pager{\r\n\ttext-align: center;\r\n\t;\r\n}\r\n#advps_container2 .bx-wrapper .bx-pager\r\n{\r\n\tbottom:-35px;\r\n\tz-index:999;\r\n}\r\n#advps_container2 .bx-wrapper .bx-controls-auto\r\n{\r\n\tbottom:6px;\r\n}\r\n#advps_container2 .bx-wrapper .bx-controls.bx-has-controls-auto.bx-has-pager .bx-pager {\r\n\ttext-align: center;\r\n}\r\n#advps_container2 .bx-wrapper .bx-controls-auto {\r\n\tz-index:99999;\r\n\ttext-align:center;width:100%;}\r\n\r\n#advps_container2 .bx-wrapper .bx-pager.bx-default-pager a {\r\n\tbackground: #666;\r\n\ttext-indent: -9999px;\r\n\tdisplay: block;\r\n\twidth: 10px;\r\n\theight: 10px;\r\n\tmargin: 0 5px;\r\n\toutline: 0;\r\n\t-moz-border-radius: 5px;\r\n\t-webkit-border-radius: 5px;\r\n\tborder-radius: 5px;\r\n\ttext-align:left;\r\n}\r\n#advps_container2 .bx-wrapper .bx-pager.bx-default-pager a:hover,\r\n#advps_container2 .bx-wrapper .bx-pager.bx-default-pager a.active {\r\n\tbackground: #000;\r\n}\r\n\r\n\/* thumbnail pager*\/\r\n#advps_container2 #bx-pager\r\n{\r\n\twidth:100%;\r\n\tposition:absolute;\r\n\tbottom:-35px;\r\n    text-align: center;\r\n\tz-index: 9999;\r\n}\r\n#advps_container2 #bx-pager a img\r\n{\r\n\tborder: 1px solid #CCCCCC;\r\n    padding: 3px;\r\n}\r\n#advps_container2 #bx-pager a:hover img, #advps_container2 #bx-pager a.active img\r\n{\r\n\tborder: 1px solid #666666;\r\n}\r\n\/* medai queries *\/\r\n#advps_container2 .advs-title,#advps_container2 .advs-title a\r\n{\r\n\tfont-size:20px;\r\n\tline-height:20px;\r\n}\r\n#advps_container2 .advps-slide p\r\n{\r\n\tfont-size:14px;\r\n\tline-height:14px;\r\n}\r\n@media screen and (max-width: 1024px){\r\n\t#advps_container2 .advs-title,#advps_container2 .advs-title a\r\n\t{\r\n\t\tfont-size:18px;\r\n\t\tline-height:18px;\r\n\t}\r\n\t#advps_container2 .advps-slide p\r\n\t{\r\n\t\tfont-size:12px;\r\n\t\tline-height:12px;\r\n\t}\r\n}\r\n@media screen and (max-width: 768px){\r\n\t#advps_container2 h2.advs-title, #advps_container2 h2.advs-title a\r\n\t{\r\n\t\tfont-size:16px;\r\n\t\tline-height:16px;\r\n\t}\r\n\t#advps_container2 .advps-slide p\r\n\t{\r\n\t\tfont-size:12px;\r\n\t\tline-height:12px;\r\n\t}\r\n}\r\n@media screen and (max-width: 650px){\r\n\t#advps_container2 h2.advs-title, #advps_container2 h2.advs-title a\r\n\t{\r\n\t\tfont-size:15px;\r\n\t\tline-height:15px;\r\n\t}\r\n\t#advps_container2 .advps-slide p\r\n\t{\r\n\t\tfont-size:12px;\r\n\t\tline-height:12px;\r\n\t}\r\n}\r\n@media screen and (max-width: 480px){\r\n\t#advps_container2 h2.advs-title, #advps_container2 h2.advs-title a\r\n\t{\r\n\t\tfont-size:15px;\r\n\t\tline-height:15px;\r\n\t}\r\n\t#advps_container2 .advps-slide p\r\n\t{\r\n\t\tfont-size:12px;\r\n\t\tline-height:12px;\r\n\t}\r\n}\r\n@media screen and (max-width: 320px){\r\n\t#advps_container2 h2.advs-title, #advps_container2 h2.advs-title a\r\n\t{\r\n\t\tfont-size:15px;\r\n\t\tline-height:15px;\r\n\t}\r\n\t#advps_container2 .advps-slide p\r\n\t{\r\n\t\tfont-size:12px;\r\n\t\tline-height:12px;\r\n\t}\r\n}\r\n<\/style>\r\n<script type=\"text\/javascript\">\r\n\t\tjQuery(document).ready(function($){\r\n\t\t\t$('#advpsslideshow_2').bxSlider({\r\n\t\t\t\tuseCSS:1,\r\n\t\t\t\tslideMargin: 0,\r\n\t\t\t\tspeed: 2000,\t\t\t\t\r\n\t\t\t\t\t\t\t\tminSlides: 2,\r\n  \t\t\t\tmaxSlides: 2,\r\n  \t\t\t\tslideWidth: 180,\r\n\t\t\t\t\t\t\t\t\t\t\t\tauto: 1,\r\n\t\t\t\tautoHover: 1,\r\n\t\t\t\tpause: 3000,\r\n\t\t\t\teasing: 'linear',\r\n\t\t\t\tcontrols: 1,\r\n\t\t\t\tpager: 1,\r\n  \t\t\t\tautoControls: 1\t\t\t\t\t\t\t});\r\n\t\t\t\t\t\t$(\"#advpsslideshow_2 .advps-slide\").hover(function(){\r\n\t\t\t\t  \t\t\t},function(){\r\n\t\t\t\t\t\t\t});\r\n\t\t});\r\n\t<\/script>\r\n<div id=\"advps_container2\" class=\"advps-slide-container\" style=\"overflow:hidden;max-width:600px;\">\r\n \r\n  <div id=\"advpsslideshow_2\">\r\n        <div class=\"advps-slide\">\r\n    \t<a target=\"_self\" href=\"https:\/\/blogsaverroes.juntadeandalucia.es\/ceipsanfernandocordoba\/proyecto-educativo-2\/\" >        <img loading=\"lazy\" decoding=\"async\" src=\"https:\/\/blogsaverroes.juntadeandalucia.es\/ceipsanfernandocordoba\/files\/2019\/04\/PlanCentro_Pr_Ed-600x220.png\" width=\"600\" height=\"220\" alt=\"Proyecto Educativo\" \/>        <\/a>    <\/div>\r\n        <div class=\"advps-slide\">\r\n    \t<a target=\"_self\" href=\"https:\/\/blogsaverroes.juntadeandalucia.es\/ceipsanfernandocordoba\/proyecto-de-gestion\/\" >        <img loading=\"lazy\" decoding=\"async\" src=\"https:\/\/blogsaverroes.juntadeandalucia.es\/ceipsanfernandocordoba\/files\/2019\/04\/PlanCentro_Pr_Ges-600x220.png\" width=\"600\" height=\"220\" alt=\"Proyecto de Gesti\u00f3n\" \/>        <\/a>    <\/div>\r\n        <div class=\"advps-slide\">\r\n    \t<a target=\"_self\" href=\"https:\/\/blogsaverroes.juntadeandalucia.es\/ceipsanfernandocordoba\/r-o-f\/\" >        <img loading=\"lazy\" decoding=\"async\" src=\"https:\/\/blogsaverroes.juntadeandalucia.es\/ceipsanfernandocordoba\/files\/2019\/04\/PlanCentro_Pr_ROF-600x220.png\" width=\"600\" height=\"220\" alt=\"R.O.F.\" \/>        <\/a>    <\/div>\r\n      <\/div>\r\n  <\/div><!-- end advps-slide-container -->\r\n<!-- \/ Advanced post slider a multipurpose responsive slideshow plugin -->\r\n\n<p><a href=\"https:\/\/edhu.es\/plandecentro\" target=\"_blank\" rel=\"noopener\"><img loading=\"lazy\" decoding=\"async\" width=\"300\" height=\"105\" class=\"size-medium wp-image-2474 alignleft\" alt=\"\" src=\"https:\/\/blogsaverroes.juntadeandalucia.es\/ceipsanfernandocordoba\/files\/2019\/04\/PlanCentro_Pr_Ed-300x105.png\" srcset=\"https:\/\/blogsaverroes.juntadeandalucia.es\/ceipsanfernandocordoba\/files\/2019\/04\/PlanCentro_Pr_Ed-300x105.png 300w, https:\/\/blogsaverroes.juntadeandalucia.es\/ceipsanfernandocordoba\/files\/2019\/04\/PlanCentro_Pr_Ed-768x269.png 768w, https:\/\/blogsaverroes.juntadeandalucia.es\/ceipsanfernandocordoba\/files\/2019\/04\/PlanCentro_Pr_Ed-1024x359.png 1024w, https:\/\/blogsaverroes.juntadeandalucia.es\/ceipsanfernandocordoba\/files\/2019\/04\/PlanCentro_Pr_Ed-1140x395.png 1140w, https:\/\/blogsaverroes.juntadeandalucia.es\/ceipsanfernandocordoba\/files\/2019\/04\/PlanCentro_Pr_Ed-700x246.png 700w, https:\/\/blogsaverroes.juntadeandalucia.es\/ceipsanfernandocordoba\/files\/2019\/04\/PlanCentro_Pr_Ed-24x8.png 24w, https:\/\/blogsaverroes.juntadeandalucia.es\/ceipsanfernandocordoba\/files\/2019\/04\/PlanCentro_Pr_Ed-36x13.png 36w, https:\/\/blogsaverroes.juntadeandalucia.es\/ceipsanfernandocordoba\/files\/2019\/04\/PlanCentro_Pr_Ed-48x17.png 48w, https:\/\/blogsaverroes.juntadeandalucia.es\/ceipsanfernandocordoba\/files\/2019\/04\/PlanCentro_Pr_Ed.png 1280w\" sizes=\"(max-width: 300px) 100vw, 300px\" \/><\/a><\/p>\n<p style=\"text-align: justify\">Un centro se define en gran medida por su Proyecto Educativo.<\/p>\n<p style=\"text-align: justify\">El Proyecto Educativo es el instrumento que recoge y comunica una propuesta integral para orientar coherentemente las pr\u00e1cticas educativas que se llevan a cabo en una instituci\u00f3n escolar.<\/p>\n<p style=\"text-align: justify\">Es un documento con car\u00e1cter prospectivo, que abarca todos los \u00e1mbitos de la actividad que se desarrolla en un centro educativo, marcando pautas generales y aglutinando la intervenci\u00f3n educativa y, que compromete a todos los miembros de la comunidad educativa.<\/p>\n<p style=\"text-align: justify\">Es adem\u00e1s un documento \u201cvivo\u201d y en proceso que est\u00e1 abierto a los cambios y mejoras constantes que vayan sobreviniendo y marco de referencia para la toma de decisiones en los centros educativos.<\/p>\n<p style=\"text-align: justify\">En definitiva es un documento del centro y para el centro.<\/p>\n<p style=\"text-align: justify\"><strong>La pertenencia a la Comunidad Educativa de un colegio supone el respeto a su proyecto educativo<\/strong> (Art\u00edculo 84, LOE).<\/p>\n<p><a href=\"https:\/\/edhu.es\/plandecentro\" target=\"_blank\" rel=\"noopener\">Accede a nuestro PLAN DE CENTRO<\/a><\/p>\n","protected":false},"excerpt":{"rendered":"<p>Un centro se define en gran medida por su Proyecto Educativo. El Proyecto Educativo es el instrumento que recoge y comunica una propuesta integral para orientar coherentemente las pr\u00e1cticas educativas que se llevan a&#46;&#46;&#46;<\/p>\n","protected":false},"author":7337,"featured_media":2474,"parent":0,"menu_order":0,"comment_status":"closed","ping_status":"closed","template":"","meta":{"ngg_post_thumbnail":0,"footnotes":"","_mc_calendar":[]},"aioseo_notices":[],"_links":{"self":[{"href":"https:\/\/blogsaverroes.juntadeandalucia.es\/ceipsanfernandocordoba\/wp-json\/wp\/v2\/pages\/2473"}],"collection":[{"href":"https:\/\/blogsaverroes.juntadeandalucia.es\/ceipsanfernandocordoba\/wp-json\/wp\/v2\/pages"}],"about":[{"href":"https:\/\/blogsaverroes.juntadeandalucia.es\/ceipsanfernandocordoba\/wp-json\/wp\/v2\/types\/page"}],"author":[{"embeddable":true,"href":"https:\/\/blogsaverroes.juntadeandalucia.es\/ceipsanfernandocordoba\/wp-json\/wp\/v2\/users\/7337"}],"replies":[{"embeddable":true,"href":"https:\/\/blogsaverroes.juntadeandalucia.es\/ceipsanfernandocordoba\/wp-json\/wp\/v2\/comments?post=2473"}],"version-history":[{"count":8,"href":"https:\/\/blogsaverroes.juntadeandalucia.es\/ceipsanfernandocordoba\/wp-json\/wp\/v2\/pages\/2473\/revisions"}],"predecessor-version":[{"id":2501,"href":"https:\/\/blogsaverroes.juntadeandalucia.es\/ceipsanfernandocordoba\/wp-json\/wp\/v2\/pages\/2473\/revisions\/2501"}],"wp:featuredmedia":[{"embeddable":true,"href":"https:\/\/blogsaverroes.juntadeandalucia.es\/ceipsanfernandocordoba\/wp-json\/wp\/v2\/media\/2474"}],"wp:attachment":[{"href":"https:\/\/blogsaverroes.juntadeandalucia.es\/ceipsanfernandocordoba\/wp-json\/wp\/v2\/media?parent=2473"}],"curies":[{"name":"wp","href":"https:\/\/api.w.org\/{rel}","templated":true}]}}