{"id":2481,"date":"2025-03-23T12:28:31","date_gmt":"2025-03-23T11:28:31","guid":{"rendered":"https:\/\/blogsaverroes.juntadeandalucia.es\/ceipsanisidroperiana\/?page_id=2481"},"modified":"2025-04-24T11:07:41","modified_gmt":"2025-04-24T10:07:41","slug":"escolarizacion-y-matricula","status":"publish","type":"page","link":"https:\/\/blogsaverroes.juntadeandalucia.es\/ceipsanisidroperiana\/escolarizacion-y-matricula\/","title":{"rendered":"Escolarizaci\u00f3n y matr\u00edcula"},"content":{"rendered":"\t\t<div data-elementor-type=\"wp-page\" data-elementor-id=\"2481\" class=\"elementor elementor-2481\">\n\t\t\t\t\t\t<section class=\"elementor-section elementor-top-section elementor-element elementor-element-319dc5b elementor-section-boxed elementor-section-height-default elementor-section-height-default\" data-id=\"319dc5b\" data-element_type=\"section\">\n\t\t\t\t\t\t<div class=\"elementor-container elementor-column-gap-default\">\n\t\t\t\t\t<div class=\"elementor-column elementor-col-100 elementor-top-column elementor-element elementor-element-76fe3f0\" data-id=\"76fe3f0\" data-element_type=\"column\">\n\t\t\t<div class=\"elementor-widget-wrap elementor-element-populated\">\n\t\t\t\t\t\t<div class=\"elementor-element elementor-element-5f39379 elementor-alert-info elementor-widget elementor-widget-alert\" data-id=\"5f39379\" data-element_type=\"widget\" data-widget_type=\"alert.default\">\n\t\t\t\t<div class=\"elementor-widget-container\">\n\t\t\t\t\t\t\t<div class=\"elementor-alert\" role=\"alert\">\n\n\t\t\t\t\t\t<span class=\"elementor-alert-title\">El CEIP San Isidro TE AYUDA<\/span>\n\t\t\t\n\t\t\t\t\t\t<span class=\"elementor-alert-description\">Puedes realizar la matriculaci\u00f3n desde casa, pero si no tienes ordenador o desconoces c\u00f3mo hacerlo, desde este centro te ofrecemos soporte t\u00e9cnico y administrativo para que lo hagas f\u00e1cilmente. <\/span>\n\t\t\t\n\t\t\t\n\t\t<\/div>\n\t\t\t\t\t\t<\/div>\n\t\t\t\t<\/div>\n\t\t\t\t\t<\/div>\n\t\t<\/div>\n\t\t\t\t\t<\/div>\n\t\t<\/section>\n\t\t\t\t<section class=\"elementor-section elementor-top-section elementor-element elementor-element-4e75657 elementor-section-boxed elementor-section-height-default elementor-section-height-default\" data-id=\"4e75657\" data-element_type=\"section\">\n\t\t\t\t\t\t<div class=\"elementor-container elementor-column-gap-default\">\n\t\t\t\t\t<div class=\"elementor-column elementor-col-100 elementor-top-column elementor-element elementor-element-ac85165\" data-id=\"ac85165\" data-element_type=\"column\">\n\t\t\t<div class=\"elementor-widget-wrap elementor-element-populated\">\n\t\t\t\t\t\t<div class=\"elementor-element elementor-element-7e56f85 elementor-widget elementor-widget-spacer\" data-id=\"7e56f85\" data-element_type=\"widget\" data-widget_type=\"spacer.default\">\n\t\t\t\t<div class=\"elementor-widget-container\">\n\t\t\t\t\t\t\t<div class=\"elementor-spacer\">\n\t\t\t<div class=\"elementor-spacer-inner\"><\/div>\n\t\t<\/div>\n\t\t\t\t\t\t<\/div>\n\t\t\t\t<\/div>\n\t\t\t\t\t<\/div>\n\t\t<\/div>\n\t\t\t\t\t<\/div>\n\t\t<\/section>\n\t\t\t\t<section class=\"elementor-section elementor-top-section elementor-element elementor-element-dc340cc elementor-section-boxed elementor-section-height-default elementor-section-height-default\" data-id=\"dc340cc\" data-element_type=\"section\">\n\t\t\t\t\t\t<div class=\"elementor-container elementor-column-gap-default\">\n\t\t\t\t\t<div class=\"elementor-column elementor-col-100 elementor-top-column elementor-element elementor-element-0d5750e\" data-id=\"0d5750e\" data-element_type=\"column\">\n\t\t\t<div class=\"elementor-widget-wrap elementor-element-populated\">\n\t\t\t\t\t\t<div class=\"elementor-element elementor-element-8d32012 elementor-widget__width-initial elementor-widget elementor-widget-text-editor\" data-id=\"8d32012\" data-element_type=\"widget\" data-widget_type=\"text-editor.default\">\n\t\t\t\t<div class=\"elementor-widget-container\">\n\t\t\t\t\t\t\t\t\t<p>El plazo de admisi\u00f3n en este centro para el pr\u00f3ximo Curso escolar 25\/26, ser\u00e1 desde el <b>1 de junio de 2025 al 9 de junio de 2025<\/b>.<\/p><p>Se recuerda que tambi\u00e9n se puede solicitar dicha admisi\u00f3n a trav\u00e9s de la Secretar\u00eda Virtual de la Consejer\u00eda de Desarrollo Educativo, <a href=\"https:\/\/www.juntadeandalucia.es\/educacion\/secretariavirtual\/solicitudes\/\"><strong>pinchando aqu\u00ed<\/strong><\/a>.\u00a0<\/p>\t\t\t\t\t\t\t\t<\/div>\n\t\t\t\t<\/div>\n\t\t\t\t\t<\/div>\n\t\t<\/div>\n\t\t\t\t\t<\/div>\n\t\t<\/section>\n\t\t\t\t<section class=\"elementor-section elementor-top-section elementor-element elementor-element-a2f19ea elementor-section-boxed elementor-section-height-default elementor-section-height-default\" data-id=\"a2f19ea\" data-element_type=\"section\">\n\t\t\t\t\t\t<div class=\"elementor-container elementor-column-gap-default\">\n\t\t\t\t\t<div class=\"elementor-column elementor-col-100 elementor-top-column elementor-element elementor-element-95aec97\" data-id=\"95aec97\" data-element_type=\"column\">\n\t\t\t<div class=\"elementor-widget-wrap elementor-element-populated\">\n\t\t\t\t\t\t<div class=\"elementor-element elementor-element-3ea45aa elementor-widget elementor-widget-image\" data-id=\"3ea45aa\" data-element_type=\"widget\" data-widget_type=\"image.default\">\n\t\t\t\t<div class=\"elementor-widget-container\">\n\t\t\t\t\t\t\t\t\t\t\t\t\t\t\t\t<a href=\"https:\/\/www.juntadeandalucia.es\/educacion\/secretariavirtual\/solicitudes\/\">\n\t\t\t\t\t\t\t<img decoding=\"async\" width=\"300\" height=\"68\" src=\"https:\/\/blogsaverroes.juntadeandalucia.es\/ceipsanisidroperiana\/files\/2025\/03\/logo_secretaria_virtual-edited-300x68.jpg\" class=\"attachment-medium size-medium wp-image-3410\" alt=\"\" srcset=\"https:\/\/blogsaverroes.juntadeandalucia.es\/ceipsanisidroperiana\/files\/2025\/03\/logo_secretaria_virtual-edited-300x68.jpg 300w, https:\/\/blogsaverroes.juntadeandalucia.es\/ceipsanisidroperiana\/files\/2025\/03\/logo_secretaria_virtual-edited.jpg 688w\" sizes=\"(max-width: 300px) 100vw, 300px\" \/>\t\t\t\t\t\t\t\t<\/a>\n\t\t\t\t\t\t\t\t\t\t\t\t\t\t\t<\/div>\n\t\t\t\t<\/div>\n\t\t\t\t\t<\/div>\n\t\t<\/div>\n\t\t\t\t\t<\/div>\n\t\t<\/section>\n\t\t\t\t<\/div>\n\t\t","protected":false},"excerpt":{"rendered":"<p>El CEIP San Isidro TE AYUDA Puedes realizar la matriculaci\u00f3n desde casa, pero si no tienes ordenador o desconoces c\u00f3mo hacerlo, desde este centro te&hellip;<\/p>\n","protected":false},"author":10501,"featured_media":0,"parent":0,"menu_order":0,"comment_status":"closed","ping_status":"closed","template":"","meta":{"ngg_post_thumbnail":0,"footnotes":"","_mc_calendar":[]},"aioseo_notices":[],"_links":{"self":[{"href":"https:\/\/blogsaverroes.juntadeandalucia.es\/ceipsanisidroperiana\/wp-json\/wp\/v2\/pages\/2481"}],"collection":[{"href":"https:\/\/blogsaverroes.juntadeandalucia.es\/ceipsanisidroperiana\/wp-json\/wp\/v2\/pages"}],"about":[{"href":"https:\/\/blogsaverroes.juntadeandalucia.es\/ceipsanisidroperiana\/wp-json\/wp\/v2\/types\/page"}],"author":[{"embeddable":true,"href":"https:\/\/blogsaverroes.juntadeandalucia.es\/ceipsanisidroperiana\/wp-json\/wp\/v2\/users\/10501"}],"replies":[{"embeddable":true,"href":"https:\/\/blogsaverroes.juntadeandalucia.es\/ceipsanisidroperiana\/wp-json\/wp\/v2\/comments?post=2481"}],"version-history":[{"count":19,"href":"https:\/\/blogsaverroes.juntadeandalucia.es\/ceipsanisidroperiana\/wp-json\/wp\/v2\/pages\/2481\/revisions"}],"predecessor-version":[{"id":3979,"href":"https:\/\/blogsaverroes.juntadeandalucia.es\/ceipsanisidroperiana\/wp-json\/wp\/v2\/pages\/2481\/revisions\/3979"}],"wp:attachment":[{"href":"https:\/\/blogsaverroes.juntadeandalucia.es\/ceipsanisidroperiana\/wp-json\/wp\/v2\/media?parent=2481"}],"curies":[{"name":"wp","href":"https:\/\/api.w.org\/{rel}","templated":true}]}}