{"id":262,"date":"2020-01-23T12:37:13","date_gmt":"2020-01-23T11:37:13","guid":{"rendered":"http:\/\/blogsaverroes.juntadeandalucia.es\/pre\/nuevoies2v2\/?page_id=262"},"modified":"2025-03-21T12:41:44","modified_gmt":"2025-03-21T11:41:44","slug":"nuestra-historia","status":"publish","type":"page","link":"https:\/\/blogsaverroes.juntadeandalucia.es\/ceipsanjoseartesano\/nuestra-historia\/","title":{"rendered":"Nuestra Historia"},"content":{"rendered":"<p>[et_pb_section fb_built=&#8221;1&#8243; _builder_version=&#8221;4.16&#8243; global_colors_info=&#8221;{}&#8221;][et_pb_row _builder_version=&#8221;4.16&#8243; background_size=&#8221;initial&#8221; background_position=&#8221;top_left&#8221; background_repeat=&#8221;repeat&#8221; global_colors_info=&#8221;{}&#8221;][et_pb_column type=&#8221;4_4&#8243; _builder_version=&#8221;4.16&#8243; custom_padding=&#8221;|||&#8221; global_colors_info=&#8221;{}&#8221; custom_padding__hover=&#8221;|||&#8221;][et_pb_image src=&#8221;https:\/\/blogsaverroes.juntadeandalucia.es\/ceipsanjoseartesano\/files\/2025\/03\/Blue-Yellow-Aesthetic-Photo-Collage-Moodboard-Canvas-Banner-1.png&#8221; title_text=&#8221;Blue &amp; Yellow Aesthetic Photo Collage Moodboard Canvas Banner (1)&#8221; admin_label=&#8221;Imagen de la portada&#8221; _builder_version=&#8221;4.24.2&#8243; vertical_offset_tablet=&#8221;0&#8243; horizontal_offset_tablet=&#8221;0&#8243; hover_enabled=&#8221;0&#8243; z_index_tablet=&#8221;500&#8243; box_shadow_horizontal_tablet=&#8221;0px&#8221; box_shadow_vertical_tablet=&#8221;0px&#8221; box_shadow_blur_tablet=&#8221;40px&#8221; box_shadow_spread_tablet=&#8221;0px&#8221; global_colors_info=&#8221;{}&#8221; sticky_enabled=&#8221;0&#8243;][\/et_pb_image][et_pb_text admin_label=&#8221;Texto descriptivo&#8221; _builder_version=&#8221;4.24.2&#8243; z_index_tablet=&#8221;500&#8243; text_text_shadow_horizontal_length_tablet=&#8221;0px&#8221; text_text_shadow_vertical_length_tablet=&#8221;0px&#8221; text_text_shadow_blur_strength_tablet=&#8221;1px&#8221; link_text_shadow_horizontal_length_tablet=&#8221;0px&#8221; link_text_shadow_vertical_length_tablet=&#8221;0px&#8221; link_text_shadow_blur_strength_tablet=&#8221;1px&#8221; ul_text_shadow_horizontal_length_tablet=&#8221;0px&#8221; ul_text_shadow_vertical_length_tablet=&#8221;0px&#8221; ul_text_shadow_blur_strength_tablet=&#8221;1px&#8221; ol_text_shadow_horizontal_length_tablet=&#8221;0px&#8221; ol_text_shadow_vertical_length_tablet=&#8221;0px&#8221; ol_text_shadow_blur_strength_tablet=&#8221;1px&#8221; quote_text_shadow_horizontal_length_tablet=&#8221;0px&#8221; quote_text_shadow_vertical_length_tablet=&#8221;0px&#8221; quote_text_shadow_blur_strength_tablet=&#8221;1px&#8221; header_text_shadow_horizontal_length_tablet=&#8221;0px&#8221; header_text_shadow_vertical_length_tablet=&#8221;0px&#8221; header_text_shadow_blur_strength_tablet=&#8221;1px&#8221; header_2_text_shadow_horizontal_length_tablet=&#8221;0px&#8221; header_2_text_shadow_vertical_length_tablet=&#8221;0px&#8221; header_2_text_shadow_blur_strength_tablet=&#8221;1px&#8221; header_3_text_shadow_horizontal_length_tablet=&#8221;0px&#8221; header_3_text_shadow_vertical_length_tablet=&#8221;0px&#8221; header_3_text_shadow_blur_strength_tablet=&#8221;1px&#8221; header_4_text_shadow_horizontal_length_tablet=&#8221;0px&#8221; header_4_text_shadow_vertical_length_tablet=&#8221;0px&#8221; header_4_text_shadow_blur_strength_tablet=&#8221;1px&#8221; header_5_text_shadow_horizontal_length_tablet=&#8221;0px&#8221; header_5_text_shadow_vertical_length_tablet=&#8221;0px&#8221; header_5_text_shadow_blur_strength_tablet=&#8221;1px&#8221; header_6_text_shadow_horizontal_length_tablet=&#8221;0px&#8221; header_6_text_shadow_vertical_length_tablet=&#8221;0px&#8221; header_6_text_shadow_blur_strength_tablet=&#8221;1px&#8221; box_shadow_horizontal_tablet=&#8221;0px&#8221; box_shadow_vertical_tablet=&#8221;0px&#8221; box_shadow_blur_tablet=&#8221;40px&#8221; box_shadow_spread_tablet=&#8221;0px&#8221; global_colors_info=&#8221;{}&#8221;]<\/p>\n<h2>Nuestra Historia<\/h2>\n<p>El C.E.I.P. \u201cSan Jos\u00e9 Artesano\u201d es un centro biling\u00fce que se encuentra situado en la localidad de Torreblascopedro, provincia de Ja\u00e9n y con una poblaci\u00f3n de 2.800 habitantes. Es un peque\u00f1o municipio situado en el centro de la provincia a unos 50km de la Capital, se encuentra sobre una loma baja, entre los r\u00edos Guadalimar y Guadalquivir que confluyen al oeste de su t\u00e9rmino municipal.<br \/>Municipio eminentemente agr\u00edcola, por ser \u00e9ste el \u00fanico medio de subsistencia junto con el desempleo agr\u00edcola. Su relieve es poco accidentado situ\u00e1ndose a 337metros sobre el nivel del mar, con un clima continental h\u00famedo. Cabe destacar su buena comunicaci\u00f3n con poblaciones importantes de la provincia, 10 km de Linares, a 18 de Baeza y a 45 Km a Ja\u00e9n.<br \/>Depende judicial y administrativamente de Linares, tambi\u00e9n en lo econ\u00f3mico comercial, sanitario y social. Tiene una extensi\u00f3n de 6.062 hect\u00e1reas de las que 5.706 est\u00e1n dedicadas al olivo, su principal fuente de riqueza.<br \/>La poca oferta de trabajo trae consigo la emigraci\u00f3n de sus habitantes en la campa\u00f1a de<br \/>vendimia, hosteler\u00eda, en diferentes puntos de Espa\u00f1a y Francia. Este movimiento social, ha provocado un descenso demogr\u00e1fico en los \u00faltimos a\u00f1os, manifest\u00e1ndose en la actualidad una ligera estabilizaci\u00f3n de la poblaci\u00f3n joven.<br \/>Medio cultural.<br \/>El Municipio dispone de:<br \/>&#8211; Un Consultorio de la Seguridad Social<br \/>&#8211; Un Centro Social<br \/>&#8211; Un tele centro: Guadalinfo.<br \/>&#8211; Una guarder\u00eda temporera<br \/>&#8211; Una biblioteca municipal.<br \/>&#8211; Un museo.<br \/>&#8211; Un teatro<br \/>&#8211; 4 parques.<br \/>&#8211; Piscina municipal<br \/>&#8211; Zona deportiva completa (tenis, p\u00e1del, campo futbol hierba, pabell\u00f3n cubierto&#8230;.<br \/>En el municipio existe un gran tejido asociativo: una Asociaci\u00f3n de Mujeres (JARAY), Dos<br \/>asociaciones de barrio (El Pilar y Santa Cruz) y cinco Hermandades Religiosas de la localidad.<br \/>Servicios<br \/>&#8211; Dos entidades bancarias<br \/>&#8211; m\u00e1s de 800 veh\u00edculos matriculados;<br \/>&#8211; Dos taxis en servicio;<br \/>&#8211; L\u00edneas ADSL en funcionamiento;<br \/>&#8211; M\u00e1s de 25 establecimientos con actividad econ\u00f3mica, de los cuales la gran mayor\u00eda con<br \/>menos de 5 trabajadores\/as;<br \/>&#8211; Wifi abierta en diferentes puntos del municipio.<br \/>&#8211; Dos cooperativas de aceite.<br \/>&#8211; Gasolinera.<br \/>&#8211; Farmacia.<\/p>\n<div>-Mercado de abastos.<\/div>\n<div>Diferentes Comercios ( Restauraci\u00f3n, mercerias, ferreter\u00eda, alimentaci\u00f3n,productos fito- sanitarios, construcci\u00f3n&#8230;).<\/p>\n<p>&nbsp;An\u00e1lisis de la realidad del centro docente.<br \/>-Tipo de centro y ense\u00f1anzas que imparte.<br \/>El CEIP \u201cSan Jos\u00e9 Artesano\u201d, es el \u00fanico centro docente p\u00fablico de esta localidad que imparte,<br \/>en la actualidad, clases de Educaci\u00f3n Infantil, Educaci\u00f3n Primaria y 1<br \/>er y 2o nivel de Educaci\u00f3n Secundaria, por tanto de los denominados Semi-D. A esto se le a\u00f1ade la existencia de una unidad de Apoyo a la integraci\u00f3n.&nbsp;<\/div>\n<div>El centro ocupa una superficie de unos 10.000 M2.<br \/>La distribuci\u00f3n de dependencias del colegio es la siguiente:<br \/>&#8211; Un edificio principal de dos plantas donde se encuentran ubicadas el despacho de Direcci\u00f3n,<br \/>Sala de Profesores\/as, 5 Aulas, Servicios para alumnos\/as y para Profesores\/as.<br \/>&#8211; Un segundo edificio de una planta donde se encuentran ubicadas 6 Aulas y Servicios para<br \/>Alumnos\/as<br \/>&#8211; Un tercer edificio de una planta con otras 6 aula con servicios.<br \/>&#8211; Tambi\u00e9n contamos con un Pabell\u00f3n y un Teatro compartido.<br \/>&#8211; En el espacio no edificado hay una Pista Polideportiva pavimentada y el resto de espacio vallado se dedica a patio de recreo.<br \/>En cuanto al horario el modelo de Jornada Escolar es de 5 ma\u00f1anas de 09:00 a 14:00 en E.I y<br \/>E.P y de 08:30 a 15:00 horas para ESO.<br \/>-Profesorado<br \/>En cuanto al profesorado del Centro, es el adjudicado por la Consejer\u00eda de Educaci\u00f3n en funci\u00f3ndel n\u00fameros de unidades autorizadas y horario del personal del centro, perteneciendo nuestro colegio normalmente al Cupo 18 seg\u00fan el n\u00famero de unidades presentes en el mismo , m\u00e1s el monitora escolar y PTIS.<\/p>\n<p>\u25cf 3 Unidades de E. Infantil<br \/>\u25cf 6 Unidades de E. Primaria<br \/>\u25cf 2 Unidades de 1er Ciclo de ESO<br \/>\u25cf 1 Unidad de Apoyo a la Integraci\u00f3n<\/p>\n<p>-Alumnado<br \/>El n\u00famero de alumnos\/as matriculados en el Centro durante todos los cursos escolares es de<br \/>aproximadamente 140 alumno\/as.<br \/>Existen en nuestro centro alumnos y alumnas censados por el Equipo de Orientaci\u00f3n Educativa en funci\u00f3n de las dificultades que presentan. clasific\u00e1ndose los mismos\/as en NEE (alumnos\/as con necesidades educativas especiales); DIA (alumnos\/as con dificultades del aprendizaje); AACCII, (alumnos\/as con altas capacidades intelectuales) y&nbsp;<a href=\"http:\/\/alumnos.as\/\" target=\"_blank\" rel=\"noopener\" data-saferedirecturl=\"https:\/\/www.google.com\/url?q=http:\/\/alumnos.as&amp;source=gmail&amp;ust=1742473466856000&amp;usg=AOvVaw2-9at4WVAy1H2Bfj_Kwoya\">alumnos.as<\/a>&nbsp;de compensaci\u00f3n educativa.<br \/>El absentismo de los alumnos\/as de este centro es bajo y su incidencia en la pr\u00e1ctica educativa es casi nula. Cabe destacar que los movimientos migratorios temporeros interfieren en momentos concretos del a\u00f1o en el movimiento del alumnado a otras localidades y la recogida de alumnos temporeros en el centro.<br \/>-Padres\/Madres<br \/>En cuanto a la Asociaci\u00f3n de Madres y Padres de Alumnos\/as, est\u00e1 constituida funciona con<br \/>normalidad, adem\u00e1s cabe destacar, la gran implicaci\u00f3n a nivel individual por el buen funcionamiento de las padres\/madres delegadas que colaboran y participan en todas las actividades del Centro, as\u00ed como las familias integrantes del Consejo Escolar. El clima afectivo y de relaci\u00f3n entre los Padres\/Madres y elClaustro de Profesores\/as es muy bueno<\/div>\n<p>[\/et_pb_text][\/et_pb_column][\/et_pb_row][et_pb_row column_structure=&#8221;1_3,1_3,1_3&#8243; _builder_version=&#8221;4.16&#8243; background_size=&#8221;initial&#8221; background_position=&#8221;top_left&#8221; background_repeat=&#8221;repeat&#8221; global_colors_info=&#8221;{}&#8221;][et_pb_column type=&#8221;1_3&#8243; _builder_version=&#8221;4.16&#8243; custom_padding=&#8221;|||&#8221; global_colors_info=&#8221;{}&#8221; custom_padding__hover=&#8221;|||&#8221;][et_pb_blurb title=&#8221;Innovaci\u00f3n&#8221; use_icon=&#8221;on&#8221; font_icon=&#8221;&#xe01c;||divi||400&#8243; image_icon_background_color=&#8221;#5d58ef&#8221; image_icon_width=&#8221;48px&#8221; admin_label=&#8221;Informaci\u00f3n sobre innovaci\u00f3n (icono, titulo y texto)&#8221; _builder_version=&#8221;4.16&#8243; image_icon_custom_padding=&#8221;25px|25px|25px|25px|false|false&#8221; text_orientation=&#8221;center&#8221; z_index_tablet=&#8221;500&#8243; header_text_shadow_horizontal_length_tablet=&#8221;0px&#8221; header_text_shadow_vertical_length_tablet=&#8221;0px&#8221; header_text_shadow_blur_strength_tablet=&#8221;1px&#8221; body_text_shadow_horizontal_length_tablet=&#8221;0px&#8221; body_text_shadow_vertical_length_tablet=&#8221;0px&#8221; body_text_shadow_blur_strength_tablet=&#8221;1px&#8221; body_link_text_shadow_horizontal_length_tablet=&#8221;0px&#8221; body_link_text_shadow_vertical_length_tablet=&#8221;0px&#8221; body_link_text_shadow_blur_strength_tablet=&#8221;1px&#8221; body_ul_text_shadow_horizontal_length_tablet=&#8221;0px&#8221; body_ul_text_shadow_vertical_length_tablet=&#8221;0px&#8221; body_ul_text_shadow_blur_strength_tablet=&#8221;1px&#8221; body_ol_text_shadow_horizontal_length_tablet=&#8221;0px&#8221; body_ol_text_shadow_vertical_length_tablet=&#8221;0px&#8221; body_ol_text_shadow_blur_strength_tablet=&#8221;1px&#8221; body_quote_text_shadow_horizontal_length_tablet=&#8221;0px&#8221; body_quote_text_shadow_vertical_length_tablet=&#8221;0px&#8221; body_quote_text_shadow_blur_strength_tablet=&#8221;1px&#8221; border_radii_image=&#8221;on|100%|100%|100%|100%&#8221; box_shadow_horizontal_tablet=&#8221;0px&#8221; box_shadow_vertical_tablet=&#8221;0px&#8221; box_shadow_blur_tablet=&#8221;40px&#8221; box_shadow_spread_tablet=&#8221;0px&#8221; box_shadow_horizontal_image_tablet=&#8221;0px&#8221; box_shadow_vertical_image_tablet=&#8221;0px&#8221; box_shadow_blur_image_tablet=&#8221;40px&#8221; box_shadow_spread_image_tablet=&#8221;0px&#8221; text_shadow_horizontal_length_tablet=&#8221;0px&#8221; text_shadow_vertical_length_tablet=&#8221;0px&#8221; text_shadow_blur_strength_tablet=&#8221;1px&#8221; use_circle=&#8221;on&#8221; circle_color=&#8221;#5d58ef&#8221; global_colors_info=&#8221;{}&#8221; image_icon_background_color__sticky_enabled=&#8221;#241f59&#8243; image_icon_background_color__sticky=&#8221;#241f59&#8243;]<\/p>\n<p>Nuevas tecnolog\u00edas en el centro<\/p>\n<p>[\/et_pb_blurb][\/et_pb_column][et_pb_column type=&#8221;1_3&#8243; _builder_version=&#8221;4.16&#8243; custom_padding=&#8221;|||&#8221; global_colors_info=&#8221;{}&#8221; custom_padding__hover=&#8221;|||&#8221;][et_pb_blurb title=&#8221;centro biling\u00fce&#8221; use_icon=&#8221;on&#8221; font_icon=&#8221;&#xe0de;||divi||400&#8243; image_icon_background_color=&#8221;#ff236c&#8221; image_icon_width=&#8221;48px&#8221; admin_label=&#8221;Informaci\u00f3n sobre centro biling\u00fce (icono, titulo y texto)&#8221; _builder_version=&#8221;4.16&#8243; image_icon_custom_padding=&#8221;25px|25px|25px|25px|false|false&#8221; text_orientation=&#8221;center&#8221; z_index_tablet=&#8221;500&#8243; header_text_shadow_horizontal_length_tablet=&#8221;0px&#8221; header_text_shadow_vertical_length_tablet=&#8221;0px&#8221; header_text_shadow_blur_strength_tablet=&#8221;1px&#8221; body_text_shadow_horizontal_length_tablet=&#8221;0px&#8221; body_text_shadow_vertical_length_tablet=&#8221;0px&#8221; body_text_shadow_blur_strength_tablet=&#8221;1px&#8221; body_link_text_shadow_horizontal_length_tablet=&#8221;0px&#8221; body_link_text_shadow_vertical_length_tablet=&#8221;0px&#8221; body_link_text_shadow_blur_strength_tablet=&#8221;1px&#8221; body_ul_text_shadow_horizontal_length_tablet=&#8221;0px&#8221; body_ul_text_shadow_vertical_length_tablet=&#8221;0px&#8221; body_ul_text_shadow_blur_strength_tablet=&#8221;1px&#8221; body_ol_text_shadow_horizontal_length_tablet=&#8221;0px&#8221; body_ol_text_shadow_vertical_length_tablet=&#8221;0px&#8221; body_ol_text_shadow_blur_strength_tablet=&#8221;1px&#8221; body_quote_text_shadow_horizontal_length_tablet=&#8221;0px&#8221; body_quote_text_shadow_vertical_length_tablet=&#8221;0px&#8221; body_quote_text_shadow_blur_strength_tablet=&#8221;1px&#8221; border_radii_image=&#8221;on|100%|100%|100%|100%&#8221; box_shadow_horizontal_tablet=&#8221;0px&#8221; box_shadow_vertical_tablet=&#8221;0px&#8221; box_shadow_blur_tablet=&#8221;40px&#8221; box_shadow_spread_tablet=&#8221;0px&#8221; box_shadow_horizontal_image_tablet=&#8221;0px&#8221; box_shadow_vertical_image_tablet=&#8221;0px&#8221; box_shadow_blur_image_tablet=&#8221;40px&#8221; box_shadow_spread_image_tablet=&#8221;0px&#8221; text_shadow_horizontal_length_tablet=&#8221;0px&#8221; text_shadow_vertical_length_tablet=&#8221;0px&#8221; text_shadow_blur_strength_tablet=&#8221;1px&#8221; use_circle=&#8221;on&#8221; circle_color=&#8221;#ff236c&#8221; global_colors_info=&#8221;{}&#8221; image_icon_background_color__sticky_enabled=&#8221;#241f59&#8243; image_icon_background_color__sticky=&#8221;#241f59&#8243;]<\/p>\n<p>Impartimos las materias en Ingl\u00e9s y Castellano<\/p>\n<p>[\/et_pb_blurb][\/et_pb_column][et_pb_column type=&#8221;1_3&#8243; _builder_version=&#8221;4.16&#8243; custom_padding=&#8221;|||&#8221; global_colors_info=&#8221;{}&#8221; custom_padding__hover=&#8221;|||&#8221;][et_pb_blurb title=&#8221;Contacta&#8221; use_icon=&#8221;on&#8221; font_icon=&#8221;&#xe010;||divi||400&#8243; image_icon_background_color=&#8221;#ffc259&#8243; image_icon_width=&#8221;48px&#8221; admin_label=&#8221;Informaci\u00f3n de contacto (icono, titulo y texto)&#8221; _builder_version=&#8221;4.16&#8243; image_icon_custom_padding=&#8221;25px|25px|25px|25px|false|false&#8221; text_orientation=&#8221;center&#8221; z_index_tablet=&#8221;500&#8243; header_text_shadow_horizontal_length_tablet=&#8221;0px&#8221; header_text_shadow_vertical_length_tablet=&#8221;0px&#8221; header_text_shadow_blur_strength_tablet=&#8221;1px&#8221; body_text_shadow_horizontal_length_tablet=&#8221;0px&#8221; body_text_shadow_vertical_length_tablet=&#8221;0px&#8221; body_text_shadow_blur_strength_tablet=&#8221;1px&#8221; body_link_text_shadow_horizontal_length_tablet=&#8221;0px&#8221; body_link_text_shadow_vertical_length_tablet=&#8221;0px&#8221; body_link_text_shadow_blur_strength_tablet=&#8221;1px&#8221; body_ul_text_shadow_horizontal_length_tablet=&#8221;0px&#8221; body_ul_text_shadow_vertical_length_tablet=&#8221;0px&#8221; body_ul_text_shadow_blur_strength_tablet=&#8221;1px&#8221; body_ol_text_shadow_horizontal_length_tablet=&#8221;0px&#8221; body_ol_text_shadow_vertical_length_tablet=&#8221;0px&#8221; body_ol_text_shadow_blur_strength_tablet=&#8221;1px&#8221; body_quote_text_shadow_horizontal_length_tablet=&#8221;0px&#8221; body_quote_text_shadow_vertical_length_tablet=&#8221;0px&#8221; body_quote_text_shadow_blur_strength_tablet=&#8221;1px&#8221; border_radii_image=&#8221;on|100%|100%|100%|100%&#8221; box_shadow_horizontal_tablet=&#8221;0px&#8221; box_shadow_vertical_tablet=&#8221;0px&#8221; box_shadow_blur_tablet=&#8221;40px&#8221; box_shadow_spread_tablet=&#8221;0px&#8221; box_shadow_horizontal_image_tablet=&#8221;0px&#8221; box_shadow_vertical_image_tablet=&#8221;0px&#8221; box_shadow_blur_image_tablet=&#8221;40px&#8221; box_shadow_spread_image_tablet=&#8221;0px&#8221; text_shadow_horizontal_length_tablet=&#8221;0px&#8221; text_shadow_vertical_length_tablet=&#8221;0px&#8221; text_shadow_blur_strength_tablet=&#8221;1px&#8221; use_circle=&#8221;on&#8221; circle_color=&#8221;#ffc259&#8243; global_colors_info=&#8221;{}&#8221; image_icon_background_color__sticky_enabled=&#8221;#241f59&#8243; image_icon_background_color__sticky=&#8221;#241f59&#8243;]<\/p>\n<p>Tenemos abierto nuestro buz\u00f3n de sugerencias<\/p>\n<p>[\/et_pb_blurb][\/et_pb_column][\/et_pb_row][\/et_pb_section]<\/p>\n","protected":false},"excerpt":{"rendered":"<p>Nuestra Historia El C.E.I.P. \u201cSan Jos\u00e9 Artesano\u201d es un centro biling\u00fce que se encuentra situado en la localidad de Torreblascopedro, provincia de Ja\u00e9n y con una poblaci\u00f3n de 2.800 habitantes. Es un peque\u00f1o municipio situado en el centro de la provincia a unos 50km de la Capital, se encuentra sobre una loma baja, entre los [&hellip;]<\/p>\n","protected":false},"author":3845,"featured_media":0,"parent":0,"menu_order":0,"comment_status":"closed","ping_status":"closed","template":"","meta":{"_et_pb_use_builder":"on","_et_pb_old_content":"","_et_gb_content_width":"","ngg_post_thumbnail":0,"footnotes":""},"aioseo_notices":[],"_links":{"self":[{"href":"https:\/\/blogsaverroes.juntadeandalucia.es\/ceipsanjoseartesano\/wp-json\/wp\/v2\/pages\/262"}],"collection":[{"href":"https:\/\/blogsaverroes.juntadeandalucia.es\/ceipsanjoseartesano\/wp-json\/wp\/v2\/pages"}],"about":[{"href":"https:\/\/blogsaverroes.juntadeandalucia.es\/ceipsanjoseartesano\/wp-json\/wp\/v2\/types\/page"}],"author":[{"embeddable":true,"href":"https:\/\/blogsaverroes.juntadeandalucia.es\/ceipsanjoseartesano\/wp-json\/wp\/v2\/users\/3845"}],"replies":[{"embeddable":true,"href":"https:\/\/blogsaverroes.juntadeandalucia.es\/ceipsanjoseartesano\/wp-json\/wp\/v2\/comments?post=262"}],"version-history":[{"count":5,"href":"https:\/\/blogsaverroes.juntadeandalucia.es\/ceipsanjoseartesano\/wp-json\/wp\/v2\/pages\/262\/revisions"}],"predecessor-version":[{"id":1097,"href":"https:\/\/blogsaverroes.juntadeandalucia.es\/ceipsanjoseartesano\/wp-json\/wp\/v2\/pages\/262\/revisions\/1097"}],"wp:attachment":[{"href":"https:\/\/blogsaverroes.juntadeandalucia.es\/ceipsanjoseartesano\/wp-json\/wp\/v2\/media?parent=262"}],"curies":[{"name":"wp","href":"https:\/\/api.w.org\/{rel}","templated":true}]}}