{"id":2337,"date":"2016-11-27T08:13:24","date_gmt":"2016-11-27T08:13:24","guid":{"rendered":"http:\/\/blogsaverroes.juntadeandalucia.es\/ceipsanjuandelacruzbaeza\/?page_id=2337"},"modified":"2017-03-05T20:02:45","modified_gmt":"2017-03-05T20:02:45","slug":"grupos-interactivos","status":"publish","type":"page","link":"https:\/\/blogsaverroes.juntadeandalucia.es\/ceipsanjuandelacruzbaeza\/grupos-interactivos\/","title":{"rendered":"Grupos interactivos"},"content":{"rendered":"<p style=\"text-align: justify\">Grupos interactivos es una actuaci\u00f3n educativa de \u00e9xito identificada por la Comunidad Cient\u00edfica Internacional, como una de las organizaciones del aula que promueve m\u00e1s aprendizaje entre el alumnado y una mejora de la convivencia.<\/p>\n<p style=\"text-align: justify\"><em>Los grupos interactivos son una forma de concretar el aprendizaje dial\u00f3gico dentro del aula. (Miguel Loza)<\/em><\/p>\n<p style=\"text-align: justify\">El aula se divide en grupos heterog\u00e9neos tanto en g\u00e9nero, como en nivel de aprendizaje u origen cultural. El n\u00famero de grupos var\u00eda en funci\u00f3n de las caracter\u00edsticas del aula y de la edad del alumnado. En cada grupo se realiza una actividad diferente y cada una de las actividades est\u00e1 tutorizada por un voluntario o voluntaria. Los voluntarios\/as son los que rotan por grupos. El tutor\/a, junto con los maestros\/as de refuerzo, apoyo, compensaci\u00f3n y P.T., selecciona las actividades para cada sesi\u00f3n teniendo en cuenta objetivos tanto instrumentales como de valores y durante la sesi\u00f3n realiza el seguimiento de las diferentes actividades y del alumnado, resolviendo dudas cuando nadie del grupo sabe. Los voluntarios o voluntarias se responsabilizan de dinamizar la actividad que les toca, impulsando las interacciones entre iguales: que se ayuden entre ellos y ellas, que argumenten, que unos aprendan de otros&#8230; Para participar como voluntario en un grupo no es necesario saber del contenido de las actividades, porque su funci\u00f3n no es ense\u00f1ar ni corregir sino ayudar a que se ense\u00f1en y corrijan entre ellos y ellas. Posteriormente se corrige la actividad, bien al finalizarla o en otra sesi\u00f3n. Las estrategias para ello pueden ser variadas en funci\u00f3n de la actividad de que se trate; a veces para poder corregir en el mismo momento se utiliza una plantilla donde est\u00e1n las actividades resueltas; otras veces es el profesor o la profesora quien hace la correcci\u00f3n.<\/p>\n<p style=\"text-align: justify\">\u00bfC\u00f3mo deben ser las actividades?<\/p>\n<p style=\"text-align: justify\">&#8211; Actividades que proponemos para que el alumnado haga por s\u00ed mismo, que no dependen totalmente de la intervenci\u00f3n del profesor o profesora para llevarlas a cabo. Este tipo de actividades muchas veces est\u00e1n pensadas para que puedan llegar a realizarlas o resolverlas con algo de esfuerzo, buscando informaci\u00f3n y\/o con ayudas puntuales del profesor o profesora. Este tipo de actividades son las m\u00e1s adecuadas para los grupos interactivos.<\/p>\n<p style=\"text-align: justify\">&#8211; Las actividades pueden ser de grupo o individuales, innovadoras o tradicionales y con diferentes contenidos de aprendizaje, principalmente instrumental. En cualquier caso, es importante que dentro de cada actividad haya diferentes niveles de dificultad para garantizar que todo el mundo pueda participar. Las actividades que se programen no deben ser excesivamente largas, de manera que permitan mantener el nivel de atenci\u00f3n y motivaci\u00f3n. La duraci\u00f3n de cada actividad puede ser de unos 10 a 20 minutos.<\/p>\n<p style=\"text-align: justify\">El n\u00famero de sesiones depende de cada \u00e1rea, pero como m\u00ednimo<strong>, <\/strong>para que los resultados de \u00e9xito escolar sean reales, es necesario que se hagan sesiones semanales de forma sistem\u00e1tica en las diferentes \u00e1reas o materias que se decide priorizar y, adem\u00e1s de \u00e9stas, hacer sesiones en grupos interactivos, sistem\u00e1ticas o no, en el mayor n\u00famero de \u00e1reas posible.<\/p>\n<p style=\"text-align: justify\"><strong>Funciones del docente <\/strong><\/p>\n<ul style=\"text-align: justify\">\n<li>El profesor o profesora dise\u00f1a la sesi\u00f3n, seleccionando las actividades en funci\u00f3n de unos objetivos de aprendizaje.<\/li>\n<li>Explica a las personas que entrar\u00e1n en el aula su tarea, en qu\u00e9 consiste cada una de las actividades y los objetivos que se plantea con cada una de ellas. Se ocupa de su coordinaci\u00f3n.<\/li>\n<li>Dinamiza la sesi\u00f3n: organiza los grupos, coordina los tiempos, observa el funcionamiento de los grupos.<\/li>\n<li>Resuelve las dudas si se le pide.<\/li>\n<li>Prepara instrumentos de recogida de informaci\u00f3n para la valoraci\u00f3n de la sesi\u00f3n.<\/li>\n<li>Es responsable de lo que ocurre en el aula.<\/li>\n<\/ul>\n<p style=\"text-align: justify\">&nbsp;<\/p>\n<p style=\"text-align: justify\"><strong>Funciones del voluntario\/a <\/strong><\/p>\n<ul>\n<li style=\"text-align: justify\">Presenta a cada grupo la actividad que le ha tocado dinamizar.<\/li>\n<li style=\"text-align: justify\">Promueve las interacciones entre iguales, interacciones de ayudar y ayudar a ayudarse.<\/li>\n<li style=\"text-align: justify\">Promueve las interacciones que considere necesarias con cada alumna\/o:\n<ul>\n<li>Para que participe en la din\u00e1mica.<\/li>\n<li>Para que entienda.<\/li>\n<li>Para terminar las actividades.<\/li>\n<li>Para animarle.<\/li>\n<\/ul>\n<\/li>\n<li style=\"text-align: justify\">Si alguien no sabe hacer algo anima a otros para que le ayuden, o le anima a pedir explicaciones al profesor\/a.<\/li>\n<li style=\"text-align: justify\">Pasa informaci\u00f3n al profesor\/a al terminar la sesi\u00f3n, contribuyendo de esta manera a la evaluaci\u00f3n.<\/li>\n<\/ul>\n\n\t\t<style type=\"text\/css\">\n\t\t\t#gallery-1 {\n\t\t\t\tmargin: auto;\n\t\t\t}\n\t\t\t#gallery-1 .gallery-item {\n\t\t\t\tfloat: left;\n\t\t\t\tmargin-top: 10px;\n\t\t\t\ttext-align: center;\n\t\t\t\twidth: 33%;\n\t\t\t}\n\t\t\t#gallery-1 img {\n\t\t\t\tborder: 2px solid #cfcfcf;\n\t\t\t}\n\t\t\t#gallery-1 .gallery-caption {\n\t\t\t\tmargin-left: 0;\n\t\t\t}\n\t\t\t\/* see gallery_shortcode() in wp-includes\/media.php *\/\n\t\t<\/style>\n\t\t<div id='gallery-1' class='gallery galleryid-2337 gallery-columns-3 gallery-size-thumbnail'><dl class='gallery-item'>\n\t\t\t<dt class='gallery-icon landscape'>\n\t\t\t\t<a href='https:\/\/blogsaverroes.juntadeandalucia.es\/ceipsanjuandelacruzbaeza\/grupos-interactivos\/img-20170305-wa0005\/'><img decoding=\"async\" width=\"150\" height=\"150\" src=\"https:\/\/blogsaverroes.juntadeandalucia.es\/ceipsanjuandelacruzbaeza\/files\/2016\/11\/IMG-20170305-WA0005-150x150.jpg\" class=\"attachment-thumbnail size-thumbnail\" alt=\"\" srcset=\"https:\/\/blogsaverroes.juntadeandalucia.es\/ceipsanjuandelacruzbaeza\/files\/2016\/11\/IMG-20170305-WA0005-150x150.jpg 150w, https:\/\/blogsaverroes.juntadeandalucia.es\/ceipsanjuandelacruzbaeza\/files\/2016\/11\/IMG-20170305-WA0005-100x100.jpg 100w\" sizes=\"(max-width: 150px) 100vw, 150px\" \/><\/a>\n\t\t\t<\/dt><\/dl><dl class='gallery-item'>\n\t\t\t<dt class='gallery-icon landscape'>\n\t\t\t\t<a href='https:\/\/blogsaverroes.juntadeandalucia.es\/ceipsanjuandelacruzbaeza\/grupos-interactivos\/img-20170305-wa0006\/'><img decoding=\"async\" width=\"150\" height=\"150\" src=\"https:\/\/blogsaverroes.juntadeandalucia.es\/ceipsanjuandelacruzbaeza\/files\/2016\/11\/IMG-20170305-WA0006-150x150.jpg\" class=\"attachment-thumbnail size-thumbnail\" alt=\"\" srcset=\"https:\/\/blogsaverroes.juntadeandalucia.es\/ceipsanjuandelacruzbaeza\/files\/2016\/11\/IMG-20170305-WA0006-150x150.jpg 150w, https:\/\/blogsaverroes.juntadeandalucia.es\/ceipsanjuandelacruzbaeza\/files\/2016\/11\/IMG-20170305-WA0006-100x100.jpg 100w\" sizes=\"(max-width: 150px) 100vw, 150px\" \/><\/a>\n\t\t\t<\/dt><\/dl><dl class='gallery-item'>\n\t\t\t<dt class='gallery-icon landscape'>\n\t\t\t\t<a href='https:\/\/blogsaverroes.juntadeandalucia.es\/ceipsanjuandelacruzbaeza\/grupos-interactivos\/img-20170305-wa0007\/'><img decoding=\"async\" width=\"150\" height=\"150\" src=\"https:\/\/blogsaverroes.juntadeandalucia.es\/ceipsanjuandelacruzbaeza\/files\/2016\/11\/IMG-20170305-WA0007-150x150.jpg\" class=\"attachment-thumbnail size-thumbnail\" alt=\"\" srcset=\"https:\/\/blogsaverroes.juntadeandalucia.es\/ceipsanjuandelacruzbaeza\/files\/2016\/11\/IMG-20170305-WA0007-150x150.jpg 150w, https:\/\/blogsaverroes.juntadeandalucia.es\/ceipsanjuandelacruzbaeza\/files\/2016\/11\/IMG-20170305-WA0007-100x100.jpg 100w\" sizes=\"(max-width: 150px) 100vw, 150px\" \/><\/a>\n\t\t\t<\/dt><\/dl><br style=\"clear: both\" \/><dl class='gallery-item'>\n\t\t\t<dt class='gallery-icon landscape'>\n\t\t\t\t<a href='https:\/\/blogsaverroes.juntadeandalucia.es\/ceipsanjuandelacruzbaeza\/grupos-interactivos\/img-20170305-wa0013\/'><img loading=\"lazy\" decoding=\"async\" width=\"150\" height=\"150\" src=\"https:\/\/blogsaverroes.juntadeandalucia.es\/ceipsanjuandelacruzbaeza\/files\/2016\/11\/IMG-20170305-WA0013-150x150.jpg\" class=\"attachment-thumbnail size-thumbnail\" alt=\"\" srcset=\"https:\/\/blogsaverroes.juntadeandalucia.es\/ceipsanjuandelacruzbaeza\/files\/2016\/11\/IMG-20170305-WA0013-150x150.jpg 150w, https:\/\/blogsaverroes.juntadeandalucia.es\/ceipsanjuandelacruzbaeza\/files\/2016\/11\/IMG-20170305-WA0013-100x100.jpg 100w\" sizes=\"(max-width: 150px) 100vw, 150px\" \/><\/a>\n\t\t\t<\/dt><\/dl><dl class='gallery-item'>\n\t\t\t<dt class='gallery-icon landscape'>\n\t\t\t\t<a href='https:\/\/blogsaverroes.juntadeandalucia.es\/ceipsanjuandelacruzbaeza\/grupos-interactivos\/img_20161026_093424\/'><img loading=\"lazy\" decoding=\"async\" width=\"150\" height=\"150\" src=\"https:\/\/blogsaverroes.juntadeandalucia.es\/ceipsanjuandelacruzbaeza\/files\/2016\/11\/IMG_20161026_093424-150x150.jpg\" class=\"attachment-thumbnail size-thumbnail\" alt=\"\" srcset=\"https:\/\/blogsaverroes.juntadeandalucia.es\/ceipsanjuandelacruzbaeza\/files\/2016\/11\/IMG_20161026_093424-150x150.jpg 150w, https:\/\/blogsaverroes.juntadeandalucia.es\/ceipsanjuandelacruzbaeza\/files\/2016\/11\/IMG_20161026_093424-100x100.jpg 100w\" sizes=\"(max-width: 150px) 100vw, 150px\" \/><\/a>\n\t\t\t<\/dt><\/dl><dl class='gallery-item'>\n\t\t\t<dt class='gallery-icon landscape'>\n\t\t\t\t<a href='https:\/\/blogsaverroes.juntadeandalucia.es\/ceipsanjuandelacruzbaeza\/grupos-interactivos\/img_20161026_093417\/'><img loading=\"lazy\" decoding=\"async\" width=\"150\" height=\"150\" src=\"https:\/\/blogsaverroes.juntadeandalucia.es\/ceipsanjuandelacruzbaeza\/files\/2016\/11\/IMG_20161026_093417-150x150.jpg\" class=\"attachment-thumbnail size-thumbnail\" alt=\"\" srcset=\"https:\/\/blogsaverroes.juntadeandalucia.es\/ceipsanjuandelacruzbaeza\/files\/2016\/11\/IMG_20161026_093417-150x150.jpg 150w, https:\/\/blogsaverroes.juntadeandalucia.es\/ceipsanjuandelacruzbaeza\/files\/2016\/11\/IMG_20161026_093417-100x100.jpg 100w\" sizes=\"(max-width: 150px) 100vw, 150px\" \/><\/a>\n\t\t\t<\/dt><\/dl><br style=\"clear: both\" \/>\n\t\t<\/div>\n\n","protected":false},"excerpt":{"rendered":"<p>Grupos interactivos es una actuaci\u00f3n educativa de \u00e9xito identificada por la Comunidad Cient\u00edfica Internacional, como una de las organizaciones del aula que promueve m\u00e1s aprendizaje entre el alumnado y una mejora de la convivencia. Los grupos interactivos son una forma de concretar el aprendizaje dial\u00f3gico dentro del aula. (Miguel Loza) El aula se divide en &hellip; <\/p>\n<p><a class=\"more-link btn\" href=\"https:\/\/blogsaverroes.juntadeandalucia.es\/ceipsanjuandelacruzbaeza\/grupos-interactivos\/\">Seguir leyendo<\/a><\/p>\n","protected":false},"author":2198,"featured_media":0,"parent":0,"menu_order":0,"comment_status":"open","ping_status":"open","template":"","meta":{"ngg_post_thumbnail":0,"footnotes":"","_mc_calendar":[]},"aioseo_notices":[],"_links":{"self":[{"href":"https:\/\/blogsaverroes.juntadeandalucia.es\/ceipsanjuandelacruzbaeza\/wp-json\/wp\/v2\/pages\/2337"}],"collection":[{"href":"https:\/\/blogsaverroes.juntadeandalucia.es\/ceipsanjuandelacruzbaeza\/wp-json\/wp\/v2\/pages"}],"about":[{"href":"https:\/\/blogsaverroes.juntadeandalucia.es\/ceipsanjuandelacruzbaeza\/wp-json\/wp\/v2\/types\/page"}],"author":[{"embeddable":true,"href":"https:\/\/blogsaverroes.juntadeandalucia.es\/ceipsanjuandelacruzbaeza\/wp-json\/wp\/v2\/users\/2198"}],"replies":[{"embeddable":true,"href":"https:\/\/blogsaverroes.juntadeandalucia.es\/ceipsanjuandelacruzbaeza\/wp-json\/wp\/v2\/comments?post=2337"}],"version-history":[{"count":5,"href":"https:\/\/blogsaverroes.juntadeandalucia.es\/ceipsanjuandelacruzbaeza\/wp-json\/wp\/v2\/pages\/2337\/revisions"}],"predecessor-version":[{"id":2686,"href":"https:\/\/blogsaverroes.juntadeandalucia.es\/ceipsanjuandelacruzbaeza\/wp-json\/wp\/v2\/pages\/2337\/revisions\/2686"}],"wp:attachment":[{"href":"https:\/\/blogsaverroes.juntadeandalucia.es\/ceipsanjuandelacruzbaeza\/wp-json\/wp\/v2\/media?parent=2337"}],"curies":[{"name":"wp","href":"https:\/\/api.w.org\/{rel}","templated":true}]}}