{"id":2115,"date":"2016-09-16T21:18:18","date_gmt":"2016-09-16T19:18:18","guid":{"rendered":"http:\/\/blogsaverroes.juntadeandalucia.es\/ceipsanmiguelnerja\/?page_id=2115"},"modified":"2025-01-20T17:08:05","modified_gmt":"2025-01-20T16:08:05","slug":"escuela-tic-2-0","status":"publish","type":"page","link":"https:\/\/blogsaverroes.juntadeandalucia.es\/ceipsanmiguelnerja\/proyectos\/escuela-tic-2-0\/","title":{"rendered":"TDE"},"content":{"rendered":"<p><a href=\"http:\/\/blogsaverroes.juntadeandalucia.es\/ceipsanmiguelnerja\/files\/2016\/09\/escuela2.jpg\"><img loading=\"lazy\" decoding=\"async\" class=\"size-full wp-image-3074 aligncenter\" src=\"https:\/\/www.juntadeandalucia.es\/educacion\/eaprendizaje\/wp-content\/uploads\/2021\/09\/logo-TED.png\" alt=\"\" width=\"110\" height=\"110\"><\/a><strong>\u00bfEn que consiste TDE?<\/strong><\/p>\n<div class=\"objetivos_tic\">\n<div class=\"relative\">\n<div class=\"pie_cga\">\n<p>El concepto de Transformaci\u00f3n Digital Educativa (TDE) incluye el conjunto de actuaciones orientadas a la mejora y modernizaci\u00f3n de los procesos, los procedimientos, los h\u00e1bitos y comportamientos de las organizaciones educativas y de las personas que, haciendo uso de las tecnolog\u00edas digitales, desarrollen su capacidad de hacer frente a los retos de la sociedad actual.<\/p>\n<p>De esta forma, la TDE supondr\u00e1 una contribuci\u00f3n en el aprendizaje competencial, en la consecuci\u00f3n de los resultados de aprendizaje del alumnado y en el acceso a las tecnolog\u00edas desde un principio de equidad, bas\u00e1ndose en los Marcos de Referencia Europeos relativos a la competencia digital (DigCompOrg, DigCompEdu y DigComp).<\/p>\n<p>El PAD es la herramienta de planificaci\u00f3n para el desarrollo del proceso de transformaci\u00f3n digital. Tiene como objetivo general planificar y desarrollar capacidades digitales eficaces para mejorar la calidad de la ense\u00f1anza en relaci\u00f3n con las tecnolog\u00edas digitales y favorecer el uso y dise\u00f1o de herramientas digitales aplicadas a diferentes metodolog\u00edas did\u00e1cticas.<\/p>\n<p>Para ello se estructura en tres \u00e1mbitos de actuaci\u00f3n: organizaci\u00f3n y gesti\u00f3n de los centros docentes, procesos de ense\u00f1anza-aprendizaje e informaci\u00f3n y comunicaci\u00f3n, tanto interna como externa (tabla 1). Estos \u00e1mbitos toman como referente el Marco de Competencia Digital para Organizaciones Educativas, #DigCompOrg, regulado en la Orden de 29 de marzo de 2021, por la que se establecen los marcos de la Competencia Digital en el sistema educativo no universitario de la Comunidad Aut\u00f3noma de Andaluc\u00eda (Junta de Andaluc\u00eda, 2021).<\/p>\n<p><a href=\"https:\/\/blogsaverroes.juntadeandalucia.es\/ceipsanmiguelnerja\/files\/2025\/01\/Plan-de-Actuacion-Digital-24-25.pdf\">Plan de Actuaci\u00f3n Digital 24-25<\/a><\/p>\n<\/div>\n<\/div>\n<\/div>\n","protected":false},"excerpt":{"rendered":"<p>\u00bfEn que consiste TDE? El concepto de Transformaci\u00f3n Digital Educativa (TDE) incluye el conjunto de actuaciones orientadas a la mejora y modernizaci\u00f3n de los procesos, los procedimientos, los h\u00e1bitos y comportamientos de las organizaciones&#46;&#46;&#46;<\/p>\n","protected":false},"author":3886,"featured_media":0,"parent":2108,"menu_order":0,"comment_status":"closed","ping_status":"closed","template":"","meta":{"ngg_post_thumbnail":0,"footnotes":"","_mc_calendar":[]},"aioseo_notices":[],"_links":{"self":[{"href":"https:\/\/blogsaverroes.juntadeandalucia.es\/ceipsanmiguelnerja\/wp-json\/wp\/v2\/pages\/2115"}],"collection":[{"href":"https:\/\/blogsaverroes.juntadeandalucia.es\/ceipsanmiguelnerja\/wp-json\/wp\/v2\/pages"}],"about":[{"href":"https:\/\/blogsaverroes.juntadeandalucia.es\/ceipsanmiguelnerja\/wp-json\/wp\/v2\/types\/page"}],"author":[{"embeddable":true,"href":"https:\/\/blogsaverroes.juntadeandalucia.es\/ceipsanmiguelnerja\/wp-json\/wp\/v2\/users\/3886"}],"replies":[{"embeddable":true,"href":"https:\/\/blogsaverroes.juntadeandalucia.es\/ceipsanmiguelnerja\/wp-json\/wp\/v2\/comments?post=2115"}],"version-history":[{"count":4,"href":"https:\/\/blogsaverroes.juntadeandalucia.es\/ceipsanmiguelnerja\/wp-json\/wp\/v2\/pages\/2115\/revisions"}],"predecessor-version":[{"id":2719,"href":"https:\/\/blogsaverroes.juntadeandalucia.es\/ceipsanmiguelnerja\/wp-json\/wp\/v2\/pages\/2115\/revisions\/2719"}],"up":[{"embeddable":true,"href":"https:\/\/blogsaverroes.juntadeandalucia.es\/ceipsanmiguelnerja\/wp-json\/wp\/v2\/pages\/2108"}],"wp:attachment":[{"href":"https:\/\/blogsaverroes.juntadeandalucia.es\/ceipsanmiguelnerja\/wp-json\/wp\/v2\/media?parent=2115"}],"curies":[{"name":"wp","href":"https:\/\/api.w.org\/{rel}","templated":true}]}}