{"id":35,"date":"2023-09-04T09:21:43","date_gmt":"2023-09-04T07:21:43","guid":{"rendered":"http:\/\/blogsaverroes.juntadeandalucia.es\/pre\/ceip\/?page_id=35"},"modified":"2025-10-10T19:48:08","modified_gmt":"2025-10-10T17:48:08","slug":"el-centro-2","status":"publish","type":"page","link":"https:\/\/blogsaverroes.juntadeandalucia.es\/ceipsansebastian\/el-centro-2\/","title":{"rendered":"Contacto+Datos del centro"},"content":{"rendered":"<h4><span style=\"text-decoration: underline\"><span style=\"color: #0000ff;text-decoration: underline\">DATOS DE CONTACTO<\/span><\/span><\/h4>\n<p><span style=\"color: #0000ff\">CEIP.: SAN SEBASTI\u00c1N<\/span><\/p>\n<p><span style=\"color: #0000ff\"><strong>Direcci\u00f3n:<\/strong> &nbsp;Calle Pedro Tena n\u00ba1<\/span><\/p>\n<p><span style=\"color: #0000ff\">&nbsp; &nbsp; &nbsp; &nbsp; &nbsp; &nbsp; &nbsp; &nbsp; &nbsp; &nbsp; &nbsp; &nbsp; Edif. <em>Grupo A<\/em><\/span><\/p>\n<p><span style=\"color: #0000ff\">&nbsp; &nbsp; &nbsp; &nbsp; &nbsp; &nbsp; &nbsp; &nbsp; &nbsp; &nbsp; &nbsp; &nbsp; 04500 Fi\u00f1ana (Almer\u00eda)<\/span><\/p>\n<p>&nbsp;<\/p>\n<p><span style=\"color: #0000ff\"><strong><span style=\"text-decoration: underline\">Tel\u00e9fono<\/span> 950359527&nbsp; &nbsp; &nbsp; &nbsp; &nbsp; &nbsp; &nbsp; &nbsp; &nbsp; &nbsp; &nbsp; &nbsp; &nbsp; &nbsp; &nbsp; &nbsp; &nbsp; &nbsp; &nbsp; &nbsp; &nbsp; &nbsp; &nbsp; &nbsp; &nbsp; &nbsp; &nbsp; &nbsp; &nbsp; <\/strong><\/span><span style=\"color: #0000ff\"><strong><span style=\"text-decoration: underline\">FAX:<\/span> 950359528<\/strong><\/span><\/p>\n<p>&nbsp;<\/p>\n<p><span style=\"color: #0000ff\"><strong><span style=\"text-decoration: underline\">Email:<\/span> 04002519.edu@juntadeandalucia.es<\/strong><\/span><\/p>\n<p>&nbsp;<\/p>\n<p><strong><span style=\"color: #0000ff\"><span style=\"text-decoration: underline\">FACEBOOK:<\/span> Ceip San Sebasti\u00e1n de Fi\u00f1ana<\/span><\/strong><\/p>\n<p>&nbsp;<\/p>\n<p><strong><span style=\"color: #0000ff\"><span style=\"text-decoration: underline\">INSTAGRAM:<\/span> @ceipsansebastian<\/span><\/strong><\/p>\n<p>&nbsp;<\/p>\n<p><iframe loading=\"lazy\" src=\"https:\/\/www.google.com\/maps\/embed?pb=!1m18!1m12!1m3!1d2564.960747482124!2d-2.8411651908261333!3d37.16945801625351!2m3!1f0!2f0!3f0!3m2!1i1024!2i768!4f13.1!3m3!1m2!1s0x0%3A0x23a044902eca3823!2sC+E+I+P+San+Sebasti%C3%A1n!5e1!3m2!1ses!2ses!4v1473070680070\" width=\"600\" height=\"450\" frameborder=\"0\"><\/iframe><\/p>\n<h4><strong>Horarios<\/strong><\/h4>\n<p>Horario lectivo: de lunes a viernes de 09:00 h. a 14:00 h<br \/>\nHorario no lectivo. Tutor\u00edas: lunes de 16:30 h a 17:30 h<br \/>\nActividades extraescolares. Ingl\u00e9s: martes y jueves de 16:00 h a 18:00<\/p>\n<p>&nbsp;<\/p>\n<p style=\"text-align: left\"><span style=\"color: #008000\"><strong>CEIP.: SAN SEBASTI\u00c1N<\/strong><\/span><\/p>\n<p><span style=\"color: #008000\"><strong>EQUIPO DIRECTIVO:<\/strong><\/span><\/p>\n<p style=\"text-align: left\"><span style=\"color: #008000\"><strong>Direcci\u00f3n: Norberto Manuel Mart\u00ednez Guerrero<\/strong><\/span><\/p>\n<p style=\"text-align: left\"><span style=\"color: #008000\"><strong>Jefatura de estudios: Yolanda Cabrerizo Jim\u00e9nez<\/strong><\/span><\/p>\n<p style=\"text-align: left\"><span style=\"color: #008000\"><strong>Secretaria: Manuela Puerto Ruano<\/strong><\/span><\/p>\n<p>&nbsp;<\/p>\n<p>La <strong>Secretar\u00eda<\/strong> desarrolla muchas funciones importantes en la vida de nuestro&nbsp;centro, especialmente en la relaci\u00f3n que mantiene con las familias en los diferentes tr\u00e1mites administrativos a lo largo de la escolarizaci\u00f3n: admisi\u00f3n, matr\u00edcula,&nbsp; becas, etc.<\/p>\n<h4><strong>Oferta educativa<\/strong><\/h4>\n<p>El centro oferta: 2\u00ba Ciclo de Educaci\u00f3n Infantil Y Primaria.<\/p>\n<h4>&nbsp;<\/h4>\n<p>&nbsp;<\/p>\n","protected":false},"excerpt":{"rendered":"<p>DATOS DE CONTACTO CEIP.: SAN SEBASTI\u00c1N Direcci\u00f3n: &nbsp;Calle Pedro Tena n\u00ba1 &nbsp; &nbsp; &nbsp; &nbsp; &nbsp; &nbsp; &nbsp; &nbsp; &nbsp; &nbsp; &nbsp; &nbsp; Edif. Grupo&hellip;<\/p>\n","protected":false},"author":1,"featured_media":0,"parent":0,"menu_order":0,"comment_status":"open","ping_status":"open","template":"","meta":{"ngg_post_thumbnail":0,"footnotes":"","_mc_calendar":[]},"aioseo_notices":[],"_links":{"self":[{"href":"https:\/\/blogsaverroes.juntadeandalucia.es\/ceipsansebastian\/wp-json\/wp\/v2\/pages\/35"}],"collection":[{"href":"https:\/\/blogsaverroes.juntadeandalucia.es\/ceipsansebastian\/wp-json\/wp\/v2\/pages"}],"about":[{"href":"https:\/\/blogsaverroes.juntadeandalucia.es\/ceipsansebastian\/wp-json\/wp\/v2\/types\/page"}],"author":[{"embeddable":true,"href":"https:\/\/blogsaverroes.juntadeandalucia.es\/ceipsansebastian\/wp-json\/wp\/v2\/users\/1"}],"replies":[{"embeddable":true,"href":"https:\/\/blogsaverroes.juntadeandalucia.es\/ceipsansebastian\/wp-json\/wp\/v2\/comments?post=35"}],"version-history":[{"count":46,"href":"https:\/\/blogsaverroes.juntadeandalucia.es\/ceipsansebastian\/wp-json\/wp\/v2\/pages\/35\/revisions"}],"predecessor-version":[{"id":4274,"href":"https:\/\/blogsaverroes.juntadeandalucia.es\/ceipsansebastian\/wp-json\/wp\/v2\/pages\/35\/revisions\/4274"}],"wp:attachment":[{"href":"https:\/\/blogsaverroes.juntadeandalucia.es\/ceipsansebastian\/wp-json\/wp\/v2\/media?parent=35"}],"curies":[{"name":"wp","href":"https:\/\/api.w.org\/{rel}","templated":true}]}}