{"id":5606,"date":"2020-04-14T11:24:27","date_gmt":"2020-04-14T11:24:27","guid":{"rendered":"https:\/\/blogsaverroes.juntadeandalucia.es\/ceipsansebastiandemijas\/?page_id=5606"},"modified":"2021-05-20T15:25:33","modified_gmt":"2021-05-20T15:25:33","slug":"fueron-noticia","status":"publish","type":"page","link":"https:\/\/blogsaverroes.juntadeandalucia.es\/ceipsansebastiandemijas\/fueron-noticia\/","title":{"rendered":"FUERON NOTICIA"},"content":{"rendered":"\t\t<div data-elementor-type=\"wp-page\" data-elementor-id=\"5606\" class=\"elementor elementor-5606\">\n\t\t\t\t\t\t<section class=\"elementor-section elementor-top-section elementor-element elementor-element-c60601f elementor-section-boxed elementor-section-height-default elementor-section-height-default\" data-id=\"c60601f\" data-element_type=\"section\">\n\t\t\t\t\t\t<div class=\"elementor-container elementor-column-gap-default\">\n\t\t\t\t\t<div class=\"elementor-column elementor-col-100 elementor-top-column elementor-element elementor-element-71703d0\" data-id=\"71703d0\" data-element_type=\"column\">\n\t\t\t<div class=\"elementor-widget-wrap elementor-element-populated\">\n\t\t\t\t\t\t<div class=\"elementor-element elementor-element-8104d7f elementor-widget elementor-widget-heading\" data-id=\"8104d7f\" data-element_type=\"widget\" data-widget_type=\"heading.default\">\n\t\t\t\t<div class=\"elementor-widget-container\">\n\t\t\t\t\t<h2 class=\"elementor-heading-title elementor-size-default\">Fueron Noticia<\/h2>\t\t\t\t<\/div>\n\t\t\t\t<\/div>\n\t\t\t\t<div class=\"elementor-element elementor-element-6f7bf9b elementor-widget elementor-widget-shortcode\" data-id=\"6f7bf9b\" data-element_type=\"widget\" data-widget_type=\"shortcode.default\">\n\t\t\t\t<div class=\"elementor-widget-container\">\n\t\t\t\t\t\t\t<div class=\"elementor-shortcode\"><div class=\"pt-cv-wrapper\"><div class=\"pt-cv-view pt-cv-grid pt-cv-colsys\" id=\"pt-cv-view-5642e10845\"><div data-id=\"pt-cv-page-1\" class=\"pt-cv-page\" data-cvc=\"1\"><div class=\"col-md-12 col-sm-12 col-xs-12 pt-cv-content-item pt-cv-2-col\" ><div class='pt-cv-ifield'><a href=\"https:\/\/blogsaverroes.juntadeandalucia.es\/ceipsansebastiandemijas\/viva-andalucia\/\" class=\"_blank pt-cv-href-thumbnail pt-cv-thumb-left\" target=\"_blank\" ><img decoding=\"async\" width=\"150\" height=\"150\" src=\"https:\/\/blogsaverroes.juntadeandalucia.es\/ceipsansebastiandemijas\/files\/2026\/02\/WhatsApp-Image-2026-02-25-at-17.43.50-150x150.jpeg\" class=\"pt-cv-thumbnail pull-left\" alt=\"\" \/><\/a>\n<div class=\"pt-cv-colwrap\"><h1 class=\"pt-cv-title\"><a href=\"https:\/\/blogsaverroes.juntadeandalucia.es\/ceipsansebastiandemijas\/viva-andalucia\/\" class=\"_blank\" target=\"_blank\" >\u00a1Viva Andaluc\u00eda!<\/a><\/h1><div class=\"pt-cv-content\">\u00a1Viva Andaluc\u00eda! https:\/\/blogsaverroes.juntadeandalucia.es\/ceipsansebastiandemijas\/files\/2026\/02\/WhatsApp-Video-2026-02-25-at-17.44.26.mp4https:\/\/blogsaverroes.juntadeandalucia.es\/ceipsansebastiandemijas\/files\/2026\/02\/WhatsApp-Video-2026-02-20-at-13.22.27.mp4El \u00faltimo viernes antes de la Semana Blanca, como es tradici\u00f3n en nuestro cole, hemos celebrado el D\u00eda de Andaluc\u00eda.No ha faltado ning\u00fan detalle: el t\u00edpico pan con aceite, preparado con cari\u00f1o por nuestras queridas mam\u00e1s y pap\u00e1s del AMPA; los trajes de flamenco; la izada de la ...<br \/><div class=\"pt-cv-rmwrap\"><a href=\"https:\/\/blogsaverroes.juntadeandalucia.es\/ceipsansebastiandemijas\/viva-andalucia\/\" class=\"_blank pt-cv-readmore btn btn-success\" target=\"_blank\">Leer M\u00e1s<\/a><\/div><\/div><div class=\"pt-cv-meta-fields\"><span class=\"entry-date\"> <time datetime=\"2026-02-20T10:25:07+00:00\">20 de febrero de 2026<\/time><\/span><span> \/ <\/span><span class=\"terms\"> <a href='https:\/\/blogsaverroes.juntadeandalucia.es\/ceipsansebastiandemijas\/category\/1o-a\/' title='1\u00ba A' class='pt-cv-tax-1o-a'>1\u00ba A<\/a>, <a href='https:\/\/blogsaverroes.juntadeandalucia.es\/ceipsansebastiandemijas\/category\/1o-b\/' title='1\u00ba B' class='pt-cv-tax-1o-b'>1\u00ba B<\/a>, <a href='https:\/\/blogsaverroes.juntadeandalucia.es\/ceipsansebastiandemijas\/category\/2o-a\/' title='2\u00ba A' class='pt-cv-tax-2o-a'>2\u00ba A<\/a>, <a href='https:\/\/blogsaverroes.juntadeandalucia.es\/ceipsansebastiandemijas\/category\/2o-b\/' title='2\u00ba B' class='pt-cv-tax-2o-b'>2\u00ba B<\/a>, <a href='https:\/\/blogsaverroes.juntadeandalucia.es\/ceipsansebastiandemijas\/category\/3-anos-a\/' title='3 a\u00f1os A' class='pt-cv-tax-3-anos-a'>3 a\u00f1os A<\/a>, <a href='https:\/\/blogsaverroes.juntadeandalucia.es\/ceipsansebastiandemijas\/category\/3-anos-b\/' title='3 a\u00f1os B' class='pt-cv-tax-3-anos-b'>3 a\u00f1os B<\/a>, <a href='https:\/\/blogsaverroes.juntadeandalucia.es\/ceipsansebastiandemijas\/category\/3o-a\/' title='3\u00ba A' class='pt-cv-tax-3o-a'>3\u00ba A<\/a>, <a href='https:\/\/blogsaverroes.juntadeandalucia.es\/ceipsansebastiandemijas\/category\/3o-b\/' title='3\u00ba B' class='pt-cv-tax-3o-b'>3\u00ba B<\/a>, <a href='https:\/\/blogsaverroes.juntadeandalucia.es\/ceipsansebastiandemijas\/category\/4-anos-a\/' title='4 a\u00f1os A' class='pt-cv-tax-4-anos-a'>4 a\u00f1os A<\/a>, <a href='https:\/\/blogsaverroes.juntadeandalucia.es\/ceipsansebastiandemijas\/category\/4-anos-b\/' title='4 a\u00f1os B' class='pt-cv-tax-4-anos-b'>4 a\u00f1os B<\/a>, <a href='https:\/\/blogsaverroes.juntadeandalucia.es\/ceipsansebastiandemijas\/category\/4o-a\/' title='4\u00ba A' class='pt-cv-tax-4o-a'>4\u00ba A<\/a>, <a href='https:\/\/blogsaverroes.juntadeandalucia.es\/ceipsansebastiandemijas\/category\/4o-b\/' title='4\u00ba B' class='pt-cv-tax-4o-b'>4\u00ba B<\/a>, <a href='https:\/\/blogsaverroes.juntadeandalucia.es\/ceipsansebastiandemijas\/category\/5-anos-a\/' title='5 a\u00f1os A' class='pt-cv-tax-5-anos-a'>5 a\u00f1os A<\/a>, <a href='https:\/\/blogsaverroes.juntadeandalucia.es\/ceipsansebastiandemijas\/category\/5-anos-b\/' title='5 a\u00f1os B' class='pt-cv-tax-5-anos-b'>5 a\u00f1os B<\/a>, <a href='https:\/\/blogsaverroes.juntadeandalucia.es\/ceipsansebastiandemijas\/category\/5o-a\/' title='5\u00ba A' class='pt-cv-tax-5o-a'>5\u00ba A<\/a>, <a href='https:\/\/blogsaverroes.juntadeandalucia.es\/ceipsansebastiandemijas\/category\/5o-b\/' title='5\u00ba B' class='pt-cv-tax-5o-b'>5\u00ba B<\/a>, <a href='https:\/\/blogsaverroes.juntadeandalucia.es\/ceipsansebastiandemijas\/category\/6o-a\/' title='6\u00ba A' class='pt-cv-tax-6o-a'>6\u00ba A<\/a>, <a href='https:\/\/blogsaverroes.juntadeandalucia.es\/ceipsansebastiandemijas\/category\/6o-b\/' title='6\u00ba B' class='pt-cv-tax-6o-b'>6\u00ba B<\/a>, <a href='https:\/\/blogsaverroes.juntadeandalucia.es\/ceipsansebastiandemijas\/category\/6o-c\/' title='6\u00ba C' class='pt-cv-tax-6o-c'>6\u00ba C<\/a>, <a href='https:\/\/blogsaverroes.juntadeandalucia.es\/ceipsansebastiandemijas\/category\/act-complementarias\/' title='Act. Complementarias' class='pt-cv-tax-act-complementarias'>Act. Complementarias<\/a>, <a href='https:\/\/blogsaverroes.juntadeandalucia.es\/ceipsansebastiandemijas\/category\/ampa\/' title='AMPA' class='pt-cv-tax-ampa'>AMPA<\/a>, <a href='https:\/\/blogsaverroes.juntadeandalucia.es\/ceipsansebastiandemijas\/category\/dias-d\/' title='Celebraciones y Efem\u00e9rides' class='pt-cv-tax-dias-d'>Celebraciones y Efem\u00e9rides<\/a>, <a href='https:\/\/blogsaverroes.juntadeandalucia.es\/ceipsansebastiandemijas\/category\/portada\/' title='Portada' class='pt-cv-tax-portada'>Portada<\/a>, <a href='https:\/\/blogsaverroes.juntadeandalucia.es\/ceipsansebastiandemijas\/category\/videos\/' title='V\u00eddeos' class='pt-cv-tax-videos'>V\u00eddeos<\/a><\/span><\/div><\/div><\/div><\/div>\n<div class=\"col-md-12 col-sm-12 col-xs-12 pt-cv-content-item pt-cv-2-col\" ><div class='pt-cv-ifield'><a href=\"https:\/\/blogsaverroes.juntadeandalucia.es\/ceipsansebastiandemijas\/hasta-el-infinito-y-mas-alla\/\" class=\"_blank pt-cv-href-thumbnail pt-cv-thumb-left\" target=\"_blank\" ><img decoding=\"async\" width=\"150\" height=\"150\" src=\"https:\/\/blogsaverroes.juntadeandalucia.es\/ceipsansebastiandemijas\/files\/2026\/03\/Somos-los-Toy-Story-150x150.png\" class=\"pt-cv-thumbnail pull-left\" alt=\"\" \/><\/a>\n<div class=\"pt-cv-colwrap\"><h1 class=\"pt-cv-title\"><a href=\"https:\/\/blogsaverroes.juntadeandalucia.es\/ceipsansebastiandemijas\/hasta-el-infinito-y-mas-alla\/\" class=\"_blank\" target=\"_blank\" >\u00a1Hasta el infinito y m\u00e1s all\u00e1!<\/a><\/h1><div class=\"pt-cv-content\">\u00a1Hasta el infinito y m\u00e1s all\u00e1! Hoy hemos celebrado el Mi\u00e9rcoles de Ceniza poniendo el broche final al Carnaval 2026 con una actuaci\u00f3n muy especial. La clase de 6\u00baC de Primaria\u00a0se ha sumergido en el universo de\u00a0Toy Story\u00a0y ha llenado el escenario de imaginaci\u00f3n, compa\u00f1erismo y mucha ilusi\u00f3n.Woody, Buzz Lightyear, ...<br \/><div class=\"pt-cv-rmwrap\"><a href=\"https:\/\/blogsaverroes.juntadeandalucia.es\/ceipsansebastiandemijas\/hasta-el-infinito-y-mas-alla\/\" class=\"_blank pt-cv-readmore btn btn-success\" target=\"_blank\">Leer M\u00e1s<\/a><\/div><\/div><div class=\"pt-cv-meta-fields\"><span class=\"entry-date\"> <time datetime=\"2026-02-18T10:18:49+00:00\">18 de febrero de 2026<\/time><\/span><span> \/ <\/span><span class=\"terms\"> <a href='https:\/\/blogsaverroes.juntadeandalucia.es\/ceipsansebastiandemijas\/category\/1o-a\/' title='1\u00ba A' class='pt-cv-tax-1o-a'>1\u00ba A<\/a>, <a href='https:\/\/blogsaverroes.juntadeandalucia.es\/ceipsansebastiandemijas\/category\/1o-b\/' title='1\u00ba B' class='pt-cv-tax-1o-b'>1\u00ba B<\/a>, <a href='https:\/\/blogsaverroes.juntadeandalucia.es\/ceipsansebastiandemijas\/category\/2o-a\/' title='2\u00ba A' class='pt-cv-tax-2o-a'>2\u00ba A<\/a>, <a href='https:\/\/blogsaverroes.juntadeandalucia.es\/ceipsansebastiandemijas\/category\/2o-b\/' title='2\u00ba B' class='pt-cv-tax-2o-b'>2\u00ba B<\/a>, <a href='https:\/\/blogsaverroes.juntadeandalucia.es\/ceipsansebastiandemijas\/category\/3-anos-a\/' title='3 a\u00f1os A' class='pt-cv-tax-3-anos-a'>3 a\u00f1os A<\/a>, <a href='https:\/\/blogsaverroes.juntadeandalucia.es\/ceipsansebastiandemijas\/category\/3-anos-b\/' title='3 a\u00f1os B' class='pt-cv-tax-3-anos-b'>3 a\u00f1os B<\/a>, <a href='https:\/\/blogsaverroes.juntadeandalucia.es\/ceipsansebastiandemijas\/category\/3o-a\/' title='3\u00ba A' class='pt-cv-tax-3o-a'>3\u00ba A<\/a>, <a href='https:\/\/blogsaverroes.juntadeandalucia.es\/ceipsansebastiandemijas\/category\/3o-b\/' title='3\u00ba B' class='pt-cv-tax-3o-b'>3\u00ba B<\/a>, <a href='https:\/\/blogsaverroes.juntadeandalucia.es\/ceipsansebastiandemijas\/category\/4-anos-a\/' title='4 a\u00f1os A' class='pt-cv-tax-4-anos-a'>4 a\u00f1os A<\/a>, <a href='https:\/\/blogsaverroes.juntadeandalucia.es\/ceipsansebastiandemijas\/category\/4-anos-b\/' title='4 a\u00f1os B' class='pt-cv-tax-4-anos-b'>4 a\u00f1os B<\/a>, <a href='https:\/\/blogsaverroes.juntadeandalucia.es\/ceipsansebastiandemijas\/category\/4o-a\/' title='4\u00ba A' class='pt-cv-tax-4o-a'>4\u00ba A<\/a>, <a href='https:\/\/blogsaverroes.juntadeandalucia.es\/ceipsansebastiandemijas\/category\/4o-b\/' title='4\u00ba B' class='pt-cv-tax-4o-b'>4\u00ba B<\/a>, <a href='https:\/\/blogsaverroes.juntadeandalucia.es\/ceipsansebastiandemijas\/category\/5-anos-a\/' title='5 a\u00f1os A' class='pt-cv-tax-5-anos-a'>5 a\u00f1os A<\/a>, <a href='https:\/\/blogsaverroes.juntadeandalucia.es\/ceipsansebastiandemijas\/category\/5-anos-b\/' title='5 a\u00f1os B' class='pt-cv-tax-5-anos-b'>5 a\u00f1os B<\/a>, <a href='https:\/\/blogsaverroes.juntadeandalucia.es\/ceipsansebastiandemijas\/category\/5o-a\/' title='5\u00ba A' class='pt-cv-tax-5o-a'>5\u00ba A<\/a>, <a href='https:\/\/blogsaverroes.juntadeandalucia.es\/ceipsansebastiandemijas\/category\/5o-b\/' title='5\u00ba B' class='pt-cv-tax-5o-b'>5\u00ba B<\/a>, <a href='https:\/\/blogsaverroes.juntadeandalucia.es\/ceipsansebastiandemijas\/category\/6o-a\/' title='6\u00ba A' class='pt-cv-tax-6o-a'>6\u00ba A<\/a>, <a href='https:\/\/blogsaverroes.juntadeandalucia.es\/ceipsansebastiandemijas\/category\/6o-b\/' title='6\u00ba B' class='pt-cv-tax-6o-b'>6\u00ba B<\/a>, <a href='https:\/\/blogsaverroes.juntadeandalucia.es\/ceipsansebastiandemijas\/category\/6o-c\/' title='6\u00ba C' class='pt-cv-tax-6o-c'>6\u00ba C<\/a>, <a href='https:\/\/blogsaverroes.juntadeandalucia.es\/ceipsansebastiandemijas\/category\/act-complementarias\/' title='Act. Complementarias' class='pt-cv-tax-act-complementarias'>Act. Complementarias<\/a>, <a href='https:\/\/blogsaverroes.juntadeandalucia.es\/ceipsansebastiandemijas\/category\/dias-d\/' title='Celebraciones y Efem\u00e9rides' class='pt-cv-tax-dias-d'>Celebraciones y Efem\u00e9rides<\/a>, <a href='https:\/\/blogsaverroes.juntadeandalucia.es\/ceipsansebastiandemijas\/category\/musica\/' title='M\u00fasica' class='pt-cv-tax-musica'>M\u00fasica<\/a>, <a href='https:\/\/blogsaverroes.juntadeandalucia.es\/ceipsansebastiandemijas\/category\/portada\/' title='Portada' class='pt-cv-tax-portada'>Portada<\/a>, <a href='https:\/\/blogsaverroes.juntadeandalucia.es\/ceipsansebastiandemijas\/category\/teatro\/' title='Teatro' class='pt-cv-tax-teatro'>Teatro<\/a>, <a href='https:\/\/blogsaverroes.juntadeandalucia.es\/ceipsansebastiandemijas\/category\/videos\/' title='V\u00eddeos' class='pt-cv-tax-videos'>V\u00eddeos<\/a><\/span><\/div><\/div><\/div><\/div>\n<div class=\"col-md-12 col-sm-12 col-xs-12 pt-cv-content-item pt-cv-2-col\" ><div class='pt-cv-ifield'><a href=\"https:\/\/blogsaverroes.juntadeandalucia.es\/ceipsansebastiandemijas\/carnaval-carnaval\/\" class=\"_blank pt-cv-href-thumbnail pt-cv-thumb-left\" target=\"_blank\" ><img decoding=\"async\" width=\"150\" height=\"150\" src=\"https:\/\/blogsaverroes.juntadeandalucia.es\/ceipsansebastiandemijas\/files\/2026\/02\/WhatsApp-Image-2026-02-17-at-20.15.33-150x150.jpeg\" class=\"pt-cv-thumbnail pull-left\" alt=\"\" \/><\/a>\n<div class=\"pt-cv-colwrap\"><h1 class=\"pt-cv-title\"><a href=\"https:\/\/blogsaverroes.juntadeandalucia.es\/ceipsansebastiandemijas\/carnaval-carnaval\/\" class=\"_blank\" target=\"_blank\" >Carnaval, carnaval&#8230;!<\/a><\/h1><div class=\"pt-cv-content\">Carnaval, carnaval...! El pasado viernes d\u00eda 13, celebramos en nuestro cole un a\u00f1o m\u00e1s el tradicional carnaval.El\u00a0 tiempo nos fue favorable y permiti\u00f3 la realizaci\u00f3n del pasacalles en el patio del recreo, seguido de un buen rato de baile y alegr\u00eda.Los disfraces fueron de lo m\u00e1s varipiontos, de las princesas ...<br \/><div class=\"pt-cv-rmwrap\"><a href=\"https:\/\/blogsaverroes.juntadeandalucia.es\/ceipsansebastiandemijas\/carnaval-carnaval\/\" class=\"_blank pt-cv-readmore btn btn-success\" target=\"_blank\">Leer M\u00e1s<\/a><\/div><\/div><div class=\"pt-cv-meta-fields\"><span class=\"entry-date\"> <time datetime=\"2026-02-13T08:13:12+00:00\">13 de febrero de 2026<\/time><\/span><span> \/ <\/span><span class=\"terms\"> <a href='https:\/\/blogsaverroes.juntadeandalucia.es\/ceipsansebastiandemijas\/category\/1o-a\/' title='1\u00ba A' class='pt-cv-tax-1o-a'>1\u00ba A<\/a>, <a href='https:\/\/blogsaverroes.juntadeandalucia.es\/ceipsansebastiandemijas\/category\/1o-b\/' title='1\u00ba B' class='pt-cv-tax-1o-b'>1\u00ba B<\/a>, <a href='https:\/\/blogsaverroes.juntadeandalucia.es\/ceipsansebastiandemijas\/category\/2o-a\/' title='2\u00ba A' class='pt-cv-tax-2o-a'>2\u00ba A<\/a>, <a href='https:\/\/blogsaverroes.juntadeandalucia.es\/ceipsansebastiandemijas\/category\/2o-b\/' title='2\u00ba B' class='pt-cv-tax-2o-b'>2\u00ba B<\/a>, <a href='https:\/\/blogsaverroes.juntadeandalucia.es\/ceipsansebastiandemijas\/category\/3-anos-a\/' title='3 a\u00f1os A' class='pt-cv-tax-3-anos-a'>3 a\u00f1os A<\/a>, <a href='https:\/\/blogsaverroes.juntadeandalucia.es\/ceipsansebastiandemijas\/category\/3-anos-b\/' title='3 a\u00f1os B' class='pt-cv-tax-3-anos-b'>3 a\u00f1os B<\/a>, <a href='https:\/\/blogsaverroes.juntadeandalucia.es\/ceipsansebastiandemijas\/category\/3o-a\/' title='3\u00ba A' class='pt-cv-tax-3o-a'>3\u00ba A<\/a>, <a href='https:\/\/blogsaverroes.juntadeandalucia.es\/ceipsansebastiandemijas\/category\/3o-b\/' title='3\u00ba B' class='pt-cv-tax-3o-b'>3\u00ba B<\/a>, <a href='https:\/\/blogsaverroes.juntadeandalucia.es\/ceipsansebastiandemijas\/category\/4-anos-a\/' title='4 a\u00f1os A' class='pt-cv-tax-4-anos-a'>4 a\u00f1os A<\/a>, <a href='https:\/\/blogsaverroes.juntadeandalucia.es\/ceipsansebastiandemijas\/category\/4-anos-b\/' title='4 a\u00f1os B' class='pt-cv-tax-4-anos-b'>4 a\u00f1os B<\/a>, <a href='https:\/\/blogsaverroes.juntadeandalucia.es\/ceipsansebastiandemijas\/category\/4o-a\/' title='4\u00ba A' class='pt-cv-tax-4o-a'>4\u00ba A<\/a>, <a href='https:\/\/blogsaverroes.juntadeandalucia.es\/ceipsansebastiandemijas\/category\/4o-b\/' title='4\u00ba B' class='pt-cv-tax-4o-b'>4\u00ba B<\/a>, <a href='https:\/\/blogsaverroes.juntadeandalucia.es\/ceipsansebastiandemijas\/category\/5-anos-a\/' title='5 a\u00f1os A' class='pt-cv-tax-5-anos-a'>5 a\u00f1os A<\/a>, <a href='https:\/\/blogsaverroes.juntadeandalucia.es\/ceipsansebastiandemijas\/category\/5-anos-b\/' title='5 a\u00f1os B' class='pt-cv-tax-5-anos-b'>5 a\u00f1os B<\/a>, <a href='https:\/\/blogsaverroes.juntadeandalucia.es\/ceipsansebastiandemijas\/category\/5o-a\/' title='5\u00ba A' class='pt-cv-tax-5o-a'>5\u00ba A<\/a>, <a href='https:\/\/blogsaverroes.juntadeandalucia.es\/ceipsansebastiandemijas\/category\/5o-b\/' title='5\u00ba B' class='pt-cv-tax-5o-b'>5\u00ba B<\/a>, <a href='https:\/\/blogsaverroes.juntadeandalucia.es\/ceipsansebastiandemijas\/category\/6o-a\/' title='6\u00ba A' class='pt-cv-tax-6o-a'>6\u00ba A<\/a>, <a href='https:\/\/blogsaverroes.juntadeandalucia.es\/ceipsansebastiandemijas\/category\/6o-b\/' title='6\u00ba B' class='pt-cv-tax-6o-b'>6\u00ba B<\/a>, <a href='https:\/\/blogsaverroes.juntadeandalucia.es\/ceipsansebastiandemijas\/category\/6o-c\/' title='6\u00ba C' class='pt-cv-tax-6o-c'>6\u00ba C<\/a>, <a href='https:\/\/blogsaverroes.juntadeandalucia.es\/ceipsansebastiandemijas\/category\/act-complementarias\/' title='Act. Complementarias' class='pt-cv-tax-act-complementarias'>Act. Complementarias<\/a>, <a href='https:\/\/blogsaverroes.juntadeandalucia.es\/ceipsansebastiandemijas\/category\/dias-d\/' title='Celebraciones y Efem\u00e9rides' class='pt-cv-tax-dias-d'>Celebraciones y Efem\u00e9rides<\/a>, <a href='https:\/\/blogsaverroes.juntadeandalucia.es\/ceipsansebastiandemijas\/category\/portada\/' title='Portada' class='pt-cv-tax-portada'>Portada<\/a>, <a href='https:\/\/blogsaverroes.juntadeandalucia.es\/ceipsansebastiandemijas\/category\/videos\/' title='V\u00eddeos' class='pt-cv-tax-videos'>V\u00eddeos<\/a><\/span><\/div><\/div><\/div><\/div>\n<div class=\"col-md-12 col-sm-12 col-xs-12 pt-cv-content-item pt-cv-2-col\" ><div class='pt-cv-ifield'><a href=\"https:\/\/blogsaverroes.juntadeandalucia.es\/ceipsansebastiandemijas\/desayunamos-frutas-y-hortalizas\/\" class=\"_blank pt-cv-href-thumbnail pt-cv-thumb-left\" target=\"_blank\" ><img loading=\"lazy\" decoding=\"async\" width=\"150\" height=\"150\" src=\"https:\/\/blogsaverroes.juntadeandalucia.es\/ceipsansebastiandemijas\/files\/2026\/02\/Fruta-y-hortaliza-20260212-6-150x150.jpeg\" class=\"pt-cv-thumbnail pull-left\" alt=\"\" \/><\/a>\n<div class=\"pt-cv-colwrap\"><h1 class=\"pt-cv-title\"><a href=\"https:\/\/blogsaverroes.juntadeandalucia.es\/ceipsansebastiandemijas\/desayunamos-frutas-y-hortalizas\/\" class=\"_blank\" target=\"_blank\" >Desayunamos Frutas y Hortalizas<\/a><\/h1><div class=\"pt-cv-content\">Desayunamos Frutas y Hortalizas La Consejer\u00eda de Agricultura, Pesca, Agua y Desarrollo Rural, y la Consejer\u00eda de Desarrollo Educativo y Formacion Profesional, han puesto en marcha un plan integral de distribuci\u00f3n de fruta en los centros docentes sostenidos con fondos p\u00fablicos de Andaluc\u00eda: \"Plan Escolar de Consumo de Frutas y ...<br \/><div class=\"pt-cv-rmwrap\"><a href=\"https:\/\/blogsaverroes.juntadeandalucia.es\/ceipsansebastiandemijas\/desayunamos-frutas-y-hortalizas\/\" class=\"_blank pt-cv-readmore btn btn-success\" target=\"_blank\">Leer M\u00e1s<\/a><\/div><\/div><div class=\"pt-cv-meta-fields\"><span class=\"entry-date\"> <time datetime=\"2026-02-12T08:10:08+00:00\">12 de febrero de 2026<\/time><\/span><span> \/ <\/span><span class=\"terms\"> <a href='https:\/\/blogsaverroes.juntadeandalucia.es\/ceipsansebastiandemijas\/category\/1o-a\/' title='1\u00ba A' class='pt-cv-tax-1o-a'>1\u00ba A<\/a>, <a href='https:\/\/blogsaverroes.juntadeandalucia.es\/ceipsansebastiandemijas\/category\/1o-b\/' title='1\u00ba B' class='pt-cv-tax-1o-b'>1\u00ba B<\/a>, <a href='https:\/\/blogsaverroes.juntadeandalucia.es\/ceipsansebastiandemijas\/category\/2o-a\/' title='2\u00ba A' class='pt-cv-tax-2o-a'>2\u00ba A<\/a>, <a href='https:\/\/blogsaverroes.juntadeandalucia.es\/ceipsansebastiandemijas\/category\/2o-b\/' title='2\u00ba B' class='pt-cv-tax-2o-b'>2\u00ba B<\/a>, <a href='https:\/\/blogsaverroes.juntadeandalucia.es\/ceipsansebastiandemijas\/category\/3o-a\/' title='3\u00ba A' class='pt-cv-tax-3o-a'>3\u00ba A<\/a>, <a href='https:\/\/blogsaverroes.juntadeandalucia.es\/ceipsansebastiandemijas\/category\/3o-b\/' title='3\u00ba B' class='pt-cv-tax-3o-b'>3\u00ba B<\/a>, <a href='https:\/\/blogsaverroes.juntadeandalucia.es\/ceipsansebastiandemijas\/category\/4o-a\/' title='4\u00ba A' class='pt-cv-tax-4o-a'>4\u00ba A<\/a>, <a href='https:\/\/blogsaverroes.juntadeandalucia.es\/ceipsansebastiandemijas\/category\/4o-b\/' title='4\u00ba B' class='pt-cv-tax-4o-b'>4\u00ba B<\/a>, <a href='https:\/\/blogsaverroes.juntadeandalucia.es\/ceipsansebastiandemijas\/category\/5o-a\/' title='5\u00ba A' class='pt-cv-tax-5o-a'>5\u00ba A<\/a>, <a href='https:\/\/blogsaverroes.juntadeandalucia.es\/ceipsansebastiandemijas\/category\/5o-b\/' title='5\u00ba B' class='pt-cv-tax-5o-b'>5\u00ba B<\/a>, <a href='https:\/\/blogsaverroes.juntadeandalucia.es\/ceipsansebastiandemijas\/category\/6o-a\/' title='6\u00ba A' class='pt-cv-tax-6o-a'>6\u00ba A<\/a>, <a href='https:\/\/blogsaverroes.juntadeandalucia.es\/ceipsansebastiandemijas\/category\/6o-b\/' title='6\u00ba B' class='pt-cv-tax-6o-b'>6\u00ba B<\/a>, <a href='https:\/\/blogsaverroes.juntadeandalucia.es\/ceipsansebastiandemijas\/category\/6o-c\/' title='6\u00ba C' class='pt-cv-tax-6o-c'>6\u00ba C<\/a>, <a href='https:\/\/blogsaverroes.juntadeandalucia.es\/ceipsansebastiandemijas\/category\/act-complementarias\/' title='Act. Complementarias' class='pt-cv-tax-act-complementarias'>Act. Complementarias<\/a>, <a href='https:\/\/blogsaverroes.juntadeandalucia.es\/ceipsansebastiandemijas\/category\/programa-creciendo-en-salud\/' title='Creciendo en Salud' class='pt-cv-tax-programa-creciendo-en-salud'>Creciendo en Salud<\/a>, <a href='https:\/\/blogsaverroes.juntadeandalucia.es\/ceipsansebastiandemijas\/category\/portada\/' title='Portada' class='pt-cv-tax-portada'>Portada<\/a><\/span><\/div><\/div><\/div><\/div>\n<div class=\"col-md-12 col-sm-12 col-xs-12 pt-cv-content-item pt-cv-2-col\" ><div class='pt-cv-ifield'><a href=\"https:\/\/blogsaverroes.juntadeandalucia.es\/ceipsansebastiandemijas\/3o-visita-la-alcazaba-de-malaga\/\" class=\"_blank pt-cv-href-thumbnail pt-cv-thumb-left\" target=\"_blank\" ><img loading=\"lazy\" decoding=\"async\" width=\"150\" height=\"150\" src=\"https:\/\/blogsaverroes.juntadeandalucia.es\/ceipsansebastiandemijas\/files\/2026\/02\/Alcazaba-3o-20260212-2-150x150.jpeg\" class=\"pt-cv-thumbnail pull-left\" alt=\"\" \/><\/a>\n<div class=\"pt-cv-colwrap\"><h1 class=\"pt-cv-title\"><a href=\"https:\/\/blogsaverroes.juntadeandalucia.es\/ceipsansebastiandemijas\/3o-visita-la-alcazaba-de-malaga\/\" class=\"_blank\" target=\"_blank\" >3\u00ba visita la Alcazaba de M\u00e1laga<\/a><\/h1><div class=\"pt-cv-content\">3\u00ba visita la Alcazaba de M\u00e1laga El alumnado de 3\u00ba realiz\u00f3 una visita a la Alcazaba de M\u00e1laga, una de las joyas hist\u00f3ricas m\u00e1s emblem\u00e1ticas de nuestra ciudad. Durante la salida, adem\u00e1s de recorrer sus patios, murallas y rincones m\u00e1s representativos, pudieron conocer mejor su historia y el papel que ...<br \/><div class=\"pt-cv-rmwrap\"><a href=\"https:\/\/blogsaverroes.juntadeandalucia.es\/ceipsansebastiandemijas\/3o-visita-la-alcazaba-de-malaga\/\" class=\"_blank pt-cv-readmore btn btn-success\" target=\"_blank\">Leer M\u00e1s<\/a><\/div><\/div><div class=\"pt-cv-meta-fields\"><span class=\"entry-date\"> <time datetime=\"2026-02-11T08:04:20+00:00\">11 de febrero de 2026<\/time><\/span><span> \/ <\/span><span class=\"terms\"> <a href='https:\/\/blogsaverroes.juntadeandalucia.es\/ceipsansebastiandemijas\/category\/3o-a\/' title='3\u00ba A' class='pt-cv-tax-3o-a'>3\u00ba A<\/a>, <a href='https:\/\/blogsaverroes.juntadeandalucia.es\/ceipsansebastiandemijas\/category\/3o-b\/' title='3\u00ba B' class='pt-cv-tax-3o-b'>3\u00ba B<\/a>, <a href='https:\/\/blogsaverroes.juntadeandalucia.es\/ceipsansebastiandemijas\/category\/act-extraescolares\/' title='Act. Extraescolares' class='pt-cv-tax-act-extraescolares'>Act. Extraescolares<\/a>, <a href='https:\/\/blogsaverroes.juntadeandalucia.es\/ceipsansebastiandemijas\/category\/portada\/' title='Portada' class='pt-cv-tax-portada'>Portada<\/a><\/span><\/div><\/div><\/div><\/div>\n<div class=\"col-md-12 col-sm-12 col-xs-12 pt-cv-content-item pt-cv-2-col\" ><div class='pt-cv-ifield'><a href=\"https:\/\/blogsaverroes.juntadeandalucia.es\/ceipsansebastiandemijas\/iii-dia-del-crepe\/\" class=\"_blank pt-cv-href-thumbnail pt-cv-thumb-left\" target=\"_blank\" ><img loading=\"lazy\" decoding=\"async\" width=\"150\" height=\"150\" src=\"https:\/\/blogsaverroes.juntadeandalucia.es\/ceipsansebastiandemijas\/files\/2026\/02\/Crepes-2026-22-150x150.jpeg\" class=\"pt-cv-thumbnail pull-left\" alt=\"\" \/><\/a>\n<div class=\"pt-cv-colwrap\"><h1 class=\"pt-cv-title\"><a href=\"https:\/\/blogsaverroes.juntadeandalucia.es\/ceipsansebastiandemijas\/iii-dia-del-crepe\/\" class=\"_blank\" target=\"_blank\" >III D\u00eda del Crepe<\/a><\/h1><div class=\"pt-cv-content\">III D\u00eda del Crepe Y un a\u00f1o m\u00e1s, la tradici\u00f3n de los cr\u00eapes ha sido un \u00e9xito.Esta cotumbre est\u00e1 ligada a la Chandeleur\u00a0(Candelaria) el 2 de febrero en Francia, celebrando la luz y el fin del invierno.Se preparan cr\u00eapes redondos, simbolizando el sol, con la superstici\u00f3n de darles la vuelta ...<br \/><div class=\"pt-cv-rmwrap\"><a href=\"https:\/\/blogsaverroes.juntadeandalucia.es\/ceipsansebastiandemijas\/iii-dia-del-crepe\/\" class=\"_blank pt-cv-readmore btn btn-success\" target=\"_blank\">Leer M\u00e1s<\/a><\/div><\/div><div class=\"pt-cv-meta-fields\"><span class=\"entry-date\"> <time datetime=\"2026-02-01T13:03:16+00:00\">1 de febrero de 2026<\/time><\/span><span> \/ <\/span><span class=\"terms\"> <a href='https:\/\/blogsaverroes.juntadeandalucia.es\/ceipsansebastiandemijas\/category\/1o-a\/' title='1\u00ba A' class='pt-cv-tax-1o-a'>1\u00ba A<\/a>, <a href='https:\/\/blogsaverroes.juntadeandalucia.es\/ceipsansebastiandemijas\/category\/2o-a\/' title='2\u00ba A' class='pt-cv-tax-2o-a'>2\u00ba A<\/a>, <a href='https:\/\/blogsaverroes.juntadeandalucia.es\/ceipsansebastiandemijas\/category\/2o-b\/' title='2\u00ba B' class='pt-cv-tax-2o-b'>2\u00ba B<\/a>, <a href='https:\/\/blogsaverroes.juntadeandalucia.es\/ceipsansebastiandemijas\/category\/3-anos-a\/' title='3 a\u00f1os A' class='pt-cv-tax-3-anos-a'>3 a\u00f1os A<\/a>, <a href='https:\/\/blogsaverroes.juntadeandalucia.es\/ceipsansebastiandemijas\/category\/3-anos-b\/' title='3 a\u00f1os B' class='pt-cv-tax-3-anos-b'>3 a\u00f1os B<\/a>, <a href='https:\/\/blogsaverroes.juntadeandalucia.es\/ceipsansebastiandemijas\/category\/3o-a\/' title='3\u00ba A' class='pt-cv-tax-3o-a'>3\u00ba A<\/a>, <a href='https:\/\/blogsaverroes.juntadeandalucia.es\/ceipsansebastiandemijas\/category\/3o-b\/' title='3\u00ba B' class='pt-cv-tax-3o-b'>3\u00ba B<\/a>, <a href='https:\/\/blogsaverroes.juntadeandalucia.es\/ceipsansebastiandemijas\/category\/4-anos-a\/' title='4 a\u00f1os A' class='pt-cv-tax-4-anos-a'>4 a\u00f1os A<\/a>, <a href='https:\/\/blogsaverroes.juntadeandalucia.es\/ceipsansebastiandemijas\/category\/4-anos-b\/' title='4 a\u00f1os B' class='pt-cv-tax-4-anos-b'>4 a\u00f1os B<\/a>, <a href='https:\/\/blogsaverroes.juntadeandalucia.es\/ceipsansebastiandemijas\/category\/4o-a\/' title='4\u00ba A' class='pt-cv-tax-4o-a'>4\u00ba A<\/a>, <a href='https:\/\/blogsaverroes.juntadeandalucia.es\/ceipsansebastiandemijas\/category\/4o-b\/' title='4\u00ba B' class='pt-cv-tax-4o-b'>4\u00ba B<\/a>, <a href='https:\/\/blogsaverroes.juntadeandalucia.es\/ceipsansebastiandemijas\/category\/5-anos-a\/' title='5 a\u00f1os A' class='pt-cv-tax-5-anos-a'>5 a\u00f1os A<\/a>, <a href='https:\/\/blogsaverroes.juntadeandalucia.es\/ceipsansebastiandemijas\/category\/5-anos-b\/' title='5 a\u00f1os B' class='pt-cv-tax-5-anos-b'>5 a\u00f1os B<\/a>, <a href='https:\/\/blogsaverroes.juntadeandalucia.es\/ceipsansebastiandemijas\/category\/5o-a\/' title='5\u00ba A' class='pt-cv-tax-5o-a'>5\u00ba A<\/a>, <a href='https:\/\/blogsaverroes.juntadeandalucia.es\/ceipsansebastiandemijas\/category\/5o-b\/' title='5\u00ba B' class='pt-cv-tax-5o-b'>5\u00ba B<\/a>, <a href='https:\/\/blogsaverroes.juntadeandalucia.es\/ceipsansebastiandemijas\/category\/6o-a\/' title='6\u00ba A' class='pt-cv-tax-6o-a'>6\u00ba A<\/a>, <a href='https:\/\/blogsaverroes.juntadeandalucia.es\/ceipsansebastiandemijas\/category\/6o-b\/' title='6\u00ba B' class='pt-cv-tax-6o-b'>6\u00ba B<\/a>, <a href='https:\/\/blogsaverroes.juntadeandalucia.es\/ceipsansebastiandemijas\/category\/act-complementarias\/' title='Act. Complementarias' class='pt-cv-tax-act-complementarias'>Act. Complementarias<\/a>, <a href='https:\/\/blogsaverroes.juntadeandalucia.es\/ceipsansebastiandemijas\/category\/dias-d\/' title='Celebraciones y Efem\u00e9rides' class='pt-cv-tax-dias-d'>Celebraciones y Efem\u00e9rides<\/a>, <a href='https:\/\/blogsaverroes.juntadeandalucia.es\/ceipsansebastiandemijas\/category\/frances\/' title='Franc\u00e9s' class='pt-cv-tax-frances'>Franc\u00e9s<\/a>, <a href='https:\/\/blogsaverroes.juntadeandalucia.es\/ceipsansebastiandemijas\/category\/portada\/' title='Portada' class='pt-cv-tax-portada'>Portada<\/a><\/span><\/div><\/div><\/div><\/div>\n<div class=\"col-md-12 col-sm-12 col-xs-12 pt-cv-content-item pt-cv-2-col\" ><div class='pt-cv-ifield'><a href=\"https:\/\/blogsaverroes.juntadeandalucia.es\/ceipsansebastiandemijas\/30-de-enero-dia-de-la-paz-2\/\" class=\"_blank pt-cv-href-thumbnail pt-cv-thumb-left\" target=\"_blank\" ><img loading=\"lazy\" decoding=\"async\" width=\"150\" height=\"150\" src=\"https:\/\/blogsaverroes.juntadeandalucia.es\/ceipsansebastiandemijas\/files\/2026\/01\/WhatsApp-Image-2026-01-30-at-22.53.15-1-150x150.jpeg\" class=\"pt-cv-thumbnail pull-left\" alt=\"\" \/><\/a>\n<div class=\"pt-cv-colwrap\"><h1 class=\"pt-cv-title\"><a href=\"https:\/\/blogsaverroes.juntadeandalucia.es\/ceipsansebastiandemijas\/30-de-enero-dia-de-la-paz-2\/\" class=\"_blank\" target=\"_blank\" >30 de enero: D\u00eda de la PAZ<\/a><\/h1><div class=\"pt-cv-content\">30 de enero: D\u00eda de la PAZ Como todos los a\u00f1os, hemos celebrado el d\u00eda de la Paz en nuestro cole con una serie de actividades y eventos.La principal actividad ha tenido lugar en el patio del recreo.La se\u00f1o Carmen, coordinadora de Escuelas Espacio de Paz, ha preparado un mapamundi ...<br \/><div class=\"pt-cv-rmwrap\"><a href=\"https:\/\/blogsaverroes.juntadeandalucia.es\/ceipsansebastiandemijas\/30-de-enero-dia-de-la-paz-2\/\" class=\"_blank pt-cv-readmore btn btn-success\" target=\"_blank\">Leer M\u00e1s<\/a><\/div><\/div><div class=\"pt-cv-meta-fields\"><span class=\"entry-date\"> <time datetime=\"2026-01-30T12:50:31+00:00\">30 de enero de 2026<\/time><\/span><span> \/ <\/span><span class=\"terms\"> <a href='https:\/\/blogsaverroes.juntadeandalucia.es\/ceipsansebastiandemijas\/category\/1o-a\/' title='1\u00ba A' class='pt-cv-tax-1o-a'>1\u00ba A<\/a>, <a href='https:\/\/blogsaverroes.juntadeandalucia.es\/ceipsansebastiandemijas\/category\/2o-a\/' title='2\u00ba A' class='pt-cv-tax-2o-a'>2\u00ba A<\/a>, <a href='https:\/\/blogsaverroes.juntadeandalucia.es\/ceipsansebastiandemijas\/category\/2o-b\/' title='2\u00ba B' class='pt-cv-tax-2o-b'>2\u00ba B<\/a>, <a href='https:\/\/blogsaverroes.juntadeandalucia.es\/ceipsansebastiandemijas\/category\/2o-c\/' title='2\u00ba C' class='pt-cv-tax-2o-c'>2\u00ba C<\/a>, <a href='https:\/\/blogsaverroes.juntadeandalucia.es\/ceipsansebastiandemijas\/category\/3-anos-a\/' title='3 a\u00f1os A' class='pt-cv-tax-3-anos-a'>3 a\u00f1os A<\/a>, <a href='https:\/\/blogsaverroes.juntadeandalucia.es\/ceipsansebastiandemijas\/category\/3-anos-b\/' title='3 a\u00f1os B' class='pt-cv-tax-3-anos-b'>3 a\u00f1os B<\/a>, <a href='https:\/\/blogsaverroes.juntadeandalucia.es\/ceipsansebastiandemijas\/category\/3o-a\/' title='3\u00ba A' class='pt-cv-tax-3o-a'>3\u00ba A<\/a>, <a href='https:\/\/blogsaverroes.juntadeandalucia.es\/ceipsansebastiandemijas\/category\/3o-b\/' title='3\u00ba B' class='pt-cv-tax-3o-b'>3\u00ba B<\/a>, <a href='https:\/\/blogsaverroes.juntadeandalucia.es\/ceipsansebastiandemijas\/category\/3o-c\/' title='3\u00ba C' class='pt-cv-tax-3o-c'>3\u00ba C<\/a>, <a href='https:\/\/blogsaverroes.juntadeandalucia.es\/ceipsansebastiandemijas\/category\/4-anos-a\/' title='4 a\u00f1os A' class='pt-cv-tax-4-anos-a'>4 a\u00f1os A<\/a>, <a href='https:\/\/blogsaverroes.juntadeandalucia.es\/ceipsansebastiandemijas\/category\/4-anos-b\/' title='4 a\u00f1os B' class='pt-cv-tax-4-anos-b'>4 a\u00f1os B<\/a>, <a href='https:\/\/blogsaverroes.juntadeandalucia.es\/ceipsansebastiandemijas\/category\/4o-a\/' title='4\u00ba A' class='pt-cv-tax-4o-a'>4\u00ba A<\/a>, <a href='https:\/\/blogsaverroes.juntadeandalucia.es\/ceipsansebastiandemijas\/category\/4o-b\/' title='4\u00ba B' class='pt-cv-tax-4o-b'>4\u00ba B<\/a>, <a href='https:\/\/blogsaverroes.juntadeandalucia.es\/ceipsansebastiandemijas\/category\/5-anos-a\/' title='5 a\u00f1os A' class='pt-cv-tax-5-anos-a'>5 a\u00f1os A<\/a>, <a href='https:\/\/blogsaverroes.juntadeandalucia.es\/ceipsansebastiandemijas\/category\/5-anos-b\/' title='5 a\u00f1os B' class='pt-cv-tax-5-anos-b'>5 a\u00f1os B<\/a>, <a href='https:\/\/blogsaverroes.juntadeandalucia.es\/ceipsansebastiandemijas\/category\/5o-a\/' title='5\u00ba A' class='pt-cv-tax-5o-a'>5\u00ba A<\/a>, <a href='https:\/\/blogsaverroes.juntadeandalucia.es\/ceipsansebastiandemijas\/category\/5o-b\/' title='5\u00ba B' class='pt-cv-tax-5o-b'>5\u00ba B<\/a>, <a href='https:\/\/blogsaverroes.juntadeandalucia.es\/ceipsansebastiandemijas\/category\/6o-a\/' title='6\u00ba A' class='pt-cv-tax-6o-a'>6\u00ba A<\/a>, <a href='https:\/\/blogsaverroes.juntadeandalucia.es\/ceipsansebastiandemijas\/category\/6o-b\/' title='6\u00ba B' class='pt-cv-tax-6o-b'>6\u00ba B<\/a>, <a href='https:\/\/blogsaverroes.juntadeandalucia.es\/ceipsansebastiandemijas\/category\/act-complementarias\/' title='Act. Complementarias' class='pt-cv-tax-act-complementarias'>Act. Complementarias<\/a>, <a href='https:\/\/blogsaverroes.juntadeandalucia.es\/ceipsansebastiandemijas\/category\/dias-d\/' title='Celebraciones y Efem\u00e9rides' class='pt-cv-tax-dias-d'>Celebraciones y Efem\u00e9rides<\/a>, <a href='https:\/\/blogsaverroes.juntadeandalucia.es\/ceipsansebastiandemijas\/category\/escuela-espacio-de-paz\/' title='Escuela Espacio de Paz' class='pt-cv-tax-escuela-espacio-de-paz'>Escuela Espacio de Paz<\/a>, <a href='https:\/\/blogsaverroes.juntadeandalucia.es\/ceipsansebastiandemijas\/category\/portada\/' title='Portada' class='pt-cv-tax-portada'>Portada<\/a><\/span><\/div><\/div><\/div><\/div>\n<div class=\"col-md-12 col-sm-12 col-xs-12 pt-cv-content-item pt-cv-2-col\" ><div class='pt-cv-ifield'><a href=\"https:\/\/blogsaverroes.juntadeandalucia.es\/ceipsansebastiandemijas\/el-bosque-que-perdio-sus-colores\/\" class=\"_blank pt-cv-href-thumbnail pt-cv-thumb-left\" target=\"_blank\" ><img loading=\"lazy\" decoding=\"async\" width=\"150\" height=\"150\" src=\"https:\/\/blogsaverroes.juntadeandalucia.es\/ceipsansebastiandemijas\/files\/2026\/01\/Captura-de-pantalla-2026-01-28-193059-150x150.png\" class=\"pt-cv-thumbnail pull-left\" alt=\"\" \/><\/a>\n<div class=\"pt-cv-colwrap\"><h1 class=\"pt-cv-title\"><a href=\"https:\/\/blogsaverroes.juntadeandalucia.es\/ceipsansebastiandemijas\/el-bosque-que-perdio-sus-colores\/\" class=\"_blank\" target=\"_blank\" >El bosque que perdi\u00f3 sus colores<\/a><\/h1><div class=\"pt-cv-content\">El bosque que perdi\u00f3 sus colores ...<br \/><div class=\"pt-cv-rmwrap\"><a href=\"https:\/\/blogsaverroes.juntadeandalucia.es\/ceipsansebastiandemijas\/el-bosque-que-perdio-sus-colores\/\" class=\"_blank pt-cv-readmore btn btn-success\" target=\"_blank\">Leer M\u00e1s<\/a><\/div><\/div><div class=\"pt-cv-meta-fields\"><span class=\"entry-date\"> <time datetime=\"2026-01-30T12:01:06+00:00\">30 de enero de 2026<\/time><\/span><span> \/ <\/span><span class=\"terms\"> <a href='https:\/\/blogsaverroes.juntadeandalucia.es\/ceipsansebastiandemijas\/category\/6o-a\/' title='6\u00ba A' class='pt-cv-tax-6o-a'>6\u00ba A<\/a>, <a href='https:\/\/blogsaverroes.juntadeandalucia.es\/ceipsansebastiandemijas\/category\/6o-b\/' title='6\u00ba B' class='pt-cv-tax-6o-b'>6\u00ba B<\/a>, <a href='https:\/\/blogsaverroes.juntadeandalucia.es\/ceipsansebastiandemijas\/category\/6o-c\/' title='6\u00ba C' class='pt-cv-tax-6o-c'>6\u00ba C<\/a>, <a href='https:\/\/blogsaverroes.juntadeandalucia.es\/ceipsansebastiandemijas\/category\/act-complementarias\/' title='Act. Complementarias' class='pt-cv-tax-act-complementarias'>Act. Complementarias<\/a>, <a href='https:\/\/blogsaverroes.juntadeandalucia.es\/ceipsansebastiandemijas\/category\/biblioteca\/' title='Biblioteca' class='pt-cv-tax-biblioteca'>Biblioteca<\/a>, <a href='https:\/\/blogsaverroes.juntadeandalucia.es\/ceipsansebastiandemijas\/category\/dias-d\/' title='Celebraciones y Efem\u00e9rides' class='pt-cv-tax-dias-d'>Celebraciones y Efem\u00e9rides<\/a>, <a href='https:\/\/blogsaverroes.juntadeandalucia.es\/ceipsansebastiandemijas\/category\/escuela-espacio-de-paz\/' title='Escuela Espacio de Paz' class='pt-cv-tax-escuela-espacio-de-paz'>Escuela Espacio de Paz<\/a>, <a href='https:\/\/blogsaverroes.juntadeandalucia.es\/ceipsansebastiandemijas\/category\/portada\/' title='Portada' class='pt-cv-tax-portada'>Portada<\/a>, <a href='https:\/\/blogsaverroes.juntadeandalucia.es\/ceipsansebastiandemijas\/category\/teatro\/' title='Teatro' class='pt-cv-tax-teatro'>Teatro<\/a>, <a href='https:\/\/blogsaverroes.juntadeandalucia.es\/ceipsansebastiandemijas\/category\/videos\/' title='V\u00eddeos' class='pt-cv-tax-videos'>V\u00eddeos<\/a><\/span><\/div><\/div><\/div><\/div>\n<div class=\"col-md-12 col-sm-12 col-xs-12 pt-cv-content-item pt-cv-2-col\" ><div class='pt-cv-ifield'><a href=\"https:\/\/blogsaverroes.juntadeandalucia.es\/ceipsansebastiandemijas\/rosa-maria-badillo-presenta-su-ultimo-libro\/\" class=\"_blank pt-cv-href-thumbnail pt-cv-thumb-left\" target=\"_blank\" ><img loading=\"lazy\" decoding=\"async\" width=\"150\" height=\"150\" src=\"https:\/\/blogsaverroes.juntadeandalucia.es\/ceipsansebastiandemijas\/files\/2026\/01\/WhatsApp-Image-2026-01-30-at-22.53.09-1-150x150.jpeg\" class=\"pt-cv-thumbnail pull-left\" alt=\"\" \/><\/a>\n<div class=\"pt-cv-colwrap\"><h1 class=\"pt-cv-title\"><a href=\"https:\/\/blogsaverroes.juntadeandalucia.es\/ceipsansebastiandemijas\/rosa-maria-badillo-presenta-su-ultimo-libro\/\" class=\"_blank\" target=\"_blank\" >Rosa Mar\u00eda Badillo presenta su \u00faltimo libro<\/a><\/h1><div class=\"pt-cv-content\">Rosa Mar\u00eda Badillo presenta su \u00faltimo libro El pasado jueves 29 de enero, la escritora y Madre Narradora Rosa Mar\u00eda Badillo Baena present\u00f3 su \u00faltimo libro: \"Cuentos de sabirur\u00eda. Ense\u00f1ar y aprender disfrutando\". El acto se celebr\u00f3 en la sala de juntas del ayuntamiento de Mijas y en \u00e9l se ...<br \/><div class=\"pt-cv-rmwrap\"><a href=\"https:\/\/blogsaverroes.juntadeandalucia.es\/ceipsansebastiandemijas\/rosa-maria-badillo-presenta-su-ultimo-libro\/\" class=\"_blank pt-cv-readmore btn btn-success\" target=\"_blank\">Leer M\u00e1s<\/a><\/div><\/div><div class=\"pt-cv-meta-fields\"><span class=\"entry-date\"> <time datetime=\"2026-01-29T20:47:51+00:00\">29 de enero de 2026<\/time><\/span><span> \/ <\/span><span class=\"terms\"> <a href='https:\/\/blogsaverroes.juntadeandalucia.es\/ceipsansebastiandemijas\/category\/ampa\/' title='AMPA' class='pt-cv-tax-ampa'>AMPA<\/a>, <a href='https:\/\/blogsaverroes.juntadeandalucia.es\/ceipsansebastiandemijas\/category\/biblioteca\/' title='Biblioteca' class='pt-cv-tax-biblioteca'>Biblioteca<\/a>, <a href='https:\/\/blogsaverroes.juntadeandalucia.es\/ceipsansebastiandemijas\/category\/portada\/' title='Portada' class='pt-cv-tax-portada'>Portada<\/a>, <a href='https:\/\/blogsaverroes.juntadeandalucia.es\/ceipsansebastiandemijas\/category\/proyecto-arcoiris\/' title='Proyecto Arco\u00edris' class='pt-cv-tax-proyecto-arcoiris'>Proyecto Arco\u00edris<\/a><\/span><\/div><\/div><\/div><\/div>\n<div class=\"col-md-12 col-sm-12 col-xs-12 pt-cv-content-item pt-cv-2-col\" ><div class='pt-cv-ifield'><a href=\"https:\/\/blogsaverroes.juntadeandalucia.es\/ceipsansebastiandemijas\/xmas-navideno\/\" class=\"_blank pt-cv-href-thumbnail pt-cv-thumb-left\" target=\"_blank\" ><img loading=\"lazy\" decoding=\"async\" width=\"150\" height=\"150\" src=\"https:\/\/blogsaverroes.juntadeandalucia.es\/ceipsansebastiandemijas\/files\/2025\/12\/Felicitacion-Navidena-2025-150x150.jpeg\" class=\"pt-cv-thumbnail pull-left\" alt=\"\" \/><\/a>\n<div class=\"pt-cv-colwrap\"><h1 class=\"pt-cv-title\"><a href=\"https:\/\/blogsaverroes.juntadeandalucia.es\/ceipsansebastiandemijas\/xmas-navideno\/\" class=\"_blank\" target=\"_blank\" >Xmas Navide\u00f1o<\/a><\/h1><div class=\"pt-cv-content\"> ...<br \/><div class=\"pt-cv-rmwrap\"><a href=\"https:\/\/blogsaverroes.juntadeandalucia.es\/ceipsansebastiandemijas\/xmas-navideno\/\" class=\"_blank pt-cv-readmore btn btn-success\" target=\"_blank\">Leer M\u00e1s<\/a><\/div><\/div><div class=\"pt-cv-meta-fields\"><span class=\"entry-date\"> <time datetime=\"2025-12-19T12:04:24+00:00\">19 de diciembre de 2025<\/time><\/span><span> \/ <\/span><span class=\"terms\"> <a href='https:\/\/blogsaverroes.juntadeandalucia.es\/ceipsansebastiandemijas\/category\/portada\/' title='Portada' class='pt-cv-tax-portada'>Portada<\/a><\/span><\/div><\/div><\/div><\/div>\n<div class=\"col-md-12 col-sm-12 col-xs-12 pt-cv-content-item pt-cv-2-col\" ><div class='pt-cv-ifield'><a href=\"https:\/\/blogsaverroes.juntadeandalucia.es\/ceipsansebastiandemijas\/este-portal-es-mortal\/\" class=\"_blank pt-cv-href-thumbnail pt-cv-thumb-left\" target=\"_blank\" ><img loading=\"lazy\" decoding=\"async\" width=\"150\" height=\"150\" src=\"https:\/\/blogsaverroes.juntadeandalucia.es\/ceipsansebastiandemijas\/files\/2026\/01\/Captura-de-pantalla-2026-01-28-193059-150x150.png\" class=\"pt-cv-thumbnail pull-left\" alt=\"\" \/><\/a>\n<div class=\"pt-cv-colwrap\"><h1 class=\"pt-cv-title\"><a href=\"https:\/\/blogsaverroes.juntadeandalucia.es\/ceipsansebastiandemijas\/este-portal-es-mortal\/\" class=\"_blank\" target=\"_blank\" >Este portal es mortal<\/a><\/h1><div class=\"pt-cv-content\">Este portal es mortal Ya podemos disfrutar de una de las obras de teatro que se estrenaron en las pasadas navidades.En esta ocasi\u00f3n la se\u00f1o Mari \u00c1ngeles nos presenta una divertida comedia representada por el alumnado de 3\u00baA.https:\/\/youtu.be\/kIFO5Wop0Jc ...<br \/><div class=\"pt-cv-rmwrap\"><a href=\"https:\/\/blogsaverroes.juntadeandalucia.es\/ceipsansebastiandemijas\/este-portal-es-mortal\/\" class=\"_blank pt-cv-readmore btn btn-success\" target=\"_blank\">Leer M\u00e1s<\/a><\/div><\/div><div class=\"pt-cv-meta-fields\"><span class=\"entry-date\"> <time datetime=\"2025-12-15T18:44:04+00:00\">15 de diciembre de 2025<\/time><\/span><span> \/ <\/span><span class=\"terms\"> <a href='https:\/\/blogsaverroes.juntadeandalucia.es\/ceipsansebastiandemijas\/category\/3o-a\/' title='3\u00ba A' class='pt-cv-tax-3o-a'>3\u00ba A<\/a>, <a href='https:\/\/blogsaverroes.juntadeandalucia.es\/ceipsansebastiandemijas\/category\/act-complementarias\/' title='Act. Complementarias' class='pt-cv-tax-act-complementarias'>Act. Complementarias<\/a>, <a href='https:\/\/blogsaverroes.juntadeandalucia.es\/ceipsansebastiandemijas\/category\/portada\/' title='Portada' class='pt-cv-tax-portada'>Portada<\/a>, <a href='https:\/\/blogsaverroes.juntadeandalucia.es\/ceipsansebastiandemijas\/category\/teatro\/' title='Teatro' class='pt-cv-tax-teatro'>Teatro<\/a>, <a href='https:\/\/blogsaverroes.juntadeandalucia.es\/ceipsansebastiandemijas\/category\/videos\/' title='V\u00eddeos' class='pt-cv-tax-videos'>V\u00eddeos<\/a><\/span><\/div><\/div><\/div><\/div>\n<div class=\"col-md-12 col-sm-12 col-xs-12 pt-cv-content-item pt-cv-2-col\" ><div class='pt-cv-ifield'><a href=\"https:\/\/blogsaverroes.juntadeandalucia.es\/ceipsansebastiandemijas\/estamos-de-vuelta\/\" class=\"_blank pt-cv-href-thumbnail pt-cv-thumb-left\" target=\"_blank\" ><img loading=\"lazy\" decoding=\"async\" width=\"150\" height=\"150\" src=\"https:\/\/blogsaverroes.juntadeandalucia.es\/ceipsansebastiandemijas\/files\/2025\/09\/Claustro-principio-curso-150x150.jpg\" class=\"pt-cv-thumbnail pull-left\" alt=\"\" \/><\/a>\n<div class=\"pt-cv-colwrap\"><h1 class=\"pt-cv-title\"><a href=\"https:\/\/blogsaverroes.juntadeandalucia.es\/ceipsansebastiandemijas\/estamos-de-vuelta\/\" class=\"_blank\" target=\"_blank\" >Estamos de vuelta<\/a><\/h1><div class=\"pt-cv-content\">\u00a1Estamos de vuelta! \u00a1Ya estamos de vuelta! Este es el equipo para este a\u00f1o y que est\u00e1 prepar\u00e1ndolo todo con mucho mimo y emoci\u00f3n. \u00a1Bienvenidos\/as a un nuevo curso! ...<br \/><div class=\"pt-cv-rmwrap\"><a href=\"https:\/\/blogsaverroes.juntadeandalucia.es\/ceipsansebastiandemijas\/estamos-de-vuelta\/\" class=\"_blank pt-cv-readmore btn btn-success\" target=\"_blank\">Leer M\u00e1s<\/a><\/div><\/div><div class=\"pt-cv-meta-fields\"><span class=\"entry-date\"> <time datetime=\"2025-09-01T12:07:07+00:00\">1 de septiembre de 2025<\/time><\/span><span> \/ <\/span><span class=\"terms\"> <a href='https:\/\/blogsaverroes.juntadeandalucia.es\/ceipsansebastiandemijas\/category\/claustro\/' title='Claustro' class='pt-cv-tax-claustro'>Claustro<\/a>, <a href='https:\/\/blogsaverroes.juntadeandalucia.es\/ceipsansebastiandemijas\/category\/portada\/' title='Portada' class='pt-cv-tax-portada'>Portada<\/a><\/span><\/div><\/div><\/div><\/div>\n<div class=\"col-md-12 col-sm-12 col-xs-12 pt-cv-content-item pt-cv-2-col\" ><div class='pt-cv-ifield'><a href=\"https:\/\/blogsaverroes.juntadeandalucia.es\/ceipsansebastiandemijas\/felices-vacaciones\/\" class=\"_blank pt-cv-href-thumbnail pt-cv-thumb-left\" target=\"_blank\" ><img loading=\"lazy\" decoding=\"async\" width=\"150\" height=\"150\" src=\"https:\/\/blogsaverroes.juntadeandalucia.es\/ceipsansebastiandemijas\/files\/2025\/07\/Claustro-2024-25-150x150.jpg\" class=\"pt-cv-thumbnail pull-left\" alt=\"\" \/><\/a>\n<div class=\"pt-cv-colwrap\"><h1 class=\"pt-cv-title\"><a href=\"https:\/\/blogsaverroes.juntadeandalucia.es\/ceipsansebastiandemijas\/felices-vacaciones\/\" class=\"_blank\" target=\"_blank\" >\u00a1Felices vacaciones!<\/a><\/h1><div class=\"pt-cv-content\">\u00a1Felices vacaciones! \u00a1Nos vemos en septiembre! ...<br \/><div class=\"pt-cv-rmwrap\"><a href=\"https:\/\/blogsaverroes.juntadeandalucia.es\/ceipsansebastiandemijas\/felices-vacaciones\/\" class=\"_blank pt-cv-readmore btn btn-success\" target=\"_blank\">Leer M\u00e1s<\/a><\/div><\/div><div class=\"pt-cv-meta-fields\"><span class=\"entry-date\"> <time datetime=\"2025-06-30T10:03:43+00:00\">30 de junio de 2025<\/time><\/span><span> \/ <\/span><span class=\"terms\"> <a href='https:\/\/blogsaverroes.juntadeandalucia.es\/ceipsansebastiandemijas\/category\/claustro\/' title='Claustro' class='pt-cv-tax-claustro'>Claustro<\/a>, <a href='https:\/\/blogsaverroes.juntadeandalucia.es\/ceipsansebastiandemijas\/category\/portada\/' title='Portada' class='pt-cv-tax-portada'>Portada<\/a>, <a href='https:\/\/blogsaverroes.juntadeandalucia.es\/ceipsansebastiandemijas\/category\/videos\/' title='V\u00eddeos' class='pt-cv-tax-videos'>V\u00eddeos<\/a><\/span><\/div><\/div><\/div><\/div>\n<div class=\"col-md-12 col-sm-12 col-xs-12 pt-cv-content-item pt-cv-2-col\" ><div class='pt-cv-ifield'><a href=\"https:\/\/blogsaverroes.juntadeandalucia.es\/ceipsansebastiandemijas\/graduaciones-2025\/\" class=\"_blank pt-cv-href-thumbnail pt-cv-thumb-left\" target=\"_blank\" ><img loading=\"lazy\" decoding=\"async\" width=\"150\" height=\"150\" src=\"https:\/\/blogsaverroes.juntadeandalucia.es\/ceipsansebastiandemijas\/files\/2025\/08\/Xa-Graduaciones-150x150.png\" class=\"pt-cv-thumbnail pull-left\" alt=\"\" \/><\/a>\n<div class=\"pt-cv-colwrap\"><h1 class=\"pt-cv-title\"><a href=\"https:\/\/blogsaverroes.juntadeandalucia.es\/ceipsansebastiandemijas\/graduaciones-2025\/\" class=\"_blank\" target=\"_blank\" >Graduaciones 2025<\/a><\/h1><div class=\"pt-cv-content\">Graduaci\u00f3n de Sexto 2019 \/ 25 Sexto A Ceremonia V\u00eddeo conmemorativo Sexto B Ceremonia V\u00eddeo conmemorativo Sexto C Ceremonia V\u00eddeo conmemorativo Graduaci\u00f3n de 5 a\u00f1os 2022 \/ 25 5 a\u00f1os A ...<br \/><div class=\"pt-cv-rmwrap\"><a href=\"https:\/\/blogsaverroes.juntadeandalucia.es\/ceipsansebastiandemijas\/graduaciones-2025\/\" class=\"_blank pt-cv-readmore btn btn-success\" target=\"_blank\">Leer M\u00e1s<\/a><\/div><\/div><div class=\"pt-cv-meta-fields\"><span class=\"entry-date\"> <time datetime=\"2025-06-20T10:45:05+00:00\">20 de junio de 2025<\/time><\/span><span> \/ <\/span><span class=\"terms\"> <a href='https:\/\/blogsaverroes.juntadeandalucia.es\/ceipsansebastiandemijas\/category\/5-anos-a\/' title='5 a\u00f1os A' class='pt-cv-tax-5-anos-a'>5 a\u00f1os A<\/a>, <a href='https:\/\/blogsaverroes.juntadeandalucia.es\/ceipsansebastiandemijas\/category\/5-anos-b\/' title='5 a\u00f1os B' class='pt-cv-tax-5-anos-b'>5 a\u00f1os B<\/a>, <a href='https:\/\/blogsaverroes.juntadeandalucia.es\/ceipsansebastiandemijas\/category\/6o-a\/' title='6\u00ba A' class='pt-cv-tax-6o-a'>6\u00ba A<\/a>, <a href='https:\/\/blogsaverroes.juntadeandalucia.es\/ceipsansebastiandemijas\/category\/6o-b\/' title='6\u00ba B' class='pt-cv-tax-6o-b'>6\u00ba B<\/a>, <a href='https:\/\/blogsaverroes.juntadeandalucia.es\/ceipsansebastiandemijas\/category\/6o-c\/' title='6\u00ba C' class='pt-cv-tax-6o-c'>6\u00ba C<\/a>, <a href='https:\/\/blogsaverroes.juntadeandalucia.es\/ceipsansebastiandemijas\/category\/act-complementarias\/' title='Act. Complementarias' class='pt-cv-tax-act-complementarias'>Act. Complementarias<\/a>, <a href='https:\/\/blogsaverroes.juntadeandalucia.es\/ceipsansebastiandemijas\/category\/dias-d\/' title='Celebraciones y Efem\u00e9rides' class='pt-cv-tax-dias-d'>Celebraciones y Efem\u00e9rides<\/a>, <a href='https:\/\/blogsaverroes.juntadeandalucia.es\/ceipsansebastiandemijas\/category\/claustro\/' title='Claustro' class='pt-cv-tax-claustro'>Claustro<\/a>, <a href='https:\/\/blogsaverroes.juntadeandalucia.es\/ceipsansebastiandemijas\/category\/portada\/' title='Portada' class='pt-cv-tax-portada'>Portada<\/a>, <a href='https:\/\/blogsaverroes.juntadeandalucia.es\/ceipsansebastiandemijas\/category\/videos\/' title='V\u00eddeos' class='pt-cv-tax-videos'>V\u00eddeos<\/a><\/span><\/div><\/div><\/div><\/div>\n<div class=\"col-md-12 col-sm-12 col-xs-12 pt-cv-content-item pt-cv-2-col\" ><div class='pt-cv-ifield'><a href=\"https:\/\/blogsaverroes.juntadeandalucia.es\/ceipsansebastiandemijas\/festival-2025\/\" class=\"_blank pt-cv-href-thumbnail pt-cv-thumb-left\" target=\"_blank\" ><img loading=\"lazy\" decoding=\"async\" width=\"150\" height=\"150\" src=\"https:\/\/blogsaverroes.juntadeandalucia.es\/ceipsansebastiandemijas\/files\/2025\/07\/IMG-20250614-WA0076-150x150.jpg\" class=\"pt-cv-thumbnail pull-left\" alt=\"\" \/><\/a>\n<div class=\"pt-cv-colwrap\"><h1 class=\"pt-cv-title\"><a href=\"https:\/\/blogsaverroes.juntadeandalucia.es\/ceipsansebastiandemijas\/festival-2025\/\" class=\"_blank\" target=\"_blank\" >Festival 2025<\/a><\/h1><div class=\"pt-cv-content\">Festival 2025 La vuelta al mundo en 80 d\u00edas Primera parte Segunda parte 3 a\u00f1os 4 a\u00f1os 5 a\u00f1os Primero Segundo Tercero Cuarto Quinto Sexto Willy Fog inicio Buler\u00eda buler\u00eda El alumnado de 6\u00base despide cumpliendo con la tradici\u00f3n de bailar \"La Macarena\" en el festival ...<br \/><div class=\"pt-cv-rmwrap\"><a href=\"https:\/\/blogsaverroes.juntadeandalucia.es\/ceipsansebastiandemijas\/festival-2025\/\" class=\"_blank pt-cv-readmore btn btn-success\" target=\"_blank\">Leer M\u00e1s<\/a><\/div><\/div><div class=\"pt-cv-meta-fields\"><span class=\"entry-date\"> <time datetime=\"2025-06-18T10:07:32+00:00\">18 de junio de 2025<\/time><\/span><span> \/ <\/span><span class=\"terms\"> <a href='https:\/\/blogsaverroes.juntadeandalucia.es\/ceipsansebastiandemijas\/category\/act-complementarias\/' title='Act. Complementarias' class='pt-cv-tax-act-complementarias'>Act. Complementarias<\/a>, <a href='https:\/\/blogsaverroes.juntadeandalucia.es\/ceipsansebastiandemijas\/category\/act-extraescolares\/' title='Act. Extraescolares' class='pt-cv-tax-act-extraescolares'>Act. Extraescolares<\/a>, <a href='https:\/\/blogsaverroes.juntadeandalucia.es\/ceipsansebastiandemijas\/category\/dias-d\/' title='Celebraciones y Efem\u00e9rides' class='pt-cv-tax-dias-d'>Celebraciones y Efem\u00e9rides<\/a>, <a href='https:\/\/blogsaverroes.juntadeandalucia.es\/ceipsansebastiandemijas\/category\/educacion-artistica\/' title='Educaci\u00f3n Art\u00edstica' class='pt-cv-tax-educacion-artistica'>Educaci\u00f3n Art\u00edstica<\/a>, <a href='https:\/\/blogsaverroes.juntadeandalucia.es\/ceipsansebastiandemijas\/category\/educacion-fisica\/' title='Educaci\u00f3n F\u00edsica' class='pt-cv-tax-educacion-fisica'>Educaci\u00f3n F\u00edsica<\/a>, <a href='https:\/\/blogsaverroes.juntadeandalucia.es\/ceipsansebastiandemijas\/category\/musica\/' title='M\u00fasica' class='pt-cv-tax-musica'>M\u00fasica<\/a>, <a href='https:\/\/blogsaverroes.juntadeandalucia.es\/ceipsansebastiandemijas\/category\/portada\/' title='Portada' class='pt-cv-tax-portada'>Portada<\/a>, <a href='https:\/\/blogsaverroes.juntadeandalucia.es\/ceipsansebastiandemijas\/category\/radiobastian\/' title='Radiobasti\u00e1n' class='pt-cv-tax-radiobastian'>Radiobasti\u00e1n<\/a>, <a href='https:\/\/blogsaverroes.juntadeandalucia.es\/ceipsansebastiandemijas\/category\/teatro\/' title='Teatro' class='pt-cv-tax-teatro'>Teatro<\/a>, <a href='https:\/\/blogsaverroes.juntadeandalucia.es\/ceipsansebastiandemijas\/category\/videos\/' title='V\u00eddeos' class='pt-cv-tax-videos'>V\u00eddeos<\/a><\/span><\/div><\/div><\/div><\/div><\/div><\/div>\n<div class=\" pt-cv-pagination-wrapper\"><ul class=\"pt-cv-pagination pt-cv-ajax pagination\" data-totalpages=\"20\" data-currentpage=\"1\" data-sid=\"5642e10845\" data-unid=\"\" data-isblock=\"\" data-postid=\"\"><li class=\"active\"><a href=\"#\">1<\/a><\/li>\n\t<li ><a class=\"\" href=\"https:\/\/blogsaverroes.juntadeandalucia.es\/ceipsansebastiandemijas\/wp-json\/wp\/v2\/pages\/5606\/?_page=2\">2<\/a><\/li>\n\t<li ><a class=\"\" href=\"https:\/\/blogsaverroes.juntadeandalucia.es\/ceipsansebastiandemijas\/wp-json\/wp\/v2\/pages\/5606\/?_page=3\">3<\/a><\/li>\n\t<li ><a href=\"#\">&hellip;<\/a><\/li>\n\t<li ><a class=\"\" href=\"https:\/\/blogsaverroes.juntadeandalucia.es\/ceipsansebastiandemijas\/wp-json\/wp\/v2\/pages\/5606\/?_page=20\">20<\/a><\/li>\n\t<li ><a class=\" \" href=\"https:\/\/blogsaverroes.juntadeandalucia.es\/ceipsansebastiandemijas\/wp-json\/wp\/v2\/pages\/5606\/?_page=2\">&rsaquo;<\/a><\/li>\n\t<\/ul><img loading=\"lazy\" decoding=\"async\" width=\"15\" height=\"15\" class=\"pt-cv-spinner\" alt=\"Cargando...\" src=\"data:image\/gif;base64,R0lGODlhDwAPALMPAMrKygwMDJOTkz09PZWVla+vr3p6euTk5M7OzuXl5TMzMwAAAJmZmWZmZszMzP\/\/\/yH\/C05FVFNDQVBFMi4wAwEAAAAh+QQFCgAPACwAAAAADwAPAAAEQvDJaZaZOIcV8iQK8VRX4iTYoAwZ4iCYoAjZ4RxejhVNoT+mRGP4cyF4Pp0N98sBGIBMEMOotl6YZ3S61Bmbkm4mAgAh+QQFCgAPACwAAAAADQANAAAENPDJSRSZeA418itN8QiK8BiLITVsFiyBBIoYqnoewAD4xPw9iY4XLGYSjkQR4UAUD45DLwIAIfkEBQoADwAsAAAAAA8ACQAABC\/wyVlamTi3nSdgwFNdhEJgTJoNyoB9ISYoQmdjiZPcj7EYCAeCF1gEDo4Dz2eIAAAh+QQFCgAPACwCAAAADQANAAAEM\/DJBxiYeLKdX3IJZT1FU0iIg2RNKx3OkZVnZ98ToRD4MyiDnkAh6BkNC0MvsAj0kMpHBAAh+QQFCgAPACwGAAAACQAPAAAEMDC59KpFDll73HkAA2wVY5KgiK5b0RRoI6MuzG6EQqCDMlSGheEhUAgqgUUAFRySIgAh+QQFCgAPACwCAAIADQANAAAEM\/DJKZNLND\/kkKaHc3xk+QAMYDKsiaqmZCxGVjSFFCxB1vwy2oOgIDxuucxAMTAJFAJNBAAh+QQFCgAPACwAAAYADwAJAAAEMNAs86q1yaWwwv2Ig0jUZx3OYa4XoRAfwADXoAwfo1+CIjyFRuEho60aSNYlOPxEAAAh+QQFCgAPACwAAAIADQANAAAENPA9s4y8+IUVcqaWJ4qEQozSoAzoIyhCK2NFU2SJk0hNnyEOhKR2AzAAj4Pj4GE4W0bkJQIAOw==\" \/><div class=\"clear pt-cv-clear-pagination\"><\/div><\/div><\/div><\/div>\n\t\t\t\t\t\t<\/div>\n\t\t\t\t<\/div>\n\t\t\t\t\t<\/div>\n\t\t<\/div>\n\t\t\t\t\t<\/div>\n\t\t<\/section>\n\t\t\t\t<\/div>\n\t\t","protected":false},"excerpt":{"rendered":"<p>Fueron Noticia<\/p>\n","protected":false},"author":8532,"featured_media":0,"parent":0,"menu_order":0,"comment_status":"closed","ping_status":"closed","template":"elementor_header_footer","meta":{"ngg_post_thumbnail":0,"footnotes":""},"aioseo_notices":[],"_links":{"self":[{"href":"https:\/\/blogsaverroes.juntadeandalucia.es\/ceipsansebastiandemijas\/wp-json\/wp\/v2\/pages\/5606"}],"collection":[{"href":"https:\/\/blogsaverroes.juntadeandalucia.es\/ceipsansebastiandemijas\/wp-json\/wp\/v2\/pages"}],"about":[{"href":"https:\/\/blogsaverroes.juntadeandalucia.es\/ceipsansebastiandemijas\/wp-json\/wp\/v2\/types\/page"}],"author":[{"embeddable":true,"href":"https:\/\/blogsaverroes.juntadeandalucia.es\/ceipsansebastiandemijas\/wp-json\/wp\/v2\/users\/8532"}],"replies":[{"embeddable":true,"href":"https:\/\/blogsaverroes.juntadeandalucia.es\/ceipsansebastiandemijas\/wp-json\/wp\/v2\/comments?post=5606"}],"version-history":[{"count":7,"href":"https:\/\/blogsaverroes.juntadeandalucia.es\/ceipsansebastiandemijas\/wp-json\/wp\/v2\/pages\/5606\/revisions"}],"predecessor-version":[{"id":7604,"href":"https:\/\/blogsaverroes.juntadeandalucia.es\/ceipsansebastiandemijas\/wp-json\/wp\/v2\/pages\/5606\/revisions\/7604"}],"wp:attachment":[{"href":"https:\/\/blogsaverroes.juntadeandalucia.es\/ceipsansebastiandemijas\/wp-json\/wp\/v2\/media?parent=5606"}],"curies":[{"name":"wp","href":"https:\/\/api.w.org\/{rel}","templated":true}]}}