{"id":824,"date":"2019-11-02T17:51:38","date_gmt":"2019-11-02T16:51:38","guid":{"rendered":"https:\/\/blogsaverroes.juntadeandalucia.es\/ceipsansebastianlapuebladelrio\/?page_id=824"},"modified":"2020-01-12T22:20:19","modified_gmt":"2020-01-12T21:20:19","slug":"plan-apertura","status":"publish","type":"page","link":"https:\/\/blogsaverroes.juntadeandalucia.es\/ceipsansebastianlapuebladelrio\/plan-apertura\/","title":{"rendered":"PLAN APERTURA"},"content":{"rendered":"\t\t<div data-elementor-type=\"wp-post\" data-elementor-id=\"824\" class=\"elementor elementor-824\">\n\t\t\t\t\t\t<section class=\"elementor-section elementor-top-section elementor-element elementor-element-32e36b31 elementor-section-boxed elementor-section-height-default elementor-section-height-default\" data-id=\"32e36b31\" data-element_type=\"section\">\n\t\t\t\t\t\t<div class=\"elementor-container elementor-column-gap-default\">\n\t\t\t\t\t<div class=\"elementor-column elementor-col-100 elementor-top-column elementor-element elementor-element-568f7595\" data-id=\"568f7595\" data-element_type=\"column\">\n\t\t\t<div class=\"elementor-widget-wrap elementor-element-populated\">\n\t\t\t\t\t\t<div class=\"elementor-element elementor-element-5bbb8258 elementor-widget elementor-widget-heading\" data-id=\"5bbb8258\" data-element_type=\"widget\" data-widget_type=\"heading.default\">\n\t\t\t\t<div class=\"elementor-widget-container\">\n\t\t\t\t\t<h2 class=\"elementor-heading-title elementor-size-default\">Proyectos del Centro<\/h2>\t\t\t\t<\/div>\n\t\t\t\t<\/div>\n\t\t\t\t\t<\/div>\n\t\t<\/div>\n\t\t\t\t\t<\/div>\n\t\t<\/section>\n\t\t\t\t<section class=\"elementor-section elementor-top-section elementor-element elementor-element-1d266dca elementor-hidden-phone elementor-section-boxed elementor-section-height-default elementor-section-height-default\" data-id=\"1d266dca\" data-element_type=\"section\">\n\t\t\t\t\t\t<div class=\"elementor-container elementor-column-gap-default\">\n\t\t\t\t\t<div class=\"elementor-column elementor-col-10 elementor-top-column elementor-element elementor-element-610c2b23\" data-id=\"610c2b23\" data-element_type=\"column\">\n\t\t\t<div class=\"elementor-widget-wrap elementor-element-populated\">\n\t\t\t\t\t\t<div class=\"elementor-element elementor-element-378ef65f elementor-position-top elementor-widget elementor-widget-image-box\" data-id=\"378ef65f\" data-element_type=\"widget\" data-widget_type=\"image-box.default\">\n\t\t\t\t<div class=\"elementor-widget-container\">\n\t\t\t\t\t<div class=\"elementor-image-box-wrapper\"><figure class=\"elementor-image-box-img\"><a href=\"https:\/\/blogsaverroes.juntadeandalucia.es\/ceipsansebastianlapuebladelrio\/red-andaluza-escuela-espacio-de-paz\/\" tabindex=\"-1\"><img fetchpriority=\"high\" decoding=\"async\" width=\"400\" height=\"400\" src=\"https:\/\/blogsaverroes.juntadeandalucia.es\/ceipsansebastianlapuebladelrio\/files\/2019\/10\/LOGOPAZBUENO.png\" class=\"attachment-large size-large wp-image-790\" alt=\"\" srcset=\"https:\/\/blogsaverroes.juntadeandalucia.es\/ceipsansebastianlapuebladelrio\/files\/2019\/10\/LOGOPAZBUENO.png 400w, https:\/\/blogsaverroes.juntadeandalucia.es\/ceipsansebastianlapuebladelrio\/files\/2019\/10\/LOGOPAZBUENO-150x150.png 150w, https:\/\/blogsaverroes.juntadeandalucia.es\/ceipsansebastianlapuebladelrio\/files\/2019\/10\/LOGOPAZBUENO-300x300.png 300w, https:\/\/blogsaverroes.juntadeandalucia.es\/ceipsansebastianlapuebladelrio\/files\/2019\/10\/LOGOPAZBUENO-100x100.png 100w, https:\/\/blogsaverroes.juntadeandalucia.es\/ceipsansebastianlapuebladelrio\/files\/2019\/10\/LOGOPAZBUENO-24x24.png 24w, https:\/\/blogsaverroes.juntadeandalucia.es\/ceipsansebastianlapuebladelrio\/files\/2019\/10\/LOGOPAZBUENO-36x36.png 36w, https:\/\/blogsaverroes.juntadeandalucia.es\/ceipsansebastianlapuebladelrio\/files\/2019\/10\/LOGOPAZBUENO-48x48.png 48w\" sizes=\"(max-width: 400px) 100vw, 400px\" \/><\/a><\/figure><\/div>\t\t\t\t<\/div>\n\t\t\t\t<\/div>\n\t\t\t\t\t<\/div>\n\t\t<\/div>\n\t\t\t\t<div class=\"elementor-column elementor-col-10 elementor-top-column elementor-element elementor-element-6ab35858\" data-id=\"6ab35858\" data-element_type=\"column\">\n\t\t\t<div class=\"elementor-widget-wrap elementor-element-populated\">\n\t\t\t\t\t\t<div class=\"elementor-element elementor-element-6d86962e elementor-position-top elementor-widget elementor-widget-image-box\" data-id=\"6d86962e\" data-element_type=\"widget\" data-widget_type=\"image-box.default\">\n\t\t\t\t<div class=\"elementor-widget-container\">\n\t\t\t\t\t<div class=\"elementor-image-box-wrapper\"><figure class=\"elementor-image-box-img\"><a href=\"https:\/\/blogsaverroes.juntadeandalucia.es\/ceipsansebastianlapuebladelrio\/para-vivir-en-igualdad\/\" tabindex=\"-1\"><img decoding=\"async\" width=\"400\" height=\"400\" src=\"https:\/\/blogsaverroes.juntadeandalucia.es\/ceipsansebastianlapuebladelrio\/files\/2019\/10\/vivirigualdad.png\" class=\"attachment-large size-large wp-image-783\" alt=\"\" srcset=\"https:\/\/blogsaverroes.juntadeandalucia.es\/ceipsansebastianlapuebladelrio\/files\/2019\/10\/vivirigualdad.png 400w, https:\/\/blogsaverroes.juntadeandalucia.es\/ceipsansebastianlapuebladelrio\/files\/2019\/10\/vivirigualdad-150x150.png 150w, https:\/\/blogsaverroes.juntadeandalucia.es\/ceipsansebastianlapuebladelrio\/files\/2019\/10\/vivirigualdad-300x300.png 300w, https:\/\/blogsaverroes.juntadeandalucia.es\/ceipsansebastianlapuebladelrio\/files\/2019\/10\/vivirigualdad-100x100.png 100w, https:\/\/blogsaverroes.juntadeandalucia.es\/ceipsansebastianlapuebladelrio\/files\/2019\/10\/vivirigualdad-24x24.png 24w, https:\/\/blogsaverroes.juntadeandalucia.es\/ceipsansebastianlapuebladelrio\/files\/2019\/10\/vivirigualdad-36x36.png 36w, https:\/\/blogsaverroes.juntadeandalucia.es\/ceipsansebastianlapuebladelrio\/files\/2019\/10\/vivirigualdad-48x48.png 48w\" sizes=\"(max-width: 400px) 100vw, 400px\" \/><\/a><\/figure><\/div>\t\t\t\t<\/div>\n\t\t\t\t<\/div>\n\t\t\t\t\t<\/div>\n\t\t<\/div>\n\t\t\t\t<div class=\"elementor-column elementor-col-10 elementor-top-column elementor-element elementor-element-576e08a9\" data-id=\"576e08a9\" data-element_type=\"column\">\n\t\t\t<div class=\"elementor-widget-wrap elementor-element-populated\">\n\t\t\t\t\t\t<div class=\"elementor-element elementor-element-10df925a elementor-position-top elementor-widget elementor-widget-image-box\" data-id=\"10df925a\" data-element_type=\"widget\" data-widget_type=\"image-box.default\">\n\t\t\t\t<div class=\"elementor-widget-container\">\n\t\t\t\t\t<div class=\"elementor-image-box-wrapper\"><figure class=\"elementor-image-box-img\"><a href=\"https:\/\/blogsaverroes.juntadeandalucia.es\/ceipsansebastianlapuebladelrio\/proyecto-aldea\/\" tabindex=\"-1\"><img decoding=\"async\" width=\"400\" height=\"400\" src=\"https:\/\/blogsaverroes.juntadeandalucia.es\/ceipsansebastianlapuebladelrio\/files\/2019\/10\/LOGOALDEA.png\" class=\"attachment-large size-large wp-image-791\" alt=\"\" srcset=\"https:\/\/blogsaverroes.juntadeandalucia.es\/ceipsansebastianlapuebladelrio\/files\/2019\/10\/LOGOALDEA.png 400w, https:\/\/blogsaverroes.juntadeandalucia.es\/ceipsansebastianlapuebladelrio\/files\/2019\/10\/LOGOALDEA-150x150.png 150w, https:\/\/blogsaverroes.juntadeandalucia.es\/ceipsansebastianlapuebladelrio\/files\/2019\/10\/LOGOALDEA-300x300.png 300w, https:\/\/blogsaverroes.juntadeandalucia.es\/ceipsansebastianlapuebladelrio\/files\/2019\/10\/LOGOALDEA-100x100.png 100w, https:\/\/blogsaverroes.juntadeandalucia.es\/ceipsansebastianlapuebladelrio\/files\/2019\/10\/LOGOALDEA-24x24.png 24w, https:\/\/blogsaverroes.juntadeandalucia.es\/ceipsansebastianlapuebladelrio\/files\/2019\/10\/LOGOALDEA-36x36.png 36w, https:\/\/blogsaverroes.juntadeandalucia.es\/ceipsansebastianlapuebladelrio\/files\/2019\/10\/LOGOALDEA-48x48.png 48w\" sizes=\"(max-width: 400px) 100vw, 400px\" \/><\/a><\/figure><\/div>\t\t\t\t<\/div>\n\t\t\t\t<\/div>\n\t\t\t\t\t<\/div>\n\t\t<\/div>\n\t\t\t\t<div class=\"elementor-column elementor-col-10 elementor-top-column elementor-element elementor-element-3dcf6c22\" data-id=\"3dcf6c22\" data-element_type=\"column\">\n\t\t\t<div class=\"elementor-widget-wrap elementor-element-populated\">\n\t\t\t\t\t\t<div class=\"elementor-element elementor-element-127290c5 elementor-position-top elementor-widget elementor-widget-image-box\" data-id=\"127290c5\" data-element_type=\"widget\" data-widget_type=\"image-box.default\">\n\t\t\t\t<div class=\"elementor-widget-container\">\n\t\t\t\t\t<div class=\"elementor-image-box-wrapper\"><figure class=\"elementor-image-box-img\"><a href=\"https:\/\/blogsaverroes.juntadeandalucia.es\/ceipsansebastianlapuebladelrio\/biblioteca\/\" tabindex=\"-1\"><img loading=\"lazy\" decoding=\"async\" width=\"400\" height=\"400\" src=\"https:\/\/blogsaverroes.juntadeandalucia.es\/ceipsansebastianlapuebladelrio\/files\/2019\/10\/biblioteca.png\" class=\"attachment-large size-large wp-image-798\" alt=\"\" srcset=\"https:\/\/blogsaverroes.juntadeandalucia.es\/ceipsansebastianlapuebladelrio\/files\/2019\/10\/biblioteca.png 400w, https:\/\/blogsaverroes.juntadeandalucia.es\/ceipsansebastianlapuebladelrio\/files\/2019\/10\/biblioteca-150x150.png 150w, https:\/\/blogsaverroes.juntadeandalucia.es\/ceipsansebastianlapuebladelrio\/files\/2019\/10\/biblioteca-300x300.png 300w, https:\/\/blogsaverroes.juntadeandalucia.es\/ceipsansebastianlapuebladelrio\/files\/2019\/10\/biblioteca-100x100.png 100w, https:\/\/blogsaverroes.juntadeandalucia.es\/ceipsansebastianlapuebladelrio\/files\/2019\/10\/biblioteca-24x24.png 24w, https:\/\/blogsaverroes.juntadeandalucia.es\/ceipsansebastianlapuebladelrio\/files\/2019\/10\/biblioteca-36x36.png 36w, https:\/\/blogsaverroes.juntadeandalucia.es\/ceipsansebastianlapuebladelrio\/files\/2019\/10\/biblioteca-48x48.png 48w\" sizes=\"(max-width: 400px) 100vw, 400px\" \/><\/a><\/figure><\/div>\t\t\t\t<\/div>\n\t\t\t\t<\/div>\n\t\t\t\t\t<\/div>\n\t\t<\/div>\n\t\t\t\t<div class=\"elementor-column elementor-col-10 elementor-top-column elementor-element elementor-element-52dac89b\" data-id=\"52dac89b\" data-element_type=\"column\">\n\t\t\t<div class=\"elementor-widget-wrap elementor-element-populated\">\n\t\t\t\t\t\t<div class=\"elementor-element elementor-element-770da6f3 elementor-position-top elementor-widget elementor-widget-image-box\" data-id=\"770da6f3\" data-element_type=\"widget\" data-widget_type=\"image-box.default\">\n\t\t\t\t<div class=\"elementor-widget-container\">\n\t\t\t\t\t<div class=\"elementor-image-box-wrapper\"><figure class=\"elementor-image-box-img\"><a href=\"https:\/\/blogsaverroes.juntadeandalucia.es\/ceipsansebastianlapuebladelrio\/creciendo-en-salud\/\" tabindex=\"-1\"><img loading=\"lazy\" decoding=\"async\" width=\"400\" height=\"400\" src=\"https:\/\/blogsaverroes.juntadeandalucia.es\/ceipsansebastianlapuebladelrio\/files\/2019\/10\/creciendosalud.png\" class=\"attachment-large size-large wp-image-801\" alt=\"\" srcset=\"https:\/\/blogsaverroes.juntadeandalucia.es\/ceipsansebastianlapuebladelrio\/files\/2019\/10\/creciendosalud.png 400w, https:\/\/blogsaverroes.juntadeandalucia.es\/ceipsansebastianlapuebladelrio\/files\/2019\/10\/creciendosalud-150x150.png 150w, https:\/\/blogsaverroes.juntadeandalucia.es\/ceipsansebastianlapuebladelrio\/files\/2019\/10\/creciendosalud-300x300.png 300w, https:\/\/blogsaverroes.juntadeandalucia.es\/ceipsansebastianlapuebladelrio\/files\/2019\/10\/creciendosalud-100x100.png 100w, https:\/\/blogsaverroes.juntadeandalucia.es\/ceipsansebastianlapuebladelrio\/files\/2019\/10\/creciendosalud-24x24.png 24w, https:\/\/blogsaverroes.juntadeandalucia.es\/ceipsansebastianlapuebladelrio\/files\/2019\/10\/creciendosalud-36x36.png 36w, https:\/\/blogsaverroes.juntadeandalucia.es\/ceipsansebastianlapuebladelrio\/files\/2019\/10\/creciendosalud-48x48.png 48w\" sizes=\"(max-width: 400px) 100vw, 400px\" \/><\/a><\/figure><\/div>\t\t\t\t<\/div>\n\t\t\t\t<\/div>\n\t\t\t\t\t<\/div>\n\t\t<\/div>\n\t\t\t\t<div class=\"elementor-column elementor-col-10 elementor-top-column elementor-element elementor-element-16312ca\" data-id=\"16312ca\" data-element_type=\"column\">\n\t\t\t<div class=\"elementor-widget-wrap elementor-element-populated\">\n\t\t\t\t\t\t<div class=\"elementor-element elementor-element-cac53a4 elementor-position-top elementor-widget elementor-widget-image-box\" data-id=\"cac53a4\" data-element_type=\"widget\" data-widget_type=\"image-box.default\">\n\t\t\t\t<div class=\"elementor-widget-container\">\n\t\t\t\t\t<div class=\"elementor-image-box-wrapper\"><figure class=\"elementor-image-box-img\"><a href=\"https:\/\/blogsaverroes.juntadeandalucia.es\/elpasaporte\/\" target=\"_blank\" tabindex=\"-1\"><img loading=\"lazy\" decoding=\"async\" width=\"400\" height=\"400\" src=\"https:\/\/blogsaverroes.juntadeandalucia.es\/ceipsansebastianlapuebladelrio\/files\/2019\/10\/PASAPORTE.png\" class=\"attachment-large size-large wp-image-797\" alt=\"\" srcset=\"https:\/\/blogsaverroes.juntadeandalucia.es\/ceipsansebastianlapuebladelrio\/files\/2019\/10\/PASAPORTE.png 400w, https:\/\/blogsaverroes.juntadeandalucia.es\/ceipsansebastianlapuebladelrio\/files\/2019\/10\/PASAPORTE-150x150.png 150w, https:\/\/blogsaverroes.juntadeandalucia.es\/ceipsansebastianlapuebladelrio\/files\/2019\/10\/PASAPORTE-300x300.png 300w, https:\/\/blogsaverroes.juntadeandalucia.es\/ceipsansebastianlapuebladelrio\/files\/2019\/10\/PASAPORTE-100x100.png 100w, https:\/\/blogsaverroes.juntadeandalucia.es\/ceipsansebastianlapuebladelrio\/files\/2019\/10\/PASAPORTE-24x24.png 24w, https:\/\/blogsaverroes.juntadeandalucia.es\/ceipsansebastianlapuebladelrio\/files\/2019\/10\/PASAPORTE-36x36.png 36w, https:\/\/blogsaverroes.juntadeandalucia.es\/ceipsansebastianlapuebladelrio\/files\/2019\/10\/PASAPORTE-48x48.png 48w\" sizes=\"(max-width: 400px) 100vw, 400px\" \/><\/a><\/figure><\/div>\t\t\t\t<\/div>\n\t\t\t\t<\/div>\n\t\t\t\t\t<\/div>\n\t\t<\/div>\n\t\t\t\t<div class=\"elementor-column elementor-col-10 elementor-top-column elementor-element elementor-element-69ac0e21\" data-id=\"69ac0e21\" data-element_type=\"column\">\n\t\t\t<div class=\"elementor-widget-wrap elementor-element-populated\">\n\t\t\t\t\t\t<div class=\"elementor-element elementor-element-69c6684c elementor-position-top elementor-widget elementor-widget-image-box\" data-id=\"69c6684c\" data-element_type=\"widget\" data-widget_type=\"image-box.default\">\n\t\t\t\t<div class=\"elementor-widget-container\">\n\t\t\t\t\t<div class=\"elementor-image-box-wrapper\"><figure class=\"elementor-image-box-img\"><a href=\"https:\/\/blogsaverroes.juntadeandalucia.es\/ceipsansebastianlapuebladelrio\/plan-apertura\/\" tabindex=\"-1\"><img loading=\"lazy\" decoding=\"async\" width=\"400\" height=\"400\" src=\"https:\/\/blogsaverroes.juntadeandalucia.es\/ceipsansebastianlapuebladelrio\/files\/2019\/10\/LOGOAPERTURA.png\" class=\"attachment-large size-large wp-image-792\" alt=\"\" srcset=\"https:\/\/blogsaverroes.juntadeandalucia.es\/ceipsansebastianlapuebladelrio\/files\/2019\/10\/LOGOAPERTURA.png 400w, https:\/\/blogsaverroes.juntadeandalucia.es\/ceipsansebastianlapuebladelrio\/files\/2019\/10\/LOGOAPERTURA-150x150.png 150w, https:\/\/blogsaverroes.juntadeandalucia.es\/ceipsansebastianlapuebladelrio\/files\/2019\/10\/LOGOAPERTURA-300x300.png 300w, https:\/\/blogsaverroes.juntadeandalucia.es\/ceipsansebastianlapuebladelrio\/files\/2019\/10\/LOGOAPERTURA-100x100.png 100w, https:\/\/blogsaverroes.juntadeandalucia.es\/ceipsansebastianlapuebladelrio\/files\/2019\/10\/LOGOAPERTURA-24x24.png 24w, https:\/\/blogsaverroes.juntadeandalucia.es\/ceipsansebastianlapuebladelrio\/files\/2019\/10\/LOGOAPERTURA-36x36.png 36w, https:\/\/blogsaverroes.juntadeandalucia.es\/ceipsansebastianlapuebladelrio\/files\/2019\/10\/LOGOAPERTURA-48x48.png 48w\" sizes=\"(max-width: 400px) 100vw, 400px\" \/><\/a><\/figure><\/div>\t\t\t\t<\/div>\n\t\t\t\t<\/div>\n\t\t\t\t\t<\/div>\n\t\t<\/div>\n\t\t\t\t<div class=\"elementor-column elementor-col-10 elementor-top-column elementor-element elementor-element-51e052b9\" data-id=\"51e052b9\" data-element_type=\"column\">\n\t\t\t<div class=\"elementor-widget-wrap elementor-element-populated\">\n\t\t\t\t\t\t<div class=\"elementor-element elementor-element-798d307f elementor-position-top elementor-widget elementor-widget-image-box\" data-id=\"798d307f\" data-element_type=\"widget\" data-widget_type=\"image-box.default\">\n\t\t\t\t<div class=\"elementor-widget-container\">\n\t\t\t\t\t<div class=\"elementor-image-box-wrapper\"><figure class=\"elementor-image-box-img\"><a href=\"https:\/\/blogsaverroes.juntadeandalucia.es\/ceipsansebastianlapuebladelrio\/escuela-tic-2-0\/\" tabindex=\"-1\"><img loading=\"lazy\" decoding=\"async\" width=\"400\" height=\"400\" src=\"https:\/\/blogsaverroes.juntadeandalucia.es\/ceipsansebastianlapuebladelrio\/files\/2019\/10\/LOGOTIC.png\" class=\"attachment-large size-large wp-image-794\" alt=\"\" srcset=\"https:\/\/blogsaverroes.juntadeandalucia.es\/ceipsansebastianlapuebladelrio\/files\/2019\/10\/LOGOTIC.png 400w, https:\/\/blogsaverroes.juntadeandalucia.es\/ceipsansebastianlapuebladelrio\/files\/2019\/10\/LOGOTIC-150x150.png 150w, https:\/\/blogsaverroes.juntadeandalucia.es\/ceipsansebastianlapuebladelrio\/files\/2019\/10\/LOGOTIC-300x300.png 300w, https:\/\/blogsaverroes.juntadeandalucia.es\/ceipsansebastianlapuebladelrio\/files\/2019\/10\/LOGOTIC-100x100.png 100w, https:\/\/blogsaverroes.juntadeandalucia.es\/ceipsansebastianlapuebladelrio\/files\/2019\/10\/LOGOTIC-24x24.png 24w, https:\/\/blogsaverroes.juntadeandalucia.es\/ceipsansebastianlapuebladelrio\/files\/2019\/10\/LOGOTIC-36x36.png 36w, https:\/\/blogsaverroes.juntadeandalucia.es\/ceipsansebastianlapuebladelrio\/files\/2019\/10\/LOGOTIC-48x48.png 48w\" sizes=\"(max-width: 400px) 100vw, 400px\" \/><\/a><\/figure><\/div>\t\t\t\t<\/div>\n\t\t\t\t<\/div>\n\t\t\t\t\t<\/div>\n\t\t<\/div>\n\t\t\t\t<div class=\"elementor-column elementor-col-10 elementor-top-column elementor-element elementor-element-7f73051\" data-id=\"7f73051\" data-element_type=\"column\">\n\t\t\t<div class=\"elementor-widget-wrap elementor-element-populated\">\n\t\t\t\t\t\t<div class=\"elementor-element elementor-element-24d9e079 elementor-position-top elementor-widget elementor-widget-image-box\" data-id=\"24d9e079\" data-element_type=\"widget\" data-widget_type=\"image-box.default\">\n\t\t\t\t<div class=\"elementor-widget-container\">\n\t\t\t\t\t<div class=\"elementor-image-box-wrapper\"><figure class=\"elementor-image-box-img\"><a href=\"https:\/\/blogsaverroes.juntadeandalucia.es\/ceipsansebastianlapuebladelrio\/escuelas-deportivas\/\" tabindex=\"-1\"><img loading=\"lazy\" decoding=\"async\" width=\"400\" height=\"400\" src=\"https:\/\/blogsaverroes.juntadeandalucia.es\/ceipsansebastianlapuebladelrio\/files\/2019\/10\/LOGODEPORTE.png\" class=\"attachment-large size-large wp-image-793\" alt=\"\" srcset=\"https:\/\/blogsaverroes.juntadeandalucia.es\/ceipsansebastianlapuebladelrio\/files\/2019\/10\/LOGODEPORTE.png 400w, https:\/\/blogsaverroes.juntadeandalucia.es\/ceipsansebastianlapuebladelrio\/files\/2019\/10\/LOGODEPORTE-150x150.png 150w, https:\/\/blogsaverroes.juntadeandalucia.es\/ceipsansebastianlapuebladelrio\/files\/2019\/10\/LOGODEPORTE-300x300.png 300w, https:\/\/blogsaverroes.juntadeandalucia.es\/ceipsansebastianlapuebladelrio\/files\/2019\/10\/LOGODEPORTE-100x100.png 100w, https:\/\/blogsaverroes.juntadeandalucia.es\/ceipsansebastianlapuebladelrio\/files\/2019\/10\/LOGODEPORTE-24x24.png 24w, https:\/\/blogsaverroes.juntadeandalucia.es\/ceipsansebastianlapuebladelrio\/files\/2019\/10\/LOGODEPORTE-36x36.png 36w, https:\/\/blogsaverroes.juntadeandalucia.es\/ceipsansebastianlapuebladelrio\/files\/2019\/10\/LOGODEPORTE-48x48.png 48w\" sizes=\"(max-width: 400px) 100vw, 400px\" \/><\/a><\/figure><\/div>\t\t\t\t<\/div>\n\t\t\t\t<\/div>\n\t\t\t\t\t<\/div>\n\t\t<\/div>\n\t\t\t\t<div class=\"elementor-column elementor-col-10 elementor-top-column elementor-element elementor-element-5d3f7713\" data-id=\"5d3f7713\" data-element_type=\"column\">\n\t\t\t<div class=\"elementor-widget-wrap elementor-element-populated\">\n\t\t\t\t\t\t<div class=\"elementor-element elementor-element-6af99786 elementor-position-top elementor-widget elementor-widget-image-box\" data-id=\"6af99786\" data-element_type=\"widget\" data-widget_type=\"image-box.default\">\n\t\t\t\t<div class=\"elementor-widget-container\">\n\t\t\t\t\t<div class=\"elementor-image-box-wrapper\"><figure class=\"elementor-image-box-img\"><a href=\"https:\/\/blogsaverroes.juntadeandalucia.es\/ceipsansebastianlapuebladelrio\/acompanamiento-escolar\/\" tabindex=\"-1\"><img loading=\"lazy\" decoding=\"async\" width=\"400\" height=\"400\" src=\"https:\/\/blogsaverroes.juntadeandalucia.es\/ceipsansebastianlapuebladelrio\/files\/2019\/10\/logoacompan\u0303amiento.png\" class=\"attachment-large size-large wp-image-810\" alt=\"\" srcset=\"https:\/\/blogsaverroes.juntadeandalucia.es\/ceipsansebastianlapuebladelrio\/files\/2019\/10\/logoacompan\u0303amiento.png 400w, https:\/\/blogsaverroes.juntadeandalucia.es\/ceipsansebastianlapuebladelrio\/files\/2019\/10\/logoacompan\u0303amiento-150x150.png 150w, https:\/\/blogsaverroes.juntadeandalucia.es\/ceipsansebastianlapuebladelrio\/files\/2019\/10\/logoacompan\u0303amiento-300x300.png 300w, https:\/\/blogsaverroes.juntadeandalucia.es\/ceipsansebastianlapuebladelrio\/files\/2019\/10\/logoacompan\u0303amiento-100x100.png 100w, https:\/\/blogsaverroes.juntadeandalucia.es\/ceipsansebastianlapuebladelrio\/files\/2019\/10\/logoacompan\u0303amiento-24x24.png 24w, https:\/\/blogsaverroes.juntadeandalucia.es\/ceipsansebastianlapuebladelrio\/files\/2019\/10\/logoacompan\u0303amiento-36x36.png 36w, https:\/\/blogsaverroes.juntadeandalucia.es\/ceipsansebastianlapuebladelrio\/files\/2019\/10\/logoacompan\u0303amiento-48x48.png 48w\" sizes=\"(max-width: 400px) 100vw, 400px\" \/><\/a><\/figure><\/div>\t\t\t\t<\/div>\n\t\t\t\t<\/div>\n\t\t\t\t\t<\/div>\n\t\t<\/div>\n\t\t\t\t\t<\/div>\n\t\t<\/section>\n\t\t\t\t<section class=\"elementor-section elementor-top-section elementor-element elementor-element-1bb07e21 elementor-section-boxed elementor-section-height-default elementor-section-height-default\" data-id=\"1bb07e21\" data-element_type=\"section\">\n\t\t\t\t\t\t<div class=\"elementor-container elementor-column-gap-default\">\n\t\t\t\t\t<div class=\"elementor-column elementor-col-100 elementor-top-column elementor-element elementor-element-26fd8071\" data-id=\"26fd8071\" data-element_type=\"column\">\n\t\t\t<div class=\"elementor-widget-wrap elementor-element-populated\">\n\t\t\t\t\t\t<div class=\"elementor-element elementor-element-49416255 elementor-widget-divider--view-line elementor-widget elementor-widget-divider\" data-id=\"49416255\" data-element_type=\"widget\" data-widget_type=\"divider.default\">\n\t\t\t\t<div class=\"elementor-widget-container\">\n\t\t\t\t\t\t\t<div class=\"elementor-divider\">\n\t\t\t<span class=\"elementor-divider-separator\">\n\t\t\t\t\t\t<\/span>\n\t\t<\/div>\n\t\t\t\t\t\t<\/div>\n\t\t\t\t<\/div>\n\t\t\t\t\t<\/div>\n\t\t<\/div>\n\t\t\t\t\t<\/div>\n\t\t<\/section>\n\t\t\t\t<section class=\"elementor-section elementor-top-section elementor-element elementor-element-b1b44 elementor-section-boxed elementor-section-height-default elementor-section-height-default\" data-id=\"b1b44\" data-element_type=\"section\">\n\t\t\t\t\t\t<div class=\"elementor-container elementor-column-gap-default\">\n\t\t\t\t\t<div class=\"elementor-column elementor-col-100 elementor-top-column elementor-element elementor-element-55ddd92f\" data-id=\"55ddd92f\" data-element_type=\"column\">\n\t\t\t<div class=\"elementor-widget-wrap elementor-element-populated\">\n\t\t\t\t\t\t<div class=\"elementor-element elementor-element-52b42cc3 elementor-widget elementor-widget-image\" data-id=\"52b42cc3\" data-element_type=\"widget\" data-widget_type=\"image.default\">\n\t\t\t\t<div class=\"elementor-widget-container\">\n\t\t\t\t\t\t\t\t\t\t\t\t\t\t\t<img loading=\"lazy\" decoding=\"async\" width=\"1200\" height=\"300\" src=\"https:\/\/blogsaverroes.juntadeandalucia.es\/ceipsansebastianlapuebladelrio\/files\/2019\/11\/Plan-apertura-bueno.png\" class=\"attachment-full size-full wp-image-1177\" alt=\"\" srcset=\"https:\/\/blogsaverroes.juntadeandalucia.es\/ceipsansebastianlapuebladelrio\/files\/2019\/11\/Plan-apertura-bueno.png 1200w, https:\/\/blogsaverroes.juntadeandalucia.es\/ceipsansebastianlapuebladelrio\/files\/2019\/11\/Plan-apertura-bueno-300x75.png 300w, https:\/\/blogsaverroes.juntadeandalucia.es\/ceipsansebastianlapuebladelrio\/files\/2019\/11\/Plan-apertura-bueno-768x192.png 768w, https:\/\/blogsaverroes.juntadeandalucia.es\/ceipsansebastianlapuebladelrio\/files\/2019\/11\/Plan-apertura-bueno-1024x256.png 1024w, https:\/\/blogsaverroes.juntadeandalucia.es\/ceipsansebastianlapuebladelrio\/files\/2019\/11\/Plan-apertura-bueno-24x6.png 24w, https:\/\/blogsaverroes.juntadeandalucia.es\/ceipsansebastianlapuebladelrio\/files\/2019\/11\/Plan-apertura-bueno-36x9.png 36w, https:\/\/blogsaverroes.juntadeandalucia.es\/ceipsansebastianlapuebladelrio\/files\/2019\/11\/Plan-apertura-bueno-48x12.png 48w\" sizes=\"100vw\" \/>\t\t\t\t\t\t\t\t\t\t\t\t\t\t\t<\/div>\n\t\t\t\t<\/div>\n\t\t\t\t\t<\/div>\n\t\t<\/div>\n\t\t\t\t\t<\/div>\n\t\t<\/section>\n\t\t\t\t<section class=\"elementor-section elementor-top-section elementor-element elementor-element-569a90d9 elementor-section-boxed elementor-section-height-default elementor-section-height-default\" data-id=\"569a90d9\" data-element_type=\"section\">\n\t\t\t\t\t\t<div class=\"elementor-container elementor-column-gap-default\">\n\t\t\t\t\t<div class=\"elementor-column elementor-col-100 elementor-top-column elementor-element elementor-element-31995b87\" data-id=\"31995b87\" data-element_type=\"column\">\n\t\t\t<div class=\"elementor-widget-wrap elementor-element-populated\">\n\t\t\t\t\t\t<div class=\"elementor-element elementor-element-5d3ae4d3 elementor-widget elementor-widget-spacer\" data-id=\"5d3ae4d3\" data-element_type=\"widget\" data-widget_type=\"spacer.default\">\n\t\t\t\t<div class=\"elementor-widget-container\">\n\t\t\t\t\t\t\t<div class=\"elementor-spacer\">\n\t\t\t<div class=\"elementor-spacer-inner\"><\/div>\n\t\t<\/div>\n\t\t\t\t\t\t<\/div>\n\t\t\t\t<\/div>\n\t\t\t\t\t<\/div>\n\t\t<\/div>\n\t\t\t\t\t<\/div>\n\t\t<\/section>\n\t\t\t\t<section class=\"elementor-section elementor-top-section elementor-element elementor-element-5512eedc elementor-section-boxed elementor-section-height-default elementor-section-height-default\" data-id=\"5512eedc\" data-element_type=\"section\">\n\t\t\t\t\t\t<div class=\"elementor-container elementor-column-gap-default\">\n\t\t\t\t\t<div class=\"elementor-column elementor-col-50 elementor-top-column elementor-element elementor-element-37a6bbfd\" data-id=\"37a6bbfd\" data-element_type=\"column\">\n\t\t\t<div class=\"elementor-widget-wrap elementor-element-populated\">\n\t\t\t\t\t\t<div class=\"elementor-element elementor-element-101e5004 elementor-widget elementor-widget-heading\" data-id=\"101e5004\" data-element_type=\"widget\" data-widget_type=\"heading.default\">\n\t\t\t\t<div class=\"elementor-widget-container\">\n\t\t\t\t\t<h2 class=\"elementor-heading-title elementor-size-default\">Plan Apertura <\/h2>\t\t\t\t<\/div>\n\t\t\t\t<\/div>\n\t\t\t\t<div class=\"elementor-element elementor-element-692851e6 elementor-widget elementor-widget-text-editor\" data-id=\"692851e6\" data-element_type=\"widget\" data-widget_type=\"text-editor.default\">\n\t\t\t\t<div class=\"elementor-widget-container\">\n\t\t\t\t\t\t\t\t\t<p><span style=\"color: #555555;font-family: tahoma, arial, helvetica, sans-serif;font-size: 14pt\">Dentro del Plan de Apoyo a las Familias Andaluzas, la Consejer\u00eda de Educaci\u00f3n persigue que los centros docentes, m\u00e1s all\u00e1 de la jornada lectiva tradicional, sean capaces de ofrecer al alumnado y sus familias una oferta de jornada escolar completa, de forma que encuentren en sus centros las actividades que necesitan para completar su formaci\u00f3n y para utilizar de una manera educativa su tiempo libre.<\/span><\/p><p>\u00a0<\/p>\t\t\t\t\t\t\t\t<\/div>\n\t\t\t\t<\/div>\n\t\t\t\t<div class=\"elementor-element elementor-element-ef3301d elementor-widget elementor-widget-text-editor\" data-id=\"ef3301d\" data-element_type=\"widget\" data-widget_type=\"text-editor.default\">\n\t\t\t\t<div class=\"elementor-widget-container\">\n\t\t\t\t\t\t\t\t\t<ul><li>AULA MATINAL: De lunes a viernes de 7:30 a 9:00 horas.<\/li><li>COMEDOR ESCOLAR: de lunes a viernes de 14 a 16 horas.<\/li><li>ACTIVIDADES EXTRAESCOLARES: De lunes a jueves de 16 a 18 horas.<\/li><\/ul>\t\t\t\t\t\t\t\t<\/div>\n\t\t\t\t<\/div>\n\t\t\t\t<div class=\"elementor-element elementor-element-c718b5a elementor-widget elementor-widget-heading\" data-id=\"c718b5a\" data-element_type=\"widget\" data-widget_type=\"heading.default\">\n\t\t\t\t<div class=\"elementor-widget-container\">\n\t\t\t\t\t<h2 class=\"elementor-heading-title elementor-size-default\"><a href=\"https:\/\/blogsaverroes.juntadeandalucia.es\/ceipsansebastianlapuebladelrio\/secretaria\/\">SECRETAR\u00cdA ONLINE---&gt; VOLVER<\/a><\/h2>\t\t\t\t<\/div>\n\t\t\t\t<\/div>\n\t\t\t\t\t<\/div>\n\t\t<\/div>\n\t\t\t\t<div class=\"elementor-column elementor-col-50 elementor-top-column elementor-element elementor-element-48864e57\" data-id=\"48864e57\" data-element_type=\"column\">\n\t\t\t<div class=\"elementor-widget-wrap elementor-element-populated\">\n\t\t\t\t\t\t<div class=\"elementor-element elementor-element-efc06c5 elementor-widget elementor-widget-heading\" data-id=\"efc06c5\" data-element_type=\"widget\" data-widget_type=\"heading.default\">\n\t\t\t\t<div class=\"elementor-widget-container\">\n\t\t\t\t\t<h2 class=\"elementor-heading-title elementor-size-default\">VOLVER A SECRETAR\u00cdA ONLINE<\/h2>\t\t\t\t<\/div>\n\t\t\t\t<\/div>\n\t\t\t\t<div class=\"elementor-element elementor-element-7da4e633 elementor-widget elementor-widget-image\" data-id=\"7da4e633\" data-element_type=\"widget\" data-widget_type=\"image.default\">\n\t\t\t\t<div class=\"elementor-widget-container\">\n\t\t\t\t\t\t\t\t\t\t\t\t\t\t\t<img loading=\"lazy\" decoding=\"async\" width=\"400\" height=\"400\" src=\"https:\/\/blogsaverroes.juntadeandalucia.es\/ceipsansebastianlapuebladelrio\/files\/2019\/10\/fran.png\" class=\"attachment-large size-large wp-image-271\" alt=\"\" srcset=\"https:\/\/blogsaverroes.juntadeandalucia.es\/ceipsansebastianlapuebladelrio\/files\/2019\/10\/fran.png 400w, https:\/\/blogsaverroes.juntadeandalucia.es\/ceipsansebastianlapuebladelrio\/files\/2019\/10\/fran-150x150.png 150w, https:\/\/blogsaverroes.juntadeandalucia.es\/ceipsansebastianlapuebladelrio\/files\/2019\/10\/fran-300x300.png 300w, https:\/\/blogsaverroes.juntadeandalucia.es\/ceipsansebastianlapuebladelrio\/files\/2019\/10\/fran-100x100.png 100w, https:\/\/blogsaverroes.juntadeandalucia.es\/ceipsansebastianlapuebladelrio\/files\/2019\/10\/fran-24x24.png 24w, https:\/\/blogsaverroes.juntadeandalucia.es\/ceipsansebastianlapuebladelrio\/files\/2019\/10\/fran-36x36.png 36w, https:\/\/blogsaverroes.juntadeandalucia.es\/ceipsansebastianlapuebladelrio\/files\/2019\/10\/fran-48x48.png 48w\" sizes=\"100vw\" \/>\t\t\t\t\t\t\t\t\t\t\t\t\t\t\t<\/div>\n\t\t\t\t<\/div>\n\t\t\t\t<div class=\"elementor-element elementor-element-53dbaa3f elementor-widget elementor-widget-heading\" data-id=\"53dbaa3f\" data-element_type=\"widget\" data-widget_type=\"heading.default\">\n\t\t\t\t<div class=\"elementor-widget-container\">\n\t\t\t\t\t<h2 class=\"elementor-heading-title elementor-size-default\">Fran r\u00edos-Coordinador<\/h2>\t\t\t\t<\/div>\n\t\t\t\t<\/div>\n\t\t\t\t\t<\/div>\n\t\t<\/div>\n\t\t\t\t\t<\/div>\n\t\t<\/section>\n\t\t\t\t<section class=\"elementor-section elementor-top-section elementor-element elementor-element-4c2095cf elementor-section-boxed elementor-section-height-default elementor-section-height-default\" data-id=\"4c2095cf\" data-element_type=\"section\">\n\t\t\t\t\t\t<div class=\"elementor-container elementor-column-gap-default\">\n\t\t\t\t\t<div class=\"elementor-column elementor-col-100 elementor-top-column elementor-element elementor-element-655ba79\" data-id=\"655ba79\" data-element_type=\"column\">\n\t\t\t<div class=\"elementor-widget-wrap elementor-element-populated\">\n\t\t\t\t\t\t\t<\/div>\n\t\t<\/div>\n\t\t\t\t\t<\/div>\n\t\t<\/section>\n\t\t\t\t<section class=\"elementor-section elementor-top-section elementor-element elementor-element-4d83a899 elementor-section-boxed elementor-section-height-default elementor-section-height-default\" data-id=\"4d83a899\" data-element_type=\"section\">\n\t\t\t\t\t\t<div class=\"elementor-container elementor-column-gap-default\">\n\t\t\t\t\t<div class=\"elementor-column elementor-col-100 elementor-top-column elementor-element elementor-element-13020e1d\" data-id=\"13020e1d\" data-element_type=\"column\">\n\t\t\t<div class=\"elementor-widget-wrap elementor-element-populated\">\n\t\t\t\t\t\t<div class=\"elementor-element elementor-element-3929039f elementor-widget-divider--view-line elementor-widget elementor-widget-divider\" data-id=\"3929039f\" data-element_type=\"widget\" data-widget_type=\"divider.default\">\n\t\t\t\t<div class=\"elementor-widget-container\">\n\t\t\t\t\t\t\t<div class=\"elementor-divider\">\n\t\t\t<span class=\"elementor-divider-separator\">\n\t\t\t\t\t\t<\/span>\n\t\t<\/div>\n\t\t\t\t\t\t<\/div>\n\t\t\t\t<\/div>\n\t\t\t\t\t<\/div>\n\t\t<\/div>\n\t\t\t\t\t<\/div>\n\t\t<\/section>\n\t\t\t\t<section class=\"elementor-section elementor-top-section elementor-element elementor-element-4710d919 elementor-section-boxed elementor-section-height-default elementor-section-height-default\" data-id=\"4710d919\" data-element_type=\"section\">\n\t\t\t\t\t\t<div class=\"elementor-container elementor-column-gap-default\">\n\t\t\t\t\t<div class=\"elementor-column elementor-col-100 elementor-top-column elementor-element elementor-element-7cae1c3e\" data-id=\"7cae1c3e\" data-element_type=\"column\">\n\t\t\t<div class=\"elementor-widget-wrap elementor-element-populated\">\n\t\t\t\t\t\t<div class=\"elementor-element elementor-element-22ef6bec elementor-widget elementor-widget-heading\" data-id=\"22ef6bec\" data-element_type=\"widget\" data-widget_type=\"heading.default\">\n\t\t\t\t<div class=\"elementor-widget-container\">\n\t\t\t\t\t<h2 class=\"elementor-heading-title elementor-size-default\">Proyectos del Centro<\/h2>\t\t\t\t<\/div>\n\t\t\t\t<\/div>\n\t\t\t\t\t<\/div>\n\t\t<\/div>\n\t\t\t\t\t<\/div>\n\t\t<\/section>\n\t\t\t\t<section class=\"elementor-section elementor-top-section elementor-element elementor-element-5eb1abc7 elementor-section-boxed elementor-section-height-default elementor-section-height-default\" data-id=\"5eb1abc7\" data-element_type=\"section\">\n\t\t\t\t\t\t<div class=\"elementor-container elementor-column-gap-default\">\n\t\t\t\t\t<div class=\"elementor-column elementor-col-10 elementor-top-column elementor-element elementor-element-2187fcb7\" data-id=\"2187fcb7\" data-element_type=\"column\">\n\t\t\t<div class=\"elementor-widget-wrap elementor-element-populated\">\n\t\t\t\t\t\t<div class=\"elementor-element elementor-element-74cfbea5 elementor-position-top elementor-widget elementor-widget-image-box\" data-id=\"74cfbea5\" data-element_type=\"widget\" data-widget_type=\"image-box.default\">\n\t\t\t\t<div class=\"elementor-widget-container\">\n\t\t\t\t\t<div class=\"elementor-image-box-wrapper\"><figure class=\"elementor-image-box-img\"><a href=\"https:\/\/blogsaverroes.juntadeandalucia.es\/ceipsansebastianlapuebladelrio\/red-andaluza-escuela-espacio-de-paz\/\" tabindex=\"-1\"><img fetchpriority=\"high\" decoding=\"async\" width=\"400\" height=\"400\" src=\"https:\/\/blogsaverroes.juntadeandalucia.es\/ceipsansebastianlapuebladelrio\/files\/2019\/10\/LOGOPAZBUENO.png\" class=\"attachment-large size-large wp-image-790\" alt=\"\" srcset=\"https:\/\/blogsaverroes.juntadeandalucia.es\/ceipsansebastianlapuebladelrio\/files\/2019\/10\/LOGOPAZBUENO.png 400w, https:\/\/blogsaverroes.juntadeandalucia.es\/ceipsansebastianlapuebladelrio\/files\/2019\/10\/LOGOPAZBUENO-150x150.png 150w, https:\/\/blogsaverroes.juntadeandalucia.es\/ceipsansebastianlapuebladelrio\/files\/2019\/10\/LOGOPAZBUENO-300x300.png 300w, https:\/\/blogsaverroes.juntadeandalucia.es\/ceipsansebastianlapuebladelrio\/files\/2019\/10\/LOGOPAZBUENO-100x100.png 100w, https:\/\/blogsaverroes.juntadeandalucia.es\/ceipsansebastianlapuebladelrio\/files\/2019\/10\/LOGOPAZBUENO-24x24.png 24w, https:\/\/blogsaverroes.juntadeandalucia.es\/ceipsansebastianlapuebladelrio\/files\/2019\/10\/LOGOPAZBUENO-36x36.png 36w, https:\/\/blogsaverroes.juntadeandalucia.es\/ceipsansebastianlapuebladelrio\/files\/2019\/10\/LOGOPAZBUENO-48x48.png 48w\" sizes=\"(max-width: 400px) 100vw, 400px\" \/><\/a><\/figure><\/div>\t\t\t\t<\/div>\n\t\t\t\t<\/div>\n\t\t\t\t\t<\/div>\n\t\t<\/div>\n\t\t\t\t<div class=\"elementor-column elementor-col-10 elementor-top-column elementor-element elementor-element-5fc9562b\" data-id=\"5fc9562b\" data-element_type=\"column\">\n\t\t\t<div class=\"elementor-widget-wrap elementor-element-populated\">\n\t\t\t\t\t\t<div class=\"elementor-element elementor-element-4f08096a elementor-position-top elementor-widget elementor-widget-image-box\" data-id=\"4f08096a\" data-element_type=\"widget\" data-widget_type=\"image-box.default\">\n\t\t\t\t<div class=\"elementor-widget-container\">\n\t\t\t\t\t<div class=\"elementor-image-box-wrapper\"><figure class=\"elementor-image-box-img\"><a href=\"https:\/\/blogsaverroes.juntadeandalucia.es\/ceipsansebastianlapuebladelrio\/para-vivir-en-igualdad\/\" tabindex=\"-1\"><img decoding=\"async\" width=\"400\" height=\"400\" src=\"https:\/\/blogsaverroes.juntadeandalucia.es\/ceipsansebastianlapuebladelrio\/files\/2019\/10\/vivirigualdad.png\" class=\"attachment-large size-large wp-image-783\" alt=\"\" srcset=\"https:\/\/blogsaverroes.juntadeandalucia.es\/ceipsansebastianlapuebladelrio\/files\/2019\/10\/vivirigualdad.png 400w, https:\/\/blogsaverroes.juntadeandalucia.es\/ceipsansebastianlapuebladelrio\/files\/2019\/10\/vivirigualdad-150x150.png 150w, https:\/\/blogsaverroes.juntadeandalucia.es\/ceipsansebastianlapuebladelrio\/files\/2019\/10\/vivirigualdad-300x300.png 300w, https:\/\/blogsaverroes.juntadeandalucia.es\/ceipsansebastianlapuebladelrio\/files\/2019\/10\/vivirigualdad-100x100.png 100w, https:\/\/blogsaverroes.juntadeandalucia.es\/ceipsansebastianlapuebladelrio\/files\/2019\/10\/vivirigualdad-24x24.png 24w, https:\/\/blogsaverroes.juntadeandalucia.es\/ceipsansebastianlapuebladelrio\/files\/2019\/10\/vivirigualdad-36x36.png 36w, https:\/\/blogsaverroes.juntadeandalucia.es\/ceipsansebastianlapuebladelrio\/files\/2019\/10\/vivirigualdad-48x48.png 48w\" sizes=\"(max-width: 400px) 100vw, 400px\" \/><\/a><\/figure><\/div>\t\t\t\t<\/div>\n\t\t\t\t<\/div>\n\t\t\t\t\t<\/div>\n\t\t<\/div>\n\t\t\t\t<div class=\"elementor-column elementor-col-10 elementor-top-column elementor-element elementor-element-6c2e7734\" data-id=\"6c2e7734\" data-element_type=\"column\">\n\t\t\t<div class=\"elementor-widget-wrap elementor-element-populated\">\n\t\t\t\t\t\t<div class=\"elementor-element elementor-element-7ec773ca elementor-position-top elementor-widget elementor-widget-image-box\" data-id=\"7ec773ca\" data-element_type=\"widget\" data-widget_type=\"image-box.default\">\n\t\t\t\t<div class=\"elementor-widget-container\">\n\t\t\t\t\t<div class=\"elementor-image-box-wrapper\"><figure class=\"elementor-image-box-img\"><a href=\"https:\/\/blogsaverroes.juntadeandalucia.es\/ceipsansebastianlapuebladelrio\/proyecto-aldea\/\" tabindex=\"-1\"><img decoding=\"async\" width=\"400\" height=\"400\" src=\"https:\/\/blogsaverroes.juntadeandalucia.es\/ceipsansebastianlapuebladelrio\/files\/2019\/10\/LOGOALDEA.png\" class=\"attachment-large size-large wp-image-791\" alt=\"\" srcset=\"https:\/\/blogsaverroes.juntadeandalucia.es\/ceipsansebastianlapuebladelrio\/files\/2019\/10\/LOGOALDEA.png 400w, https:\/\/blogsaverroes.juntadeandalucia.es\/ceipsansebastianlapuebladelrio\/files\/2019\/10\/LOGOALDEA-150x150.png 150w, https:\/\/blogsaverroes.juntadeandalucia.es\/ceipsansebastianlapuebladelrio\/files\/2019\/10\/LOGOALDEA-300x300.png 300w, https:\/\/blogsaverroes.juntadeandalucia.es\/ceipsansebastianlapuebladelrio\/files\/2019\/10\/LOGOALDEA-100x100.png 100w, https:\/\/blogsaverroes.juntadeandalucia.es\/ceipsansebastianlapuebladelrio\/files\/2019\/10\/LOGOALDEA-24x24.png 24w, https:\/\/blogsaverroes.juntadeandalucia.es\/ceipsansebastianlapuebladelrio\/files\/2019\/10\/LOGOALDEA-36x36.png 36w, https:\/\/blogsaverroes.juntadeandalucia.es\/ceipsansebastianlapuebladelrio\/files\/2019\/10\/LOGOALDEA-48x48.png 48w\" sizes=\"(max-width: 400px) 100vw, 400px\" \/><\/a><\/figure><\/div>\t\t\t\t<\/div>\n\t\t\t\t<\/div>\n\t\t\t\t\t<\/div>\n\t\t<\/div>\n\t\t\t\t<div class=\"elementor-column elementor-col-10 elementor-top-column elementor-element elementor-element-25c4f43b\" data-id=\"25c4f43b\" data-element_type=\"column\">\n\t\t\t<div class=\"elementor-widget-wrap elementor-element-populated\">\n\t\t\t\t\t\t<div class=\"elementor-element elementor-element-290ab880 elementor-position-top elementor-widget elementor-widget-image-box\" data-id=\"290ab880\" data-element_type=\"widget\" data-widget_type=\"image-box.default\">\n\t\t\t\t<div class=\"elementor-widget-container\">\n\t\t\t\t\t<div class=\"elementor-image-box-wrapper\"><figure class=\"elementor-image-box-img\"><a href=\"https:\/\/blogsaverroes.juntadeandalucia.es\/ceipsansebastianlapuebladelrio\/biblioteca\/\" tabindex=\"-1\"><img loading=\"lazy\" decoding=\"async\" width=\"400\" height=\"400\" src=\"https:\/\/blogsaverroes.juntadeandalucia.es\/ceipsansebastianlapuebladelrio\/files\/2019\/10\/biblioteca.png\" class=\"attachment-large size-large wp-image-798\" alt=\"\" srcset=\"https:\/\/blogsaverroes.juntadeandalucia.es\/ceipsansebastianlapuebladelrio\/files\/2019\/10\/biblioteca.png 400w, https:\/\/blogsaverroes.juntadeandalucia.es\/ceipsansebastianlapuebladelrio\/files\/2019\/10\/biblioteca-150x150.png 150w, https:\/\/blogsaverroes.juntadeandalucia.es\/ceipsansebastianlapuebladelrio\/files\/2019\/10\/biblioteca-300x300.png 300w, https:\/\/blogsaverroes.juntadeandalucia.es\/ceipsansebastianlapuebladelrio\/files\/2019\/10\/biblioteca-100x100.png 100w, https:\/\/blogsaverroes.juntadeandalucia.es\/ceipsansebastianlapuebladelrio\/files\/2019\/10\/biblioteca-24x24.png 24w, https:\/\/blogsaverroes.juntadeandalucia.es\/ceipsansebastianlapuebladelrio\/files\/2019\/10\/biblioteca-36x36.png 36w, https:\/\/blogsaverroes.juntadeandalucia.es\/ceipsansebastianlapuebladelrio\/files\/2019\/10\/biblioteca-48x48.png 48w\" sizes=\"(max-width: 400px) 100vw, 400px\" \/><\/a><\/figure><\/div>\t\t\t\t<\/div>\n\t\t\t\t<\/div>\n\t\t\t\t\t<\/div>\n\t\t<\/div>\n\t\t\t\t<div class=\"elementor-column elementor-col-10 elementor-top-column elementor-element elementor-element-7bbee543\" data-id=\"7bbee543\" data-element_type=\"column\">\n\t\t\t<div class=\"elementor-widget-wrap elementor-element-populated\">\n\t\t\t\t\t\t<div class=\"elementor-element elementor-element-7def556 elementor-position-top elementor-widget elementor-widget-image-box\" data-id=\"7def556\" data-element_type=\"widget\" data-widget_type=\"image-box.default\">\n\t\t\t\t<div class=\"elementor-widget-container\">\n\t\t\t\t\t<div class=\"elementor-image-box-wrapper\"><figure class=\"elementor-image-box-img\"><a href=\"https:\/\/blogsaverroes.juntadeandalucia.es\/ceipsansebastianlapuebladelrio\/creciendo-en-salud\/\" tabindex=\"-1\"><img loading=\"lazy\" decoding=\"async\" width=\"400\" height=\"400\" src=\"https:\/\/blogsaverroes.juntadeandalucia.es\/ceipsansebastianlapuebladelrio\/files\/2019\/10\/creciendosalud.png\" class=\"attachment-large size-large wp-image-801\" alt=\"\" srcset=\"https:\/\/blogsaverroes.juntadeandalucia.es\/ceipsansebastianlapuebladelrio\/files\/2019\/10\/creciendosalud.png 400w, https:\/\/blogsaverroes.juntadeandalucia.es\/ceipsansebastianlapuebladelrio\/files\/2019\/10\/creciendosalud-150x150.png 150w, https:\/\/blogsaverroes.juntadeandalucia.es\/ceipsansebastianlapuebladelrio\/files\/2019\/10\/creciendosalud-300x300.png 300w, https:\/\/blogsaverroes.juntadeandalucia.es\/ceipsansebastianlapuebladelrio\/files\/2019\/10\/creciendosalud-100x100.png 100w, https:\/\/blogsaverroes.juntadeandalucia.es\/ceipsansebastianlapuebladelrio\/files\/2019\/10\/creciendosalud-24x24.png 24w, https:\/\/blogsaverroes.juntadeandalucia.es\/ceipsansebastianlapuebladelrio\/files\/2019\/10\/creciendosalud-36x36.png 36w, https:\/\/blogsaverroes.juntadeandalucia.es\/ceipsansebastianlapuebladelrio\/files\/2019\/10\/creciendosalud-48x48.png 48w\" sizes=\"(max-width: 400px) 100vw, 400px\" \/><\/a><\/figure><\/div>\t\t\t\t<\/div>\n\t\t\t\t<\/div>\n\t\t\t\t\t<\/div>\n\t\t<\/div>\n\t\t\t\t<div class=\"elementor-column elementor-col-10 elementor-top-column elementor-element elementor-element-7ea109a\" data-id=\"7ea109a\" data-element_type=\"column\">\n\t\t\t<div class=\"elementor-widget-wrap elementor-element-populated\">\n\t\t\t\t\t\t<div class=\"elementor-element elementor-element-7ba2cd6b elementor-position-top elementor-widget elementor-widget-image-box\" data-id=\"7ba2cd6b\" data-element_type=\"widget\" data-widget_type=\"image-box.default\">\n\t\t\t\t<div class=\"elementor-widget-container\">\n\t\t\t\t\t<div class=\"elementor-image-box-wrapper\"><figure class=\"elementor-image-box-img\"><a href=\"https:\/\/blogsaverroes.juntadeandalucia.es\/elpasaporte\/\" target=\"_blank\" tabindex=\"-1\"><img loading=\"lazy\" decoding=\"async\" width=\"400\" height=\"400\" src=\"https:\/\/blogsaverroes.juntadeandalucia.es\/ceipsansebastianlapuebladelrio\/files\/2019\/10\/PASAPORTE.png\" class=\"attachment-large size-large wp-image-797\" alt=\"\" srcset=\"https:\/\/blogsaverroes.juntadeandalucia.es\/ceipsansebastianlapuebladelrio\/files\/2019\/10\/PASAPORTE.png 400w, https:\/\/blogsaverroes.juntadeandalucia.es\/ceipsansebastianlapuebladelrio\/files\/2019\/10\/PASAPORTE-150x150.png 150w, https:\/\/blogsaverroes.juntadeandalucia.es\/ceipsansebastianlapuebladelrio\/files\/2019\/10\/PASAPORTE-300x300.png 300w, https:\/\/blogsaverroes.juntadeandalucia.es\/ceipsansebastianlapuebladelrio\/files\/2019\/10\/PASAPORTE-100x100.png 100w, https:\/\/blogsaverroes.juntadeandalucia.es\/ceipsansebastianlapuebladelrio\/files\/2019\/10\/PASAPORTE-24x24.png 24w, https:\/\/blogsaverroes.juntadeandalucia.es\/ceipsansebastianlapuebladelrio\/files\/2019\/10\/PASAPORTE-36x36.png 36w, https:\/\/blogsaverroes.juntadeandalucia.es\/ceipsansebastianlapuebladelrio\/files\/2019\/10\/PASAPORTE-48x48.png 48w\" sizes=\"(max-width: 400px) 100vw, 400px\" \/><\/a><\/figure><\/div>\t\t\t\t<\/div>\n\t\t\t\t<\/div>\n\t\t\t\t\t<\/div>\n\t\t<\/div>\n\t\t\t\t<div class=\"elementor-column elementor-col-10 elementor-top-column elementor-element elementor-element-2d3c28f2\" data-id=\"2d3c28f2\" data-element_type=\"column\">\n\t\t\t<div class=\"elementor-widget-wrap elementor-element-populated\">\n\t\t\t\t\t\t<div class=\"elementor-element elementor-element-58f9ca16 elementor-position-top elementor-widget elementor-widget-image-box\" data-id=\"58f9ca16\" data-element_type=\"widget\" data-widget_type=\"image-box.default\">\n\t\t\t\t<div class=\"elementor-widget-container\">\n\t\t\t\t\t<div class=\"elementor-image-box-wrapper\"><figure class=\"elementor-image-box-img\"><a href=\"https:\/\/blogsaverroes.juntadeandalucia.es\/ceipsansebastianlapuebladelrio\/plan-apertura\/\" tabindex=\"-1\"><img loading=\"lazy\" decoding=\"async\" width=\"400\" height=\"400\" src=\"https:\/\/blogsaverroes.juntadeandalucia.es\/ceipsansebastianlapuebladelrio\/files\/2019\/10\/LOGOAPERTURA.png\" class=\"attachment-large size-large wp-image-792\" alt=\"\" srcset=\"https:\/\/blogsaverroes.juntadeandalucia.es\/ceipsansebastianlapuebladelrio\/files\/2019\/10\/LOGOAPERTURA.png 400w, https:\/\/blogsaverroes.juntadeandalucia.es\/ceipsansebastianlapuebladelrio\/files\/2019\/10\/LOGOAPERTURA-150x150.png 150w, https:\/\/blogsaverroes.juntadeandalucia.es\/ceipsansebastianlapuebladelrio\/files\/2019\/10\/LOGOAPERTURA-300x300.png 300w, https:\/\/blogsaverroes.juntadeandalucia.es\/ceipsansebastianlapuebladelrio\/files\/2019\/10\/LOGOAPERTURA-100x100.png 100w, https:\/\/blogsaverroes.juntadeandalucia.es\/ceipsansebastianlapuebladelrio\/files\/2019\/10\/LOGOAPERTURA-24x24.png 24w, https:\/\/blogsaverroes.juntadeandalucia.es\/ceipsansebastianlapuebladelrio\/files\/2019\/10\/LOGOAPERTURA-36x36.png 36w, https:\/\/blogsaverroes.juntadeandalucia.es\/ceipsansebastianlapuebladelrio\/files\/2019\/10\/LOGOAPERTURA-48x48.png 48w\" sizes=\"(max-width: 400px) 100vw, 400px\" \/><\/a><\/figure><\/div>\t\t\t\t<\/div>\n\t\t\t\t<\/div>\n\t\t\t\t\t<\/div>\n\t\t<\/div>\n\t\t\t\t<div class=\"elementor-column elementor-col-10 elementor-top-column elementor-element elementor-element-69181a1b\" data-id=\"69181a1b\" data-element_type=\"column\">\n\t\t\t<div class=\"elementor-widget-wrap elementor-element-populated\">\n\t\t\t\t\t\t<div class=\"elementor-element elementor-element-5e84a173 elementor-position-top elementor-widget elementor-widget-image-box\" data-id=\"5e84a173\" data-element_type=\"widget\" data-widget_type=\"image-box.default\">\n\t\t\t\t<div class=\"elementor-widget-container\">\n\t\t\t\t\t<div class=\"elementor-image-box-wrapper\"><figure class=\"elementor-image-box-img\"><a href=\"https:\/\/blogsaverroes.juntadeandalucia.es\/ceipsansebastianlapuebladelrio\/escuela-tic-2-0\/\" tabindex=\"-1\"><img loading=\"lazy\" decoding=\"async\" width=\"400\" height=\"400\" src=\"https:\/\/blogsaverroes.juntadeandalucia.es\/ceipsansebastianlapuebladelrio\/files\/2019\/10\/LOGOTIC.png\" class=\"attachment-large size-large wp-image-794\" alt=\"\" srcset=\"https:\/\/blogsaverroes.juntadeandalucia.es\/ceipsansebastianlapuebladelrio\/files\/2019\/10\/LOGOTIC.png 400w, https:\/\/blogsaverroes.juntadeandalucia.es\/ceipsansebastianlapuebladelrio\/files\/2019\/10\/LOGOTIC-150x150.png 150w, https:\/\/blogsaverroes.juntadeandalucia.es\/ceipsansebastianlapuebladelrio\/files\/2019\/10\/LOGOTIC-300x300.png 300w, https:\/\/blogsaverroes.juntadeandalucia.es\/ceipsansebastianlapuebladelrio\/files\/2019\/10\/LOGOTIC-100x100.png 100w, https:\/\/blogsaverroes.juntadeandalucia.es\/ceipsansebastianlapuebladelrio\/files\/2019\/10\/LOGOTIC-24x24.png 24w, https:\/\/blogsaverroes.juntadeandalucia.es\/ceipsansebastianlapuebladelrio\/files\/2019\/10\/LOGOTIC-36x36.png 36w, https:\/\/blogsaverroes.juntadeandalucia.es\/ceipsansebastianlapuebladelrio\/files\/2019\/10\/LOGOTIC-48x48.png 48w\" sizes=\"(max-width: 400px) 100vw, 400px\" \/><\/a><\/figure><\/div>\t\t\t\t<\/div>\n\t\t\t\t<\/div>\n\t\t\t\t\t<\/div>\n\t\t<\/div>\n\t\t\t\t<div class=\"elementor-column elementor-col-10 elementor-top-column elementor-element elementor-element-162b5d70\" data-id=\"162b5d70\" data-element_type=\"column\">\n\t\t\t<div class=\"elementor-widget-wrap elementor-element-populated\">\n\t\t\t\t\t\t<div class=\"elementor-element elementor-element-16647ad9 elementor-position-top elementor-widget elementor-widget-image-box\" data-id=\"16647ad9\" data-element_type=\"widget\" data-widget_type=\"image-box.default\">\n\t\t\t\t<div class=\"elementor-widget-container\">\n\t\t\t\t\t<div class=\"elementor-image-box-wrapper\"><figure class=\"elementor-image-box-img\"><a href=\"https:\/\/blogsaverroes.juntadeandalucia.es\/ceipsansebastianlapuebladelrio\/escuelas-deportivas\/\" tabindex=\"-1\"><img loading=\"lazy\" decoding=\"async\" width=\"400\" height=\"400\" src=\"https:\/\/blogsaverroes.juntadeandalucia.es\/ceipsansebastianlapuebladelrio\/files\/2019\/10\/LOGODEPORTE.png\" class=\"attachment-large size-large wp-image-793\" alt=\"\" srcset=\"https:\/\/blogsaverroes.juntadeandalucia.es\/ceipsansebastianlapuebladelrio\/files\/2019\/10\/LOGODEPORTE.png 400w, https:\/\/blogsaverroes.juntadeandalucia.es\/ceipsansebastianlapuebladelrio\/files\/2019\/10\/LOGODEPORTE-150x150.png 150w, https:\/\/blogsaverroes.juntadeandalucia.es\/ceipsansebastianlapuebladelrio\/files\/2019\/10\/LOGODEPORTE-300x300.png 300w, https:\/\/blogsaverroes.juntadeandalucia.es\/ceipsansebastianlapuebladelrio\/files\/2019\/10\/LOGODEPORTE-100x100.png 100w, https:\/\/blogsaverroes.juntadeandalucia.es\/ceipsansebastianlapuebladelrio\/files\/2019\/10\/LOGODEPORTE-24x24.png 24w, https:\/\/blogsaverroes.juntadeandalucia.es\/ceipsansebastianlapuebladelrio\/files\/2019\/10\/LOGODEPORTE-36x36.png 36w, https:\/\/blogsaverroes.juntadeandalucia.es\/ceipsansebastianlapuebladelrio\/files\/2019\/10\/LOGODEPORTE-48x48.png 48w\" sizes=\"(max-width: 400px) 100vw, 400px\" \/><\/a><\/figure><\/div>\t\t\t\t<\/div>\n\t\t\t\t<\/div>\n\t\t\t\t\t<\/div>\n\t\t<\/div>\n\t\t\t\t<div class=\"elementor-column elementor-col-10 elementor-top-column elementor-element elementor-element-6a402518\" data-id=\"6a402518\" data-element_type=\"column\">\n\t\t\t<div class=\"elementor-widget-wrap elementor-element-populated\">\n\t\t\t\t\t\t<div class=\"elementor-element elementor-element-66bd004e elementor-position-top elementor-widget elementor-widget-image-box\" data-id=\"66bd004e\" data-element_type=\"widget\" data-widget_type=\"image-box.default\">\n\t\t\t\t<div class=\"elementor-widget-container\">\n\t\t\t\t\t<div class=\"elementor-image-box-wrapper\"><figure class=\"elementor-image-box-img\"><a href=\"https:\/\/blogsaverroes.juntadeandalucia.es\/ceipsansebastianlapuebladelrio\/acompanamiento-escolar\/\" tabindex=\"-1\"><img loading=\"lazy\" decoding=\"async\" width=\"400\" height=\"400\" src=\"https:\/\/blogsaverroes.juntadeandalucia.es\/ceipsansebastianlapuebladelrio\/files\/2019\/10\/logoacompan\u0303amiento.png\" class=\"attachment-large size-large wp-image-810\" alt=\"\" srcset=\"https:\/\/blogsaverroes.juntadeandalucia.es\/ceipsansebastianlapuebladelrio\/files\/2019\/10\/logoacompan\u0303amiento.png 400w, https:\/\/blogsaverroes.juntadeandalucia.es\/ceipsansebastianlapuebladelrio\/files\/2019\/10\/logoacompan\u0303amiento-150x150.png 150w, https:\/\/blogsaverroes.juntadeandalucia.es\/ceipsansebastianlapuebladelrio\/files\/2019\/10\/logoacompan\u0303amiento-300x300.png 300w, https:\/\/blogsaverroes.juntadeandalucia.es\/ceipsansebastianlapuebladelrio\/files\/2019\/10\/logoacompan\u0303amiento-100x100.png 100w, https:\/\/blogsaverroes.juntadeandalucia.es\/ceipsansebastianlapuebladelrio\/files\/2019\/10\/logoacompan\u0303amiento-24x24.png 24w, https:\/\/blogsaverroes.juntadeandalucia.es\/ceipsansebastianlapuebladelrio\/files\/2019\/10\/logoacompan\u0303amiento-36x36.png 36w, https:\/\/blogsaverroes.juntadeandalucia.es\/ceipsansebastianlapuebladelrio\/files\/2019\/10\/logoacompan\u0303amiento-48x48.png 48w\" sizes=\"(max-width: 400px) 100vw, 400px\" \/><\/a><\/figure><\/div>\t\t\t\t<\/div>\n\t\t\t\t<\/div>\n\t\t\t\t\t<\/div>\n\t\t<\/div>\n\t\t\t\t\t<\/div>\n\t\t<\/section>\n\t\t\t\t<\/div>\n\t\t","protected":false},"excerpt":{"rendered":"<p>Proyectos del Centro Plan Apertura Dentro del Plan de Apoyo a las Familias Andaluzas, la Consejer\u00eda de Educaci\u00f3n persigue que los centros docentes, m\u00e1s all\u00e1 de la jornada lectiva tradicional, sean capaces de ofrecer al alumnado y sus familias una oferta de jornada escolar completa, de forma que encuentren en sus centros las actividades que &hellip; <\/p>\n<p class=\"link-more\"><a href=\"https:\/\/blogsaverroes.juntadeandalucia.es\/ceipsansebastianlapuebladelrio\/plan-apertura\/\" class=\"more-link\">Continuar leyendo<span class=\"screen-reader-text\"> \u00abPLAN APERTURA\u00bb<\/span><\/a><\/p>\n","protected":false},"author":7739,"featured_media":0,"parent":0,"menu_order":0,"comment_status":"closed","ping_status":"closed","template":"elementor_header_footer","meta":{"footnotes":""},"aioseo_notices":[],"_links":{"self":[{"href":"https:\/\/blogsaverroes.juntadeandalucia.es\/ceipsansebastianlapuebladelrio\/wp-json\/wp\/v2\/pages\/824"}],"collection":[{"href":"https:\/\/blogsaverroes.juntadeandalucia.es\/ceipsansebastianlapuebladelrio\/wp-json\/wp\/v2\/pages"}],"about":[{"href":"https:\/\/blogsaverroes.juntadeandalucia.es\/ceipsansebastianlapuebladelrio\/wp-json\/wp\/v2\/types\/page"}],"author":[{"embeddable":true,"href":"https:\/\/blogsaverroes.juntadeandalucia.es\/ceipsansebastianlapuebladelrio\/wp-json\/wp\/v2\/users\/7739"}],"replies":[{"embeddable":true,"href":"https:\/\/blogsaverroes.juntadeandalucia.es\/ceipsansebastianlapuebladelrio\/wp-json\/wp\/v2\/comments?post=824"}],"version-history":[{"count":14,"href":"https:\/\/blogsaverroes.juntadeandalucia.es\/ceipsansebastianlapuebladelrio\/wp-json\/wp\/v2\/pages\/824\/revisions"}],"predecessor-version":[{"id":1772,"href":"https:\/\/blogsaverroes.juntadeandalucia.es\/ceipsansebastianlapuebladelrio\/wp-json\/wp\/v2\/pages\/824\/revisions\/1772"}],"wp:attachment":[{"href":"https:\/\/blogsaverroes.juntadeandalucia.es\/ceipsansebastianlapuebladelrio\/wp-json\/wp\/v2\/media?parent=824"}],"curies":[{"name":"wp","href":"https:\/\/api.w.org\/{rel}","templated":true}]}}