{"id":826,"date":"2019-11-02T17:52:03","date_gmt":"2019-11-02T16:52:03","guid":{"rendered":"https:\/\/blogsaverroes.juntadeandalucia.es\/ceipsansebastianlapuebladelrio\/?page_id=826"},"modified":"2020-01-12T22:21:40","modified_gmt":"2020-01-12T21:21:40","slug":"escuela-tic-2-0","status":"publish","type":"page","link":"https:\/\/blogsaverroes.juntadeandalucia.es\/ceipsansebastianlapuebladelrio\/escuela-tic-2-0\/","title":{"rendered":"ESCUELA TIC 2.0"},"content":{"rendered":"\t\t<div data-elementor-type=\"wp-post\" data-elementor-id=\"826\" class=\"elementor elementor-826\">\n\t\t\t\t\t\t<section class=\"elementor-section elementor-top-section elementor-element elementor-element-700702a3 elementor-section-boxed elementor-section-height-default elementor-section-height-default\" data-id=\"700702a3\" data-element_type=\"section\">\n\t\t\t\t\t\t<div class=\"elementor-container elementor-column-gap-default\">\n\t\t\t\t\t<div class=\"elementor-column elementor-col-100 elementor-top-column elementor-element elementor-element-3977d834\" data-id=\"3977d834\" data-element_type=\"column\">\n\t\t\t<div class=\"elementor-widget-wrap elementor-element-populated\">\n\t\t\t\t\t\t<div class=\"elementor-element elementor-element-4d246710 elementor-widget elementor-widget-heading\" data-id=\"4d246710\" data-element_type=\"widget\" data-widget_type=\"heading.default\">\n\t\t\t\t<div class=\"elementor-widget-container\">\n\t\t\t\t\t<h2 class=\"elementor-heading-title elementor-size-default\">Proyectos del Centro<\/h2>\t\t\t\t<\/div>\n\t\t\t\t<\/div>\n\t\t\t\t\t<\/div>\n\t\t<\/div>\n\t\t\t\t\t<\/div>\n\t\t<\/section>\n\t\t\t\t<section class=\"elementor-section elementor-top-section elementor-element elementor-element-617ae55b elementor-hidden-phone elementor-section-boxed elementor-section-height-default elementor-section-height-default\" data-id=\"617ae55b\" data-element_type=\"section\">\n\t\t\t\t\t\t<div class=\"elementor-container elementor-column-gap-default\">\n\t\t\t\t\t<div class=\"elementor-column elementor-col-10 elementor-top-column elementor-element elementor-element-2fd3923c\" data-id=\"2fd3923c\" data-element_type=\"column\">\n\t\t\t<div class=\"elementor-widget-wrap elementor-element-populated\">\n\t\t\t\t\t\t<div class=\"elementor-element elementor-element-4e6b027d elementor-position-top elementor-widget elementor-widget-image-box\" data-id=\"4e6b027d\" data-element_type=\"widget\" data-widget_type=\"image-box.default\">\n\t\t\t\t<div class=\"elementor-widget-container\">\n\t\t\t\t\t<div class=\"elementor-image-box-wrapper\"><figure class=\"elementor-image-box-img\"><a href=\"https:\/\/blogsaverroes.juntadeandalucia.es\/ceipsansebastianlapuebladelrio\/red-andaluza-escuela-espacio-de-paz\/\" tabindex=\"-1\"><img fetchpriority=\"high\" decoding=\"async\" width=\"400\" height=\"400\" src=\"https:\/\/blogsaverroes.juntadeandalucia.es\/ceipsansebastianlapuebladelrio\/files\/2019\/10\/LOGOPAZBUENO.png\" class=\"attachment-large size-large wp-image-790\" alt=\"\" srcset=\"https:\/\/blogsaverroes.juntadeandalucia.es\/ceipsansebastianlapuebladelrio\/files\/2019\/10\/LOGOPAZBUENO.png 400w, https:\/\/blogsaverroes.juntadeandalucia.es\/ceipsansebastianlapuebladelrio\/files\/2019\/10\/LOGOPAZBUENO-150x150.png 150w, https:\/\/blogsaverroes.juntadeandalucia.es\/ceipsansebastianlapuebladelrio\/files\/2019\/10\/LOGOPAZBUENO-300x300.png 300w, https:\/\/blogsaverroes.juntadeandalucia.es\/ceipsansebastianlapuebladelrio\/files\/2019\/10\/LOGOPAZBUENO-100x100.png 100w, https:\/\/blogsaverroes.juntadeandalucia.es\/ceipsansebastianlapuebladelrio\/files\/2019\/10\/LOGOPAZBUENO-24x24.png 24w, https:\/\/blogsaverroes.juntadeandalucia.es\/ceipsansebastianlapuebladelrio\/files\/2019\/10\/LOGOPAZBUENO-36x36.png 36w, https:\/\/blogsaverroes.juntadeandalucia.es\/ceipsansebastianlapuebladelrio\/files\/2019\/10\/LOGOPAZBUENO-48x48.png 48w\" sizes=\"(max-width: 400px) 100vw, 400px\" \/><\/a><\/figure><\/div>\t\t\t\t<\/div>\n\t\t\t\t<\/div>\n\t\t\t\t\t<\/div>\n\t\t<\/div>\n\t\t\t\t<div class=\"elementor-column elementor-col-10 elementor-top-column elementor-element elementor-element-7506ee60\" data-id=\"7506ee60\" data-element_type=\"column\">\n\t\t\t<div class=\"elementor-widget-wrap elementor-element-populated\">\n\t\t\t\t\t\t<div class=\"elementor-element elementor-element-6facaee6 elementor-position-top elementor-widget elementor-widget-image-box\" data-id=\"6facaee6\" data-element_type=\"widget\" data-widget_type=\"image-box.default\">\n\t\t\t\t<div class=\"elementor-widget-container\">\n\t\t\t\t\t<div class=\"elementor-image-box-wrapper\"><figure class=\"elementor-image-box-img\"><a href=\"https:\/\/blogsaverroes.juntadeandalucia.es\/ceipsansebastianlapuebladelrio\/para-vivir-en-igualdad\/\" tabindex=\"-1\"><img decoding=\"async\" width=\"400\" height=\"400\" src=\"https:\/\/blogsaverroes.juntadeandalucia.es\/ceipsansebastianlapuebladelrio\/files\/2019\/10\/vivirigualdad.png\" class=\"attachment-large size-large wp-image-783\" alt=\"\" srcset=\"https:\/\/blogsaverroes.juntadeandalucia.es\/ceipsansebastianlapuebladelrio\/files\/2019\/10\/vivirigualdad.png 400w, https:\/\/blogsaverroes.juntadeandalucia.es\/ceipsansebastianlapuebladelrio\/files\/2019\/10\/vivirigualdad-150x150.png 150w, https:\/\/blogsaverroes.juntadeandalucia.es\/ceipsansebastianlapuebladelrio\/files\/2019\/10\/vivirigualdad-300x300.png 300w, https:\/\/blogsaverroes.juntadeandalucia.es\/ceipsansebastianlapuebladelrio\/files\/2019\/10\/vivirigualdad-100x100.png 100w, https:\/\/blogsaverroes.juntadeandalucia.es\/ceipsansebastianlapuebladelrio\/files\/2019\/10\/vivirigualdad-24x24.png 24w, https:\/\/blogsaverroes.juntadeandalucia.es\/ceipsansebastianlapuebladelrio\/files\/2019\/10\/vivirigualdad-36x36.png 36w, https:\/\/blogsaverroes.juntadeandalucia.es\/ceipsansebastianlapuebladelrio\/files\/2019\/10\/vivirigualdad-48x48.png 48w\" sizes=\"(max-width: 400px) 100vw, 400px\" \/><\/a><\/figure><\/div>\t\t\t\t<\/div>\n\t\t\t\t<\/div>\n\t\t\t\t\t<\/div>\n\t\t<\/div>\n\t\t\t\t<div class=\"elementor-column elementor-col-10 elementor-top-column elementor-element elementor-element-5f703011\" data-id=\"5f703011\" data-element_type=\"column\">\n\t\t\t<div class=\"elementor-widget-wrap elementor-element-populated\">\n\t\t\t\t\t\t<div class=\"elementor-element elementor-element-2c896925 elementor-position-top elementor-widget elementor-widget-image-box\" data-id=\"2c896925\" data-element_type=\"widget\" data-widget_type=\"image-box.default\">\n\t\t\t\t<div class=\"elementor-widget-container\">\n\t\t\t\t\t<div class=\"elementor-image-box-wrapper\"><figure class=\"elementor-image-box-img\"><a href=\"https:\/\/blogsaverroes.juntadeandalucia.es\/ceipsansebastianlapuebladelrio\/proyecto-aldea\/\" tabindex=\"-1\"><img decoding=\"async\" width=\"400\" height=\"400\" src=\"https:\/\/blogsaverroes.juntadeandalucia.es\/ceipsansebastianlapuebladelrio\/files\/2019\/10\/LOGOALDEA.png\" class=\"attachment-large size-large wp-image-791\" alt=\"\" srcset=\"https:\/\/blogsaverroes.juntadeandalucia.es\/ceipsansebastianlapuebladelrio\/files\/2019\/10\/LOGOALDEA.png 400w, https:\/\/blogsaverroes.juntadeandalucia.es\/ceipsansebastianlapuebladelrio\/files\/2019\/10\/LOGOALDEA-150x150.png 150w, https:\/\/blogsaverroes.juntadeandalucia.es\/ceipsansebastianlapuebladelrio\/files\/2019\/10\/LOGOALDEA-300x300.png 300w, https:\/\/blogsaverroes.juntadeandalucia.es\/ceipsansebastianlapuebladelrio\/files\/2019\/10\/LOGOALDEA-100x100.png 100w, https:\/\/blogsaverroes.juntadeandalucia.es\/ceipsansebastianlapuebladelrio\/files\/2019\/10\/LOGOALDEA-24x24.png 24w, https:\/\/blogsaverroes.juntadeandalucia.es\/ceipsansebastianlapuebladelrio\/files\/2019\/10\/LOGOALDEA-36x36.png 36w, https:\/\/blogsaverroes.juntadeandalucia.es\/ceipsansebastianlapuebladelrio\/files\/2019\/10\/LOGOALDEA-48x48.png 48w\" sizes=\"(max-width: 400px) 100vw, 400px\" \/><\/a><\/figure><\/div>\t\t\t\t<\/div>\n\t\t\t\t<\/div>\n\t\t\t\t\t<\/div>\n\t\t<\/div>\n\t\t\t\t<div class=\"elementor-column elementor-col-10 elementor-top-column elementor-element elementor-element-67d9f576\" data-id=\"67d9f576\" data-element_type=\"column\">\n\t\t\t<div class=\"elementor-widget-wrap elementor-element-populated\">\n\t\t\t\t\t\t<div class=\"elementor-element elementor-element-3e680609 elementor-position-top elementor-widget elementor-widget-image-box\" data-id=\"3e680609\" data-element_type=\"widget\" data-widget_type=\"image-box.default\">\n\t\t\t\t<div class=\"elementor-widget-container\">\n\t\t\t\t\t<div class=\"elementor-image-box-wrapper\"><figure class=\"elementor-image-box-img\"><a href=\"https:\/\/blogsaverroes.juntadeandalucia.es\/ceipsansebastianlapuebladelrio\/biblioteca\/\" tabindex=\"-1\"><img loading=\"lazy\" decoding=\"async\" width=\"400\" height=\"400\" src=\"https:\/\/blogsaverroes.juntadeandalucia.es\/ceipsansebastianlapuebladelrio\/files\/2019\/10\/biblioteca.png\" class=\"attachment-large size-large wp-image-798\" alt=\"\" srcset=\"https:\/\/blogsaverroes.juntadeandalucia.es\/ceipsansebastianlapuebladelrio\/files\/2019\/10\/biblioteca.png 400w, https:\/\/blogsaverroes.juntadeandalucia.es\/ceipsansebastianlapuebladelrio\/files\/2019\/10\/biblioteca-150x150.png 150w, https:\/\/blogsaverroes.juntadeandalucia.es\/ceipsansebastianlapuebladelrio\/files\/2019\/10\/biblioteca-300x300.png 300w, https:\/\/blogsaverroes.juntadeandalucia.es\/ceipsansebastianlapuebladelrio\/files\/2019\/10\/biblioteca-100x100.png 100w, https:\/\/blogsaverroes.juntadeandalucia.es\/ceipsansebastianlapuebladelrio\/files\/2019\/10\/biblioteca-24x24.png 24w, https:\/\/blogsaverroes.juntadeandalucia.es\/ceipsansebastianlapuebladelrio\/files\/2019\/10\/biblioteca-36x36.png 36w, https:\/\/blogsaverroes.juntadeandalucia.es\/ceipsansebastianlapuebladelrio\/files\/2019\/10\/biblioteca-48x48.png 48w\" sizes=\"(max-width: 400px) 100vw, 400px\" \/><\/a><\/figure><\/div>\t\t\t\t<\/div>\n\t\t\t\t<\/div>\n\t\t\t\t\t<\/div>\n\t\t<\/div>\n\t\t\t\t<div class=\"elementor-column elementor-col-10 elementor-top-column elementor-element elementor-element-6c7ba28b\" data-id=\"6c7ba28b\" data-element_type=\"column\">\n\t\t\t<div class=\"elementor-widget-wrap elementor-element-populated\">\n\t\t\t\t\t\t<div class=\"elementor-element elementor-element-65728fc9 elementor-position-top elementor-widget elementor-widget-image-box\" data-id=\"65728fc9\" data-element_type=\"widget\" data-widget_type=\"image-box.default\">\n\t\t\t\t<div class=\"elementor-widget-container\">\n\t\t\t\t\t<div class=\"elementor-image-box-wrapper\"><figure class=\"elementor-image-box-img\"><a href=\"https:\/\/blogsaverroes.juntadeandalucia.es\/ceipsansebastianlapuebladelrio\/creciendo-en-salud\/\" tabindex=\"-1\"><img loading=\"lazy\" decoding=\"async\" width=\"400\" height=\"400\" src=\"https:\/\/blogsaverroes.juntadeandalucia.es\/ceipsansebastianlapuebladelrio\/files\/2019\/10\/creciendosalud.png\" class=\"attachment-large size-large wp-image-801\" alt=\"\" srcset=\"https:\/\/blogsaverroes.juntadeandalucia.es\/ceipsansebastianlapuebladelrio\/files\/2019\/10\/creciendosalud.png 400w, https:\/\/blogsaverroes.juntadeandalucia.es\/ceipsansebastianlapuebladelrio\/files\/2019\/10\/creciendosalud-150x150.png 150w, https:\/\/blogsaverroes.juntadeandalucia.es\/ceipsansebastianlapuebladelrio\/files\/2019\/10\/creciendosalud-300x300.png 300w, https:\/\/blogsaverroes.juntadeandalucia.es\/ceipsansebastianlapuebladelrio\/files\/2019\/10\/creciendosalud-100x100.png 100w, https:\/\/blogsaverroes.juntadeandalucia.es\/ceipsansebastianlapuebladelrio\/files\/2019\/10\/creciendosalud-24x24.png 24w, https:\/\/blogsaverroes.juntadeandalucia.es\/ceipsansebastianlapuebladelrio\/files\/2019\/10\/creciendosalud-36x36.png 36w, https:\/\/blogsaverroes.juntadeandalucia.es\/ceipsansebastianlapuebladelrio\/files\/2019\/10\/creciendosalud-48x48.png 48w\" sizes=\"(max-width: 400px) 100vw, 400px\" \/><\/a><\/figure><\/div>\t\t\t\t<\/div>\n\t\t\t\t<\/div>\n\t\t\t\t\t<\/div>\n\t\t<\/div>\n\t\t\t\t<div class=\"elementor-column elementor-col-10 elementor-top-column elementor-element elementor-element-741bdf5a\" data-id=\"741bdf5a\" data-element_type=\"column\">\n\t\t\t<div class=\"elementor-widget-wrap elementor-element-populated\">\n\t\t\t\t\t\t<div class=\"elementor-element elementor-element-214bce4c elementor-position-top elementor-widget elementor-widget-image-box\" data-id=\"214bce4c\" data-element_type=\"widget\" data-widget_type=\"image-box.default\">\n\t\t\t\t<div class=\"elementor-widget-container\">\n\t\t\t\t\t<div class=\"elementor-image-box-wrapper\"><figure class=\"elementor-image-box-img\"><a href=\"https:\/\/blogsaverroes.juntadeandalucia.es\/elpasaporte\/\" target=\"_blank\" tabindex=\"-1\"><img loading=\"lazy\" decoding=\"async\" width=\"400\" height=\"400\" src=\"https:\/\/blogsaverroes.juntadeandalucia.es\/ceipsansebastianlapuebladelrio\/files\/2019\/10\/PASAPORTE.png\" class=\"attachment-large size-large wp-image-797\" alt=\"\" srcset=\"https:\/\/blogsaverroes.juntadeandalucia.es\/ceipsansebastianlapuebladelrio\/files\/2019\/10\/PASAPORTE.png 400w, https:\/\/blogsaverroes.juntadeandalucia.es\/ceipsansebastianlapuebladelrio\/files\/2019\/10\/PASAPORTE-150x150.png 150w, https:\/\/blogsaverroes.juntadeandalucia.es\/ceipsansebastianlapuebladelrio\/files\/2019\/10\/PASAPORTE-300x300.png 300w, https:\/\/blogsaverroes.juntadeandalucia.es\/ceipsansebastianlapuebladelrio\/files\/2019\/10\/PASAPORTE-100x100.png 100w, https:\/\/blogsaverroes.juntadeandalucia.es\/ceipsansebastianlapuebladelrio\/files\/2019\/10\/PASAPORTE-24x24.png 24w, https:\/\/blogsaverroes.juntadeandalucia.es\/ceipsansebastianlapuebladelrio\/files\/2019\/10\/PASAPORTE-36x36.png 36w, https:\/\/blogsaverroes.juntadeandalucia.es\/ceipsansebastianlapuebladelrio\/files\/2019\/10\/PASAPORTE-48x48.png 48w\" sizes=\"(max-width: 400px) 100vw, 400px\" \/><\/a><\/figure><\/div>\t\t\t\t<\/div>\n\t\t\t\t<\/div>\n\t\t\t\t\t<\/div>\n\t\t<\/div>\n\t\t\t\t<div class=\"elementor-column elementor-col-10 elementor-top-column elementor-element elementor-element-681d3f20\" data-id=\"681d3f20\" data-element_type=\"column\">\n\t\t\t<div class=\"elementor-widget-wrap elementor-element-populated\">\n\t\t\t\t\t\t<div class=\"elementor-element elementor-element-3057c502 elementor-position-top elementor-widget elementor-widget-image-box\" data-id=\"3057c502\" data-element_type=\"widget\" data-widget_type=\"image-box.default\">\n\t\t\t\t<div class=\"elementor-widget-container\">\n\t\t\t\t\t<div class=\"elementor-image-box-wrapper\"><figure class=\"elementor-image-box-img\"><a href=\"https:\/\/blogsaverroes.juntadeandalucia.es\/ceipsansebastianlapuebladelrio\/plan-apertura\/\" tabindex=\"-1\"><img loading=\"lazy\" decoding=\"async\" width=\"400\" height=\"400\" src=\"https:\/\/blogsaverroes.juntadeandalucia.es\/ceipsansebastianlapuebladelrio\/files\/2019\/10\/LOGOAPERTURA.png\" class=\"attachment-large size-large wp-image-792\" alt=\"\" srcset=\"https:\/\/blogsaverroes.juntadeandalucia.es\/ceipsansebastianlapuebladelrio\/files\/2019\/10\/LOGOAPERTURA.png 400w, https:\/\/blogsaverroes.juntadeandalucia.es\/ceipsansebastianlapuebladelrio\/files\/2019\/10\/LOGOAPERTURA-150x150.png 150w, https:\/\/blogsaverroes.juntadeandalucia.es\/ceipsansebastianlapuebladelrio\/files\/2019\/10\/LOGOAPERTURA-300x300.png 300w, https:\/\/blogsaverroes.juntadeandalucia.es\/ceipsansebastianlapuebladelrio\/files\/2019\/10\/LOGOAPERTURA-100x100.png 100w, https:\/\/blogsaverroes.juntadeandalucia.es\/ceipsansebastianlapuebladelrio\/files\/2019\/10\/LOGOAPERTURA-24x24.png 24w, https:\/\/blogsaverroes.juntadeandalucia.es\/ceipsansebastianlapuebladelrio\/files\/2019\/10\/LOGOAPERTURA-36x36.png 36w, https:\/\/blogsaverroes.juntadeandalucia.es\/ceipsansebastianlapuebladelrio\/files\/2019\/10\/LOGOAPERTURA-48x48.png 48w\" sizes=\"(max-width: 400px) 100vw, 400px\" \/><\/a><\/figure><\/div>\t\t\t\t<\/div>\n\t\t\t\t<\/div>\n\t\t\t\t\t<\/div>\n\t\t<\/div>\n\t\t\t\t<div class=\"elementor-column elementor-col-10 elementor-top-column elementor-element elementor-element-32d1e304\" data-id=\"32d1e304\" data-element_type=\"column\">\n\t\t\t<div class=\"elementor-widget-wrap elementor-element-populated\">\n\t\t\t\t\t\t<div class=\"elementor-element elementor-element-187038fc elementor-position-top elementor-widget elementor-widget-image-box\" data-id=\"187038fc\" data-element_type=\"widget\" data-widget_type=\"image-box.default\">\n\t\t\t\t<div class=\"elementor-widget-container\">\n\t\t\t\t\t<div class=\"elementor-image-box-wrapper\"><figure class=\"elementor-image-box-img\"><a href=\"https:\/\/blogsaverroes.juntadeandalucia.es\/ceipsansebastianlapuebladelrio\/escuela-tic-2-0\/\" tabindex=\"-1\"><img loading=\"lazy\" decoding=\"async\" width=\"400\" height=\"400\" src=\"https:\/\/blogsaverroes.juntadeandalucia.es\/ceipsansebastianlapuebladelrio\/files\/2019\/10\/LOGOTIC.png\" class=\"attachment-large size-large wp-image-794\" alt=\"\" srcset=\"https:\/\/blogsaverroes.juntadeandalucia.es\/ceipsansebastianlapuebladelrio\/files\/2019\/10\/LOGOTIC.png 400w, https:\/\/blogsaverroes.juntadeandalucia.es\/ceipsansebastianlapuebladelrio\/files\/2019\/10\/LOGOTIC-150x150.png 150w, https:\/\/blogsaverroes.juntadeandalucia.es\/ceipsansebastianlapuebladelrio\/files\/2019\/10\/LOGOTIC-300x300.png 300w, https:\/\/blogsaverroes.juntadeandalucia.es\/ceipsansebastianlapuebladelrio\/files\/2019\/10\/LOGOTIC-100x100.png 100w, https:\/\/blogsaverroes.juntadeandalucia.es\/ceipsansebastianlapuebladelrio\/files\/2019\/10\/LOGOTIC-24x24.png 24w, https:\/\/blogsaverroes.juntadeandalucia.es\/ceipsansebastianlapuebladelrio\/files\/2019\/10\/LOGOTIC-36x36.png 36w, https:\/\/blogsaverroes.juntadeandalucia.es\/ceipsansebastianlapuebladelrio\/files\/2019\/10\/LOGOTIC-48x48.png 48w\" sizes=\"(max-width: 400px) 100vw, 400px\" \/><\/a><\/figure><\/div>\t\t\t\t<\/div>\n\t\t\t\t<\/div>\n\t\t\t\t\t<\/div>\n\t\t<\/div>\n\t\t\t\t<div class=\"elementor-column elementor-col-10 elementor-top-column elementor-element elementor-element-756d72d5\" data-id=\"756d72d5\" data-element_type=\"column\">\n\t\t\t<div class=\"elementor-widget-wrap elementor-element-populated\">\n\t\t\t\t\t\t<div class=\"elementor-element elementor-element-4c4f376d elementor-position-top elementor-widget elementor-widget-image-box\" data-id=\"4c4f376d\" data-element_type=\"widget\" data-widget_type=\"image-box.default\">\n\t\t\t\t<div class=\"elementor-widget-container\">\n\t\t\t\t\t<div class=\"elementor-image-box-wrapper\"><figure class=\"elementor-image-box-img\"><a href=\"https:\/\/blogsaverroes.juntadeandalucia.es\/ceipsansebastianlapuebladelrio\/escuelas-deportivas\/\" tabindex=\"-1\"><img loading=\"lazy\" decoding=\"async\" width=\"400\" height=\"400\" src=\"https:\/\/blogsaverroes.juntadeandalucia.es\/ceipsansebastianlapuebladelrio\/files\/2019\/10\/LOGODEPORTE.png\" class=\"attachment-large size-large wp-image-793\" alt=\"\" srcset=\"https:\/\/blogsaverroes.juntadeandalucia.es\/ceipsansebastianlapuebladelrio\/files\/2019\/10\/LOGODEPORTE.png 400w, https:\/\/blogsaverroes.juntadeandalucia.es\/ceipsansebastianlapuebladelrio\/files\/2019\/10\/LOGODEPORTE-150x150.png 150w, https:\/\/blogsaverroes.juntadeandalucia.es\/ceipsansebastianlapuebladelrio\/files\/2019\/10\/LOGODEPORTE-300x300.png 300w, https:\/\/blogsaverroes.juntadeandalucia.es\/ceipsansebastianlapuebladelrio\/files\/2019\/10\/LOGODEPORTE-100x100.png 100w, https:\/\/blogsaverroes.juntadeandalucia.es\/ceipsansebastianlapuebladelrio\/files\/2019\/10\/LOGODEPORTE-24x24.png 24w, https:\/\/blogsaverroes.juntadeandalucia.es\/ceipsansebastianlapuebladelrio\/files\/2019\/10\/LOGODEPORTE-36x36.png 36w, https:\/\/blogsaverroes.juntadeandalucia.es\/ceipsansebastianlapuebladelrio\/files\/2019\/10\/LOGODEPORTE-48x48.png 48w\" sizes=\"(max-width: 400px) 100vw, 400px\" \/><\/a><\/figure><\/div>\t\t\t\t<\/div>\n\t\t\t\t<\/div>\n\t\t\t\t\t<\/div>\n\t\t<\/div>\n\t\t\t\t<div class=\"elementor-column elementor-col-10 elementor-top-column elementor-element elementor-element-744d2628\" data-id=\"744d2628\" data-element_type=\"column\">\n\t\t\t<div class=\"elementor-widget-wrap elementor-element-populated\">\n\t\t\t\t\t\t<div class=\"elementor-element elementor-element-5cc2306b elementor-position-top elementor-widget elementor-widget-image-box\" data-id=\"5cc2306b\" data-element_type=\"widget\" data-widget_type=\"image-box.default\">\n\t\t\t\t<div class=\"elementor-widget-container\">\n\t\t\t\t\t<div class=\"elementor-image-box-wrapper\"><figure class=\"elementor-image-box-img\"><a href=\"https:\/\/blogsaverroes.juntadeandalucia.es\/ceipsansebastianlapuebladelrio\/acompanamiento-escolar\/\" tabindex=\"-1\"><img loading=\"lazy\" decoding=\"async\" width=\"400\" height=\"400\" src=\"https:\/\/blogsaverroes.juntadeandalucia.es\/ceipsansebastianlapuebladelrio\/files\/2019\/10\/logoacompan\u0303amiento.png\" class=\"attachment-large size-large wp-image-810\" alt=\"\" srcset=\"https:\/\/blogsaverroes.juntadeandalucia.es\/ceipsansebastianlapuebladelrio\/files\/2019\/10\/logoacompan\u0303amiento.png 400w, https:\/\/blogsaverroes.juntadeandalucia.es\/ceipsansebastianlapuebladelrio\/files\/2019\/10\/logoacompan\u0303amiento-150x150.png 150w, https:\/\/blogsaverroes.juntadeandalucia.es\/ceipsansebastianlapuebladelrio\/files\/2019\/10\/logoacompan\u0303amiento-300x300.png 300w, https:\/\/blogsaverroes.juntadeandalucia.es\/ceipsansebastianlapuebladelrio\/files\/2019\/10\/logoacompan\u0303amiento-100x100.png 100w, https:\/\/blogsaverroes.juntadeandalucia.es\/ceipsansebastianlapuebladelrio\/files\/2019\/10\/logoacompan\u0303amiento-24x24.png 24w, https:\/\/blogsaverroes.juntadeandalucia.es\/ceipsansebastianlapuebladelrio\/files\/2019\/10\/logoacompan\u0303amiento-36x36.png 36w, https:\/\/blogsaverroes.juntadeandalucia.es\/ceipsansebastianlapuebladelrio\/files\/2019\/10\/logoacompan\u0303amiento-48x48.png 48w\" sizes=\"(max-width: 400px) 100vw, 400px\" \/><\/a><\/figure><\/div>\t\t\t\t<\/div>\n\t\t\t\t<\/div>\n\t\t\t\t\t<\/div>\n\t\t<\/div>\n\t\t\t\t\t<\/div>\n\t\t<\/section>\n\t\t\t\t<section class=\"elementor-section elementor-top-section elementor-element elementor-element-24eafeff elementor-section-boxed elementor-section-height-default elementor-section-height-default\" data-id=\"24eafeff\" data-element_type=\"section\">\n\t\t\t\t\t\t<div class=\"elementor-container elementor-column-gap-default\">\n\t\t\t\t\t<div class=\"elementor-column elementor-col-100 elementor-top-column elementor-element elementor-element-6391b79d\" data-id=\"6391b79d\" data-element_type=\"column\">\n\t\t\t<div class=\"elementor-widget-wrap elementor-element-populated\">\n\t\t\t\t\t\t<div class=\"elementor-element elementor-element-282e941 elementor-widget-divider--view-line elementor-widget elementor-widget-divider\" data-id=\"282e941\" data-element_type=\"widget\" data-widget_type=\"divider.default\">\n\t\t\t\t<div class=\"elementor-widget-container\">\n\t\t\t\t\t\t\t<div class=\"elementor-divider\">\n\t\t\t<span class=\"elementor-divider-separator\">\n\t\t\t\t\t\t<\/span>\n\t\t<\/div>\n\t\t\t\t\t\t<\/div>\n\t\t\t\t<\/div>\n\t\t\t\t\t<\/div>\n\t\t<\/div>\n\t\t\t\t\t<\/div>\n\t\t<\/section>\n\t\t\t\t<section class=\"elementor-section elementor-top-section elementor-element elementor-element-1380175 elementor-section-boxed elementor-section-height-default elementor-section-height-default\" data-id=\"1380175\" data-element_type=\"section\">\n\t\t\t\t\t\t<div class=\"elementor-container elementor-column-gap-default\">\n\t\t\t\t\t<div class=\"elementor-column elementor-col-100 elementor-top-column elementor-element elementor-element-3883904\" data-id=\"3883904\" data-element_type=\"column\">\n\t\t\t<div class=\"elementor-widget-wrap elementor-element-populated\">\n\t\t\t\t\t\t<div class=\"elementor-element elementor-element-461d91c6 elementor-widget elementor-widget-image\" data-id=\"461d91c6\" data-element_type=\"widget\" data-widget_type=\"image.default\">\n\t\t\t\t<div class=\"elementor-widget-container\">\n\t\t\t\t\t\t\t\t\t\t\t\t\t\t\t<img loading=\"lazy\" decoding=\"async\" width=\"1200\" height=\"300\" src=\"https:\/\/blogsaverroes.juntadeandalucia.es\/ceipsansebastianlapuebladelrio\/files\/2019\/11\/tic2.obanner.png\" class=\"attachment-full size-full wp-image-1201\" alt=\"\" srcset=\"https:\/\/blogsaverroes.juntadeandalucia.es\/ceipsansebastianlapuebladelrio\/files\/2019\/11\/tic2.obanner.png 1200w, https:\/\/blogsaverroes.juntadeandalucia.es\/ceipsansebastianlapuebladelrio\/files\/2019\/11\/tic2.obanner-300x75.png 300w, https:\/\/blogsaverroes.juntadeandalucia.es\/ceipsansebastianlapuebladelrio\/files\/2019\/11\/tic2.obanner-768x192.png 768w, https:\/\/blogsaverroes.juntadeandalucia.es\/ceipsansebastianlapuebladelrio\/files\/2019\/11\/tic2.obanner-1024x256.png 1024w, https:\/\/blogsaverroes.juntadeandalucia.es\/ceipsansebastianlapuebladelrio\/files\/2019\/11\/tic2.obanner-24x6.png 24w, https:\/\/blogsaverroes.juntadeandalucia.es\/ceipsansebastianlapuebladelrio\/files\/2019\/11\/tic2.obanner-36x9.png 36w, https:\/\/blogsaverroes.juntadeandalucia.es\/ceipsansebastianlapuebladelrio\/files\/2019\/11\/tic2.obanner-48x12.png 48w\" sizes=\"100vw\" \/>\t\t\t\t\t\t\t\t\t\t\t\t\t\t\t<\/div>\n\t\t\t\t<\/div>\n\t\t\t\t\t<\/div>\n\t\t<\/div>\n\t\t\t\t\t<\/div>\n\t\t<\/section>\n\t\t\t\t<section class=\"elementor-section elementor-top-section elementor-element elementor-element-3aafd9aa elementor-section-boxed elementor-section-height-default elementor-section-height-default\" data-id=\"3aafd9aa\" data-element_type=\"section\">\n\t\t\t\t\t\t<div class=\"elementor-container elementor-column-gap-default\">\n\t\t\t\t\t<div class=\"elementor-column elementor-col-100 elementor-top-column elementor-element elementor-element-50aca014\" data-id=\"50aca014\" data-element_type=\"column\">\n\t\t\t<div class=\"elementor-widget-wrap elementor-element-populated\">\n\t\t\t\t\t\t<div class=\"elementor-element elementor-element-2d4bf382 elementor-widget elementor-widget-spacer\" data-id=\"2d4bf382\" data-element_type=\"widget\" data-widget_type=\"spacer.default\">\n\t\t\t\t<div class=\"elementor-widget-container\">\n\t\t\t\t\t\t\t<div class=\"elementor-spacer\">\n\t\t\t<div class=\"elementor-spacer-inner\"><\/div>\n\t\t<\/div>\n\t\t\t\t\t\t<\/div>\n\t\t\t\t<\/div>\n\t\t\t\t\t<\/div>\n\t\t<\/div>\n\t\t\t\t\t<\/div>\n\t\t<\/section>\n\t\t\t\t<section class=\"elementor-section elementor-top-section elementor-element elementor-element-6c6fd51d elementor-section-boxed elementor-section-height-default elementor-section-height-default\" data-id=\"6c6fd51d\" data-element_type=\"section\">\n\t\t\t\t\t\t<div class=\"elementor-container elementor-column-gap-default\">\n\t\t\t\t\t<div class=\"elementor-column elementor-col-50 elementor-top-column elementor-element elementor-element-6a836be6\" data-id=\"6a836be6\" data-element_type=\"column\">\n\t\t\t<div class=\"elementor-widget-wrap elementor-element-populated\">\n\t\t\t\t\t\t<div class=\"elementor-element elementor-element-1d52f626 elementor-widget elementor-widget-heading\" data-id=\"1d52f626\" data-element_type=\"widget\" data-widget_type=\"heading.default\">\n\t\t\t\t<div class=\"elementor-widget-container\">\n\t\t\t\t\t<h2 class=\"elementor-heading-title elementor-size-default\">Escuela TIC 2.0<\/h2>\t\t\t\t<\/div>\n\t\t\t\t<\/div>\n\t\t\t\t<div class=\"elementor-element elementor-element-1f17a292 elementor-widget elementor-widget-text-editor\" data-id=\"1f17a292\" data-element_type=\"widget\" data-widget_type=\"text-editor.default\">\n\t\t\t\t<div class=\"elementor-widget-container\">\n\t\t\t\t\t\t\t\t\t<p class=\"MsoNormal\" style=\"text-align: justify\"><span lang=\"ES\" style=\"font-size: 12pt;font-family: tahoma, arial, helvetica, sans-serif\">Cabe destacar la necesidad de aceptar que una nueva generaci\u00f3n de usuarios nativos del mundo digital y virtual ha llegado y se ha asentado por completo, de ah\u00ed la complejidad de convivir con dicha realidad, y aceptar actitudes y comportamientos que a veces no llegamos a entender, debido a la simple pero compleja situaci\u00f3n en la que personas que se han adaptado a este medio, ense\u00f1an a otros que han nacido con \u00e9l, se siente c\u00f3modas y en ocasiones son m\u00e1s h\u00e1biles. <\/span><\/p><p class=\"MsoNormal\" style=\"text-align: justify\"><span lang=\"ES\" style=\"font-size: 12pt;font-family: tahoma, arial, helvetica, sans-serif\">\u00a0<\/span><\/p><p class=\"MsoNormal\" style=\"text-align: justify\"><span style=\"font-size: 12pt;font-family: tahoma, arial, helvetica, sans-serif\"><!-- [if gte mso 9]&gt;--><\/span><\/p><p><!-- [if gte mso 9]&gt;--><\/p><p>N<span style=\"font-family: tahoma, arial, helvetica, sans-serif;font-size: 12pt\">Partiendo de esta realidad, nuestro objetivo es aceptarla y aprovechar el amplio abanico de posibilidades que ofrece y a su vez, servir de filtro para que el alumnado sea cr\u00edtico y responsable<\/span><\/p>\t\t\t\t\t\t\t\t<\/div>\n\t\t\t\t<\/div>\n\t\t\t\t\t<\/div>\n\t\t<\/div>\n\t\t\t\t<div class=\"elementor-column elementor-col-50 elementor-top-column elementor-element elementor-element-170cd50b\" data-id=\"170cd50b\" data-element_type=\"column\">\n\t\t\t<div class=\"elementor-widget-wrap elementor-element-populated\">\n\t\t\t\t\t\t<div class=\"elementor-element elementor-element-cffa50c elementor-widget elementor-widget-image\" data-id=\"cffa50c\" data-element_type=\"widget\" data-widget_type=\"image.default\">\n\t\t\t\t<div class=\"elementor-widget-container\">\n\t\t\t\t\t\t\t\t\t\t\t\t\t\t\t<img loading=\"lazy\" decoding=\"async\" width=\"400\" height=\"400\" src=\"https:\/\/blogsaverroes.juntadeandalucia.es\/ceipsansebastianlapuebladelrio\/files\/2019\/11\/gabriel.png\" class=\"attachment-large size-large wp-image-1207\" alt=\"\" srcset=\"https:\/\/blogsaverroes.juntadeandalucia.es\/ceipsansebastianlapuebladelrio\/files\/2019\/11\/gabriel.png 400w, https:\/\/blogsaverroes.juntadeandalucia.es\/ceipsansebastianlapuebladelrio\/files\/2019\/11\/gabriel-150x150.png 150w, https:\/\/blogsaverroes.juntadeandalucia.es\/ceipsansebastianlapuebladelrio\/files\/2019\/11\/gabriel-300x300.png 300w, https:\/\/blogsaverroes.juntadeandalucia.es\/ceipsansebastianlapuebladelrio\/files\/2019\/11\/gabriel-100x100.png 100w, https:\/\/blogsaverroes.juntadeandalucia.es\/ceipsansebastianlapuebladelrio\/files\/2019\/11\/gabriel-24x24.png 24w, https:\/\/blogsaverroes.juntadeandalucia.es\/ceipsansebastianlapuebladelrio\/files\/2019\/11\/gabriel-36x36.png 36w, https:\/\/blogsaverroes.juntadeandalucia.es\/ceipsansebastianlapuebladelrio\/files\/2019\/11\/gabriel-48x48.png 48w\" sizes=\"100vw\" \/>\t\t\t\t\t\t\t\t\t\t\t\t\t\t\t<\/div>\n\t\t\t\t<\/div>\n\t\t\t\t<div class=\"elementor-element elementor-element-141e90f2 elementor-widget elementor-widget-heading\" data-id=\"141e90f2\" data-element_type=\"widget\" data-widget_type=\"heading.default\">\n\t\t\t\t<div class=\"elementor-widget-container\">\n\t\t\t\t\t<h2 class=\"elementor-heading-title elementor-size-default\">GABRIEL VICENTE-Coordinador<\/h2>\t\t\t\t<\/div>\n\t\t\t\t<\/div>\n\t\t\t\t\t<\/div>\n\t\t<\/div>\n\t\t\t\t\t<\/div>\n\t\t<\/section>\n\t\t\t\t<section class=\"elementor-section elementor-top-section elementor-element elementor-element-45fe4440 elementor-section-boxed elementor-section-height-default elementor-section-height-default\" data-id=\"45fe4440\" data-element_type=\"section\">\n\t\t\t\t\t\t<div class=\"elementor-container elementor-column-gap-default\">\n\t\t\t\t\t<div class=\"elementor-column elementor-col-100 elementor-top-column elementor-element elementor-element-203298cd\" data-id=\"203298cd\" data-element_type=\"column\">\n\t\t\t<div class=\"elementor-widget-wrap elementor-element-populated\">\n\t\t\t\t\t\t<div class=\"elementor-element elementor-element-3f023986 elementor-widget-divider--view-line elementor-widget elementor-widget-divider\" data-id=\"3f023986\" data-element_type=\"widget\" data-widget_type=\"divider.default\">\n\t\t\t\t<div class=\"elementor-widget-container\">\n\t\t\t\t\t\t\t<div class=\"elementor-divider\">\n\t\t\t<span class=\"elementor-divider-separator\">\n\t\t\t\t\t\t<\/span>\n\t\t<\/div>\n\t\t\t\t\t\t<\/div>\n\t\t\t\t<\/div>\n\t\t\t\t\t<\/div>\n\t\t<\/div>\n\t\t\t\t\t<\/div>\n\t\t<\/section>\n\t\t\t\t<section class=\"elementor-section elementor-top-section elementor-element elementor-element-5e6e7d3d elementor-section-boxed elementor-section-height-default elementor-section-height-default\" data-id=\"5e6e7d3d\" data-element_type=\"section\">\n\t\t\t\t\t\t<div class=\"elementor-container elementor-column-gap-default\">\n\t\t\t\t\t<div class=\"elementor-column elementor-col-100 elementor-top-column elementor-element elementor-element-84fd7ee\" data-id=\"84fd7ee\" data-element_type=\"column\">\n\t\t\t<div class=\"elementor-widget-wrap elementor-element-populated\">\n\t\t\t\t\t\t<div class=\"elementor-element elementor-element-6f59fe88 elementor-widget elementor-widget-heading\" data-id=\"6f59fe88\" data-element_type=\"widget\" data-widget_type=\"heading.default\">\n\t\t\t\t<div class=\"elementor-widget-container\">\n\t\t\t\t\t<h2 class=\"elementor-heading-title elementor-size-default\">Proyectos del Centro<\/h2>\t\t\t\t<\/div>\n\t\t\t\t<\/div>\n\t\t\t\t\t<\/div>\n\t\t<\/div>\n\t\t\t\t\t<\/div>\n\t\t<\/section>\n\t\t\t\t<section class=\"elementor-section elementor-top-section elementor-element elementor-element-17b9f07d elementor-section-boxed elementor-section-height-default elementor-section-height-default\" data-id=\"17b9f07d\" data-element_type=\"section\">\n\t\t\t\t\t\t<div class=\"elementor-container elementor-column-gap-default\">\n\t\t\t\t\t<div class=\"elementor-column elementor-col-10 elementor-top-column elementor-element elementor-element-549f0f5b\" data-id=\"549f0f5b\" data-element_type=\"column\">\n\t\t\t<div class=\"elementor-widget-wrap elementor-element-populated\">\n\t\t\t\t\t\t<div class=\"elementor-element elementor-element-222be18c elementor-position-top elementor-widget elementor-widget-image-box\" data-id=\"222be18c\" data-element_type=\"widget\" data-widget_type=\"image-box.default\">\n\t\t\t\t<div class=\"elementor-widget-container\">\n\t\t\t\t\t<div class=\"elementor-image-box-wrapper\"><figure class=\"elementor-image-box-img\"><a href=\"https:\/\/blogsaverroes.juntadeandalucia.es\/ceipsansebastianlapuebladelrio\/red-andaluza-escuela-espacio-de-paz\/\" tabindex=\"-1\"><img fetchpriority=\"high\" decoding=\"async\" width=\"400\" height=\"400\" src=\"https:\/\/blogsaverroes.juntadeandalucia.es\/ceipsansebastianlapuebladelrio\/files\/2019\/10\/LOGOPAZBUENO.png\" class=\"attachment-large size-large wp-image-790\" alt=\"\" srcset=\"https:\/\/blogsaverroes.juntadeandalucia.es\/ceipsansebastianlapuebladelrio\/files\/2019\/10\/LOGOPAZBUENO.png 400w, https:\/\/blogsaverroes.juntadeandalucia.es\/ceipsansebastianlapuebladelrio\/files\/2019\/10\/LOGOPAZBUENO-150x150.png 150w, https:\/\/blogsaverroes.juntadeandalucia.es\/ceipsansebastianlapuebladelrio\/files\/2019\/10\/LOGOPAZBUENO-300x300.png 300w, https:\/\/blogsaverroes.juntadeandalucia.es\/ceipsansebastianlapuebladelrio\/files\/2019\/10\/LOGOPAZBUENO-100x100.png 100w, https:\/\/blogsaverroes.juntadeandalucia.es\/ceipsansebastianlapuebladelrio\/files\/2019\/10\/LOGOPAZBUENO-24x24.png 24w, https:\/\/blogsaverroes.juntadeandalucia.es\/ceipsansebastianlapuebladelrio\/files\/2019\/10\/LOGOPAZBUENO-36x36.png 36w, https:\/\/blogsaverroes.juntadeandalucia.es\/ceipsansebastianlapuebladelrio\/files\/2019\/10\/LOGOPAZBUENO-48x48.png 48w\" sizes=\"(max-width: 400px) 100vw, 400px\" \/><\/a><\/figure><\/div>\t\t\t\t<\/div>\n\t\t\t\t<\/div>\n\t\t\t\t\t<\/div>\n\t\t<\/div>\n\t\t\t\t<div class=\"elementor-column elementor-col-10 elementor-top-column elementor-element elementor-element-7eee11f7\" data-id=\"7eee11f7\" data-element_type=\"column\">\n\t\t\t<div class=\"elementor-widget-wrap elementor-element-populated\">\n\t\t\t\t\t\t<div class=\"elementor-element elementor-element-53dbf012 elementor-position-top elementor-widget elementor-widget-image-box\" data-id=\"53dbf012\" data-element_type=\"widget\" data-widget_type=\"image-box.default\">\n\t\t\t\t<div class=\"elementor-widget-container\">\n\t\t\t\t\t<div class=\"elementor-image-box-wrapper\"><figure class=\"elementor-image-box-img\"><a href=\"https:\/\/blogsaverroes.juntadeandalucia.es\/ceipsansebastianlapuebladelrio\/para-vivir-en-igualdad\/\" tabindex=\"-1\"><img decoding=\"async\" width=\"400\" height=\"400\" src=\"https:\/\/blogsaverroes.juntadeandalucia.es\/ceipsansebastianlapuebladelrio\/files\/2019\/10\/vivirigualdad.png\" class=\"attachment-large size-large wp-image-783\" alt=\"\" srcset=\"https:\/\/blogsaverroes.juntadeandalucia.es\/ceipsansebastianlapuebladelrio\/files\/2019\/10\/vivirigualdad.png 400w, https:\/\/blogsaverroes.juntadeandalucia.es\/ceipsansebastianlapuebladelrio\/files\/2019\/10\/vivirigualdad-150x150.png 150w, https:\/\/blogsaverroes.juntadeandalucia.es\/ceipsansebastianlapuebladelrio\/files\/2019\/10\/vivirigualdad-300x300.png 300w, https:\/\/blogsaverroes.juntadeandalucia.es\/ceipsansebastianlapuebladelrio\/files\/2019\/10\/vivirigualdad-100x100.png 100w, https:\/\/blogsaverroes.juntadeandalucia.es\/ceipsansebastianlapuebladelrio\/files\/2019\/10\/vivirigualdad-24x24.png 24w, https:\/\/blogsaverroes.juntadeandalucia.es\/ceipsansebastianlapuebladelrio\/files\/2019\/10\/vivirigualdad-36x36.png 36w, https:\/\/blogsaverroes.juntadeandalucia.es\/ceipsansebastianlapuebladelrio\/files\/2019\/10\/vivirigualdad-48x48.png 48w\" sizes=\"(max-width: 400px) 100vw, 400px\" \/><\/a><\/figure><\/div>\t\t\t\t<\/div>\n\t\t\t\t<\/div>\n\t\t\t\t\t<\/div>\n\t\t<\/div>\n\t\t\t\t<div class=\"elementor-column elementor-col-10 elementor-top-column elementor-element elementor-element-3556d56e\" data-id=\"3556d56e\" data-element_type=\"column\">\n\t\t\t<div class=\"elementor-widget-wrap elementor-element-populated\">\n\t\t\t\t\t\t<div class=\"elementor-element elementor-element-48ec3584 elementor-position-top elementor-widget elementor-widget-image-box\" data-id=\"48ec3584\" data-element_type=\"widget\" data-widget_type=\"image-box.default\">\n\t\t\t\t<div class=\"elementor-widget-container\">\n\t\t\t\t\t<div class=\"elementor-image-box-wrapper\"><figure class=\"elementor-image-box-img\"><a href=\"https:\/\/blogsaverroes.juntadeandalucia.es\/ceipsansebastianlapuebladelrio\/wp-admin\/post.php?post=820&#038;action=edit\" tabindex=\"-1\"><img decoding=\"async\" width=\"400\" height=\"400\" src=\"https:\/\/blogsaverroes.juntadeandalucia.es\/ceipsansebastianlapuebladelrio\/files\/2019\/10\/LOGOALDEA.png\" class=\"attachment-large size-large wp-image-791\" alt=\"\" srcset=\"https:\/\/blogsaverroes.juntadeandalucia.es\/ceipsansebastianlapuebladelrio\/files\/2019\/10\/LOGOALDEA.png 400w, https:\/\/blogsaverroes.juntadeandalucia.es\/ceipsansebastianlapuebladelrio\/files\/2019\/10\/LOGOALDEA-150x150.png 150w, https:\/\/blogsaverroes.juntadeandalucia.es\/ceipsansebastianlapuebladelrio\/files\/2019\/10\/LOGOALDEA-300x300.png 300w, https:\/\/blogsaverroes.juntadeandalucia.es\/ceipsansebastianlapuebladelrio\/files\/2019\/10\/LOGOALDEA-100x100.png 100w, https:\/\/blogsaverroes.juntadeandalucia.es\/ceipsansebastianlapuebladelrio\/files\/2019\/10\/LOGOALDEA-24x24.png 24w, https:\/\/blogsaverroes.juntadeandalucia.es\/ceipsansebastianlapuebladelrio\/files\/2019\/10\/LOGOALDEA-36x36.png 36w, https:\/\/blogsaverroes.juntadeandalucia.es\/ceipsansebastianlapuebladelrio\/files\/2019\/10\/LOGOALDEA-48x48.png 48w\" sizes=\"(max-width: 400px) 100vw, 400px\" \/><\/a><\/figure><\/div>\t\t\t\t<\/div>\n\t\t\t\t<\/div>\n\t\t\t\t\t<\/div>\n\t\t<\/div>\n\t\t\t\t<div class=\"elementor-column elementor-col-10 elementor-top-column elementor-element elementor-element-2c7ded21\" data-id=\"2c7ded21\" data-element_type=\"column\">\n\t\t\t<div class=\"elementor-widget-wrap elementor-element-populated\">\n\t\t\t\t\t\t<div class=\"elementor-element elementor-element-170fb39 elementor-position-top elementor-widget elementor-widget-image-box\" data-id=\"170fb39\" data-element_type=\"widget\" data-widget_type=\"image-box.default\">\n\t\t\t\t<div class=\"elementor-widget-container\">\n\t\t\t\t\t<div class=\"elementor-image-box-wrapper\"><figure class=\"elementor-image-box-img\"><a href=\"https:\/\/blogsaverroes.juntadeandalucia.es\/ceipsansebastianlapuebladelrio\/biblioteca\/\" tabindex=\"-1\"><img loading=\"lazy\" decoding=\"async\" width=\"400\" height=\"400\" src=\"https:\/\/blogsaverroes.juntadeandalucia.es\/ceipsansebastianlapuebladelrio\/files\/2019\/10\/biblioteca.png\" class=\"attachment-large size-large wp-image-798\" alt=\"\" srcset=\"https:\/\/blogsaverroes.juntadeandalucia.es\/ceipsansebastianlapuebladelrio\/files\/2019\/10\/biblioteca.png 400w, https:\/\/blogsaverroes.juntadeandalucia.es\/ceipsansebastianlapuebladelrio\/files\/2019\/10\/biblioteca-150x150.png 150w, https:\/\/blogsaverroes.juntadeandalucia.es\/ceipsansebastianlapuebladelrio\/files\/2019\/10\/biblioteca-300x300.png 300w, https:\/\/blogsaverroes.juntadeandalucia.es\/ceipsansebastianlapuebladelrio\/files\/2019\/10\/biblioteca-100x100.png 100w, https:\/\/blogsaverroes.juntadeandalucia.es\/ceipsansebastianlapuebladelrio\/files\/2019\/10\/biblioteca-24x24.png 24w, https:\/\/blogsaverroes.juntadeandalucia.es\/ceipsansebastianlapuebladelrio\/files\/2019\/10\/biblioteca-36x36.png 36w, https:\/\/blogsaverroes.juntadeandalucia.es\/ceipsansebastianlapuebladelrio\/files\/2019\/10\/biblioteca-48x48.png 48w\" sizes=\"(max-width: 400px) 100vw, 400px\" \/><\/a><\/figure><\/div>\t\t\t\t<\/div>\n\t\t\t\t<\/div>\n\t\t\t\t\t<\/div>\n\t\t<\/div>\n\t\t\t\t<div class=\"elementor-column elementor-col-10 elementor-top-column elementor-element elementor-element-478e8cff\" data-id=\"478e8cff\" data-element_type=\"column\">\n\t\t\t<div class=\"elementor-widget-wrap elementor-element-populated\">\n\t\t\t\t\t\t<div class=\"elementor-element elementor-element-5a41d46d elementor-position-top elementor-widget elementor-widget-image-box\" data-id=\"5a41d46d\" data-element_type=\"widget\" data-widget_type=\"image-box.default\">\n\t\t\t\t<div class=\"elementor-widget-container\">\n\t\t\t\t\t<div class=\"elementor-image-box-wrapper\"><figure class=\"elementor-image-box-img\"><a href=\"https:\/\/blogsaverroes.juntadeandalucia.es\/ceipsansebastianlapuebladelrio\/creciendo-en-salud\/\" tabindex=\"-1\"><img loading=\"lazy\" decoding=\"async\" width=\"400\" height=\"400\" src=\"https:\/\/blogsaverroes.juntadeandalucia.es\/ceipsansebastianlapuebladelrio\/files\/2019\/10\/creciendosalud.png\" class=\"attachment-large size-large wp-image-801\" alt=\"\" srcset=\"https:\/\/blogsaverroes.juntadeandalucia.es\/ceipsansebastianlapuebladelrio\/files\/2019\/10\/creciendosalud.png 400w, https:\/\/blogsaverroes.juntadeandalucia.es\/ceipsansebastianlapuebladelrio\/files\/2019\/10\/creciendosalud-150x150.png 150w, https:\/\/blogsaverroes.juntadeandalucia.es\/ceipsansebastianlapuebladelrio\/files\/2019\/10\/creciendosalud-300x300.png 300w, https:\/\/blogsaverroes.juntadeandalucia.es\/ceipsansebastianlapuebladelrio\/files\/2019\/10\/creciendosalud-100x100.png 100w, https:\/\/blogsaverroes.juntadeandalucia.es\/ceipsansebastianlapuebladelrio\/files\/2019\/10\/creciendosalud-24x24.png 24w, https:\/\/blogsaverroes.juntadeandalucia.es\/ceipsansebastianlapuebladelrio\/files\/2019\/10\/creciendosalud-36x36.png 36w, https:\/\/blogsaverroes.juntadeandalucia.es\/ceipsansebastianlapuebladelrio\/files\/2019\/10\/creciendosalud-48x48.png 48w\" sizes=\"(max-width: 400px) 100vw, 400px\" \/><\/a><\/figure><\/div>\t\t\t\t<\/div>\n\t\t\t\t<\/div>\n\t\t\t\t\t<\/div>\n\t\t<\/div>\n\t\t\t\t<div class=\"elementor-column elementor-col-10 elementor-top-column elementor-element elementor-element-5b79d5e2\" data-id=\"5b79d5e2\" data-element_type=\"column\">\n\t\t\t<div class=\"elementor-widget-wrap elementor-element-populated\">\n\t\t\t\t\t\t<div class=\"elementor-element elementor-element-30062625 elementor-position-top elementor-widget elementor-widget-image-box\" data-id=\"30062625\" data-element_type=\"widget\" data-widget_type=\"image-box.default\">\n\t\t\t\t<div class=\"elementor-widget-container\">\n\t\t\t\t\t<div class=\"elementor-image-box-wrapper\"><figure class=\"elementor-image-box-img\"><a href=\"https:\/\/blogsaverroes.juntadeandalucia.es\/elpasaporte\/\" target=\"_blank\" tabindex=\"-1\"><img loading=\"lazy\" decoding=\"async\" width=\"400\" height=\"400\" src=\"https:\/\/blogsaverroes.juntadeandalucia.es\/ceipsansebastianlapuebladelrio\/files\/2019\/10\/PASAPORTE.png\" class=\"attachment-large size-large wp-image-797\" alt=\"\" srcset=\"https:\/\/blogsaverroes.juntadeandalucia.es\/ceipsansebastianlapuebladelrio\/files\/2019\/10\/PASAPORTE.png 400w, https:\/\/blogsaverroes.juntadeandalucia.es\/ceipsansebastianlapuebladelrio\/files\/2019\/10\/PASAPORTE-150x150.png 150w, https:\/\/blogsaverroes.juntadeandalucia.es\/ceipsansebastianlapuebladelrio\/files\/2019\/10\/PASAPORTE-300x300.png 300w, https:\/\/blogsaverroes.juntadeandalucia.es\/ceipsansebastianlapuebladelrio\/files\/2019\/10\/PASAPORTE-100x100.png 100w, https:\/\/blogsaverroes.juntadeandalucia.es\/ceipsansebastianlapuebladelrio\/files\/2019\/10\/PASAPORTE-24x24.png 24w, https:\/\/blogsaverroes.juntadeandalucia.es\/ceipsansebastianlapuebladelrio\/files\/2019\/10\/PASAPORTE-36x36.png 36w, https:\/\/blogsaverroes.juntadeandalucia.es\/ceipsansebastianlapuebladelrio\/files\/2019\/10\/PASAPORTE-48x48.png 48w\" sizes=\"(max-width: 400px) 100vw, 400px\" \/><\/a><\/figure><\/div>\t\t\t\t<\/div>\n\t\t\t\t<\/div>\n\t\t\t\t\t<\/div>\n\t\t<\/div>\n\t\t\t\t<div class=\"elementor-column elementor-col-10 elementor-top-column elementor-element elementor-element-b2c639\" data-id=\"b2c639\" data-element_type=\"column\">\n\t\t\t<div class=\"elementor-widget-wrap elementor-element-populated\">\n\t\t\t\t\t\t<div class=\"elementor-element elementor-element-74da8082 elementor-position-top elementor-widget elementor-widget-image-box\" data-id=\"74da8082\" data-element_type=\"widget\" data-widget_type=\"image-box.default\">\n\t\t\t\t<div class=\"elementor-widget-container\">\n\t\t\t\t\t<div class=\"elementor-image-box-wrapper\"><figure class=\"elementor-image-box-img\"><a href=\"https:\/\/blogsaverroes.juntadeandalucia.es\/ceipsansebastianlapuebladelrio\/plan-apertura\/\" tabindex=\"-1\"><img loading=\"lazy\" decoding=\"async\" width=\"400\" height=\"400\" src=\"https:\/\/blogsaverroes.juntadeandalucia.es\/ceipsansebastianlapuebladelrio\/files\/2019\/10\/LOGOAPERTURA.png\" class=\"attachment-large size-large wp-image-792\" alt=\"\" srcset=\"https:\/\/blogsaverroes.juntadeandalucia.es\/ceipsansebastianlapuebladelrio\/files\/2019\/10\/LOGOAPERTURA.png 400w, https:\/\/blogsaverroes.juntadeandalucia.es\/ceipsansebastianlapuebladelrio\/files\/2019\/10\/LOGOAPERTURA-150x150.png 150w, https:\/\/blogsaverroes.juntadeandalucia.es\/ceipsansebastianlapuebladelrio\/files\/2019\/10\/LOGOAPERTURA-300x300.png 300w, https:\/\/blogsaverroes.juntadeandalucia.es\/ceipsansebastianlapuebladelrio\/files\/2019\/10\/LOGOAPERTURA-100x100.png 100w, https:\/\/blogsaverroes.juntadeandalucia.es\/ceipsansebastianlapuebladelrio\/files\/2019\/10\/LOGOAPERTURA-24x24.png 24w, https:\/\/blogsaverroes.juntadeandalucia.es\/ceipsansebastianlapuebladelrio\/files\/2019\/10\/LOGOAPERTURA-36x36.png 36w, https:\/\/blogsaverroes.juntadeandalucia.es\/ceipsansebastianlapuebladelrio\/files\/2019\/10\/LOGOAPERTURA-48x48.png 48w\" sizes=\"(max-width: 400px) 100vw, 400px\" \/><\/a><\/figure><\/div>\t\t\t\t<\/div>\n\t\t\t\t<\/div>\n\t\t\t\t\t<\/div>\n\t\t<\/div>\n\t\t\t\t<div class=\"elementor-column elementor-col-10 elementor-top-column elementor-element elementor-element-122d76a8\" data-id=\"122d76a8\" data-element_type=\"column\">\n\t\t\t<div class=\"elementor-widget-wrap elementor-element-populated\">\n\t\t\t\t\t\t<div class=\"elementor-element elementor-element-1629af8c elementor-position-top elementor-widget elementor-widget-image-box\" data-id=\"1629af8c\" data-element_type=\"widget\" data-widget_type=\"image-box.default\">\n\t\t\t\t<div class=\"elementor-widget-container\">\n\t\t\t\t\t<div class=\"elementor-image-box-wrapper\"><figure class=\"elementor-image-box-img\"><a href=\"https:\/\/blogsaverroes.juntadeandalucia.es\/ceipsansebastianlapuebladelrio\/escuela-tic-2-0\/\" tabindex=\"-1\"><img loading=\"lazy\" decoding=\"async\" width=\"400\" height=\"400\" src=\"https:\/\/blogsaverroes.juntadeandalucia.es\/ceipsansebastianlapuebladelrio\/files\/2019\/10\/LOGOTIC.png\" class=\"attachment-large size-large wp-image-794\" alt=\"\" srcset=\"https:\/\/blogsaverroes.juntadeandalucia.es\/ceipsansebastianlapuebladelrio\/files\/2019\/10\/LOGOTIC.png 400w, https:\/\/blogsaverroes.juntadeandalucia.es\/ceipsansebastianlapuebladelrio\/files\/2019\/10\/LOGOTIC-150x150.png 150w, https:\/\/blogsaverroes.juntadeandalucia.es\/ceipsansebastianlapuebladelrio\/files\/2019\/10\/LOGOTIC-300x300.png 300w, https:\/\/blogsaverroes.juntadeandalucia.es\/ceipsansebastianlapuebladelrio\/files\/2019\/10\/LOGOTIC-100x100.png 100w, https:\/\/blogsaverroes.juntadeandalucia.es\/ceipsansebastianlapuebladelrio\/files\/2019\/10\/LOGOTIC-24x24.png 24w, https:\/\/blogsaverroes.juntadeandalucia.es\/ceipsansebastianlapuebladelrio\/files\/2019\/10\/LOGOTIC-36x36.png 36w, https:\/\/blogsaverroes.juntadeandalucia.es\/ceipsansebastianlapuebladelrio\/files\/2019\/10\/LOGOTIC-48x48.png 48w\" sizes=\"(max-width: 400px) 100vw, 400px\" \/><\/a><\/figure><\/div>\t\t\t\t<\/div>\n\t\t\t\t<\/div>\n\t\t\t\t\t<\/div>\n\t\t<\/div>\n\t\t\t\t<div class=\"elementor-column elementor-col-10 elementor-top-column elementor-element elementor-element-ad1b72\" data-id=\"ad1b72\" data-element_type=\"column\">\n\t\t\t<div class=\"elementor-widget-wrap elementor-element-populated\">\n\t\t\t\t\t\t<div class=\"elementor-element elementor-element-1fca68cb elementor-position-top elementor-widget elementor-widget-image-box\" data-id=\"1fca68cb\" data-element_type=\"widget\" data-widget_type=\"image-box.default\">\n\t\t\t\t<div class=\"elementor-widget-container\">\n\t\t\t\t\t<div class=\"elementor-image-box-wrapper\"><figure class=\"elementor-image-box-img\"><a href=\"https:\/\/blogsaverroes.juntadeandalucia.es\/ceipsansebastianlapuebladelrio\/escuelas-deportivas\/\" tabindex=\"-1\"><img loading=\"lazy\" decoding=\"async\" width=\"400\" height=\"400\" src=\"https:\/\/blogsaverroes.juntadeandalucia.es\/ceipsansebastianlapuebladelrio\/files\/2019\/10\/LOGODEPORTE.png\" class=\"attachment-large size-large wp-image-793\" alt=\"\" srcset=\"https:\/\/blogsaverroes.juntadeandalucia.es\/ceipsansebastianlapuebladelrio\/files\/2019\/10\/LOGODEPORTE.png 400w, https:\/\/blogsaverroes.juntadeandalucia.es\/ceipsansebastianlapuebladelrio\/files\/2019\/10\/LOGODEPORTE-150x150.png 150w, https:\/\/blogsaverroes.juntadeandalucia.es\/ceipsansebastianlapuebladelrio\/files\/2019\/10\/LOGODEPORTE-300x300.png 300w, https:\/\/blogsaverroes.juntadeandalucia.es\/ceipsansebastianlapuebladelrio\/files\/2019\/10\/LOGODEPORTE-100x100.png 100w, https:\/\/blogsaverroes.juntadeandalucia.es\/ceipsansebastianlapuebladelrio\/files\/2019\/10\/LOGODEPORTE-24x24.png 24w, https:\/\/blogsaverroes.juntadeandalucia.es\/ceipsansebastianlapuebladelrio\/files\/2019\/10\/LOGODEPORTE-36x36.png 36w, https:\/\/blogsaverroes.juntadeandalucia.es\/ceipsansebastianlapuebladelrio\/files\/2019\/10\/LOGODEPORTE-48x48.png 48w\" sizes=\"(max-width: 400px) 100vw, 400px\" \/><\/a><\/figure><\/div>\t\t\t\t<\/div>\n\t\t\t\t<\/div>\n\t\t\t\t\t<\/div>\n\t\t<\/div>\n\t\t\t\t<div class=\"elementor-column elementor-col-10 elementor-top-column elementor-element elementor-element-33e8f9bd\" data-id=\"33e8f9bd\" data-element_type=\"column\">\n\t\t\t<div class=\"elementor-widget-wrap elementor-element-populated\">\n\t\t\t\t\t\t<div class=\"elementor-element elementor-element-1f2d1bb4 elementor-position-top elementor-widget elementor-widget-image-box\" data-id=\"1f2d1bb4\" data-element_type=\"widget\" data-widget_type=\"image-box.default\">\n\t\t\t\t<div class=\"elementor-widget-container\">\n\t\t\t\t\t<div class=\"elementor-image-box-wrapper\"><figure class=\"elementor-image-box-img\"><a href=\"https:\/\/blogsaverroes.juntadeandalucia.es\/ceipsansebastianlapuebladelrio\/acompanamiento-escolar\/\" tabindex=\"-1\"><img loading=\"lazy\" decoding=\"async\" width=\"400\" height=\"400\" src=\"https:\/\/blogsaverroes.juntadeandalucia.es\/ceipsansebastianlapuebladelrio\/files\/2019\/10\/logoacompan\u0303amiento.png\" class=\"attachment-large size-large wp-image-810\" alt=\"\" srcset=\"https:\/\/blogsaverroes.juntadeandalucia.es\/ceipsansebastianlapuebladelrio\/files\/2019\/10\/logoacompan\u0303amiento.png 400w, https:\/\/blogsaverroes.juntadeandalucia.es\/ceipsansebastianlapuebladelrio\/files\/2019\/10\/logoacompan\u0303amiento-150x150.png 150w, https:\/\/blogsaverroes.juntadeandalucia.es\/ceipsansebastianlapuebladelrio\/files\/2019\/10\/logoacompan\u0303amiento-300x300.png 300w, https:\/\/blogsaverroes.juntadeandalucia.es\/ceipsansebastianlapuebladelrio\/files\/2019\/10\/logoacompan\u0303amiento-100x100.png 100w, https:\/\/blogsaverroes.juntadeandalucia.es\/ceipsansebastianlapuebladelrio\/files\/2019\/10\/logoacompan\u0303amiento-24x24.png 24w, https:\/\/blogsaverroes.juntadeandalucia.es\/ceipsansebastianlapuebladelrio\/files\/2019\/10\/logoacompan\u0303amiento-36x36.png 36w, https:\/\/blogsaverroes.juntadeandalucia.es\/ceipsansebastianlapuebladelrio\/files\/2019\/10\/logoacompan\u0303amiento-48x48.png 48w\" sizes=\"(max-width: 400px) 100vw, 400px\" \/><\/a><\/figure><\/div>\t\t\t\t<\/div>\n\t\t\t\t<\/div>\n\t\t\t\t\t<\/div>\n\t\t<\/div>\n\t\t\t\t\t<\/div>\n\t\t<\/section>\n\t\t\t\t<\/div>\n\t\t","protected":false},"excerpt":{"rendered":"<p>Proyectos del Centro Escuela TIC 2.0 Cabe destacar la necesidad de aceptar que una nueva generaci\u00f3n de usuarios nativos del mundo digital y virtual ha llegado y se ha asentado por completo, de ah\u00ed la complejidad de convivir con dicha realidad, y aceptar actitudes y comportamientos que a veces no llegamos a entender, debido a &hellip; <\/p>\n<p class=\"link-more\"><a href=\"https:\/\/blogsaverroes.juntadeandalucia.es\/ceipsansebastianlapuebladelrio\/escuela-tic-2-0\/\" class=\"more-link\">Continuar leyendo<span class=\"screen-reader-text\"> \u00abESCUELA TIC 2.0\u00bb<\/span><\/a><\/p>\n","protected":false},"author":7739,"featured_media":0,"parent":0,"menu_order":0,"comment_status":"closed","ping_status":"closed","template":"elementor_header_footer","meta":{"footnotes":""},"aioseo_notices":[],"_links":{"self":[{"href":"https:\/\/blogsaverroes.juntadeandalucia.es\/ceipsansebastianlapuebladelrio\/wp-json\/wp\/v2\/pages\/826"}],"collection":[{"href":"https:\/\/blogsaverroes.juntadeandalucia.es\/ceipsansebastianlapuebladelrio\/wp-json\/wp\/v2\/pages"}],"about":[{"href":"https:\/\/blogsaverroes.juntadeandalucia.es\/ceipsansebastianlapuebladelrio\/wp-json\/wp\/v2\/types\/page"}],"author":[{"embeddable":true,"href":"https:\/\/blogsaverroes.juntadeandalucia.es\/ceipsansebastianlapuebladelrio\/wp-json\/wp\/v2\/users\/7739"}],"replies":[{"embeddable":true,"href":"https:\/\/blogsaverroes.juntadeandalucia.es\/ceipsansebastianlapuebladelrio\/wp-json\/wp\/v2\/comments?post=826"}],"version-history":[{"count":8,"href":"https:\/\/blogsaverroes.juntadeandalucia.es\/ceipsansebastianlapuebladelrio\/wp-json\/wp\/v2\/pages\/826\/revisions"}],"predecessor-version":[{"id":1773,"href":"https:\/\/blogsaverroes.juntadeandalucia.es\/ceipsansebastianlapuebladelrio\/wp-json\/wp\/v2\/pages\/826\/revisions\/1773"}],"wp:attachment":[{"href":"https:\/\/blogsaverroes.juntadeandalucia.es\/ceipsansebastianlapuebladelrio\/wp-json\/wp\/v2\/media?parent=826"}],"curies":[{"name":"wp","href":"https:\/\/api.w.org\/{rel}","templated":true}]}}