{"id":200,"date":"2015-03-17T10:04:24","date_gmt":"2015-03-17T10:04:24","guid":{"rendered":"http:\/\/blogsaverroes.juntadeandalucia.es\/pre\/ceip\/?page_id=200"},"modified":"2019-01-21T11:29:31","modified_gmt":"2019-01-21T11:29:31","slug":"quienes-formamos-el-ampa","status":"publish","type":"page","link":"https:\/\/blogsaverroes.juntadeandalucia.es\/ceipsantamaria\/quienes-formamos-el-ampa\/","title":{"rendered":"\u00bfQuienes formamos el AMPA?"},"content":{"rendered":"<p>AMPA MANUEL DE FALLA<\/p>\n<p>&nbsp;&nbsp;&nbsp;&nbsp;&nbsp;&nbsp;&nbsp;&nbsp;&nbsp;&nbsp;&nbsp; La Asociaci\u00f3n de Madres y Padres del CEIP Santa Mar\u00eda del \u00c1guila est\u00e1 formada por todas aquellas familias del alumnado de nuestro centro que han decidido asociarse, previo ingreso de la cuota se\u00f1alada para ello. Desde aqu\u00ed queremos agradecer a todos nuestros asociados la colaboraci\u00f3n y participaci\u00f3n en las distintas actividades que llevamos a cabo.<\/p>\n<p>&nbsp;&nbsp;&nbsp;&nbsp;&nbsp;&nbsp;&nbsp;&nbsp;&nbsp;&nbsp;&nbsp; La idea es seguir creciendo en el n\u00famero de asociados por el bien de nuestros hijos e hijas.<\/p>\n<p>&nbsp;&nbsp;&nbsp;&nbsp;&nbsp;&nbsp;&nbsp;&nbsp;&nbsp;&nbsp;&nbsp; La directiva de nuestra asociaci\u00f3n est\u00e1 compuesta por las siguientes personas:<\/p>\n<ul>\n<li>PRESIDENTE: <strong>ROGELIO NAVARRO ARCOS<\/strong><\/li>\n<li>VICEPRESIDENTA: <strong>BELEN S\u00c1NCHEZ BARRIOS<\/strong><\/li>\n<li>TESORERA: <strong>RAQUEL SALGUERO MORILLO<\/strong><\/li>\n<li>SECRETARIA: <strong>VERONICA S\u00c1NCHEZ DELGADO<\/strong><\/li>\n<li>SUBSECRETARIA: <strong>M\u00aa CRUZ MART\u00cdN GUILL\u00c9N<\/strong><\/li>\n<li>VOCALES: En este cargo contamos con 20 padres y madres dispuestos a prestar su colaboraci\u00f3n en todo lo relacionado con la asociaci\u00f3n.<\/li>\n<\/ul>\n<p>La forma de contactar con nosotros es la siguiente:<\/p>\n<ul>\n<li>Por tel\u00e9fono: al m\u00f3vil con el siguiente n\u00famero: 616454023<\/li>\n<li>Por email: <a href=\"mailto:ampamanueldefalla@hotmail.es\">ampamanueldefalla@hotmail.es<\/a><\/li>\n<\/ul>\n<p>Adem\u00e1s de nuestras actividades que se publiquen en la p\u00e1gina web del centro tambi\u00e9n pod\u00e9is consultar nuestra p\u00e1gina de Facebook en la siguiente direcci\u00f3n: <a href=\"https:\/\/www.facebook.com\/profile.php?id=100003596212058&amp;ref=br_rs\">https:\/\/www.facebook.com\/profile.php?id=100003596212058&amp;ref=br_rs<\/a><\/p>\n","protected":false},"excerpt":{"rendered":"<p>AMPA MANUEL DE FALLA &nbsp;&nbsp;&nbsp;&nbsp;&nbsp;&nbsp;&nbsp;&nbsp;&nbsp;&nbsp;&nbsp; La Asociaci\u00f3n de Madres y Padres del CEIP Santa Mar\u00eda del \u00c1guila est\u00e1 formada por todas aquellas familias del alumnado de nuestro centro que han decidido asociarse, previo ingreso&#46;&#46;&#46;<\/p>\n","protected":false},"author":1,"featured_media":0,"parent":0,"menu_order":0,"comment_status":"closed","ping_status":"open","template":"page-cs.php","meta":{"ngg_post_thumbnail":0,"footnotes":"","_mc_calendar":[]},"aioseo_notices":[],"_links":{"self":[{"href":"https:\/\/blogsaverroes.juntadeandalucia.es\/ceipsantamaria\/wp-json\/wp\/v2\/pages\/200"}],"collection":[{"href":"https:\/\/blogsaverroes.juntadeandalucia.es\/ceipsantamaria\/wp-json\/wp\/v2\/pages"}],"about":[{"href":"https:\/\/blogsaverroes.juntadeandalucia.es\/ceipsantamaria\/wp-json\/wp\/v2\/types\/page"}],"author":[{"embeddable":true,"href":"https:\/\/blogsaverroes.juntadeandalucia.es\/ceipsantamaria\/wp-json\/wp\/v2\/users\/1"}],"replies":[{"embeddable":true,"href":"https:\/\/blogsaverroes.juntadeandalucia.es\/ceipsantamaria\/wp-json\/wp\/v2\/comments?post=200"}],"version-history":[{"count":3,"href":"https:\/\/blogsaverroes.juntadeandalucia.es\/ceipsantamaria\/wp-json\/wp\/v2\/pages\/200\/revisions"}],"predecessor-version":[{"id":2486,"href":"https:\/\/blogsaverroes.juntadeandalucia.es\/ceipsantamaria\/wp-json\/wp\/v2\/pages\/200\/revisions\/2486"}],"wp:attachment":[{"href":"https:\/\/blogsaverroes.juntadeandalucia.es\/ceipsantamaria\/wp-json\/wp\/v2\/media?parent=200"}],"curies":[{"name":"wp","href":"https:\/\/api.w.org\/{rel}","templated":true}]}}