{"id":2221,"date":"2018-06-10T21:25:17","date_gmt":"2018-06-10T21:25:17","guid":{"rendered":"http:\/\/blogsaverroes.juntadeandalucia.es\/ceipsantamaria\/?page_id=2221"},"modified":"2018-09-18T10:05:27","modified_gmt":"2018-09-18T10:05:27","slug":"actividades-complementarias","status":"publish","type":"page","link":"https:\/\/blogsaverroes.juntadeandalucia.es\/ceipsantamaria\/actividades-complementarias\/","title":{"rendered":"Actividades Complementarias"},"content":{"rendered":"<h3 style=\"text-align: center\"><span style=\"color: #008000\"><strong>PROGRAMACI\u00d3N DE LAS ACTIVIDADES COMPLEMENTARIAS Y EXTRAESCOLARES \/ INTEGRACI\u00d3N DE LA AMPA Y LAS FAMILIAS.<\/strong><\/span><\/h3>\n<p><strong>&nbsp;<\/strong><\/p>\n<table>\n<tbody>\n<tr>\n<td width=\"191\"><strong>Denominaci\u00f3n de la actividad<\/strong><\/td>\n<td width=\"232\"><strong>Objetivos<\/strong><\/td>\n<td width=\"109\"><strong>Acciones \/ Medios<\/strong><\/td>\n<td width=\"70\"><strong>Niveles<\/strong><\/td>\n<td width=\"109\"><strong>Responsables<\/strong><\/td>\n<td width=\"130\"><strong>Temporalizaci\u00f3n<\/strong><\/td>\n<td width=\"108\"><strong>Financiaci\u00f3n<\/strong><\/td>\n<\/tr>\n<tr>\n<td width=\"191\"><strong>Halloween<\/strong><\/td>\n<td width=\"232\">Conocer la cultura inglesa<\/td>\n<td width=\"109\">Actividad por determinar<\/td>\n<td width=\"70\">Todo el Centro<\/td>\n<td width=\"109\">Maestros\/as biling\u00fces<\/td>\n<td width=\"130\">31 de octubre<\/td>\n<td width=\"108\">Centro<\/td>\n<\/tr>\n<tr>\n<td width=\"191\"><strong>D\u00eda de los Derechos de los Ni\u00f1os<\/strong><\/p>\n<p><strong>&nbsp;<\/strong><\/td>\n<td width=\"232\">Tomar conciencia de la vulnerabilidad de la infancia en otras zonas del mundo<\/p>\n<p>&nbsp;<\/td>\n<td width=\"109\">Murales \/ Collages en las clases Realizar fichas\/Debates<\/p>\n<p>&nbsp;<\/td>\n<td width=\"70\">Todo el Centro<\/td>\n<td width=\"109\">Coordinador\/a de Coeducaci\u00f3n<\/td>\n<td width=\"130\">20 de noviembre<\/td>\n<td width=\"108\">Centro<\/td>\n<\/tr>\n<tr>\n<td width=\"191\"><strong>D\u00eda contra la violencia de g\u00e9nero<\/strong><\/td>\n<td width=\"232\">Adquirir conciencia de que este tipo de violencia es el m\u00e1s com\u00fan y promover su rechazo<\/td>\n<td width=\"109\">Actividad por determinar<\/td>\n<td width=\"70\">Todo el Centro<\/td>\n<td width=\"109\">Coordinador\/a de Coeducaci\u00f3n<\/p>\n<p>&nbsp;<\/p>\n<p>Tutores\/as<\/td>\n<td width=\"130\">25 de noviembre<\/td>\n<td width=\"108\">Centro<\/td>\n<\/tr>\n<tr>\n<td width=\"191\"><strong>Torneo 3&#215;3 de baloncesto<\/strong><\/td>\n<td width=\"232\">Desarrollar la capacidad de aprender a jugar por si solos<\/td>\n<td width=\"109\">Pista polideportiva<\/td>\n<td width=\"70\">Tercer ciclo<\/td>\n<td width=\"109\">Maestros E.F.<\/p>\n<p>Alumnos\/as de tercer ciclo<\/td>\n<td width=\"130\">Final del primer y comienzos del segundo trimestre<\/td>\n<td width=\"108\">Centro<\/td>\n<\/tr>\n<tr>\n<td width=\"191\"><strong>D\u00eda de la Constituci\u00f3n<\/strong><\/p>\n<p><strong>&nbsp;<\/strong><\/p>\n<p><strong>D\u00eda de la discapacidad<\/strong><\/td>\n<td width=\"232\">Dar a conocer la Constituci\u00f3n, as\u00ed como los art\u00edculos m\u00e1s relevantes de la misma<\/td>\n<td width=\"109\">Realizaci\u00f3n de diversas actividades que implican a todo la comunidad, tanto a nivel de aula, centro y ayuntamiento<\/td>\n<td width=\"70\">Todo el Centro<\/td>\n<td width=\"109\">Equipo directivo<\/p>\n<p>&nbsp;<\/p>\n<p>Coordinadores de Ciclo<\/p>\n<p>&nbsp;<\/p>\n<p>Tutores\/as<\/td>\n<td width=\"130\">5 de diciembre<\/td>\n<td width=\"108\">Centro<\/td>\n<\/tr>\n<tr>\n<td width=\"191\"><strong>Navidad<\/strong><\/td>\n<td width=\"232\">Ambientaci\u00f3n del Centro y celebraci\u00f3n de actividades de convivencia<\/td>\n<td width=\"109\">Fiesta fin de trimestre<\/td>\n<td width=\"70\">Todo el Centro<\/td>\n<td width=\"109\">Equipo directivo<\/p>\n<p>&nbsp;<\/p>\n<p>Tutores\/as<\/td>\n<td width=\"130\">22 de diciembre<\/td>\n<td width=\"108\">Centro<\/td>\n<\/tr>\n<tr>\n<td width=\"191\"><strong>D\u00eda de la Paz<\/strong><\/td>\n<td width=\"232\">Resaltar los principios democr\u00e1ticos de convivencia, libertad de pensamiento y expresi\u00f3n, y ejercicio responsables de la libertad<\/td>\n<td width=\"109\">Marcha solidaria por la localidad<\/td>\n<td width=\"70\">Todo el Centro<\/td>\n<td width=\"109\">Equipo directivo<\/p>\n<p>&nbsp;<\/p>\n<p>Coordinador\/a Escuela Espacio de Paz<\/p>\n<p>&nbsp;<\/p>\n<p>Tutores\/as<\/td>\n<td width=\"130\">30 de enero<\/td>\n<td width=\"108\">Centro<\/td>\n<\/tr>\n<tr>\n<td width=\"191\"><strong>D\u00eda de la amistad<\/strong><\/td>\n<td width=\"232\">Trabajar valores como la amistad.<\/td>\n<td width=\"109\">Correo de la amistad entre alumnos\/as y entre los docentes<\/td>\n<td width=\"70\">Todo el Centro<\/td>\n<td width=\"109\">Coordinador\/a de<\/p>\n<p>&nbsp;<\/td>\n<td width=\"130\">14 de febrero<\/td>\n<td width=\"108\">Centro<\/td>\n<\/tr>\n<tr>\n<td width=\"191\"><strong>Semana Cultural<\/strong><\/p>\n<p><strong>D\u00eda de Andaluc\u00eda<\/strong><\/p>\n<p><strong>&nbsp;<\/strong><\/td>\n<td width=\"232\">&nbsp;<\/p>\n<p>&nbsp;<\/p>\n<p>&nbsp;<\/p>\n<p>&nbsp;<\/p>\n<p>Ampliar el conocimiento del estatuto andaluz, y conocer las costumbres y tradiciones de nuestra comunidad<\/td>\n<td width=\"109\">Realizaci\u00f3n de diversas actividades que implican a toda la comunidad, tanto a nivel de aula como de Centro<\/p>\n<p>&nbsp;<\/p>\n<p>Carrera Escolar D\u00eda de Andaluc\u00eda<\/td>\n<td width=\"70\">Todo el Centro<\/td>\n<td width=\"109\">Equipo Directivo<\/p>\n<p>&nbsp;<\/p>\n<p>Coordinadores de Ciclo<\/p>\n<p>&nbsp;<\/p>\n<p>Tutores\/as<\/p>\n<p>&nbsp;<\/td>\n<td width=\"130\">Por determinar<\/td>\n<td width=\"108\">Centro<\/p>\n<p>AMPA<\/p>\n<p>Padres\/madres<\/p>\n<p>&nbsp;<\/td>\n<\/tr>\n<tr>\n<td width=\"191\"><strong>Carnaval<\/strong><\/td>\n<td width=\"232\">Ampliar el conocimiento de las costumbres y tradiciones de nuestra comunidad<\/td>\n<td width=\"109\">Pasacalles<\/td>\n<td width=\"70\">Todo el Centro<\/td>\n<td width=\"109\">Equipo directivo<\/p>\n<p>&nbsp;<\/p>\n<p>Coordinadores de Ciclo<\/p>\n<p>&nbsp;<\/p>\n<p>Tutores\/as<\/td>\n<td width=\"130\">&nbsp;<\/td>\n<td width=\"108\">Centro<\/p>\n<p>AMPA<\/td>\n<\/tr>\n<tr>\n<td width=\"191\"><strong>D\u00eda de la mujer<\/strong><\/td>\n<td width=\"232\">Ampliar el conocimiento de mujeres relevantes en la historia y de la igualdad de g\u00e9nero<\/td>\n<td width=\"109\">Actividad por determinar<\/td>\n<td width=\"70\">Todo el Centro<\/td>\n<td width=\"109\">Equipo directivo<\/p>\n<p>&nbsp;<\/p>\n<p>Coordinador\/a de Coeducaci\u00f3n<\/p>\n<p>&nbsp;<\/p>\n<p>Tutores\/as<\/td>\n<td width=\"130\">6 de marzo<\/td>\n<td width=\"108\">Centro<\/td>\n<\/tr>\n<tr>\n<td width=\"191\"><strong>D\u00eda de la poes\u00eda<\/strong><\/td>\n<td width=\"232\">Fomentar la lectura y conocer grandes obras universales<\/td>\n<td width=\"109\">Lectura de poes\u00edas en intercambio con otros centros<\/td>\n<td width=\"70\">&nbsp;<\/td>\n<td width=\"109\">Coordinador\/a del Plan de LyB<\/td>\n<td width=\"130\">16 de diciembre<\/td>\n<td width=\"108\">Centro<\/td>\n<\/tr>\n<tr>\n<td width=\"191\"><strong>Movijuego<\/strong><\/td>\n<td width=\"232\">Convivencia de alumnado y docentes<\/td>\n<td width=\"109\">Jornada de actividades deportivas<\/td>\n<td width=\"70\">Todo el Centro<\/td>\n<td width=\"109\">Maestros de<\/p>\n<p>E.F<\/p>\n<p>&nbsp;<\/p>\n<p>Tutores\/as<\/td>\n<td width=\"130\">23 de marzo<\/td>\n<td width=\"108\">Centro<\/td>\n<\/tr>\n<tr>\n<td width=\"191\"><strong>D\u00eda del Libro<\/strong><\/td>\n<td width=\"232\">Fomentar la lectura<\/td>\n<td width=\"109\">Multilecturas (Primaria)<\/p>\n<p>&nbsp;<\/p>\n<p>Teatros&nbsp; (Infantil)<\/td>\n<td width=\"70\">Todo el Centro<\/td>\n<td width=\"109\">Equipo directivo<\/p>\n<p>&nbsp;<\/p>\n<p>Coordinador\/a del Plan de LyB<\/td>\n<td width=\"130\">23 de abril<\/td>\n<td width=\"108\">Centro<\/td>\n<\/tr>\n<tr>\n<td width=\"191\"><strong>Salida Colectiva<\/strong><\/td>\n<td width=\"232\">Convivencia de toda la Comunidad Educativa<\/td>\n<td width=\"109\">Jornada de actividades deportivas fuera del centro escolar<\/td>\n<td width=\"70\">Todo el Centro<\/td>\n<td width=\"109\">Maestros de E.F.<\/p>\n<p>&nbsp;<\/p>\n<p>Coordinadores de Ciclo<\/p>\n<p>&nbsp;<\/p>\n<p>Tutores\/as<\/td>\n<td width=\"130\">Previo a finalizar el calendario escolar<\/td>\n<td width=\"108\">Centro<\/p>\n<p>AMPA<\/td>\n<\/tr>\n<tr>\n<td width=\"191\"><strong>Puesta de bandas de Educaci\u00f3n Infantil<\/strong><\/td>\n<td width=\"232\">Convivencia de los alumnos\/as de 5 a\u00f1os, profesores y familiares<\/td>\n<td width=\"109\">Acto de puesta de bandas, desayuno y fiesta<\/td>\n<td width=\"70\">5 a\u00f1os<\/td>\n<td width=\"109\">Coordinador\/a de Educaci\u00f3n Infantil<\/p>\n<p>&nbsp;<\/p>\n<p>Tutores\/as de 5 a\u00f1os<\/td>\n<td width=\"130\">Previo a finalizar el calendario escolar<\/td>\n<td width=\"108\">Centro<\/p>\n<p>AMPA<\/p>\n<p>Familiares<\/td>\n<\/tr>\n<tr>\n<td width=\"191\"><strong>Torneo Despedida de Primaria de F\u00fatbol Sala<\/strong><\/td>\n<td width=\"232\">Convivencia deportiva con otros centros educativos<\/td>\n<td width=\"109\">Partidos de f\u00fatbol sala masculino y femenino<\/td>\n<td width=\"70\">6\u00ba de Primaria<\/td>\n<td width=\"109\">Maestros E.F.<\/td>\n<td width=\"130\">\u00daltima semana de clases<\/td>\n<td width=\"108\">Centro<\/td>\n<\/tr>\n<tr>\n<td width=\"191\"><strong>Fiesta Fin de Curso<\/strong><\/td>\n<td width=\"232\">Convivencia de toda la comunidad educativa<\/td>\n<td width=\"109\">Bailes<\/td>\n<td width=\"70\">Todo el Centro<\/td>\n<td width=\"109\">Equipo directivo<\/p>\n<p>&nbsp;<\/p>\n<p>Tutores\/as<\/td>\n<td width=\"130\">Previa a finalizar la jornada escolar<\/td>\n<td width=\"108\">Centro<\/p>\n<p>&nbsp;<\/td>\n<\/tr>\n<\/tbody>\n<\/table>\n","protected":false},"excerpt":{"rendered":"<p>PROGRAMACI\u00d3N DE LAS ACTIVIDADES COMPLEMENTARIAS Y EXTRAESCOLARES \/ INTEGRACI\u00d3N DE LA AMPA Y LAS FAMILIAS. &nbsp; Denominaci\u00f3n de la actividad Objetivos Acciones \/ Medios Niveles Responsables Temporalizaci\u00f3n Financiaci\u00f3n Halloween Conocer la cultura inglesa Actividad&#46;&#46;&#46;<\/p>\n","protected":false},"author":2332,"featured_media":0,"parent":0,"menu_order":0,"comment_status":"closed","ping_status":"closed","template":"page-cs.php","meta":{"ngg_post_thumbnail":0,"footnotes":"","_mc_calendar":[]},"aioseo_notices":[],"_links":{"self":[{"href":"https:\/\/blogsaverroes.juntadeandalucia.es\/ceipsantamaria\/wp-json\/wp\/v2\/pages\/2221"}],"collection":[{"href":"https:\/\/blogsaverroes.juntadeandalucia.es\/ceipsantamaria\/wp-json\/wp\/v2\/pages"}],"about":[{"href":"https:\/\/blogsaverroes.juntadeandalucia.es\/ceipsantamaria\/wp-json\/wp\/v2\/types\/page"}],"author":[{"embeddable":true,"href":"https:\/\/blogsaverroes.juntadeandalucia.es\/ceipsantamaria\/wp-json\/wp\/v2\/users\/2332"}],"replies":[{"embeddable":true,"href":"https:\/\/blogsaverroes.juntadeandalucia.es\/ceipsantamaria\/wp-json\/wp\/v2\/comments?post=2221"}],"version-history":[{"count":2,"href":"https:\/\/blogsaverroes.juntadeandalucia.es\/ceipsantamaria\/wp-json\/wp\/v2\/pages\/2221\/revisions"}],"predecessor-version":[{"id":2296,"href":"https:\/\/blogsaverroes.juntadeandalucia.es\/ceipsantamaria\/wp-json\/wp\/v2\/pages\/2221\/revisions\/2296"}],"wp:attachment":[{"href":"https:\/\/blogsaverroes.juntadeandalucia.es\/ceipsantamaria\/wp-json\/wp\/v2\/media?parent=2221"}],"curies":[{"name":"wp","href":"https:\/\/api.w.org\/{rel}","templated":true}]}}