{"id":99,"date":"2015-03-16T07:22:54","date_gmt":"2015-03-16T07:22:54","guid":{"rendered":"http:\/\/blogsaverroes.juntadeandalucia.es\/pre\/ceip\/?page_id=99"},"modified":"2023-11-25T11:49:01","modified_gmt":"2023-11-25T11:49:01","slug":"comedor-escolar","status":"publish","type":"page","link":"https:\/\/blogsaverroes.juntadeandalucia.es\/ceipsantesifon\/comedor-escolar\/","title":{"rendered":"Comedor escolar"},"content":{"rendered":"<p><strong><span style=\"font-family: Arial,sans-serif\"><span style=\"font-size: medium\"><u>NUESTRO COMEDOR ESCOLAR, SE\u00d1A DE IDENTIDAD Y CALIDAD DE NUESTRO CENTRO<\/u><\/span><\/span>&nbsp;&nbsp;&nbsp;&nbsp;&nbsp;&nbsp;&nbsp;&nbsp;&nbsp;&nbsp;&nbsp;&nbsp;&nbsp;&nbsp;&nbsp;&nbsp;&nbsp;&nbsp;&nbsp;&nbsp; <\/strong><a href=\"http:\/\/blogsaverroes.juntadeandalucia.es\/ceipsantesifon\/files\/2015\/03\/comida.jpg\"><img loading=\"lazy\" decoding=\"async\" class=\"aligncenter wp-image-238 \" src=\"http:\/\/blogsaverroes.juntadeandalucia.es\/ceipsantesifon\/files\/2015\/03\/comida.jpg\" alt=\"\" width=\"582\" height=\"341\"><\/a><strong> &nbsp;&nbsp;&nbsp;&nbsp;&nbsp;&nbsp;&nbsp;&nbsp;&nbsp;&nbsp;&nbsp;&nbsp;&nbsp;&nbsp;&nbsp;&nbsp;&nbsp;&nbsp;&nbsp;&nbsp;&nbsp;&nbsp;&nbsp;&nbsp;&nbsp;&nbsp;&nbsp;&nbsp;&nbsp;&nbsp;&nbsp;&nbsp;&nbsp;&nbsp;&nbsp;&nbsp;&nbsp;&nbsp;&nbsp;&nbsp;&nbsp;&nbsp;&nbsp;&nbsp;&nbsp;&nbsp;&nbsp;&nbsp;&nbsp;&nbsp;&nbsp;&nbsp;&nbsp;&nbsp;&nbsp;&nbsp;&nbsp;&nbsp;&nbsp; &nbsp;&nbsp;&nbsp;&nbsp;&nbsp;&nbsp;&nbsp;&nbsp;&nbsp;&nbsp;&nbsp;&nbsp;&nbsp;&nbsp;&nbsp;&nbsp;&nbsp;&nbsp;&nbsp;&nbsp;&nbsp;&nbsp;&nbsp;&nbsp;&nbsp;&nbsp;&nbsp;&nbsp;&nbsp;&nbsp;&nbsp;&nbsp;&nbsp;&nbsp;&nbsp;&nbsp;&nbsp;&nbsp;&nbsp;&nbsp;&nbsp;&nbsp;&nbsp;&nbsp;&nbsp;&nbsp;&nbsp;&nbsp;&nbsp;&nbsp;&nbsp;&nbsp;&nbsp;&nbsp;&nbsp;&nbsp;&nbsp;&nbsp;&nbsp;&nbsp;&nbsp;&nbsp;&nbsp;&nbsp;&nbsp; <\/strong><\/p>\n<p align=\"justify\"><span style=\"font-family: Arial,sans-serif\"><span style=\"font-size: small\"><b>Desde su fundaci\u00f3n, el CEIP \u201cSan Tesif\u00f3n\u201d ha sido un Centro que ha recogido la dispersa poblaci\u00f3n escolar de los barrios de Berja. Ha necesitado, pues, los servicios de transporte y comedor escolar. <\/b>Los que hemos sido alumnas o alumnos de este colegio siempre recordamos con cari\u00f1o el comedor, nuestras cocineras, las comidas que m\u00e1s nos gustaban y las que menos.<\/span><\/span><\/p>\n<p align=\"justify\"><span style=\"font-family: Arial,sans-serif\"><span style=\"font-size: small\"> <b>Nuestro comedor escolar ha sido, es y seguir\u00e1 siendo<\/b> (es al menos la intenci\u00f3n del actual equipo directivo), <b>un comedor de gesti\u00f3n directa<\/b>: desde el dise\u00f1o de los men\u00fas, la selecci\u00f3n de los proveedores y los productos, hasta la elaboraci\u00f3n de la comida en una cocina cada vez m\u00e1s moderna y renovada, por personal propio, todo es supervisado y controlado desde el propio Centro.<\/span><\/span><\/p>\n<p align=\"justify\"><span style=\"font-family: Arial,sans-serif\"><span style=\"font-size: small\"> Queremos que las familias de nuestras alumnas y alumnos tengan la tranquilidad que <b>los criterios que siguen inspirando el servicio de comedor del CEIP \u201cSan Tesif\u00f3n\u201d son los de cantidad y calidad<\/b>: sabemos de la delicadeza del personal al que alimentamos (el futuro de nuestra ciudad), que es la principal comida del d\u00eda para ellas y ellos, y que ha de ser m\u00e1s que suficiente (abundante sin derrochar, si es posible) y con altos niveles de calidad, por los productos que utiliza, la variedad y su elaboraci\u00f3n.<\/span><\/span><\/p>\n<p align=\"justify\"><span style=\"font-family: Arial,sans-serif\"><span style=\"font-size: small\"> Por otro lado, les <b>tenemos que advertir de algunas cuestiones que es preciso tener en cuenta<\/b>: (1) las ni\u00f1as y los ni\u00f1os siguen siendo muy reticentes al consumo de determinados platos (normalmente de cuchara y con verduras), as\u00ed como la fruta, por lo que por su salud, ser\u00eda conveniente que les insistieran en la importancia de esforzarse en comer de todo y que, con su ejemplo, tambi\u00e9n les llegara desde casa el mismo mensaje que desde el Centro, no mensajes contradictorios; (2) tambi\u00e9n hemos observado que hay ni\u00f1as y ni\u00f1os que desayunan muy poco o nada antes de salir de casa y despu\u00e9s intentan compensarlo con enormes bocadillos a la hora del recreo: l\u00f3gicamente, a la hora de la comida, tienen muy poco apetito, comen poco y mal y cuando llegan a casa parecen \u201cestar hambrientos\u201d, por lo que les rogamos corrijan desde casa estos desajustes en beneficio de su salud.<\/span><\/span><\/p>\n<p align=\"justify\"><span style=\"font-family: Arial,sans-serif\"><span style=\"font-size: small\"><span lang=\"es-ES\"> En un ejercicio de transparencia, estamos a su disposici\u00f3n, las madres y padres que lo deseen, pueden ponerse en contacto con el Centro, y <\/span><span lang=\"es-ES\"><b>est\u00e1n invitadas \/ invitados<\/b><\/span><span lang=\"es-ES\"> a comer y degustar el men\u00fa que sus hijas o hijos est\u00e1n comiendo, cualquier d\u00eda.<\/span><\/span><\/span><\/p>\n<p><span style=\"font-family: Arial,sans-serif\"><span style=\"font-size: small\"> <span lang=\"es-ES\"><b>Nuestra \u00fanica intenci\u00f3n es tranquilizarles por la calidad de un servicio como es el de comedor, vital para nuestro Centro, se\u00f1a de identidad y calidad del mismo, que as\u00ed lo ha sido y queremos, no lo duden, que siga siendo.<\/b><\/span><\/span><\/span><\/p>\n","protected":false},"excerpt":{"rendered":"<p>NUESTRO COMEDOR ESCOLAR, SE\u00d1A DE IDENTIDAD Y CALIDAD DE NUESTRO CENTRO&nbsp;&nbsp;&nbsp;&nbsp;&nbsp;&nbsp;&nbsp;&nbsp;&nbsp;&nbsp;&nbsp;&nbsp;&nbsp;&nbsp;&nbsp;&nbsp;&nbsp;&nbsp;&nbsp;&nbsp; &nbsp;&nbsp;&nbsp;&nbsp;&nbsp;&nbsp;&nbsp;&nbsp;&nbsp;&nbsp;&nbsp;&nbsp;&nbsp;&nbsp;&nbsp;&nbsp;&nbsp;&nbsp;&nbsp;&nbsp;&nbsp;&nbsp;&nbsp;&nbsp;&nbsp;&nbsp;&nbsp;&nbsp;&nbsp;&nbsp;&nbsp;&nbsp;&nbsp;&nbsp;&nbsp;&nbsp;&nbsp;&nbsp;&nbsp;&nbsp;&nbsp;&nbsp;&nbsp;&nbsp;&nbsp;&nbsp;&nbsp;&nbsp;&nbsp;&nbsp;&nbsp;&nbsp;&nbsp;&nbsp;&nbsp;&nbsp;&nbsp;&nbsp;&nbsp; &nbsp;&nbsp;&nbsp;&nbsp;&nbsp;&nbsp;&nbsp;&nbsp;&nbsp;&nbsp;&nbsp;&nbsp;&nbsp;&nbsp;&nbsp;&nbsp;&nbsp;&nbsp;&nbsp;&nbsp;&nbsp;&nbsp;&nbsp;&nbsp;&nbsp;&nbsp;&nbsp;&nbsp;&nbsp;&nbsp;&nbsp;&nbsp;&nbsp;&nbsp;&nbsp;&nbsp;&nbsp;&nbsp;&nbsp;&nbsp;&nbsp;&nbsp;&nbsp;&nbsp;&nbsp;&nbsp;&nbsp;&nbsp;&nbsp;&nbsp;&nbsp;&nbsp;&nbsp;&nbsp;&nbsp;&nbsp;&nbsp;&nbsp;&nbsp;&nbsp;&nbsp;&nbsp;&nbsp;&nbsp;&nbsp; Desde su fundaci\u00f3n, el CEIP \u201cSan Tesif\u00f3n\u201d ha sido un Centro que&hellip;<\/p>\n","protected":false},"author":1,"featured_media":0,"parent":0,"menu_order":0,"comment_status":"closed","ping_status":"open","template":"","meta":{"ngg_post_thumbnail":0,"footnotes":"","_mc_calendar":[]},"aioseo_notices":[],"_links":{"self":[{"href":"https:\/\/blogsaverroes.juntadeandalucia.es\/ceipsantesifon\/wp-json\/wp\/v2\/pages\/99"}],"collection":[{"href":"https:\/\/blogsaverroes.juntadeandalucia.es\/ceipsantesifon\/wp-json\/wp\/v2\/pages"}],"about":[{"href":"https:\/\/blogsaverroes.juntadeandalucia.es\/ceipsantesifon\/wp-json\/wp\/v2\/types\/page"}],"author":[{"embeddable":true,"href":"https:\/\/blogsaverroes.juntadeandalucia.es\/ceipsantesifon\/wp-json\/wp\/v2\/users\/1"}],"replies":[{"embeddable":true,"href":"https:\/\/blogsaverroes.juntadeandalucia.es\/ceipsantesifon\/wp-json\/wp\/v2\/comments?post=99"}],"version-history":[{"count":11,"href":"https:\/\/blogsaverroes.juntadeandalucia.es\/ceipsantesifon\/wp-json\/wp\/v2\/pages\/99\/revisions"}],"predecessor-version":[{"id":3879,"href":"https:\/\/blogsaverroes.juntadeandalucia.es\/ceipsantesifon\/wp-json\/wp\/v2\/pages\/99\/revisions\/3879"}],"wp:attachment":[{"href":"https:\/\/blogsaverroes.juntadeandalucia.es\/ceipsantesifon\/wp-json\/wp\/v2\/media?parent=99"}],"curies":[{"name":"wp","href":"https:\/\/api.w.org\/{rel}","templated":true}]}}