{"id":1453,"date":"2023-03-01T00:10:47","date_gmt":"2023-02-28T23:10:47","guid":{"rendered":"https:\/\/blogsaverroes.juntadeandalucia.es\/ceipsantiagolalinea\/?page_id=1453"},"modified":"2026-04-01T08:04:29","modified_gmt":"2026-04-01T07:04:29","slug":"escuela-espacio-de-paz","status":"publish","type":"page","link":"https:\/\/blogsaverroes.juntadeandalucia.es\/ceipsantiagolalinea\/escuela-espacio-de-paz\/","title":{"rendered":"Escuela, espacio de Paz."},"content":{"rendered":"<p class=\"Estilo21 Estilo25\" style=\"text-align: left\" align=\"center\"><span style=\"font-size: 14pt\"><strong>Red Andaluza &#8220;Escuela: Espacio de Paz&#8221;.<\/strong><\/span><\/p>\n<p class=\"Estilo21 Estilo25\" style=\"text-align: left\" align=\"center\"><img loading=\"lazy\" decoding=\"async\" class=\"alignnone size-full wp-image-1582\" src=\"https:\/\/blogsaverroes.juntadeandalucia.es\/ceipsantiagolalinea\/files\/2023\/03\/Escuela-Espacio-de-Paz.jpg\" alt=\"\" width=\"200\" height=\"143\"><\/p>\n<p class=\"Estilo16 Estilo24\" align=\"justify\">Es un programa que favorece el fomento de h\u00e1bitos y conductas de buena convivencia entre todos los miembros de la comunidad educativa de nuestro colegio. Dentro de los \u00e1mbitos de aplicaci\u00f3n del porgrama, nuestro centro fomenta de una forma especial la participaci\u00f3n de los diferentes sectores del colegio en la vida escolar, haciendo posible que la educaci\u00f3n de nuestros alumnos se desarrolle en un ambiente adecuado para ellos. Est\u00e1 dirigido a todos los alumnos y alummnas tanto en educaci\u00f3n infantil como educaci\u00f3n primaria.<\/p>\n<p class=\"Estilo16 Estilo24\" align=\"justify\">El programa est\u00e1 coordinado por&nbsp; D\u00f1a. Ana Lara Padilla, maestra de Educaci\u00f3n F\u00edsica del centro educativo.<\/p>\n","protected":false},"excerpt":{"rendered":"<p>Red Andaluza &#8220;Escuela: Espacio de Paz&#8221;. Es un programa que favorece el fomento de h\u00e1bitos y conductas de buena convivencia entre todos los miembros de la comunidad educativa de nuestro colegio. Dentro de los \u00e1mbitos de aplicaci\u00f3n del porgrama, nuestro centro fomenta de una forma especial la participaci\u00f3n de los diferentes sectores del colegio en [&hellip;]<\/p>\n","protected":false},"author":17575,"featured_media":0,"parent":0,"menu_order":0,"comment_status":"closed","ping_status":"closed","template":"","meta":{"_et_pb_use_builder":"","_et_pb_old_content":"","_et_gb_content_width":"","ngg_post_thumbnail":0,"footnotes":""},"aioseo_notices":[],"_links":{"self":[{"href":"https:\/\/blogsaverroes.juntadeandalucia.es\/ceipsantiagolalinea\/wp-json\/wp\/v2\/pages\/1453"}],"collection":[{"href":"https:\/\/blogsaverroes.juntadeandalucia.es\/ceipsantiagolalinea\/wp-json\/wp\/v2\/pages"}],"about":[{"href":"https:\/\/blogsaverroes.juntadeandalucia.es\/ceipsantiagolalinea\/wp-json\/wp\/v2\/types\/page"}],"author":[{"embeddable":true,"href":"https:\/\/blogsaverroes.juntadeandalucia.es\/ceipsantiagolalinea\/wp-json\/wp\/v2\/users\/17575"}],"replies":[{"embeddable":true,"href":"https:\/\/blogsaverroes.juntadeandalucia.es\/ceipsantiagolalinea\/wp-json\/wp\/v2\/comments?post=1453"}],"version-history":[{"count":6,"href":"https:\/\/blogsaverroes.juntadeandalucia.es\/ceipsantiagolalinea\/wp-json\/wp\/v2\/pages\/1453\/revisions"}],"predecessor-version":[{"id":6582,"href":"https:\/\/blogsaverroes.juntadeandalucia.es\/ceipsantiagolalinea\/wp-json\/wp\/v2\/pages\/1453\/revisions\/6582"}],"wp:attachment":[{"href":"https:\/\/blogsaverroes.juntadeandalucia.es\/ceipsantiagolalinea\/wp-json\/wp\/v2\/media?parent=1453"}],"curies":[{"name":"wp","href":"https:\/\/api.w.org\/{rel}","templated":true}]}}