{"id":1457,"date":"2023-03-01T00:11:51","date_gmt":"2023-02-28T23:11:51","guid":{"rendered":"https:\/\/blogsaverroes.juntadeandalucia.es\/ceipsantiagolalinea\/?page_id=1457"},"modified":"2025-02-20T22:10:58","modified_gmt":"2025-02-20T21:10:58","slug":"bilinguismo","status":"publish","type":"page","link":"https:\/\/blogsaverroes.juntadeandalucia.es\/ceipsantiagolalinea\/bilinguismo\/","title":{"rendered":"Biling\u00fcismo."},"content":{"rendered":"<p class=\"Estilo21 Estilo25\" style=\"text-align: left\" align=\"center\"><strong><span style=\"font-size: 14pt\">Plan de Fomento del Pluriling\u00fc\u00edsmo.<\/span><\/strong><\/p>\n<p class=\"Estilo21 Estilo25\" align=\"center\"><a href=\"https:\/\/blogsaverroes.juntadeandalucia.es\/ceipsantiagolalinea\/bilinguismo\/\"><img loading=\"lazy\" decoding=\"async\" class=\"alignnone\" src=\"http:\/\/ceipsantiagolalinea.es\/Imagenes\/inglaterra.gif\" alt=\"\" width=\"84\" height=\"57\"><\/a>&nbsp; &nbsp; &nbsp; <a href=\"https:\/\/sites.google.com\/g.educaand.es\/elprofedefrances\/inicio\"><img loading=\"lazy\" decoding=\"async\" class=\"alignnone wp-image-1545\" src=\"https:\/\/blogsaverroes.juntadeandalucia.es\/ceipsantiagolalinea\/files\/2023\/03\/bandera-de-francia-imagen-animada-0031.gif\" alt=\"\" width=\"88\" height=\"62\"><\/a><\/p>\n<p class=\"Estilo16 Estilo24\" align=\"justify\">Este plan tiene como objetivo capacitar al alumnado en el uso de una segunda lengua distinta de la materna. En nuestro centro educativo la ense\u00f1anza del biling\u00fc\u00edsmo se lleva a cabo este curso escolar hasta sexto de educaci\u00f3n primaria. Durante el mismo se imparten en ingl\u00e9s las \u00e1reas de ciencias sociales, ciencias naturales y de educaci\u00f3n f\u00edsica en educaci\u00f3n primaria, al tiempo la ense\u00f1anza del ingl\u00e9s se adelanta a la educaci\u00f3n infantil. Por otro lado, el profesorado realizar\u00e1 formaci\u00f3n en el idioma del ingl\u00e9s y se elaboran materiales que adecuados a este objetivo para facilitar el aprendizaje del ingl\u00e9s en las \u00e1reas anteriormente citadas.<\/p>\n<p class=\"Estilo16 Estilo24\" align=\"justify\">Durante el presente curso escolar&nbsp; contamos con un auxiliar de conversaci\u00f3n de Estados Unidos que nos ayuda en el desarrolo del programa. Informaci\u00f3n dirigida para los auxiliares de conversaci\u00f3n (pinchando <a href=\"https:\/\/blogsaverroes.juntadeandalucia.es\/ceipsantiagolalinea\/files\/2023\/03\/Ficha-Informativa-para-AACC-English-CEIP-SANTIAGO-11007417.pdf\">aqu\u00ed<\/a>).<\/p>\n<p class=\"Estilo16 Estilo24\" align=\"justify\">Este plan est\u00e1 coordinado por D. Juan Luis Serrano Pedrosa, Director de este centro escolar.<\/p>\n<p align=\"justify\">En el programa se integran adem\u00e1s las \u00e1reas de educaci\u00f3n f\u00edsica y lengua extranjera franc\u00e9s.<\/p>\n<p class=\"Estilo16 Estilo24\" align=\"justify\">Desde esta p\u00e1gina podr\u00e9is enlazar las unidades de ciencias sociales y naturales para reforzar el aprendizaje desde casa .<\/p>\n<table style=\"width: 811px\" border=\"0\" width=\"811\">\n<tbody>\n<tr>\n<td class=\"Estilo17\" colspan=\"3\">\n<div align=\"center\">LEVELS<\/div>\n<\/td>\n<\/tr>\n<tr>\n<td class=\"Estilo17\" width=\"263\">\n<div align=\"center\">\n<p><a href=\"http:\/\/ceipsantiagolalinea.es\/Bilinguismo%20Level%201.html\" target=\"_blank\" rel=\"noopener noreferrer\"><img loading=\"lazy\" decoding=\"async\" src=\"http:\/\/ceipsantiagolalinea.es\/Imagenes\/UNO.gif\" width=\"207\" height=\"165\"><\/a><\/p>\n<p>&nbsp;<\/p>\n<\/div>\n<\/td>\n<td class=\"Estilo17\" width=\"263\">\n<p align=\"center\"><a href=\"http:\/\/ceipsantiagolalinea.es\/Bilinguismo%20Level%202.html\" target=\"_blank\" rel=\"noopener noreferrer\"><img loading=\"lazy\" decoding=\"async\" src=\"http:\/\/ceipsantiagolalinea.es\/Imagenes\/DOS.gif\" width=\"212\" height=\"171\"><\/a><\/p>\n<p>&nbsp;<\/td>\n<td class=\"Estilo17\" width=\"263\">\n<div align=\"center\">\n<p><a href=\"http:\/\/ceipsantiagolalinea.es\/Bilinguismo%20Level%203.html\" target=\"_blank\" rel=\"noopener noreferrer\"><img loading=\"lazy\" decoding=\"async\" src=\"http:\/\/ceipsantiagolalinea.es\/Imagenes\/TRES.gif\" width=\"182\" height=\"176\"><\/a><\/p>\n<p>&nbsp;<\/p>\n<\/div>\n<\/td>\n<\/tr>\n<tr>\n<td class=\"Estilo17\" height=\"258\">\n<p align=\"center\"><a href=\"http:\/\/ceipsantiagolalinea.es\/Bilinguismo%20Level%204.html\" target=\"_blank\" rel=\"noopener noreferrer\"><img loading=\"lazy\" decoding=\"async\" src=\"http:\/\/ceipsantiagolalinea.es\/Imagenes\/CUATRO.gif\" width=\"199\" height=\"169\"><\/a><\/p>\n<\/td>\n<td class=\"Estilo17\">\n<div align=\"center\"><a href=\"http:\/\/ceipsantiagolalinea.es\/Bilinguismo%20Level%205.html\" target=\"_blank\" rel=\"noopener noreferrer\"><img loading=\"lazy\" decoding=\"async\" src=\"http:\/\/ceipsantiagolalinea.es\/Imagenes\/CINCO.gif\" width=\"192\" height=\"177\"><\/a><\/div>\n<\/td>\n<td class=\"Estilo17\">\n<div align=\"center\">\n<p><a href=\"http:\/\/ceipsantiagolalinea.es\/Bilinguismo%20Level%206.html\" target=\"_blank\" rel=\"noopener noreferrer\"><img loading=\"lazy\" decoding=\"async\" src=\"http:\/\/ceipsantiagolalinea.es\/Imagenes\/SEIS.gif\" width=\"249\" height=\"200\"><\/a><\/p>\n<\/div>\n<\/td>\n<\/tr>\n<\/tbody>\n<\/table>\n<p>&nbsp;<\/p>\n","protected":false},"excerpt":{"rendered":"<p>Plan de Fomento del Pluriling\u00fc\u00edsmo. &nbsp; &nbsp; &nbsp; Este plan tiene como objetivo capacitar al alumnado en el uso de una segunda lengua distinta de la materna. En nuestro centro educativo la ense\u00f1anza del biling\u00fc\u00edsmo se lleva a cabo este curso escolar hasta sexto de educaci\u00f3n primaria. Durante el mismo se imparten en ingl\u00e9s las [&hellip;]<\/p>\n","protected":false},"author":17575,"featured_media":0,"parent":0,"menu_order":0,"comment_status":"closed","ping_status":"closed","template":"","meta":{"_et_pb_use_builder":"","_et_pb_old_content":"","_et_gb_content_width":"","ngg_post_thumbnail":0,"footnotes":""},"aioseo_notices":[],"_links":{"self":[{"href":"https:\/\/blogsaverroes.juntadeandalucia.es\/ceipsantiagolalinea\/wp-json\/wp\/v2\/pages\/1457"}],"collection":[{"href":"https:\/\/blogsaverroes.juntadeandalucia.es\/ceipsantiagolalinea\/wp-json\/wp\/v2\/pages"}],"about":[{"href":"https:\/\/blogsaverroes.juntadeandalucia.es\/ceipsantiagolalinea\/wp-json\/wp\/v2\/types\/page"}],"author":[{"embeddable":true,"href":"https:\/\/blogsaverroes.juntadeandalucia.es\/ceipsantiagolalinea\/wp-json\/wp\/v2\/users\/17575"}],"replies":[{"embeddable":true,"href":"https:\/\/blogsaverroes.juntadeandalucia.es\/ceipsantiagolalinea\/wp-json\/wp\/v2\/comments?post=1457"}],"version-history":[{"count":7,"href":"https:\/\/blogsaverroes.juntadeandalucia.es\/ceipsantiagolalinea\/wp-json\/wp\/v2\/pages\/1457\/revisions"}],"predecessor-version":[{"id":4427,"href":"https:\/\/blogsaverroes.juntadeandalucia.es\/ceipsantiagolalinea\/wp-json\/wp\/v2\/pages\/1457\/revisions\/4427"}],"wp:attachment":[{"href":"https:\/\/blogsaverroes.juntadeandalucia.es\/ceipsantiagolalinea\/wp-json\/wp\/v2\/media?parent=1457"}],"curies":[{"name":"wp","href":"https:\/\/api.w.org\/{rel}","templated":true}]}}