{"id":2692,"date":"2021-09-19T07:43:28","date_gmt":"2021-09-19T07:43:28","guid":{"rendered":"https:\/\/blogsaverroes.juntadeandalucia.es\/ceipsegundocentenario\/?page_id=2692"},"modified":"2021-09-19T07:45:39","modified_gmt":"2021-09-19T07:45:39","slug":"claustro-2021-2022-2","status":"publish","type":"page","link":"https:\/\/blogsaverroes.juntadeandalucia.es\/ceipsegundocentenario\/claustro-2021-2022-2\/","title":{"rendered":"Claustro 2020-2021"},"content":{"rendered":"<h1>A continuaci\u00f3n se detalla el claustro &nbsp;de nuestro centro para este curso 2020-2021:<\/h1>\n<p><a href=\"https:\/\/blogsaverroes.juntadeandalucia.es\/ceipsegundocentenario\/files\/2020\/11\/3f56faae-bc04-488c-abad-7e3166c1c7eb.jpg\"><img decoding=\"async\" class=\"wp-image-2411 aligncenter\" src=\"https:\/\/blogsaverroes.juntadeandalucia.es\/ceipsegundocentenario\/files\/2020\/11\/3f56faae-bc04-488c-abad-7e3166c1c7eb-251x300.jpg\" alt=\"\" width=\"126\" height=\"151\" srcset=\"https:\/\/blogsaverroes.juntadeandalucia.es\/ceipsegundocentenario\/files\/2020\/11\/3f56faae-bc04-488c-abad-7e3166c1c7eb-251x300.jpg 251w, https:\/\/blogsaverroes.juntadeandalucia.es\/ceipsegundocentenario\/files\/2020\/11\/3f56faae-bc04-488c-abad-7e3166c1c7eb-20x24.jpg 20w, https:\/\/blogsaverroes.juntadeandalucia.es\/ceipsegundocentenario\/files\/2020\/11\/3f56faae-bc04-488c-abad-7e3166c1c7eb-30x36.jpg 30w, https:\/\/blogsaverroes.juntadeandalucia.es\/ceipsegundocentenario\/files\/2020\/11\/3f56faae-bc04-488c-abad-7e3166c1c7eb-40x48.jpg 40w, https:\/\/blogsaverroes.juntadeandalucia.es\/ceipsegundocentenario\/files\/2020\/11\/3f56faae-bc04-488c-abad-7e3166c1c7eb.jpg 449w\" sizes=\"(max-width: 126px) 100vw, 126px\" \/><\/a><\/p>\n<p style=\"text-align: center\"><strong>Tutora de infantil 3 a\u00f1os:<\/strong> Ana Bel\u00e9n Real Dom\u00ednguez<\/p>\n<p>&nbsp; <a href=\"https:\/\/blogsaverroes.juntadeandalucia.es\/ceipsegundocentenario\/files\/2020\/11\/IMG_20201108_144217.jpg\"><img decoding=\"async\" class=\"wp-image-2410 aligncenter\" src=\"https:\/\/blogsaverroes.juntadeandalucia.es\/ceipsegundocentenario\/files\/2020\/11\/IMG_20201108_144217-300x287.jpg\" alt=\"\" width=\"151\" height=\"144\" srcset=\"https:\/\/blogsaverroes.juntadeandalucia.es\/ceipsegundocentenario\/files\/2020\/11\/IMG_20201108_144217-300x287.jpg 300w, https:\/\/blogsaverroes.juntadeandalucia.es\/ceipsegundocentenario\/files\/2020\/11\/IMG_20201108_144217-24x24.jpg 24w, https:\/\/blogsaverroes.juntadeandalucia.es\/ceipsegundocentenario\/files\/2020\/11\/IMG_20201108_144217-36x34.jpg 36w, https:\/\/blogsaverroes.juntadeandalucia.es\/ceipsegundocentenario\/files\/2020\/11\/IMG_20201108_144217-48x46.jpg 48w, https:\/\/blogsaverroes.juntadeandalucia.es\/ceipsegundocentenario\/files\/2020\/11\/IMG_20201108_144217.jpg 403w\" sizes=\"(max-width: 151px) 100vw, 151px\" \/><\/a><\/p>\n<p style=\"text-align: center\"><strong>Tutor de infantil 4 a\u00f1os:<\/strong> Miguel \u00c1ngel Bravo Burgos<\/p>\n<p><a href=\"https:\/\/blogsaverroes.juntadeandalucia.es\/ceipsegundocentenario\/files\/2020\/11\/Captura-de-pantalla-2020-11-08-a-las-12.19.47.png\"><img decoding=\"async\" class=\"wp-image-2404 aligncenter\" src=\"https:\/\/blogsaverroes.juntadeandalucia.es\/ceipsegundocentenario\/files\/2020\/11\/Captura-de-pantalla-2020-11-08-a-las-12.19.47-289x300.png\" alt=\"\" width=\"158\" height=\"164\" srcset=\"https:\/\/blogsaverroes.juntadeandalucia.es\/ceipsegundocentenario\/files\/2020\/11\/Captura-de-pantalla-2020-11-08-a-las-12.19.47-289x300.png 289w, https:\/\/blogsaverroes.juntadeandalucia.es\/ceipsegundocentenario\/files\/2020\/11\/Captura-de-pantalla-2020-11-08-a-las-12.19.47-24x24.png 24w, https:\/\/blogsaverroes.juntadeandalucia.es\/ceipsegundocentenario\/files\/2020\/11\/Captura-de-pantalla-2020-11-08-a-las-12.19.47-36x36.png 36w, https:\/\/blogsaverroes.juntadeandalucia.es\/ceipsegundocentenario\/files\/2020\/11\/Captura-de-pantalla-2020-11-08-a-las-12.19.47-46x48.png 46w, https:\/\/blogsaverroes.juntadeandalucia.es\/ceipsegundocentenario\/files\/2020\/11\/Captura-de-pantalla-2020-11-08-a-las-12.19.47.png 626w\" sizes=\"(max-width: 158px) 100vw, 158px\" \/><\/a><\/p>\n<p style=\"text-align: center\"><strong>Tutora de infantil 5 a\u00f1os:<\/strong>&nbsp;M\u00aa Fernanda Gonz\u00e1lez Romero<\/p>\n<p><a href=\"https:\/\/blogsaverroes.juntadeandalucia.es\/ceipsegundocentenario\/files\/2020\/11\/Captura-de-pantalla-2020-11-08-a-las-17.12.22.png\"><img loading=\"lazy\" decoding=\"async\" class=\" wp-image-2408 aligncenter\" src=\"https:\/\/blogsaverroes.juntadeandalucia.es\/ceipsegundocentenario\/files\/2020\/11\/Captura-de-pantalla-2020-11-08-a-las-17.12.22-215x300.png\" alt=\"\" width=\"119\" height=\"166\" srcset=\"https:\/\/blogsaverroes.juntadeandalucia.es\/ceipsegundocentenario\/files\/2020\/11\/Captura-de-pantalla-2020-11-08-a-las-17.12.22-215x300.png 215w, https:\/\/blogsaverroes.juntadeandalucia.es\/ceipsegundocentenario\/files\/2020\/11\/Captura-de-pantalla-2020-11-08-a-las-17.12.22-17x24.png 17w, https:\/\/blogsaverroes.juntadeandalucia.es\/ceipsegundocentenario\/files\/2020\/11\/Captura-de-pantalla-2020-11-08-a-las-17.12.22-26x36.png 26w, https:\/\/blogsaverroes.juntadeandalucia.es\/ceipsegundocentenario\/files\/2020\/11\/Captura-de-pantalla-2020-11-08-a-las-17.12.22-34x48.png 34w, https:\/\/blogsaverroes.juntadeandalucia.es\/ceipsegundocentenario\/files\/2020\/11\/Captura-de-pantalla-2020-11-08-a-las-17.12.22.png 492w\" sizes=\"(max-width: 119px) 100vw, 119px\" \/><\/a><\/p>\n<p style=\"text-align: center\"><strong>Tutora de 1\u00ba:<\/strong> Isabel Mar\u00eda Sevillano Mu\u00f1iz<\/p>\n<p style=\"text-align: center\"><a href=\"https:\/\/blogsaverroes.juntadeandalucia.es\/ceipsegundocentenario\/files\/2020\/11\/Melissa-252.jpg\"><img loading=\"lazy\" decoding=\"async\" class=\"wp-image-2412 aligncenter\" src=\"https:\/\/blogsaverroes.juntadeandalucia.es\/ceipsegundocentenario\/files\/2020\/11\/Melissa-252.jpg\" alt=\"\" width=\"115\" height=\"147\" srcset=\"https:\/\/blogsaverroes.juntadeandalucia.es\/ceipsegundocentenario\/files\/2020\/11\/Melissa-252.jpg 212w, https:\/\/blogsaverroes.juntadeandalucia.es\/ceipsegundocentenario\/files\/2020\/11\/Melissa-252-19x24.jpg 19w, https:\/\/blogsaverroes.juntadeandalucia.es\/ceipsegundocentenario\/files\/2020\/11\/Melissa-252-28x36.jpg 28w, https:\/\/blogsaverroes.juntadeandalucia.es\/ceipsegundocentenario\/files\/2020\/11\/Melissa-252-37x48.jpg 37w\" sizes=\"(max-width: 115px) 100vw, 115px\" \/><\/a><\/p>\n<p style=\"text-align: center\"><strong>Tutora de 2\u00ba:<\/strong> Melisa Serrano D\u00edaz<\/p>\n<p><a href=\"https:\/\/blogsaverroes.juntadeandalucia.es\/ceipsegundocentenario\/files\/2020\/11\/Captura-de-pantalla-2020-11-08-a-las-17.12.33.png\"><img loading=\"lazy\" decoding=\"async\" class=\"wp-image-2409 aligncenter\" src=\"https:\/\/blogsaverroes.juntadeandalucia.es\/ceipsegundocentenario\/files\/2020\/11\/Captura-de-pantalla-2020-11-08-a-las-17.12.33-203x300.png\" alt=\"\" width=\"114\" height=\"168\" srcset=\"https:\/\/blogsaverroes.juntadeandalucia.es\/ceipsegundocentenario\/files\/2020\/11\/Captura-de-pantalla-2020-11-08-a-las-17.12.33-203x300.png 203w, https:\/\/blogsaverroes.juntadeandalucia.es\/ceipsegundocentenario\/files\/2020\/11\/Captura-de-pantalla-2020-11-08-a-las-17.12.33-695x1024.png 695w, https:\/\/blogsaverroes.juntadeandalucia.es\/ceipsegundocentenario\/files\/2020\/11\/Captura-de-pantalla-2020-11-08-a-las-17.12.33-16x24.png 16w, https:\/\/blogsaverroes.juntadeandalucia.es\/ceipsegundocentenario\/files\/2020\/11\/Captura-de-pantalla-2020-11-08-a-las-17.12.33-24x36.png 24w, https:\/\/blogsaverroes.juntadeandalucia.es\/ceipsegundocentenario\/files\/2020\/11\/Captura-de-pantalla-2020-11-08-a-las-17.12.33-33x48.png 33w, https:\/\/blogsaverroes.juntadeandalucia.es\/ceipsegundocentenario\/files\/2020\/11\/Captura-de-pantalla-2020-11-08-a-las-17.12.33.png 742w\" sizes=\"(max-width: 114px) 100vw, 114px\" \/><\/a><\/p>\n<p style=\"text-align: center\"><strong>Tutor de 3\u00ba y especialista de Franc\u00e9s:<\/strong> Javier Reina Torres<\/p>\n<p><a href=\"https:\/\/blogsaverroes.juntadeandalucia.es\/ceipsegundocentenario\/files\/2020\/11\/Captura-de-pantalla-2020-11-08-a-las-17.12.09.png\"><img loading=\"lazy\" decoding=\"async\" class=\" wp-image-2407 aligncenter\" src=\"https:\/\/blogsaverroes.juntadeandalucia.es\/ceipsegundocentenario\/files\/2020\/11\/Captura-de-pantalla-2020-11-08-a-las-17.12.09-222x300.png\" alt=\"\" width=\"115\" height=\"155\" srcset=\"https:\/\/blogsaverroes.juntadeandalucia.es\/ceipsegundocentenario\/files\/2020\/11\/Captura-de-pantalla-2020-11-08-a-las-17.12.09-222x300.png 222w, https:\/\/blogsaverroes.juntadeandalucia.es\/ceipsegundocentenario\/files\/2020\/11\/Captura-de-pantalla-2020-11-08-a-las-17.12.09-18x24.png 18w, https:\/\/blogsaverroes.juntadeandalucia.es\/ceipsegundocentenario\/files\/2020\/11\/Captura-de-pantalla-2020-11-08-a-las-17.12.09-27x36.png 27w, https:\/\/blogsaverroes.juntadeandalucia.es\/ceipsegundocentenario\/files\/2020\/11\/Captura-de-pantalla-2020-11-08-a-las-17.12.09-35x48.png 35w, https:\/\/blogsaverroes.juntadeandalucia.es\/ceipsegundocentenario\/files\/2020\/11\/Captura-de-pantalla-2020-11-08-a-las-17.12.09.png 734w\" sizes=\"(max-width: 115px) 100vw, 115px\" \/><\/a><\/p>\n<p style=\"text-align: center\"><strong>Tutora de 4\u00ba:<\/strong> Maria Isabel D\u00edaz Barba&nbsp;<\/p>\n<p><a href=\"https:\/\/blogsaverroes.juntadeandalucia.es\/ceipsegundocentenario\/files\/2020\/09\/Captura-de-pantalla-2020-09-13-a-las-10.59.49.png\"><img loading=\"lazy\" decoding=\"async\" class=\"wp-image-2330 aligncenter\" src=\"https:\/\/blogsaverroes.juntadeandalucia.es\/ceipsegundocentenario\/files\/2020\/09\/Captura-de-pantalla-2020-09-13-a-las-10.59.49-262x300.png\" alt=\"\" width=\"148\" height=\"169\" srcset=\"https:\/\/blogsaverroes.juntadeandalucia.es\/ceipsegundocentenario\/files\/2020\/09\/Captura-de-pantalla-2020-09-13-a-las-10.59.49-262x300.png 262w, https:\/\/blogsaverroes.juntadeandalucia.es\/ceipsegundocentenario\/files\/2020\/09\/Captura-de-pantalla-2020-09-13-a-las-10.59.49-21x24.png 21w, https:\/\/blogsaverroes.juntadeandalucia.es\/ceipsegundocentenario\/files\/2020\/09\/Captura-de-pantalla-2020-09-13-a-las-10.59.49-31x36.png 31w, https:\/\/blogsaverroes.juntadeandalucia.es\/ceipsegundocentenario\/files\/2020\/09\/Captura-de-pantalla-2020-09-13-a-las-10.59.49-42x48.png 42w, https:\/\/blogsaverroes.juntadeandalucia.es\/ceipsegundocentenario\/files\/2020\/09\/Captura-de-pantalla-2020-09-13-a-las-10.59.49.png 272w\" sizes=\"(max-width: 148px) 100vw, 148px\" \/><\/a><\/p>\n<p style=\"text-align: center\"><strong>Tutor &nbsp;de &nbsp;5\u00ba:<\/strong> Sergio Lara del Valle<\/p>\n<p style=\"text-align: justify\"><a href=\"https:\/\/blogsaverroes.juntadeandalucia.es\/ceipsegundocentenario\/files\/2021\/01\/inCollage_20210125_163624360.jpg\"><img loading=\"lazy\" decoding=\"async\" class=\"wp-image-2577 aligncenter\" src=\"https:\/\/blogsaverroes.juntadeandalucia.es\/ceipsegundocentenario\/files\/2021\/01\/inCollage_20210125_163624360-246x300.jpg\" alt=\"\" width=\"108\" height=\"132\" srcset=\"https:\/\/blogsaverroes.juntadeandalucia.es\/ceipsegundocentenario\/files\/2021\/01\/inCollage_20210125_163624360-246x300.jpg 246w, https:\/\/blogsaverroes.juntadeandalucia.es\/ceipsegundocentenario\/files\/2021\/01\/inCollage_20210125_163624360-20x24.jpg 20w, https:\/\/blogsaverroes.juntadeandalucia.es\/ceipsegundocentenario\/files\/2021\/01\/inCollage_20210125_163624360-30x36.jpg 30w, https:\/\/blogsaverroes.juntadeandalucia.es\/ceipsegundocentenario\/files\/2021\/01\/inCollage_20210125_163624360-39x48.jpg 39w, https:\/\/blogsaverroes.juntadeandalucia.es\/ceipsegundocentenario\/files\/2021\/01\/inCollage_20210125_163624360.jpg 256w\" sizes=\"(max-width: 108px) 100vw, 108px\" \/><\/a><\/p>\n<p style=\"text-align: center\"><strong>Tutor &nbsp;de &nbsp;6\u00ba y especialista de M\u00fasica:<\/strong> Rafael Arias Rodr\u00edguez<\/p>\n<p><a href=\"https:\/\/blogsaverroes.juntadeandalucia.es\/ceipsegundocentenario\/files\/2020\/11\/Captura-de-pantalla-2020-11-08-a-las-17.53.29.png\"><img loading=\"lazy\" decoding=\"async\" class=\"wp-image-2454 aligncenter\" src=\"https:\/\/blogsaverroes.juntadeandalucia.es\/ceipsegundocentenario\/files\/2020\/11\/Captura-de-pantalla-2020-11-08-a-las-17.53.29-250x300.png\" alt=\"\" width=\"111\" height=\"133\" srcset=\"https:\/\/blogsaverroes.juntadeandalucia.es\/ceipsegundocentenario\/files\/2020\/11\/Captura-de-pantalla-2020-11-08-a-las-17.53.29-250x300.png 250w, https:\/\/blogsaverroes.juntadeandalucia.es\/ceipsegundocentenario\/files\/2020\/11\/Captura-de-pantalla-2020-11-08-a-las-17.53.29-20x24.png 20w, https:\/\/blogsaverroes.juntadeandalucia.es\/ceipsegundocentenario\/files\/2020\/11\/Captura-de-pantalla-2020-11-08-a-las-17.53.29-30x36.png 30w, https:\/\/blogsaverroes.juntadeandalucia.es\/ceipsegundocentenario\/files\/2020\/11\/Captura-de-pantalla-2020-11-08-a-las-17.53.29-40x48.png 40w, https:\/\/blogsaverroes.juntadeandalucia.es\/ceipsegundocentenario\/files\/2020\/11\/Captura-de-pantalla-2020-11-08-a-las-17.53.29.png 456w\" sizes=\"(max-width: 111px) 100vw, 111px\" \/><\/a><\/p>\n<p style=\"text-align: center\"><strong>Especialista de Audici\u00f3n y Lenguaje:<\/strong> Laura Ram\u00edrez Delgado<\/p>\n<p><a href=\"https:\/\/blogsaverroes.juntadeandalucia.es\/ceipsegundocentenario\/files\/2020\/09\/Captura-de-pantalla-2020-09-13-a-las-10.55.34-e1599987447386.png\"><img loading=\"lazy\" decoding=\"async\" class=\"wp-image-2328 aligncenter\" src=\"https:\/\/blogsaverroes.juntadeandalucia.es\/ceipsegundocentenario\/files\/2020\/09\/Captura-de-pantalla-2020-09-13-a-las-10.55.34-e1599987447386-179x300.png\" alt=\"\" width=\"89\" height=\"149\" srcset=\"https:\/\/blogsaverroes.juntadeandalucia.es\/ceipsegundocentenario\/files\/2020\/09\/Captura-de-pantalla-2020-09-13-a-las-10.55.34-e1599987447386-179x300.png 179w, https:\/\/blogsaverroes.juntadeandalucia.es\/ceipsegundocentenario\/files\/2020\/09\/Captura-de-pantalla-2020-09-13-a-las-10.55.34-e1599987447386-14x24.png 14w, https:\/\/blogsaverroes.juntadeandalucia.es\/ceipsegundocentenario\/files\/2020\/09\/Captura-de-pantalla-2020-09-13-a-las-10.55.34-e1599987447386-22x36.png 22w, https:\/\/blogsaverroes.juntadeandalucia.es\/ceipsegundocentenario\/files\/2020\/09\/Captura-de-pantalla-2020-09-13-a-las-10.55.34-e1599987447386-29x48.png 29w, https:\/\/blogsaverroes.juntadeandalucia.es\/ceipsegundocentenario\/files\/2020\/09\/Captura-de-pantalla-2020-09-13-a-las-10.55.34-e1599987447386.png 604w\" sizes=\"(max-width: 89px) 100vw, 89px\" \/><\/a><\/p>\n<p style=\"text-align: center\"><strong>Especialista de Educaci\u00f3n F\u00edsica:<\/strong> Miguel \u00c1ngel Gonz\u00e1lez Lozano<\/p>\n<p><a href=\"https:\/\/blogsaverroes.juntadeandalucia.es\/ceipsegundocentenario\/files\/2020\/11\/Captura-de-pantalla-2020-11-08-a-las-17.11.47.png\"><img loading=\"lazy\" decoding=\"async\" class=\" wp-image-2406 aligncenter\" src=\"https:\/\/blogsaverroes.juntadeandalucia.es\/ceipsegundocentenario\/files\/2020\/11\/Captura-de-pantalla-2020-11-08-a-las-17.11.47-220x300.png\" alt=\"\" width=\"105\" height=\"143\" srcset=\"https:\/\/blogsaverroes.juntadeandalucia.es\/ceipsegundocentenario\/files\/2020\/11\/Captura-de-pantalla-2020-11-08-a-las-17.11.47-220x300.png 220w, https:\/\/blogsaverroes.juntadeandalucia.es\/ceipsegundocentenario\/files\/2020\/11\/Captura-de-pantalla-2020-11-08-a-las-17.11.47-18x24.png 18w, https:\/\/blogsaverroes.juntadeandalucia.es\/ceipsegundocentenario\/files\/2020\/11\/Captura-de-pantalla-2020-11-08-a-las-17.11.47-26x36.png 26w, https:\/\/blogsaverroes.juntadeandalucia.es\/ceipsegundocentenario\/files\/2020\/11\/Captura-de-pantalla-2020-11-08-a-las-17.11.47-35x48.png 35w, https:\/\/blogsaverroes.juntadeandalucia.es\/ceipsegundocentenario\/files\/2020\/11\/Captura-de-pantalla-2020-11-08-a-las-17.11.47.png 658w\" sizes=\"(max-width: 105px) 100vw, 105px\" \/><\/a><\/p>\n<p style=\"text-align: center\"><strong>Especialista de Ingl\u00e9s:<\/strong> Mar\u00eda Rodr\u00edguez Carrillo<\/p>\n<p><a href=\"https:\/\/blogsaverroes.juntadeandalucia.es\/ceipsegundocentenario\/files\/2021\/01\/PHOTO-2021-01-26-15-57-51.jpg\"><img loading=\"lazy\" decoding=\"async\" class=\"aligncenter wp-image-2578 \" src=\"https:\/\/blogsaverroes.juntadeandalucia.es\/ceipsegundocentenario\/files\/2021\/01\/PHOTO-2021-01-26-15-57-51-193x300.jpg\" alt=\"\" width=\"89\" height=\"139\" srcset=\"https:\/\/blogsaverroes.juntadeandalucia.es\/ceipsegundocentenario\/files\/2021\/01\/PHOTO-2021-01-26-15-57-51-193x300.jpg 193w, https:\/\/blogsaverroes.juntadeandalucia.es\/ceipsegundocentenario\/files\/2021\/01\/PHOTO-2021-01-26-15-57-51-15x24.jpg 15w, https:\/\/blogsaverroes.juntadeandalucia.es\/ceipsegundocentenario\/files\/2021\/01\/PHOTO-2021-01-26-15-57-51-23x36.jpg 23w, https:\/\/blogsaverroes.juntadeandalucia.es\/ceipsegundocentenario\/files\/2021\/01\/PHOTO-2021-01-26-15-57-51-31x48.jpg 31w, https:\/\/blogsaverroes.juntadeandalucia.es\/ceipsegundocentenario\/files\/2021\/01\/PHOTO-2021-01-26-15-57-51.jpg 477w\" sizes=\"(max-width: 89px) 100vw, 89px\" \/><\/a><\/p>\n<p style=\"text-align: center\"><strong>Especialista de Religi\u00f3n:&nbsp;<\/strong>Ana Mar\u00eda Jim\u00e9nez Garc\u00eda<\/p>\n<p><a href=\"https:\/\/blogsaverroes.juntadeandalucia.es\/ceipsegundocentenario\/files\/2020\/09\/Captura-de-pantalla-2020-09-13-a-las-11.04.50.png\"><img loading=\"lazy\" decoding=\"async\" class=\"wp-image-2331 aligncenter\" src=\"https:\/\/blogsaverroes.juntadeandalucia.es\/ceipsegundocentenario\/files\/2020\/09\/Captura-de-pantalla-2020-09-13-a-las-11.04.50-221x300.png\" alt=\"\" width=\"109\" height=\"148\" srcset=\"https:\/\/blogsaverroes.juntadeandalucia.es\/ceipsegundocentenario\/files\/2020\/09\/Captura-de-pantalla-2020-09-13-a-las-11.04.50-221x300.png 221w, https:\/\/blogsaverroes.juntadeandalucia.es\/ceipsegundocentenario\/files\/2020\/09\/Captura-de-pantalla-2020-09-13-a-las-11.04.50-18x24.png 18w, https:\/\/blogsaverroes.juntadeandalucia.es\/ceipsegundocentenario\/files\/2020\/09\/Captura-de-pantalla-2020-09-13-a-las-11.04.50-27x36.png 27w, https:\/\/blogsaverroes.juntadeandalucia.es\/ceipsegundocentenario\/files\/2020\/09\/Captura-de-pantalla-2020-09-13-a-las-11.04.50-35x48.png 35w, https:\/\/blogsaverroes.juntadeandalucia.es\/ceipsegundocentenario\/files\/2020\/09\/Captura-de-pantalla-2020-09-13-a-las-11.04.50.png 472w\" sizes=\"(max-width: 109px) 100vw, 109px\" \/><\/a><\/p>\n<p style=\"text-align: center\"><strong>Refuerzo educativo:<\/strong> Pedro Porras Cuesta<\/p>\n","protected":false},"excerpt":{"rendered":"<p>A continuaci\u00f3n se detalla el claustro &nbsp;de nuestro centro para este curso 2020-2021: Tutora de infantil 3 a\u00f1os: Ana Bel\u00e9n Real Dom\u00ednguez &nbsp; Tutor de infantil 4 a\u00f1os: Miguel \u00c1ngel Bravo Burgos Tutora de infantil&#46;&#46;&#46;<\/p>\n","protected":false},"author":10503,"featured_media":0,"parent":0,"menu_order":0,"comment_status":"closed","ping_status":"closed","template":"","meta":{"ngg_post_thumbnail":0,"footnotes":"","_mc_calendar":[]},"aioseo_notices":[],"_links":{"self":[{"href":"https:\/\/blogsaverroes.juntadeandalucia.es\/ceipsegundocentenario\/wp-json\/wp\/v2\/pages\/2692"}],"collection":[{"href":"https:\/\/blogsaverroes.juntadeandalucia.es\/ceipsegundocentenario\/wp-json\/wp\/v2\/pages"}],"about":[{"href":"https:\/\/blogsaverroes.juntadeandalucia.es\/ceipsegundocentenario\/wp-json\/wp\/v2\/types\/page"}],"author":[{"embeddable":true,"href":"https:\/\/blogsaverroes.juntadeandalucia.es\/ceipsegundocentenario\/wp-json\/wp\/v2\/users\/10503"}],"replies":[{"embeddable":true,"href":"https:\/\/blogsaverroes.juntadeandalucia.es\/ceipsegundocentenario\/wp-json\/wp\/v2\/comments?post=2692"}],"version-history":[{"count":2,"href":"https:\/\/blogsaverroes.juntadeandalucia.es\/ceipsegundocentenario\/wp-json\/wp\/v2\/pages\/2692\/revisions"}],"predecessor-version":[{"id":2699,"href":"https:\/\/blogsaverroes.juntadeandalucia.es\/ceipsegundocentenario\/wp-json\/wp\/v2\/pages\/2692\/revisions\/2699"}],"wp:attachment":[{"href":"https:\/\/blogsaverroes.juntadeandalucia.es\/ceipsegundocentenario\/wp-json\/wp\/v2\/media?parent=2692"}],"curies":[{"name":"wp","href":"https:\/\/api.w.org\/{rel}","templated":true}]}}