{"id":49,"date":"2015-03-13T08:47:05","date_gmt":"2015-03-13T08:47:05","guid":{"rendered":"http:\/\/blogsaverroes.juntadeandalucia.es\/pre\/ceip\/?page_id=49"},"modified":"2026-03-03T19:23:10","modified_gmt":"2026-03-03T18:23:10","slug":"proyecto-educativo","status":"publish","type":"page","link":"https:\/\/blogsaverroes.juntadeandalucia.es\/ceiptiernogalvanarmilla\/proyecto-educativo\/","title":{"rendered":"Plan de centro"},"content":{"rendered":"<p><img loading=\"lazy\" decoding=\"async\" class=\"alignnone size-medium wp-image-1662\" src=\"http:\/\/blogsaverroes.juntadeandalucia.es\/ceiptiernogalvanarmilla\/files\/2015\/03\/proyecto-300x266.png\" alt=\"proyecto\" width=\"300\" height=\"266\" srcset=\"https:\/\/blogsaverroes.juntadeandalucia.es\/ceiptiernogalvanarmilla\/files\/2015\/03\/proyecto-300x266.png 300w, https:\/\/blogsaverroes.juntadeandalucia.es\/ceiptiernogalvanarmilla\/files\/2015\/03\/proyecto-332x295.png 332w, https:\/\/blogsaverroes.juntadeandalucia.es\/ceiptiernogalvanarmilla\/files\/2015\/03\/proyecto.png 640w\" sizes=\"(max-width: 300px) 100vw, 300px\" \/><\/p>\n<p>Un centro se define en gran medida por su <strong>Proyecto Educativo<\/strong>. En \u00e9l se plasma el modelo educativo y la concreci\u00f3n de la normativa que un centro realiza respecto a las ense\u00f1anzas que imparte. Aspectos tales como las finales educativas, objetivos, atenci\u00f3n a la diversidad, etc.<\/p>\n<p>Pinchando en los correspondientes elementos podr\u00e1 consultar el <strong>Plan de centro<\/strong> (incluye proyecto educativo, proyecto de gesti\u00f3n y ROF), as\u00ed como las modificaciones que se han realizado.<\/p>\n<p>Para ver los distintos documentos pulsad en los siguientes enlaces:<\/p>\n<p><strong>Plan de centro&nbsp;<\/strong> &nbsp;(actualizado NOVIEMBRE 2025)<\/p>\n<p>&nbsp; &nbsp; &nbsp; &nbsp;<a href=\"https:\/\/drive.google.com\/file\/d\/18I3uef73eWKwwVANSoyo8jO8kEtN4KzM\/view?usp=sharing\" target=\"_blank\" rel=\"noopener\"> Proyecto educativo<\/a><\/p>\n<p>&nbsp; &nbsp; &nbsp; &nbsp; <a href=\"https:\/\/drive.google.com\/file\/d\/1wlHrwpmw5fbu0wbxLnThieh2BwdYRWWm\/view?usp=sharing\" target=\"_blank\" rel=\"noopener\">Proyecto de gesti\u00f3n<\/a><\/p>\n<p>&nbsp; &nbsp; &nbsp; &nbsp; <a href=\"https:\/\/drive.google.com\/file\/d\/1rya2NqrjnWCksuwqRxMcQhxdX5hCCzSV\/view?usp=sharing\" target=\"_blank\" rel=\"noopener\">Reglamento de organizaci\u00f3n y funcionamiento ROF<\/a><\/p>\n<p><strong>Anexos del proyecto educativo<\/strong><\/p>\n<p><a href=\"https:\/\/drive.google.com\/file\/d\/1GWPWcqyWWvEUVSOPzqZv_Fm_Yd2lLbk5\/view?usp=sharing\" target=\"_blank\" rel=\"noopener\">Plan lector &#8211; Anexo I<\/a><\/p>\n<p><a href=\"https:\/\/drive.google.com\/file\/d\/1r1QuMV3jfu8WMCq_spRdjnD0Sj28yfy9\/view?usp=sharing\" target=\"_blank\" rel=\"noopener\">Planes y programas de cada curso escolar Anexo II<\/a><\/p>\n<p><a href=\"https:\/\/drive.google.com\/file\/d\/10aL3PYrGBuVnqH-M2c6-iikIsaooleqp\/view?usp=sharing\" target=\"_blank\" rel=\"noopener\">Procedimiento para atender las reclamaciones a las calificaciones finales o a la decisi\u00f3n de promoci\u00f3n&nbsp; &#8211; Anexo iII&nbsp;<\/a><\/p>\n<p><a href=\"https:\/\/drive.google.com\/file\/d\/1NLN7aPSXwP6X0peGZ7nvNYP4v2rLCAgp\/view?usp=sharing\" target=\"_blank\" rel=\"noopener\">Plan de Atenci\u00f3n a la Diversidad &#8211; Anexo IV<\/a><\/p>\n<p><a href=\"https:\/\/drive.google.com\/file\/d\/1wKP6fHRjR2AAGUnYMfm90nWxACC21YtE\/view?usp=sharing\" target=\"_blank\" rel=\"noopener\">Plan de Orientaci\u00f3n y Acci\u00f3n Tutorial (POAT) &#8211; Anexo V<\/a><\/p>\n<p><a href=\"https:\/\/drive.google.com\/file\/d\/1Tvz3MZ6RJE2M4FscVEmwsKiq_0Xi88-a\/view?usp=sharing\" target=\"_blank\" rel=\"noopener\">Plan de Convivencia &#8211; Anexo VI<\/a><\/p>\n<p><a href=\"https:\/\/blogsaverroes.juntadeandalucia.es\/ceiptiernogalvanarmilla\/programaciones\/\" target=\"_blank\" rel=\"noopener noreferrer\">Propuestas did\u00e1cticas\/programaciones:&nbsp; &nbsp;Anexo VII<\/a><\/p>\n<p><a href=\"https:\/\/drive.google.com\/file\/d\/159BW049NBMfefr0DJkeBA4jOa9nuKhKc\/view?usp=sharing\" target=\"_blank\" rel=\"noopener\">Absentismo &#8211; Anexo VIII<\/a><\/p>\n<p><a href=\"https:\/\/drive.google.com\/file\/d\/1l4uPZeAHQGoG33SX7Zb_OM8xn-BJq4ll\/view?usp=sharing\" target=\"_blank\" rel=\"noopener\">Plan de Igualdad &#8211; Anexo IX<\/a><\/p>\n<p><a href=\"https:\/\/drive.google.com\/file\/d\/13Si1X5tk_oVu7L0Uz5Z8d0jJE0oFZCdR\/view?usp=sharing\" target=\"_blank\" rel=\"noopener\">Propuestas de mejora conseguidas e incluidas en el Plan de centro &#8211; Anexo X.<\/a><\/p>\n<p><a href=\"https:\/\/drive.google.com\/file\/d\/1dvRgRBjm8aVczqtNiHRZn0bzjnBOqcFy\/view?usp=sharing\" target=\"_blank\" rel=\"noopener\">Plan de centro anual Curso 2024\/2025 &#8211; Anexo XI<\/a><\/p>\n<p><a href=\"https:\/\/drive.google.com\/file\/d\/1UnxsWmID_bd168p-S_5wjgUvjMgY2P_Q\/view?usp=sharing\">Plan de razonamiento matem\u00e1tico.<\/a><\/p>\n<p>&nbsp;<\/p>\n","protected":false},"excerpt":{"rendered":"<p>Un centro se define en gran medida por su Proyecto Educativo. En \u00e9l se plasma el modelo educativo y la concreci\u00f3n de la normativa que un centro realiza respecto a las ense\u00f1anzas que imparte.&#46;&#46;&#46;<\/p>\n","protected":false},"author":1,"featured_media":0,"parent":0,"menu_order":0,"comment_status":"closed","ping_status":"open","template":"","meta":{"ngg_post_thumbnail":0,"footnotes":"","_mc_calendar":[]},"aioseo_notices":[],"_links":{"self":[{"href":"https:\/\/blogsaverroes.juntadeandalucia.es\/ceiptiernogalvanarmilla\/wp-json\/wp\/v2\/pages\/49"}],"collection":[{"href":"https:\/\/blogsaverroes.juntadeandalucia.es\/ceiptiernogalvanarmilla\/wp-json\/wp\/v2\/pages"}],"about":[{"href":"https:\/\/blogsaverroes.juntadeandalucia.es\/ceiptiernogalvanarmilla\/wp-json\/wp\/v2\/types\/page"}],"author":[{"embeddable":true,"href":"https:\/\/blogsaverroes.juntadeandalucia.es\/ceiptiernogalvanarmilla\/wp-json\/wp\/v2\/users\/1"}],"replies":[{"embeddable":true,"href":"https:\/\/blogsaverroes.juntadeandalucia.es\/ceiptiernogalvanarmilla\/wp-json\/wp\/v2\/comments?post=49"}],"version-history":[{"count":81,"href":"https:\/\/blogsaverroes.juntadeandalucia.es\/ceiptiernogalvanarmilla\/wp-json\/wp\/v2\/pages\/49\/revisions"}],"predecessor-version":[{"id":3923,"href":"https:\/\/blogsaverroes.juntadeandalucia.es\/ceiptiernogalvanarmilla\/wp-json\/wp\/v2\/pages\/49\/revisions\/3923"}],"wp:attachment":[{"href":"https:\/\/blogsaverroes.juntadeandalucia.es\/ceiptiernogalvanarmilla\/wp-json\/wp\/v2\/media?parent=49"}],"curies":[{"name":"wp","href":"https:\/\/api.w.org\/{rel}","templated":true}]}}