{"id":208,"date":"2017-03-16T19:33:19","date_gmt":"2017-03-16T19:33:19","guid":{"rendered":"http:\/\/blogsaverroes.juntadeandalucia.es\/ceiptiernogalvancadiz\/?page_id=208"},"modified":"2024-09-11T17:47:15","modified_gmt":"2024-09-11T17:47:15","slug":"profesorado","status":"publish","type":"page","link":"https:\/\/blogsaverroes.juntadeandalucia.es\/ceiptiernogalvancadiz\/profesorado\/","title":{"rendered":"profesorado"},"content":{"rendered":"<p style=\"text-align: center\"><strong><span style=\"font-size: large\">C.E.I.P. PROFESOR TIERNO GALV\u00c1N <\/span><\/strong><\/p>\n<p style=\"text-align: center\"><strong><span style=\"font-size: large\">CURSO ESCOLAR 2024-2025<\/span><\/strong><\/p>\n<p><a href=\"https:\/\/blogsaverroes.juntadeandalucia.es\/ceiptiernogalvancadiz\/files\/2024\/09\/claustro-2425-con-alejo.jpg\"><img loading=\"lazy\" decoding=\"async\" class=\"wp-image-1948 aligncenter\" src=\"https:\/\/blogsaverroes.juntadeandalucia.es\/ceiptiernogalvancadiz\/files\/2024\/09\/claustro-2425-con-alejo-300x200.jpg\" alt=\"\" width=\"1317\" height=\"878\" srcset=\"https:\/\/blogsaverroes.juntadeandalucia.es\/ceiptiernogalvancadiz\/files\/2024\/09\/claustro-2425-con-alejo-300x200.jpg 300w, https:\/\/blogsaverroes.juntadeandalucia.es\/ceiptiernogalvancadiz\/files\/2024\/09\/claustro-2425-con-alejo-1024x683.jpg 1024w, https:\/\/blogsaverroes.juntadeandalucia.es\/ceiptiernogalvancadiz\/files\/2024\/09\/claustro-2425-con-alejo-768x512.jpg 768w, https:\/\/blogsaverroes.juntadeandalucia.es\/ceiptiernogalvancadiz\/files\/2024\/09\/claustro-2425-con-alejo-1536x1024.jpg 1536w, https:\/\/blogsaverroes.juntadeandalucia.es\/ceiptiernogalvancadiz\/files\/2024\/09\/claustro-2425-con-alejo-2048x1365.jpg 2048w, https:\/\/blogsaverroes.juntadeandalucia.es\/ceiptiernogalvancadiz\/files\/2024\/09\/claustro-2425-con-alejo.jpg 1600w\" sizes=\"(max-width: 1317px) 100vw, 1317px\" \/><\/a><\/p>\n<p><span style=\"color: #00ff00\"><strong><em>PROFESORADO DE INFANTIL<\/em><\/strong><\/span><\/p>\n<p><strong>TRES A\u00d1OS<\/strong><\/p>\n<p>A. CRISTINA GUILLOTO DE BARRASA<\/p>\n<p>B. MARI RODIL GARRIDO<\/p>\n<p><strong>CUATRO A\u00d1OS<\/strong><\/p>\n<p>A. ANA CAPURRO BERNAL<\/p>\n<p><strong>CINCO A\u00d1OS<\/strong><\/p>\n<p>A. ANABEL PRIETO GARC\u00cdA<\/p>\n<p>B. MARAVILLAS ARENAS BARBER\u00c1<\/p>\n<p><strong>APOYO A INFANTIL<\/strong><\/p>\n<p>REYES CORT\u00c9S DELGADO<\/p>\n<p><a href=\"https:\/\/blogsaverroes.juntadeandalucia.es\/ceiptiernogalvancadiz\/files\/2024\/09\/infantil.jpeg\"><img loading=\"lazy\" decoding=\"async\" class=\"alignnone wp-image-1935\" src=\"https:\/\/blogsaverroes.juntadeandalucia.es\/ceiptiernogalvancadiz\/files\/2024\/09\/infantil-300x225.jpeg\" alt=\"\" width=\"1152\" height=\"864\" srcset=\"https:\/\/blogsaverroes.juntadeandalucia.es\/ceiptiernogalvancadiz\/files\/2024\/09\/infantil-300x225.jpeg 300w, https:\/\/blogsaverroes.juntadeandalucia.es\/ceiptiernogalvancadiz\/files\/2024\/09\/infantil-1024x768.jpeg 1024w, https:\/\/blogsaverroes.juntadeandalucia.es\/ceiptiernogalvancadiz\/files\/2024\/09\/infantil-768x576.jpeg 768w, https:\/\/blogsaverroes.juntadeandalucia.es\/ceiptiernogalvancadiz\/files\/2024\/09\/infantil-1536x1152.jpeg 1536w, https:\/\/blogsaverroes.juntadeandalucia.es\/ceiptiernogalvancadiz\/files\/2024\/09\/infantil.jpeg 1600w\" sizes=\"(max-width: 1152px) 100vw, 1152px\" \/><\/a><\/p>\n<p><span style=\"color: #00ff00\"><strong><em>PROFESORADO DE PRIMARIA<\/em><\/strong><\/span><\/p>\n<p><span style=\"color: #0000ff\">PRIMER CICLO<\/span><\/p>\n<p><strong>PRIMER CURSO<\/strong><\/p>\n<p>A. ROSANA RUIZ HONTECILLAS&nbsp;<\/p>\n<p>B. SUSANA DELFORD BALADEZ<\/p>\n<p><strong><span style=\"font-size: large\">SEGUNDO CURSO<\/span><\/strong><\/p>\n<p>A. AURORA L\u00d3PEZ GALLEGO<\/p>\n<p>B. ELENA SORIANO VERA<\/p>\n<p><a href=\"https:\/\/blogsaverroes.juntadeandalucia.es\/ceiptiernogalvancadiz\/files\/2024\/09\/primer-ciclo.jpeg\"><img loading=\"lazy\" decoding=\"async\" class=\"alignnone wp-image-1936\" src=\"https:\/\/blogsaverroes.juntadeandalucia.es\/ceiptiernogalvancadiz\/files\/2024\/09\/primer-ciclo-300x169.jpeg\" alt=\"\" width=\"1062\" height=\"598\" srcset=\"https:\/\/blogsaverroes.juntadeandalucia.es\/ceiptiernogalvancadiz\/files\/2024\/09\/primer-ciclo-300x169.jpeg 300w, https:\/\/blogsaverroes.juntadeandalucia.es\/ceiptiernogalvancadiz\/files\/2024\/09\/primer-ciclo-1024x576.jpeg 1024w, https:\/\/blogsaverroes.juntadeandalucia.es\/ceiptiernogalvancadiz\/files\/2024\/09\/primer-ciclo-768x432.jpeg 768w, https:\/\/blogsaverroes.juntadeandalucia.es\/ceiptiernogalvancadiz\/files\/2024\/09\/primer-ciclo-1536x864.jpeg 1536w, https:\/\/blogsaverroes.juntadeandalucia.es\/ceiptiernogalvancadiz\/files\/2024\/09\/primer-ciclo.jpeg 1600w\" sizes=\"(max-width: 1062px) 100vw, 1062px\" \/><\/a><\/p>\n<p><span style=\"color: #0000ff\">SEGUNDO CICLO<\/span><\/p>\n<p><strong>TERCER CURSO<\/strong><\/p>\n<p>A. ESTHER S\u00c1NCHEZ NICOL\u00c1S<\/p>\n<p>B. ROSA LINARES P\u00c9REZ<\/p>\n<p><strong>CUARTO CURSO<\/strong><\/p>\n<p>A. MAR\u00cdA D\u00cdAZ AGUILAR<\/p>\n<p>B. ANABEL L\u00d3PEZ ILLESCAS<\/p>\n<p><a href=\"https:\/\/blogsaverroes.juntadeandalucia.es\/ceiptiernogalvancadiz\/files\/2024\/09\/segundo-ciclo.jpeg\"><img loading=\"lazy\" decoding=\"async\" class=\"alignnone wp-image-1937\" src=\"https:\/\/blogsaverroes.juntadeandalucia.es\/ceiptiernogalvancadiz\/files\/2024\/09\/segundo-ciclo-300x169.jpeg\" alt=\"\" width=\"1067\" height=\"601\" srcset=\"https:\/\/blogsaverroes.juntadeandalucia.es\/ceiptiernogalvancadiz\/files\/2024\/09\/segundo-ciclo-300x169.jpeg 300w, https:\/\/blogsaverroes.juntadeandalucia.es\/ceiptiernogalvancadiz\/files\/2024\/09\/segundo-ciclo-1024x576.jpeg 1024w, https:\/\/blogsaverroes.juntadeandalucia.es\/ceiptiernogalvancadiz\/files\/2024\/09\/segundo-ciclo-768x432.jpeg 768w, https:\/\/blogsaverroes.juntadeandalucia.es\/ceiptiernogalvancadiz\/files\/2024\/09\/segundo-ciclo-1536x864.jpeg 1536w, https:\/\/blogsaverroes.juntadeandalucia.es\/ceiptiernogalvancadiz\/files\/2024\/09\/segundo-ciclo.jpeg 1600w\" sizes=\"(max-width: 1067px) 100vw, 1067px\" \/><\/a><\/p>\n<p><span style=\"color: #0000ff\">TERCER CICLO<\/span><\/p>\n<p><strong>QUINTO CURSO<\/strong><\/p>\n<p>A. JOS\u00c9 ANTONIO OCA\u00d1A BERJOYO<\/p>\n<p>B. MERCEDES L\u00c9RIDA BELTR\u00c1N<\/p>\n<p><strong>SEXTO CURSO<\/strong><\/p>\n<p>A. PAQUI COELLO OVIEDO<\/p>\n<p>B. ALVARO SABORIDO PINA<\/p>\n<p><a href=\"https:\/\/blogsaverroes.juntadeandalucia.es\/ceiptiernogalvancadiz\/files\/2024\/09\/tercer-ciclo.jpeg\"><img loading=\"lazy\" decoding=\"async\" class=\"alignnone wp-image-1938\" src=\"https:\/\/blogsaverroes.juntadeandalucia.es\/ceiptiernogalvancadiz\/files\/2024\/09\/tercer-ciclo-300x225.jpeg\" alt=\"\" width=\"1072\" height=\"804\" srcset=\"https:\/\/blogsaverroes.juntadeandalucia.es\/ceiptiernogalvancadiz\/files\/2024\/09\/tercer-ciclo-300x225.jpeg 300w, https:\/\/blogsaverroes.juntadeandalucia.es\/ceiptiernogalvancadiz\/files\/2024\/09\/tercer-ciclo-1024x768.jpeg 1024w, https:\/\/blogsaverroes.juntadeandalucia.es\/ceiptiernogalvancadiz\/files\/2024\/09\/tercer-ciclo-768x576.jpeg 768w, https:\/\/blogsaverroes.juntadeandalucia.es\/ceiptiernogalvancadiz\/files\/2024\/09\/tercer-ciclo-1536x1152.jpeg 1536w, https:\/\/blogsaverroes.juntadeandalucia.es\/ceiptiernogalvancadiz\/files\/2024\/09\/tercer-ciclo.jpeg 1600w\" sizes=\"(max-width: 1072px) 100vw, 1072px\" \/><\/a><\/p>\n<p><span style=\"color: #0000ff\">AULA PLURIDEFICIENTES<\/span><\/p>\n<p>PAULA NEGRETE DUARTE<\/p>\n<p><span style=\"color: #0000ff\">AULA TEA<\/span><\/p>\n<p>ALMUDENA DUARTE CLIMENTS<\/p>\n<p><a href=\"https:\/\/blogsaverroes.juntadeandalucia.es\/ceiptiernogalvancadiz\/files\/2024\/09\/aulas-especificas.jpeg\"><img loading=\"lazy\" decoding=\"async\" class=\"alignnone wp-image-1939\" src=\"https:\/\/blogsaverroes.juntadeandalucia.es\/ceiptiernogalvancadiz\/files\/2024\/09\/aulas-especificas-300x169.jpeg\" alt=\"\" width=\"1074\" height=\"605\" srcset=\"https:\/\/blogsaverroes.juntadeandalucia.es\/ceiptiernogalvancadiz\/files\/2024\/09\/aulas-especificas-300x169.jpeg 300w, https:\/\/blogsaverroes.juntadeandalucia.es\/ceiptiernogalvancadiz\/files\/2024\/09\/aulas-especificas-1024x576.jpeg 1024w, https:\/\/blogsaverroes.juntadeandalucia.es\/ceiptiernogalvancadiz\/files\/2024\/09\/aulas-especificas-768x432.jpeg 768w, https:\/\/blogsaverroes.juntadeandalucia.es\/ceiptiernogalvancadiz\/files\/2024\/09\/aulas-especificas-1536x864.jpeg 1536w, https:\/\/blogsaverroes.juntadeandalucia.es\/ceiptiernogalvancadiz\/files\/2024\/09\/aulas-especificas.jpeg 1600w\" sizes=\"(max-width: 1074px) 100vw, 1074px\" \/><\/a><\/p>\n<p><span style=\"color: #0000ff\">PEDAGOG\u00cdA TERAPE\u00daTICA<\/span><\/p>\n<p>MAR\u00cdA BOTO ORTEGA<\/p>\n<p>CRISTINA HURTADO BEARDO<\/p>\n<p><span style=\"color: #0000ff\">AUDICION Y LENGUAJE<\/span><\/p>\n<p>MAR\u00cdA JOS\u00c9 DE LA ROSA NAVARRO,&nbsp;<\/p>\n<p><span style=\"float: none;background-color: transparent;color: #333333;cursor: text;font-family: 'Titillium Web',Arial,sans-serif;font-size: 16px;font-style: normal;font-variant: normal;font-weight: 400;letter-spacing: normal;text-align: left;text-decoration: none;text-indent: 0px;text-transform: none\">MARIA PAZ GARC\u00cdA GARRIDO<\/span><\/p>\n<p><span style=\"color: #0000ff\">REFUERZO EDUCATIVO EN PRIMARIA<\/span><\/p>\n<p>FRANCISCO MIGUEL CORTEJOSA LOBATO<\/p>\n<p>ALICIA DOM\u00cdNGUEZ MORRO<\/p>\n<p><a href=\"https:\/\/blogsaverroes.juntadeandalucia.es\/ceiptiernogalvancadiz\/files\/2024\/09\/equipo-orientacion.jpeg\"><img loading=\"lazy\" decoding=\"async\" class=\"alignnone wp-image-1940\" src=\"https:\/\/blogsaverroes.juntadeandalucia.es\/ceiptiernogalvancadiz\/files\/2024\/09\/equipo-orientacion-300x169.jpeg\" alt=\"\" width=\"1084\" height=\"611\" srcset=\"https:\/\/blogsaverroes.juntadeandalucia.es\/ceiptiernogalvancadiz\/files\/2024\/09\/equipo-orientacion-300x169.jpeg 300w, https:\/\/blogsaverroes.juntadeandalucia.es\/ceiptiernogalvancadiz\/files\/2024\/09\/equipo-orientacion-1024x576.jpeg 1024w, https:\/\/blogsaverroes.juntadeandalucia.es\/ceiptiernogalvancadiz\/files\/2024\/09\/equipo-orientacion-768x432.jpeg 768w, https:\/\/blogsaverroes.juntadeandalucia.es\/ceiptiernogalvancadiz\/files\/2024\/09\/equipo-orientacion-1536x864.jpeg 1536w, https:\/\/blogsaverroes.juntadeandalucia.es\/ceiptiernogalvancadiz\/files\/2024\/09\/equipo-orientacion.jpeg 1600w\" sizes=\"(max-width: 1084px) 100vw, 1084px\" \/><\/a><\/p>\n<p><span style=\"color: #0000ff\">INGL\u00c9S<\/span><\/p>\n<p><strong>INFANTIL<\/strong><\/p>\n<p>ELENA SORIANO VERA (3 Y 5 A\u00d1OS)<\/p>\n<p>ANA CAPURRO BERNAL (4 A\u00d1OS)<\/p>\n<p><strong>PRIMARIA<\/strong><\/p>\n<p><strong>PRIMER&nbsp; CICLO:<\/strong> ELENA SORIANO VERA&nbsp;<strong><br \/>\n<\/strong><\/p>\n<p><strong>SEGUNDO CICLO: <\/strong>ROSA LINARES P\u00c9REZ<\/p>\n<p><strong>TERCER CICLO:<\/strong> MERCEDES L\u00c9RIDA BELTR\u00c1N<\/p>\n<p><span style=\"color: #0000ff\">FRANC\u00c9S<\/span><\/p>\n<p>LOLA ARES CAMERINO<\/p>\n<p><span style=\"color: #0000ff\">EDUCACI\u00d3N F\u00cdSICA<\/span><\/p>\n<p><span style=\"font-size: large\"><strong>&nbsp;1\u00ba, 2\u00ba Y 3\u00ba&nbsp;&nbsp;<\/strong> ANTONIO BEJARANO GONZ\u00c1LEZ<\/span><\/p>\n<p><strong>5\u00ba, 6\u00aa&nbsp; Y 4\u00ba A<\/strong>&nbsp; \u00c1LVARO SABORIDO PINA<\/p>\n<p><strong>4\u00ba B<\/strong>&nbsp; ANABEL L\u00d3PEZ ILLESCAS<\/p>\n<p><a href=\"https:\/\/blogsaverroes.juntadeandalucia.es\/ceiptiernogalvancadiz\/files\/2024\/09\/alvaro-y-antonio.jpeg\"><img loading=\"lazy\" decoding=\"async\" class=\"alignnone wp-image-1941\" src=\"https:\/\/blogsaverroes.juntadeandalucia.es\/ceiptiernogalvancadiz\/files\/2024\/09\/alvaro-y-antonio-300x169.jpeg\" alt=\"\" width=\"1078\" height=\"607\" srcset=\"https:\/\/blogsaverroes.juntadeandalucia.es\/ceiptiernogalvancadiz\/files\/2024\/09\/alvaro-y-antonio-300x169.jpeg 300w, https:\/\/blogsaverroes.juntadeandalucia.es\/ceiptiernogalvancadiz\/files\/2024\/09\/alvaro-y-antonio-1024x576.jpeg 1024w, https:\/\/blogsaverroes.juntadeandalucia.es\/ceiptiernogalvancadiz\/files\/2024\/09\/alvaro-y-antonio-768x432.jpeg 768w, https:\/\/blogsaverroes.juntadeandalucia.es\/ceiptiernogalvancadiz\/files\/2024\/09\/alvaro-y-antonio-1536x864.jpeg 1536w, https:\/\/blogsaverroes.juntadeandalucia.es\/ceiptiernogalvancadiz\/files\/2024\/09\/alvaro-y-antonio.jpeg 1600w\" sizes=\"(max-width: 1078px) 100vw, 1078px\" \/><\/a><\/p>\n<p><span style=\"color: #0000ff\">M\u00daSICA<\/span><\/p>\n<p>ANA JA\u00c9N SU\u00c1REZ<\/p>\n<p><span style=\"color: #0000ff\">RELIGI\u00d3N CAT\u00d3LICA<\/span><\/p>\n<p>CARMEN MATEOS VERDUGO<\/p>\n<p>AMPARO TIRADO P\u00c9REZ<\/p>\n<p>MERCEDES PALOMINO CUESTA<\/p>\n<p>&nbsp;<\/p>\n<p style=\"text-align: center\"><strong>PERSONAL DE ATENCI\u00d3N AL ALUMNADO&nbsp;<\/strong><\/p>\n<p><strong>MONITORA DE AULA ESPEC\u00cdFICA<\/strong><\/p>\n<p>LOLI HENRY MANTEL<\/p>\n<p><strong>MONITOR DE AULA TEA&nbsp;<\/strong><\/p>\n<p>JOS\u00c9 MAR\u00cdA IGLESIAS G\u00d3MEZ<\/p>\n<p><strong>EDUCADORA DE EDUCACI\u00d3N ESPECIAL<\/strong><\/p>\n<p>ANTONIA RODR\u00cdGUEZ NAVARRO<\/p>\n<p><strong>CONSERJES<\/strong><\/p>\n<p>EVA&nbsp; ACEDO TORRES<\/p>\n<p>ALEJO RODR\u00cdGUEZ SANTISTEBAN<\/p>\n<p><a href=\"https:\/\/blogsaverroes.juntadeandalucia.es\/ceiptiernogalvancadiz\/files\/2021\/09\/1631543010918.jpg\"><img loading=\"lazy\" decoding=\"async\" class=\" wp-image-1593 aligncenter\" src=\"https:\/\/blogsaverroes.juntadeandalucia.es\/ceiptiernogalvancadiz\/files\/2021\/09\/1631543010918-300x300.jpg\" alt=\"\" width=\"489\" height=\"489\" srcset=\"https:\/\/blogsaverroes.juntadeandalucia.es\/ceiptiernogalvancadiz\/files\/2021\/09\/1631543010918-300x300.jpg 300w, https:\/\/blogsaverroes.juntadeandalucia.es\/ceiptiernogalvancadiz\/files\/2021\/09\/1631543010918-1024x1024.jpg 1024w, https:\/\/blogsaverroes.juntadeandalucia.es\/ceiptiernogalvancadiz\/files\/2021\/09\/1631543010918-150x150.jpg 150w, https:\/\/blogsaverroes.juntadeandalucia.es\/ceiptiernogalvancadiz\/files\/2021\/09\/1631543010918-768x768.jpg 768w, https:\/\/blogsaverroes.juntadeandalucia.es\/ceiptiernogalvancadiz\/files\/2021\/09\/1631543010918-1536x1536.jpg 1536w, https:\/\/blogsaverroes.juntadeandalucia.es\/ceiptiernogalvancadiz\/files\/2021\/09\/1631543010918-2048x2048.jpg 2048w, https:\/\/blogsaverroes.juntadeandalucia.es\/ceiptiernogalvancadiz\/files\/2021\/09\/1631543010918-80x80.jpg 80w, https:\/\/blogsaverroes.juntadeandalucia.es\/ceiptiernogalvancadiz\/files\/2021\/09\/1631543010918-320x320.jpg 320w, https:\/\/blogsaverroes.juntadeandalucia.es\/ceiptiernogalvancadiz\/files\/2021\/09\/1631543010918.jpg 1600w\" sizes=\"(max-width: 489px) 100vw, 489px\" \/><\/a><\/p>\n","protected":false},"excerpt":{"rendered":"<p>C.E.I.P. PROFESOR TIERNO GALV\u00c1N CURSO ESCOLAR 2024-2025 PROFESORADO DE INFANTIL TRES A\u00d1OS A. CRISTINA GUILLOTO DE BARRASA B. MARI RODIL GARRIDO CUATRO A\u00d1OS A. ANA CAPURRO BERNAL CINCO A\u00d1OS A. ANABEL PRIETO GARC\u00cdA B. MARAVILLAS ARENAS BARBER\u00c1 APOYO A INFANTIL REYES CORT\u00c9S DELGADO PROFESORADO DE PRIMARIA PRIMER CICLO PRIMER CURSO&#46;&#46;&#46;<\/p>\n","protected":false},"author":3206,"featured_media":0,"parent":0,"menu_order":0,"comment_status":"closed","ping_status":"closed","template":"","meta":{"ngg_post_thumbnail":0,"footnotes":""},"aioseo_notices":[],"_links":{"self":[{"href":"https:\/\/blogsaverroes.juntadeandalucia.es\/ceiptiernogalvancadiz\/wp-json\/wp\/v2\/pages\/208"}],"collection":[{"href":"https:\/\/blogsaverroes.juntadeandalucia.es\/ceiptiernogalvancadiz\/wp-json\/wp\/v2\/pages"}],"about":[{"href":"https:\/\/blogsaverroes.juntadeandalucia.es\/ceiptiernogalvancadiz\/wp-json\/wp\/v2\/types\/page"}],"author":[{"embeddable":true,"href":"https:\/\/blogsaverroes.juntadeandalucia.es\/ceiptiernogalvancadiz\/wp-json\/wp\/v2\/users\/3206"}],"replies":[{"embeddable":true,"href":"https:\/\/blogsaverroes.juntadeandalucia.es\/ceiptiernogalvancadiz\/wp-json\/wp\/v2\/comments?post=208"}],"version-history":[{"count":46,"href":"https:\/\/blogsaverroes.juntadeandalucia.es\/ceiptiernogalvancadiz\/wp-json\/wp\/v2\/pages\/208\/revisions"}],"predecessor-version":[{"id":1952,"href":"https:\/\/blogsaverroes.juntadeandalucia.es\/ceiptiernogalvancadiz\/wp-json\/wp\/v2\/pages\/208\/revisions\/1952"}],"wp:attachment":[{"href":"https:\/\/blogsaverroes.juntadeandalucia.es\/ceiptiernogalvancadiz\/wp-json\/wp\/v2\/media?parent=208"}],"curies":[{"name":"wp","href":"https:\/\/api.w.org\/{rel}","templated":true}]}}