{"id":1215,"date":"2024-10-16T12:52:43","date_gmt":"2024-10-16T11:52:43","guid":{"rendered":"https:\/\/blogsaverroes.juntadeandalucia.es\/ceiptiernogalvanelejido\/?page_id=1215"},"modified":"2025-10-21T17:49:16","modified_gmt":"2025-10-21T16:49:16","slug":"claustro","status":"publish","type":"page","link":"https:\/\/blogsaverroes.juntadeandalucia.es\/ceiptiernogalvanelejido\/claustro\/","title":{"rendered":"Claustro           2025\/2026"},"content":{"rendered":"<table style=\"border-collapse: collapse;width: 100%;height: 1324px\">\n<tbody>\n<tr style=\"height: 23px\">\n<td style=\"width: 6.53765%;text-align: center;height: 23px\">&nbsp;<\/td>\n<td style=\"width: 6.67909%;text-align: center;height: 23px\">Grupo<\/td>\n<td style=\"width: 27.0553%;text-align: center;height: 23px\">Maestro\/Maestra<\/td>\n<td style=\"width: 34.728%;text-align: center;height: 23px\">Puestos<\/td>\n<\/tr>\n<tr style=\"height: 16px\">\n<td style=\"width: 6.53765%;height: 268px;text-align: left\" rowspan=\"12\">INTEGRACI\u00d3N<\/td>\n<td style=\"width: 6.67909%;height: 16px;text-align: left\">AE1<\/td>\n<td style=\"width: 27.0553%;height: 16px;text-align: left\">Fern\u00e1ndez Escobar, Mar\u00eda Teresa<\/td>\n<td style=\"width: 34.728%;height: 16px;text-align: left\">Pedagog\u00eda Terap\u00e9utica\/Coord. Ciclo\/Coord.\u201dM\u00e1s Equidad\u201d<\/td>\n<\/tr>\n<tr style=\"height: 23px\">\n<td style=\"width: 6.67909%;height: 23px;text-align: left\">AE2<\/td>\n<td style=\"width: 27.0553%;height: 23px;text-align: left\">Rodr\u00edguez G\u00f3mez, Marta<\/td>\n<td style=\"width: 34.728%;height: 23px;text-align: left\">Pedagog\u00eda Terap\u00e9utica<\/td>\n<\/tr>\n<tr style=\"height: 23px\">\n<td style=\"width: 6.67909%;height: 23px;text-align: left\">AE3<\/td>\n<td style=\"width: 27.0553%;height: 23px;text-align: left\">&nbsp;<\/td>\n<td style=\"width: 34.728%;height: 23px;text-align: left\">Pedagog\u00eda Terap\u00e9utica<\/td>\n<\/tr>\n<tr style=\"height: 23px\">\n<td style=\"width: 6.67909%;height: 23px;text-align: left\">TEA<\/td>\n<td style=\"width: 27.0553%;height: 23px;text-align: left\">Trigos Garc\u00eda, Ana Mar\u00eda<\/td>\n<td style=\"width: 34.728%;height: 23px;text-align: left\">Pedagog\u00eda Terap\u00e9utica<\/td>\n<\/tr>\n<tr style=\"height: 22px\">\n<td style=\"width: 6.67909%;height: 22px;text-align: left\">PT<\/td>\n<td style=\"width: 27.0553%;height: 22px;text-align: left\">Subires Mu\u00f1oz, Remedios Roc\u00edo<\/td>\n<td style=\"width: 34.728%;height: 22px;text-align: left\">Jefa de Estudios. P.T.\/ Coord. Escuela C\u00f3digo 4.0 (STEAM)<\/td>\n<\/tr>\n<tr style=\"height: 23px\">\n<td style=\"width: 6.67909%;height: 23px;text-align: left\">AyL&nbsp;<\/td>\n<td style=\"width: 27.0553%;height: 23px;text-align: left\">Hern\u00e1ndez Camacho, Milagros<\/td>\n<td style=\"width: 34.728%;height: 23px;text-align: left\">Audici\u00f3n y Lenguaje<\/td>\n<\/tr>\n<tr style=\"height: 23px\">\n<td style=\"width: 6.67909%;height: 23px;text-align: left\">ATAL<\/td>\n<td style=\"width: 27.0553%;height: 23px;text-align: left\">Reyes Cervilla, Yolanda<\/td>\n<td style=\"width: 34.728%;height: 23px;text-align: left\">Interculturalidad<\/td>\n<\/tr>\n<tr style=\"height: 23px\">\n<td style=\"width: 6.67909%;height: 23px;text-align: left\">Orientadora<\/td>\n<td style=\"width: 27.0553%;height: 23px;text-align: left\">Vizca\u00edno Andr\u00e9s, Adela Mar\u00eda<\/td>\n<td style=\"width: 34.728%;height: 23px;text-align: left\">Orientadora<\/td>\n<\/tr>\n<tr style=\"height: 23px\">\n<td style=\"width: 6.67909%;text-align: left;height: 23px\">Orientador ZTS<\/td>\n<td style=\"width: 27.0553%;text-align: left;height: 23px\">Antonio Miguel Castillo<\/td>\n<td style=\"width: 34.728%;text-align: left;height: 23px\">Orientador<\/td>\n<\/tr>\n<tr style=\"height: 23px\">\n<td style=\"width: 6.67909%;text-align: left;height: 23px\">Apoyo Infan<\/td>\n<td style=\"width: 27.0553%;text-align: left;height: 23px\">Fern\u00e1ndez Juarez, Sof\u00eda<\/td>\n<td style=\"width: 34.728%;text-align: left;height: 23px\">Educaci\u00f3n Infantil<\/td>\n<\/tr>\n<tr style=\"height: 23px\">\n<td style=\"width: 6.67909%;text-align: left;height: 23px\">Apoyo Prim<\/td>\n<td style=\"width: 27.0553%;text-align: left;height: 23px\">Rosell \u00c1lvarez, \u00c1ngela<\/td>\n<td style=\"width: 34.728%;text-align: left;height: 23px\">Educaci\u00f3n Primaria<\/td>\n<\/tr>\n<tr style=\"height: 23px\">\n<td style=\"width: 6.67909%;text-align: left;height: 23px\">Apoyo ZTS<\/td>\n<td style=\"width: 27.0553%;text-align: left;height: 23px\">Aci\u00e9n Maldonado, M\u00aa del Carmen<\/td>\n<td style=\"width: 34.728%;text-align: left;height: 23px\">Educaci\u00f3n Primaria-Refuerzo Pedag\u00f3gico<\/td>\n<\/tr>\n<tr style=\"height: 23px\">\n<td style=\"width: 6.53765%;text-align: left;height: 161px\" rowspan=\"7\">INFANTIL<\/td>\n<td style=\"width: 6.67909%;text-align: left;height: 23px\">INF 3<\/td>\n<td style=\"width: 27.0553%;text-align: left;height: 23px\">Belmonte Mart\u00edn, Lara<\/td>\n<td style=\"width: 34.728%;text-align: left;height: 23px\">Educaci\u00f3n Infantil\/Coord. Proyecto Plan de Salud y PRL<\/td>\n<\/tr>\n<tr style=\"height: 23px\">\n<td style=\"width: 6.67909%;text-align: left;height: 23px\">INF 4<\/td>\n<td style=\"width: 27.0553%;text-align: left;height: 23px\">Granados Hinojo, Esther<\/td>\n<td style=\"width: 34.728%;text-align: left;height: 23px\">Educaci\u00f3n Infantil<\/td>\n<\/tr>\n<tr style=\"height: 23px\">\n<td style=\"width: 6.67909%;text-align: left;height: 23px\">INF 5A<\/td>\n<td style=\"width: 27.0553%;text-align: left;height: 23px\">L\u00f3pez Castillo, Carmen<\/td>\n<td style=\"width: 34.728%;text-align: left;height: 23px\">Educaci\u00f3n Infantil\/Coordinadora Ciclo<\/td>\n<\/tr>\n<tr style=\"height: 23px\">\n<td style=\"width: 6.67909%;text-align: left;height: 23px\">INF 5B<\/td>\n<td style=\"width: 27.0553%;text-align: left;height: 23px\">Argudo Solano, Mar\u00eda<\/td>\n<td style=\"width: 34.728%;text-align: left;height: 23px\">Educaci\u00f3n Infantil<\/td>\n<\/tr>\n<tr style=\"height: 23px\">\n<td style=\"width: 6.67909%;text-align: left;height: 23px\">&nbsp;<\/td>\n<td style=\"width: 27.0553%;text-align: left;height: 23px\">Ruiz Morales, Ana Isabel<\/td>\n<td style=\"width: 34.728%;text-align: left;height: 23px\">Educaci\u00f3n Infantil<\/td>\n<\/tr>\n<tr style=\"height: 23px\">\n<td style=\"width: 6.67909%;text-align: left;height: 23px\">&nbsp;<\/td>\n<td style=\"width: 27.0553%;text-align: left;height: 23px\">Rodr\u00edguez G\u00f3mez, Marta<\/td>\n<td style=\"width: 34.728%;text-align: left;height: 23px\">Pedagog\u00eda Terap\u00e9utica<\/td>\n<\/tr>\n<tr style=\"height: 23px\">\n<td style=\"width: 6.67909%;text-align: left;height: 23px\">&nbsp;<\/td>\n<td style=\"width: 27.0553%;text-align: left;height: 23px\">Hern\u00e1ndez Camacho, Milagros<\/td>\n<td style=\"width: 34.728%;text-align: left;height: 23px\">Audici\u00f3n y Lenguaje<\/td>\n<\/tr>\n<tr style=\"height: 23px\">\n<td style=\"width: 6.53765%;text-align: left;height: 291px\" rowspan=\"12\">1\u00ba CICLO<\/td>\n<td style=\"width: 6.67909%;text-align: left;height: 23px\">1\u00baA&nbsp;<\/td>\n<td style=\"width: 27.0553%;text-align: left;height: 23px\">Garc\u00eda Meg\u00edas, M\u00aa de los \u00c1ngeles<\/td>\n<td style=\"width: 34.728%;text-align: left;height: 23px\">Educaci\u00f3n Primaria<\/td>\n<\/tr>\n<tr style=\"height: 23px\">\n<td style=\"width: 6.67909%;text-align: left;height: 23px\">1\u00baB<\/td>\n<td style=\"width: 27.0553%;text-align: left;height: 23px\">Mart\u00ednez Garc\u00eda, Alejandro<\/td>\n<td style=\"width: 34.728%;text-align: left;height: 23px\">Educaci\u00f3n Primaria<\/td>\n<\/tr>\n<tr style=\"height: 23px\">\n<td style=\"width: 6.67909%;text-align: left;height: 23px\">1\u00baC<\/td>\n<td style=\"width: 27.0553%;text-align: left;height: 23px\">Ramos Ruiz, Ester<\/td>\n<td style=\"width: 34.728%;text-align: left;height: 23px\">Educaci\u00f3n Primaria<\/td>\n<\/tr>\n<tr style=\"height: 23px\">\n<td style=\"width: 6.67909%;text-align: left;height: 23px\">1\u00baD<\/td>\n<td style=\"width: 27.0553%;text-align: left;height: 23px\">De la Torre Santafosta, Gemma<\/td>\n<td style=\"width: 34.728%;text-align: left;height: 23px\">Educaci\u00f3n Primaria<\/td>\n<\/tr>\n<tr style=\"height: 23px\">\n<td style=\"width: 6.67909%;text-align: left;height: 23px\">2\u00baA<\/td>\n<td style=\"width: 27.0553%;text-align: left;height: 23px\">Maldonado Villacreces, Antonio<\/td>\n<td style=\"width: 34.728%;text-align: left;height: 23px\">Educaci\u00f3n Primaria\/ Coordinador TDE\/Coord. STEAM<\/td>\n<\/tr>\n<tr style=\"height: 23px\">\n<td style=\"width: 6.67909%;text-align: left;height: 23px\">2\u00baB<\/td>\n<td style=\"width: 27.0553%;text-align: left;height: 23px\">Fern\u00e1ndez Moreno, Esmeralda<\/td>\n<td style=\"width: 34.728%;text-align: left;height: 23px\">Educaci\u00f3n Primaria\/ Coord. Ciclo\/Coord. Educomunicaci\u00f3n<\/td>\n<\/tr>\n<tr style=\"height: 47px\">\n<td style=\"width: 6.67909%;text-align: left;height: 14px\">2\u00baC<\/td>\n<td style=\"width: 27.0553%;text-align: left;height: 14px\">Tarifa P\u00e9rez, Mar\u00eda Nieves<\/td>\n<td style=\"width: 34.728%;text-align: left;height: 14px\">Educaci\u00f3n Primaria<\/td>\n<\/tr>\n<tr style=\"height: 23px\">\n<td style=\"width: 6.67909%;text-align: left;height: 23px\">2\u00baD<\/td>\n<td style=\"width: 27.0553%;text-align: left;height: 23px\">Pastor, Ana Mar\u00eda<\/td>\n<td style=\"width: 34.728%;text-align: left;height: 23px\">Educaci\u00f3n Primaria<\/td>\n<\/tr>\n<tr style=\"height: 47px\">\n<td style=\"width: 6.67909%;text-align: left;height: 47px\">&nbsp;<\/td>\n<td style=\"width: 27.0553%;text-align: left;height: 47px\">Salmer\u00f3n Cruz, Elisa Isabel<\/td>\n<td style=\"width: 34.728%;text-align: left;height: 47px\">Lengua Extranjera-Ingl\u00e9s (Primaria) Coord. Plan Igualdad II<\/td>\n<\/tr>\n<tr style=\"height: 23px\">\n<td style=\"width: 6.67909%;text-align: left;height: 23px\">&nbsp;<\/td>\n<td style=\"width: 27.0553%;text-align: left;height: 23px\">Serrano Navarro, Mar\u00eda Isabel&nbsp;<\/td>\n<td style=\"width: 34.728%;text-align: left;height: 23px\">Profesora de Religi\u00f3n de Primaria<\/td>\n<\/tr>\n<tr style=\"height: 23px\">\n<td style=\"width: 6.67909%;text-align: left;height: 23px\">&nbsp;<\/td>\n<td style=\"width: 27.0553%;text-align: left;height: 23px\">Garc\u00eda Morales, Nuria<\/td>\n<td style=\"width: 34.728%;text-align: left;height: 23px\">Educaci\u00f3n F\u00edsica \/Coord. Proyecto \u201cM\u00e1s Deporte\u201d<\/td>\n<\/tr>\n<tr style=\"height: 23px\">\n<td style=\"width: 6.67909%;text-align: left;height: 23px\">&nbsp;<\/td>\n<td style=\"width: 27.0553%;text-align: left;height: 23px\">Fern\u00e1ndez Escobar, Mar\u00eda Teresa&nbsp;<\/td>\n<td style=\"width: 34.728%;text-align: left;height: 23px\">Pedagog\u00eda Terap\u00e9utica<\/td>\n<\/tr>\n<tr style=\"height: 23px\">\n<td style=\"width: 6.53765%;text-align: left;height: 348px\" rowspan=\"12\">2\u00ba CICLO<\/td>\n<td style=\"width: 6.67909%;text-align: left;height: 23px\">3\u00baA<\/td>\n<td style=\"width: 27.0553%;text-align: left;height: 23px\">Barroso Gonz\u00e1lez, M\u00aa Carmen<\/td>\n<td style=\"width: 34.728%;text-align: left;height: 23px\">Educaci\u00f3n Primaria<\/td>\n<\/tr>\n<tr style=\"height: 23px\">\n<td style=\"width: 6.67909%;text-align: left;height: 23px\">3\u00baB<\/td>\n<td style=\"width: 27.0553%;text-align: left;height: 23px\">Luque Rub\u00ed, Francisco Javier<\/td>\n<td style=\"width: 34.728%;text-align: left;height: 23px\">Educaci\u00f3n F\u00edsica (Primaria)<\/td>\n<\/tr>\n<tr style=\"height: 23px\">\n<td style=\"width: 6.67909%;text-align: left;height: 23px\">3\u00baC<\/td>\n<td style=\"width: 27.0553%;text-align: left;height: 23px\">Maldonado Garrido, M\u00aa Dolores<\/td>\n<td style=\"width: 34.728%;text-align: left;height: 23px\">M\u00fasica (Primaria)<\/td>\n<\/tr>\n<tr style=\"height: 23px\">\n<td style=\"width: 6.67909%;text-align: left;height: 23px\">3\u00baD<\/td>\n<td style=\"width: 27.0553%;text-align: left;height: 23px\">Trujillo L\u00f3pez, Juan Manuel<\/td>\n<td style=\"width: 34.728%;text-align: left;height: 23px\">Educaci\u00f3n Primaria\/Coordinador Ciclo<\/td>\n<\/tr>\n<tr style=\"height: 23px\">\n<td style=\"width: 6.67909%;text-align: left;height: 23px\">4\u00baA<\/td>\n<td style=\"width: 27.0553%;text-align: left;height: 23px\">Moreno Atienza, Jorge<\/td>\n<td style=\"width: 34.728%;text-align: left;height: 23px\">Educaci\u00f3n F\u00edsica (Primaria)<\/td>\n<\/tr>\n<tr style=\"height: 23px\">\n<td style=\"width: 6.67909%;text-align: left;height: 23px\">4\u00baB<\/td>\n<td style=\"width: 27.0553%;text-align: left;height: 23px\">Peralta L\u00e1zaro, B\u00e1rbara<\/td>\n<td style=\"width: 34.728%;text-align: left;height: 23px\">Educaci\u00f3n Primaria<\/td>\n<\/tr>\n<tr style=\"height: 23px\">\n<td style=\"width: 6.67909%;text-align: left;height: 23px\">4\u00baC<\/td>\n<td style=\"width: 27.0553%;text-align: left;height: 23px\">Zamora Castillo, Nadia<\/td>\n<td style=\"width: 34.728%;text-align: left;height: 23px\">Educaci\u00f3n Primaria<\/td>\n<\/tr>\n<tr style=\"height: 23px\">\n<td style=\"width: 6.67909%;text-align: left;height: 23px\">4\u00baD<\/td>\n<td style=\"width: 27.0553%;text-align: left;height: 23px\">Haro Rodr\u00edguez, Mar\u00eda<\/td>\n<td style=\"width: 34.728%;text-align: left;height: 23px\">Educaci\u00f3n Primaria<\/td>\n<\/tr>\n<tr style=\"height: 23px\">\n<td style=\"width: 6.67909%;text-align: left;height: 23px\">&nbsp;<\/td>\n<td style=\"width: 27.0553%;text-align: left;height: 23px\">Vargas Gonz\u00e1lez, M\u00aa Remedios<\/td>\n<td style=\"width: 34.728%;text-align: left;height: 23px\">Profesora de Religi\u00f3n de Primaria<\/td>\n<\/tr>\n<tr style=\"height: 71px\">\n<td style=\"width: 6.67909%;text-align: left;height: 71px\">&nbsp;<\/td>\n<td style=\"width: 27.0553%;text-align: left;height: 71px\">&nbsp;S\u00e1nchez F\u00e1bregas, Yolanda<\/td>\n<td style=\"width: 34.728%;text-align: left;height: 71px\">Directora. E.F. (Primaria)\/ Coord. Proyecto Plan de Apertura, Pr\u00e1cticum maestros\/as \/Coordinadora con Salud\/ Coord. Prog. HHVS-Prog. Escolar de Consumo de Fruta, Hortalizas y Leche.<\/td>\n<\/tr>\n<tr style=\"height: 47px\">\n<td style=\"width: 6.67909%;text-align: left;height: 47px\">&nbsp;<\/td>\n<td style=\"width: 27.0553%;text-align: left;height: 47px\">Rubio Cortes, Fernando<\/td>\n<td style=\"width: 34.728%;text-align: left;height: 47px\">Secretario. Lengua Extranjera- Ingl\u00e9s (Primaria)\/ Coord. Proyecto Red de Bibliotecas Escolares<\/td>\n<\/tr>\n<tr style=\"height: 23px\">\n<td style=\"width: 6.67909%;text-align: left;height: 23px\">&nbsp;<\/td>\n<td style=\"width: 27.0553%;text-align: left;height: 23px\">Trigos Garc\u00eda, Ana Mar\u00eda<\/td>\n<td style=\"width: 34.728%;text-align: left;height: 23px\">Pedagog\u00eda Terap\u00e9utica<\/td>\n<\/tr>\n<tr style=\"height: 24px\">\n<td style=\"width: 6.53765%;text-align: left;height: 233px\" rowspan=\"12\">3\u00ba CICLO<\/td>\n<td style=\"width: 6.67909%;text-align: left;height: 24px\">5\u00baA<\/td>\n<td style=\"width: 27.0553%;text-align: left;height: 24px\">Sabalete Mu\u00f1oz, Enrique Jos\u00e9<\/td>\n<td style=\"width: 34.728%;text-align: left;height: 24px\">Educaci\u00f3n Primaria<\/td>\n<\/tr>\n<tr style=\"height: 23px\">\n<td style=\"width: 6.67909%;text-align: left;height: 23px\">5\u00baB<\/td>\n<td style=\"width: 27.0553%;text-align: left;height: 23px\">Aparicio D\u00edaz, Celia<\/td>\n<td style=\"width: 34.728%;text-align: left;height: 23px\">M\u00fasica (Primaria)<\/td>\n<\/tr>\n<tr style=\"height: 23px\">\n<td style=\"width: 6.67909%;text-align: left;height: 23px\">5\u00baC<\/td>\n<td style=\"width: 27.0553%;text-align: left;height: 23px\">Torres Prado, Tamara<\/td>\n<td style=\"width: 34.728%;text-align: left;height: 23px\">Educaci\u00f3n Primaria<\/td>\n<\/tr>\n<tr style=\"height: 23px\">\n<td style=\"width: 6.67909%;text-align: left;height: 23px\">6\u00baA<\/td>\n<td style=\"width: 27.0553%;text-align: left;height: 23px\">Hern\u00e1ndez Bernal, Miriam<\/td>\n<td style=\"width: 34.728%;text-align: left;height: 23px\">Lengua Extranjera-Franc\u00e9s (Primaria)<\/td>\n<\/tr>\n<tr style=\"height: 23px\">\n<td style=\"width: 6.67909%;text-align: left;height: 23px\">6\u00baB<\/td>\n<td style=\"width: 27.0553%;text-align: left;height: 23px\">Fuentes Pe\u00f1a, Ana<\/td>\n<td style=\"width: 34.728%;text-align: left;height: 23px\">Lengua Extranjera I (Primaria)<\/td>\n<\/tr>\n<tr style=\"height: 23px\">\n<td style=\"width: 6.67909%;text-align: left;height: 23px\">6\u00baC<\/td>\n<td style=\"width: 27.0553%;text-align: left;height: 23px\">Vargas S\u00e1nchez, Manuel<\/td>\n<td style=\"width: 34.728%;text-align: left;height: 23px\">Educaci\u00f3n Primaria<\/td>\n<\/tr>\n<tr style=\"height: 25px\">\n<td style=\"width: 6.67909%;text-align: left;height: 25px\">6\u00baD<\/td>\n<td style=\"width: 27.0553%;text-align: left;height: 25px\">Molina Molina, Juan de Dios<\/td>\n<td style=\"width: 34.728%;text-align: left;height: 25px\">Educaci\u00f3n F\u00edsica (Primaria)<\/td>\n<\/tr>\n<tr style=\"height: 23px\">\n<td style=\"width: 6.67909%;text-align: left;height: 23px\">&nbsp;<\/td>\n<td style=\"width: 27.0553%;text-align: left;height: 23px\">Torres L\u00f3pez, Juan Jos\u00e9<\/td>\n<td style=\"width: 34.728%;text-align: left;height: 23px\">Lengua Extranjera-I (Primaria)<\/td>\n<\/tr>\n<tr style=\"height: 23px\">\n<td style=\"width: 6.67909%;text-align: left;height: 23px\">&nbsp;<\/td>\n<td style=\"width: 27.0553%;text-align: left;height: 23px\">Rosell \u00c1lvarez, \u00c1ngela<\/td>\n<td style=\"width: 34.728%;text-align: left;height: 23px\">Refuerzo Pedag\u00f3gico-ZTS\/Coordinadora Ciclo\/ Coord. Proyecto Espacio de Paz y Conv. \/ Bienestar y&nbsp; Protecci\u00f3n Infancia y Adolescencia<\/td>\n<\/tr>\n<tr>\n<td style=\"width: 6.67909%;text-align: left\">&nbsp;<\/td>\n<td style=\"width: 27.0553%;text-align: left\">Nu\u00f1o P\u00e9rez, B\u00e1rbara<\/td>\n<td style=\"width: 34.728%;text-align: left\">Lengua Extranjera-I (Primaria)\/Coord. Erasmus<\/td>\n<\/tr>\n<tr>\n<td style=\"width: 6.67909%;text-align: left\">&nbsp;<\/td>\n<td style=\"width: 27.0553%;text-align: left\">Aci\u00e9n Maldonado, Ma del Carmen<\/td>\n<td style=\"width: 34.728%;text-align: left\">Refuerzo Pedag\u00f3gico-ZTS<\/td>\n<\/tr>\n<tr style=\"height: 23px\">\n<td style=\"width: 6.67909%;text-align: left;height: 23px\">&nbsp;<\/td>\n<td style=\"width: 27.0553%;text-align: left;height: 23px\">Subires Mu\u00f1oz, Remedios Roc\u00edo<\/td>\n<td style=\"width: 34.728%;text-align: left;height: 23px\">Pedagog\u00eda Terap\u00e9utica<\/td>\n<\/tr>\n<\/tbody>\n<\/table>\n<p>&nbsp;<\/p>\n","protected":false},"excerpt":{"rendered":"<p>&nbsp; Grupo Maestro\/Maestra Puestos INTEGRACI\u00d3N AE1 Fern\u00e1ndez Escobar, Mar\u00eda Teresa Pedagog\u00eda Terap\u00e9utica\/Coord. Ciclo\/Coord.\u201dM\u00e1s Equidad\u201d AE2 Rodr\u00edguez G\u00f3mez, Marta Pedagog\u00eda Terap\u00e9utica AE3 &nbsp; Pedagog\u00eda Terap\u00e9utica TEA Trigos Garc\u00eda, Ana Mar\u00eda Pedagog\u00eda Terap\u00e9utica PT Subires Mu\u00f1oz, Remedios Roc\u00edo Jefa de Estudios. P.T.\/ Coord. Escuela C\u00f3digo 4.0 (STEAM) AyL&nbsp; Hern\u00e1ndez Camacho, Milagros Audici\u00f3n y Lenguaje ATAL Reyes Cervilla, [&hellip;]<\/p>\n","protected":false},"author":16568,"featured_media":0,"parent":0,"menu_order":0,"comment_status":"closed","ping_status":"closed","template":"","meta":{"_et_pb_use_builder":"","_et_pb_old_content":"","_et_gb_content_width":"","ngg_post_thumbnail":0,"footnotes":""},"aioseo_notices":[],"_links":{"self":[{"href":"https:\/\/blogsaverroes.juntadeandalucia.es\/ceiptiernogalvanelejido\/wp-json\/wp\/v2\/pages\/1215"}],"collection":[{"href":"https:\/\/blogsaverroes.juntadeandalucia.es\/ceiptiernogalvanelejido\/wp-json\/wp\/v2\/pages"}],"about":[{"href":"https:\/\/blogsaverroes.juntadeandalucia.es\/ceiptiernogalvanelejido\/wp-json\/wp\/v2\/types\/page"}],"author":[{"embeddable":true,"href":"https:\/\/blogsaverroes.juntadeandalucia.es\/ceiptiernogalvanelejido\/wp-json\/wp\/v2\/users\/16568"}],"replies":[{"embeddable":true,"href":"https:\/\/blogsaverroes.juntadeandalucia.es\/ceiptiernogalvanelejido\/wp-json\/wp\/v2\/comments?post=1215"}],"version-history":[{"count":17,"href":"https:\/\/blogsaverroes.juntadeandalucia.es\/ceiptiernogalvanelejido\/wp-json\/wp\/v2\/pages\/1215\/revisions"}],"predecessor-version":[{"id":1558,"href":"https:\/\/blogsaverroes.juntadeandalucia.es\/ceiptiernogalvanelejido\/wp-json\/wp\/v2\/pages\/1215\/revisions\/1558"}],"wp:attachment":[{"href":"https:\/\/blogsaverroes.juntadeandalucia.es\/ceiptiernogalvanelejido\/wp-json\/wp\/v2\/media?parent=1215"}],"curies":[{"name":"wp","href":"https:\/\/api.w.org\/{rel}","templated":true}]}}