{"id":35,"date":"2015-03-13T08:21:43","date_gmt":"2015-03-13T08:21:43","guid":{"rendered":"http:\/\/blogsaverroes.juntadeandalucia.es\/pre\/ceip\/?page_id=35"},"modified":"2024-05-09T08:52:41","modified_gmt":"2024-05-09T07:52:41","slug":"el-centro-2","status":"publish","type":"page","link":"https:\/\/blogsaverroes.juntadeandalucia.es\/ceiptirsodemolina\/el-centro-2\/","title":{"rendered":"Datos y dependencias del Centro"},"content":{"rendered":"<h4><strong><span style=\"color: #3366ff\">Ubicaci\u00f3n<\/span><\/strong><\/h4>\n<p>CEIP Tirso de Molina (C\u00f3rdoba). Consejer\u00eda de Educaci\u00f3n.&nbsp;<\/p>\n<p><strong>Direcci\u00f3n:<\/strong>&nbsp; Avenida del Mediterr\u00e1neo S\/N. 14011 C\u00f3rdoba.<\/p>\n<p><iframe src=\"https:\/\/www.google.com\/maps\/embed?pb=!1m18!1m12!1m3!1d3148.6620937263715!2d-4.808460785323783!3d37.8915843132046!2m3!1f0!2f0!3f0!3m2!1i1024!2i768!4f13.1!3m3!1m2!1s0xd6cdf4fd1bc5fb1%3A0x994dfa3cd7b9017e!2sCEIP%20Tirso%20de%20Molina%20(C%C3%B3rdoba)!5e0!3m2!1ses!2ses!4v1606759949614!5m2!1ses!2ses\" width=\"600\" height=\"450\" frameborder=\"0\"><\/iframe><\/p>\n<h4><strong><span style=\"color: #3366ff\">Datos de contacto<\/span><\/strong><\/h4>\n<p><strong>Tel\u00e9fono: 957 73 49 19<\/strong><\/p>\n<p><strong>M\u00f3vil:<\/strong> <strong>671 595 711<\/strong><\/p>\n<p><strong>Email:<\/strong> ceiptirsodemolina@gmail.com<\/p>\n<p>&nbsp;<\/p>\n<h4><strong><span style=\"color: #3366ff\">Actividades lectivas<\/span><\/strong><\/h4>\n<p>De lunes a viernes de 9:00 a 14:00 horas.<\/p>\n<h4><strong><span style=\"color: #3366ff\">Plan de apertura<\/span><\/strong><\/h4>\n<ul>\n<li><strong>Aula Matinal<\/strong>: De lunes a viernes de 7:30 a 9:00 horas.<\/li>\n<li><strong>Comedor<\/strong>: De lunes a viernes de 14:00 a 16:00 horas.&nbsp;&nbsp;&nbsp;&nbsp;&nbsp;&nbsp;&nbsp;&nbsp;<\/li>\n<\/ul>\n<h4><a href=\"https:\/\/blogsaverroes.juntadeandalucia.es\/ceiptirsodemolina\/files\/2024\/05\/Logos-PNG.png\"><img fetchpriority=\"high\" decoding=\"async\" class=\"aligncenter size-full wp-image-3449\" src=\"https:\/\/blogsaverroes.juntadeandalucia.es\/ceiptirsodemolina\/files\/2024\/05\/Logos-PNG.png\" alt=\"\" width=\"1128\" height=\"84\" srcset=\"https:\/\/blogsaverroes.juntadeandalucia.es\/ceiptirsodemolina\/files\/2024\/05\/Logos-PNG.png 1128w, https:\/\/blogsaverroes.juntadeandalucia.es\/ceiptirsodemolina\/files\/2024\/05\/Logos-PNG-300x22.png 300w, https:\/\/blogsaverroes.juntadeandalucia.es\/ceiptirsodemolina\/files\/2024\/05\/Logos-PNG-1024x76.png 1024w, https:\/\/blogsaverroes.juntadeandalucia.es\/ceiptirsodemolina\/files\/2024\/05\/Logos-PNG-768x57.png 768w, https:\/\/blogsaverroes.juntadeandalucia.es\/ceiptirsodemolina\/files\/2024\/05\/Logos-PNG-700x52.png 700w\" sizes=\"(max-width: 1128px) 100vw, 1128px\" \/><\/a><\/h4>\n<h4><strong><span style=\"color: #3366ff\">PROA<\/span><\/strong><\/h4>\n<p>&nbsp;(Programa de Acompa\u00f1amiento Escolar: Refuerzo Educativo para el alumnado de 5\u00ba y 6\u00ba de EPO): Martes y jueves de 16:00 a 18:00 horas.<\/p>\n<h4><strong><span style=\"color: #3366ff\">Oferta educativa<\/span><\/strong><\/h4>\n<ul>\n<li>Educaci\u00f3n Infantil y Primaria.<\/li>\n<li>Aula de Pedagog\u00eda Terap\u00e9utica.<\/li>\n<li>Aula Audici\u00f3n y Lenguaje.<\/li>\n<li>Aula TEA.<\/li>\n<\/ul>\n<p>Nuestro alumnado tiene garantizada una plaza de 1\u00ba de E.S.O. en el&nbsp; I.E.S.&nbsp;L\u00f3pez Neyra &nbsp;(14002996).<\/p>\n<h4><strong><span style=\"color: #3366ff\">Planes y programas<\/span><\/strong><\/h4>\n<p>Cada centro personaliza y adapta su Proyecto Educativo adhiri\u00e9ndose a diferentes <strong>Planes y Programas<\/strong> promovidos desde la Consejer\u00eda de Educaci\u00f3n, Cultura y Deporte.<\/p>\n<p>A continuaci\u00f3n se muestran los que llevamos en nuestro centro:<\/p>\n<ul>\n<li>Plan de igualdad.<\/li>\n<li>Plan de Apertura de Centros (Comedor, Aula Matinal y Actividades Extraescolares)<\/li>\n<li>Creciendo en Salud.<\/li>\n<li>Plan de Transformaci\u00f3n Digital Educativa (TDE).<\/li>\n<li>Biblioteca Escolar.<\/li>\n<\/ul>\n<h4><strong><span style=\"color: #3366ff\">\u00bfQUIERES CONOCER NUESTRAS INSTALACIONES?<\/span><\/strong><\/h4>\n<p><iframe src=\"\/\/www.youtube.com\/embed\/NlBADdcCKGs\" width=\"560\" height=\"314\"><\/iframe><\/p>\n<p>Te dejamos adem\u00e1s estas fotos.<\/p>\n<ul>\n<li><a href=\"https:\/\/blogsaverroes.juntadeandalucia.es\/ceiptirsodemolina\/files\/2019\/11\/Pista-Azul-1.jpg\"><img decoding=\"async\" class=\"alignnone size-medium wp-image-2202\" src=\"https:\/\/blogsaverroes.juntadeandalucia.es\/ceiptirsodemolina\/files\/2019\/11\/Pista-Azul-1-225x300.jpg\" alt=\"\" width=\"225\" height=\"300\" srcset=\"https:\/\/blogsaverroes.juntadeandalucia.es\/ceiptirsodemolina\/files\/2019\/11\/Pista-Azul-1-225x300.jpg 225w, https:\/\/blogsaverroes.juntadeandalucia.es\/ceiptirsodemolina\/files\/2019\/11\/Pista-Azul-1-768x1024.jpg 768w, https:\/\/blogsaverroes.juntadeandalucia.es\/ceiptirsodemolina\/files\/2019\/11\/Pista-Azul-1-18x24.jpg 18w, https:\/\/blogsaverroes.juntadeandalucia.es\/ceiptirsodemolina\/files\/2019\/11\/Pista-Azul-1-27x36.jpg 27w, https:\/\/blogsaverroes.juntadeandalucia.es\/ceiptirsodemolina\/files\/2019\/11\/Pista-Azul-1-36x48.jpg 36w, https:\/\/blogsaverroes.juntadeandalucia.es\/ceiptirsodemolina\/files\/2019\/11\/Pista-Azul-1.jpg 1200w\" sizes=\"(max-width: 225px) 100vw, 225px\" \/><\/a> <a href=\"https:\/\/blogsaverroes.juntadeandalucia.es\/ceiptirsodemolina\/files\/2019\/11\/Pista-AZul.jpg\"><img decoding=\"async\" class=\"alignnone size-medium wp-image-2203\" src=\"https:\/\/blogsaverroes.juntadeandalucia.es\/ceiptirsodemolina\/files\/2019\/11\/Pista-AZul-300x169.jpg\" alt=\"\" width=\"300\" height=\"169\" srcset=\"https:\/\/blogsaverroes.juntadeandalucia.es\/ceiptirsodemolina\/files\/2019\/11\/Pista-AZul-300x169.jpg 300w, https:\/\/blogsaverroes.juntadeandalucia.es\/ceiptirsodemolina\/files\/2019\/11\/Pista-AZul-768x432.jpg 768w, https:\/\/blogsaverroes.juntadeandalucia.es\/ceiptirsodemolina\/files\/2019\/11\/Pista-AZul-1024x576.jpg 1024w, https:\/\/blogsaverroes.juntadeandalucia.es\/ceiptirsodemolina\/files\/2019\/11\/Pista-AZul-24x14.jpg 24w, https:\/\/blogsaverroes.juntadeandalucia.es\/ceiptirsodemolina\/files\/2019\/11\/Pista-AZul-36x20.jpg 36w, https:\/\/blogsaverroes.juntadeandalucia.es\/ceiptirsodemolina\/files\/2019\/11\/Pista-AZul-48x27.jpg 48w, https:\/\/blogsaverroes.juntadeandalucia.es\/ceiptirsodemolina\/files\/2019\/11\/Pista-AZul.jpg 1600w\" sizes=\"(max-width: 300px) 100vw, 300px\" \/><\/a><\/li>\n<\/ul>\n<p>Pista Polideportiva.<\/p>\n<ul>\n<li><a href=\"https:\/\/blogsaverroes.juntadeandalucia.es\/ceiptirsodemolina\/files\/2020\/01\/1-Entrada-Principal.jpg\"><img loading=\"lazy\" decoding=\"async\" class=\"alignnone size-large wp-image-2380\" src=\"https:\/\/blogsaverroes.juntadeandalucia.es\/ceiptirsodemolina\/files\/2020\/01\/1-Entrada-Principal-1024x768.jpg\" alt=\"\" width=\"957\" height=\"718\" srcset=\"https:\/\/blogsaverroes.juntadeandalucia.es\/ceiptirsodemolina\/files\/2020\/01\/1-Entrada-Principal-1024x768.jpg 1024w, https:\/\/blogsaverroes.juntadeandalucia.es\/ceiptirsodemolina\/files\/2020\/01\/1-Entrada-Principal-300x225.jpg 300w, https:\/\/blogsaverroes.juntadeandalucia.es\/ceiptirsodemolina\/files\/2020\/01\/1-Entrada-Principal-768x576.jpg 768w, https:\/\/blogsaverroes.juntadeandalucia.es\/ceiptirsodemolina\/files\/2020\/01\/1-Entrada-Principal-24x18.jpg 24w, https:\/\/blogsaverroes.juntadeandalucia.es\/ceiptirsodemolina\/files\/2020\/01\/1-Entrada-Principal-36x27.jpg 36w, https:\/\/blogsaverroes.juntadeandalucia.es\/ceiptirsodemolina\/files\/2020\/01\/1-Entrada-Principal-48x36.jpg 48w, https:\/\/blogsaverroes.juntadeandalucia.es\/ceiptirsodemolina\/files\/2020\/01\/1-Entrada-Principal.jpg 1600w\" sizes=\"(max-width: 957px) 100vw, 957px\" \/><\/a><\/li>\n<\/ul>\n<h4>Entrada Principal.<\/h4>\n<ul>\n<li><a href=\"https:\/\/blogsaverroes.juntadeandalucia.es\/ceiptirsodemolina\/files\/2020\/01\/2-Conserjer\u00eda.jpg\"><img loading=\"lazy\" decoding=\"async\" class=\"alignnone size-large wp-image-2381\" src=\"https:\/\/blogsaverroes.juntadeandalucia.es\/ceiptirsodemolina\/files\/2020\/01\/2-Conserjer\u00eda-1024x768.jpg\" alt=\"\" width=\"957\" height=\"718\" srcset=\"https:\/\/blogsaverroes.juntadeandalucia.es\/ceiptirsodemolina\/files\/2020\/01\/2-Conserjer\u00eda-1024x768.jpg 1024w, https:\/\/blogsaverroes.juntadeandalucia.es\/ceiptirsodemolina\/files\/2020\/01\/2-Conserjer\u00eda-300x225.jpg 300w, https:\/\/blogsaverroes.juntadeandalucia.es\/ceiptirsodemolina\/files\/2020\/01\/2-Conserjer\u00eda-768x576.jpg 768w, https:\/\/blogsaverroes.juntadeandalucia.es\/ceiptirsodemolina\/files\/2020\/01\/2-Conserjer\u00eda-24x18.jpg 24w, https:\/\/blogsaverroes.juntadeandalucia.es\/ceiptirsodemolina\/files\/2020\/01\/2-Conserjer\u00eda-36x27.jpg 36w, https:\/\/blogsaverroes.juntadeandalucia.es\/ceiptirsodemolina\/files\/2020\/01\/2-Conserjer\u00eda-48x36.jpg 48w, https:\/\/blogsaverroes.juntadeandalucia.es\/ceiptirsodemolina\/files\/2020\/01\/2-Conserjer\u00eda.jpg 1600w\" sizes=\"(max-width: 957px) 100vw, 957px\" \/><span style=\"color: #000000\">Conserjer\u00eda.&nbsp;<\/span><\/a><\/li>\n<\/ul>\n<p><a href=\"https:\/\/blogsaverroes.juntadeandalucia.es\/ceiptirsodemolina\/files\/2020\/01\/3-Jefatura-y-Secretar\u00eda.jpg\"><img loading=\"lazy\" decoding=\"async\" class=\"alignnone size-large wp-image-2382\" src=\"https:\/\/blogsaverroes.juntadeandalucia.es\/ceiptirsodemolina\/files\/2020\/01\/3-Jefatura-y-Secretar\u00eda-1024x768.jpg\" alt=\"\" width=\"957\" height=\"718\" srcset=\"https:\/\/blogsaverroes.juntadeandalucia.es\/ceiptirsodemolina\/files\/2020\/01\/3-Jefatura-y-Secretar\u00eda-1024x768.jpg 1024w, https:\/\/blogsaverroes.juntadeandalucia.es\/ceiptirsodemolina\/files\/2020\/01\/3-Jefatura-y-Secretar\u00eda-300x225.jpg 300w, https:\/\/blogsaverroes.juntadeandalucia.es\/ceiptirsodemolina\/files\/2020\/01\/3-Jefatura-y-Secretar\u00eda-768x576.jpg 768w, https:\/\/blogsaverroes.juntadeandalucia.es\/ceiptirsodemolina\/files\/2020\/01\/3-Jefatura-y-Secretar\u00eda-24x18.jpg 24w, https:\/\/blogsaverroes.juntadeandalucia.es\/ceiptirsodemolina\/files\/2020\/01\/3-Jefatura-y-Secretar\u00eda-36x27.jpg 36w, https:\/\/blogsaverroes.juntadeandalucia.es\/ceiptirsodemolina\/files\/2020\/01\/3-Jefatura-y-Secretar\u00eda-48x36.jpg 48w, https:\/\/blogsaverroes.juntadeandalucia.es\/ceiptirsodemolina\/files\/2020\/01\/3-Jefatura-y-Secretar\u00eda.jpg 1600w\" sizes=\"(max-width: 957px) 100vw, 957px\" \/><\/a><\/p>\n<p>Jefatura y Secretar\u00eda.<\/p>\n<ul>\n<li><a href=\"https:\/\/blogsaverroes.juntadeandalucia.es\/ceiptirsodemolina\/files\/2020\/01\/4-Direcci\u00f3n.jpg\"><img loading=\"lazy\" decoding=\"async\" class=\"alignnone size-large wp-image-2383\" src=\"https:\/\/blogsaverroes.juntadeandalucia.es\/ceiptirsodemolina\/files\/2020\/01\/4-Direcci\u00f3n-1024x768.jpg\" alt=\"\" width=\"957\" height=\"718\" srcset=\"https:\/\/blogsaverroes.juntadeandalucia.es\/ceiptirsodemolina\/files\/2020\/01\/4-Direcci\u00f3n-1024x768.jpg 1024w, https:\/\/blogsaverroes.juntadeandalucia.es\/ceiptirsodemolina\/files\/2020\/01\/4-Direcci\u00f3n-300x225.jpg 300w, https:\/\/blogsaverroes.juntadeandalucia.es\/ceiptirsodemolina\/files\/2020\/01\/4-Direcci\u00f3n-768x576.jpg 768w, https:\/\/blogsaverroes.juntadeandalucia.es\/ceiptirsodemolina\/files\/2020\/01\/4-Direcci\u00f3n-24x18.jpg 24w, https:\/\/blogsaverroes.juntadeandalucia.es\/ceiptirsodemolina\/files\/2020\/01\/4-Direcci\u00f3n-36x27.jpg 36w, https:\/\/blogsaverroes.juntadeandalucia.es\/ceiptirsodemolina\/files\/2020\/01\/4-Direcci\u00f3n-48x36.jpg 48w, https:\/\/blogsaverroes.juntadeandalucia.es\/ceiptirsodemolina\/files\/2020\/01\/4-Direcci\u00f3n.jpg 1600w\" sizes=\"(max-width: 957px) 100vw, 957px\" \/><\/a><\/li>\n<\/ul>\n<p>Direcci\u00f3n.<\/p>\n<p><a href=\"https:\/\/blogsaverroes.juntadeandalucia.es\/ceiptirsodemolina\/files\/2020\/01\/5-Pasillo-1\u00ba-a-3\u00ba.jpg\"><img loading=\"lazy\" decoding=\"async\" class=\"alignnone size-large wp-image-2384\" src=\"https:\/\/blogsaverroes.juntadeandalucia.es\/ceiptirsodemolina\/files\/2020\/01\/5-Pasillo-1\u00ba-a-3\u00ba-1024x768.jpg\" alt=\"\" width=\"957\" height=\"718\" srcset=\"https:\/\/blogsaverroes.juntadeandalucia.es\/ceiptirsodemolina\/files\/2020\/01\/5-Pasillo-1\u00ba-a-3\u00ba-1024x768.jpg 1024w, https:\/\/blogsaverroes.juntadeandalucia.es\/ceiptirsodemolina\/files\/2020\/01\/5-Pasillo-1\u00ba-a-3\u00ba-300x225.jpg 300w, https:\/\/blogsaverroes.juntadeandalucia.es\/ceiptirsodemolina\/files\/2020\/01\/5-Pasillo-1\u00ba-a-3\u00ba-768x576.jpg 768w, https:\/\/blogsaverroes.juntadeandalucia.es\/ceiptirsodemolina\/files\/2020\/01\/5-Pasillo-1\u00ba-a-3\u00ba-24x18.jpg 24w, https:\/\/blogsaverroes.juntadeandalucia.es\/ceiptirsodemolina\/files\/2020\/01\/5-Pasillo-1\u00ba-a-3\u00ba-36x27.jpg 36w, https:\/\/blogsaverroes.juntadeandalucia.es\/ceiptirsodemolina\/files\/2020\/01\/5-Pasillo-1\u00ba-a-3\u00ba-48x36.jpg 48w, https:\/\/blogsaverroes.juntadeandalucia.es\/ceiptirsodemolina\/files\/2020\/01\/5-Pasillo-1\u00ba-a-3\u00ba.jpg 1600w\" sizes=\"(max-width: 957px) 100vw, 957px\" \/><\/a><\/p>\n<p>Pasillo 1\u00ba a 3\u00ba.<\/p>\n<p>&nbsp;<\/p>\n<p>&nbsp;<\/p>\n<p>&nbsp;<\/p>\n<p><a href=\"https:\/\/blogsaverroes.juntadeandalucia.es\/ceiptirsodemolina\/files\/2020\/01\/6-Pasillo-de-4\u00ba-a-6\u00ba.jpg\">P<img loading=\"lazy\" decoding=\"async\" class=\"alignnone size-large wp-image-2385\" src=\"https:\/\/blogsaverroes.juntadeandalucia.es\/ceiptirsodemolina\/files\/2020\/01\/6-Pasillo-de-4\u00ba-a-6\u00ba-1024x768.jpg\" alt=\"\" width=\"957\" height=\"718\" srcset=\"https:\/\/blogsaverroes.juntadeandalucia.es\/ceiptirsodemolina\/files\/2020\/01\/6-Pasillo-de-4\u00ba-a-6\u00ba-1024x768.jpg 1024w, https:\/\/blogsaverroes.juntadeandalucia.es\/ceiptirsodemolina\/files\/2020\/01\/6-Pasillo-de-4\u00ba-a-6\u00ba-300x225.jpg 300w, https:\/\/blogsaverroes.juntadeandalucia.es\/ceiptirsodemolina\/files\/2020\/01\/6-Pasillo-de-4\u00ba-a-6\u00ba-768x576.jpg 768w, https:\/\/blogsaverroes.juntadeandalucia.es\/ceiptirsodemolina\/files\/2020\/01\/6-Pasillo-de-4\u00ba-a-6\u00ba-24x18.jpg 24w, https:\/\/blogsaverroes.juntadeandalucia.es\/ceiptirsodemolina\/files\/2020\/01\/6-Pasillo-de-4\u00ba-a-6\u00ba-36x27.jpg 36w, https:\/\/blogsaverroes.juntadeandalucia.es\/ceiptirsodemolina\/files\/2020\/01\/6-Pasillo-de-4\u00ba-a-6\u00ba-48x36.jpg 48w, https:\/\/blogsaverroes.juntadeandalucia.es\/ceiptirsodemolina\/files\/2020\/01\/6-Pasillo-de-4\u00ba-a-6\u00ba.jpg 1600w\" sizes=\"(max-width: 957px) 100vw, 957px\" \/><\/a><\/p>\n<p>Pasillo 4\u00ba a 6\u00ba.<\/p>\n<p>&nbsp;<\/p>\n<p><a href=\"https:\/\/blogsaverroes.juntadeandalucia.es\/ceiptirsodemolina\/files\/2020\/01\/8-Aula-de-M\u00fasica.jpg\"><img loading=\"lazy\" decoding=\"async\" class=\"alignnone size-large wp-image-2386\" src=\"https:\/\/blogsaverroes.juntadeandalucia.es\/ceiptirsodemolina\/files\/2020\/01\/8-Aula-de-M\u00fasica-1024x768.jpg\" alt=\"\" width=\"957\" height=\"718\" srcset=\"https:\/\/blogsaverroes.juntadeandalucia.es\/ceiptirsodemolina\/files\/2020\/01\/8-Aula-de-M\u00fasica-1024x768.jpg 1024w, https:\/\/blogsaverroes.juntadeandalucia.es\/ceiptirsodemolina\/files\/2020\/01\/8-Aula-de-M\u00fasica-300x225.jpg 300w, https:\/\/blogsaverroes.juntadeandalucia.es\/ceiptirsodemolina\/files\/2020\/01\/8-Aula-de-M\u00fasica-768x576.jpg 768w, https:\/\/blogsaverroes.juntadeandalucia.es\/ceiptirsodemolina\/files\/2020\/01\/8-Aula-de-M\u00fasica-24x18.jpg 24w, https:\/\/blogsaverroes.juntadeandalucia.es\/ceiptirsodemolina\/files\/2020\/01\/8-Aula-de-M\u00fasica-36x27.jpg 36w, https:\/\/blogsaverroes.juntadeandalucia.es\/ceiptirsodemolina\/files\/2020\/01\/8-Aula-de-M\u00fasica-48x36.jpg 48w, https:\/\/blogsaverroes.juntadeandalucia.es\/ceiptirsodemolina\/files\/2020\/01\/8-Aula-de-M\u00fasica.jpg 1600w\" sizes=\"(max-width: 957px) 100vw, 957px\" \/><\/a><\/p>\n<p>Aula de M\u00fasica.<\/p>\n<p>&nbsp;<\/p>\n<p><a href=\"https:\/\/blogsaverroes.juntadeandalucia.es\/ceiptirsodemolina\/files\/2020\/01\/9-Aula-TEA.jpg\"><img loading=\"lazy\" decoding=\"async\" class=\"alignnone size-large wp-image-2387\" src=\"https:\/\/blogsaverroes.juntadeandalucia.es\/ceiptirsodemolina\/files\/2020\/01\/9-Aula-TEA-1024x768.jpg\" alt=\"\" width=\"957\" height=\"718\" srcset=\"https:\/\/blogsaverroes.juntadeandalucia.es\/ceiptirsodemolina\/files\/2020\/01\/9-Aula-TEA-1024x768.jpg 1024w, https:\/\/blogsaverroes.juntadeandalucia.es\/ceiptirsodemolina\/files\/2020\/01\/9-Aula-TEA-300x225.jpg 300w, https:\/\/blogsaverroes.juntadeandalucia.es\/ceiptirsodemolina\/files\/2020\/01\/9-Aula-TEA-768x576.jpg 768w, https:\/\/blogsaverroes.juntadeandalucia.es\/ceiptirsodemolina\/files\/2020\/01\/9-Aula-TEA-24x18.jpg 24w, https:\/\/blogsaverroes.juntadeandalucia.es\/ceiptirsodemolina\/files\/2020\/01\/9-Aula-TEA-36x27.jpg 36w, https:\/\/blogsaverroes.juntadeandalucia.es\/ceiptirsodemolina\/files\/2020\/01\/9-Aula-TEA-48x36.jpg 48w, https:\/\/blogsaverroes.juntadeandalucia.es\/ceiptirsodemolina\/files\/2020\/01\/9-Aula-TEA.jpg 1600w\" sizes=\"(max-width: 957px) 100vw, 957px\" \/><\/a><\/p>\n<p>Aula TEA.<\/p>\n<p>&nbsp;<\/p>\n<p><a href=\"https:\/\/blogsaverroes.juntadeandalucia.es\/ceiptirsodemolina\/files\/2020\/01\/10-Huerto-Escolar.jpg\"><img loading=\"lazy\" decoding=\"async\" class=\"alignnone size-large wp-image-2388\" src=\"https:\/\/blogsaverroes.juntadeandalucia.es\/ceiptirsodemolina\/files\/2020\/01\/10-Huerto-Escolar-1024x768.jpg\" alt=\"\" width=\"957\" height=\"718\" srcset=\"https:\/\/blogsaverroes.juntadeandalucia.es\/ceiptirsodemolina\/files\/2020\/01\/10-Huerto-Escolar-1024x768.jpg 1024w, https:\/\/blogsaverroes.juntadeandalucia.es\/ceiptirsodemolina\/files\/2020\/01\/10-Huerto-Escolar-300x225.jpg 300w, https:\/\/blogsaverroes.juntadeandalucia.es\/ceiptirsodemolina\/files\/2020\/01\/10-Huerto-Escolar-768x576.jpg 768w, https:\/\/blogsaverroes.juntadeandalucia.es\/ceiptirsodemolina\/files\/2020\/01\/10-Huerto-Escolar-24x18.jpg 24w, https:\/\/blogsaverroes.juntadeandalucia.es\/ceiptirsodemolina\/files\/2020\/01\/10-Huerto-Escolar-36x27.jpg 36w, https:\/\/blogsaverroes.juntadeandalucia.es\/ceiptirsodemolina\/files\/2020\/01\/10-Huerto-Escolar-48x36.jpg 48w, https:\/\/blogsaverroes.juntadeandalucia.es\/ceiptirsodemolina\/files\/2020\/01\/10-Huerto-Escolar.jpg 1600w\" sizes=\"(max-width: 957px) 100vw, 957px\" \/><\/a><\/p>\n<p>Huerto Escolar.<\/p>\n<p><a href=\"https:\/\/blogsaverroes.juntadeandalucia.es\/ceiptirsodemolina\/files\/2020\/01\/11-SUM-Infantil.jpg\"><img loading=\"lazy\" decoding=\"async\" class=\"alignnone size-large wp-image-2389\" src=\"https:\/\/blogsaverroes.juntadeandalucia.es\/ceiptirsodemolina\/files\/2020\/01\/11-SUM-Infantil-1024x768.jpg\" alt=\"\" width=\"957\" height=\"718\" srcset=\"https:\/\/blogsaverroes.juntadeandalucia.es\/ceiptirsodemolina\/files\/2020\/01\/11-SUM-Infantil-1024x768.jpg 1024w, https:\/\/blogsaverroes.juntadeandalucia.es\/ceiptirsodemolina\/files\/2020\/01\/11-SUM-Infantil-300x225.jpg 300w, https:\/\/blogsaverroes.juntadeandalucia.es\/ceiptirsodemolina\/files\/2020\/01\/11-SUM-Infantil-768x576.jpg 768w, https:\/\/blogsaverroes.juntadeandalucia.es\/ceiptirsodemolina\/files\/2020\/01\/11-SUM-Infantil-24x18.jpg 24w, https:\/\/blogsaverroes.juntadeandalucia.es\/ceiptirsodemolina\/files\/2020\/01\/11-SUM-Infantil-36x27.jpg 36w, https:\/\/blogsaverroes.juntadeandalucia.es\/ceiptirsodemolina\/files\/2020\/01\/11-SUM-Infantil-48x36.jpg 48w, https:\/\/blogsaverroes.juntadeandalucia.es\/ceiptirsodemolina\/files\/2020\/01\/11-SUM-Infantil.jpg 1600w\" sizes=\"(max-width: 957px) 100vw, 957px\" \/><\/a><\/p>\n<p>SUM Infantil.<\/p>\n<p><a href=\"https:\/\/blogsaverroes.juntadeandalucia.es\/ceiptirsodemolina\/files\/2020\/01\/12-Patio-Infantil.jpg\"><img loading=\"lazy\" decoding=\"async\" class=\"alignnone size-large wp-image-2390\" src=\"https:\/\/blogsaverroes.juntadeandalucia.es\/ceiptirsodemolina\/files\/2020\/01\/12-Patio-Infantil-1024x768.jpg\" alt=\"\" width=\"957\" height=\"718\" srcset=\"https:\/\/blogsaverroes.juntadeandalucia.es\/ceiptirsodemolina\/files\/2020\/01\/12-Patio-Infantil-1024x768.jpg 1024w, https:\/\/blogsaverroes.juntadeandalucia.es\/ceiptirsodemolina\/files\/2020\/01\/12-Patio-Infantil-300x225.jpg 300w, https:\/\/blogsaverroes.juntadeandalucia.es\/ceiptirsodemolina\/files\/2020\/01\/12-Patio-Infantil-768x576.jpg 768w, https:\/\/blogsaverroes.juntadeandalucia.es\/ceiptirsodemolina\/files\/2020\/01\/12-Patio-Infantil-24x18.jpg 24w, https:\/\/blogsaverroes.juntadeandalucia.es\/ceiptirsodemolina\/files\/2020\/01\/12-Patio-Infantil-36x27.jpg 36w, https:\/\/blogsaverroes.juntadeandalucia.es\/ceiptirsodemolina\/files\/2020\/01\/12-Patio-Infantil-48x36.jpg 48w, https:\/\/blogsaverroes.juntadeandalucia.es\/ceiptirsodemolina\/files\/2020\/01\/12-Patio-Infantil.jpg 1600w\" sizes=\"(max-width: 957px) 100vw, 957px\" \/>Patio de Infantil.<\/a><\/p>\n<p><!-- default-view.php -->\n<div\n\tclass=\"ngg-galleryoverview default-view\n\t ngg-ajax-pagination-none\t\"\n\tid=\"ngg-gallery-7bd57b0a1e84a07a972d91eb4118437e-1\">\n\n\t\t<!-- Thumbnails -->\n\t\t\t\t<div id=\"ngg-image-0\" class=\"ngg-gallery-thumbnail-box\n\t\t\t\t\t\t\t\t\t\t\t\"\n\t\t\t>\n\t\t\t\t\t\t<div class=\"ngg-gallery-thumbnail\">\n\t\t\t<a href=\"https:\/\/blogsaverroes.juntadeandalucia.es\/ceiptirsodemolina\/wp-content\/uploads\/sites\/797\/nggallery\/el-centro\/1_page_0-1024x512.jpg\"\n\t\t\t\ttitle=\"\"\n\t\t\t\tdata-src=\"https:\/\/blogsaverroes.juntadeandalucia.es\/ceiptirsodemolina\/wp-content\/uploads\/sites\/797\/nggallery\/el-centro\/1_page_0-1024x512.jpg\"\n\t\t\t\tdata-thumbnail=\"https:\/\/blogsaverroes.juntadeandalucia.es\/ceiptirsodemolina\/wp-content\/uploads\/sites\/797\/nggallery\/el-centro\/thumbs\/thumbs_1_page_0-1024x512.jpg\"\n\t\t\t\tdata-image-id=\"36\"\n\t\t\t\tdata-title=\"1_page_0-1024x512\"\n\t\t\t\tdata-description=\"\"\n\t\t\t\tdata-image-slug=\"1_page_0-1024x512\"\n\t\t\t\tclass=\"ngg-fancybox\" rel=\"7bd57b0a1e84a07a972d91eb4118437e\">\n\t\t\t\t<img\n\t\t\t\t\ttitle=\"1_page_0-1024x512\"\n\t\t\t\t\talt=\"1_page_0-1024x512\"\n\t\t\t\t\tsrc=\"https:\/\/blogsaverroes.juntadeandalucia.es\/ceiptirsodemolina\/wp-content\/uploads\/sites\/797\/nggallery\/el-centro\/thumbs\/thumbs_1_page_0-1024x512.jpg\"\n\t\t\t\t\twidth=\"120\"\n\t\t\t\t\theight=\"90\"\n\t\t\t\t\tstyle=\"max-width:100%;\"\n\t\t\t\t\/>\n\t\t\t<\/a>\n\t\t<\/div>\n\t\t\t\t\t\t\t<\/div>\n\t\t\t\n\t\t\t\t<div id=\"ngg-image-1\" class=\"ngg-gallery-thumbnail-box\n\t\t\t\t\t\t\t\t\t\t\t\"\n\t\t\t>\n\t\t\t\t\t\t<div class=\"ngg-gallery-thumbnail\">\n\t\t\t<a href=\"https:\/\/blogsaverroes.juntadeandalucia.es\/ceiptirsodemolina\/wp-content\/uploads\/sites\/797\/nggallery\/el-centro\/1_page_1.jpg\"\n\t\t\t\ttitle=\"\"\n\t\t\t\tdata-src=\"https:\/\/blogsaverroes.juntadeandalucia.es\/ceiptirsodemolina\/wp-content\/uploads\/sites\/797\/nggallery\/el-centro\/1_page_1.jpg\"\n\t\t\t\tdata-thumbnail=\"https:\/\/blogsaverroes.juntadeandalucia.es\/ceiptirsodemolina\/wp-content\/uploads\/sites\/797\/nggallery\/el-centro\/thumbs\/thumbs_1_page_1.jpg\"\n\t\t\t\tdata-image-id=\"37\"\n\t\t\t\tdata-title=\"1_page_1\"\n\t\t\t\tdata-description=\"\"\n\t\t\t\tdata-image-slug=\"1_page_1\"\n\t\t\t\tclass=\"ngg-fancybox\" rel=\"7bd57b0a1e84a07a972d91eb4118437e\">\n\t\t\t\t<img\n\t\t\t\t\ttitle=\"1_page_1\"\n\t\t\t\t\talt=\"1_page_1\"\n\t\t\t\t\tsrc=\"https:\/\/blogsaverroes.juntadeandalucia.es\/ceiptirsodemolina\/wp-content\/uploads\/sites\/797\/nggallery\/el-centro\/thumbs\/thumbs_1_page_1.jpg\"\n\t\t\t\t\twidth=\"120\"\n\t\t\t\t\theight=\"90\"\n\t\t\t\t\tstyle=\"max-width:100%;\"\n\t\t\t\t\/>\n\t\t\t<\/a>\n\t\t<\/div>\n\t\t\t\t\t\t\t<\/div>\n\t\t\t\n\t\t\t\t<div id=\"ngg-image-2\" class=\"ngg-gallery-thumbnail-box\n\t\t\t\t\t\t\t\t\t\t\t\"\n\t\t\t>\n\t\t\t\t\t\t<div class=\"ngg-gallery-thumbnail\">\n\t\t\t<a href=\"https:\/\/blogsaverroes.juntadeandalucia.es\/ceiptirsodemolina\/wp-content\/uploads\/sites\/797\/nggallery\/el-centro\/1_page_2.jpg\"\n\t\t\t\ttitle=\"\"\n\t\t\t\tdata-src=\"https:\/\/blogsaverroes.juntadeandalucia.es\/ceiptirsodemolina\/wp-content\/uploads\/sites\/797\/nggallery\/el-centro\/1_page_2.jpg\"\n\t\t\t\tdata-thumbnail=\"https:\/\/blogsaverroes.juntadeandalucia.es\/ceiptirsodemolina\/wp-content\/uploads\/sites\/797\/nggallery\/el-centro\/thumbs\/thumbs_1_page_2.jpg\"\n\t\t\t\tdata-image-id=\"38\"\n\t\t\t\tdata-title=\"1_page_2\"\n\t\t\t\tdata-description=\"\"\n\t\t\t\tdata-image-slug=\"1_page_2\"\n\t\t\t\tclass=\"ngg-fancybox\" rel=\"7bd57b0a1e84a07a972d91eb4118437e\">\n\t\t\t\t<img\n\t\t\t\t\ttitle=\"1_page_2\"\n\t\t\t\t\talt=\"1_page_2\"\n\t\t\t\t\tsrc=\"https:\/\/blogsaverroes.juntadeandalucia.es\/ceiptirsodemolina\/wp-content\/uploads\/sites\/797\/nggallery\/el-centro\/thumbs\/thumbs_1_page_2.jpg\"\n\t\t\t\t\twidth=\"120\"\n\t\t\t\t\theight=\"90\"\n\t\t\t\t\tstyle=\"max-width:100%;\"\n\t\t\t\t\/>\n\t\t\t<\/a>\n\t\t<\/div>\n\t\t\t\t\t\t\t<\/div>\n\t\t\t\n\t\t\t\t<div id=\"ngg-image-3\" class=\"ngg-gallery-thumbnail-box\n\t\t\t\t\t\t\t\t\t\t\t\"\n\t\t\t>\n\t\t\t\t\t\t<div class=\"ngg-gallery-thumbnail\">\n\t\t\t<a href=\"https:\/\/blogsaverroes.juntadeandalucia.es\/ceiptirsodemolina\/wp-content\/uploads\/sites\/797\/nggallery\/el-centro\/1_page_3.jpg\"\n\t\t\t\ttitle=\"\"\n\t\t\t\tdata-src=\"https:\/\/blogsaverroes.juntadeandalucia.es\/ceiptirsodemolina\/wp-content\/uploads\/sites\/797\/nggallery\/el-centro\/1_page_3.jpg\"\n\t\t\t\tdata-thumbnail=\"https:\/\/blogsaverroes.juntadeandalucia.es\/ceiptirsodemolina\/wp-content\/uploads\/sites\/797\/nggallery\/el-centro\/thumbs\/thumbs_1_page_3.jpg\"\n\t\t\t\tdata-image-id=\"39\"\n\t\t\t\tdata-title=\"1_page_3\"\n\t\t\t\tdata-description=\"\"\n\t\t\t\tdata-image-slug=\"1_page_3\"\n\t\t\t\tclass=\"ngg-fancybox\" rel=\"7bd57b0a1e84a07a972d91eb4118437e\">\n\t\t\t\t<img\n\t\t\t\t\ttitle=\"1_page_3\"\n\t\t\t\t\talt=\"1_page_3\"\n\t\t\t\t\tsrc=\"https:\/\/blogsaverroes.juntadeandalucia.es\/ceiptirsodemolina\/wp-content\/uploads\/sites\/797\/nggallery\/el-centro\/thumbs\/thumbs_1_page_3.jpg\"\n\t\t\t\t\twidth=\"120\"\n\t\t\t\t\theight=\"90\"\n\t\t\t\t\tstyle=\"max-width:100%;\"\n\t\t\t\t\/>\n\t\t\t<\/a>\n\t\t<\/div>\n\t\t\t\t\t\t\t<\/div>\n\t\t\t\n\t\t\t\t<div id=\"ngg-image-4\" class=\"ngg-gallery-thumbnail-box\n\t\t\t\t\t\t\t\t\t\t\t\"\n\t\t\t>\n\t\t\t\t\t\t<div class=\"ngg-gallery-thumbnail\">\n\t\t\t<a href=\"https:\/\/blogsaverroes.juntadeandalucia.es\/ceiptirsodemolina\/wp-content\/uploads\/sites\/797\/nggallery\/el-centro\/1_page_4.jpg\"\n\t\t\t\ttitle=\"\"\n\t\t\t\tdata-src=\"https:\/\/blogsaverroes.juntadeandalucia.es\/ceiptirsodemolina\/wp-content\/uploads\/sites\/797\/nggallery\/el-centro\/1_page_4.jpg\"\n\t\t\t\tdata-thumbnail=\"https:\/\/blogsaverroes.juntadeandalucia.es\/ceiptirsodemolina\/wp-content\/uploads\/sites\/797\/nggallery\/el-centro\/thumbs\/thumbs_1_page_4.jpg\"\n\t\t\t\tdata-image-id=\"40\"\n\t\t\t\tdata-title=\"1_page_4\"\n\t\t\t\tdata-description=\"\"\n\t\t\t\tdata-image-slug=\"1_page_4\"\n\t\t\t\tclass=\"ngg-fancybox\" rel=\"7bd57b0a1e84a07a972d91eb4118437e\">\n\t\t\t\t<img\n\t\t\t\t\ttitle=\"1_page_4\"\n\t\t\t\t\talt=\"1_page_4\"\n\t\t\t\t\tsrc=\"https:\/\/blogsaverroes.juntadeandalucia.es\/ceiptirsodemolina\/wp-content\/uploads\/sites\/797\/nggallery\/el-centro\/thumbs\/thumbs_1_page_4.jpg\"\n\t\t\t\t\twidth=\"120\"\n\t\t\t\t\theight=\"90\"\n\t\t\t\t\tstyle=\"max-width:100%;\"\n\t\t\t\t\/>\n\t\t\t<\/a>\n\t\t<\/div>\n\t\t\t\t\t\t\t<\/div>\n\t\t\t\n\t\t\t\t<div id=\"ngg-image-5\" class=\"ngg-gallery-thumbnail-box\n\t\t\t\t\t\t\t\t\t\t\t\"\n\t\t\t>\n\t\t\t\t\t\t<div class=\"ngg-gallery-thumbnail\">\n\t\t\t<a href=\"https:\/\/blogsaverroes.juntadeandalucia.es\/ceiptirsodemolina\/wp-content\/uploads\/sites\/797\/nggallery\/el-centro\/1_page_5.jpg\"\n\t\t\t\ttitle=\"\"\n\t\t\t\tdata-src=\"https:\/\/blogsaverroes.juntadeandalucia.es\/ceiptirsodemolina\/wp-content\/uploads\/sites\/797\/nggallery\/el-centro\/1_page_5.jpg\"\n\t\t\t\tdata-thumbnail=\"https:\/\/blogsaverroes.juntadeandalucia.es\/ceiptirsodemolina\/wp-content\/uploads\/sites\/797\/nggallery\/el-centro\/thumbs\/thumbs_1_page_5.jpg\"\n\t\t\t\tdata-image-id=\"41\"\n\t\t\t\tdata-title=\"1_page_5\"\n\t\t\t\tdata-description=\"\"\n\t\t\t\tdata-image-slug=\"1_page_5\"\n\t\t\t\tclass=\"ngg-fancybox\" rel=\"7bd57b0a1e84a07a972d91eb4118437e\">\n\t\t\t\t<img\n\t\t\t\t\ttitle=\"1_page_5\"\n\t\t\t\t\talt=\"1_page_5\"\n\t\t\t\t\tsrc=\"https:\/\/blogsaverroes.juntadeandalucia.es\/ceiptirsodemolina\/wp-content\/uploads\/sites\/797\/nggallery\/el-centro\/thumbs\/thumbs_1_page_5.jpg\"\n\t\t\t\t\twidth=\"120\"\n\t\t\t\t\theight=\"90\"\n\t\t\t\t\tstyle=\"max-width:100%;\"\n\t\t\t\t\/>\n\t\t\t<\/a>\n\t\t<\/div>\n\t\t\t\t\t\t\t<\/div>\n\t\t\t\n\t\t\t\t<div id=\"ngg-image-6\" class=\"ngg-gallery-thumbnail-box\n\t\t\t\t\t\t\t\t\t\t\t\"\n\t\t\t>\n\t\t\t\t\t\t<div class=\"ngg-gallery-thumbnail\">\n\t\t\t<a href=\"https:\/\/blogsaverroes.juntadeandalucia.es\/ceiptirsodemolina\/wp-content\/uploads\/sites\/797\/nggallery\/el-centro\/00705.jpg\"\n\t\t\t\ttitle=\"\"\n\t\t\t\tdata-src=\"https:\/\/blogsaverroes.juntadeandalucia.es\/ceiptirsodemolina\/wp-content\/uploads\/sites\/797\/nggallery\/el-centro\/00705.jpg\"\n\t\t\t\tdata-thumbnail=\"https:\/\/blogsaverroes.juntadeandalucia.es\/ceiptirsodemolina\/wp-content\/uploads\/sites\/797\/nggallery\/el-centro\/thumbs\/thumbs_00705.jpg\"\n\t\t\t\tdata-image-id=\"58\"\n\t\t\t\tdata-title=\"00705\"\n\t\t\t\tdata-description=\"\"\n\t\t\t\tdata-image-slug=\"00705\"\n\t\t\t\tclass=\"ngg-fancybox\" rel=\"7bd57b0a1e84a07a972d91eb4118437e\">\n\t\t\t\t<img\n\t\t\t\t\ttitle=\"00705\"\n\t\t\t\t\talt=\"00705\"\n\t\t\t\t\tsrc=\"https:\/\/blogsaverroes.juntadeandalucia.es\/ceiptirsodemolina\/wp-content\/uploads\/sites\/797\/nggallery\/el-centro\/thumbs\/thumbs_00705.jpg\"\n\t\t\t\t\twidth=\"120\"\n\t\t\t\t\theight=\"90\"\n\t\t\t\t\tstyle=\"max-width:100%;\"\n\t\t\t\t\/>\n\t\t\t<\/a>\n\t\t<\/div>\n\t\t\t\t\t\t\t<\/div>\n\t\t\t\n\t\t\t\t<div id=\"ngg-image-7\" class=\"ngg-gallery-thumbnail-box\n\t\t\t\t\t\t\t\t\t\t\t\"\n\t\t\t>\n\t\t\t\t\t\t<div class=\"ngg-gallery-thumbnail\">\n\t\t\t<a href=\"https:\/\/blogsaverroes.juntadeandalucia.es\/ceiptirsodemolina\/wp-content\/uploads\/sites\/797\/nggallery\/el-centro\/1_page_6.jpg\"\n\t\t\t\ttitle=\"\"\n\t\t\t\tdata-src=\"https:\/\/blogsaverroes.juntadeandalucia.es\/ceiptirsodemolina\/wp-content\/uploads\/sites\/797\/nggallery\/el-centro\/1_page_6.jpg\"\n\t\t\t\tdata-thumbnail=\"https:\/\/blogsaverroes.juntadeandalucia.es\/ceiptirsodemolina\/wp-content\/uploads\/sites\/797\/nggallery\/el-centro\/thumbs\/thumbs_1_page_6.jpg\"\n\t\t\t\tdata-image-id=\"42\"\n\t\t\t\tdata-title=\"1_page_6\"\n\t\t\t\tdata-description=\"\"\n\t\t\t\tdata-image-slug=\"1_page_6\"\n\t\t\t\tclass=\"ngg-fancybox\" rel=\"7bd57b0a1e84a07a972d91eb4118437e\">\n\t\t\t\t<img\n\t\t\t\t\ttitle=\"1_page_6\"\n\t\t\t\t\talt=\"1_page_6\"\n\t\t\t\t\tsrc=\"https:\/\/blogsaverroes.juntadeandalucia.es\/ceiptirsodemolina\/wp-content\/uploads\/sites\/797\/nggallery\/el-centro\/thumbs\/thumbs_1_page_6.jpg\"\n\t\t\t\t\twidth=\"120\"\n\t\t\t\t\theight=\"90\"\n\t\t\t\t\tstyle=\"max-width:100%;\"\n\t\t\t\t\/>\n\t\t\t<\/a>\n\t\t<\/div>\n\t\t\t\t\t\t\t<\/div>\n\t\t\t\n\t\t\t\t<div id=\"ngg-image-8\" class=\"ngg-gallery-thumbnail-box\n\t\t\t\t\t\t\t\t\t\t\t\"\n\t\t\t>\n\t\t\t\t\t\t<div class=\"ngg-gallery-thumbnail\">\n\t\t\t<a href=\"https:\/\/blogsaverroes.juntadeandalucia.es\/ceiptirsodemolina\/wp-content\/uploads\/sites\/797\/nggallery\/el-centro\/1_page_8.jpg\"\n\t\t\t\ttitle=\"\"\n\t\t\t\tdata-src=\"https:\/\/blogsaverroes.juntadeandalucia.es\/ceiptirsodemolina\/wp-content\/uploads\/sites\/797\/nggallery\/el-centro\/1_page_8.jpg\"\n\t\t\t\tdata-thumbnail=\"https:\/\/blogsaverroes.juntadeandalucia.es\/ceiptirsodemolina\/wp-content\/uploads\/sites\/797\/nggallery\/el-centro\/thumbs\/thumbs_1_page_8.jpg\"\n\t\t\t\tdata-image-id=\"43\"\n\t\t\t\tdata-title=\"1_page_8\"\n\t\t\t\tdata-description=\"\"\n\t\t\t\tdata-image-slug=\"1_page_8\"\n\t\t\t\tclass=\"ngg-fancybox\" rel=\"7bd57b0a1e84a07a972d91eb4118437e\">\n\t\t\t\t<img\n\t\t\t\t\ttitle=\"1_page_8\"\n\t\t\t\t\talt=\"1_page_8\"\n\t\t\t\t\tsrc=\"https:\/\/blogsaverroes.juntadeandalucia.es\/ceiptirsodemolina\/wp-content\/uploads\/sites\/797\/nggallery\/el-centro\/thumbs\/thumbs_1_page_8.jpg\"\n\t\t\t\t\twidth=\"120\"\n\t\t\t\t\theight=\"90\"\n\t\t\t\t\tstyle=\"max-width:100%;\"\n\t\t\t\t\/>\n\t\t\t<\/a>\n\t\t<\/div>\n\t\t\t\t\t\t\t<\/div>\n\t\t\t\n\t\t\t\t<div id=\"ngg-image-9\" class=\"ngg-gallery-thumbnail-box\n\t\t\t\t\t\t\t\t\t\t\t\"\n\t\t\t>\n\t\t\t\t\t\t<div class=\"ngg-gallery-thumbnail\">\n\t\t\t<a href=\"https:\/\/blogsaverroes.juntadeandalucia.es\/ceiptirsodemolina\/wp-content\/uploads\/sites\/797\/nggallery\/el-centro\/1_page_7.jpg\"\n\t\t\t\ttitle=\"\"\n\t\t\t\tdata-src=\"https:\/\/blogsaverroes.juntadeandalucia.es\/ceiptirsodemolina\/wp-content\/uploads\/sites\/797\/nggallery\/el-centro\/1_page_7.jpg\"\n\t\t\t\tdata-thumbnail=\"https:\/\/blogsaverroes.juntadeandalucia.es\/ceiptirsodemolina\/wp-content\/uploads\/sites\/797\/nggallery\/el-centro\/thumbs\/thumbs_1_page_7.jpg\"\n\t\t\t\tdata-image-id=\"44\"\n\t\t\t\tdata-title=\"1_page_7\"\n\t\t\t\tdata-description=\"\"\n\t\t\t\tdata-image-slug=\"1_page_7\"\n\t\t\t\tclass=\"ngg-fancybox\" rel=\"7bd57b0a1e84a07a972d91eb4118437e\">\n\t\t\t\t<img\n\t\t\t\t\ttitle=\"1_page_7\"\n\t\t\t\t\talt=\"1_page_7\"\n\t\t\t\t\tsrc=\"https:\/\/blogsaverroes.juntadeandalucia.es\/ceiptirsodemolina\/wp-content\/uploads\/sites\/797\/nggallery\/el-centro\/thumbs\/thumbs_1_page_7.jpg\"\n\t\t\t\t\twidth=\"120\"\n\t\t\t\t\theight=\"90\"\n\t\t\t\t\tstyle=\"max-width:100%;\"\n\t\t\t\t\/>\n\t\t\t<\/a>\n\t\t<\/div>\n\t\t\t\t\t\t\t<\/div>\n\t\t\t\n\t\n\t<br style=\"clear: both\" \/>\n\n\t\t<div class=\"slideshowlink\">\n\t\t<a href='https:\/\/blogsaverroes.juntadeandalucia.es\/ceiptirsodemolina\/el-centro-2\/nggallery\/slideshow'>[Mostrar presentaci\u00f3n de diapositivas]<\/a>\n\n\t<\/div>\n\t\n\t\t<!-- Pagination -->\n\t\t<div class='ngg-clear'><\/div>\t<\/div>\n<\/p>\n","protected":false},"excerpt":{"rendered":"<p>Ubicaci\u00f3n CEIP Tirso de Molina (C\u00f3rdoba). Consejer\u00eda de Educaci\u00f3n.&nbsp; Direcci\u00f3n:&nbsp; Avenida del Mediterr\u00e1neo S\/N. 14011 C\u00f3rdoba. Datos de contacto Tel\u00e9fono: 957 73 49 19 M\u00f3vil: 671 595 711 Email: ceiptirsodemolina@gmail.com &nbsp; Actividades lectivas De lunes a viernes de 9:00 a 14:00 horas. Plan de apertura Aula Matinal: De lunes a viernes de 7:30 a 9:00 &hellip; <\/p>\n<p><a class=\"more-link btn\" href=\"https:\/\/blogsaverroes.juntadeandalucia.es\/ceiptirsodemolina\/el-centro-2\/\">Seguir leyendo<\/a><\/p>\n","protected":false},"author":1,"featured_media":0,"parent":0,"menu_order":0,"comment_status":"closed","ping_status":"open","template":"","meta":{"ngg_post_thumbnail":0,"footnotes":"","_mc_calendar":[]},"aioseo_notices":[],"_links":{"self":[{"href":"https:\/\/blogsaverroes.juntadeandalucia.es\/ceiptirsodemolina\/wp-json\/wp\/v2\/pages\/35"}],"collection":[{"href":"https:\/\/blogsaverroes.juntadeandalucia.es\/ceiptirsodemolina\/wp-json\/wp\/v2\/pages"}],"about":[{"href":"https:\/\/blogsaverroes.juntadeandalucia.es\/ceiptirsodemolina\/wp-json\/wp\/v2\/types\/page"}],"author":[{"embeddable":true,"href":"https:\/\/blogsaverroes.juntadeandalucia.es\/ceiptirsodemolina\/wp-json\/wp\/v2\/users\/1"}],"replies":[{"embeddable":true,"href":"https:\/\/blogsaverroes.juntadeandalucia.es\/ceiptirsodemolina\/wp-json\/wp\/v2\/comments?post=35"}],"version-history":[{"count":36,"href":"https:\/\/blogsaverroes.juntadeandalucia.es\/ceiptirsodemolina\/wp-json\/wp\/v2\/pages\/35\/revisions"}],"predecessor-version":[{"id":2132,"href":"https:\/\/blogsaverroes.juntadeandalucia.es\/ceiptirsodemolina\/wp-json\/wp\/v2\/pages\/35\/revisions\/2132"}],"wp:attachment":[{"href":"https:\/\/blogsaverroes.juntadeandalucia.es\/ceiptirsodemolina\/wp-json\/wp\/v2\/media?parent=35"}],"curies":[{"name":"wp","href":"https:\/\/api.w.org\/{rel}","templated":true}]}}