{"id":49,"date":"2015-03-13T08:47:05","date_gmt":"2015-03-13T08:47:05","guid":{"rendered":"http:\/\/blogsaverroes.juntadeandalucia.es\/pre\/ceip\/?page_id=49"},"modified":"2021-10-22T10:03:53","modified_gmt":"2021-10-22T09:03:53","slug":"proyecto-educativo","status":"publish","type":"page","link":"https:\/\/blogsaverroes.juntadeandalucia.es\/ceiptirsodemolina\/proyecto-educativo\/","title":{"rendered":"Documentos del Centro"},"content":{"rendered":"<p><img decoding=\"async\" class=\"alignnone wp-image-1662\" src=\"https:\/\/blogsaverroes.juntadeandalucia.es\/ceiptirsodemolina\/files\/2015\/03\/proyecto-300x266.png\" alt=\"proyecto\" width=\"230\" height=\"192\"><\/p>\n<p><div class=\"osc-res-tab tabbable   osc-tabs-left\"><div style=\"clear:both;width: 100%;\"><ul class=\"nav osc-res-nav nav-tabs osc-tabs-left-ul\" id=\"oscitas-restabs-1-proyecto-educativo-62297\"><li class=\"active\"><a href=\"#ert_pane1-0\" data-toggle=\"tab\">PROYECTO EDUCATIVO<\/a><\/li><li class=\"\"><a href=\"#ert_pane1-1\" data-toggle=\"tab\">M\u00cdNIMOS IMPRESCINDIBLES<\/a><\/li><\/ul><\/div><div style=\"clear:both;width: 100%;\"><ul class=\"tab-content\" id=\"oscitas-restabcontent-1-proyecto-educativo-62297\"><li class=\"tab-pane active\" id=\"ert_pane1-0\"><\/p>\n<p style=\"text-align: center\"><strong>PROYECTO EDUCATIVO<\/strong><\/p>\n<p>Un centro se define en gran medida por su <strong>Proyecto Educativo<\/strong>. En \u00e9l se plasma el modelo educativo y la concreci\u00f3n de la normativa que un centro realiza respecto a las ense\u00f1anzas que imparte. Aspectos tales como las finales educativas, objetivos, atenci\u00f3n a la diversidad, etc.<\/p>\n<p>Que la web de un centro informe de su Proyecto Educativo es una apuesta clara por la <strong>transparencia<\/strong>.<\/p>\n<p>Este espacio puede mostrar tanto los aspectos esenciales del Proyecto como enlazar a otros documentos o secciones con informaci\u00f3n m\u00e1s detallada.&nbsp;<\/p>\n<p><strong>Haz clic<\/strong> en el icono para descargar el documento.<a href=\"https:\/\/blogsaverroes.juntadeandalucia.es\/ceiptirsodemolina\/files\/2021\/10\/PROYECTO-EDUCATIVO-21-22-COMPACTADO.pdf\" target=\"_blank\" rel=\"noopener noreferrer\"><br \/>\n<img decoding=\"async\" class=\"aligncenter size-full wp-image-3091\" src=\"https:\/\/blogsaverroes.juntadeandalucia.es\/ceiptirsodemolina\/files\/2021\/10\/blue_documents_folder_12406.png\" alt=\"\" width=\"128\" height=\"128\"><\/a><\/p>\n<p>.<\/li><li class=\"tab-pane \" id=\"ert_pane1-1\"><\/p>\n<ul style=\"list-style-type: circle\">\n<li><a href=\"https:\/\/blogsaverroes.juntadeandalucia.es\/ceiptirsodemolina\/files\/2021\/10\/CONTENIDOS-M\u00cdNIMOS-1\u00ba-CICLO.pdf\">CONTENIDOS M\u00cdNIMOS 1\u00ba CICLO<\/a><\/li>\n<li><a href=\"https:\/\/blogsaverroes.juntadeandalucia.es\/ceiptirsodemolina\/files\/2021\/10\/CONTENIDOS-M\u00cdNIMOS-2\u00ba-CICLO.pdf\">CONTENIDOS M\u00cdNIMOS 2\u00ba CICLO<\/a><\/li>\n<li><a href=\"https:\/\/blogsaverroes.juntadeandalucia.es\/ceiptirsodemolina\/files\/2021\/10\/CONTENIDOS-M\u00cdNIMOS-3\u00ba-CICLO.pdf\">CONTENIDOS M\u00cdNIMOS 3\u00ba CICLO<\/a>.<\/li><\/ul><\/div><\/div><\/li>\n<\/ul>\n<p>&nbsp;<\/p>\n","protected":false},"excerpt":{"rendered":"<p>&nbsp;<\/p>\n","protected":false},"author":1,"featured_media":0,"parent":0,"menu_order":0,"comment_status":"closed","ping_status":"open","template":"","meta":{"ngg_post_thumbnail":0,"footnotes":"","_mc_calendar":[]},"aioseo_notices":[],"_links":{"self":[{"href":"https:\/\/blogsaverroes.juntadeandalucia.es\/ceiptirsodemolina\/wp-json\/wp\/v2\/pages\/49"}],"collection":[{"href":"https:\/\/blogsaverroes.juntadeandalucia.es\/ceiptirsodemolina\/wp-json\/wp\/v2\/pages"}],"about":[{"href":"https:\/\/blogsaverroes.juntadeandalucia.es\/ceiptirsodemolina\/wp-json\/wp\/v2\/types\/page"}],"author":[{"embeddable":true,"href":"https:\/\/blogsaverroes.juntadeandalucia.es\/ceiptirsodemolina\/wp-json\/wp\/v2\/users\/1"}],"replies":[{"embeddable":true,"href":"https:\/\/blogsaverroes.juntadeandalucia.es\/ceiptirsodemolina\/wp-json\/wp\/v2\/comments?post=49"}],"version-history":[{"count":11,"href":"https:\/\/blogsaverroes.juntadeandalucia.es\/ceiptirsodemolina\/wp-json\/wp\/v2\/pages\/49\/revisions"}],"predecessor-version":[{"id":3089,"href":"https:\/\/blogsaverroes.juntadeandalucia.es\/ceiptirsodemolina\/wp-json\/wp\/v2\/pages\/49\/revisions\/3089"}],"wp:attachment":[{"href":"https:\/\/blogsaverroes.juntadeandalucia.es\/ceiptirsodemolina\/wp-json\/wp\/v2\/media?parent=49"}],"curies":[{"name":"wp","href":"https:\/\/api.w.org\/{rel}","templated":true}]}}