{"id":141,"date":"2015-03-17T07:13:24","date_gmt":"2015-03-17T07:13:24","guid":{"rendered":"http:\/\/blogsaverroes.juntadeandalucia.es\/pre\/ceip\/?page_id=141"},"modified":"2025-03-04T15:05:15","modified_gmt":"2025-03-04T15:05:15","slug":"escolarizacion","status":"publish","type":"page","link":"https:\/\/blogsaverroes.juntadeandalucia.es\/ceipvaldeolletas\/escolarizacion\/","title":{"rendered":"Escolarizaci\u00f3n 2025\/2026"},"content":{"rendered":"<h1 style=\"text-align: center\">&nbsp;<\/h1>\n<p style=\"text-align: center\"><span style=\"font-size: 24px;color: #d11515;font-weight: bold\">ESCOLARIZACI\u00d3N 2025\/2026<\/span><\/p>\n<p style=\"text-align: center\"><span style=\"font-size: 13px\">&nbsp;<\/span><\/p>\n<p><span class=\"palette-color1-2\" style=\"font-weight: bold;font-size: 13px;color: #3366ff\">El plazo de presentaci\u00f3n de las&nbsp;<strong>solicitudes de admisi\u00f3n<\/strong>&nbsp;en los centros docentes p\u00fablicos y privados concertados para cursar las ense\u00f1anzas de Segundo Ciclo de Educaci\u00f3n Infantil, Educaci\u00f3n Primaria, Educaci\u00f3n Especial, Educaci\u00f3n Secundaria Obligatoria y Bachillerato para el curso escolar&nbsp;<strong>2025\/2026<\/strong>, ser\u00e1 el comprendido entre el&nbsp;<strong>1 de marzo y el 31 de marzo de 2025<\/strong>&nbsp;(ambos inclusive).<\/span><\/p>\n<p style=\"text-align: justify\"><span style=\"font-size: 13px\">&nbsp;<\/span><\/p>\n<p style=\"text-align: justify\"><span class=\"palette-color1-2\" style=\"font-weight: bold;font-size: 13px;color: #0000ff\"><strong>\u00bfQUI\u00c9N TIENE QUE PRESENTAR DOCUMENTACI\u00d3N DE ADMISI\u00d3N?<\/strong><\/span><\/p>\n<ul>\n<li><span class=\"palette-color2-1\" style=\"font-weight: bold;font-size: 13px;color: #339966\">El alumnado que cursar\u00e1&nbsp;<strong>Infantil de tres a\u00f1os<\/strong>&nbsp;el curso escolar 2025\/2026.<\/span><\/li>\n<li><span class=\"palette-color2-1\" style=\"font-weight: bold;font-size: 13px;color: #339966\">Aquellas familias que deseen&nbsp;<strong>cambiar a sus hijos\/as de centro<\/strong>&nbsp;para el pr\u00f3ximo curso.<\/span><\/li>\n<li><span class=\"palette-color2-1\" style=\"font-weight: bold;font-size: 13px;color: #339966\">El alumnado de sexto adscrito al IES Guadalp\u00edn que est\u00e9 interesado en&nbsp;<strong>cambiar a otro Instituto<\/strong>&nbsp;deber\u00e1 solicitar plaza escolar del&nbsp;<strong>1 de marzo al 31 de marzo de 2025<\/strong>.<\/span><\/li>\n<\/ul>\n<p align=\"center\"><span class=\"palette-color2-1\" style=\"font-weight: bold;font-size: 13px\"><a class=\" link\" href=\"https:\/\/www.juntadeandalucia.es\/educacion\/secretariavirtual\/\">https:\/\/www.juntadeandalucia.es\/educacion\/secretariavirtual\/<\/a><\/span><\/p>\n<p align=\"center\"><span style=\"font-size: 13px\">&nbsp;<\/span><\/p>\n<p style=\"text-align: justify\"><span style=\"color: #bd4256;font-weight: bold;font-size: 13px\">Los alumnos y alumnas ya matriculados en el centro no tienen que presentar ninguna documentaci\u00f3n durante este per\u00edodo. Todos los tr\u00e1mites de&nbsp;<strong>matriculaci\u00f3n<\/strong>&nbsp;se realizar\u00e1n del&nbsp;<strong>1 al 9 de junio de 2025 (ambos inclusive).<\/strong><\/span><\/p>\n<p style=\"text-align: justify\"><span style=\"font-size: 13px\">&nbsp;<\/span><\/p>\n<p style=\"text-align: justify\"><span class=\"palette-color1-2\" style=\"font-size: 13px;font-weight: bold;color: #0000ff\">CALENDARIO ESCOLARIZACI\u00d3N 2025\/2026<\/span><\/p>\n<p style=\"text-align: justify\"><span class=\"palette-color2-1\" style=\"font-weight: bold;font-size: 13px;color: #339966\">&#8211; Publicaci\u00f3n de la oferta educativa: antes del 1 de marzo.<\/span><\/p>\n<p style=\"text-align: justify\"><span class=\"palette-color2-1\" style=\"font-weight: bold;font-size: 13px;color: #339966\">&#8211; Presentaci\u00f3n solicitudes de admisi\u00f3n: del 1 al 31 de marzo.<\/span><\/p>\n<p style=\"text-align: justify\"><span class=\"palette-color2-1\" style=\"font-weight: bold;font-size: 13px;color: #339966\">&#8211; Subsanaci\u00f3n solicitudes o aportaci\u00f3n documentos: 10 d\u00edas h\u00e1biles.<\/span><\/p>\n<p style=\"text-align: justify\"><span class=\"palette-color2-1\" style=\"font-weight: bold;font-size: 13px;color: #339966\">&#8211; Publicaci\u00f3n relaci\u00f3n personas solicitantes y de la lista baremada: 21 y 22 de abril.<\/span><\/p>\n<p style=\"text-align: justify\"><span class=\"palette-color2-1\" style=\"font-weight: bold;font-size: 13px;color: #339966\">&#8211; Tr\u00e1mite de audiencia y alegaciones: comienza el 22 de abril (10 d\u00edas lectivos).<\/span><\/p>\n<p style=\"text-align: justify\"><span class=\"palette-color2-1\" style=\"font-weight: bold;font-size: 13px;color: #339966\">&#8211; Sorteo p\u00fablico para situaciones de empate: 14 de mayo.<\/span><\/p>\n<p style=\"text-align: justify\"><span class=\"palette-color2-1\" style=\"font-weight: bold;font-size: 13px;color: #339966\">&#8211; Publicaci\u00f3n relaci\u00f3n admitidos (en los centros elegidos como prioritarios): 15 de mayo.<\/span><\/p>\n<p style=\"text-align: justify\"><span class=\"palette-color2-1\" style=\"font-weight: bold;font-size: 13px;color: #339966\">&#8211; Publicaci\u00f3n de la adjudicaci\u00f3n de plaza escolar al alumnado no admitido en el centro elegido como prioritario (reubicaci\u00f3n): 26 de mayo.<\/span><\/p>\n<p style=\"text-align: justify\"><span class=\"palette-color2-1\" style=\"font-weight: bold;font-size: 13px;color: #339966\">&#8211; Plazo para interponer recursos y reclamaciones: 22 de mayo (1 mes).<\/span><\/p>\n<p style=\"text-align: justify\">&nbsp;<\/p>\n<table border=\"1\" cellspacing=\"0\" cellpadding=\"0\">\n<tbody>\n<tr>\n<td colspan=\"2\" width=\"699\">\n<p align=\"center\"><span class=\"palette-color1-2\" style=\"font-size: 13px;color: #0000ff\"><strong>DOCUMENTACI\u00d3N A PRESENTAR<\/strong><\/span><\/p>\n<\/td>\n<\/tr>\n<tr>\n<td colspan=\"2\" width=\"699\"><span class=\"palette-color2-1\" style=\"font-weight: bold;font-size: 13px;color: #339966\">&#8211;&nbsp;&nbsp;&nbsp;&nbsp;&nbsp;&nbsp;&nbsp;&nbsp;&nbsp;<strong>Anexo III.<\/strong><\/span><\/p>\n<p><span class=\"palette-color2-1\" style=\"font-weight: bold;font-size: 13px;color: #339966\">&#8211;&nbsp;&nbsp;&nbsp;&nbsp;&nbsp;&nbsp;&nbsp;&nbsp;&nbsp;<strong>Certificado de empadronamiento colectivo<\/strong><\/span><\/p>\n<p><span class=\"palette-color2-1\" style=\"font-weight: bold;font-size: 13px;color: #339966\">&#8211;&nbsp;&nbsp;&nbsp;&nbsp;&nbsp;&nbsp;&nbsp;&nbsp;&nbsp;<strong>Fotocopia DNI padres y Libro de familia.<\/strong><\/span><\/p>\n<p><span class=\"palette-color2-1\" style=\"font-weight: bold;font-size: 13px;color: #339966\">&#8211;&nbsp;&nbsp;&nbsp;&nbsp;&nbsp;&nbsp;&nbsp;&nbsp;&nbsp;<strong>Documentos acreditativos de circunstancias espec\u00edficas declaradas (minusval\u00eda, familia monoparental, familia numerosa).<\/strong><\/span><\/p>\n<p><span class=\"palette-color2-1\" style=\"font-weight: bold;font-size: 13px;color: #339966\">&#8211;&nbsp;&nbsp;&nbsp;&nbsp;&nbsp;&nbsp;&nbsp;&nbsp;&nbsp;<strong>Si es para un curso distinto de Infantil de tres a\u00f1os: Certificado de matr\u00edcula del colegio en el que actualmente est\u00e1 matriculado.<\/strong><\/span><\/p>\n<p><span class=\"palette-color2-1\" style=\"font-weight: bold;font-size: 13px;color: #339966\">&#8211;&nbsp;&nbsp;&nbsp;&nbsp;&nbsp;&nbsp;&nbsp;&nbsp;&nbsp;<strong>Para el alumnado de Infantil de tres a\u00f1os, certificado de estar matriculado en guarder\u00edas.<\/strong><\/span><\/p>\n<p><span class=\"palette-color2-1\" style=\"font-weight: bold;font-size: 13px;color: #339966\">&#8211;&nbsp;&nbsp;&nbsp;&nbsp;&nbsp;&nbsp;&nbsp;&nbsp;&nbsp;<strong>Copia, si procede, de Sentencia Judicial y Custodias compartidas en caso de separaci\u00f3n familiar.<\/strong><\/span><\/p>\n<p><span class=\"palette-color2-1\" style=\"font-weight: bold;font-size: 13px;color: #339966\">&#8211;&nbsp;&nbsp;&nbsp;&nbsp;&nbsp;&nbsp;&nbsp;&nbsp;&nbsp;<strong>Certificado de la vida laboral del padre\/madre.<\/strong><\/span><\/td>\n<\/tr>\n<tr>\n<td width=\"147\"><span style=\"font-size: 13px\"><span style=\"color: #992b8c\"><strong>Importante:<\/strong><\/span><\/span><\/td>\n<td width=\"553\"><span style=\"color: #992b8c;font-size: 13px\"><strong>Es necesaria la firma original del padre y de la madre o tutores\/as legales.<\/strong><\/span><\/td>\n<\/tr>\n<\/tbody>\n<\/table>\n<p style=\"text-align: center\"><span style=\"font-size: 13px\">&nbsp;<\/span><\/p>\n<table border=\"1\" cellspacing=\"0\" cellpadding=\"0\">\n<tbody>\n<tr>\n<td colspan=\"2\" width=\"699\">\n<p align=\"center\"><span class=\"palette-color1-2\" style=\"font-size: 13px;color: #0000ff\"><strong>INFORMACI\u00d3N IMPORTANTE<\/strong><\/span><\/p>\n<\/td>\n<\/tr>\n<tr>\n<td colspan=\"2\" width=\"699\"><span class=\"palette-color2-1\" style=\"font-size: 13px;color: #339966\"><strong>Se recomienda que realic\u00e9is los tr\u00e1mites de manera telem\u00e1tica a trav\u00e9s de la Secretar\u00eda Virtual. Es muy sencillo. Os recomendamos que antes de acudir al Centro lo intent\u00e9is.<\/strong><\/span><\/p>\n<p><span class=\"palette-color2-1\" style=\"font-size: 13px\"><strong>&nbsp;<\/strong><\/span><\/p>\n<p align=\"center\"><span class=\"palette-color2-1\" style=\"font-size: 13px\"><a class=\" link\" href=\"https:\/\/www.juntadeandalucia.es\/educacion\/secretariavirtual\/\">https:\/\/www.juntadeandalucia.es\/educacion\/secretariavirtual\/<\/a><\/span><\/p>\n<p align=\"center\"><span style=\"font-size: 13px\"><strong>&nbsp;<\/strong><\/span><\/p>\n<\/td>\n<\/tr>\n<tr>\n<td width=\"83\"><span style=\"font-size: 13px\"><strong>Consejo:<\/strong><\/span><\/td>\n<td width=\"616\"><span style=\"font-size: 13px\"><strong>Id guardando cada p\u00e1gina que rellen\u00e9is para no perder datos.<\/strong><\/span><\/td>\n<\/tr>\n<\/tbody>\n<\/table>\n<p style=\"text-align: center\"><span style=\"font-size: 13px\">&nbsp;<\/span><\/p>\n<table style=\"width: 98%;height: 72px\" border=\"1\" cellspacing=\"0\" cellpadding=\"0\">\n<tbody>\n<tr style=\"height: 36px\">\n<td style=\"height: 36px\" width=\"709\">\n<p align=\"center\"><span class=\"palette-color1-2\" style=\"font-size: 13px;color: #0000ff\"><strong>HORARIO DE ATENCI\u00d3N A LAS FAMILIAS en el Centro<\/strong><\/span><\/p>\n<\/td>\n<\/tr>\n<tr style=\"height: 36px\">\n<td style=\"height: 36px\" width=\"709\">\n<p align=\"center\"><span class=\"palette-color2-1\" style=\"font-size: 13px;color: #339966\"><strong>De lunes a viernes, de 09:15 a 11:15 horas.<\/strong><\/span><\/p>\n<\/td>\n<\/tr>\n<\/tbody>\n<\/table>\n<p style=\"text-align: center\"><span style=\"font-size: 13px\">&nbsp;<\/span><\/p>\n<p style=\"text-align: center\"><span class=\"palette-color1-2\" style=\"font-size: 13px;color: #0000ff\">IMPRESOS DE ADMISI\u00d3N<\/span><\/p>\n<p>&nbsp;<\/p>\n<p align=\"center\"><span style=\"font-size: 13px\"><a class=\" link\" href=\"https:\/\/portales.ced.junta-andalucia.es\/educacion\/portales\/web\/escolarizacion\/infantil-a-bachillerato\">https:\/\/portales.ced.junta-andalucia.es\/educacion\/portales\/web\/escolarizacion\/infantil-a-bachillerato<\/a><\/span><\/p>\n<p align=\"center\">&nbsp;<\/p>\n<table border=\"1\" cellspacing=\"0\" cellpadding=\"0\">\n<tbody>\n<tr>\n<td valign=\"top\" width=\"709\">\n<p align=\"center\"><span class=\"palette-color1-2\" style=\"font-size: 13px;color: #0000ff\"><strong>NORMATIVA<\/strong><\/span><\/p>\n<\/td>\n<\/tr>\n<tr>\n<td width=\"709\"><span class=\"palette-color2-1\" style=\"font-size: 13px;color: #339966\">&#8211;&nbsp;&nbsp;&nbsp;&nbsp;&nbsp;&nbsp;&nbsp;&nbsp;&nbsp;&nbsp;<strong>Resoluci\u00f3n de 21 de enero de 2025.<\/strong><\/span><\/p>\n<p><span class=\"palette-color2-1\" style=\"font-size: 13px;color: #339966\">&#8211;&nbsp;&nbsp;&nbsp;&nbsp;&nbsp;&nbsp;&nbsp;&nbsp;&nbsp;&nbsp;<strong>Instrucciones de 25 de febrero de 2025.<\/strong><\/span><\/p>\n<p><span class=\"palette-color2-1\" style=\"font-size: 13px;color: #339966\">&#8211;&nbsp;&nbsp;&nbsp;&nbsp;&nbsp;&nbsp;&nbsp;&nbsp;&nbsp;&nbsp;<strong>Resoluci\u00f3n de 9 de febrero de 2024.<\/strong><\/span><\/p>\n<p><span class=\"palette-color2-1\" style=\"font-size: 13px;color: #339966\">&#8211;&nbsp;&nbsp;&nbsp;&nbsp;&nbsp;&nbsp;&nbsp;&nbsp;&nbsp;&nbsp;<strong>Decreto 21\/2020, de 17 de febrero.<\/strong><\/span><\/p>\n<p><span class=\"palette-color2-1\" style=\"font-size: 13px;color: #339966\">&#8211;&nbsp;&nbsp;&nbsp;&nbsp;&nbsp;&nbsp;&nbsp;&nbsp;&nbsp;&nbsp;<strong>Orden de 20 de febrero de 2020.<\/strong><\/span><\/td>\n<\/tr>\n<\/tbody>\n<\/table>\n<p style=\"text-align: center\"><span style=\"font-size: 13px\">&nbsp;<\/span><\/p>\n<p style=\"text-align: center\"><span style=\"font-weight: bold;color: #e22828\"><img loading=\"lazy\" decoding=\"async\" id=\"mce-3276\" class=\"image-block caption-over-image mceImage\" src=\"https:\/\/pleskw2012-3.axarnet.es:8443\/sitebuilder\/sites\/c9\/c98fb054543d1d5e3734d7c12c1dfe47\/attachments\/Image\/Cartel-Jornada-puertas-abiertas-2025_1.png?1740069403711\" alt=\"\" width=\"500\" height=\"353\"><\/span><\/p>\n<p style=\"text-align: justify\"><span class=\"palette-color1-2\" style=\"font-size: 16px\">La Consejer\u00eda de Desarrollo Educativo y Formaci\u00f3n Profesional convoca el procedimiento de admisi\u00f3n del alumnado en los centros docentes p\u00fablicos y privados concertados para cursar las ense\u00f1anzas de 2\u00ba Ciclo de Educaci\u00f3n Infantil, Educaci\u00f3n Primaria, Educaci\u00f3n Especial, Educaci\u00f3n Secundaria Obligatoria y Bachillerato para el curso escolar 2025\/26.<\/span><\/p>\n<p style=\"text-align: center\">&nbsp;<\/p>\n<p style=\"text-align: justify\"><span class=\"palette-color1-2\" style=\"font-size: 16px\"><strong>Del 1 al 31 de marzo<\/strong>, ambos inclusive, permanecer\u00e1 abierto en Andaluc\u00eda el plazo para la presentaci\u00f3n de solicitudes de admisi\u00f3n correspondientes al curso escolar 2025\/26.&nbsp; Se inicia de este modo el proceso de escolarizaci\u00f3n en el que participan todos los ni\u00f1os y ni\u00f1as que se incorporan por primera vez al sistema educativo, tanto en centros p\u00fablicos como privados concertados, as\u00ed como el alumnado que cambie de centro escolar.<\/span><\/p>\n<p style=\"text-align: justify\">&nbsp;<\/p>\n<p style=\"text-align: justify\"><span class=\"palette-color1-2\" style=\"font-size: 16px\">Por su parte, los centros educativos publican la relaci\u00f3n de puestos escolares vacantes, as\u00ed como la informaci\u00f3n sobre las direcciones catastrales comprendidas en sus \u00e1reas de influencia y \u00e1reas lim\u00edtrofes. Cuando la oferta de plazas coincida o sea superior a la demanda, los solicitantes ser\u00e1n admitidos. Solo en aquellos casos donde no se pueda atender toda la demanda, se proceder\u00e1 a la baremaci\u00f3n de las solicitudes.<\/span><\/p>\n<p style=\"text-align: center\">&nbsp;<\/p>\n<p style=\"text-align: justify\"><span class=\"palette-color1-2\" style=\"font-size: 16px\">Los centros har\u00e1n p\u00fablica en su tabl\u00f3n de anuncios,&nbsp;<strong>antes del 23 de abril<\/strong>, la relaci\u00f3n de solicitantes con la puntuaci\u00f3n asignada y, a partir de esa fecha, se abrir\u00e1 un plazo de&nbsp;<strong>10 d\u00edas lectivos para la presentaci\u00f3n de alegaciones<\/strong>. Si tras la aplicaci\u00f3n de los criterios de baremaci\u00f3n se producen empates, se aplicar\u00e1 el resultado del&nbsp;<strong>sorteo p\u00fablico<\/strong>&nbsp;que se celebrar\u00e1 el d\u00eda&nbsp;<strong>14 de mayo<\/strong>&nbsp;de 2025.&nbsp;<strong>La relaci\u00f3n definitiva de admitidos y no admitidos saldr\u00e1 el 15 de mayo<\/strong>.<\/span><\/p>\n<p style=\"text-align: justify\">&nbsp;<\/p>\n<p style=\"text-align: justify\"><span class=\"palette-color1-2\" style=\"font-size: 16px\">M\u00e1s informaci\u00f3n en el siguiente enlace:<\/span><\/p>\n<p style=\"text-align: center\" align=\"center\"><span class=\"palette-color1-2\"><a class=\" link\" href=\"https:\/\/portales.ced.junta-andalucia.es\/educacion\/portales\/web\/escolarizacion\/infantil-a-bachillerato\">https:\/\/portales.ced.junta-andalucia.es\/educacion\/portales\/web\/escolarizacion\/infantil-a-bachillerato<\/a><\/span><\/p>\n<p style=\"text-align: center\" align=\"center\">&nbsp;<\/p>\n<ul>\n<li><strong>Descarga la app iEscolariza:<\/strong><\/li>\n<\/ul>\n<p>Consulta de centros y puntos para el proceso de escolarizaci\u00f3n.<\/p>\n<p align=\"center\"><a class=\" link\" href=\"https:\/\/play.google.com\/store\/apps\/details?id=es.juntadeandalucia.ced.escolarizacion&amp;hl=es&amp;pli=1\">https:\/\/play.google.com\/store\/apps\/details?id=es.juntadeandalucia.ced.escolarizacion&amp;hl=es&amp;pli=1<\/a><\/p>\n<p align=\"center\"><a class=\" link\" href=\"https:\/\/apps.apple.com\/es\/app\/iescolariza\/id606516551\">https:\/\/apps.apple.com\/es\/app\/iescolariza\/id606516551<\/a><\/p>\n<ul>\n<li><strong>Secretar\u00eda Virtual &#8211; Solicita tu plaza aqu\u00ed:<\/strong><\/li>\n<\/ul>\n<p>Presentaci\u00f3n telem\u00e1tica de la admisi\u00f3n del alumnado en los centros docentes.<\/p>\n<p align=\"center\"><a class=\" link\" href=\"https:\/\/www.juntadeandalucia.es\/educacion\/secretariavirtual\/\">https:\/\/www.juntadeandalucia.es\/educacion\/secretariavirtual\/<\/a><\/p>\n<ul>\n<li><strong>Calendario:<\/strong><\/li>\n<\/ul>\n<p align=\"center\"><a class=\" link\" href=\"https:\/\/portales.ced.junta-andalucia.es\/educacion\/portales\/web\/escolarizacion\/infantil-a-bachillerato\/calendario\">https:\/\/portales.ced.junta-andalucia.es\/educacion\/portales\/web\/escolarizacion\/infantil-a-bachillerato\/calendario<\/a><\/p>\n<ul>\n<li><strong>Impresos:<\/strong><\/li>\n<\/ul>\n<p align=\"center\"><a class=\" link\" href=\"https:\/\/portales.ced.junta-andalucia.es\/educacion\/portales\/web\/escolarizacion\/infantil-a-bachillerato\/impresos\">https:\/\/portales.ced.junta-andalucia.es\/educacion\/portales\/web\/escolarizacion\/infantil-a-bachillerato\/impresos<\/a><\/p>\n<ul>\n<li><strong>Normativa:<\/strong><\/li>\n<\/ul>\n<p align=\"center\"><a class=\" link\" href=\"https:\/\/portales.ced.junta-andalucia.es\/educacion\/portales\/web\/escolarizacion\/infantil-a-bachillerato\/normativa\">https:\/\/portales.ced.junta-andalucia.es\/educacion\/portales\/web\/escolarizacion\/infantil-a-bachillerato\/normativa<\/a><\/p>\n<ul>\n<li><strong>\u00c1reas de influencia:<\/strong>&nbsp;<\/li>\n<\/ul>\n<p align=\"center\"><a class=\" link\" href=\"https:\/\/educasig.ced.junta-andalucia.es\/escolarizacion\/\">https:\/\/educasig.ced.junta-andalucia.es\/escolarizacion\/<\/a><\/p>\n<ul>\n<li><strong>Autobaremo:<\/strong><\/li>\n<\/ul>\n<p align=\"center\"><a class=\" link\" href=\"https:\/\/portales.ced.junta-andalucia.es\/educacion\/portales\/web\/escolarizacion\/infantil-a-bachillerato\/autobaremo\">https:\/\/portales.ced.junta-andalucia.es\/educacion\/portales\/web\/escolarizacion\/infantil-a-bachillerato\/autobaremo<\/a><\/p>\n<p>&nbsp;<\/p>\n","protected":false},"excerpt":{"rendered":"<p>&nbsp; ESCOLARIZACI\u00d3N 2025\/2026 &nbsp; El plazo de presentaci\u00f3n de las&nbsp;solicitudes de admisi\u00f3n&nbsp;en los centros docentes p\u00fablicos y privados concertados para cursar las ense\u00f1anzas de Segundo Ciclo de Educaci\u00f3n Infantil, Educaci\u00f3n Primaria, Educaci\u00f3n Especial, Educaci\u00f3n&#46;&#46;&#46;<\/p>\n","protected":false},"author":1,"featured_media":0,"parent":0,"menu_order":0,"comment_status":"closed","ping_status":"open","template":"page-cs.php","meta":{"ngg_post_thumbnail":0,"footnotes":"","_mc_calendar":[]},"aioseo_notices":[],"_links":{"self":[{"href":"https:\/\/blogsaverroes.juntadeandalucia.es\/ceipvaldeolletas\/wp-json\/wp\/v2\/pages\/141"}],"collection":[{"href":"https:\/\/blogsaverroes.juntadeandalucia.es\/ceipvaldeolletas\/wp-json\/wp\/v2\/pages"}],"about":[{"href":"https:\/\/blogsaverroes.juntadeandalucia.es\/ceipvaldeolletas\/wp-json\/wp\/v2\/types\/page"}],"author":[{"embeddable":true,"href":"https:\/\/blogsaverroes.juntadeandalucia.es\/ceipvaldeolletas\/wp-json\/wp\/v2\/users\/1"}],"replies":[{"embeddable":true,"href":"https:\/\/blogsaverroes.juntadeandalucia.es\/ceipvaldeolletas\/wp-json\/wp\/v2\/comments?post=141"}],"version-history":[{"count":7,"href":"https:\/\/blogsaverroes.juntadeandalucia.es\/ceipvaldeolletas\/wp-json\/wp\/v2\/pages\/141\/revisions"}],"predecessor-version":[{"id":2610,"href":"https:\/\/blogsaverroes.juntadeandalucia.es\/ceipvaldeolletas\/wp-json\/wp\/v2\/pages\/141\/revisions\/2610"}],"wp:attachment":[{"href":"https:\/\/blogsaverroes.juntadeandalucia.es\/ceipvaldeolletas\/wp-json\/wp\/v2\/media?parent=141"}],"curies":[{"name":"wp","href":"https:\/\/api.w.org\/{rel}","templated":true}]}}