{"id":198,"date":"2015-03-17T09:55:36","date_gmt":"2015-03-17T09:55:36","guid":{"rendered":"http:\/\/blogsaverroes.juntadeandalucia.es\/pre\/ceip\/?page_id=198"},"modified":"2024-12-06T14:55:36","modified_gmt":"2024-12-06T14:55:36","slug":"que-es-el-ampa","status":"publish","type":"page","link":"https:\/\/blogsaverroes.juntadeandalucia.es\/ceipvaldeolletas\/que-es-el-ampa\/","title":{"rendered":"\u00bfQu\u00e9 es el AMPA?"},"content":{"rendered":"<p style=\"text-align: left\"><a href=\"https:\/\/blogsaverroes.juntadeandalucia.es\/ceipvaldeolletas\/files\/2015\/03\/familia.png\"><img loading=\"lazy\" decoding=\"async\" class=\"aligncenter wp-image-243 size-medium\" src=\"https:\/\/blogsaverroes.juntadeandalucia.es\/ceipvaldeolletas\/files\/2015\/03\/familia-300x193.png\" alt=\"\" width=\"300\" height=\"193\" srcset=\"https:\/\/blogsaverroes.juntadeandalucia.es\/ceipvaldeolletas\/files\/2015\/03\/familia-300x193.png 300w, https:\/\/blogsaverroes.juntadeandalucia.es\/ceipvaldeolletas\/files\/2015\/03\/familia-1024x661.png 1024w, https:\/\/blogsaverroes.juntadeandalucia.es\/ceipvaldeolletas\/files\/2015\/03\/familia.png 1280w\" sizes=\"(max-width: 300px) 100vw, 300px\" \/><\/a><\/p>\n<h3>&nbsp;<\/h3>\n<p style=\"text-align: center\"><span style=\"color: #ff0000\"><span style=\"text-decoration: underline\"><span style=\"font-weight: bold;font-size: 36px\">ACTIVIDADES A.M.P.A. 2024\/2025<\/span><\/span><\/span><\/p>\n<p>&nbsp;&nbsp;&nbsp;&nbsp;&nbsp;&nbsp;&nbsp;&nbsp; <span style=\"color: #3366ff\">En el \u00faltimo Consejo Escolar celebrado la A.M.P.A. del colegio propuso actividades y talleres gratuitos para todos los alumnos del centro y con la siguiente tem\u00e1tica:<\/span><\/p>\n<ul>\n<li><span style=\"color: #ff00ff\"><strong>INTELIGENCIA EMOCIONAL<\/strong><\/span><\/li>\n<li><span style=\"color: #ff00ff\"><strong>TALLERES CIENT\u00cdFICOS<\/strong><\/span><\/li>\n<\/ul>\n<table>\n<tbody>\n<tr>\n<td width=\"718\"><span style=\"color: #ff0000\"><strong>INTELIGENCIA EMOCIONAL<\/strong><\/span><\/td>\n<\/tr>\n<tr>\n<td width=\"718\"><span style=\"color: #3366ff\">Cuentacuentos: \u201cJes\u00fas Tiracuentos\u201d.<\/span><\/p>\n<p><span style=\"color: #3366ff\">Cursos: Infantil \/ 1\u00ba, 2\u00ba, 3\u00ba Primaria.<\/span><\/p>\n<p><span style=\"color: #3366ff\">Jueves 5 de diciembre, a partir de las 09:15.<\/span><\/p>\n<p><span style=\"color: #3366ff\">Lugar: Aula de Psicomotricidad.<\/span><\/td>\n<\/tr>\n<\/tbody>\n<\/table>\n<p>&nbsp;<\/p>\n<table>\n<tbody>\n<tr>\n<td width=\"718\"><span style=\"color: #ff0000\"><strong>TALLERES CIENT\u00cdFICOS<\/strong><\/span><\/td>\n<\/tr>\n<tr>\n<td width=\"718\"><span style=\"color: #3366ff\">Cursos: 4\u00ba, 5\u00ba y 6\u00ba Primaria.<\/span><\/p>\n<p><span style=\"color: #3366ff\">4\u00ba PR: Extracci\u00f3n de tinte natural en agua para experimentar con indicadores \u00e1cido-base.<\/span><\/p>\n<p><span style=\"color: #3366ff\">5\u00ba PR: Velocidad de reacciones qu\u00edmicas.<\/span><\/p>\n<p><span style=\"color: #3366ff\">6\u00ba PR: Electricidad y su conductividad en elementos naturales y artificiales.<\/span><\/p>\n<p><span style=\"color: #3366ff\">&nbsp;Lugar: en las aulas de cada curso.<\/span><\/p>\n<table style=\"width: 98%;height: 432px\">\n<tbody>\n<tr style=\"height: 36px\">\n<td style=\"height: 36px\" width=\"340\"><span style=\"color: #339966\"><strong>D\u00edas y horarios<\/strong><\/span><\/td>\n<td style=\"height: 36px\" width=\"142\"><span style=\"color: #339966\"><strong>Cursos<\/strong><\/span><\/td>\n<\/tr>\n<tr style=\"height: 36px\">\n<td style=\"height: 36px\" width=\"340\"><strong><span style=\"color: #ff0000\">Martes 10\/12\/2024, de 10:00 a 11:00 h<\/span><\/strong><\/td>\n<td style=\"height: 36px\" width=\"142\"><strong><span style=\"color: #ff0000\">6\u00ba A<\/span><\/strong><\/td>\n<\/tr>\n<tr style=\"height: 36px\">\n<td style=\"height: 36px\" width=\"340\"><strong><span style=\"color: #ff0000\">Martes 10\/12\/2024, de 11:00 a 12:00 h<\/span><\/strong><\/td>\n<td style=\"height: 36px\" width=\"142\"><strong><span style=\"color: #ff0000\">6\u00ba B<\/span><\/strong><\/td>\n<\/tr>\n<tr style=\"height: 36px\">\n<td style=\"height: 36px\" width=\"340\"><strong><span style=\"color: #ff0000\">Martes 10\/12\/2024, de 12:30 a 13:30 h<\/span><\/strong><\/td>\n<td style=\"height: 36px\" width=\"142\"><strong><span style=\"color: #ff0000\">6\u00ba C<\/span><\/strong><\/td>\n<\/tr>\n<tr style=\"height: 36px\">\n<td style=\"height: 36px\" width=\"340\">&nbsp;<\/td>\n<td style=\"height: 36px\" width=\"142\"><strong>&nbsp;<\/strong><\/td>\n<\/tr>\n<tr style=\"height: 36px\">\n<td style=\"height: 36px\" width=\"340\"><strong><span style=\"color: #3366ff\">Jueves 12\/12\/2024, de 10:00 a 11:00 h<\/span><\/strong><\/td>\n<td style=\"height: 36px\" width=\"142\"><strong><span style=\"color: #3366ff\">5\u00ba B<\/span><\/strong><\/td>\n<\/tr>\n<tr style=\"height: 36px\">\n<td style=\"height: 36px\" width=\"340\"><strong><span style=\"color: #3366ff\">Jueves 12\/12\/2024, de 11:00 a 12:00 h<\/span><\/strong><\/td>\n<td style=\"height: 36px\" width=\"142\"><strong><span style=\"color: #3366ff\">5\u00ba C<\/span><\/strong><\/td>\n<\/tr>\n<tr style=\"height: 36px\">\n<td style=\"height: 36px\" width=\"340\"><strong><span style=\"color: #3366ff\">Jueves 12\/12\/2024, de 12:30 a 13:30 h<\/span><\/strong><\/td>\n<td style=\"height: 36px\" width=\"142\"><strong><span style=\"color: #3366ff\">5\u00ba A<\/span><\/strong><\/td>\n<\/tr>\n<tr style=\"height: 36px\">\n<td style=\"height: 36px\" width=\"340\">&nbsp;<\/td>\n<td style=\"height: 36px\" width=\"142\"><strong>&nbsp;<\/strong><\/td>\n<\/tr>\n<tr style=\"height: 36px\">\n<td style=\"height: 36px\" width=\"340\"><strong><span style=\"color: #ff00ff\">Viernes 13\/12\/2024, de 10:00 a 11:00 h<\/span><\/strong><\/td>\n<td style=\"height: 36px\" width=\"142\"><strong><span style=\"color: #ff00ff\">4\u00ba A<\/span><\/strong><\/td>\n<\/tr>\n<tr style=\"height: 36px\">\n<td style=\"height: 36px\" width=\"340\"><strong><span style=\"color: #ff00ff\">Viernes 13\/12\/2024, de 11:00 a 12:00 h<\/span><\/strong><\/td>\n<td style=\"height: 36px\" width=\"142\"><strong><span style=\"color: #ff00ff\">4\u00ba B<\/span><\/strong><\/td>\n<\/tr>\n<tr style=\"height: 36px\">\n<td style=\"height: 36px\" width=\"340\"><strong><span style=\"color: #ff00ff\">Viernes 13\/12\/2024, de 12:30 a 13:30 h<\/span><\/strong><\/td>\n<td style=\"height: 36px\" width=\"142\"><strong><span style=\"color: #ff00ff\">4\u00ba C<\/span><\/strong><\/td>\n<\/tr>\n<\/tbody>\n<\/table>\n<p>&nbsp;<\/td>\n<\/tr>\n<\/tbody>\n<\/table>\n<h1>&nbsp;<\/h1>\n<h1 style=\"text-align: center\"><strong><span style=\"color: #ff9900\">FIESTA DE HALLOWEEN<\/span><\/strong><\/h1>\n<p style=\"text-align: center\"><a href=\"https:\/\/blogsaverroes.juntadeandalucia.es\/ceipvaldeolletas\/files\/2022\/01\/Fiesta-Halloween.jpg\"><img loading=\"lazy\" decoding=\"async\" class=\"alignnone wp-image-2459\" src=\"https:\/\/blogsaverroes.juntadeandalucia.es\/ceipvaldeolletas\/files\/2022\/01\/Fiesta-Halloween-212x300.jpg\" alt=\"\" width=\"302\" height=\"427\" srcset=\"https:\/\/blogsaverroes.juntadeandalucia.es\/ceipvaldeolletas\/files\/2022\/01\/Fiesta-Halloween-212x300.jpg 212w, https:\/\/blogsaverroes.juntadeandalucia.es\/ceipvaldeolletas\/files\/2022\/01\/Fiesta-Halloween-724x1024.jpg 724w, https:\/\/blogsaverroes.juntadeandalucia.es\/ceipvaldeolletas\/files\/2022\/01\/Fiesta-Halloween-768x1086.jpg 768w, https:\/\/blogsaverroes.juntadeandalucia.es\/ceipvaldeolletas\/files\/2022\/01\/Fiesta-Halloween-1086x1536.jpg 1086w, https:\/\/blogsaverroes.juntadeandalucia.es\/ceipvaldeolletas\/files\/2022\/01\/Fiesta-Halloween.jpg 1131w\" sizes=\"(max-width: 302px) 100vw, 302px\" \/><\/a><\/p>\n<h3><span style=\"text-decoration: underline\"><span style=\"font-size: 26px\"><span class=\"palette-color2-1\">YINCANA:<\/span><\/span><\/span><\/h3>\n<p><span style=\"text-decoration: underline\"><span style=\"font-size: 26px\"><span class=\"palette-color2-1\"><img loading=\"lazy\" decoding=\"async\" id=\"mce-3580\" class=\"image-block caption-over-image mceImage\" src=\"https:\/\/pleskw2012-3.axarnet.es:8443\/sitebuilder\/sites\/c9\/c98fb054543d1d5e3734d7c12c1dfe47\/attachments\/Image\/YincanaAmpa-1_page-0001_1.jpg?1684593046515\" alt=\"\" width=\"400\" height=\"568\"><\/span><\/span><\/span><\/p>\n<p style=\"text-align: center\">&nbsp;&nbsp;<\/p>\n<h3><span style=\"text-decoration: underline\"><span class=\"palette-color2-1\" style=\"font-size: 18px\"><img loading=\"lazy\" decoding=\"async\" id=\"mce-3667\" class=\"image-block caption-over-image mceImage\" src=\"https:\/\/pleskw2012-3.axarnet.es:8443\/sitebuilder\/sites\/c9\/c98fb054543d1d5e3734d7c12c1dfe47\/attachments\/Image\/YincanaAmpa-1_page-0003_1.jpg?1684593046515\" alt=\"\" width=\"400\" height=\"568\"><\/span><\/span><\/h3>\n<h3>&nbsp;<\/h3>\n<h3><span style=\"text-decoration: underline\"><span class=\"palette-color2-1\" style=\"font-size: 18px\"><img loading=\"lazy\" decoding=\"async\" id=\"mce-3759\" class=\"image-block caption-over-image mceImage\" src=\"https:\/\/pleskw2012-3.axarnet.es:8443\/sitebuilder\/sites\/c9\/c98fb054543d1d5e3734d7c12c1dfe47\/attachments\/Image\/YincanaAmpa-1_page-0002_1.jpg?1684593046515\" alt=\"\" width=\"400\" height=\"568\"><\/span><\/span><\/h3>\n<h3><span style=\"text-decoration: underline\"><span class=\"palette-color2-1\" style=\"font-size: 18px\"><img loading=\"lazy\" decoding=\"async\" id=\"mce-3846\" class=\"image-block caption-over-image mceImage\" src=\"https:\/\/pleskw2012-3.axarnet.es:8443\/sitebuilder\/sites\/c9\/c98fb054543d1d5e3734d7c12c1dfe47\/attachments\/Image\/YincanaAmpa-1_page-0004.jpg?1684593046515\" alt=\"\" width=\"400\" height=\"568\"><\/span><\/span><\/h3>\n<h3>&nbsp;<\/h3>\n<h3>&nbsp;<\/h3>\n<p style=\"text-align: left\">El <strong>AMPA<\/strong> es una asociaci\u00f3n sin \u00e1nimo de lucro que formada por los padres y madres de todo el alumnado del Colegio.<\/p>\n<p>Es un punto de encuentro y de trabajo independiente, abierto y plural.<\/p>\n<p>Desde el AMPA podemos contribuir a la mejora de la calidad de la educaci\u00f3n, la convivencia del centro y de las instalaciones.<\/p>\n<p style=\"text-align: center\">&nbsp;<\/p>\n<h3>\u00bfPor qu\u00e9 es importante vuestra participaci\u00f3n?<\/h3>\n<p>En el colegio existen espacios de participaci\u00f3n, siendo el AMPA &nbsp;el \u00fanico espacio de participaci\u00f3n aut\u00f3nomo de padres y madres. El AMPA es importante porque:<\/p>\n<ul>\n<li>Somos corresponsables de la educaci\u00f3n que nuestros hijos\/as reciben en el colegio.<\/li>\n<li>Es un espacio para aportar iniciativas y trabajar con la direcci\u00f3n del Centro, sin depender de esta.<\/li>\n<\/ul>\n<h3>\u00bfC\u00f3mo puedes participar?<\/h3>\n<p>Participar en el AMPA es muy f\u00e1cil y cada uno decide el nivel de implicaci\u00f3n.<\/p>\n<ul>\n<li>Podemos asociarnos en cualquier momento, aunque se entrega a las familias una ficha de inscripci\u00f3n con la matr\u00edcula en la que se indica la cuota anual por cada familia (la cuota es por familia no por ni\u00f1o\/a)<\/li>\n<li>Podemos tambi\u00e9n participar a trav\u00e9s de las asambleas, incorpor\u00e1ndote a las reuniones&nbsp;abiertas que se convoquen.<\/li>\n<li>Podemos colaborar en los diferentes grupos de trabajo o&nbsp;en actividades puntuales que se organizan desde el AMPA a lo largo del curso.<\/li>\n<li>Podemos proponer iniciativas, plantear temas de debate, organizar actividades, etc., &nbsp;dirigi\u00e9ndote a cualquier miembro de la junta directiva o a trav\u00e9s del blog.<\/li>\n<\/ul>\n<p>Como ves, hay muchas formas de participar y es muy importante que m\u00e1s padres y madres pasemos a la participa-ACCI\u00d3N,&nbsp;&nbsp;de forma activa y colectiva.<\/p>\n<h3>\u00bfPara qu\u00e9 sirve?<\/h3>\n<ul>\n<li>Para defender y velar por el derecho a una educaci\u00f3n de calidad, democr\u00e1tica, atendiendo a las necesidades de todos los ni\u00f1os\/as &nbsp;y cr\u00edtica.<\/li>\n<li>Para promover la participaci\u00f3n de padres y madres en la vida del centro, defendiendo los intereses del alumnado y de toda la comunidad educativa.<\/li>\n<li>Para buscar soluciones de forma colectiva a temas relacionados con la ense\u00f1anza y educaci\u00f3n de nuestros hijos\/as.<\/li>\n<li>Para crear espacios de encuentro y trabajo en el resto de la comunidad educativa y con el entorno.<\/li>\n<li>Para crear espacios de reflexi\u00f3n y participaci\u00f3n compartida sobre la educaci\u00f3n de nuestros hijos\/as<br \/>\nPara participar en la gesti\u00f3n del colegio.<\/li>\n<\/ul>\n<h3>\u00bfC\u00f3mo se financia?<\/h3>\n<p>El AMPA &nbsp;se financia a trav\u00e9s de las cuotas de socios\/as.<br \/>\nLa cuota de socios\/as es el \u00fanico pago que realizan las familias y que gestiona el AMPA para el beneficio exclusivo de la comunidad educativa y en definitiva de la educaci\u00f3n que reciben&nbsp; nuestros hijos\/as en el centro.<\/p>\n","protected":false},"excerpt":{"rendered":"<p>&nbsp; ACTIVIDADES A.M.P.A. 2024\/2025 &nbsp;&nbsp;&nbsp;&nbsp;&nbsp;&nbsp;&nbsp;&nbsp; En el \u00faltimo Consejo Escolar celebrado la A.M.P.A. del colegio propuso actividades y talleres gratuitos para todos los alumnos del centro y con la siguiente tem\u00e1tica: INTELIGENCIA EMOCIONAL TALLERES&#46;&#46;&#46;<\/p>\n","protected":false},"author":1,"featured_media":0,"parent":0,"menu_order":0,"comment_status":"closed","ping_status":"open","template":"page-cs.php","meta":{"ngg_post_thumbnail":0,"footnotes":"","_mc_calendar":[]},"aioseo_notices":[],"_links":{"self":[{"href":"https:\/\/blogsaverroes.juntadeandalucia.es\/ceipvaldeolletas\/wp-json\/wp\/v2\/pages\/198"}],"collection":[{"href":"https:\/\/blogsaverroes.juntadeandalucia.es\/ceipvaldeolletas\/wp-json\/wp\/v2\/pages"}],"about":[{"href":"https:\/\/blogsaverroes.juntadeandalucia.es\/ceipvaldeolletas\/wp-json\/wp\/v2\/types\/page"}],"author":[{"embeddable":true,"href":"https:\/\/blogsaverroes.juntadeandalucia.es\/ceipvaldeolletas\/wp-json\/wp\/v2\/users\/1"}],"replies":[{"embeddable":true,"href":"https:\/\/blogsaverroes.juntadeandalucia.es\/ceipvaldeolletas\/wp-json\/wp\/v2\/comments?post=198"}],"version-history":[{"count":7,"href":"https:\/\/blogsaverroes.juntadeandalucia.es\/ceipvaldeolletas\/wp-json\/wp\/v2\/pages\/198\/revisions"}],"predecessor-version":[{"id":2585,"href":"https:\/\/blogsaverroes.juntadeandalucia.es\/ceipvaldeolletas\/wp-json\/wp\/v2\/pages\/198\/revisions\/2585"}],"wp:attachment":[{"href":"https:\/\/blogsaverroes.juntadeandalucia.es\/ceipvaldeolletas\/wp-json\/wp\/v2\/media?parent=198"}],"curies":[{"name":"wp","href":"https:\/\/api.w.org\/{rel}","templated":true}]}}