{"id":2144,"date":"2022-01-29T09:52:31","date_gmt":"2022-01-29T08:52:31","guid":{"rendered":"https:\/\/blogsaverroes.juntadeandalucia.es\/ceipvalerianolopez\/?page_id=2144"},"modified":"2022-12-04T12:48:46","modified_gmt":"2022-12-04T11:48:46","slug":"practicum","status":"publish","type":"page","link":"https:\/\/blogsaverroes.juntadeandalucia.es\/ceipvalerianolopez\/proyectos\/practicum\/","title":{"rendered":"Practicum"},"content":{"rendered":"<p><img loading=\"lazy\" decoding=\"async\" class=\"aligncenter size-full wp-image-3066\" src=\"https:\/\/blogsaverroes.juntadeandalucia.es\/ceipvalerianolopez\/files\/2022\/12\/Practicum-1.jpg\" alt=\"\" width=\"255\" height=\"197\"><\/p>\n<p style=\"text-align: justify\">Siguiendo las Instrucciones que cada curso escolar determine la Delegaci\u00f3n Territorial de Educaci\u00f3n para el desarrollo del pr\u00e1cticum, el profesorado del CEIP Valeriano L\u00f3pez con destino definitivo en una primera fase y, posteriormente, el resto de profesorado con destino provisional que as\u00ed lo deseen, solicitar\u00e1n su participaci\u00f3n en dicha convocatoria.<\/p>\n<p style=\"text-align: justify\">Todo ello se reflejar\u00e1 convenientemente en la aplicaci\u00f3n S\u00e9neca por parte del Coordinador del programa, nuestra se\u00f1o de infantil y secretaria del centro, Ana Bel\u00e9n.<\/p>\n<p style=\"text-align: justify\">Normativa sobre este programa: <a href=\"https:\/\/drive.google.com\/file\/d\/1gsQPwh6gJBiwks2hRsG5hE_jIyUJS7R6\/view?usp=sharing\">https:\/\/drive.google.com\/file\/d\/1gsQPwh6gJBiwks2hRsG5hE_jIyUJS7R6\/view?usp=sharing<\/a><\/p>\n<p style=\"text-align: justify\">Pulsa aqu\u00ed para conocer las \u00faltimas actividades realizadas en el centro para este plan: <a href=\"https:\/\/blogsaverroes.juntadeandalucia.es\/ceipvalerianolopez\/category\/planes-y-programas\/practicum\/\">https:\/\/blogsaverroes.juntadeandalucia.es\/ceipvalerianolopez\/category\/planes-y-programas\/practicum\/<\/a><\/p>\n","protected":false},"excerpt":{"rendered":"<p>Siguiendo las Instrucciones que cada curso escolar determine la Delegaci\u00f3n Territorial de Educaci\u00f3n para el desarrollo del pr\u00e1cticum, el profesorado del CEIP Valeriano L\u00f3pez con&hellip;<\/p>\n","protected":false},"author":8377,"featured_media":0,"parent":202,"menu_order":5,"comment_status":"closed","ping_status":"closed","template":"","meta":{"ngg_post_thumbnail":0,"footnotes":""},"aioseo_notices":[],"_links":{"self":[{"href":"https:\/\/blogsaverroes.juntadeandalucia.es\/ceipvalerianolopez\/wp-json\/wp\/v2\/pages\/2144"}],"collection":[{"href":"https:\/\/blogsaverroes.juntadeandalucia.es\/ceipvalerianolopez\/wp-json\/wp\/v2\/pages"}],"about":[{"href":"https:\/\/blogsaverroes.juntadeandalucia.es\/ceipvalerianolopez\/wp-json\/wp\/v2\/types\/page"}],"author":[{"embeddable":true,"href":"https:\/\/blogsaverroes.juntadeandalucia.es\/ceipvalerianolopez\/wp-json\/wp\/v2\/users\/8377"}],"replies":[{"embeddable":true,"href":"https:\/\/blogsaverroes.juntadeandalucia.es\/ceipvalerianolopez\/wp-json\/wp\/v2\/comments?post=2144"}],"version-history":[{"count":4,"href":"https:\/\/blogsaverroes.juntadeandalucia.es\/ceipvalerianolopez\/wp-json\/wp\/v2\/pages\/2144\/revisions"}],"predecessor-version":[{"id":3068,"href":"https:\/\/blogsaverroes.juntadeandalucia.es\/ceipvalerianolopez\/wp-json\/wp\/v2\/pages\/2144\/revisions\/3068"}],"up":[{"embeddable":true,"href":"https:\/\/blogsaverroes.juntadeandalucia.es\/ceipvalerianolopez\/wp-json\/wp\/v2\/pages\/202"}],"wp:attachment":[{"href":"https:\/\/blogsaverroes.juntadeandalucia.es\/ceipvalerianolopez\/wp-json\/wp\/v2\/media?parent=2144"}],"curies":[{"name":"wp","href":"https:\/\/api.w.org\/{rel}","templated":true}]}}