{"id":558,"date":"2017-03-06T10:15:03","date_gmt":"2017-03-06T10:15:03","guid":{"rendered":"http:\/\/www.colegiovalerianolopez.com\/?page_id=558"},"modified":"2022-06-03T13:54:17","modified_gmt":"2022-06-03T11:54:17","slug":"matricula","status":"publish","type":"page","link":"https:\/\/blogsaverroes.juntadeandalucia.es\/ceipvalerianolopez\/secretaria\/matricula\/","title":{"rendered":"Matr\u00edcula"},"content":{"rendered":"<p>La Consejer\u00eda de Educaci\u00f3n habilita cada a\u00f1o el <a href=\"https:\/\/www.juntadeandalucia.es\/educacion\/secretariavirtual\/accesoTramite\/365\/\">Portal de Escolarizaci\u00f3n y Matr\u00edcula<\/a> con toda la informaci\u00f3n relevante para la tramitaci\u00f3n de solicitudes y matr\u00edculas escolares.<\/p>\n<p>&nbsp;<\/p>\n<h2>\u00bfCu\u00e1ndo ser\u00e1 la matriculaci\u00f3n?<\/h2>\n<p style=\"text-align: center\">Siguiendo el siguiente calendario publicado por la Junta de Andaluc\u00eda la matriculaci\u00f3n del curso 22\/23 se realizar\u00e1 del<\/p>\n<p style=\"text-align: center\"><span style=\"font-size: 18pt;color: #008080\"><strong>1 al 8 de junio de 2022<\/strong><\/span><\/p>\n<p><span style=\"color: #ff0000\"><strong>La matr\u00edcula no abrir\u00e1 antes del d\u00eda 1 de junio ni permanecer\u00e1 abierta tras finalizar el plazo (8 de junio).<\/strong><\/span><\/p>\n<p style=\"text-align: center\"><a href=\"https:\/\/www.juntadeandalucia.es\/educacion\/secretariavirtual\/accesoTramite\/365\/\">Enlace a la matriculaci\u00f3n online<\/a><\/p>\n<p>&nbsp;<\/p>\n<h2>\u00bfPara qui\u00e9n es la matriculaci\u00f3n?<\/h2>\n<p>La matriculaci\u00f3n del 1 al 8 de junio de 2022 ser\u00e1 para el alumnado de 2\u00ba ciclo de Infantil y Primaria.<\/p>\n<p>NOTA:<\/p>\n<ul>\n<li>El alumnado de 6\u00ba del curso 22\/23 seguir\u00e1 los plazos marcados para ESO. Plazo de la preinscripci\u00f3n del 1 al 30 de junio. Toda la informaci\u00f3n la ten\u00e9is en \u00ab<a href=\"https:\/\/blogsaverroes.juntadeandalucia.es\/ceipvalerianolopez\/escolarizacion\/admision\/transito\/\">tr\u00e1nsito<\/a>\u00ab<\/li>\n<li>Todo el alumnado realizar\u00e1 la matr\u00edcula en la Secretar\u00eda Virtual de la Junta de Andaluc\u00eda en el <strong>siguiente enlace<\/strong> (activo desde el d\u00eda 1 al 8 de junio).<\/li>\n<\/ul>\n<p>&nbsp;<\/p>\n<h2>\u00bfC\u00f3mo realizar la matriculaci\u00f3n?<\/h2>\n<p>A trav\u00e9s de la p\u00e1gina web de la <a href=\"https:\/\/www.juntadeandalucia.es\/educacion\/secretariavirtual\/accesoTramite\/365\/\">Secretar\u00eda Virtual de la Junta de Andaluc\u00eda <\/a>usando cualquier dispositivo m\u00f3vil, tablet, port\u00e1til u ordenador.<\/p>\n<p><iframe loading=\"lazy\" title=\"Matr\u00edcula electr\u00f3nica con iANDE\" width=\"843\" height=\"474\" src=\"https:\/\/www.youtube.com\/embed\/eHMWFfaG8rU?feature=oembed\" frameborder=\"0\" allow=\"accelerometer; autoplay; clipboard-write; encrypted-media; gyroscope; picture-in-picture; web-share\" referrerpolicy=\"strict-origin-when-cross-origin\" allowfullscreen><\/iframe><\/p>\n<p>&nbsp;<\/p>\n<p><span style=\"font-size: 10pt\">Para cualquier consulta sobre la matriculaci\u00f3n env\u00ede un email a <a href=\"mailto:29016173.administracion@g.educaand.es\">29016173.administracion@g.educaand.es<\/a><\/span><\/p>\n<p>&nbsp;<\/p>\n<h2>\u00bfQu\u00e9 necesitar\u00e1s para realizar la matr\u00edcula?<\/h2>\n<p>Disponer de una de estas tres formas de autentificaci\u00f3n en la <a href=\"https:\/\/www.juntadeandalucia.es\/educacion\/secretariavirtual\/solicitudes\/\">Secretar\u00eda Virtual de la Junta de Andaluc\u00eda.<\/a>:<\/p>\n<p><img loading=\"lazy\" decoding=\"async\" class=\"aligncenter wp-image-1513\" src=\"https:\/\/blogsaverroes.juntadeandalucia.es\/ceipvalerianolopez\/files\/2020\/06\/Captura-de-pantalla-2020-06-01-a-las-0.02.54-300x131.png\" alt=\"\" width=\"465\" height=\"203\" srcset=\"https:\/\/blogsaverroes.juntadeandalucia.es\/ceipvalerianolopez\/files\/2020\/06\/Captura-de-pantalla-2020-06-01-a-las-0.02.54-300x131.png 300w, https:\/\/blogsaverroes.juntadeandalucia.es\/ceipvalerianolopez\/files\/2020\/06\/Captura-de-pantalla-2020-06-01-a-las-0.02.54-768x336.png 768w, https:\/\/blogsaverroes.juntadeandalucia.es\/ceipvalerianolopez\/files\/2020\/06\/Captura-de-pantalla-2020-06-01-a-las-0.02.54-1024x448.png 1024w, https:\/\/blogsaverroes.juntadeandalucia.es\/ceipvalerianolopez\/files\/2020\/06\/Captura-de-pantalla-2020-06-01-a-las-0.02.54-24x11.png 24w, https:\/\/blogsaverroes.juntadeandalucia.es\/ceipvalerianolopez\/files\/2020\/06\/Captura-de-pantalla-2020-06-01-a-las-0.02.54-36x16.png 36w, https:\/\/blogsaverroes.juntadeandalucia.es\/ceipvalerianolopez\/files\/2020\/06\/Captura-de-pantalla-2020-06-01-a-las-0.02.54-48x21.png 48w, https:\/\/blogsaverroes.juntadeandalucia.es\/ceipvalerianolopez\/files\/2020\/06\/Captura-de-pantalla-2020-06-01-a-las-0.02.54.png 1918w\" sizes=\"(max-width: 465px) 100vw, 465px\" \/><\/p>\n<ul>\n<li>Cl@ve. Solicitando su acceso a trav\u00e9s <a href=\"https:\/\/clave.gob.es\/clave_Home\/clave.html\">del siguiente enlace.<\/a><\/li>\n<li>Certificado digital. Si no lo ha solicitado puede solicitarlo desde <a href=\"https:\/\/www.sede.fnmt.gob.es\/certificados\/certificado-de-representante\/administrador-unico-solidario\/solicitar-certificado\">el siguiente enlace.<\/a><\/li>\n<li>C\u00f3digo iANDE. Facilitado por Junta de Andaluc\u00eda a todas las familias a trav\u00e9s de IPASEN y enviado desde el centro por correo electr\u00f3nico a todas las familias. Si a\u00fan no dispone de \u00e9l puede:\n<ul>\n<li>Consultarlo en Comunicaciones de su aplicaci\u00f3n IPASEN.<\/li>\n<li>Generarlo desde la Secretar\u00eda Virtual desde <a href=\"https:\/\/www.juntadeandalucia.es\/educacion\/secretariavirtual\/autenticacion\/registroUsuarioIANDE\/\">el siguiente enlace.<\/a><\/li>\n<li>Solicitarlo al Centro Educativo: <a href=\"mailto:29016173.administracion@g.educaand.es\">29016173.administracion@g.educaand.es<\/a><\/li>\n<\/ul>\n<\/li>\n<\/ul>\n<p><iframe loading=\"lazy\" title=\"Acceso a la Secretar\u00eda Virtual con iANDe\" width=\"843\" height=\"474\" src=\"https:\/\/www.youtube.com\/embed\/p8bqMdBsLd4?feature=oembed\" frameborder=\"0\" allow=\"accelerometer; autoplay; clipboard-write; encrypted-media; gyroscope; picture-in-picture; web-share\" referrerpolicy=\"strict-origin-when-cross-origin\" allowfullscreen><\/iframe><\/p>\n<p>&nbsp;<\/p>\n<h2>Documentaci\u00f3n necesaria para las solicitudes de los servicios ofertados por el centro:<\/h2>\n<ul>\n<li>\n<h3>Solicitantes de transporte escolar:<\/h3>\n<\/li>\n<\/ul>\n<h4>(Os recordamos que los solicitantes deben residir desde Avda. Juan Carlos hacia zonas lim\u00edtrofes en direcci\u00f3n Algeciras).<\/h4>\n<p><a href=\"https:\/\/blogsaverroes.juntadeandalucia.es\/ceipvalerianolopez\/files\/2022\/06\/Anexo-III-Solicitud-Transporte-Escolar-rellenable.pdf\">Anexo-III-Solicitud-Transporte-Escolar-rellenable<\/a><\/p>\n<p>&#8211; Se adjuntar\u00e1 el <strong>\u00abvolante de empadronamiento\u00bb<\/strong> actualizado.<\/p>\n<ul>\n<li>\n<h3>Solicitantes de aula matinal, comedor y actividades extraescolares:<\/h3>\n<\/li>\n<\/ul>\n<p>Al cumplimentar los apartados de la matr\u00edcula podr\u00e1 adjuntar al finalizar toda la documentaci\u00f3n que deba alegar:<\/p>\n<p><img loading=\"lazy\" decoding=\"async\" class=\"size-medium wp-image-1518 alignleft\" src=\"https:\/\/blogsaverroes.juntadeandalucia.es\/ceipvalerianolopez\/files\/2020\/06\/unnamed-1-300x215.png\" alt=\"\" width=\"300\" height=\"215\" srcset=\"https:\/\/blogsaverroes.juntadeandalucia.es\/ceipvalerianolopez\/files\/2020\/06\/unnamed-1-300x215.png 300w, https:\/\/blogsaverroes.juntadeandalucia.es\/ceipvalerianolopez\/files\/2020\/06\/unnamed-1-768x551.png 768w, https:\/\/blogsaverroes.juntadeandalucia.es\/ceipvalerianolopez\/files\/2020\/06\/unnamed-1-24x17.png 24w, https:\/\/blogsaverroes.juntadeandalucia.es\/ceipvalerianolopez\/files\/2020\/06\/unnamed-1-36x26.png 36w, https:\/\/blogsaverroes.juntadeandalucia.es\/ceipvalerianolopez\/files\/2020\/06\/unnamed-1-48x34.png 48w, https:\/\/blogsaverroes.juntadeandalucia.es\/ceipvalerianolopez\/files\/2020\/06\/unnamed-1.png 985w\" sizes=\"(max-width: 300px) 100vw, 300px\" \/><img loading=\"lazy\" decoding=\"async\" class=\"size-medium wp-image-1517 alignleft\" src=\"https:\/\/blogsaverroes.juntadeandalucia.es\/ceipvalerianolopez\/files\/2020\/06\/unnamed-2-300x244.png\" alt=\"\" width=\"300\" height=\"244\" srcset=\"https:\/\/blogsaverroes.juntadeandalucia.es\/ceipvalerianolopez\/files\/2020\/06\/unnamed-2-300x244.png 300w, https:\/\/blogsaverroes.juntadeandalucia.es\/ceipvalerianolopez\/files\/2020\/06\/unnamed-2-768x624.png 768w, https:\/\/blogsaverroes.juntadeandalucia.es\/ceipvalerianolopez\/files\/2020\/06\/unnamed-2-1024x832.png 1024w, https:\/\/blogsaverroes.juntadeandalucia.es\/ceipvalerianolopez\/files\/2020\/06\/unnamed-2-24x19.png 24w, https:\/\/blogsaverroes.juntadeandalucia.es\/ceipvalerianolopez\/files\/2020\/06\/unnamed-2-36x29.png 36w, https:\/\/blogsaverroes.juntadeandalucia.es\/ceipvalerianolopez\/files\/2020\/06\/unnamed-2-48x39.png 48w, https:\/\/blogsaverroes.juntadeandalucia.es\/ceipvalerianolopez\/files\/2020\/06\/unnamed-2.png 1027w\" sizes=\"(max-width: 300px) 100vw, 300px\" \/> <img loading=\"lazy\" decoding=\"async\" class=\"size-medium wp-image-1514 alignleft\" src=\"https:\/\/blogsaverroes.juntadeandalucia.es\/ceipvalerianolopez\/files\/2020\/06\/Captura-de-pantalla-2020-06-01-a-las-0.25.54-300x73.png\" alt=\"\" width=\"300\" height=\"73\" srcset=\"https:\/\/blogsaverroes.juntadeandalucia.es\/ceipvalerianolopez\/files\/2020\/06\/Captura-de-pantalla-2020-06-01-a-las-0.25.54-300x73.png 300w, https:\/\/blogsaverroes.juntadeandalucia.es\/ceipvalerianolopez\/files\/2020\/06\/Captura-de-pantalla-2020-06-01-a-las-0.25.54-768x187.png 768w, https:\/\/blogsaverroes.juntadeandalucia.es\/ceipvalerianolopez\/files\/2020\/06\/Captura-de-pantalla-2020-06-01-a-las-0.25.54-1024x250.png 1024w, https:\/\/blogsaverroes.juntadeandalucia.es\/ceipvalerianolopez\/files\/2020\/06\/Captura-de-pantalla-2020-06-01-a-las-0.25.54-24x6.png 24w, https:\/\/blogsaverroes.juntadeandalucia.es\/ceipvalerianolopez\/files\/2020\/06\/Captura-de-pantalla-2020-06-01-a-las-0.25.54-36x9.png 36w, https:\/\/blogsaverroes.juntadeandalucia.es\/ceipvalerianolopez\/files\/2020\/06\/Captura-de-pantalla-2020-06-01-a-las-0.25.54-48x12.png 48w\" sizes=\"(max-width: 300px) 100vw, 300px\" \/><img loading=\"lazy\" decoding=\"async\" class=\"size-medium wp-image-1515 alignleft\" src=\"https:\/\/blogsaverroes.juntadeandalucia.es\/ceipvalerianolopez\/files\/2020\/06\/Captura-de-pantalla-2020-06-01-a-las-0.25.13-300x214.png\" alt=\"\" width=\"300\" height=\"214\" srcset=\"https:\/\/blogsaverroes.juntadeandalucia.es\/ceipvalerianolopez\/files\/2020\/06\/Captura-de-pantalla-2020-06-01-a-las-0.25.13-300x214.png 300w, https:\/\/blogsaverroes.juntadeandalucia.es\/ceipvalerianolopez\/files\/2020\/06\/Captura-de-pantalla-2020-06-01-a-las-0.25.13-768x547.png 768w, https:\/\/blogsaverroes.juntadeandalucia.es\/ceipvalerianolopez\/files\/2020\/06\/Captura-de-pantalla-2020-06-01-a-las-0.25.13-1024x729.png 1024w, https:\/\/blogsaverroes.juntadeandalucia.es\/ceipvalerianolopez\/files\/2020\/06\/Captura-de-pantalla-2020-06-01-a-las-0.25.13-24x17.png 24w, https:\/\/blogsaverroes.juntadeandalucia.es\/ceipvalerianolopez\/files\/2020\/06\/Captura-de-pantalla-2020-06-01-a-las-0.25.13-36x26.png 36w, https:\/\/blogsaverroes.juntadeandalucia.es\/ceipvalerianolopez\/files\/2020\/06\/Captura-de-pantalla-2020-06-01-a-las-0.25.13-48x34.png 48w, https:\/\/blogsaverroes.juntadeandalucia.es\/ceipvalerianolopez\/files\/2020\/06\/Captura-de-pantalla-2020-06-01-a-las-0.25.13.png 1714w\" sizes=\"(max-width: 300px) 100vw, 300px\" \/><\/p>\n<p style=\"text-align: center\">&nbsp;<\/p>\n<p style=\"text-align: center\">&nbsp;<\/p>\n<p>&nbsp;<\/p>\n<p>&nbsp;<\/p>\n<p>&nbsp;<\/p>\n<p>&nbsp;<\/p>\n<p>&nbsp;<\/p>\n<p>Seg\u00fan la situaci\u00f3n familiar tendr\u00e1 que acreditar las circunstancias declaradas:<\/p>\n<p style=\"text-align: center\"><img loading=\"lazy\" decoding=\"async\" class=\"aligncenter wp-image-1519\" src=\"https:\/\/blogsaverroes.juntadeandalucia.es\/ceipvalerianolopez\/files\/2020\/06\/unnamed-300x164.png\" alt=\"\" width=\"388\" height=\"212\" srcset=\"https:\/\/blogsaverroes.juntadeandalucia.es\/ceipvalerianolopez\/files\/2020\/06\/unnamed-300x164.png 300w, https:\/\/blogsaverroes.juntadeandalucia.es\/ceipvalerianolopez\/files\/2020\/06\/unnamed-768x421.png 768w, https:\/\/blogsaverroes.juntadeandalucia.es\/ceipvalerianolopez\/files\/2020\/06\/unnamed-24x13.png 24w, https:\/\/blogsaverroes.juntadeandalucia.es\/ceipvalerianolopez\/files\/2020\/06\/unnamed-36x20.png 36w, https:\/\/blogsaverroes.juntadeandalucia.es\/ceipvalerianolopez\/files\/2020\/06\/unnamed-48x26.png 48w, https:\/\/blogsaverroes.juntadeandalucia.es\/ceipvalerianolopez\/files\/2020\/06\/unnamed.png 988w\" sizes=\"(max-width: 388px) 100vw, 388px\" \/><\/p>\n<p>Para ello podr\u00e1 adjuntar al finalizar su matr\u00edcula la documentaci\u00f3n que se requiere en cada caso. Recuerde que debe ser legible:<\/p>\n<section id=\"h.1bcca7e1f55d94e3_52\">\n<div>\n<div id=\"h.1bcca7e1f55d94e3_30\">\n<ol>\n<li><strong>Acreditaci\u00f3n de guarda y custodia ejercida por solo uno de los representantes legales:<\/strong> presentar\u00e1 una copia compulsada del libro de familia o el documento judicial acreditativo de esa circunstancia.<\/li>\n<li><strong>Acreditaci\u00f3n de la actividad laboral o profesional de las personas que ostentan la guarda y custodia del alumno\/a:<\/strong> presentar\u00e1 cada uno de los progenitores que lo aleguen en la solicitud, uno o los dos, seg\u00fan cada caso:\n<ol>\n<li><strong><em>TRABAJADORES POR CUENTA AJENA:<\/em><\/strong>\n<ol style=\"list-style-type: lower-alpha\">\n<li>Informe de vida laboral o certificado de la unidad de personal de su destino como funcionario.<\/li>\n<li>Certificaci\u00f3n de la empresa justificativo de la duraci\u00f3n de la jornada, as\u00ed como el horario de trabajo.<\/li>\n<\/ol>\n<\/li>\n<li><strong><em>JUSTIFICANTE DE VIDA LABORAL DE UNO O DE AMBOS PROGENITORES.<\/em><\/strong> <a href=\"https:\/\/www.youtube.com\/watch?v=dykYaYMwjrg&amp;feature=emb_title\">En el siguiente enlace ten\u00e9is un videotutorial sobre c\u00f3mo conseguir la vida laboral sin certificado electr\u00f3nico.<\/a><\/li>\n<li>\n<p dir=\"ltr\"><strong><em>TRABAJADORES POR CUENTA PROPIA:<\/em><\/strong><\/p>\n<ol>\n<li>\n<p dir=\"ltr\">Certificaci\u00f3n demostrativa del alta en el Impuesto de Actividades Econ\u00f3micas y una declaraci\u00f3n responsable de la persona interesada sobre la vigencia de la misma y del horario que requiere la actividad.<\/p>\n<\/li>\n<li>\n<p dir=\"ltr\">En el supuesto de que no exista obligaci\u00f3n legal de estar dado de alta en el Impuesto de Actividades Econ\u00f3micas, se acreditar\u00e1 mediante la presentaci\u00f3n de alguno de los siguientes documentos:<\/p>\n<ol style=\"list-style-type: lower-alpha\">\n<li>\n<p dir=\"ltr\">Alta en el Censo de empresarios, profesionales y retenedores, para aquellas personas que desarrollen actividades empresariales o profesionales, incluidas las agr\u00edcolas, forestales, ganaderas o pesqueras.<\/p>\n<\/li>\n<li>\n<p dir=\"ltr\">Copia autenticada de la correspondiente licencia de apertura expedida por el Ayuntamiento respectivo.<\/p>\n<\/li>\n<li>\n<p dir=\"ltr\">Copia sellada de la declaraci\u00f3n responsable o comunicaci\u00f3n previa correspondiente presentada ante el Ayuntamiento.<\/p>\n<\/li>\n<li>\n<p dir=\"ltr\">Alta en la Seguridad Social y una declaraci\u00f3n responsable de la persona interesada sobre la vigencia de la misma.<\/p>\n<\/li>\n<\/ol>\n<\/li>\n<\/ol>\n<\/li>\n<\/ol>\n<\/li>\n<li>\n<div class=\"JNdkSc-SmKAyb\">\n<div class=\"\">\n<div class=\"oKdM2c Kzv0Me\">\n<div id=\"h.7da8d5b086c305e6_70\" class=\"hJDwNd-AhqUyc-II5mzb pSzOP-AhqUyc-qWD73c jXK9ad D2fZ2 OjCsFc wHaque GNzUNc\">\n<div class=\"jXK9ad-SmKAyb\">\n<div class=\"tyJCtd mGzaTb baZpAe\">\n<div class=\"CjVfdc\"><strong>Acreditaci\u00f3n de cursar estudios conducentes a titulaci\u00f3n acad\u00e9mica oficial:<\/strong> presentar\u00e1 certificado expedido por el centro docente donde figure estar matriculado y el horario lectivo.<\/div>\n<\/div>\n<\/div>\n<\/div>\n<\/div>\n<\/div>\n<\/div>\n<\/li>\n<li><strong>Acreditaci\u00f3n de situaci\u00f3n de dificultad social extrema o riesgo de exclusi\u00f3n:<\/strong> presentar\u00e1 certificaci\u00f3n expedida al efecto por la persona titular de los servicios sociales provinciales donde resida la persona solicitante.<\/li>\n<li><strong> Acreditaci\u00f3n de situaci\u00f3n de tutela o guarda de la administraci\u00f3n de la Junta de Andaluc\u00eda:<\/strong> presentar\u00e1 certificaci\u00f3n expedida por la Consejer\u00eda competente en materia de protecci\u00f3n de menores.<\/li>\n<li><strong>Acreditaci\u00f3n de hijo\/a de mujeres v\u00edctimas de la violencia de g\u00e9nero:<\/strong> en el caso de hijos o hijas de mujeres atendidas en centros de acogida para mujeres v\u00edctimas de la violencia de g\u00e9nero, ser\u00e1 necesaria la certificaci\u00f3n de la entidad titular del centro de acogida.<\/li>\n<li>\n<div><strong>Acreditaci\u00f3n de situaci\u00f3n de v\u00edctima de terrorismo:<\/strong> presentar\u00e1 certificaci\u00f3n expedida por la Consejer\u00eda competente en materia de v\u00edctimas de terrorismo.<\/div>\n<\/li>\n<li>\n<div class=\"JNdkSc-SmKAyb\">\n<div class=\"\">\n<div class=\"oKdM2c Kzv0Me\">\n<div id=\"h.7da8d5b086c305e6_70\" class=\"hJDwNd-AhqUyc-II5mzb pSzOP-AhqUyc-qWD73c jXK9ad D2fZ2 OjCsFc wHaque GNzUNc\">\n<div class=\"jXK9ad-SmKAyb\">\n<div class=\"tyJCtd mGzaTb baZpAe\">\n<div><strong>Acreditaci\u00f3n de situaci\u00f3n de dependencia:<\/strong> presentar\u00e1 certificaci\u00f3n expedida por la Consejer\u00eda competente en materia de dependencia y servicios sociales.<\/div>\n<\/div>\n<\/div>\n<\/div>\n<\/div>\n<\/div>\n<\/div>\n<\/li>\n<li><strong>Acreditaci\u00f3n de pertenecer a familia monoparental:<\/strong> copia autenticada del libro de familia o documento judicial de monoparentalidad y, en su caso, la orden judicial de alejamiento en vigor.<\/li>\n<\/ol>\n<\/div>\n<\/div>\n<\/section>\n<p>&nbsp;<\/p>\n<h2>Enlaces de inter\u00e9s sobre la matriculaci\u00f3n<\/h2>\n<p>En el&nbsp;<a href=\"http:\/\/www.juntadeandalucia.es\/educacion\/portals\/web\/escolarizacion\/infantil-a-bachillerato\">Portal de Escolarizaci\u00f3n y Matr\u00edcula: Primaria y ESO<\/a>&nbsp;que se actualiza con los datos de cada curso acad\u00e9mico, podr\u00e1s encontrar:<\/p>\n<ul>\n<li>El <a href=\"http:\/\/www.juntadeandalucia.es\/educacion\/portals\/web\/escolarizacion\/infantil-a-bachillerato\/calendario\">calendario<\/a> con las fechas de los distintos pasos de la tramitaci\u00f3n<\/li>\n<li>Los <a href=\"http:\/\/www.juntadeandalucia.es\/educacion\/portals\/web\/escolarizacion\/infantil-a-bachillerato\/impresos\">impresos<\/a> necesarios para los distintos tr\u00e1mites o&nbsp;<a class=\"ico_enlaceExt\" title=\"Se abre en una nueva ventana\" href=\"https:\/\/www.juntadeandalucia.es\/educacion\/secretariavirtual\/\" target=\"_blank\" rel=\"noopener noreferrer\">acceso a la Secretar\u00eda Virtual<\/a>.\n<ul>\n<li><a title=\"Pulse para visualizar el documento:&nbsp;ANEXO IV\" href=\"https:\/\/www.juntadeandalucia.es\/educacion\/portals\/delegate\/content\/d26442b2-4b4a-433a-9c1e-e1790a29f781\/ANEXO%20IV\" target=\"_blank\" rel=\"noopener noreferrer\">ANEXO IV:&nbsp;<\/a><a title=\"Pulse para visualizar el documento:&nbsp;ANEXO IV\" href=\"https:\/\/www.juntadeandalucia.es\/educacion\/portals\/delegate\/content\/d26442b2-4b4a-433a-9c1e-e1790a29f781\/ANEXO%20IV\" target=\"_blank\" rel=\"noopener noreferrer\">Matr\u00edcula en segundo ciclo de Educaci\u00f3n Infantil<\/a><\/li>\n<li><a title=\"Pulse para visualizar el documento:&nbsp;ANEXO - RELIGI\u00d3N\" href=\"https:\/\/www.juntadeandalucia.es\/educacion\/portals\/delegate\/content\/12c1f402-4ea8-4a01-a921-5baa061cc442\/ANEXO%20-%20RELIGI%C3%93N\" target=\"_blank\" rel=\"noopener noreferrer\">ANEXO &#8211; RELIGI\u00d3N:&nbsp;<\/a><a title=\"Pulse para visualizar el documento:&nbsp;ANEXO - RELIGI\u00d3N\" href=\"https:\/\/www.juntadeandalucia.es\/educacion\/portals\/delegate\/content\/12c1f402-4ea8-4a01-a921-5baa061cc442\/ANEXO%20-%20RELIGI%C3%93N\" target=\"_blank\" rel=\"noopener noreferrer\">Solicitud para cursar la ense\u00f1anza de religi\u00f3n en Primaria, ESO o Bachillerato<\/a><\/li>\n<li><a title=\"Pulse para visualizar el documento:&nbsp;ANEXO V\" href=\"https:\/\/www.juntadeandalucia.es\/educacion\/portals\/delegate\/content\/55fad88e-7bb3-40e3-bbe4-198107487345\/ANEXO%20V\" target=\"_blank\" rel=\"noopener noreferrer\">ANEXO V:&nbsp;<\/a><a title=\"Pulse para visualizar el documento:&nbsp;ANEXO V\" href=\"https:\/\/www.juntadeandalucia.es\/educacion\/portals\/delegate\/content\/55fad88e-7bb3-40e3-bbe4-198107487345\/ANEXO%20V\" target=\"_blank\" rel=\"noopener noreferrer\">Matr\u00edcula en Educaci\u00f3n Primaria<\/a><\/li>\n<li><a title=\"Pulse para visualizar el documento:&nbsp;ANEXO VI\" href=\"https:\/\/www.juntadeandalucia.es\/educacion\/portals\/delegate\/content\/84909c76-f6af-4eaa-8a6a-7345b62b1645\/ANEXO%20VI\" target=\"_blank\" rel=\"noopener noreferrer\">ANEXO VI:&nbsp;<\/a><a title=\"Pulse para visualizar el documento:&nbsp;ANEXO VI\" href=\"https:\/\/www.juntadeandalucia.es\/educacion\/portals\/delegate\/content\/84909c76-f6af-4eaa-8a6a-7345b62b1645\/ANEXO%20VI\" target=\"_blank\" rel=\"noopener noreferrer\">Matr\u00edcula en Educaci\u00f3n Especial: Aula espec\u00edfica o Centro Espec\u00edfico<\/a><\/li>\n<li><a href=\"https:\/\/blogsaverroes.juntadeandalucia.es\/ceipvalerianolopez\/files\/2020\/06\/Ficha-de-alumnado.pdf\">Ficha de alumnado<\/a><\/li>\n<li><a href=\"https:\/\/blogsaverroes.juntadeandalucia.es\/ceipvalerianolopez\/files\/2020\/06\/Autorizacio\u0301n-de-Recogida.pdf\">Autorizacio\u0301n de Recogida<\/a><\/li>\n<li><a href=\"https:\/\/blogsaverroes.juntadeandalucia.es\/ceipvalerianolopez\/files\/2020\/06\/Autorizacio\u0301n-Imagen-y-Voz.pdf\">Autorizacio\u0301n Imagen y Voz<\/a><\/li>\n<li><a href=\"https:\/\/blogsaverroes.juntadeandalucia.es\/ceipvalerianolopez\/files\/2020\/06\/Solicitud-Aula-Matinal-Comedor-y-Act-Extraescolar.pdf\">Solicitud Aula Matinal, Comedor y Act Extraescolar<\/a><\/li>\n<li><a href=\"https:\/\/blogsaverroes.juntadeandalucia.es\/ceipvalerianolopez\/files\/2022\/06\/Anexo-III-Solicitud-Transporte-Escolar-rellenable.pdf\">Anexo-III-Solicitud-Transporte-Escolar-rellenable<\/a><\/li>\n<\/ul>\n<\/li>\n<\/ul>\n<p>&nbsp;<\/p>\n<p>Para atender consultas sobre todo el proceso de escolarizaci\u00f3n, la Consejer\u00eda ha habilitado un tel\u00e9fono gratuito de informaci\u00f3n (900 848 000), en horario ininterrumpido de 8.00 a 19.00 horas.<\/p>\n<p>Adem\u00e1s, gracias a una aplicaci\u00f3n para smartphones puedes realizar consultas de centros as\u00ed como de los puntos del baremo por domicilio.<\/p>\n<ul>\n<li><a href=\"https:\/\/itunes.apple.com\/es\/app\/iescolariza\/id606516551?mt=8\">Descarga la aplicaci\u00f3n para dispositivos iPhone<\/a><\/li>\n<li><a href=\"https:\/\/play.google.com\/store\/apps\/details?id=es.juntadeandalucia.ced.escolarizacion\">Descarga la aplicaci\u00f3n para dispositivos Android<\/a><\/li>\n<\/ul>\n<p>&nbsp;<\/p>\n<h2>M\u00e1s informaci\u00f3n<\/h2>\n<ul>\n<li><a href=\"http:\/\/www.juntadeandalucia.es\/boja\/2017\/32\/1\">Decreto 9\/2017, de 31 de enero, por el que se modifica el Decreto 40\/2011, de 22 de febrero, por el que se regulan los criterios y el procedimiento de admisi\u00f3n del alumnado en los centros docentes p\u00fablicos y privados concertados para cursar las ense\u00f1anzas de segundo ciclo de educaci\u00f3n infantil, educaci\u00f3n primaria, educaci\u00f3n especial, educaci\u00f3n secundaria obligatoria y bachillerato<\/a><\/li>\n<li><a href=\"http:\/\/www.juntadeandalucia.es\/boja\/2017\/41\/1\">Orden de 24 de febrero de 2017, por la que se modifica la Orden de 24 de febrero de 2011, por la que se desarrolla el procedimiento de admisi\u00f3n del alumnado en los centros docentes p\u00fablicos y privados concertados para cursar las ense\u00f1anzas de segundo ciclo de educaci\u00f3n infantil, educaci\u00f3n primaria, educaci\u00f3n especial, educaci\u00f3n secundaria obligatoria y bachillerato<\/a><\/li>\n<\/ul>\n<p style=\"text-align: center\">&nbsp;<\/p>\n<p style=\"text-align: center\"><iframe loading=\"lazy\" src=\"\/\/www.youtube.com\/embed\/eHMWFfaG8rU\" width=\"560\" height=\"314\"><\/iframe><\/p>\n<p style=\"text-align: center\">Para cualquier consulta sobre la matriculaci\u00f3n env\u00ede un Email a <a href=\"mailto:29016173.administracion@g.educaand.es\">29016173.administracion@g.educaand.es<\/a><\/p>\n","protected":false},"excerpt":{"rendered":"<p>La Consejer\u00eda de Educaci\u00f3n habilita cada a\u00f1o el Portal de Escolarizaci\u00f3n y Matr\u00edcula con toda la informaci\u00f3n relevante para la tramitaci\u00f3n de solicitudes y matr\u00edculas&hellip;<\/p>\n","protected":false},"author":8377,"featured_media":0,"parent":556,"menu_order":0,"comment_status":"closed","ping_status":"closed","template":"","meta":{"ngg_post_thumbnail":0,"footnotes":""},"aioseo_notices":[],"_links":{"self":[{"href":"https:\/\/blogsaverroes.juntadeandalucia.es\/ceipvalerianolopez\/wp-json\/wp\/v2\/pages\/558"}],"collection":[{"href":"https:\/\/blogsaverroes.juntadeandalucia.es\/ceipvalerianolopez\/wp-json\/wp\/v2\/pages"}],"about":[{"href":"https:\/\/blogsaverroes.juntadeandalucia.es\/ceipvalerianolopez\/wp-json\/wp\/v2\/types\/page"}],"author":[{"embeddable":true,"href":"https:\/\/blogsaverroes.juntadeandalucia.es\/ceipvalerianolopez\/wp-json\/wp\/v2\/users\/8377"}],"replies":[{"embeddable":true,"href":"https:\/\/blogsaverroes.juntadeandalucia.es\/ceipvalerianolopez\/wp-json\/wp\/v2\/comments?post=558"}],"version-history":[{"count":25,"href":"https:\/\/blogsaverroes.juntadeandalucia.es\/ceipvalerianolopez\/wp-json\/wp\/v2\/pages\/558\/revisions"}],"predecessor-version":[{"id":2426,"href":"https:\/\/blogsaverroes.juntadeandalucia.es\/ceipvalerianolopez\/wp-json\/wp\/v2\/pages\/558\/revisions\/2426"}],"up":[{"embeddable":true,"href":"https:\/\/blogsaverroes.juntadeandalucia.es\/ceipvalerianolopez\/wp-json\/wp\/v2\/pages\/556"}],"wp:attachment":[{"href":"https:\/\/blogsaverroes.juntadeandalucia.es\/ceipvalerianolopez\/wp-json\/wp\/v2\/media?parent=558"}],"curies":[{"name":"wp","href":"https:\/\/api.w.org\/{rel}","templated":true}]}}