{"id":25,"date":"2019-02-12T20:41:07","date_gmt":"2019-02-12T20:41:07","guid":{"rendered":"https:\/\/blogsaverroes.juntadeandalucia.es\/ceipvalverdeyperales\/?page_id=25"},"modified":"2024-01-24T09:53:41","modified_gmt":"2024-01-24T09:53:41","slug":"consejo-escolar","status":"publish","type":"page","link":"https:\/\/blogsaverroes.juntadeandalucia.es\/ceipvalverdeyperales\/consejo-escolar\/","title":{"rendered":"Consejo Escolar"},"content":{"rendered":"<table style=\"width: 100.173%;height: 728px\" width=\"603\">\n<tbody>\n<tr style=\"height: 26px\">\n<td style=\"width: 47.6764%;height: 26px\">Equipo Directivo<\/td>\n<td style=\"width: 52.1515%;height: 26px\" width=\"295\">Teresa Casado Trenas<\/td>\n<\/tr>\n<tr style=\"height: 26px\">\n<td style=\"width: 47.6764%;height: 26px\">&nbsp;<\/td>\n<td style=\"width: 52.1515%;height: 26px\" width=\"295\">Lourdes M\u00aa L\u00f3pez Barea<\/td>\n<\/tr>\n<tr style=\"height: 26px\">\n<td style=\"width: 47.6764%;height: 26px\">&nbsp;<\/td>\n<td style=\"width: 52.1515%;height: 26px\" width=\"295\">M\u00aa Elena D\u00edez Rodr\u00edguez<\/td>\n<\/tr>\n<tr style=\"height: 26px\">\n<td style=\"width: 47.6764%;height: 26px\">Sector del Profesorado<\/td>\n<td style=\"width: 52.1515%;height: 26px\" width=\"295\">&nbsp;<\/td>\n<\/tr>\n<tr style=\"height: 26px\">\n<td style=\"width: 47.6764%;height: 26px\">&nbsp;<\/td>\n<td style=\"width: 52.1515%;height: 26px\" width=\"295\">Concepci\u00f3n Bernab\u00e9u Mu\u00f1oz<\/td>\n<\/tr>\n<tr style=\"height: 26px\">\n<td style=\"width: 47.6764%;height: 26px\">&nbsp;<\/td>\n<td style=\"width: 52.1515%;height: 26px\" width=\"295\">Jes\u00fas Cano Rivilla<\/td>\n<\/tr>\n<tr style=\"height: 26px\">\n<td style=\"width: 47.6764%;height: 26px\">&nbsp;<\/td>\n<td style=\"width: 52.1515%;height: 26px\" width=\"295\">Lourdes Cruz Quesada<\/td>\n<\/tr>\n<tr style=\"height: 26px\">\n<td style=\"width: 47.6764%;height: 26px\">&nbsp;<\/td>\n<td style=\"width: 52.1515%;height: 26px\" width=\"295\">Carmen Lara Navas<\/td>\n<\/tr>\n<tr style=\"height: 26px\">\n<td style=\"width: 47.6764%;height: 26px\">&nbsp;<\/td>\n<td style=\"width: 52.1515%;height: 26px\" width=\"295\">Pilar Medianero Rivas<\/td>\n<\/tr>\n<tr style=\"height: 26px\">\n<td style=\"width: 47.6764%;height: 26px\">&nbsp;<\/td>\n<td style=\"width: 52.1515%;height: 26px\" width=\"295\">Beatriz Rodr\u00edguez G\u00e1lvez<\/td>\n<\/tr>\n<tr style=\"height: 26px\">\n<td style=\"width: 47.6764%;height: 26px\">&nbsp;<\/td>\n<td style=\"width: 52.1515%;height: 26px\" width=\"295\">Francisca Moral Cruz<\/td>\n<\/tr>\n<tr style=\"height: 26px\">\n<td style=\"width: 47.6764%;height: 26px\">&nbsp;<\/td>\n<td style=\"width: 52.1515%;height: 26px\" width=\"295\">Elena N\u00fa\u00f1ez Torrecilla<\/td>\n<\/tr>\n<tr style=\"height: 26px\">\n<td style=\"width: 47.6764%;height: 26px\">Sector padres\/madres<\/td>\n<td style=\"width: 52.1515%;height: 26px\" width=\"295\">&nbsp;<\/td>\n<\/tr>\n<tr style=\"height: 26px\">\n<td style=\"width: 47.6764%;height: 26px\">&nbsp;<\/td>\n<td style=\"width: 52.1515%;height: 26px\" width=\"295\">Antonia Aguilar Pulido<\/td>\n<\/tr>\n<tr style=\"height: 26px\">\n<td style=\"width: 47.6764%;height: 26px\">&nbsp;<\/td>\n<td style=\"width: 52.1515%;height: 26px\" width=\"295\">Ver\u00f3nica Cabra Cubillo<\/td>\n<\/tr>\n<tr style=\"height: 26px\">\n<td style=\"width: 47.6764%;height: 26px\">&nbsp;<\/td>\n<td style=\"width: 52.1515%;height: 26px\" width=\"295\">Lorena Cano Requejo<\/td>\n<\/tr>\n<tr style=\"height: 26px\">\n<td style=\"width: 47.6764%;height: 26px\">&nbsp;<\/td>\n<td style=\"width: 52.1515%;height: 26px\" width=\"295\">M\u00aa Dolores Jim\u00e9nez Quesada<\/td>\n<\/tr>\n<tr style=\"height: 26px\">\n<td style=\"width: 47.6764%;height: 26px\">&nbsp;<\/td>\n<td style=\"width: 52.1515%;height: 26px\" width=\"295\">Isabel Castro Pulido<\/td>\n<\/tr>\n<tr style=\"height: 26px\">\n<td style=\"width: 47.6764%;height: 26px\">&nbsp;<\/td>\n<td style=\"width: 52.1515%;height: 26px\" width=\"295\">Marta Payo Valcarce<\/td>\n<\/tr>\n<tr style=\"height: 26px\">\n<td style=\"width: 47.6764%;height: 26px\">&nbsp;<\/td>\n<td style=\"width: 52.1515%;height: 26px\" width=\"295\">Macarena P\u00e9rez Castillo<\/td>\n<\/tr>\n<tr style=\"height: 26px\">\n<td style=\"width: 47.6764%;height: 26px\">&nbsp;<\/td>\n<td style=\"width: 52.1515%;height: 26px\" width=\"295\">M\u00aa del Mar P\u00e9rez Priego<\/td>\n<\/tr>\n<tr style=\"height: 26px\">\n<td style=\"width: 47.6764%;height: 26px\">&nbsp;<\/td>\n<td style=\"width: 52.1515%;height: 26px\" width=\"295\">Sandra Salamanca Casas<\/td>\n<\/tr>\n<tr style=\"height: 26px\">\n<td style=\"width: 47.6764%;height: 26px\">Personal de Adm. y Servicios<\/td>\n<td style=\"width: 52.1515%;height: 26px\" width=\"295\">&nbsp;<\/td>\n<\/tr>\n<tr style=\"height: 26px\">\n<td style=\"width: 47.6764%;height: 26px\">&nbsp;<\/td>\n<td style=\"width: 52.1515%;height: 26px\" width=\"295\">M\u00aa Luisa Garc\u00eda Salamanca<\/td>\n<\/tr>\n<tr style=\"height: 26px\">\n<td style=\"width: 47.6764%;height: 26px\">Fomento de la Igualdad<\/td>\n<td style=\"width: 52.1515%;height: 26px\" width=\"295\">&nbsp;<\/td>\n<\/tr>\n<tr style=\"height: 26px\">\n<td style=\"width: 47.6764%;height: 26px\">&nbsp;<\/td>\n<td style=\"width: 52.1515%;height: 26px\" width=\"295\">Jos\u00e9 Manuel Cobos Redondo<\/td>\n<\/tr>\n<tr style=\"height: 26px\">\n<td style=\"width: 47.6764%;height: 26px\">Ayuntamiento<\/td>\n<td style=\"width: 52.1515%;height: 26px\" width=\"295\">&nbsp;<\/td>\n<\/tr>\n<tr style=\"height: 26px\">\n<td style=\"width: 47.6764%;height: 26px\">&nbsp;<\/td>\n<td style=\"width: 52.1515%;height: 26px\" width=\"295\">Ana Cruz Rold\u00e1n<\/td>\n<\/tr>\n<\/tbody>\n<\/table>\n<p>&nbsp;<\/p>\n","protected":false},"excerpt":{"rendered":"<p>Equipo Directivo Teresa Casado Trenas &nbsp; Lourdes M\u00aa L\u00f3pez Barea &nbsp; M\u00aa Elena D\u00edez Rodr\u00edguez Sector del Profesorado &nbsp; &nbsp; Concepci\u00f3n Bernab\u00e9u Mu\u00f1oz &nbsp; Jes\u00fas Cano Rivilla &nbsp; Lourdes Cruz Quesada &nbsp; Carmen Lara Navas &nbsp; Pilar Medianero Rivas &nbsp; Beatriz Rodr\u00edguez G\u00e1lvez &nbsp; Francisca Moral Cruz &nbsp; Elena N\u00fa\u00f1ez Torrecilla Sector padres\/madres &nbsp; &nbsp; &hellip; <\/p>\n<p class=\"link-more\"><a href=\"https:\/\/blogsaverroes.juntadeandalucia.es\/ceipvalverdeyperales\/consejo-escolar\/\" class=\"more-link\">Continuar leyendo<span class=\"screen-reader-text\"> \u00abConsejo Escolar\u00bb<\/span><\/a><\/p>\n","protected":false},"author":7147,"featured_media":0,"parent":0,"menu_order":0,"comment_status":"closed","ping_status":"closed","template":"","meta":{"ngg_post_thumbnail":0,"footnotes":""},"aioseo_notices":[],"_links":{"self":[{"href":"https:\/\/blogsaverroes.juntadeandalucia.es\/ceipvalverdeyperales\/wp-json\/wp\/v2\/pages\/25"}],"collection":[{"href":"https:\/\/blogsaverroes.juntadeandalucia.es\/ceipvalverdeyperales\/wp-json\/wp\/v2\/pages"}],"about":[{"href":"https:\/\/blogsaverroes.juntadeandalucia.es\/ceipvalverdeyperales\/wp-json\/wp\/v2\/types\/page"}],"author":[{"embeddable":true,"href":"https:\/\/blogsaverroes.juntadeandalucia.es\/ceipvalverdeyperales\/wp-json\/wp\/v2\/users\/7147"}],"replies":[{"embeddable":true,"href":"https:\/\/blogsaverroes.juntadeandalucia.es\/ceipvalverdeyperales\/wp-json\/wp\/v2\/comments?post=25"}],"version-history":[{"count":5,"href":"https:\/\/blogsaverroes.juntadeandalucia.es\/ceipvalverdeyperales\/wp-json\/wp\/v2\/pages\/25\/revisions"}],"predecessor-version":[{"id":1215,"href":"https:\/\/blogsaverroes.juntadeandalucia.es\/ceipvalverdeyperales\/wp-json\/wp\/v2\/pages\/25\/revisions\/1215"}],"wp:attachment":[{"href":"https:\/\/blogsaverroes.juntadeandalucia.es\/ceipvalverdeyperales\/wp-json\/wp\/v2\/media?parent=25"}],"curies":[{"name":"wp","href":"https:\/\/api.w.org\/{rel}","templated":true}]}}