{"id":1133,"date":"2021-04-23T05:50:38","date_gmt":"2021-04-23T04:50:38","guid":{"rendered":"https:\/\/blogsaverroes.juntadeandalucia.es\/ceipvaraderey\/?page_id=1133"},"modified":"2025-12-16T10:36:33","modified_gmt":"2025-12-16T09:36:33","slug":"equipo-directivo-y-profesorado","status":"publish","type":"page","link":"https:\/\/blogsaverroes.juntadeandalucia.es\/ceipvaraderey\/equipo-directivo-y-profesorado\/","title":{"rendered":"Equipo directivo y profesorado"},"content":{"rendered":"<p>[et_pb_section fb_built=&#8221;1&#8243; _builder_version=&#8221;4.16&#8243; custom_padding=&#8221;0px||0px|&#8221; z_index_tablet=&#8221;500&#8243; box_shadow_horizontal_tablet=&#8221;0px&#8221; box_shadow_vertical_tablet=&#8221;0px&#8221; box_shadow_blur_tablet=&#8221;40px&#8221; box_shadow_spread_tablet=&#8221;0px&#8221; global_colors_info=&#8221;{}&#8221;][et_pb_row _builder_version=&#8221;4.16&#8243; background_size=&#8221;initial&#8221; background_position=&#8221;top_left&#8221; background_repeat=&#8221;repeat&#8221; global_colors_info=&#8221;{}&#8221;][et_pb_column type=&#8221;4_4&#8243; _builder_version=&#8221;4.16&#8243; custom_padding=&#8221;|||&#8221; global_colors_info=&#8221;{}&#8221; custom_padding__hover=&#8221;|||&#8221;][et_pb_image src=&#8221;https:\/\/blogsaverroes.juntadeandalucia.es\/ceipvaraderey\/files\/2021\/05\/cabecera_v3.jpg&#8221; title_text=&#8221;cabecera_v3&#8243; admin_label=&#8221;Imagen de la portada&#8221; _builder_version=&#8221;4.5.0&#8243; z_index_tablet=&#8221;500&#8243; box_shadow_horizontal_tablet=&#8221;0px&#8221; box_shadow_vertical_tablet=&#8221;0px&#8221; box_shadow_blur_tablet=&#8221;40px&#8221; box_shadow_spread_tablet=&#8221;0px&#8221; global_module=&#8221;1432&#8243; global_colors_info=&#8221;{}&#8221;][\/et_pb_image][et_pb_text admin_label=&#8221;Texto descriptivo&#8221; _builder_version=&#8221;4.16&#8243; z_index_tablet=&#8221;500&#8243; text_text_shadow_horizontal_length_tablet=&#8221;0px&#8221; text_text_shadow_vertical_length_tablet=&#8221;0px&#8221; text_text_shadow_blur_strength_tablet=&#8221;1px&#8221; link_text_shadow_horizontal_length_tablet=&#8221;0px&#8221; link_text_shadow_vertical_length_tablet=&#8221;0px&#8221; link_text_shadow_blur_strength_tablet=&#8221;1px&#8221; ul_text_shadow_horizontal_length_tablet=&#8221;0px&#8221; ul_text_shadow_vertical_length_tablet=&#8221;0px&#8221; ul_text_shadow_blur_strength_tablet=&#8221;1px&#8221; ol_text_shadow_horizontal_length_tablet=&#8221;0px&#8221; ol_text_shadow_vertical_length_tablet=&#8221;0px&#8221; ol_text_shadow_blur_strength_tablet=&#8221;1px&#8221; quote_text_shadow_horizontal_length_tablet=&#8221;0px&#8221; quote_text_shadow_vertical_length_tablet=&#8221;0px&#8221; quote_text_shadow_blur_strength_tablet=&#8221;1px&#8221; header_text_shadow_horizontal_length_tablet=&#8221;0px&#8221; header_text_shadow_vertical_length_tablet=&#8221;0px&#8221; header_text_shadow_blur_strength_tablet=&#8221;1px&#8221; header_2_text_shadow_horizontal_length_tablet=&#8221;0px&#8221; header_2_text_shadow_vertical_length_tablet=&#8221;0px&#8221; header_2_text_shadow_blur_strength_tablet=&#8221;1px&#8221; header_3_text_shadow_horizontal_length_tablet=&#8221;0px&#8221; header_3_text_shadow_vertical_length_tablet=&#8221;0px&#8221; header_3_text_shadow_blur_strength_tablet=&#8221;1px&#8221; header_4_text_shadow_horizontal_length_tablet=&#8221;0px&#8221; header_4_text_shadow_vertical_length_tablet=&#8221;0px&#8221; header_4_text_shadow_blur_strength_tablet=&#8221;1px&#8221; header_5_text_shadow_horizontal_length_tablet=&#8221;0px&#8221; header_5_text_shadow_vertical_length_tablet=&#8221;0px&#8221; header_5_text_shadow_blur_strength_tablet=&#8221;1px&#8221; header_6_text_shadow_horizontal_length_tablet=&#8221;0px&#8221; header_6_text_shadow_vertical_length_tablet=&#8221;0px&#8221; header_6_text_shadow_blur_strength_tablet=&#8221;1px&#8221; box_shadow_horizontal_tablet=&#8221;0px&#8221; box_shadow_vertical_tablet=&#8221;0px&#8221; box_shadow_blur_tablet=&#8221;40px&#8221; box_shadow_spread_tablet=&#8221;0px&#8221; global_colors_info=&#8221;{}&#8221;]<\/p>\n<h2>Equipo directivo y profesorado<\/h2>\n<p>DIRECTORA: <strong>DO\u00d1A ROSA MAR\u00cdA MART\u00cdNEZ FERN\u00c1NDEZ<\/strong><\/p>\n<p>JEFA DE ESTUDIOS: <strong>DO\u00d1A INMACULADA MORENO MART\u00cdN<br \/><\/strong><\/p>\n<p>SECRETAR\u00cdA: <strong>DO\u00d1A LAURA GUERRA TORRADO<br \/><\/strong><\/p>\n<p>[\/et_pb_text][\/et_pb_column][\/et_pb_row][\/et_pb_section][et_pb_section fb_built=&#8221;1&#8243; _builder_version=&#8221;4.16&#8243; _module_preset=&#8221;default&#8221; global_colors_info=&#8221;{}&#8221;][et_pb_row column_structure=&#8221;1_3,1_3,1_3&#8243; _builder_version=&#8221;4.16&#8243; _module_preset=&#8221;default&#8221; global_colors_info=&#8221;{}&#8221;][et_pb_column type=&#8221;1_3&#8243; _builder_version=&#8221;4.16&#8243; _module_preset=&#8221;default&#8221; global_colors_info=&#8221;{}&#8221;][et_pb_text _builder_version=&#8221;4.16&#8243; _module_preset=&#8221;default&#8221; global_colors_info=&#8221;{}&#8221;]<\/p>\n<h2><strong>PROFESORAS TUTORAS DE EDUCACI\u00d3N INFANTIL<\/strong><\/h2>\n<hr \/>\n<h2>3 A\u00f1os<\/h2>\n<p><strong>A3<\/strong>.-DO\u00d1A MAR\u00cdA O VILLAL\u00d3N CALLE<\/p>\n<h2>4 A\u00f1os<\/h2>\n<p><strong>A4<\/strong>.-DO\u00d1A ANA MAR\u00cdA BARRERA GUTI\u00c9RREZ<\/p>\n<p><strong>B4<\/strong>.-DO\u00d1A MONTSERRAT GUERRERO MORENO<\/p>\n<h2><\/h2>\n<h2>5 A\u00f1os<\/h2>\n<p><strong>A5<\/strong>.-DO\u00d1A MAR\u00cdA VICTORIA DAZA DE TORO<\/p>\n<p>&nbsp;<\/p>\n<p>[\/et_pb_text][\/et_pb_column][et_pb_column type=&#8221;1_3&#8243; _builder_version=&#8221;4.16&#8243; _module_preset=&#8221;default&#8221; global_colors_info=&#8221;{}&#8221;][et_pb_text _builder_version=&#8221;4.16&#8243; _module_preset=&#8221;default&#8221; global_colors_info=&#8221;{}&#8221;]<\/p>\n<h2><strong>DO\u00d1A TROFESORES\/AS TUTORES\/AS DE EDUCACI\u00d3N PRIMARIA<\/strong><\/h2>\n<hr \/>\n<p><strong>1\u00baA<\/strong> DO\u00d1A MAR\u00cdA CRISTINA MART\u00cdN MART\u00cdN<\/p>\n<p><strong>1\u00baB<\/strong> DO\u00d1A MARTA PINO CALLEJA<\/p>\n<p><strong>2\u00baA<\/strong> DO\u00d1A\u00a0 ROC\u00cdO FERREIRO GARC\u00cdA<\/p>\n<p><strong>2\u00baB<\/strong> DO\u00d1A MERCEDES LASSO GARC\u00cdA<\/p>\n<p><strong>3\u00baA<\/strong> DO\u00d1A MAR\u00cdA MAR ORTIZ GUARDE\u00d1O<\/p>\n<p><strong>3\u00baB<\/strong> DO\u00d1A ELENA PILAR CASTRO CARMONA<\/p>\n<p><strong>3\u00baC<\/strong> DON FERNANDO ESCRIG DE LA PAZ<\/p>\n<p><strong>4\u00baA<\/strong> DO\u00d1A SOF\u00cdA S\u00c1NCHEZ CABALLOS<\/p>\n<p><strong>4\u00baB<\/strong> DON EMILIO RIDAURA HERN\u00c1NDEZ<\/p>\n<p><strong>4\u00baC<\/strong> DO\u00d1A KATARZYNA BOZENA JAROCH<\/p>\n<p><strong>5\u00baA<\/strong> DON ANTONIO OROZCO MIRAS<\/p>\n<p><strong>5\u00baB<\/strong> DO\u00d1A LAURA GUERRA TORRADO<\/p>\n<p><strong>5\u00aaC<\/strong> DO\u00d1A ISABEL ROC\u00cdO SOL\u00cdS FRANCO,<\/p>\n<p>SUSTITUTO: DON IGNACIO MORENO RIPOLL<\/p>\n<p><strong>6\u00baA<\/strong> DON ANTONIO GAGO GAL\u00c1N\u00a0\u00a0<\/p>\n<p><strong>6\u00baB<\/strong> DO\u00d1A PILAR DEL POZO M\u00c1RMOL<\/p>\n<p><strong>6\u00baC<\/strong> DO\u00d1A BEATRIZ MAR\u00cdA BENJUMEA MARIANO, SUSTITUTA: DO\u00d1A ELENA VELASCO P\u00c9REZ\u00a0<\/p>\n<p>[\/et_pb_text][\/et_pb_column][et_pb_column type=&#8221;1_3&#8243; _builder_version=&#8221;4.16&#8243; _module_preset=&#8221;default&#8221; global_colors_info=&#8221;{}&#8221;][et_pb_text _builder_version=&#8221;4.24.2&#8243; _module_preset=&#8221;default&#8221; custom_padding=&#8221;||2px|||&#8221; global_colors_info=&#8221;{}&#8221;]<\/p>\n<h2><strong>DO ESPECIALISTA<\/strong><\/h2>\n<hr \/>\n<p><strong>M\u00daSICA:<\/strong> DO\u00d1A INMACULADA MORENO MART\u00cdN, DO\u00d1A ELENA PILAR CASTRO CARMONA<\/p>\n<p><strong>INGL\u00c9S:<\/strong> DO\u00d1A SONIA MAR\u00cdA VEGA MORANO, DO\u00d1A MARIA DEL MAR ORTIZ GUARDE\u00d1O, DO\u00d1A ROSA MAR\u00cdA MART\u00cdNEZ FERN\u00c1NDEZ<\/p>\n<p><strong>RELIGI\u00d3N:<\/strong> DO\u00d1A MAR\u00cdA CONCEPCI\u00d3N L\u00c1ZARO DE LA OSA, DO\u00d1A BEATRIZ RUIZ VILLA<\/p>\n<p><strong>EDUCACI\u00d3N F\u00cdSICA:<\/strong>\u00a0 DO\u00d1A SUSANA MAR\u00cdA BEN\u00cdTEZ JIM\u00c9NEZ, DO\u00d1A SOF\u00cdA S\u00c1NCHEZ CABALLOS, DON ANTONIO OROZCO MIRAS<\/p>\n<p><strong>FRANC\u00c9S:<\/strong> DO\u00d1A LAURA GUERRA TORRADO<\/p>\n<p><strong>PEDAGOG\u00cdA TERAP\u00c9UTICA:<\/strong> DO\u00d1A CRISTINA MART\u00cdN AGUILERA<\/p>\n<p><strong>AUDICI\u00d3N Y LENGUAJE:<\/strong> DO\u00d1A MARTA \u00c1LVAREZ VILCHES<\/p>\n<p><strong>REFUERZO PEDAG\u00d3GICO:<\/strong>\u00a0 DO\u00d1A ROSA MAR\u00cdA MART\u00cdNEZ FERN\u00c1NDEZ, DO\u00d1A CRISTINA MART\u00cdN AGUILAR\u00a0<\/p>\n<p>[\/et_pb_text][\/et_pb_column][\/et_pb_row][et_pb_row _builder_version=&#8221;4.16&#8243; _module_preset=&#8221;default&#8221; global_colors_info=&#8221;{}&#8221;][et_pb_column type=&#8221;4_4&#8243; _builder_version=&#8221;4.16&#8243; _module_preset=&#8221;default&#8221; global_colors_info=&#8221;{}&#8221;][et_pb_text _builder_version=&#8221;4.16&#8243; _module_preset=&#8221;default&#8221; global_colors_info=&#8221;{}&#8221;]<\/p>\n<h2> ________________________________________<\/h2>\n<p>[\/et_pb_text][\/et_pb_column][\/et_pb_row][\/et_pb_section]<\/p>\n","protected":false},"excerpt":{"rendered":"<p>Equipo directivo y profesorado DIRECTORA: DO\u00d1A ROSA MAR\u00cdA MART\u00cdNEZ FERN\u00c1NDEZ JEFA DE ESTUDIOS: DO\u00d1A INMACULADA MORENO MART\u00cdN SECRETAR\u00cdA: DO\u00d1A LAURA GUERRA TORRADOPROFESORAS TUTORAS DE EDUCACI\u00d3N INFANTIL 3 A\u00f1os A3.-DO\u00d1A MAR\u00cdA O VILLAL\u00d3N CALLE 4 A\u00f1os A4.-DO\u00d1A ANA MAR\u00cdA BARRERA GUTI\u00c9RREZ B4.-DO\u00d1A MONTSERRAT GUERRERO MORENO 5 A\u00f1os A5.-DO\u00d1A MAR\u00cdA VICTORIA DAZA DE TORO &nbsp;DO\u00d1A TROFESORES\/AS TUTORES\/AS [&hellip;]<\/p>\n","protected":false},"author":12576,"featured_media":0,"parent":0,"menu_order":0,"comment_status":"closed","ping_status":"closed","template":"","meta":{"_et_pb_use_builder":"on","_et_pb_old_content":"","_et_gb_content_width":"","ngg_post_thumbnail":0,"footnotes":""},"aioseo_notices":[],"_links":{"self":[{"href":"https:\/\/blogsaverroes.juntadeandalucia.es\/ceipvaraderey\/wp-json\/wp\/v2\/pages\/1133"}],"collection":[{"href":"https:\/\/blogsaverroes.juntadeandalucia.es\/ceipvaraderey\/wp-json\/wp\/v2\/pages"}],"about":[{"href":"https:\/\/blogsaverroes.juntadeandalucia.es\/ceipvaraderey\/wp-json\/wp\/v2\/types\/page"}],"author":[{"embeddable":true,"href":"https:\/\/blogsaverroes.juntadeandalucia.es\/ceipvaraderey\/wp-json\/wp\/v2\/users\/12576"}],"replies":[{"embeddable":true,"href":"https:\/\/blogsaverroes.juntadeandalucia.es\/ceipvaraderey\/wp-json\/wp\/v2\/comments?post=1133"}],"version-history":[{"count":29,"href":"https:\/\/blogsaverroes.juntadeandalucia.es\/ceipvaraderey\/wp-json\/wp\/v2\/pages\/1133\/revisions"}],"predecessor-version":[{"id":3352,"href":"https:\/\/blogsaverroes.juntadeandalucia.es\/ceipvaraderey\/wp-json\/wp\/v2\/pages\/1133\/revisions\/3352"}],"wp:attachment":[{"href":"https:\/\/blogsaverroes.juntadeandalucia.es\/ceipvaraderey\/wp-json\/wp\/v2\/media?parent=1133"}],"curies":[{"name":"wp","href":"https:\/\/api.w.org\/{rel}","templated":true}]}}