{"id":330,"date":"2020-02-11T13:07:32","date_gmt":"2020-02-11T12:07:32","guid":{"rendered":"http:\/\/blogsaverroes.juntadeandalucia.es\/pre\/nuevoceipv2\/?page_id=330"},"modified":"2023-09-19T20:55:55","modified_gmt":"2023-09-19T18:55:55","slug":"novedades","status":"publish","type":"page","link":"https:\/\/blogsaverroes.juntadeandalucia.es\/ceipvaraderey\/novedades\/","title":{"rendered":"Novedades"},"content":{"rendered":"<p>[et_pb_section fb_built=&#8221;1&#8243; _builder_version=&#8221;3.22&#8243; global_colors_info=&#8221;{}&#8221;][et_pb_row column_structure=&#8221;2_3,1_3&#8243; _builder_version=&#8221;3.25&#8243; background_size=&#8221;initial&#8221; background_position=&#8221;top_left&#8221; background_repeat=&#8221;repeat&#8221; global_colors_info=&#8221;{}&#8221;][et_pb_column type=&#8221;2_3&#8243; _builder_version=&#8221;3.25&#8243; custom_padding=&#8221;|||&#8221; global_colors_info=&#8221;{}&#8221; custom_padding__hover=&#8221;|||&#8221;][et_pb_text _builder_version=&#8221;4.5.0&#8243; background_size=&#8221;initial&#8221; background_position=&#8221;top_left&#8221; background_repeat=&#8221;repeat&#8221; hover_enabled=&#8221;0&#8243; global_colors_info=&#8221;{}&#8221; sticky_enabled=&#8221;0&#8243;]<div class=\"pt-cv-wrapper et_smooth_scroll_disabled\"><div class=\"pt-cv-view pt-cv-grid pt-cv-colsys\" id=\"pt-cv-view-6a2900dq7z\"><div data-id=\"pt-cv-page-1\" class=\"pt-cv-page\" data-cvc=\"3\"><div class=\"col-md-4 col-sm-6 col-xs-12 pt-cv-content-item pt-cv-1-col\" ><div class='pt-cv-ifield'><a href=\"https:\/\/blogsaverroes.juntadeandalucia.es\/ceipvaraderey\/jornada-de-puertas-abiertas-4\/\" class=\"_self pt-cv-href-thumbnail pt-cv-thumb-default\" target=\"_self\" ><\/a>\n<h4 class=\"pt-cv-title\"><a href=\"https:\/\/blogsaverroes.juntadeandalucia.es\/ceipvaraderey\/jornada-de-puertas-abiertas-4\/\" class=\"_self\" target=\"_self\" >JORNADA DE PUERTAS ABIERTAS<\/a><\/h4>\n<div class=\"pt-cv-content\"><a href=\"https:\/\/blogsaverroes.juntadeandalucia.es\/ceipvaraderey\/files\/2026\/01\/Inscribete_20260205_073126_0000.png\"><\/a> ...<br \/><div class=\"pt-cv-rmwrap\"><a href=\"https:\/\/blogsaverroes.juntadeandalucia.es\/ceipvaraderey\/jornada-de-puertas-abiertas-4\/\" class=\"_self pt-cv-readmore btn btn-success\" target=\"_self\">Leer M\u00e1s<\/a><\/div><\/div><\/div><\/div>\n<div class=\"col-md-4 col-sm-6 col-xs-12 pt-cv-content-item pt-cv-1-col\" ><div class='pt-cv-ifield'><a href=\"https:\/\/blogsaverroes.juntadeandalucia.es\/ceipvaraderey\/informacion-familias-servicio-de-aula-matinal\/\" class=\"_self pt-cv-href-thumbnail pt-cv-thumb-default\" target=\"_self\" ><\/a>\n<h4 class=\"pt-cv-title\"><a href=\"https:\/\/blogsaverroes.juntadeandalucia.es\/ceipvaraderey\/informacion-familias-servicio-de-aula-matinal\/\" class=\"_self\" target=\"_self\" >INFORMACI\u00d3N FAMILIAS SERVICIO DE AULA MATINAL<\/a><\/h4>\n<div class=\"pt-cv-content\"><strong><a style=\"color: #0000ff\" href=\"https:\/\/blogsaverroes.juntadeandalucia.es\/ceipvaraderey\/files\/2025\/12\/CIRCULAR-AULA-MATINAL-CPM.pdf\">INFORMACI\u00d3N FAMILIAS SERVICIO DE AULA MATINAL<\/a><\/strong> ...<br \/><div class=\"pt-cv-rmwrap\"><a href=\"https:\/\/blogsaverroes.juntadeandalucia.es\/ceipvaraderey\/informacion-familias-servicio-de-aula-matinal\/\" class=\"_self pt-cv-readmore btn btn-success\" target=\"_self\">Leer M\u00e1s<\/a><\/div><\/div><\/div><\/div>\n<div class=\"col-md-4 col-sm-6 col-xs-12 pt-cv-content-item pt-cv-1-col\" ><div class='pt-cv-ifield'><a href=\"https:\/\/blogsaverroes.juntadeandalucia.es\/ceipvaraderey\/convivencia-navidad-ceip-vara-de-rey\/\" class=\"_self pt-cv-href-thumbnail pt-cv-thumb-default\" target=\"_self\" ><\/a>\n<h4 class=\"pt-cv-title\"><a href=\"https:\/\/blogsaverroes.juntadeandalucia.es\/ceipvaraderey\/convivencia-navidad-ceip-vara-de-rey\/\" class=\"_self\" target=\"_self\" >CONVIVENCIA NAVIDAD CEIP VARA DE REY<\/a><\/h4>\n<div class=\"pt-cv-content\"><a href=\"https:\/\/blogsaverroes.juntadeandalucia.es\/ceipvaraderey\/files\/2025\/12\/03a0c49d-e1ac-46c3-aaaa-b02d47839846.jpg\"><\/a> ...<br \/><div class=\"pt-cv-rmwrap\"><a href=\"https:\/\/blogsaverroes.juntadeandalucia.es\/ceipvaraderey\/convivencia-navidad-ceip-vara-de-rey\/\" class=\"_self pt-cv-readmore btn btn-success\" target=\"_self\">Leer M\u00e1s<\/a><\/div><\/div><\/div><\/div>\n<div class=\"col-md-4 col-sm-6 col-xs-12 pt-cv-content-item pt-cv-1-col\" ><div class='pt-cv-ifield'><a href=\"https:\/\/blogsaverroes.juntadeandalucia.es\/ceipvaraderey\/limites-para-las-bonificaciones-de-los-servicios-complementarios-2025-2026\/\" class=\"_self pt-cv-href-thumbnail pt-cv-thumb-default\" target=\"_self\" ><\/a>\n<h4 class=\"pt-cv-title\"><a href=\"https:\/\/blogsaverroes.juntadeandalucia.es\/ceipvaraderey\/limites-para-las-bonificaciones-de-los-servicios-complementarios-2025-2026\/\" class=\"_self\" target=\"_self\" >LIMITES PARA LAS BONIFICACIONES DE LOS SERVICIOS COMPLEMENTARIOS 2025-2026<\/a><\/h4>\n<div class=\"pt-cv-content\"><a style=\"color: #0000ff\" href=\"https:\/\/blogsaverroes.juntadeandalucia.es\/ceipvaraderey\/files\/2025\/10\/LIMITES-PARA-LAS-BONIFICACIONES-DE-LOS-SERVICIOS-COMPLEMENTARIOS-2025-2026.pdf\">LIMITES PARA LAS BONIFICACIONES DE LOS SERVICIOS COMPLEMENTARIOS 2025-2026<\/a> ...<br \/><div class=\"pt-cv-rmwrap\"><a href=\"https:\/\/blogsaverroes.juntadeandalucia.es\/ceipvaraderey\/limites-para-las-bonificaciones-de-los-servicios-complementarios-2025-2026\/\" class=\"_self pt-cv-readmore btn btn-success\" target=\"_self\">Leer M\u00e1s<\/a><\/div><\/div><\/div><\/div>\n<div class=\"col-md-4 col-sm-6 col-xs-12 pt-cv-content-item pt-cv-1-col\" ><div class='pt-cv-ifield'><a href=\"https:\/\/blogsaverroes.juntadeandalucia.es\/ceipvaraderey\/reuniones-de-familias-2025-2026\/\" class=\"_self pt-cv-href-thumbnail pt-cv-thumb-default\" target=\"_self\" ><\/a>\n<h4 class=\"pt-cv-title\"><a href=\"https:\/\/blogsaverroes.juntadeandalucia.es\/ceipvaraderey\/reuniones-de-familias-2025-2026\/\" class=\"_self\" target=\"_self\" >Reuniones de familias 2025\/2026<\/a><\/h4>\n<div class=\"pt-cv-content\"><a href=\"https:\/\/blogsaverroes.juntadeandalucia.es\/ceipvaraderey\/files\/2025\/09\/Reuniones-de-familias-2025_2026-infantil-anos.jpg\"><\/a><a href=\"https:\/\/blogsaverroes.juntadeandalucia.es\/ceipvaraderey\/files\/2025\/09\/Reuniones-de-familias-2025_2026-3oA_-3oB_3oC-y-1oA_1oB.jpg\"><\/a><a href=\"https:\/\/blogsaverroes.juntadeandalucia.es\/ceipvaraderey\/files\/2025\/09\/PHOTO-2025-09-2o-A_2oB.jpg\"><\/a><a href=\"https:\/\/blogsaverroes.juntadeandalucia.es\/ceipvaraderey\/files\/2025\/09\/PHOTO-2025-09-25-10-57-4o.jpg\"><\/a><a href=\"https:\/\/blogsaverroes.juntadeandalucia.es\/ceipvaraderey\/files\/2025\/09\/5o-y-6o.jpg\"><\/a> ...<br \/><div class=\"pt-cv-rmwrap\"><a href=\"https:\/\/blogsaverroes.juntadeandalucia.es\/ceipvaraderey\/reuniones-de-familias-2025-2026\/\" class=\"_self pt-cv-readmore btn btn-success\" target=\"_self\">Leer M\u00e1s<\/a><\/div><\/div><\/div><\/div><\/div><\/div><\/div>[\/et_pb_text][\/et_pb_column][et_pb_column type=&#8221;1_3&#8243; _builder_version=&#8221;3.25&#8243; custom_padding=&#8221;|||&#8221; global_colors_info=&#8221;{}&#8221; custom_padding__hover=&#8221;|||&#8221;][et_pb_menu menu_id=&#8221;15&#8243; show_search_icon=&#8221;on&#8221; _builder_version=&#8221;4.5.0&#8243; _module_preset=&#8221;default&#8221; background_color=&#8221;#7cda24&#8243; global_colors_info=&#8221;{}&#8221;][\/et_pb_menu][et_pb_sidebar area=&#8221;sidebar-1&#8243; _builder_version=&#8221;3.23.3&#8243; z_index_tablet=&#8221;500&#8243; header_text_shadow_horizontal_length_tablet=&#8221;0px&#8221; header_text_shadow_vertical_length_tablet=&#8221;0px&#8221; header_text_shadow_blur_strength_tablet=&#8221;1px&#8221; body_text_shadow_horizontal_length_tablet=&#8221;0px&#8221; body_text_shadow_vertical_length_tablet=&#8221;0px&#8221; body_text_shadow_blur_strength_tablet=&#8221;1px&#8221; box_shadow_horizontal_tablet=&#8221;0px&#8221; box_shadow_vertical_tablet=&#8221;0px&#8221; box_shadow_blur_tablet=&#8221;40px&#8221; box_shadow_spread_tablet=&#8221;0px&#8221; text_shadow_horizontal_length_tablet=&#8221;0px&#8221; text_shadow_vertical_length_tablet=&#8221;0px&#8221; text_shadow_blur_strength_tablet=&#8221;1px&#8221; global_colors_info=&#8221;{}&#8221;][\/et_pb_sidebar][\/et_pb_column][\/et_pb_row][\/et_pb_section]<\/p>\n","protected":false},"excerpt":{"rendered":"<p>En 1960 se crea el Patronato Escolar Gonz\u00e1lez-Gallarza presidido por el General D. Luis Pardo Prieto y 7 miembros m\u00e1s con potestad para elegir al director y al profesorado.  La creaci\u00f3n del Centro se hizo con 3 unidades escolares asign\u00e1ndole 3 maestras y un maestro con car\u00e1cter interino. <\/p>\n","protected":false},"author":7051,"featured_media":0,"parent":0,"menu_order":0,"comment_status":"closed","ping_status":"closed","template":"","meta":{"_et_pb_use_builder":"on","_et_pb_old_content":"[pt_view id=\"6a2900dq7z\"]","_et_gb_content_width":"","ngg_post_thumbnail":0,"footnotes":""},"aioseo_notices":[],"_links":{"self":[{"href":"https:\/\/blogsaverroes.juntadeandalucia.es\/ceipvaraderey\/wp-json\/wp\/v2\/pages\/330"}],"collection":[{"href":"https:\/\/blogsaverroes.juntadeandalucia.es\/ceipvaraderey\/wp-json\/wp\/v2\/pages"}],"about":[{"href":"https:\/\/blogsaverroes.juntadeandalucia.es\/ceipvaraderey\/wp-json\/wp\/v2\/types\/page"}],"author":[{"embeddable":true,"href":"https:\/\/blogsaverroes.juntadeandalucia.es\/ceipvaraderey\/wp-json\/wp\/v2\/users\/7051"}],"replies":[{"embeddable":true,"href":"https:\/\/blogsaverroes.juntadeandalucia.es\/ceipvaraderey\/wp-json\/wp\/v2\/comments?post=330"}],"version-history":[{"count":31,"href":"https:\/\/blogsaverroes.juntadeandalucia.es\/ceipvaraderey\/wp-json\/wp\/v2\/pages\/330\/revisions"}],"predecessor-version":[{"id":2656,"href":"https:\/\/blogsaverroes.juntadeandalucia.es\/ceipvaraderey\/wp-json\/wp\/v2\/pages\/330\/revisions\/2656"}],"wp:attachment":[{"href":"https:\/\/blogsaverroes.juntadeandalucia.es\/ceipvaraderey\/wp-json\/wp\/v2\/media?parent=330"}],"curies":[{"name":"wp","href":"https:\/\/api.w.org\/{rel}","templated":true}]}}