{"id":1074,"date":"2023-03-24T12:48:56","date_gmt":"2023-03-24T11:48:56","guid":{"rendered":"https:\/\/blogsaverroes.juntadeandalucia.es\/ceipveintiochodefebrero\/?page_id=1074"},"modified":"2024-11-08T10:35:20","modified_gmt":"2024-11-08T09:35:20","slug":"profesorado","status":"publish","type":"page","link":"https:\/\/blogsaverroes.juntadeandalucia.es\/ceipveintiochodefebrero\/profesorado\/","title":{"rendered":"Profesorado del Centro"},"content":{"rendered":"<p lang=\"es-ES\"><strong>Ed. Infantil:<\/strong><\/p>\n<p lang=\"en-US\"><span lang=\"es-ES\">&#8211; <strong>3<\/strong><\/span><span lang=\"es-ES\"><strong> a\u00f1os :<\/strong><\/span> .Mar\u00eda Dolores Fornieles Cirre<\/p>\n<p lang=\"en-US\"><span lang=\"es-ES\">&#8211;&nbsp;<\/span><span lang=\"es-ES\"><strong>4 a\u00f1os :<\/strong><\/span><span lang=\"es-ES\">D\u00f1a. Rosa Mar\u00eda Ortiz Garc\u00eda.<\/span>D\u00f1a.<\/p>\n<p lang=\"en-US\"><span lang=\"es-ES\">&#8211; 5<\/span><span lang=\"es-ES\"><strong>&nbsp;a\u00f1os :<\/strong><\/span>&nbsp; Mar\u00eda del Mar Martos Hidalgo.<\/p>\n<p lang=\"en-US\"><strong>Ed. Primaria:<\/strong><\/p>\n<p lang=\"en-US\"><span lang=\"es-ES\">&#8211; 1<\/span><span lang=\"es-ES\"><strong>\u00baA :<\/strong><\/span><span lang=\"es-ES\"> D<\/span>\u00f1a. Yolanda Ruiz Reyes.<\/p>\n<p lang=\"en-US\"><span lang=\"es-ES\">&#8211; 1<\/span><span lang=\"es-ES\"><strong>\u00baB :<\/strong><\/span><span lang=\"es-ES\"> D\u00f1a. Carmen Mar\u00eda de Haro Garc\u00eda.<\/span><\/p>\n<p lang=\"en-US\"><span lang=\"es-ES\">&#8211; 2<\/span><span lang=\"es-ES\"><strong>\u00ba A:<\/strong><\/span><span lang=\"es-ES\"> D\u00f1a. M\u00aa Cruz Garc\u00eda Herrero<\/span><\/p>\n<p lang=\"en-US\"><span lang=\"es-ES\">&#8211; 2<\/span><span lang=\"es-ES\"><strong>\u00ba B:<\/strong><\/span>&nbsp; D\u00f1a. Mercedes Rubio Vill\u00e9n.<\/p>\n<p lang=\"en-US\"><span lang=\"es-ES\">&#8211; 3<\/span><span lang=\"es-ES\"><strong>\u00ba A:<\/strong><\/span><span lang=\"es-ES\">&nbsp;<\/span>D\u00f1a. M\u00aa del Mar Morante L\u00f3pez.<\/p>\n<p lang=\"en-US\"><span lang=\"es-ES\">&#8211; 3<\/span><span lang=\"es-ES\"><strong>\u00ba B:&nbsp;<\/strong><\/span>D\u00f1a. Margarita Barroso Plaza.<\/p>\n<p lang=\"en-US\">&#8211; 3\u00ba C: Do\u00f1a Rafaela C. Mart\u00ednez Rodr\u00edguez&nbsp;<\/p>\n<p lang=\"en-US\"><span lang=\"es-ES\">&#8211; 4<\/span><span lang=\"es-ES\"><strong>\u00ba A:&nbsp;<\/strong><\/span>D\u00f1a. Emelina Garc\u00eda S\u00e1nchez<\/p>\n<p lang=\"en-US\"><span lang=\"es-ES\">&#8211; 4<\/span><span lang=\"es-ES\"><strong>\u00ba B:<\/strong><\/span><span lang=\"es-ES\">&nbsp;<\/span><span lang=\"es-ES\">D\u00f1a. Franci<\/span>sca Hidalgo Villena<\/p>\n<p lang=\"en-US\"><span lang=\"es-ES\">&#8211; 5<\/span><span lang=\"es-ES\"><strong>\u00ba A:<\/strong><\/span><span lang=\"es-ES\"> .<\/span>.D\u00f1a. Marina Medina Robles<\/p>\n<p lang=\"en-US\"><span lang=\"es-ES\">&#8211;&nbsp;<\/span><span lang=\"es-ES\"><strong>5\u00ba B:<\/strong><\/span><span lang=\"es-ES\"> D\u00f1a. Mar\u00eda Joaquina L\u00f3pez L\u00f3pez<\/span><\/p>\n<p lang=\"en-US\"><span lang=\"es-ES\">&#8211;&nbsp;<\/span><span lang=\"es-ES\"><strong>6\u00ba A:<\/strong><\/span><span lang=\"es-ES\"> D. Fernando Villegas Lirola.<\/span><\/p>\n<p lang=\"en-US\"><span lang=\"es-ES\">&#8211; 6<\/span><span lang=\"es-ES\"><strong>\u00ba B:<\/strong><\/span><span lang=\"es-ES\">&nbsp;<\/span>D. Javier Escudero Barranco<\/p>\n<p lang=\"en-US\"><span lang=\"es-ES\">&#8211;&nbsp;<\/span><span lang=\"es-ES\"><strong>Apoyo a Primaria: <\/strong>D\u00f1a. Gema M\u00aa Vald\u00e9s Cano<\/span><\/p>\n<p lang=\"en-US\"><span lang=\"es-ES\">&#8211;&nbsp;<\/span><span lang=\"es-ES\"><strong>Ed. F\u00edsica:<\/strong><\/span><span lang=\"es-ES\"> D. Juan Antonio Gonz\u00e1lez S\u00e1ez , D. Javier Escudero Barranco y D\u00f1a. Marina Medina Robles<\/span><\/p>\n<p lang=\"en-US\"><span lang=\"es-ES\">&#8211;&nbsp;<\/span><span lang=\"es-ES\"><strong>M\u00fasica:<\/strong><\/span><span lang=\"es-ES\">&nbsp;D. Fernando Villegas Lirola.<\/span><\/p>\n<p lang=\"es-ES\"><span lang=\"es-ES\">&#8211;&nbsp;<\/span><span lang=\"es-ES\"><strong>Ingl\u00e9s:<\/strong><\/span><span lang=\"es-ES\">&nbsp;D\u00f1a. M\u00aa Cruz Garc\u00eda Herrero.<\/span><\/p>\n<p lang=\"es-ES\">&nbsp; &nbsp; &nbsp; &nbsp; &nbsp; &nbsp; &nbsp; D\u00f1a. Mar\u00eda del Carmen Salinas L\u00f3pez<\/p>\n<p lang=\"en-US\"><span lang=\"es-ES\">&#8211;&nbsp;<\/span><span lang=\"es-ES\"><strong>Pedagog\u00eda Terap\u00e9utica:<\/strong><\/span><span lang=\"es-ES\"> D\u00f1a. Ana Bel\u00e9n Cruz Raya&nbsp;<\/span><\/p>\n<p lang=\"en-US\"><span lang=\"es-ES\">&#8211;&nbsp;<\/span><span lang=\"es-ES\"><strong>Logopedia:<\/strong><\/span><span lang=\"es-ES\"> D\u00f1a. Marina Montes Navarro<\/span><\/p>\n<p lang=\"en-US\"><span lang=\"es-ES\">&#8211;&nbsp;<\/span><span lang=\"es-ES\"><strong>Religi\u00f3n:<\/strong><\/span><span lang=\"es-ES\"> D\u00f1a. Mar\u00eda Leocadia De Amo Fern\u00e1ndez y D\u00f1a. Cristina L. Carrillo Mart\u00ednez.<\/span><\/p>\n<p>&#8211;&nbsp;<strong>Biblioteca Escolar: <\/strong><span lang=\"es-ES\">Carmen Mar\u00eda de Haro Garc\u00eda<\/span>, <span lang=\"es-ES\">D\u00f1a. Adelina Collado Vel\u00e1zquez y D\u00f1a. Rafaela C\u00e1ndida Mart\u00ednez Rodr\u00edguez.<\/span><\/p>\n","protected":false},"excerpt":{"rendered":"<p>Ed. Infantil: &#8211; 3 a\u00f1os : .Mar\u00eda Dolores Fornieles Cirre &#8211;&nbsp;4 a\u00f1os :D\u00f1a. Rosa Mar\u00eda Ortiz Garc\u00eda.D\u00f1a. &#8211; 5&nbsp;a\u00f1os :&nbsp; Mar\u00eda del Mar Martos Hidalgo. Ed. Primaria: &#8211; 1\u00baA : D\u00f1a. Yolanda Ruiz Reyes. &#8211; 1\u00baB : D\u00f1a. Carmen Mar\u00eda de Haro Garc\u00eda. &#8211; 2\u00ba A: D\u00f1a. M\u00aa Cruz Garc\u00eda Herrero &#8211; 2\u00ba B:&nbsp; D\u00f1a. [&hellip;]<\/p>\n","protected":false},"author":15861,"featured_media":0,"parent":0,"menu_order":0,"comment_status":"closed","ping_status":"closed","template":"","meta":{"_et_pb_use_builder":"","_et_pb_old_content":"","_et_gb_content_width":"","ngg_post_thumbnail":0,"footnotes":""},"aioseo_notices":[],"_links":{"self":[{"href":"https:\/\/blogsaverroes.juntadeandalucia.es\/ceipveintiochodefebrero\/wp-json\/wp\/v2\/pages\/1074"}],"collection":[{"href":"https:\/\/blogsaverroes.juntadeandalucia.es\/ceipveintiochodefebrero\/wp-json\/wp\/v2\/pages"}],"about":[{"href":"https:\/\/blogsaverroes.juntadeandalucia.es\/ceipveintiochodefebrero\/wp-json\/wp\/v2\/types\/page"}],"author":[{"embeddable":true,"href":"https:\/\/blogsaverroes.juntadeandalucia.es\/ceipveintiochodefebrero\/wp-json\/wp\/v2\/users\/15861"}],"replies":[{"embeddable":true,"href":"https:\/\/blogsaverroes.juntadeandalucia.es\/ceipveintiochodefebrero\/wp-json\/wp\/v2\/comments?post=1074"}],"version-history":[{"count":10,"href":"https:\/\/blogsaverroes.juntadeandalucia.es\/ceipveintiochodefebrero\/wp-json\/wp\/v2\/pages\/1074\/revisions"}],"predecessor-version":[{"id":1513,"href":"https:\/\/blogsaverroes.juntadeandalucia.es\/ceipveintiochodefebrero\/wp-json\/wp\/v2\/pages\/1074\/revisions\/1513"}],"wp:attachment":[{"href":"https:\/\/blogsaverroes.juntadeandalucia.es\/ceipveintiochodefebrero\/wp-json\/wp\/v2\/media?parent=1074"}],"curies":[{"name":"wp","href":"https:\/\/api.w.org\/{rel}","templated":true}]}}