{"id":428,"date":"2015-03-20T07:06:21","date_gmt":"2015-03-20T07:06:21","guid":{"rendered":"http:\/\/blogsaverroes.juntadeandalucia.es\/pre\/ceip\/?page_id=428"},"modified":"2025-10-02T11:33:59","modified_gmt":"2025-10-02T11:33:59","slug":"ed-primaria-1o-ciclo","status":"publish","type":"page","link":"https:\/\/blogsaverroes.juntadeandalucia.es\/ceipvelada\/ed-primaria-1o-ciclo\/","title":{"rendered":"Ed. Primaria. 1\u00ba ciclo"},"content":{"rendered":"<p><a href=\"https:\/\/blogsaverroes.juntadeandalucia.es\/ceipvelada\/files\/2015\/03\/educacion1.jpg\"><img loading=\"lazy\" decoding=\"async\" class=\"aligncenter wp-image-1615 size-medium\" src=\"https:\/\/blogsaverroes.juntadeandalucia.es\/ceipvelada\/files\/2015\/03\/educacion1-300x183.jpg\" alt=\"\" width=\"300\" height=\"183\" srcset=\"https:\/\/blogsaverroes.juntadeandalucia.es\/ceipvelada\/files\/2015\/03\/educacion1-300x183.jpg 300w, https:\/\/blogsaverroes.juntadeandalucia.es\/ceipvelada\/files\/2015\/03\/educacion1-332x202.jpg 332w, https:\/\/blogsaverroes.juntadeandalucia.es\/ceipvelada\/files\/2015\/03\/educacion1-268x164.jpg 268w, https:\/\/blogsaverroes.juntadeandalucia.es\/ceipvelada\/files\/2015\/03\/educacion1.jpg 512w\" sizes=\"(max-width: 300px) 100vw, 300px\" \/><\/a><\/p>\n<p style=\"text-align: justify\"><strong>Normativa de aplicaci\u00f3n:&nbsp;<\/strong><\/p>\n<p style=\"text-align: justify\"><a href=\"https:\/\/www.adideandalucia.es\/normas\/RD\/RealDecreto157-2022EducacionPrimaria.pdf\">REAL DECRETO 157\/2022<\/a>, de 1 de marzo, por el que se establecen la ordenaci\u00f3n y las ense\u00f1anzas m\u00ednimas de la Educaci\u00f3n Primaria (BOE 02-03-2022).<\/p>\n<p style=\"text-align: justify\"><a href=\"https:\/\/www.adideandalucia.es\/normas\/decretos\/Decreto101-2023EducacionPrimaria.pdf\">DECRETO 101\/2023<\/a>, de 9 de mayo, por el que se establece la ordenaci\u00f3n y el curr\u00edculo de la etapa de Educaci\u00f3n Primaria en la Comunidad Aut\u00f3noma de Andaluc\u00eda (BOJA 15-05-2023).<\/p>\n<p style=\"text-align: justify\"><a href=\"https:\/\/www.adideandalucia.es\/normas\/ordenes\/Orden30mayo2023EducacionPrimaria.pdf\">ORDEN de 30 de mayo de 2023<\/a>, por la que se desarrolla el curr\u00edculo correspondiente a la etapa de Educaci\u00f3n Primaria en la Comunidad Aut\u00f3noma de Andaluc\u00eda, se regulan determinados aspectos de la atenci\u00f3n a la diversidad y a las diferencias individuales, se establece la ordenaci\u00f3n de la evaluaci\u00f3n del proceso de aprendizaje del alumnado y se determina el proceso de tr\u00e1nsito entre las diferentes etapas educativas (BOJA 02-06-2023).<\/p>\n<h1>Criterios de evaluaci\u00f3n<\/h1>\n<p>Los criterios de evaluaci\u00f3n se encuentras recogidos en el <a href=\"https:\/\/www.adideandalucia.es\/normas\/ordenes\/Orden30mayo2023Primaria-Anexo2.pdf\">Anexo II<\/a> de La Orden de 30 de Mayo de 2023.<\/p>\n<p>&nbsp;<\/p>\n","protected":false},"excerpt":{"rendered":"<p>Normativa de aplicaci\u00f3n:&nbsp; REAL DECRETO 157\/2022, de 1 de marzo, por el que se establecen la ordenaci\u00f3n y las ense\u00f1anzas m\u00ednimas de la Educaci\u00f3n Primaria&hellip;<\/p>\n","protected":false},"author":1,"featured_media":0,"parent":0,"menu_order":0,"comment_status":"closed","ping_status":"open","template":"","meta":{"ngg_post_thumbnail":0,"footnotes":"","_mc_calendar":[]},"aioseo_notices":[],"_links":{"self":[{"href":"https:\/\/blogsaverroes.juntadeandalucia.es\/ceipvelada\/wp-json\/wp\/v2\/pages\/428"}],"collection":[{"href":"https:\/\/blogsaverroes.juntadeandalucia.es\/ceipvelada\/wp-json\/wp\/v2\/pages"}],"about":[{"href":"https:\/\/blogsaverroes.juntadeandalucia.es\/ceipvelada\/wp-json\/wp\/v2\/types\/page"}],"author":[{"embeddable":true,"href":"https:\/\/blogsaverroes.juntadeandalucia.es\/ceipvelada\/wp-json\/wp\/v2\/users\/1"}],"replies":[{"embeddable":true,"href":"https:\/\/blogsaverroes.juntadeandalucia.es\/ceipvelada\/wp-json\/wp\/v2\/comments?post=428"}],"version-history":[{"count":5,"href":"https:\/\/blogsaverroes.juntadeandalucia.es\/ceipvelada\/wp-json\/wp\/v2\/pages\/428\/revisions"}],"predecessor-version":[{"id":3700,"href":"https:\/\/blogsaverroes.juntadeandalucia.es\/ceipvelada\/wp-json\/wp\/v2\/pages\/428\/revisions\/3700"}],"wp:attachment":[{"href":"https:\/\/blogsaverroes.juntadeandalucia.es\/ceipvelada\/wp-json\/wp\/v2\/media?parent=428"}],"curies":[{"name":"wp","href":"https:\/\/api.w.org\/{rel}","templated":true}]}}