{"id":2969,"date":"2021-03-09T10:03:14","date_gmt":"2021-03-09T09:03:14","guid":{"rendered":"https:\/\/blogsaverroes.juntadeandalucia.es\/ceipvicentealeixandre\/?page_id=2969"},"modified":"2021-03-09T10:03:14","modified_gmt":"2021-03-09T09:03:14","slug":"proa","status":"publish","type":"page","link":"https:\/\/blogsaverroes.juntadeandalucia.es\/ceipvicentealeixandre\/proa\/","title":{"rendered":"PROA +"},"content":{"rendered":"<p>&nbsp;<\/p>\n<p style=\"text-align: center\"><a href=\"https:\/\/blogsaverroes.juntadeandalucia.es\/orientadelegacionmalaga\/files\/2021\/02\/PROA-1.pdf\"><img fetchpriority=\"high\" decoding=\"async\" class=\"alignnone size-medium wp-image-2967\" src=\"https:\/\/blogsaverroes.juntadeandalucia.es\/ceipvicentealeixandre\/files\/2021\/03\/PROA-1-768x432-1-300x169.jpg\" alt=\"\" width=\"300\" height=\"169\" srcset=\"https:\/\/blogsaverroes.juntadeandalucia.es\/ceipvicentealeixandre\/files\/2021\/03\/PROA-1-768x432-1-300x169.jpg 300w, https:\/\/blogsaverroes.juntadeandalucia.es\/ceipvicentealeixandre\/files\/2021\/03\/PROA-1-768x432-1-700x393.jpg 700w, https:\/\/blogsaverroes.juntadeandalucia.es\/ceipvicentealeixandre\/files\/2021\/03\/PROA-1-768x432-1-332x187.jpg 332w, https:\/\/blogsaverroes.juntadeandalucia.es\/ceipvicentealeixandre\/files\/2021\/03\/PROA-1-768x432-1.jpg 768w\" sizes=\"(max-width: 300px) 100vw, 300px\" \/><\/a><\/p>\n<p style=\"text-align: justify\"><a href=\"https:\/\/blogsaverroes.juntadeandalucia.es\/orientadelegacionmalaga\/files\/2021\/02\/PROA-1.pdf\">PROA +<\/a> es un Programa de Cooperaci\u00f3n Territorial para la Orientaci\u00f3n, Avance y Enriquecimiento Educativo en la situaci\u00f3n de emergencia educativa que estamos padeciendo por la pandemia ocasionada por la Covid-19.<\/p>\n<p style=\"text-align: justify\">Nuestro Centro, se ha acogido a la convocatoria publicada en la <a href=\"https:\/\/portals.ced.junta-andalucia.es\/educacion\/portals\/delegate\/content\/cc0a3f25-dce3-4673-ba99-b9525736b00d\/Resoluci%C3%B3n%20Programa%20PROA+%20(pdf)\">Resoluci\u00f3n 27 de enero de 2021 de la Direcci\u00f3n General de Atenci\u00f3n a la Diversidad, Participaci\u00f3n y Convivencia Escolar, por la que se establece la convocatoria del Programa PROA+ en los Centros Docentes P\u00fablicos Dependientes de la Consejer\u00eda de Educaci\u00f3n y Deporte de la Junta de Andaluc\u00eda para el curso 2021\/2022.<\/a><\/p>\n<p style=\"text-align: justify\">El Programa cuenta con 2 l\u00edneas de actuaci\u00f3n:<\/p>\n<ol>\n<li style=\"text-align: justify\"><strong>L\u00ednea I: Adecuaci\u00f3n del Proyecto Educativo<\/strong>. Atenci\u00f3n a la diversidad, vida saludable, tr\u00e1nsito entre etapas, acci\u00f3n tutorial y absentismo.<\/li>\n<li style=\"text-align: justify\"><strong>LInea II: Implicaci\u00f3n y participaci\u00f3n de la familia y el entorno<\/strong>. Inclusi\u00f3n y participaci\u00f3n de las familias.<\/li>\n<\/ol>\n<p><a href=\"https:\/\/view.genial.ly\/602562f4def9800dab246ee4\/interactive-image-proa-etpoep-provinciales\"><img decoding=\"async\" class=\"size-medium wp-image-2966 aligncenter\" src=\"https:\/\/blogsaverroes.juntadeandalucia.es\/ceipvicentealeixandre\/files\/2021\/03\/0aa91852-39c6-44d3-935c-5f9aca29b23e-300x200.jpeg\" alt=\"\" width=\"300\" height=\"200\" srcset=\"https:\/\/blogsaverroes.juntadeandalucia.es\/ceipvicentealeixandre\/files\/2021\/03\/0aa91852-39c6-44d3-935c-5f9aca29b23e-300x200.jpeg 300w, https:\/\/blogsaverroes.juntadeandalucia.es\/ceipvicentealeixandre\/files\/2021\/03\/0aa91852-39c6-44d3-935c-5f9aca29b23e-1024x682.jpeg 1024w, https:\/\/blogsaverroes.juntadeandalucia.es\/ceipvicentealeixandre\/files\/2021\/03\/0aa91852-39c6-44d3-935c-5f9aca29b23e-768x512.jpeg 768w, https:\/\/blogsaverroes.juntadeandalucia.es\/ceipvicentealeixandre\/files\/2021\/03\/0aa91852-39c6-44d3-935c-5f9aca29b23e-1536x1023.jpeg 1536w, https:\/\/blogsaverroes.juntadeandalucia.es\/ceipvicentealeixandre\/files\/2021\/03\/0aa91852-39c6-44d3-935c-5f9aca29b23e-700x466.jpeg 700w, https:\/\/blogsaverroes.juntadeandalucia.es\/ceipvicentealeixandre\/files\/2021\/03\/0aa91852-39c6-44d3-935c-5f9aca29b23e-332x221.jpeg 332w, https:\/\/blogsaverroes.juntadeandalucia.es\/ceipvicentealeixandre\/files\/2021\/03\/0aa91852-39c6-44d3-935c-5f9aca29b23e.jpeg 1600w\" sizes=\"(max-width: 300px) 100vw, 300px\" \/><\/a><\/p>\n<p><a href=\"https:\/\/blogsaverroes.juntadeandalucia.es\/ceipvicentealeixandre\/files\/2021\/03\/PROA-300x133-1.jpg\"><img decoding=\"async\" class=\"alignnone size-full wp-image-2968\" src=\"https:\/\/blogsaverroes.juntadeandalucia.es\/ceipvicentealeixandre\/files\/2021\/03\/PROA-300x133-1.jpg\" alt=\"\" width=\"300\" height=\"133\"><\/a><\/p>\n<p>Nuestro Centro se ha acogido a las siguientes modalidades:<\/p>\n<p><strong>A) L\u00ednea I<\/strong><\/p>\n<p><strong>1) Colaboraci\u00f3n entre todos los agentes implicados en el control del absentismo escolar, integrados en el Equipo T\u00e9cnico de Absentismo Escolar, para la determinaci\u00f3n de intervenciones sociales y familiares correspondientes para erradicar el absentismo escolar u otros posibles indicadores de riesgo.<\/strong><\/p>\n<p><strong>2) Dise\u00f1o de un Plan de Acogida para el alumnado de nuevo ingreso al Centro para el curso 2021\/2022, con especial referencia al alumnado desconectado durante el curso 2020\/2021.<\/strong><\/p>\n<p><strong>B) L\u00ednea II<\/strong><\/p>\n<p><strong>1) Proporcionar a las familias orientaci\u00f3n y apoyo para que puedan acompa\u00f1ar en las mejores condiciones a sus hijos e hijas en los distintos escenarios. Mejorar la relaci\u00f3n de las familias con el Centro y su implicaci\u00f3n en las actividades de aprendizaje.<\/strong><\/p>\n<p>La <strong>temporalizaci\u00f3n<\/strong> es de marzo a junio de 2021<\/p>\n<p>Los <strong>recursos humanos <\/strong>disponibles para nuestro Centro es la presencia de una Orientadora durante 3 d\u00edas semanales.<\/p>\n","protected":false},"excerpt":{"rendered":"<p>&nbsp; PROA + es un Programa de Cooperaci\u00f3n Territorial para la Orientaci\u00f3n, Avance y Enriquecimiento Educativo en la situaci\u00f3n de emergencia educativa que estamos padeciendo por la pandemia ocasionada por la Covid-19. Nuestro Centro, se ha acogido a la convocatoria publicada en la Resoluci\u00f3n 27 de enero de 2021 de la Direcci\u00f3n General de Atenci\u00f3n &hellip; <\/p>\n<p><a class=\"more-link btn\" href=\"https:\/\/blogsaverroes.juntadeandalucia.es\/ceipvicentealeixandre\/proa\/\">Seguir leyendo<\/a><\/p>\n","protected":false},"author":2262,"featured_media":0,"parent":0,"menu_order":0,"comment_status":"closed","ping_status":"closed","template":"","meta":{"ngg_post_thumbnail":0,"footnotes":"","_mc_calendar":[]},"aioseo_notices":[],"_links":{"self":[{"href":"https:\/\/blogsaverroes.juntadeandalucia.es\/ceipvicentealeixandre\/wp-json\/wp\/v2\/pages\/2969"}],"collection":[{"href":"https:\/\/blogsaverroes.juntadeandalucia.es\/ceipvicentealeixandre\/wp-json\/wp\/v2\/pages"}],"about":[{"href":"https:\/\/blogsaverroes.juntadeandalucia.es\/ceipvicentealeixandre\/wp-json\/wp\/v2\/types\/page"}],"author":[{"embeddable":true,"href":"https:\/\/blogsaverroes.juntadeandalucia.es\/ceipvicentealeixandre\/wp-json\/wp\/v2\/users\/2262"}],"replies":[{"embeddable":true,"href":"https:\/\/blogsaverroes.juntadeandalucia.es\/ceipvicentealeixandre\/wp-json\/wp\/v2\/comments?post=2969"}],"version-history":[{"count":1,"href":"https:\/\/blogsaverroes.juntadeandalucia.es\/ceipvicentealeixandre\/wp-json\/wp\/v2\/pages\/2969\/revisions"}],"predecessor-version":[{"id":2971,"href":"https:\/\/blogsaverroes.juntadeandalucia.es\/ceipvicentealeixandre\/wp-json\/wp\/v2\/pages\/2969\/revisions\/2971"}],"wp:attachment":[{"href":"https:\/\/blogsaverroes.juntadeandalucia.es\/ceipvicentealeixandre\/wp-json\/wp\/v2\/media?parent=2969"}],"curies":[{"name":"wp","href":"https:\/\/api.w.org\/{rel}","templated":true}]}}