{"id":1071,"date":"2021-09-19T23:40:50","date_gmt":"2021-09-19T22:40:50","guid":{"rendered":"https:\/\/blogsaverroes.juntadeandalucia.es\/ceipvirgendebelen\/?page_id=1071"},"modified":"2025-08-01T22:45:00","modified_gmt":"2025-08-01T21:45:00","slug":"libros","status":"publish","type":"page","link":"https:\/\/blogsaverroes.juntadeandalucia.es\/ceipvirgendebelen\/curso-escolar\/libros\/","title":{"rendered":"Libros texto"},"content":{"rendered":"<p>[et_pb_section fb_built=&#8221;1&#8243; admin_label=&#8221;section&#8221; _builder_version=&#8221;4.16&#8243; global_colors_info=&#8221;{}&#8221;][et_pb_row admin_label=&#8221;row&#8221; _builder_version=&#8221;4.16&#8243; background_size=&#8221;initial&#8221; background_position=&#8221;top_left&#8221; background_repeat=&#8221;repeat&#8221; global_colors_info=&#8221;{}&#8221;][et_pb_column type=&#8221;4_4&#8243; _builder_version=&#8221;4.16&#8243; custom_padding=&#8221;|||&#8221; global_colors_info=&#8221;{}&#8221; custom_padding__hover=&#8221;|||&#8221;][et_pb_text admin_label=&#8221;Text&#8221; _builder_version=&#8221;4.16&#8243; background_size=&#8221;initial&#8221; background_position=&#8221;top_left&#8221; background_repeat=&#8221;repeat&#8221; global_colors_info=&#8221;{}&#8221;]<\/p>\n<p><b>\u00a0 5EDUCAC3 A\u00d1OS<\/b><\/p>\n<p>&nbsp;<\/p>\n<ul>\n<li style=\"font-weight: 400\"><span style=\"font-weight: 400\">PROYECTO MOMOI 3 A\u00d1OS (MUS) PRIMER TRIMESTRE. EDITORIAL EDELVIVES. ( ISBN- <\/span><span style=\"font-weight: 400\">978-8414044315<\/span><span style=\"font-weight: 400\">)<\/span><\/li>\n<li style=\"font-weight: 400\"><span style=\"font-weight: 400\">PROYECTO MOMOI 3 A\u00d1OS (MUS) SEGUNDO TRIMESTRE. EDITORIAL EDELVIVES. (ISBN:<\/span><span style=\"font-weight: 400\">9788414044322<\/span><span style=\"font-weight: 400\">)<\/span><\/li>\n<li style=\"font-weight: 400\"><span style=\"font-weight: 400\">CUADERNO DE GRAFOMOTRICIDAD 1. EDITORIAL EDELVIVES ( ISBN 978-84-263-8015-9)<\/span><\/li>\n<\/ul>\n<ul>\n<li style=\"font-weight: 400\"><span style=\"font-weight: 400\">CUADERNO DE GRAFOMOTRICIDAD 2 . EDITORIAL EDELVIVES . (ISBN 978-84-263-8016-6)<\/span><\/li>\n<li style=\"font-weight: 400\"><span style=\"font-weight: 400\">ALUMNADO <\/span><span style=\"font-weight: 400\">RELIGI\u00d3N RELIGI\u00d3N<\/span><span style=\"font-weight: 400\"> CAT\u00d3LICA. PROYECTO BRISA 3 A\u00d1OS. EDITORIAL EDELVIVES. (ISBN: 978-84-140-3336-4)<\/span><\/li>\n<li style=\"font-weight: 400\"><span style=\"font-weight: 400\">ALUMNADO <\/span><span style=\"font-weight: 400\">ATENCI\u00d3N EDUCATIVA<\/span><span style=\"font-weight: 400\">. PROYECTO FLUYE. 3 A\u00d1OS. EDELVIVES (ISBN 9788414025345)<\/span><\/li>\n<\/ul>\n<p>&nbsp;<\/p>\n<p>&nbsp;<\/p>\n<table style=\"width: 100%;border-collapse: collapse;border-style: solid;border-color: #1f41a6;background-color: #e6eff5\">\n<tbody>\n<tr>\n<td style=\"width: 712px;border-style: solid;border-color: #143296;background-color: #d5e8f0;text-align: center\"><span style=\"font-size: 24pt\"><strong>LIBROS DE TEXTO &#8211; CURSO 2025\/2026<\/strong><\/span><\/td>\n<\/tr>\n<tr>\n<td style=\"width: 712px;border-style: solid;border-color: #2e3cb3\">\n<h2><strong><\/strong><\/h2>\n<h2><strong><\/strong><\/h2>\n<h2><strong>EDUCACI\u00d3N <\/strong><strong>INFANTIL<\/strong><\/h2>\n<p><strong><\/strong><strong style=\"font-family: inherit;font-size: inherit;text-align: center\">RELACI\u00d3N DE LIBROS\u00a0 EDITORIAL <\/strong>EDELVIVES<\/p>\n<p><b>3 A\u00d1OS<\/b><\/p>\n<ul>\n<li style=\"font-weight: 400\"><span style=\"font-weight: 400\">PROYECTO MOMOI 3 A\u00d1OS (MUS) PRIMER TRIMESTRE. EDITORIAL EDELVIVES. ( ISBN- <\/span><span style=\"font-weight: 400\">978-8414044315<\/span><span style=\"font-weight: 400\">)<\/span><\/li>\n<li style=\"font-weight: 400\"><span style=\"font-weight: 400\">PROYECTO MOMOI 3 A\u00d1OS (MUS) SEGUNDO TRIMESTRE. EDITORIAL EDELVIVES. (ISBN:<\/span><span style=\"font-weight: 400\">9788414044322<\/span><span style=\"font-weight: 400\">)<\/span><\/li>\n<li style=\"font-weight: 400\"><span style=\"font-weight: 400\">CUADERNO DE GRAFOMOTRICIDAD 1. EDITORIAL EDELVIVES ( ISBN 978-84-263-8015-9)<\/span><\/li>\n<\/ul>\n<ul>\n<li style=\"font-weight: 400\"><span style=\"font-weight: 400\">CUADERNO DE GRAFOMOTRICIDAD 2 . EDITORIAL EDELVIVES . (ISBN 978-84-263-8016-6)<\/span><\/li>\n<li style=\"font-weight: 400\"><span style=\"font-weight: 400\">ALUMNADO <\/span><span style=\"font-weight: 400\">RELIGI\u00d3N RELIGI\u00d3N<\/span><span style=\"font-weight: 400\"> CAT\u00d3LICA. PROYECTO BRISA 3 A\u00d1OS. EDITORIAL EDELVIVES. (ISBN: 978-84-140-3336-4)<\/span><\/li>\n<li style=\"font-weight: 400\"><span style=\"font-weight: 400\">ALUMNADO <\/span><span style=\"font-weight: 400\">ATENCI\u00d3N EDUCATIVA<\/span><span style=\"font-weight: 400\">. PROYECTO FLUYE. 3 A\u00d1OS. EDELVIVES (ISBN 9788414025345)<\/span><\/li>\n<\/ul>\n<p><b><\/b><\/p>\n<p><b>4 A\u00d1OS<\/b><\/p>\n<ul>\n<li style=\"font-weight: 400\"><span style=\"font-weight: 400\">PROYECTO MOMOI 4 A\u00d1OS (KAI)\u00a0 PRIMER\u00a0 TRIMESTRE EDITORIAL EDELVIVES. (ISBN: 978-84-140-4443-8)<\/span><\/li>\n<li style=\"font-weight: 400\"><span style=\"font-weight: 400\">PROYECTO MOMOI 4 A\u00d1OS (KAI) SEGUNDO TRIMESTRE. EDITORIAL EDELVIVES. (ISBN: 978-84-140-4444-5)<\/span><\/li>\n<li style=\"font-weight: 400\"><span style=\"font-weight: 400\">M\u00c1S QUE N\u00daMEROS. CUADERNO 1. EDELVIVES. ( ISBN 8414643182818)<\/span><\/li>\n<li style=\"font-weight: 400\"><span style=\"font-weight: 400\">M\u00c1S QUE N\u00daMEROS. CUADERNO 2 EDELVIVES ( ISBN 9788414062548)<\/span><\/li>\n<li style=\"font-weight: 400\"><span style=\"font-weight: 400\">CUADERNO 1 LETRILANDIA PAUTA. EDITORIAL EDELVIVES. ( ISBN 9788426371393)<\/span><\/li>\n<\/ul>\n<ul>\n<li style=\"font-weight: 400\"><span style=\"font-weight: 400\">ALUMNADO RELIGI\u00d3N CAT\u00d3LICA PROYECTO BRISA. 4 A\u00d1OS. EDITORIAL EDELVIVES. (ISBN: 978-84-140-3339-5)<\/span><\/li>\n<li style=\"font-weight: 400\"><span style=\"font-weight: 400\">ALUMNADO ATENCI\u00d3N EDUCATIVA.PROYECTO FLUYE. 4 A\u00d1OS. EDELVIVES (ISBN 9788414025369)<\/span>\u00a0<\/li>\n<\/ul>\n<p>&nbsp;<\/p>\n<p>\u00a0<b>5 A\u00d1OS<\/b><\/p>\n<p><b><\/b><\/p>\n<ul>\n<li style=\"font-weight: 400\"><span style=\"font-weight: 400\">PROYECTO MOMOI 5 A\u00d1OS: SEGUNDO TRIMESTRE. (YUNO) EDITORIAL EDELVIVES. (ISBN: 978-84-140-4456-8)<\/span><\/li>\n<li style=\"font-weight: 400\"><span style=\"font-weight: 400\">PROYECTO MOMOI 5 A\u00d1OS\u00a0 TERCER TRIMESTRE (Y UNO) EDITORIAL EDELVIVES.( ISBN 9788414044575)<\/span><\/li>\n<li style=\"font-weight: 400\"><span style=\"font-weight: 400\">CARTILLA INICIACI\u00d3N A LA LECTURA I. NUEVO PARQUE DE PAPEL. SM. (ISBN 9788434864054.<\/span><\/li>\n<li style=\"font-weight: 400\"><span style=\"font-weight: 400\">CUADERNO M\u00c1S QUE N\u00daMEROS 4 EDELVIVES (ISBN 978-84-140-6256-2)<\/span><\/li>\n<li style=\"font-weight: 400\"><span style=\"font-weight: 400\">ALUMNADO RELIGI\u00d3N. PROYECTO BRISA 5 A\u00d1OS. EDITORIAL EDELVIVES: RELIGI\u00d3N CAT\u00d3LICA (ISBN: 978-84-140-3342-5)<\/span><\/li>\n<li style=\"font-weight: 400\"><span style=\"font-weight: 400\">ALUMNADO ATENCI\u00d3N EDUCATIVA. PROYECTO FLUYE. 5 A\u00d1OS. EDELVIVES ( ISBN 9788414025383)<\/span><\/li>\n<\/ul>\n<\/td>\n<\/tr>\n<tr>\n<td style=\"width: 712px\">\n<h2><strong>\u00a0EDUCACI\u00d3N\u00a0 PRIMARIA<\/strong><\/h2>\n<p><strong style=\"font-family: inherit;font-size: inherit;text-align: center\">\u00a0 \u00a0 RELACI\u00d3N DE LIBROS\u00a0 EDITORIAL SANTILLANA &#8211; GRAZALEMA ( sigue el enlace de cada <\/strong><strong style=\"font-family: inherit;font-size: inherit;text-align: center\">curso):<\/strong> \u00a0<\/p>\n<ul>\n<li style=\"text-align: left\"><strong>\u00a0 \u00a0 \u00a0 \u00a0\u00a0<span style=\"font-size: 18pt\"><a href=\"https:\/\/drive.google.com\/file\/d\/1y19cyx-3ecgl54cQxQwm-WjawHW3IKqk\/view?usp=sharing\"> 1\u00ba PRIMARIA<\/a><\/span><\/strong><\/li>\n<\/ul>\n<p>&nbsp;<\/p>\n<ul>\n<li style=\"text-align: left\"><span style=\"font-size: 18pt\"><strong style=\"font-family: inherit\">\u00a0 \u00a0<a href=\"https:\/\/drive.google.com\/file\/d\/1VCcvt-RGRXUTba3i8MJ3yZrqPocM5YY5\/view?usp=sharing\"> \u00a0 2<\/a><\/strong><a href=\"https:\/\/drive.google.com\/file\/d\/1VCcvt-RGRXUTba3i8MJ3yZrqPocM5YY5\/view?usp=sharing\"><strong style=\"font-family: inherit\">\u00ba PRIMARIA<\/strong><\/a><\/span><\/li>\n<\/ul>\n<p>&nbsp;<\/p>\n<ul>\n<li style=\"text-align: left\"><span style=\"font-size: 18pt\"><strong style=\"font-family: inherit\">\u00a0 \u00a0 \u00a0<a href=\"https:\/\/drive.google.com\/file\/d\/1JHVmw39RVGf4xN3BRfD3-2Q_Su9abXiS\/view?usp=sharing\"> 3\u00ba PRIMARIA<\/a><\/strong><\/span><\/li>\n<\/ul>\n<p>&nbsp;<\/p>\n<ul>\n<li style=\"text-align: left\"><span style=\"font-size: 18pt\"><strong style=\"font-family: inherit\">\u00a0 \u00a0 \u00a0 <a href=\"https:\/\/drive.google.com\/file\/d\/1hh_abSWx6LErEpmE6n1TRJBQAHBdWpc9\/view?usp=sharing\">4\u00ba PRIMARIA<\/a><\/strong><\/span><\/li>\n<\/ul>\n<p>&nbsp;<\/p>\n<ul>\n<li style=\"text-align: left\"><span style=\"font-size: 18pt\"><strong style=\"font-family: inherit\">\u00a0 \u00a0 \u00a0<a href=\"https:\/\/drive.google.com\/file\/d\/1Cb7QjvSqTvf-CHFp9B8awmx6hMs8vLUs\/view?usp=sharing\"> 5\u00ba PRIMARIA<\/a><\/strong><\/span><\/li>\n<\/ul>\n<p>&nbsp;<\/p>\n<ul>\n<li style=\"text-align: left\"><span style=\"font-size: 18pt\"><strong style=\"font-family: inherit\">\u00a0 \u00a0 \u00a0 <a href=\"https:\/\/drive.google.com\/file\/d\/1-nrysU-hgJBrbXJAcWw3ugFcaUrwglUm\/view?usp=sharing\">6\u00ba PRIMARIA<\/a><\/strong><\/span><\/li>\n<\/ul>\n<p style=\"text-align: left\">\n<\/td>\n<\/tr>\n<\/tbody>\n<\/table>\n<p>[\/et_pb_text][\/et_pb_column][\/et_pb_row][\/et_pb_section]<\/p>\n","protected":false},"excerpt":{"rendered":"<p>\u00a0 5EDUCAC3 A\u00d1OS &nbsp; PROYECTO MOMOI 3 A\u00d1OS (MUS) PRIMER TRIMESTRE. EDITORIAL EDELVIVES. ( ISBN- 978-8414044315) PROYECTO MOMOI 3 A\u00d1OS (MUS) SEGUNDO TRIMESTRE. EDITORIAL EDELVIVES. (ISBN:9788414044322) CUADERNO DE GRAFOMOTRICIDAD 1. EDITORIAL EDELVIVES ( ISBN 978-84-263-8015-9) CUADERNO DE GRAFOMOTRICIDAD 2 . EDITORIAL EDELVIVES . (ISBN 978-84-263-8016-6) ALUMNADO RELIGI\u00d3N RELIGI\u00d3N CAT\u00d3LICA. PROYECTO BRISA 3 A\u00d1OS. EDITORIAL EDELVIVES. [&hellip;]<\/p>\n","protected":false},"author":11969,"featured_media":0,"parent":1219,"menu_order":6,"comment_status":"closed","ping_status":"closed","template":"","meta":{"_et_pb_use_builder":"on","_et_pb_old_content":"<table style=\"width: 100%;border-collapse: collapse;border-style: solid;border-color: #1f41a6;background-color: #e6eff5\">\r\n<tbody>\r\n<tr>\r\n<td style=\"width: 712px;border-style: solid;border-color: #143296;background-color: #d5e8f0;text-align: center\"><span style=\"font-size: 24pt\"><strong>LIBROS DE TEXTO EDUCACI\u00d3N INFANTIL Y PRIMARIA&nbsp; CURSO 2024\/25<\/strong><\/span><\/td>\r\n<\/tr>\r\n<tr>\r\n<td style=\"width: 712px;border-style: solid;border-color: #2e3cb3\">\r\n<h2><strong>&nbsp; &nbsp; &nbsp; <\/strong><strong>INFANTIL<\/strong><\/h2>\r\n<strong><span style=\"font-size: 18pt;color: #000000\">3 A\u00d1OS<\/span><\/strong>\r\n<ul>\r\n \t<li><span style=\"font-size: 14pt\">PROYECTO MOMOI 3 A\u00d1OS (MUS) 2\u00ba TRIMESTRE. EDITORIAL EDELVIVES. (ISBN: 9788490466711)<\/span><\/li>\r\n \t<li><span style=\"font-size: 14pt\">PROYECTO MOMOI 3 A\u00d1OS (MUS) 3er TRIMESTRE. EDITORIAL EDELVIVES. (ISBN: 9788414044339)<\/span><\/li>\r\n \t<li><span style=\"font-size: 14pt\">LA LECTO. LOS MENSAJES DE MUS. NIVEL 1. N\u00daMERO 1. EDELVIVES. (ISBN: 978-84-140-5559-5)<\/span><\/li>\r\n \t<li><span style=\"font-size: 14pt\">LA LECTO. LOS MENSAJES DE MUS. NIVEL 1. N\u00daMERO 3. EDELVIVES. (ISBN: 978-84-140-5561-8)<\/span><\/li>\r\n \t<li><span style=\"font-size: 14pt\">CUADERNO DE N\u00daMEROS. N\u00daMERO 1. EDITORIAL EDELVIVES. (ISBN: 978-84-263-5814-1)<\/span><\/li>\r\n \t<li><span style=\"font-size: 14pt\">RELIGI\u00d3N CAT\u00d3LICA PROYECTO BRISA 3 A\u00d1OS. EDITORIAL EDELVIVES. (ISBN: 978-84-140-3336-4)<\/span><\/li>\r\n<\/ul>\r\n&nbsp;\r\n\r\n<span style=\"color: #000000\"><strong><span style=\"font-size: 18pt\">4 A\u00d1OS<\/span><\/strong><\/span>\r\n<ul>\r\n \t<li><span style=\"font-size: 14pt\">&nbsp;PROYECTO MOMOI 4 A\u00d1OS (KAI) 1\u00ba TRIMESTRE. EDITORIAL EDELVIVES. (ISBN: 978-84-140-4443-8)<\/span><\/li>\r\n \t<li><span style=\"font-size: 14pt\">&nbsp;PROYECTO MOMOI 4 A\u00d1OS (KAI) 2\u00ba TRIMESTRE. EDITORIAL EDELVIVES. (ISBN: 978-84-140-4444-5)<\/span><\/li>\r\n \t<li><span style=\"font-size: 14pt\">RELIGI\u00d3N CAT\u00d3LICA PROYECTO BRISA. 4 A\u00d1OS. EDITORIAL EDELVIVES. (ISBN: 978-84-140-3339-5)<\/span><\/li>\r\n<\/ul>\r\n&nbsp;\r\n\r\n<strong><span style=\"font-size: 18pt;color: #000000\">5 A\u00d1OS<\/span><\/strong>\r\n<ul>\r\n \t<li><span style=\"font-size: 14pt\">PROYECTO MOMOI 5 A\u00d1OS: 1\u00ba TRIMESTRE. (YUNO) EDITORIAL EDELVIVES. (ISBN: 978-84-140-4455-<\/span><span style=\"font-size: 14pt\">1)<\/span><\/li>\r\n \t<li><span style=\"font-size: 14pt\">PROYECTO MOMOI 5 A\u00d1OS: 2\u00ba TRIMESTRE. (YUNO) EDITORIAL EDELVIVES. (ISBN: 978-84-140-4456-<\/span><span style=\"font-size: 14pt\">8)<\/span><\/li>\r\n \t<li><span style=\"font-size: 14pt\">LIBRO DE LECTURA \u201cNUEVO CARACOLES- ISABEL CEBALLOS\u201d. EDITORIAL VICENS VIVES. (ISBN: 978-<\/span><span style=\"font-size: 14pt\">84-6821-943-1)<\/span><\/li>\r\n \t<li><span style=\"font-size: 14pt\">PROYECTO BRISA 5 A\u00d1OS. EDITORIAL EDELVIVES: RELIGI\u00d3N CAT\u00d3LICA (ISBN: 978-84-140-3342-5)<\/span><\/li>\r\n<\/ul>\r\n<h2>&nbsp;<\/h2>\r\n<\/td>\r\n<\/tr>\r\n<tr>\r\n<td style=\"width: 712px\">\r\n<h2><strong>&nbsp; &nbsp; &nbsp; &nbsp; &nbsp;<\/strong><\/h2>\r\n<h2><strong>&nbsp; &nbsp; &nbsp;LIBROS PRIMARIA<\/strong><\/h2>\r\n<strong style=\"font-family: inherit;font-size: inherit;text-align: center\">&nbsp; &nbsp; RELACI\u00d3N DE LIBROS&nbsp; EDITORIAL SANTILLANA- GRAZALEMA ( sigue el enlace de cada <\/strong><strong style=\"font-family: inherit;font-size: inherit;text-align: center\">curso):<\/strong>\r\n\r\n&nbsp;\r\n<ul>\r\n \t<li style=\"text-align: left\"><strong>&nbsp; &nbsp; &nbsp; &nbsp;&nbsp;<span style=\"font-size: 18pt\"><a href=\"https:\/\/drive.google.com\/file\/d\/1y19cyx-3ecgl54cQxQwm-WjawHW3IKqk\/view?usp=sharing\"> 1\u00ba PRIMARIA<\/a><\/span><\/strong><\/li>\r\n<\/ul>\r\n&nbsp;\r\n<ul>\r\n \t<li style=\"text-align: left\"><span style=\"font-size: 18pt\"><strong style=\"font-family: inherit\">&nbsp; &nbsp;<a href=\"https:\/\/drive.google.com\/file\/d\/1VCcvt-RGRXUTba3i8MJ3yZrqPocM5YY5\/view?usp=sharing\"> &nbsp; 2<\/a><\/strong><a href=\"https:\/\/drive.google.com\/file\/d\/1VCcvt-RGRXUTba3i8MJ3yZrqPocM5YY5\/view?usp=sharing\"><strong style=\"font-family: inherit\">\u00ba PRIMARIA<\/strong><\/a><\/span><\/li>\r\n<\/ul>\r\n&nbsp;\r\n<ul>\r\n \t<li style=\"text-align: left\"><span style=\"font-size: 18pt\"><strong style=\"font-family: inherit\">&nbsp; &nbsp; &nbsp;<a href=\"https:\/\/drive.google.com\/file\/d\/1JHVmw39RVGf4xN3BRfD3-2Q_Su9abXiS\/view?usp=sharing\"> 3\u00ba PRIMARIA<\/a><\/strong><\/span><\/li>\r\n<\/ul>\r\n&nbsp;\r\n<ul>\r\n \t<li style=\"text-align: left\"><span style=\"font-size: 18pt\"><strong style=\"font-family: inherit\">&nbsp; &nbsp; &nbsp; <a href=\"https:\/\/drive.google.com\/file\/d\/1hh_abSWx6LErEpmE6n1TRJBQAHBdWpc9\/view?usp=sharing\">4\u00ba PRIMARIA<\/a><\/strong><\/span><\/li>\r\n<\/ul>\r\n&nbsp;\r\n<ul>\r\n \t<li style=\"text-align: left\"><span style=\"font-size: 18pt\"><strong style=\"font-family: inherit\">&nbsp; &nbsp; &nbsp;<a href=\"https:\/\/drive.google.com\/file\/d\/1Cb7QjvSqTvf-CHFp9B8awmx6hMs8vLUs\/view?usp=sharing\"> 5\u00ba PRIMARIA<\/a><\/strong><\/span><\/li>\r\n<\/ul>\r\n&nbsp;\r\n<ul>\r\n \t<li style=\"text-align: left\"><span style=\"font-size: 18pt\"><strong style=\"font-family: inherit\">&nbsp; &nbsp; &nbsp; <a href=\"https:\/\/drive.google.com\/file\/d\/1-nrysU-hgJBrbXJAcWw3ugFcaUrwglUm\/view?usp=sharing\">6\u00ba PRIMARIA<\/a><\/strong><\/span><\/li>\r\n<\/ul>\r\n<p style=\"text-align: left\">&nbsp;<\/p>\r\n<\/td>\r\n<\/tr>\r\n<\/tbody>\r\n<\/table>","_et_gb_content_width":"","ngg_post_thumbnail":0,"footnotes":""},"aioseo_notices":[],"_links":{"self":[{"href":"https:\/\/blogsaverroes.juntadeandalucia.es\/ceipvirgendebelen\/wp-json\/wp\/v2\/pages\/1071"}],"collection":[{"href":"https:\/\/blogsaverroes.juntadeandalucia.es\/ceipvirgendebelen\/wp-json\/wp\/v2\/pages"}],"about":[{"href":"https:\/\/blogsaverroes.juntadeandalucia.es\/ceipvirgendebelen\/wp-json\/wp\/v2\/types\/page"}],"author":[{"embeddable":true,"href":"https:\/\/blogsaverroes.juntadeandalucia.es\/ceipvirgendebelen\/wp-json\/wp\/v2\/users\/11969"}],"replies":[{"embeddable":true,"href":"https:\/\/blogsaverroes.juntadeandalucia.es\/ceipvirgendebelen\/wp-json\/wp\/v2\/comments?post=1071"}],"version-history":[{"count":25,"href":"https:\/\/blogsaverroes.juntadeandalucia.es\/ceipvirgendebelen\/wp-json\/wp\/v2\/pages\/1071\/revisions"}],"predecessor-version":[{"id":5989,"href":"https:\/\/blogsaverroes.juntadeandalucia.es\/ceipvirgendebelen\/wp-json\/wp\/v2\/pages\/1071\/revisions\/5989"}],"up":[{"embeddable":true,"href":"https:\/\/blogsaverroes.juntadeandalucia.es\/ceipvirgendebelen\/wp-json\/wp\/v2\/pages\/1219"}],"wp:attachment":[{"href":"https:\/\/blogsaverroes.juntadeandalucia.es\/ceipvirgendebelen\/wp-json\/wp\/v2\/media?parent=1071"}],"curies":[{"name":"wp","href":"https:\/\/api.w.org\/{rel}","templated":true}]}}