{"id":64,"date":"2020-01-09T11:41:42","date_gmt":"2020-01-09T10:41:42","guid":{"rendered":"http:\/\/blogsaverroes.juntadeandalucia.es\/pre\/nuevoceipv2\/?page_id=64"},"modified":"2022-03-02T22:41:33","modified_gmt":"2022-03-02T21:41:33","slug":"biblioteca","status":"publish","type":"page","link":"https:\/\/blogsaverroes.juntadeandalucia.es\/ceipvirgendebelen\/curso-escolar\/biblioteca\/","title":{"rendered":"Biblioteca"},"content":{"rendered":"<p>[et_pb_section fb_built=&#8221;1&#8243; fullwidth=&#8221;on&#8221; admin_label=&#8221;Hero&#8221; module_id=&#8221;siete&#8221; _builder_version=&#8221;4.5.0&#8243; background_color=&#8221;#ffffff&#8221; background_enable_image=&#8221;off&#8221; top_divider_color=&#8221;rgba(255,255,255,0.06)&#8221; top_divider_height=&#8221;30%&#8221; global_colors_info=&#8221;{}&#8221;][et_pb_fullwidth_header text_orientation=&#8221;center&#8221; admin_label=&#8221;Cabecera Imagen&#8221; _builder_version=&#8221;4.14.5&#8243; title_level=&#8221;h2&#8243; title_font=&#8221;Montserrat|700||on|||||&#8221; title_text_color=&#8221;#8300e9&#8243; title_font_size=&#8221;16px&#8221; title_letter_spacing=&#8221;5px&#8221; title_line_height=&#8221;1.4em&#8221; content_font=&#8221;Open Sans||||||||&#8221; content_font_size=&#8221;18px&#8221; content_line_height=&#8221;2em&#8221; subhead_font=&#8221;Montserrat|700|||||||&#8221; subhead_text_color=&#8221;#8300e9&#8243; subhead_font_size=&#8221;50px&#8221; subhead_line_height=&#8221;1.4em&#8221; background_enable_color=&#8221;off&#8221; background_image=&#8221;https:\/\/blogsaverroes.juntadeandalucia.es\/ceipvirgendebelen\/files\/2021\/10\/ebbbd110-b491-43d2-b175-4465ddc04064.jpg&#8221; custom_button_one=&#8221;on&#8221; button_one_text_size=&#8221;16px&#8221; button_one_text_color=&#8221;#ffffff&#8221; button_one_bg_color=&#8221;#ff7355&#8243; button_one_border_width=&#8221;15px&#8221; button_one_border_color=&#8221;rgba(210,159,104,0)&#8221; button_one_border_radius=&#8221;100px&#8221; button_one_font=&#8221;Open Sans|700|||||||&#8221; button_one_use_icon=&#8221;off&#8221; custom_button_two=&#8221;on&#8221; button_two_text_size=&#8221;16px&#8221; button_two_text_color=&#8221;#ffffff&#8221; button_two_bg_color=&#8221;rgba(0,0,0,0.6)&#8221; button_two_border_width=&#8221;15px&#8221; button_two_border_color=&#8221;rgba(210,159,104,0)&#8221; button_two_border_radius=&#8221;100px&#8221; button_two_font=&#8221;Open Sans|700|||||||&#8221; button_two_use_icon=&#8221;off&#8221; min_height=&#8221;333px&#8221; max_height=&#8221;300px&#8221; max_height_tablet=&#8221;99px&#8221; max_height_phone=&#8221;&#8221; max_height_last_edited=&#8221;on|phone&#8221; custom_margin=&#8221;||155px|||&#8221; custom_padding=&#8221;0vw||3vw|||&#8221; child_filter_invert=&#8221;70%&#8221; animation_style=&#8221;slide&#8221; animation_direction=&#8221;bottom&#8221; animation_intensity_slide=&#8221;1%&#8221; hover_enabled=&#8221;0&#8243; content_font_size_tablet=&#8221;&#8221; content_font_size_phone=&#8221;16px&#8221; content_font_size_last_edited=&#8221;on|phone&#8221; subhead_font_size_tablet=&#8221;&#8221; subhead_font_size_phone=&#8221;30px&#8221; subhead_font_size_last_edited=&#8221;on|phone&#8221; z_index_tablet=&#8221;500&#8243; title_text_shadow_horizontal_length_tablet=&#8221;0px&#8221; title_text_shadow_vertical_length_tablet=&#8221;0px&#8221; title_text_shadow_blur_strength_tablet=&#8221;1px&#8221; content_text_shadow_horizontal_length_tablet=&#8221;0px&#8221; content_text_shadow_vertical_length_tablet=&#8221;0px&#8221; content_text_shadow_blur_strength_tablet=&#8221;1px&#8221; subhead_text_shadow_horizontal_length_tablet=&#8221;0px&#8221; subhead_text_shadow_vertical_length_tablet=&#8221;0px&#8221; subhead_text_shadow_blur_strength_tablet=&#8221;1px&#8221; content_link_text_shadow_horizontal_length_tablet=&#8221;0px&#8221; content_link_text_shadow_vertical_length_tablet=&#8221;0px&#8221; content_link_text_shadow_blur_strength_tablet=&#8221;1px&#8221; content_ul_text_shadow_horizontal_length_tablet=&#8221;0px&#8221; content_ul_text_shadow_vertical_length_tablet=&#8221;0px&#8221; content_ul_text_shadow_blur_strength_tablet=&#8221;1px&#8221; content_ol_text_shadow_horizontal_length_tablet=&#8221;0px&#8221; content_ol_text_shadow_vertical_length_tablet=&#8221;0px&#8221; content_ol_text_shadow_blur_strength_tablet=&#8221;1px&#8221; content_quote_text_shadow_horizontal_length_tablet=&#8221;0px&#8221; content_quote_text_shadow_vertical_length_tablet=&#8221;0px&#8221; content_quote_text_shadow_blur_strength_tablet=&#8221;1px&#8221; border_width_all_image=&#8221;7px&#8221; border_color_all_image=&#8221;#8300e9&#8243; button_one_text_shadow_horizontal_length_tablet=&#8221;0px&#8221; button_one_text_shadow_vertical_length_tablet=&#8221;0px&#8221; button_one_text_shadow_blur_strength_tablet=&#8221;1px&#8221; button_two_text_shadow_horizontal_length_tablet=&#8221;0px&#8221; button_two_text_shadow_vertical_length_tablet=&#8221;0px&#8221; button_two_text_shadow_blur_strength_tablet=&#8221;1px&#8221; box_shadow_style=&#8221;preset6&#8243; box_shadow_vertical=&#8221;-10px&#8221; box_shadow_color=&#8221;rgba(0,0,0,0.2)&#8221; box_shadow_horizontal_image_tablet=&#8221;0px&#8221; box_shadow_vertical_image_tablet=&#8221;0px&#8221; box_shadow_blur_image_tablet=&#8221;40px&#8221; box_shadow_spread_image_tablet=&#8221;0px&#8221; box_shadow_horizontal_button_one_tablet=&#8221;0px&#8221; box_shadow_vertical_button_one_tablet=&#8221;0px&#8221; box_shadow_blur_button_one_tablet=&#8221;40px&#8221; box_shadow_spread_button_one_tablet=&#8221;0px&#8221; box_shadow_horizontal_button_two_tablet=&#8221;0px&#8221; box_shadow_vertical_button_two_tablet=&#8221;0px&#8221; box_shadow_blur_button_two_tablet=&#8221;40px&#8221; box_shadow_spread_button_two_tablet=&#8221;0px&#8221; text_shadow_horizontal_length_tablet=&#8221;0px&#8221; text_shadow_vertical_length_tablet=&#8221;0px&#8221; text_shadow_blur_strength_tablet=&#8221;1px&#8221; locked=&#8221;off&#8221; global_colors_info=&#8221;{}&#8221; button_one_text_size__hover_enabled=&#8221;off&#8221; button_one_text_size__hover=&#8221;null&#8221; button_two_text_size__hover_enabled=&#8221;off&#8221; button_two_text_size__hover=&#8221;null&#8221; button_one_text_color__hover_enabled=&#8221;off&#8221; button_one_text_color__hover=&#8221;null&#8221; button_two_text_color__hover_enabled=&#8221;off&#8221; button_two_text_color__hover=&#8221;null&#8221; button_one_border_width__hover_enabled=&#8221;off&#8221; button_one_border_width__hover=&#8221;null&#8221; button_two_border_width__hover_enabled=&#8221;off&#8221; button_two_border_width__hover=&#8221;null&#8221; button_one_border_color__hover_enabled=&#8221;off&#8221; button_one_border_color__hover=&#8221;null&#8221; button_two_border_color__hover_enabled=&#8221;off&#8221; button_two_border_color__hover=&#8221;null&#8221; button_one_border_radius__hover_enabled=&#8221;on&#8221; button_one_border_radius__hover=&#8221;100px&#8221; button_two_border_radius__hover_enabled=&#8221;on&#8221; button_two_border_radius__hover=&#8221;100px&#8221; button_one_letter_spacing__hover_enabled=&#8221;off&#8221; button_one_letter_spacing__hover=&#8221;null&#8221; button_two_letter_spacing__hover_enabled=&#8221;off&#8221; button_two_letter_spacing__hover=&#8221;null&#8221; button_one_bg_color__hover_enabled=&#8221;on&#8221; button_one_bg_color__hover=&#8221;#ff8a70&#8243; button_two_bg_color__hover_enabled=&#8221;on&#8221; button_two_bg_color__hover=&#8221;#ff8a70&#8243; sticky_enabled=&#8221;0&#8243;][\/et_pb_fullwidth_header][\/et_pb_section][et_pb_section fb_built=&#8221;1&#8243; disabled_on=&#8221;off|off|off&#8221; module_id=&#8221;dos&#8221; _builder_version=&#8221;4.5.0&#8243; custom_padding=&#8221;0px||0px|52px||&#8221; z_index_tablet=&#8221;500&#8243; box_shadow_horizontal_tablet=&#8221;0px&#8221; box_shadow_vertical_tablet=&#8221;0px&#8221; box_shadow_blur_tablet=&#8221;40px&#8221; box_shadow_spread_tablet=&#8221;0px&#8221; global_colors_info=&#8221;{}&#8221;][et_pb_row column_structure=&#8221;3_5,2_5&#8243; _builder_version=&#8221;4.14.5&#8243; background_size=&#8221;initial&#8221; background_position=&#8221;top_left&#8221; background_repeat=&#8221;repeat&#8221; width=&#8221;100%&#8221; custom_margin=&#8221;|91px||15px||&#8221; global_colors_info=&#8221;{}&#8221;][et_pb_column type=&#8221;3_5&#8243; _builder_version=&#8221;3.0.47&#8243; custom_padding=&#8221;|||&#8221; global_colors_info=&#8221;{}&#8221; custom_padding__hover=&#8221;|||&#8221;][et_pb_text admin_label=&#8221;Texto descriptivo&#8221; module_id=&#8221;enlace1&#8243; _builder_version=&#8221;4.5.0&#8243; background_enable_color=&#8221;off&#8221; width=&#8221;96.9%&#8221; custom_padding=&#8221;|2px||46px||&#8221; z_index_tablet=&#8221;500&#8243; text_text_shadow_horizontal_length_tablet=&#8221;0px&#8221; text_text_shadow_vertical_length_tablet=&#8221;0px&#8221; text_text_shadow_blur_strength_tablet=&#8221;1px&#8221; link_text_shadow_horizontal_length_tablet=&#8221;0px&#8221; link_text_shadow_vertical_length_tablet=&#8221;0px&#8221; link_text_shadow_blur_strength_tablet=&#8221;1px&#8221; ul_text_shadow_horizontal_length_tablet=&#8221;0px&#8221; ul_text_shadow_vertical_length_tablet=&#8221;0px&#8221; ul_text_shadow_blur_strength_tablet=&#8221;1px&#8221; ol_text_shadow_horizontal_length_tablet=&#8221;0px&#8221; ol_text_shadow_vertical_length_tablet=&#8221;0px&#8221; ol_text_shadow_blur_strength_tablet=&#8221;1px&#8221; quote_text_shadow_horizontal_length_tablet=&#8221;0px&#8221; quote_text_shadow_vertical_length_tablet=&#8221;0px&#8221; quote_text_shadow_blur_strength_tablet=&#8221;1px&#8221; header_text_shadow_horizontal_length_tablet=&#8221;0px&#8221; header_text_shadow_vertical_length_tablet=&#8221;0px&#8221; header_text_shadow_blur_strength_tablet=&#8221;1px&#8221; header_2_text_shadow_horizontal_length_tablet=&#8221;0px&#8221; header_2_text_shadow_vertical_length_tablet=&#8221;0px&#8221; header_2_text_shadow_blur_strength_tablet=&#8221;1px&#8221; header_3_text_shadow_horizontal_length_tablet=&#8221;0px&#8221; header_3_text_shadow_vertical_length_tablet=&#8221;0px&#8221; header_3_text_shadow_blur_strength_tablet=&#8221;1px&#8221; header_4_text_shadow_horizontal_length_tablet=&#8221;0px&#8221; header_4_text_shadow_vertical_length_tablet=&#8221;0px&#8221; header_4_text_shadow_blur_strength_tablet=&#8221;1px&#8221; header_5_text_shadow_horizontal_length_tablet=&#8221;0px&#8221; header_5_text_shadow_vertical_length_tablet=&#8221;0px&#8221; header_5_text_shadow_blur_strength_tablet=&#8221;1px&#8221; header_6_text_shadow_horizontal_length_tablet=&#8221;0px&#8221; header_6_text_shadow_vertical_length_tablet=&#8221;0px&#8221; header_6_text_shadow_blur_strength_tablet=&#8221;1px&#8221; box_shadow_horizontal_tablet=&#8221;0px&#8221; box_shadow_vertical_tablet=&#8221;0px&#8221; box_shadow_blur_tablet=&#8221;40px&#8221; box_shadow_spread_tablet=&#8221;0px&#8221; global_colors_info=&#8221;{}&#8221;]<\/p>\n<h2>\u00a0<\/h2>\n<h2>\u00a0<\/h2>\n<h2>\u00a0<\/h2>\n<h2>\u00a0<\/h2>\n<p>&nbsp;<\/p>\n<p>&nbsp;<\/p>\n<p>&nbsp;<\/p>\n<p>&nbsp;<\/p>\n<p>&nbsp;<\/p>\n<p>&nbsp;<\/p>\n<p>&nbsp;<\/p>\n<p>&nbsp;<\/p>\n<h2>\u00a0<\/h2>\n<p><strong><img loading=\"lazy\" decoding=\"async\" class=\"wp-image-1340 size-full alignleft\" src=\"https:\/\/blogsaverroes.juntadeandalucia.es\/ceipvirgendebelen\/files\/2021\/09\/Senio_con_muchos_libros.gif\" alt=\"\" width=\"115\" height=\"204\" \/><\/strong><\/p>\n<p>&nbsp;<\/p>\n<h4><span style=\"font-size: small\">No dejes de ver:<\/span><\/h4>\n<h4><\/h4>\n<h4><span style=\"font-size: xx-small\"><strong><span style=\"color: #06891e\"><a href=\"http:\/\/bibliotecacpvirgendebelen.blogspot.com\" style=\"color: #06891e\">BLOG DE LA BIBLIOTECA\u00a0\u00a0<\/a><\/span><\/strong><\/span><\/h4>\n<h4><span style=\"font-size: xx-small\"><strong><span style=\"text-decoration: underline\"><\/span><span style=\"color: #06891e\"><\/span><span style=\"color: #06891e\"><a href=\"http:\/\/revistaescolarvirgendebelen.blogspot.com\/\" style=\"color: #06891e\">REVISTA ESCOLAR\u00a0<\/a><\/span><span style=\"text-decoration: underline\"><\/span><span style=\"color: #06891e\"><\/span><\/strong><\/span><\/h4>\n<h4><span style=\"font-size: xx-small\"><strong><span style=\"color: #06891e\"><a href=\"https:\/\/colegiomalagavirgendebelen.wordpress.com\/2015\/03\/18\/cuentos-de-valores-2-0-2\/\" style=\"color: #06891e\">CUENTOS\u00a0 DE VALORES\u00a0<\/a><\/span><\/strong><\/span><span style=\"text-decoration: underline;font-size: small\"><\/span><\/h4>\n<h4><strong style=\"font-size: x-small\"><span style=\"color: #06891e\"><a href=\"http:\/\/bibliotecacpvirgendebelen.blogspot.com\" style=\"color: #06891e\"><\/a><\/span><\/strong><\/h4>\n<h4><span style=\"text-decoration: underline;font-size: small\"><\/span><\/h4>\n<h4><span style=\"text-decoration: underline;font-size: small\"><\/span><\/h4>\n<p>\u00a0<strong style=\"font-size: 12pt\">DISFRUTA DE TU BIBLIOTECA<\/strong><strong style=\"font-size: 12pt\">\u00a0 \u00a0 \u00a0<\/strong><\/p>\n<p style=\"text-align: justify\">La biblioteca es un rinc\u00f3n especial en el cole.. en el que la lectura, la escritura y los sue\u00f1os se ponen al servicio de tu imaginaci\u00f3n. No pases de largo y entra\u2026 te sentir\u00e1s en otro mundo, donde todo es posible. Forma parte del centro de ense\u00f1anza como un elemento did\u00e1ctico que est\u00e1 a disposici\u00f3n de alumnos y profesores. Responde a la necesidad del desarrollo de los planes de estudio propuestos por el centro y a los proyectos que se lleven a cabo en \u00e9l.<\/p>\n<p style=\"text-align: justify\">\n<ol>\n<li><a href=\"#Que-pretendemos-con-nuestra-Biblioteca\"><span style=\"text-decoration: underline\"><strong>Qu\u00e9 pretendemos con nuestra biblioteca<\/strong><\/span><\/a><\/li>\n<li><span style=\"text-decoration: underline\"><a href=\"#Como-se-organiza\"><strong>C<\/strong><strong>\u00f3mo se organiza<\/strong><\/a><\/span><\/li>\n<li><span style=\"text-decoration: underline\"><a href=\"#Sesiones-de-formacion\"><strong>Sesiones de formaci\u00f3n<\/strong><\/a><\/span><\/li>\n<li><span style=\"text-decoration: underline\"><a href=\"#Politica-de-prestamos\"><strong>Pol\u00edtica de pr\u00e9stamos<\/strong><\/a><\/span><\/li>\n<li><span style=\"text-decoration: underline\"><a href=\"#Uso-de-la-Biblioteca\"><strong>Uso de la biblioteca<\/strong><\/a><\/span><\/li>\n<li><span style=\"text-decoration: underline\"><a href=\"#Normas\"><strong>Normas<\/strong><\/a><\/span><\/li>\n<li><span style=\"text-decoration: underline\"><a href=\"#Itinerario\"><strong>Itinerario y Proyecto lector<\/strong><\/a><\/span>\u00a0<\/li>\n<\/ol>\n<p>&nbsp;<\/p>\n<p>&nbsp;<\/p>\n<p>&nbsp;<\/p>\n<p>[\/et_pb_text][et_pb_button button_url=&#8221;#certamen-literario&#8221; button_text=&#8221;CERTAMEN LITERARIO&#8221; button_alignment=&#8221;center&#8221; module_id=&#8221;Como-se-organiza&#8221; _builder_version=&#8221;4.14.5&#8243; _module_preset=&#8221;default&#8221; custom_button=&#8221;on&#8221; button_text_size=&#8221;30px&#8221; button_text_color=&#8221;#7cda24&#8243; button_bg_image=&#8221;https:\/\/blogsaverroes.juntadeandalucia.es\/ceipvirgendebelen\/files\/2021\/09\/colegio.jpg&#8221; button_bg_size=&#8221;contain&#8221; button_border_width=&#8221;13px&#8221; animation_style=&#8221;fold&#8221; box_shadow_style=&#8221;preset4&#8243; global_colors_info=&#8221;{}&#8221;][\/et_pb_button][et_pb_text module_id=&#8221;Como-se-organiza&#8221; _builder_version=&#8221;4.5.0&#8243; _module_preset=&#8221;default&#8221; width=&#8221;99.8%&#8221; custom_padding=&#8221;|0px||21px||&#8221; global_colors_info=&#8221;{}&#8221;]<\/p>\n<p>&nbsp;<\/p>\n<p><span style=\"font-size: 14px\">\u00a0<\/span><\/p>\n<p>&nbsp;<\/p>\n<p><span style=\"font-size: 10pt;color: #3366ff\"><strong>1.- QU\u00c9 PRETENDEMOS CON NUESTRA BIBLIOTECA\u00a0<\/strong><\/span><\/p>\n<ul>\n<li>Reunir, ordenar y ofrecer en las mejores condiciones los libros, revistas, discos&#8230; as\u00ed como cualquier otro material que los alumnos puedan necesitar para adquirir los conocimientos de cada nivel y los profesores\u00a0 para impartirlos.<\/li>\n<li>Conseguir un cat\u00e1logo extenso que agrupe obras\u00a0 de literatura infantil y juvenil que permitan actuaciones para crear en el\u00a0 \u00a0alumnado el h\u00e1bito de la lectura.<\/li>\n<li>Llegar a ser una herramienta imprescindible en el desarrollo de la vida escolar y su integraci\u00f3n en la programaci\u00f3n general del centro y en los diferentes\u00a0 niveles.<\/li>\n<li>Habituar a los alumnos a manejar libros y dem\u00e1s materiales para conseguir en ellos el m\u00e1ximo rendimiento como fuentes de informaci\u00f3n, de estudio o de recreo.Ser el motor de las actividades de \u00a0animaci\u00f3n a la\u00a0 \u00a0lectura que tengan lugar en el colegio, fomentando el intercambio de experiencias lectoras entre los alumnos, creando en ellos una conciencia favorable a la biblioteca y proporcion\u00e1ndoles vivencias variadas y enriquecedoras referidas al mundo del libro.<\/li>\n<\/ul>\n<p>&nbsp;<\/p>\n<p><span style=\"font-size: small;color: #3366ff\"><strong>2.- C\u00d3MO SE ORGANIZA:<\/strong><\/span><\/p>\n<p>Nuestra biblioteca es peque\u00f1a aunque con muchas posibilidades:<\/p>\n<ul>\n<li>Se prestan los servicios habituales de la biblioteca: pr\u00e9stamos y devoluciones, consultas, asesoramiento, proyectos lectores&#8230;<br \/>Existe un horario de biblioteca donde todas las tutor\u00edas y profesores especialistas que lo han solicitado, disponen de al menos una sesi\u00f3n a la semana para visitar la biblioteca con la clase. Se llevan a cabo las actividades de educaci\u00f3n complementaria puesto que tenemos un espacio dedicado a valores con libros sobre el tema.<\/li>\n<li>En nuestro centro, se dan diplomas cada mes al mejor lector\/ lectora y clase m\u00e1s lectora. Tambi\u00e9n organizamos un concurso literario de cuentos en el que participan alumnos de los 6 niveles de primaria, dando un premio por nivel y encuadernando todos los cuentos de los participantes para integrarlos en el cat\u00e1logo de la biblioteca.<\/li>\n<\/ul>\n<p>&nbsp;<\/p>\n<h3 id=\"Sesiones-de-formacion\"><span style=\"color: #3366ff;font-size: 10pt\"><strong>3.-SESIONES DE FORMACI\u00d3N<\/strong><\/span><\/h3>\n<p>&nbsp;<\/p>\n<p>Se imparten sesiones de formaci\u00f3n de usuarios para que el alumnado conozca el funcionamiento y la organizaci\u00f3n de la biblioteca y el sistema de pr\u00e9stamos:<\/p>\n<p>&nbsp;<\/p>\n<h3 id=\"Politica-de-prestamos\"><span style=\"color: #3366ff;font-size: 10pt\"><strong>4.-POL\u00cdTICA DE PRESTAMOS<\/strong><\/span><\/h3>\n<p>&nbsp;<\/p>\n<p><span style=\"font-size: 14px\">La pol\u00edtica de pr\u00e9stamos que tenemos en la Biblioteca es:<\/span><\/p>\n<ul>\n<li><span style=\"font-size: 14px\">Es obligatorio el carn\u00e9 de la Biblioteca para acceder a este servicio.<\/span><\/li>\n<li>S\u00f3lo se presta un libro cada vez. La duraci\u00f3n del pr\u00e9stamo es de 15 d\u00edas. Se puede prorrogar el pr\u00e9stamo presentando el libro o carne, consiguiendo una semana m\u00e1s. Los libros prestados deben ser cuidados, no se puede escribir ellos, doblar sus p\u00e1ginas o deteriorarlo de alg\u00fan modo.<\/li>\n<li>La no devoluci\u00f3n reiterada del libro prestado, conlleva la retirada del carn\u00e9.<\/li>\n<\/ul>\n<p>&nbsp;<\/p>\n<h3 id=\"Puntos-a-tratar-en-la-sesion\"><span style=\"color: #3366ff;font-size: 10pt\"><strong>5.-PUNTOS A TRATAR EN LA SESI\u00d3N:<\/strong><\/span><\/h3>\n<p>&nbsp;<\/p>\n<ul>\n<li>\u00a0Presentaci\u00f3n de la coordinadora y de la biblioteca en general.<\/li>\n<li>\u00a0Sentir \u201cmagia de los libros\u201d<\/li>\n<li>\u00a0CDU.<\/li>\n<li>\u00a0Organizaci\u00f3n: colores asignado cada ciclo y a las diferentes materias.<\/li>\n<li>\u00a0T\u00e9rminos espec\u00edficos bibliotecarios: tejuelo, c\u00f3digo de barras, separadores, cat\u00e1logo,\u2026.<\/li>\n<\/ul>\n<ul>\n<li>\u00a0 Informaci\u00f3n que ofrece un libro.<\/li>\n<li>\u00a0 ABIES<\/li>\n<li>\u00a0 Pol\u00edtica de pr\u00e9stamo.<\/li>\n<li>\u00a0 Normas de la Biblioteca.<\/li>\n<li>\u00a0 Carnet de lector: informaci\u00f3n que tiene y caducidad.<\/li>\n<li>\u00a0 Premios del mes: al mejor lector\/ lectora y a la clase m\u00e1s lectora.<\/li>\n<li>\u00a0 Concurso literario para el d\u00eda del libro.<\/li>\n<li>\u00a0 Ficha de dibujo con personajes port\u00e1ndose mal o bien en la biblioteca para\u00a0 \u00a0 colorear y reflexionar.<\/li>\n<li>\u00a0Si el libro no se devuelve por p\u00e9rdida o deterioro grave, el alumno tendr\u00e1 que\u00a0 \u00a0 reponerlo. Todo el fondo de la Biblioteca es prestable, excepto\u00a0 \u00a0 \u00a0gu\u00edas, enciclopedias, diccionarios. Estas normas de pr\u00e9stamos est\u00e1n recogidas en el ROF del centro y aprobadas por el Consejo Escolar. El\u00a0 \u00a0 \u00a0 \u00a0 \u00a0horario para pr\u00e9stamos y devoluciones de la Biblioteca es todos los recreos de 12,00 a 12,30 y los mi\u00e9rcoles de 4 a 6.<\/li>\n<\/ul>\n<p><span style=\"font-size: 14px\">\u00a0<\/span><\/p>\n<h3 id=\"Politica-de-prestamos\"><span style=\"font-size: small;color: #3366ff\"><strong>6.-USO DE LA BIBLIOTECA<\/strong><\/span><\/h3>\n<p>&nbsp;<\/p>\n<ul>\n<li>La biblioteca NO es un lugar de CASTIGO. No<strong>\u00a0<\/strong>queremos que las connotaciones de esta palabra se apliquen al\u00a0 maravilloso mundo que encontramos en los libros.<\/li>\n<li>Los alumnos no pueden estar solos, siempre tiene que haber una persona responsable.<br \/>Se debe mantener una conducta adecuada y guardar silencio.<\/li>\n<\/ul>\n<p>&nbsp;<\/p>\n<h3 id=\"Normas\"><span style=\"color: #3366ff;font-size: 10pt\"><strong>7.-N<\/strong><strong>ORMAS EN LA BIBLIOTECA<\/strong><\/span><\/h3>\n<p>&nbsp;<\/p>\n<ul>\n<li>En la biblioteca debemos permanecer en silencio para no molestar a los compa\u00f1eros.<\/li>\n<li>No se puede comer, beber ni mascar chicle.<br \/>Nos sentamos cada uno en una silla, cuando salgamos colocamos el libro en el lugar adecuado y ponemos la silla bien.<\/li>\n<li>Cuando vayamos a coger un libro, no para pr\u00e9stamo sino para leer o consultar, colocamos uno de los separadores que encontramos en una caja, en el lugar donde estaba el libro, para luego poder colocarlo en el mismo lugar en el que estaba.<\/li>\n<li>La biblioteca es un lugar m\u00e1gico y maravilloso. Bienvenido al\u00a0mundo de los libros.<br \/>Cualquier miembro de la comunidad educativa del colegio puede obtener el carn\u00e9 de la biblioteca. Para ello, dar\u00e1 una foto con su nombre y apellidos y el curso al que pertenece (ese dato no es\u00a0 necesario si es profesor\/a o padre\/madre).<\/li>\n<li>La bibliotecaria le entregar\u00e1 un carn\u00e9 con un c\u00f3digo de barras identificativo para poder acceder al servicio de pr\u00e9stamo.<\/li>\n<\/ul>\n<p>&nbsp;<\/p>\n<h3 id=\"Itinerario\"><span style=\"color: #3366ff;font-size: 10pt\"><strong>8.-ITINERARIO Y PROYECTO LECTOR<\/strong><\/span><\/h3>\n<p>&nbsp;<\/p>\n<p>Estos son los t\u00edtulos que la biblioteca pone a disposici\u00f3n de los tutores y especialistas para realizar lectura colectiva y actividades derivadas de ellos. Hay suficiente n\u00famero de ejemplares para que cada alumno tenga uno.<\/p>\n<p>Se pretende trabajar la lectura colectiva, comprensi\u00f3n lectora, expresi\u00f3n oral y escrita, escenificaci\u00f3n de di\u00e1logos, res\u00famenes, descripciones de los personajes, creaci\u00f3n de nuevos textos a partir de unas pautas dadas, realizaci\u00f3n de ficha bibliogr\u00e1fica del libro\u2026<\/p>\n<p><span style=\"font-size: 14px\">\u00a0<\/span><\/p>\n<p style=\"text-align: left\"><strong>PRIMER CICLO<\/strong><\/p>\n<p>&nbsp;<\/p>\n<p>&#8211; La pandilla de Trist\u00e1n<\/p>\n<p>&#8211; Vacaciones en la cocina<\/p>\n<p>&#8211; Las sonrisas perdidas<\/p>\n<p>&#8211; Riquete el del Copete<\/p>\n<p>&#8211; Julia, Pato y el Esp\u00eda<\/p>\n<p>&#8211; Susana ojos negros<\/p>\n<p>&#8211; El secreto de la momia<\/p>\n<p>\u2013 Medianoche en la luna<\/p>\n<p>\u2013 El amanecer de los vikingos<\/p>\n<p>\u2013 No eres una lagartija<\/p>\n<p>\u2013 Un marciano en la oreja<\/p>\n<p>\u2013 La maldici\u00f3n del hombre lobo<\/p>\n<p>\u2013 El cangrejo Emilio<\/p>\n<p>&nbsp;<\/p>\n<p style=\"text-align: left\"><strong>SEGUNDO CICLO<\/strong><\/p>\n<p>&nbsp;<\/p>\n<p>&#8211; Mi vecino de abajo<\/p>\n<p>&#8211; Luces en el canal<\/p>\n<p>&#8211; Hay un chico en el ba\u00f1o de las chicas<\/p>\n<p>&#8211; Muros<\/p>\n<p>&#8211; Lila Sacher y la expedici\u00f3n al Norte<\/p>\n<p>&#8211; Un tir\u00f3n de la cola<\/p>\n<p>&#8211; Un solo de clarinete<\/p>\n<p>&#8211; Kerida Azub\u00e1<\/p>\n<p>&#8211; \u00c9rase una vez Don Quijote<\/p>\n<p>&#8211; La banda de las ruedas locas<\/p>\n<p>&#8211; El coleccionista de estrellas<\/p>\n<p>&#8211; Un mago de cuidado<\/p>\n<p>&#8211; Relatos de fantasmas<\/p>\n<p>&#8211; Leandro,el ni\u00f1o horrible<\/p>\n<p>&#8211; Pinabete<\/p>\n<p>&#8211; Arroyo claro, fuente serena<\/p>\n<p>&#8211; La voz de los sue\u00f1os<\/p>\n<p>&#8211; El secreto del huevo azul<\/p>\n<p>&#8211; Pepo y el delf\u00edn rosa<\/p>\n<p>&#8211; F\u00e1bulas de Esopo<\/p>\n<p>&#8211; El libro: su aventura<\/p>\n<p>&nbsp;<\/p>\n<p style=\"text-align: left\"><strong>TERCER CICLO<\/strong><\/p>\n<p>&nbsp;<\/p>\n<p>&#8211; La bruja del viento<\/p>\n<p>&#8211; Hay un chico en el ba\u00f1o de las chicas<\/p>\n<p>&#8211; Pandillas rivales<\/p>\n<p>&#8211; Las desventuras de Sophie<\/p>\n<p>&#8211; Bombaf\u00e9tida, Karaketchup y los tejones malignos<\/p>\n<p>&#8211; Jacobo Lobo<\/p>\n<p>&#8211; Ojo de Nube<\/p>\n<p>&#8211; Konrad<\/p>\n<p>&#8211; Pinabete<\/p>\n<p>&#8211; Futbol\u00edsimos<\/p>\n<p>&#8211; 7 reporteros y un peri\u00f3dico<\/p>\n<p>&#8211; El tesoro de Barracuda<\/p>\n<p>&#8211; C\u00f3mo escribir realmente mal<\/p>\n<p>\u2013 Animal de compa\u00f1\u00eda<\/p>\n<p>\u2013 Los futbol\u00edsimos<\/p>\n<p>\u2013 Charlie y la f\u00e1brica de chocolate<\/p>\n<p>\u2013 V\u00edctor y los neanderthales.<\/p>\n<p>&nbsp;<\/p>\n<p><strong>INGL\u00c9S<\/strong><\/p>\n<p>&nbsp;<\/p>\n<p>Tenemos 3 t\u00edtulos:<\/p>\n<p>&#8211; Message in a botlle<\/p>\n<p>\u2013 Prince Jake<\/p>\n<p>\u2013 The Jungle book<\/p>\n<p>&nbsp;<\/p>\n<p style=\"text-align: left\"><strong style=\"color: #339966;font-size: 18px\">KIOSCO LECTOR<\/strong><\/p>\n<p>&nbsp;<\/p>\n<p><img loading=\"lazy\" decoding=\"async\" class=\"wp-image-1358 aligncenter size-medium\" src=\"https:\/\/blogsaverroes.juntadeandalucia.es\/ceipvirgendebelen\/files\/2021\/09\/kioscolector-300x225.jpg\" alt=\"\" width=\"300\" height=\"225\" \/><\/p>\n<p>&nbsp;<\/p>\n<p>&nbsp;<\/p>\n<p>&nbsp;<\/p>\n<p>[\/et_pb_text][et_pb_text module_id=&#8221;certamen-literario&#8221; _builder_version=&#8221;4.5.0&#8243; _module_preset=&#8221;default&#8221; width=&#8221;100%&#8221; custom_padding=&#8221;|7px||18px||&#8221; global_colors_info=&#8221;{}&#8221;]<\/p>\n<div id=\"tituloItem\" class=\"blockTituloItem\">\n<table class=\" alignleft\" style=\"width: 100%;border-collapse: collapse;background-color: #233fde;border-color: #29cc10\">\n<tbody>\n<tr>\n<td style=\"width: 100%;text-align: center\">\n<h4><span style=\"font-size: 18pt\"><strong><span style=\"color: #ffffff\"><em>CERTAMEN LITERARIO<\/em><\/span><\/strong><\/span><\/h4>\n<\/td>\n<\/tr>\n<\/tbody>\n<\/table>\n<\/div>\n<div id=\"contenido_sitio\">\n<p>Nuestro centro desde el curso escolar 2007-08 participa en un certamen literario de cuentos . Todos los cursos ,atendiendo\u00a0 a unas bases ,inventa sus propias historias.Deben estar escritos en un formato base que incluye portada , dibujos ,etc.<\/p>\n<table style=\"width: 99.0835%;height: 804px\" border=\"0\" width=\"554\">\n<tbody>\n<tr>\n<td style=\"width: 49.2754%\">\u00a0<\/td>\n<td style=\"width: 111.83%\">\u00a0<\/td>\n<\/tr>\n<tr>\n<td style=\"width: 161.105%\" colspan=\"2\">\n<p style=\"text-align: left\"><strong>CERTAMEN LITERARIO<\/strong><\/p>\n<p style=\"text-align: left\">Preparando la\u00a0<strong>XXXIVSemana Cultural<\/strong>\u00a0vamos avisando del\u00a0<strong>XIII Certamen Literario<\/strong><\/p>\n<p style=\"text-align: left\"><strong>\u00a0<\/strong>para los alumnos y el\u00a0\u00a0<strong>IV Certamen Literario<\/strong>\u00a0para padres y madres\u00a0 seg\u00fan bases que\u00a0<span style=\"font-size: 14px\">se adjutan:<\/span><\/p>\n<p>1.- Pueden participar todos los padres, madres que lo deseen y tengan a sus\u00a0<span style=\"font-size: 14px\">hijos\/as<\/span><span style=\"font-size: 14px\">\u00a0<\/span><span style=\"font-size: 14px\">matriculados en el centro (tanto infantil como primaria).<\/span><\/p>\n<p style=\"text-align: left\">2.-Solo se entregar\u00e1 un trabajo por persona.<\/p>\n<p style=\"text-align: left\">3.- El tema de este a\u00f1o es libre pero como requisito se pide que en alg\u00fan espacio del texto\u00a0<span style=\"font-size: 14px\">aparezca el lema<\/span><span style=\"font-size: 14px\">\u00a0<\/span><span style=\"font-size: 14px\">de este a\u00f1o:<\/span><\/p>\n<p style=\"text-align: left\">El texto no superar\u00e1 las 500 palabras.<\/p>\n<p style=\"text-align: left\">4.- No se admitir\u00e1n copias de trabajos ya publicados.<\/p>\n<p style=\"text-align: left\">5.- El jurado estar\u00e1 formado por personal del equipo de apoyo de la biblioteca.<\/p>\n<p style=\"text-align: left\">6.- Se conceder\u00e1n 3 premios (1\u00ba, 2\u00ba y 3\u00ba).<\/p>\n<p style=\"text-align: left\">7.- Los premios consistir\u00e1n en libros y diplomas.<\/p>\n<p style=\"text-align: left\">8.- El plazo de presentaci\u00f3n ser\u00e1 indicar\u00e1 a lo largo del curso.<\/p>\n<\/td>\n<\/tr>\n<\/tbody>\n<\/table>\n<\/div>\n<p style=\"text-align: left\">\n<p>[\/et_pb_text][\/et_pb_column][et_pb_column type=&#8221;2_5&#8243; _builder_version=&#8221;3.0.47&#8243; custom_padding=&#8221;|||&#8221; global_colors_info=&#8221;{}&#8221; custom_padding__hover=&#8221;|||&#8221;][et_pb_blog _builder_version=&#8221;4.14.5&#8243; _module_preset=&#8221;default&#8221; hover_enabled=&#8221;0&#8243; sticky_enabled=&#8221;0&#8243; post_type=&#8221;mc-events&#8221; use_manual_excerpt=&#8221;off&#8221; excerpt_length=&#8221;100&#8243; width=&#8221;50%&#8221; max_width=&#8221;50%&#8221; module_alignment=&#8221;center&#8221; min_height=&#8221;610px&#8221; height=&#8221;621px&#8221; max_height=&#8221;625px&#8221;][\/et_pb_blog][et_pb_sidebar _builder_version=&#8221;4.14.5&#8243; _module_preset=&#8221;default&#8221; orientation=&#8221;right&#8221; hover_enabled=&#8221;0&#8243; sticky_enabled=&#8221;0&#8243; width=&#8221;64.3%&#8221; max_width=&#8221;65%&#8221; module_alignment=&#8221;right&#8221; custom_padding=&#8221;|36px|||false|false&#8221; custom_margin=&#8221;|9px|4px||false|false&#8221;][\/et_pb_sidebar][\/et_pb_column][\/et_pb_row][\/et_pb_section]<\/p>\n","protected":false},"excerpt":{"rendered":"<p>\u00a0 \u00a0 \u00a0 \u00a0 &nbsp; &nbsp; &nbsp; &nbsp; &nbsp; &nbsp; &nbsp; &nbsp; \u00a0 &nbsp; No dejes de ver: BLOG DE LA BIBLIOTECA\u00a0\u00a0 REVISTA ESCOLAR\u00a0 CUENTOS\u00a0 DE VALORES\u00a0 \u00a0DISFRUTA DE TU BIBLIOTECA\u00a0 \u00a0 \u00a0 La biblioteca es un rinc\u00f3n especial en el cole.. en el que la lectura, la escritura y los sue\u00f1os se ponen al [&hellip;]<\/p>\n","protected":false},"author":13425,"featured_media":0,"parent":1219,"menu_order":4,"comment_status":"closed","ping_status":"closed","template":"","meta":{"_et_pb_use_builder":"on","_et_pb_old_content":"","_et_gb_content_width":"","ngg_post_thumbnail":0,"footnotes":""},"aioseo_notices":[],"_links":{"self":[{"href":"https:\/\/blogsaverroes.juntadeandalucia.es\/ceipvirgendebelen\/wp-json\/wp\/v2\/pages\/64"}],"collection":[{"href":"https:\/\/blogsaverroes.juntadeandalucia.es\/ceipvirgendebelen\/wp-json\/wp\/v2\/pages"}],"about":[{"href":"https:\/\/blogsaverroes.juntadeandalucia.es\/ceipvirgendebelen\/wp-json\/wp\/v2\/types\/page"}],"author":[{"embeddable":true,"href":"https:\/\/blogsaverroes.juntadeandalucia.es\/ceipvirgendebelen\/wp-json\/wp\/v2\/users\/13425"}],"replies":[{"embeddable":true,"href":"https:\/\/blogsaverroes.juntadeandalucia.es\/ceipvirgendebelen\/wp-json\/wp\/v2\/comments?post=64"}],"version-history":[{"count":96,"href":"https:\/\/blogsaverroes.juntadeandalucia.es\/ceipvirgendebelen\/wp-json\/wp\/v2\/pages\/64\/revisions"}],"predecessor-version":[{"id":3594,"href":"https:\/\/blogsaverroes.juntadeandalucia.es\/ceipvirgendebelen\/wp-json\/wp\/v2\/pages\/64\/revisions\/3594"}],"up":[{"embeddable":true,"href":"https:\/\/blogsaverroes.juntadeandalucia.es\/ceipvirgendebelen\/wp-json\/wp\/v2\/pages\/1219"}],"wp:attachment":[{"href":"https:\/\/blogsaverroes.juntadeandalucia.es\/ceipvirgendebelen\/wp-json\/wp\/v2\/media?parent=64"}],"curies":[{"name":"wp","href":"https:\/\/api.w.org\/{rel}","templated":true}]}}