{"id":141,"date":"2015-03-17T07:13:24","date_gmt":"2015-03-17T07:13:24","guid":{"rendered":"http:\/\/blogsaverroes.juntadeandalucia.es\/pre\/ceip\/?page_id=141"},"modified":"2025-10-07T11:42:48","modified_gmt":"2025-10-07T11:42:48","slug":"escolarizacion","status":"publish","type":"page","link":"https:\/\/blogsaverroes.juntadeandalucia.es\/ceipvirgendelaaurora\/escolarizacion\/","title":{"rendered":"Profesorado"},"content":{"rendered":"<h3 style=\"text-align: left\"><strong>Segundo Ciclo de Educaci\u00f3n Infantil<\/strong><\/h3>\n<p style=\"text-align: left\"><span style=\"color: #993300\"><strong>Infantil de 3 a\u00f1os<\/strong><\/span><\/p>\n<p style=\"text-align: left\" align=\"JUSTIFY\"><span style=\"font-family: Times New Roman, serif\">Mar\u00eda Jes\u00fas Galindo Andrades (3aA)<\/span><\/p>\n<p style=\"text-align: left\" align=\"JUSTIFY\"><span style=\"font-family: Times New Roman, serif\">Sara Reyes Ben\u00edtez&nbsp; (3aB)<\/span><\/p>\n<p style=\"text-align: left\"><span style=\"color: #993300\"><strong>Infantil de 4 a\u00f1os<\/strong><\/span><\/p>\n<p><span style=\"font-family: Times New Roman, serif\">Teresa Garc\u00eda Gamarro (4a)<\/span><\/p>\n<p><span style=\"font-family: Times New Roman, serif\">M\u00aa Isabel Guerrero Andrades (4b)<\/span><\/p>\n<p style=\"text-align: left\"><span style=\"color: #993300\"><strong>Infantil de 5 a\u00f1os<\/strong><\/span><\/p>\n<p style=\"text-align: left\" align=\"JUSTIFY\"><span style=\"font-family: Times New Roman, serif\"> M\u00aa Bel\u00e9n Gonz\u00e1lez Gamarro&nbsp;<\/span><\/p>\n<p style=\"text-align: left\"><span style=\"color: #993300\"><strong>Maestra de Apoyo<\/strong><\/span><\/p>\n<p>Cristina Su\u00e1rez Rodr\u00edguez<\/p>\n<p style=\"text-align: left\">&nbsp;<\/p>\n<h3 style=\"text-align: left\"><strong>Primer Ciclo de Educaci\u00f3n Primaria<\/strong><\/h3>\n<h4 style=\"text-align: left\"><span style=\"color: #993300\"><strong>Primero de Primaria<\/strong><\/span><\/h4>\n<p style=\"text-align: left\" align=\"JUSTIFY\">Jes\u00fas Ignacio Gracia del Riego&nbsp;<\/p>\n<p style=\"text-align: left\"><span style=\"color: #993300\"><strong>Segundo de Primaria<\/strong><\/span><\/p>\n<p style=\"text-align: left\" align=\"JUSTIFY\">2\u00ba A &#8211; Isabel Corbacho Fern\u00e1ndez<\/p>\n<p style=\"text-align: left\" align=\"JUSTIFY\">2\u00ba B &#8211; Mar\u00eda Teresa Alcaide Gantes<\/p>\n<h3 style=\"text-align: left\"><strong>Segundo Ciclo de Educaci\u00f3n Primaria<\/strong><\/h3>\n<p style=\"text-align: left\"><span style=\"color: #993300\"><strong>Tercero de Primaria<\/strong><\/span><\/p>\n<p style=\"text-align: left\">3\u00ba A &#8211; Noelia Rubio Jerez<\/p>\n<p style=\"text-align: left\">3\u00ba B &#8211; \u00c1lvaro Mar\u00edn \u00c1lvarez<\/p>\n<p style=\"text-align: left\"><span style=\"color: #993300\"><strong>Cuarto de Primaria<\/strong><\/span><\/p>\n<p style=\"text-align: left\">4\u00baA &#8211; Laura L\u00e1zaro Baena<\/p>\n<p style=\"text-align: left\">4\u00baB &#8211; Salvador \u00c1lvarez Garc\u00eda<\/p>\n<h3 style=\"text-align: left\"><strong>Tercer Ciclo de Educaci\u00f3n Primaria<\/strong><\/h3>\n<p style=\"text-align: left\"><span style=\"color: #993300\"><strong>Quinto de Primaria<\/strong><\/span><\/p>\n<p style=\"text-align: left\" align=\"JUSTIFY\">5\u00ba A &#8211; Isabel Guti\u00e9rrez D\u00edaz<\/p>\n<p style=\"text-align: left\" align=\"JUSTIFY\">5\u00baB &#8211; Cristina Su\u00e1rez L\u00f3pez<\/p>\n<p style=\"text-align: left\"><span style=\"color: #993300\"><strong>Sexto de Primaria<\/strong><\/span><\/p>\n<p style=\"text-align: left\" align=\"JUSTIFY\">6\u00ba A &#8211; Juan Antonio Moreno Serrato<\/p>\n<p style=\"text-align: left\" align=\"JUSTIFY\">6\u00ba B &#8211; Margot Serrano Alfaro<\/p>\n<p style=\"text-align: left\" align=\"JUSTIFY\">&nbsp;<\/p>\n<p style=\"text-align: left\" align=\"JUSTIFY\"><span style=\"color: #993300\"><strong>Maestras de Refuerzo<\/strong><\/span><\/p>\n<p style=\"text-align: left\" align=\"JUSTIFY\">Rafael Moreno Becerra<\/p>\n<p style=\"text-align: left\" align=\"JUSTIFY\">Inmaculada Fortes Moscoso<\/p>\n<h2 style=\"text-align: left\"><strong>Profesores Especialistas<\/strong>&nbsp; &nbsp; &nbsp; &nbsp; &nbsp; &nbsp; &nbsp; &nbsp; &nbsp; &nbsp; &nbsp; &nbsp; &nbsp; &nbsp; &nbsp; &nbsp; &nbsp; &nbsp; &nbsp; &nbsp; &nbsp; &nbsp; &nbsp; &nbsp; &nbsp; &nbsp; &nbsp; &nbsp; &nbsp; &nbsp; &nbsp; &nbsp; &nbsp; &nbsp; &nbsp; &nbsp; &nbsp; &nbsp; &nbsp; &nbsp; &nbsp;<\/h2>\n<p style=\"text-align: left\"><strong><span style=\"color: #993300\">M\u00fasica<\/span><\/strong><\/p>\n<p style=\"text-align: left\">Salvador \u00c1lvarez Garc\u00eda<\/p>\n<p style=\"text-align: left\"><span style=\"color: #993300\"><strong>Educaci\u00f3n F\u00edsica<\/strong><\/span><\/p>\n<p>Joaqu\u00edn Garc\u00eda Rosas<\/p>\n<p>Cristina Su\u00e1rez L\u00f3pez<\/p>\n<p style=\"text-align: left\"><strong><span style=\"color: #993300\">Ingl\u00e9s<\/span><\/strong><\/p>\n<p style=\"text-align: left\">Pepi Ruiz Cano<br \/>\nLaura L\u00e1zaro Baena<\/p>\n<p style=\"text-align: left\"><span style=\"color: #993300\"><strong>Franc\u00e9s<\/strong><\/span><\/p>\n<p style=\"text-align: left\">Isabel Guti\u00e9rrez D\u00edaz<\/p>\n<p style=\"text-align: left\"><span style=\"color: #993300\"><strong>Religi\u00f3n<\/strong><\/span><\/p>\n<p style=\"text-align: left\">Gertrudis S\u00e1nchez L\u00f3pez<\/p>\n<p style=\"text-align: left\">Mar\u00eda del Carmen Polo Barrones<\/p>\n<p style=\"text-align: left\"><span style=\"color: #993300\"><strong>Equipo de Orientaci\u00f3n<\/strong><\/span><\/p>\n<p style=\"text-align: left\"><strong>Pedagog\u00eda Terap\u00e9utica<\/strong>: Natalia Toscano Ruiz\/ Juli\u00e1n Jorquera Ru\u00edz<\/p>\n<p style=\"text-align: left\"><strong>Audici\u00f3n y Lenguaje<\/strong>: Justina Rosado Serrato<\/p>\n<p style=\"text-align: left\"><strong>Orientadora<\/strong>:&nbsp;<\/p>\n<p style=\"text-align: left\"><span style=\"color: #993300\"><strong>Monitoras<\/strong><\/span><\/p>\n<p style=\"text-align: left\" align=\"JUSTIFY\">M\u00aa Dolores R\u00edos Mateos (<strong>infantil<\/strong>),<\/p>\n<p style=\"text-align: left\" align=\"JUSTIFY\">&nbsp;<\/p>\n<p>&nbsp;<\/p>\n<p>&nbsp;<\/p>\n<p>&nbsp;<\/p>\n<p style=\"text-align: center\">&nbsp;<\/p>\n<p>&nbsp;<\/p>\n<p style=\"text-align: center\">&nbsp;<\/p>\n<p style=\"text-align: center\">&nbsp;&lt;\/p<\/p>\n","protected":false},"excerpt":{"rendered":"<p>Segundo Ciclo de Educaci\u00f3n Infantil Infantil de 3 a\u00f1os Mar\u00eda Jes\u00fas Galindo Andrades (3aA) Sara Reyes Ben\u00edtez&nbsp; (3aB) Infantil de 4 a\u00f1os Teresa Garc\u00eda Gamarro&hellip;<\/p>\n","protected":false},"author":1,"featured_media":0,"parent":0,"menu_order":0,"comment_status":"open","ping_status":"open","template":"","meta":{"ngg_post_thumbnail":0,"footnotes":"","_mc_calendar":[]},"aioseo_notices":[],"_links":{"self":[{"href":"https:\/\/blogsaverroes.juntadeandalucia.es\/ceipvirgendelaaurora\/wp-json\/wp\/v2\/pages\/141"}],"collection":[{"href":"https:\/\/blogsaverroes.juntadeandalucia.es\/ceipvirgendelaaurora\/wp-json\/wp\/v2\/pages"}],"about":[{"href":"https:\/\/blogsaverroes.juntadeandalucia.es\/ceipvirgendelaaurora\/wp-json\/wp\/v2\/types\/page"}],"author":[{"embeddable":true,"href":"https:\/\/blogsaverroes.juntadeandalucia.es\/ceipvirgendelaaurora\/wp-json\/wp\/v2\/users\/1"}],"replies":[{"embeddable":true,"href":"https:\/\/blogsaverroes.juntadeandalucia.es\/ceipvirgendelaaurora\/wp-json\/wp\/v2\/comments?post=141"}],"version-history":[{"count":15,"href":"https:\/\/blogsaverroes.juntadeandalucia.es\/ceipvirgendelaaurora\/wp-json\/wp\/v2\/pages\/141\/revisions"}],"predecessor-version":[{"id":2930,"href":"https:\/\/blogsaverroes.juntadeandalucia.es\/ceipvirgendelaaurora\/wp-json\/wp\/v2\/pages\/141\/revisions\/2930"}],"wp:attachment":[{"href":"https:\/\/blogsaverroes.juntadeandalucia.es\/ceipvirgendelaaurora\/wp-json\/wp\/v2\/media?parent=141"}],"curies":[{"name":"wp","href":"https:\/\/api.w.org\/{rel}","templated":true}]}}