{"id":557,"date":"2022-11-28T14:23:52","date_gmt":"2022-11-28T13:23:52","guid":{"rendered":"https:\/\/blogsaverroes.juntadeandalucia.es\/ceipvirgendelacaridad\/?page_id=557"},"modified":"2023-02-08T10:55:12","modified_gmt":"2023-02-08T09:55:12","slug":"proa","status":"publish","type":"page","link":"https:\/\/blogsaverroes.juntadeandalucia.es\/ceipvirgendelacaridad\/proa\/","title":{"rendered":"Proa"},"content":{"rendered":"<p>El <strong><span style=\"color: #ff0000\"><a style=\"color: #ff0000\" href=\"https:\/\/www.juntadeandalucia.es\/educacion\/portals\/web\/ced\/planesyprogramas\/proa-2021-2022\" target=\"_blank\" rel=\"noopener noreferrer\">PROA Andaluc\u00eda<\/a><\/span><\/strong> se concibe como un conjunto de actuaciones dirigidas a mejorar el grado de adquisici\u00f3n de las competencias clave y la motivaci\u00f3n del alumnado con necesidades espec\u00edficas de apoyo educativo por precisar acciones de car\u00e1cter compensatorio, que en el caso del alumnado de origen extranjero, adem\u00e1s, pretenden conseguir un nivel adecuado de uso del espa\u00f1ol como lengua vehicular. Dichas acciones est\u00e1n dirigidas a evitar el riesgo de abandono temprano del sistema educativo, y complementar las acciones encaminadas a la mejora del \u00e9xito escolar, que se desarrollan en los centros docentes p\u00fablicos andaluces.<\/p>\n<p>Con car\u00e1cter general, el alumnado al que se dirige el <strong><span style=\"color: #ff0000\"><a style=\"color: #ff0000\" href=\"https:\/\/www.juntadeandalucia.es\/educacion\/portals\/web\/ced\/planesyprogramas\/proa-2021-2022\" target=\"_blank\" rel=\"noopener noreferrer\">PROA Andaluc\u00eda<\/a><\/span><\/strong> ser\u00e1 el escolarizado en aquellos centros p\u00fablicos dependientes de la Consejer\u00eda de Educaci\u00f3n y Deporte de la Junta de Andaluc\u00eda que cada Delegaci\u00f3n Territorial de Educaci\u00f3n y Deporte, proponga cada curso de entre aquellos que impartan las ense\u00f1anzas de Educaci\u00f3n Primaria y Educaci\u00f3n Secundaria Obligatoria y que escolaricen a un n\u00famero significativo de alumnos y alumnas con necesidades espec\u00edficas de apoyo educativo por precisar acciones de car\u00e1cter compensatorio. Cada una de las actuaciones que componen el <strong><span style=\"color: #ff0000\"><a style=\"color: #ff0000\" href=\"https:\/\/www.juntadeandalucia.es\/educacion\/portals\/web\/ced\/planesyprogramas\/proa-2021-2022\" target=\"_blank\" rel=\"noopener noreferrer\">PROA Andaluc\u00eda<\/a><\/span><\/strong> cuenta con requisitos espec\u00edficos en relaci\u00f3n con el alumnado destinatario.<\/p>\n<p>El <strong><span style=\"color: #ff0000\"><a style=\"color: #ff0000\" href=\"https:\/\/blogsaverroes.juntadeandalucia.es\/ceipvirgendelacaridad\/\" target=\"_blank\" rel=\"noopener noreferrer\">CEIP Virgen de la Caridad<\/a><\/span><\/strong> tiene en marcha este programa de lunes a jueves de 16:00 a 18:00 para m\u00e1s informaci\u00f3n pueden acudir al centro en siguiente horario:<\/p>\n<p><strong>De Lunes a Viernes en Calendario escolar de 9:30 a 11:15 y de 12:00 a 13:30 <\/strong><strong>h.<\/strong><\/p>\n<p>&nbsp;<\/p>\n","protected":false},"excerpt":{"rendered":"<p>El PROA Andaluc\u00eda se concibe como un conjunto de actuaciones dirigidas a mejorar el grado de adquisici\u00f3n de las competencias clave y la motivaci\u00f3n del alumnado con necesidades espec\u00edficas de apoyo educativo por precisar acciones de car\u00e1cter compensatorio, que en el caso del alumnado de origen extranjero, adem\u00e1s, pretenden conseguir un nivel adecuado de uso [&hellip;]<\/p>\n","protected":false},"author":15720,"featured_media":0,"parent":0,"menu_order":0,"comment_status":"closed","ping_status":"closed","template":"","meta":{"_et_pb_use_builder":"","_et_pb_old_content":"","_et_gb_content_width":"","ngg_post_thumbnail":0,"footnotes":""},"aioseo_notices":[],"_links":{"self":[{"href":"https:\/\/blogsaverroes.juntadeandalucia.es\/ceipvirgendelacaridad\/wp-json\/wp\/v2\/pages\/557"}],"collection":[{"href":"https:\/\/blogsaverroes.juntadeandalucia.es\/ceipvirgendelacaridad\/wp-json\/wp\/v2\/pages"}],"about":[{"href":"https:\/\/blogsaverroes.juntadeandalucia.es\/ceipvirgendelacaridad\/wp-json\/wp\/v2\/types\/page"}],"author":[{"embeddable":true,"href":"https:\/\/blogsaverroes.juntadeandalucia.es\/ceipvirgendelacaridad\/wp-json\/wp\/v2\/users\/15720"}],"replies":[{"embeddable":true,"href":"https:\/\/blogsaverroes.juntadeandalucia.es\/ceipvirgendelacaridad\/wp-json\/wp\/v2\/comments?post=557"}],"version-history":[{"count":9,"href":"https:\/\/blogsaverroes.juntadeandalucia.es\/ceipvirgendelacaridad\/wp-json\/wp\/v2\/pages\/557\/revisions"}],"predecessor-version":[{"id":791,"href":"https:\/\/blogsaverroes.juntadeandalucia.es\/ceipvirgendelacaridad\/wp-json\/wp\/v2\/pages\/557\/revisions\/791"}],"wp:attachment":[{"href":"https:\/\/blogsaverroes.juntadeandalucia.es\/ceipvirgendelacaridad\/wp-json\/wp\/v2\/media?parent=557"}],"curies":[{"name":"wp","href":"https:\/\/api.w.org\/{rel}","templated":true}]}}