{"id":55,"date":"2020-01-09T12:48:16","date_gmt":"2020-01-09T11:48:16","guid":{"rendered":"http:\/\/blogsaverroes.juntadeandalucia.es\/pre\/nuevoceip2v2\/?page_id=55"},"modified":"2025-10-05T00:09:36","modified_gmt":"2025-10-04T23:09:36","slug":"planes-y-proyectos","status":"publish","type":"page","link":"https:\/\/blogsaverroes.juntadeandalucia.es\/ceipvirgendelinarejos\/planes-y-proyectos\/","title":{"rendered":"Planes y Proyectos"},"content":{"rendered":"<p>[et_pb_section fb_built=&#8221;1&#8243; _builder_version=&#8221;4.16&#8243; global_colors_info=&#8221;{}&#8221;][et_pb_row _builder_version=&#8221;4.16&#8243; background_size=&#8221;initial&#8221; background_position=&#8221;top_left&#8221; background_repeat=&#8221;repeat&#8221; global_colors_info=&#8221;{}&#8221;][et_pb_column type=&#8221;4_4&#8243; _builder_version=&#8221;4.16&#8243; custom_padding=&#8221;|||&#8221; global_colors_info=&#8221;{}&#8221; custom_padding__hover=&#8221;|||&#8221;][et_pb_image src=&#8221;https:\/\/blogsaverroes.juntadeandalucia.es\/ceipvirgendelinarejos\/files\/2025\/10\/Captura-de-pantalla-2025-10-05-005247.png&#8221; title_text=&#8221;Captura de pantalla 2025-10-05 005247&#8243; admin_label=&#8221;Imagen de la portada&#8221; _builder_version=&#8221;4.24.2&#8243; hover_enabled=&#8221;0&#8243; z_index_tablet=&#8221;500&#8243; box_shadow_horizontal_tablet=&#8221;0px&#8221; box_shadow_vertical_tablet=&#8221;0px&#8221; box_shadow_blur_tablet=&#8221;40px&#8221; box_shadow_spread_tablet=&#8221;0px&#8221; global_colors_info=&#8221;{}&#8221; sticky_enabled=&#8221;0&#8243;][\/et_pb_image][et_pb_text _builder_version=&#8221;4.24.2&#8243; _module_preset=&#8221;default&#8221; hover_enabled=&#8221;0&#8243; global_colors_info=&#8221;{}&#8221; sticky_enabled=&#8221;0&#8243;]<\/p>\n<ul>\n<li data-start=\"198\" data-end=\"262\">\n<p data-start=\"543\" data-end=\"687\"><strong data-start=\"543\" data-end=\"603\">Programas \/ Planes incluidos<\/strong><\/p>\n<ul data-start=\"689\" data-end=\"3146\">\n<li data-start=\"689\" data-end=\"756\">\n<p data-start=\"691\" data-end=\"756\">Plan de Actuaci\u00f3n Digital <span class=\"\" data-state=\"closed\"><span class=\"ms-1 inline-flex max-w-full items-center relative top-[-0.094rem] animate-[show_150ms_ease-in]\" data-testid=\"webpage-citation-pill\"><\/span><\/span><\/p>\n<\/li>\n<li data-start=\"757\" data-end=\"851\">\n<p data-start=\"759\" data-end=\"851\">Plan de Igualdad de G\u00e9nero en Educaci\u00f3n de Andaluc\u00eda <span class=\"\" data-state=\"closed\"><span class=\"ms-1 inline-flex max-w-full items-center relative top-[-0.094rem] animate-[show_150ms_ease-in]\" data-testid=\"webpage-citation-pill\"><\/span><\/span><\/p>\n<\/li>\n<li data-start=\"852\" data-end=\"930\">\n<p data-start=\"854\" data-end=\"930\">Plan de Apertura de Centros Docentes <span class=\"\" data-state=\"closed\"><span class=\"ms-1 inline-flex max-w-full items-center relative top-[-0.094rem] animate-[show_150ms_ease-in]\" data-testid=\"webpage-citation-pill\"><\/span><\/span><\/p>\n<\/li>\n<li data-start=\"931\" data-end=\"1026\">\n<p data-start=\"933\" data-end=\"1026\">Bienestar Emocional (Programa de Bienestar Emocional) <span class=\"\" data-state=\"closed\"><span class=\"ms-1 inline-flex max-w-full items-center relative top-[-0.094rem] animate-[show_150ms_ease-in]\" data-testid=\"webpage-citation-pill\"><\/span><\/span><\/p>\n<\/li>\n<li data-start=\"1027\" data-end=\"1090\">\n<p data-start=\"1029\" data-end=\"1090\">Bibliotecas Escolares <span class=\"\" data-state=\"closed\"><span class=\"ms-1 inline-flex max-w-full items-center relative top-[-0.094rem] animate-[show_150ms_ease-in]\" data-testid=\"webpage-citation-pill\"><\/span><\/span><\/p>\n<\/li>\n<li data-start=\"1091\" data-end=\"1151\">\n<p data-start=\"1093\" data-end=\"1151\">Escuela C\u00f3digo 4.0 <span class=\"\" data-state=\"closed\"><span class=\"ms-1 inline-flex max-w-full items-center relative top-[-0.094rem] animate-[show_150ms_ease-in]\" data-testid=\"webpage-citation-pill\"><\/span><\/span><\/p>\n<\/li>\n<li data-start=\"1152\" data-end=\"1236\">\n<p data-start=\"1154\" data-end=\"1236\">Educaci\u00f3n Inclusiva \/ Educaci\u00f3n Inclusiva+ <span class=\"\" data-state=\"closed\"><span class=\"ms-1 inline-flex max-w-full items-center relative top-[-0.094rem] animate-[show_150ms_ease-in]\" data-testid=\"webpage-citation-pill\"><\/span><\/span><\/p>\n<\/li>\n<li data-start=\"1237\" data-end=\"1304\">\n<p data-start=\"1239\" data-end=\"1304\">H\u00e1bitos de Vida Saludable <span class=\"\" data-state=\"closed\"><span class=\"ms-1 inline-flex max-w-full items-center relative top-[-0.094rem] animate-[show_150ms_ease-in]\" data-testid=\"webpage-citation-pill\"><\/span><\/span><br \/><span class=\"\" data-state=\"closed\"><\/span><\/p>\n<\/li>\n<li data-start=\"1680\" data-end=\"1748\">\n<p data-start=\"1682\" data-end=\"1748\">Emprendimiento Educativo <span class=\"\" data-state=\"closed\"><span class=\"ms-1 inline-flex max-w-full items-center relative top-[-0.094rem] animate-[show_150ms_ease-in]\" data-testid=\"webpage-citation-pill\"><\/span><\/span><\/p>\n<\/li>\n<li data-start=\"1798\" data-end=\"1880\">\n<p data-start=\"1800\" data-end=\"1880\">Red Andaluza: \u201cEscuela Espacio de Paz\u201d <span class=\"\" data-state=\"closed\"><span class=\"ms-1 inline-flex max-w-full items-center relative top-[-0.094rem] animate-[show_150ms_ease-in]\" data-testid=\"webpage-citation-pill\"><\/span><\/span><\/p>\n<\/li>\n<li data-start=\"1941\" data-end=\"1994\">\n<p data-start=\"1943\" data-end=\"1994\">Pr\u00e1cticum <span class=\"\" data-state=\"closed\"><span class=\"ms-1 inline-flex max-w-full items-center relative top-[-0.094rem] animate-[show_150ms_ease-in]\" data-testid=\"webpage-citation-pill\"><\/span><\/span><\/p>\n<\/li>\n<li data-start=\"1995\" data-end=\"2104\">\n<p data-start=\"1997\" data-end=\"2104\">PEBIF (Proyecto Escuelas Biling\u00fces e Interculturales de Frontera) <span class=\"\" data-state=\"closed\"><span class=\"ms-1 inline-flex max-w-full items-center relative top-[-0.094rem] animate-[show_150ms_ease-in]\" data-testid=\"webpage-citation-pill\"><\/span><\/span><\/p>\n<\/li>\n<li data-start=\"2348\" data-end=\"2427\">\n<p data-start=\"2350\" data-end=\"2427\">Red de Escuelas Promotoras de Salud <span class=\"\" data-state=\"closed\"><span class=\"ms-1 inline-flex max-w-full items-center relative top-[-0.094rem] animate-[show_150ms_ease-in]\" data-testid=\"webpage-citation-pill\"><\/span><\/span><\/p>\n<\/li>\n<li data-start=\"2698\" data-end=\"2756\">\n<p data-start=\"2700\" data-end=\"2756\">PROA Andaluc\u00eda <span class=\"\" data-state=\"closed\"><span class=\"ms-1 inline-flex max-w-full items-center relative top-[-0.094rem] animate-[show_150ms_ease-in]\" data-testid=\"webpage-citation-pill\"><\/span><\/span><\/p>\n<\/li>\n<\/ul>\n<\/li>\n<\/ul>\n<p>[\/et_pb_text][\/et_pb_column][\/et_pb_row][\/et_pb_section]<\/p>\n","protected":false},"excerpt":{"rendered":"<p>Programas \/ Planes incluidos Plan de Actuaci\u00f3n Digital Plan de Igualdad de G\u00e9nero en Educaci\u00f3n de Andaluc\u00eda Plan de Apertura de Centros Docentes Bienestar Emocional (Programa de Bienestar Emocional) Bibliotecas Escolares Escuela C\u00f3digo 4.0 Educaci\u00f3n Inclusiva \/ Educaci\u00f3n Inclusiva+ H\u00e1bitos de Vida Saludable Emprendimiento Educativo Red Andaluza: \u201cEscuela Espacio de Paz\u201d Pr\u00e1cticum PEBIF (Proyecto Escuelas [&hellip;]<\/p>\n","protected":false},"author":19094,"featured_media":0,"parent":0,"menu_order":0,"comment_status":"closed","ping_status":"closed","template":"","meta":{"_et_pb_use_builder":"on","_et_pb_old_content":"","_et_gb_content_width":"","ngg_post_thumbnail":0,"footnotes":""},"aioseo_notices":[],"_links":{"self":[{"href":"https:\/\/blogsaverroes.juntadeandalucia.es\/ceipvirgendelinarejos\/wp-json\/wp\/v2\/pages\/55"}],"collection":[{"href":"https:\/\/blogsaverroes.juntadeandalucia.es\/ceipvirgendelinarejos\/wp-json\/wp\/v2\/pages"}],"about":[{"href":"https:\/\/blogsaverroes.juntadeandalucia.es\/ceipvirgendelinarejos\/wp-json\/wp\/v2\/types\/page"}],"author":[{"embeddable":true,"href":"https:\/\/blogsaverroes.juntadeandalucia.es\/ceipvirgendelinarejos\/wp-json\/wp\/v2\/users\/19094"}],"replies":[{"embeddable":true,"href":"https:\/\/blogsaverroes.juntadeandalucia.es\/ceipvirgendelinarejos\/wp-json\/wp\/v2\/comments?post=55"}],"version-history":[{"count":6,"href":"https:\/\/blogsaverroes.juntadeandalucia.es\/ceipvirgendelinarejos\/wp-json\/wp\/v2\/pages\/55\/revisions"}],"predecessor-version":[{"id":986,"href":"https:\/\/blogsaverroes.juntadeandalucia.es\/ceipvirgendelinarejos\/wp-json\/wp\/v2\/pages\/55\/revisions\/986"}],"wp:attachment":[{"href":"https:\/\/blogsaverroes.juntadeandalucia.es\/ceipvirgendelinarejos\/wp-json\/wp\/v2\/media?parent=55"}],"curies":[{"name":"wp","href":"https:\/\/api.w.org\/{rel}","templated":true}]}}