{"id":2772,"date":"2022-09-27T12:04:31","date_gmt":"2022-09-27T10:04:31","guid":{"rendered":"http:\/\/blogsaverroes.juntadeandalucia.es\/ceipvirgendeloreto\/?page_id=2772"},"modified":"2022-09-27T12:04:31","modified_gmt":"2022-09-27T10:04:31","slug":"salud","status":"publish","type":"page","link":"https:\/\/blogsaverroes.juntadeandalucia.es\/ceipvirgendeloreto\/salud\/","title":{"rendered":"SALUD"},"content":{"rendered":"<p><strong>PORTAL DE ESCOLARIZACI\u00d3N SEGURA DE ALUMNADO CON ENFERMEDADES CR\u00d3NICAS<\/strong><\/p>\n<p><a href=\"https:\/\/blogsaverroes.juntadeandalucia.es\/ceipvirgendeloreto\/files\/2022\/09\/Escolarizaci\u00f3n-segura-JUNTA-AND.png\"><img loading=\"lazy\" decoding=\"async\" class=\"wp-image-2773 aligncenter\" src=\"https:\/\/blogsaverroes.juntadeandalucia.es\/ceipvirgendeloreto\/files\/2022\/09\/Escolarizaci\u00f3n-segura-JUNTA-AND-300x57.png\" alt=\"\" width=\"547\" height=\"104\" srcset=\"https:\/\/blogsaverroes.juntadeandalucia.es\/ceipvirgendeloreto\/files\/2022\/09\/Escolarizaci\u00f3n-segura-JUNTA-AND-300x57.png 300w, https:\/\/blogsaverroes.juntadeandalucia.es\/ceipvirgendeloreto\/files\/2022\/09\/Escolarizaci\u00f3n-segura-JUNTA-AND.png 625w\" sizes=\"(max-width: 547px) 100vw, 547px\" \/><\/a><\/p>\n<p>La Junta de Andaluc\u00eda ha puesto a disposici\u00f3n de las familias un nuevo portal titulado:&nbsp;<\/p>\n<p><span style=\"color: #800000\">ESCOLARIZACI\u00d3N SEGURA DEL ALUMNADO CON ENFERMEDADES CR\u00d3NICAS<\/span><\/p>\n<p>con los siguientes objetivos:<\/p>\n<p>Por un lado, conocer las caracter\u00edsticas generales de algunas de las enfermedades cr\u00f3nicas con mayor prevalencia en el contexto escolar: alergias alimentarias (y al l\u00e1tex), epilepsia, cardiopat\u00edas, asma y diabetes.<\/p>\n<p>Por otro lado, acercar al profesorado y a toda la comunidad educativa pautas que faciliten&nbsp; una escolarizaci\u00f3n segura de este alumnado, de tal forma que se minimicen o eliminen los riesgos potenciales que, en el contexto escolar, podr\u00edan presentarse.<\/p>\n<p>Por \u00faltimo, establecer pautas claras y concretas de actuaci\u00f3n en el centro educativo si se produjese una situaci\u00f3n de emergencia. (Toda la informaci\u00f3n recogida en este portal ha sido contrastada con los colectivos de personas afectadas, as\u00ed como con profesionales del \u00e1mbito de la educaci\u00f3n y la salud.<\/p>\n<p>Las familias de este alumnado depositan en el centro docente, no \u00fanicamente una parte de la responsabilidad del aprendizaje de sus hijos e hijas, sino tambi\u00e9n, su cuidado durante el horario lectivo. Por ello, toda la comunidad educativa debe conocer las caracter\u00edsticas de este alumnado, conocer las pautas de actuaci\u00f3n preventiva y, en caso de emergencia, actuar como lo har\u00eda cualquier padre o madre responsable, poniendo por encima de cualquier otro condicionante, el auxilio al alumno o la alumna en caso de emergencia.<\/p>\n<p>Igualmente se debe tener en cuenta que, seg\u00fan el C\u00f3digo Penal, lo contario ser\u00eda considerado omisi\u00f3n del deber de socorro.<\/p>\n<p><a href=\"https:\/\/blogsaverroes.juntadeandalucia.es\/ceipvirgendeloreto\/files\/2022\/09\/061.jpg\"><img loading=\"lazy\" decoding=\"async\" class=\"alignnone size-full wp-image-2774\" src=\"https:\/\/blogsaverroes.juntadeandalucia.es\/ceipvirgendeloreto\/files\/2022\/09\/061.jpg\" alt=\"\" width=\"230\" height=\"220\"><\/a> <a href=\"https:\/\/blogsaverroes.juntadeandalucia.es\/ceipvirgendeloreto\/files\/2022\/09\/112-and.jpg\"><img loading=\"lazy\" decoding=\"async\" class=\"alignnone size-full wp-image-2776\" src=\"https:\/\/blogsaverroes.juntadeandalucia.es\/ceipvirgendeloreto\/files\/2022\/09\/112-and.jpg\" alt=\"\" width=\"225\" height=\"225\" srcset=\"https:\/\/blogsaverroes.juntadeandalucia.es\/ceipvirgendeloreto\/files\/2022\/09\/112-and.jpg 225w, https:\/\/blogsaverroes.juntadeandalucia.es\/ceipvirgendeloreto\/files\/2022\/09\/112-and-150x150.jpg 150w\" sizes=\"(max-width: 225px) 100vw, 225px\" \/><\/a><\/p>\n<p>En definitiva, el <strong>PORTAL DE ESCOLARIZACI\u00d3N SEGURA DEL ALUMNADO CON ENFERMEDADES CR\u00d3NICAS<\/strong> ofrece informaci\u00f3n suficiente para posibilitar que los centros educativos se organicen para eliminar las carreras que pudiesen existir para la inclusi\u00f3n del alumnado con estas enfermedades y para establecer protocolos de actuaci\u00f3n que permitan una acci\u00f3n r\u00e1pida y eficaz en caso de emergencia.<\/p>\n<p>Pinchad en el enlace para acceder al portal:<\/p>\n<p><a href=\"https:\/\/portals.ced.junta-andalucia.es\/educacion\/portals\/web\/escolarizacion-segura\">https:\/\/portals.ced.junta-andalucia.es\/educacion\/portals\/web\/escolarizacion-segura<\/a><\/p>\n<p>&nbsp;<\/p>\n<p>&nbsp;<\/p>\n","protected":false},"excerpt":{"rendered":"<p>PORTAL DE ESCOLARIZACI\u00d3N SEGURA DE ALUMNADO CON ENFERMEDADES CR\u00d3NICAS La Junta de Andaluc\u00eda ha puesto a disposici\u00f3n de las familias un nuevo portal titulado:&nbsp; ESCOLARIZACI\u00d3N SEGURA DEL ALUMNADO CON ENFERMEDADES CR\u00d3NICAS con los siguientes&#46;&#46;&#46;<\/p>\n","protected":false},"author":1897,"featured_media":0,"parent":0,"menu_order":0,"comment_status":"closed","ping_status":"closed","template":"","meta":{"ngg_post_thumbnail":0,"footnotes":"","_mc_calendar":[]},"aioseo_notices":[],"_links":{"self":[{"href":"https:\/\/blogsaverroes.juntadeandalucia.es\/ceipvirgendeloreto\/wp-json\/wp\/v2\/pages\/2772"}],"collection":[{"href":"https:\/\/blogsaverroes.juntadeandalucia.es\/ceipvirgendeloreto\/wp-json\/wp\/v2\/pages"}],"about":[{"href":"https:\/\/blogsaverroes.juntadeandalucia.es\/ceipvirgendeloreto\/wp-json\/wp\/v2\/types\/page"}],"author":[{"embeddable":true,"href":"https:\/\/blogsaverroes.juntadeandalucia.es\/ceipvirgendeloreto\/wp-json\/wp\/v2\/users\/1897"}],"replies":[{"embeddable":true,"href":"https:\/\/blogsaverroes.juntadeandalucia.es\/ceipvirgendeloreto\/wp-json\/wp\/v2\/comments?post=2772"}],"version-history":[{"count":2,"href":"https:\/\/blogsaverroes.juntadeandalucia.es\/ceipvirgendeloreto\/wp-json\/wp\/v2\/pages\/2772\/revisions"}],"predecessor-version":[{"id":2778,"href":"https:\/\/blogsaverroes.juntadeandalucia.es\/ceipvirgendeloreto\/wp-json\/wp\/v2\/pages\/2772\/revisions\/2778"}],"wp:attachment":[{"href":"https:\/\/blogsaverroes.juntadeandalucia.es\/ceipvirgendeloreto\/wp-json\/wp\/v2\/media?parent=2772"}],"curies":[{"name":"wp","href":"https:\/\/api.w.org\/{rel}","templated":true}]}}