{"id":2114,"date":"2015-11-23T08:48:10","date_gmt":"2015-11-23T08:48:10","guid":{"rendered":"http:\/\/blogsaverroes.juntadeandalucia.es\/ceipvirgendemontemayor\/?page_id=2114"},"modified":"2025-09-30T09:37:08","modified_gmt":"2025-09-30T09:37:08","slug":"claustro-3","status":"publish","type":"page","link":"https:\/\/blogsaverroes.juntadeandalucia.es\/ceipvirgendemontemayor\/claustro-3\/","title":{"rendered":"Claustro"},"content":{"rendered":"<p>Claustro 2025\/26<\/p>\n<p><img decoding=\"async\" src=\"https:\/\/lh3.googleusercontent.com\/sitesv\/AICyYda2_OiMHGfQAgc6e1usNkTFF0PcOtI5RkhnNVd9uOwuEAQLSco6skDqqQq3FS862bfvzt-J1tU5pZn0nMxf8AfB90mwCWK8BWY_hg9A2JmsY3RSEBEE7i6AgojFDjiWHO3rBq5Ba9DT5wXuDloGwP2bMW0CxyEPBtz90sZ3j815ev2mvL-92yIbTOeNFImPdXz-z_mhGBwgpagoWQZ-93l1EdweDk01Zw=w1280\"><\/p>\n<p>&nbsp;<\/p>\n<p>&nbsp;<\/p>\n<p>&nbsp;<\/p>\n<p>Los maestros que conforman el <strong><u>claustro<\/u><\/strong> de nuestro centro para el curso 2021\/2022 son:<\/p>\n<p>&nbsp;<\/p>\n<p>&nbsp;<\/p>\n<p>&nbsp;<\/p>\n<p><strong><u>EQUIPO DIRECTIVO<\/u><\/strong><\/p>\n<p><strong><u>DIRECTORA: Teresa Cordero Gonz\u00e1lez<\/u><\/strong><\/p>\n<p><strong><u>JEFA DE ESTUDIOS: Eva M\u00aa G\u00f3mez G\u00f3mez<\/u><\/strong><\/p>\n<p><strong><u>SECRETARIA: Mercedes Exojo Asensio<\/u><\/strong><\/p>\n<p><strong><u>EDUCACI\u00d3N INFANTIL<\/u><\/strong><\/p>\n<ul>\n<li>3 a\u00f1os A: Paqui Flores Hinestrosa<\/li>\n<li>3 a\u00f1os B: Leonor Quintero<\/li>\n<li>4 a\u00f1os A: Felisa Ruiz Gonz\u00e1lez<\/li>\n<li>5 a\u00f1os A: M Dolores Velo Moreno<\/li>\n<li>5 a\u00f1os B: To\u00f1i Dom\u00ednguez Gonz\u00e1lez<\/li>\n<li><strong>Apoyo<\/strong>:\n<ul>\n<li>Alberto M\u00ednguez Gonz\u00e1lez<\/li>\n<\/ul>\n<\/li>\n<\/ul>\n<p>&nbsp;<\/p>\n<p><strong><u>EDUCACI\u00d3N PRIMARIA<\/u><\/strong><\/p>\n<ul>\n<li style=\"list-style-type: none\">\n<ul>\n<li><strong><u>PRIMER CICLO<\/u><\/strong>\n<ul>\n<li>1\u00ba A: Carmen<\/li>\n<li>1\u00ba B: Daniel Camacho Clavijo<\/li>\n<li>2\u00ba A: Alfonso Gordillo Infante<\/li>\n<li>2\u00ba B: Mar\u00eda Jos\u00e9 Romero Velo<\/li>\n<\/ul>\n<\/li>\n<li><strong><u>SEGUNDO CICLO<\/u><\/strong>\n<ul>\n<li>3\u00ba A: Diego G\u00f3mez Mu\u00f1oz<\/li>\n<li>3\u00ba B: Erica Gonz\u00e1lez Esquivel<\/li>\n<li>4\u00ba A: Encarny Mu\u00f1oz Romero<\/li>\n<li>4\u00ba B: Mari\u00e1n D\u00edaz Herrera<\/li>\n<\/ul>\n<\/li>\n<li><strong><u>TERCER CICLO<\/u><\/strong>\n<ul>\n<li>5\u00ba A: Gloria Jim\u00e9nez Verdier<\/li>\n<li>5\u00ba B: Jes\u00fas Delgado Barroso<\/li>\n<li>6\u00ba A: Eva G\u00f3mez G\u00f3mez<\/li>\n<li>6\u00ba B: Mara Dolores Mac\u00edas Bland\u00f3n<\/li>\n<\/ul>\n<\/li>\n<\/ul>\n<\/li>\n<\/ul>\n<p style=\"text-align: left\"><strong><u>ESPECIALISTAS:<\/u><\/strong><\/p>\n<ul>\n<li style=\"list-style-type: none\">\n<ul>\n<li><strong>Ingl\u00e9s:<\/strong>\n<ul>\n<li>Rosa M\u00aa Dom\u00ednguez G\u00f3mez<\/li>\n<li>Gloria Jim\u00e9nez Verdier<\/li>\n<li>Dafne Cloquel Mu\u00f1oz<\/li>\n<li>Teresa Cordero Gonz\u00e1lez<\/li>\n<\/ul>\n<\/li>\n<li><strong>Franc\u00e9s<\/strong>:\n<ul>\n<li>Erica Gonz\u00e1lez Esquivel<\/li>\n<\/ul>\n<\/li>\n<li><strong>Educaci\u00f3n F\u00edsica:<\/strong>\n<ul>\n<li>Jes\u00fas Delgado Barroso<\/li>\n<li>Alfonso Gordillo Infante<\/li>\n<li>Manuel Lancha Delgado<\/li>\n<\/ul>\n<\/li>\n<li><strong>Pedagog\u00eda Terap\u00e9utica:<\/strong>\n<ul>\n<li>Mar\u00eda Ventura Gorostidi<\/li>\n<li>Macarena Romero Rivera<\/li>\n<li>&nbsp;<\/li>\n<\/ul>\n<\/li>\n<li><strong>ATAL:<\/strong>\n<ul>\n<li>Francisco Javier Cano Zamorano<\/li>\n<\/ul>\n<\/li>\n<li><strong>Religi\u00f3n Cat\u00f3lica:<\/strong>\n<ul>\n<li>Ana M\u00aa Cayetano Men\u00e9ndez<\/li>\n<li>Pedro Pablo Galindo P\u00e9rez<\/li>\n<\/ul>\n<\/li>\n<li><strong>Audici\u00f3n y Lenguaje:<\/strong>\n<ul>\n<li>Mercedes Exojo Asensio<\/li>\n<\/ul>\n<\/li>\n<li><strong>M\u00fasica<\/strong>:\n<ul>\n<li>Carlos Barrag\u00e1n Mart\u00edn<\/li>\n<\/ul>\n<\/li>\n<li><strong>Compensatoria y ZTS<\/strong>:\n<ul>\n<li>Ra\u00fal Pi\u00f1ero Romero<\/li>\n<li>Sandra Rivas G\u00e1mez<\/li>\n<\/ul>\n<\/li>\n<\/ul>\n<\/li>\n<\/ul>\n","protected":false},"excerpt":{"rendered":"<p>Claustro 2025\/26 &nbsp; &nbsp; &nbsp; Los maestros que conforman el claustro de nuestro centro para el curso 2021\/2022 son: &nbsp; &nbsp; &nbsp; EQUIPO DIRECTIVO DIRECTORA: Teresa Cordero Gonz\u00e1lez JEFA DE ESTUDIOS: Eva M\u00aa G\u00f3mez&#46;&#46;&#46;<\/p>\n","protected":false},"author":2216,"featured_media":0,"parent":0,"menu_order":0,"comment_status":"open","ping_status":"open","template":"","meta":{"ngg_post_thumbnail":0,"footnotes":"","_mc_calendar":[]},"aioseo_notices":[],"_links":{"self":[{"href":"https:\/\/blogsaverroes.juntadeandalucia.es\/ceipvirgendemontemayor\/wp-json\/wp\/v2\/pages\/2114"}],"collection":[{"href":"https:\/\/blogsaverroes.juntadeandalucia.es\/ceipvirgendemontemayor\/wp-json\/wp\/v2\/pages"}],"about":[{"href":"https:\/\/blogsaverroes.juntadeandalucia.es\/ceipvirgendemontemayor\/wp-json\/wp\/v2\/types\/page"}],"author":[{"embeddable":true,"href":"https:\/\/blogsaverroes.juntadeandalucia.es\/ceipvirgendemontemayor\/wp-json\/wp\/v2\/users\/2216"}],"replies":[{"embeddable":true,"href":"https:\/\/blogsaverroes.juntadeandalucia.es\/ceipvirgendemontemayor\/wp-json\/wp\/v2\/comments?post=2114"}],"version-history":[{"count":11,"href":"https:\/\/blogsaverroes.juntadeandalucia.es\/ceipvirgendemontemayor\/wp-json\/wp\/v2\/pages\/2114\/revisions"}],"predecessor-version":[{"id":5456,"href":"https:\/\/blogsaverroes.juntadeandalucia.es\/ceipvirgendemontemayor\/wp-json\/wp\/v2\/pages\/2114\/revisions\/5456"}],"wp:attachment":[{"href":"https:\/\/blogsaverroes.juntadeandalucia.es\/ceipvirgendemontemayor\/wp-json\/wp\/v2\/media?parent=2114"}],"curies":[{"name":"wp","href":"https:\/\/api.w.org\/{rel}","templated":true}]}}