{"id":853,"date":"2020-12-18T08:50:47","date_gmt":"2020-12-18T07:50:47","guid":{"rendered":"https:\/\/blogsaverroes.juntadeandalucia.es\/pre\/plantilla-pencil\/?page_id=853"},"modified":"2021-03-04T10:55:44","modified_gmt":"2021-03-04T09:55:44","slug":"nuestra-historia","status":"publish","type":"page","link":"https:\/\/blogsaverroes.juntadeandalucia.es\/cemantoniolopezserrano\/nuestra-historia\/","title":{"rendered":"Nuestra Historia"},"content":{"rendered":"<p>[et_pb_section fb_built=&#8221;1&#8243; _builder_version=&#8221;3.22&#8243;][et_pb_row _builder_version=&#8221;3.25&#8243; background_size=&#8221;initial&#8221; background_position=&#8221;top_left&#8221; background_repeat=&#8221;repeat&#8221;][et_pb_column type=&#8221;4_4&#8243; _builder_version=&#8221;3.25&#8243; custom_padding=&#8221;|||&#8221; custom_padding__hover=&#8221;|||&#8221;][et_pb_image src=&#8221;https:\/\/blogsaverroes.juntadeandalucia.es\/cemantoniolopezserrano\/files\/2021\/03\/EL-CENTRO-NUESTRA-HISTORIA-scaled.jpg&#8221; title_text=&#8221;EL CENTRO NUESTRA HISTORIA&#8221; admin_label=&#8221;Imagen de la portada&#8221; _builder_version=&#8221;4.5.0&#8243; hover_enabled=&#8221;0&#8243; z_index_tablet=&#8221;500&#8243; box_shadow_horizontal_tablet=&#8221;0px&#8221; box_shadow_vertical_tablet=&#8221;0px&#8221; box_shadow_blur_tablet=&#8221;40px&#8221; box_shadow_spread_tablet=&#8221;0px&#8221;][\/et_pb_image][et_pb_text admin_label=&#8221;Texto descriptivo&#8221; _builder_version=&#8221;3.27.4&#8243; z_index_tablet=&#8221;500&#8243; text_text_shadow_horizontal_length_tablet=&#8221;0px&#8221; text_text_shadow_vertical_length_tablet=&#8221;0px&#8221; text_text_shadow_blur_strength_tablet=&#8221;1px&#8221; link_text_shadow_horizontal_length_tablet=&#8221;0px&#8221; link_text_shadow_vertical_length_tablet=&#8221;0px&#8221; link_text_shadow_blur_strength_tablet=&#8221;1px&#8221; ul_text_shadow_horizontal_length_tablet=&#8221;0px&#8221; ul_text_shadow_vertical_length_tablet=&#8221;0px&#8221; ul_text_shadow_blur_strength_tablet=&#8221;1px&#8221; ol_text_shadow_horizontal_length_tablet=&#8221;0px&#8221; ol_text_shadow_vertical_length_tablet=&#8221;0px&#8221; ol_text_shadow_blur_strength_tablet=&#8221;1px&#8221; quote_text_shadow_horizontal_length_tablet=&#8221;0px&#8221; quote_text_shadow_vertical_length_tablet=&#8221;0px&#8221; quote_text_shadow_blur_strength_tablet=&#8221;1px&#8221; header_text_shadow_horizontal_length_tablet=&#8221;0px&#8221; header_text_shadow_vertical_length_tablet=&#8221;0px&#8221; header_text_shadow_blur_strength_tablet=&#8221;1px&#8221; header_2_text_shadow_horizontal_length_tablet=&#8221;0px&#8221; header_2_text_shadow_vertical_length_tablet=&#8221;0px&#8221; header_2_text_shadow_blur_strength_tablet=&#8221;1px&#8221; header_3_text_shadow_horizontal_length_tablet=&#8221;0px&#8221; header_3_text_shadow_vertical_length_tablet=&#8221;0px&#8221; header_3_text_shadow_blur_strength_tablet=&#8221;1px&#8221; header_4_text_shadow_horizontal_length_tablet=&#8221;0px&#8221; header_4_text_shadow_vertical_length_tablet=&#8221;0px&#8221; header_4_text_shadow_blur_strength_tablet=&#8221;1px&#8221; header_5_text_shadow_horizontal_length_tablet=&#8221;0px&#8221; header_5_text_shadow_vertical_length_tablet=&#8221;0px&#8221; header_5_text_shadow_blur_strength_tablet=&#8221;1px&#8221; header_6_text_shadow_horizontal_length_tablet=&#8221;0px&#8221; header_6_text_shadow_vertical_length_tablet=&#8221;0px&#8221; header_6_text_shadow_blur_strength_tablet=&#8221;1px&#8221; box_shadow_horizontal_tablet=&#8221;0px&#8221; box_shadow_vertical_tablet=&#8221;0px&#8221; box_shadow_blur_tablet=&#8221;40px&#8221; box_shadow_spread_tablet=&#8221;0px&#8221;]<\/p>\n<p style=\"text-align: justify\"><span style=\"font-size: 12px\">\u00a0<\/span><\/p>\n<div class=\"kvgmc6g5 cxmmr5t8 oygrvhab hcukyx3x c1et5uql\" style=\"text-align: justify\">\n<div dir=\"auto\">El d\u00eda 16 de junio de 1989, Tom\u00e1s Delgado Toro, alcalde de Priego, y Antonio Pascual Acosta, consejero de Educaci\u00f3n de la Junta de Andaluc\u00eda, rubricaban el convenio por el que se creaba el Conservatorio Elemental de M\u00fasica de Priego, as\u00ed como su puesta en funcionamiento en el curso 1989-90. La firma tuvo lugar en el antiguo sal\u00f3n de actos de la Casa de Cultura, posteriormente sala de lectura de la Biblioteca Municipal. Tras las alocuciones de los pol\u00edticos, se celebr\u00f3 un recital de piano a cargo de dos jovenc\u00edsimos y brillantes alumnos de la entonces Aula de M\u00fasica de Priego, Carlos Forcada Foguer y Mar\u00eda C\u00f3rdoba Rodriguez, que entusiasmaron al p\u00fablico asistente. Precisamente esa Aula de M\u00fasica fue la precursora de lo que posteriormente fue nuestro conservatorio elemental de m\u00fasica.<\/div>\n<\/div>\n<div class=\"o9v6fnle cxmmr5t8 oygrvhab hcukyx3x c1et5uql\" style=\"text-align: justify\">\n<div dir=\"auto\">Corr\u00eda el a\u00f1o 1983 cuando dos j\u00f3venes prieguenses, Francisco Dur\u00e1n Alcal\u00e1, concejal de cultura del Ayuntamiento de Priego y Antonio L\u00f3pez Serrano, profesor de piano en el Conservatorio Superior de M\u00fasica de C\u00f3rdoba deciden proponer a la Delegaci\u00f3n Provincial de Educaci\u00f3n la posibilidad de contar con un centro de ense\u00f1anza profesional de m\u00fasica en nuestra localidad. Para ello Antonio L\u00f3pez, propone al Director del Conservatorio Superior de M\u00fasica de C\u00f3rdoba, Rafael Quero, compaginar su horario entre C\u00f3rdoba y Priego a lo que \u00e9ste \u00faltimo accede contando con el visto bueno de la Delegaci\u00f3n Provincial. Nace de esta forma el Aula de Extensi\u00f3n del Conservatorio Superior de M\u00fasica de C\u00f3rdoba en Priego. Desde los comienzos el centro goz\u00f3 de gran aceptaci\u00f3n entre los prieguenses que acud\u00edan a sus clases con entusiasmo. As\u00ed estuvo hasta 1988, cuando el Aula pas\u00f3 a depender del reci\u00e9n creado Conservatorio Elemental de M\u00fasica de Cabra. Finalmente, y como indicamos en el encabezamiento de esta presentaci\u00f3n, este Conservatorio se crea con la firma del convenio entre la Consejer\u00eda de Educaci\u00f3n de la Junta de Andaluc\u00eda y el Excmo. Ayuntamiento de Priego.<\/div>\n<div dir=\"auto\"><\/div>\n<div dir=\"auto\"><\/div>\n<div dir=\"auto\"><\/div>\n<div dir=\"auto\"><\/div>\n<div dir=\"auto\"><\/div>\n<div dir=\"auto\"><\/div>\n<\/div>\n<div class=\"o9v6fnle cxmmr5t8 oygrvhab hcukyx3x c1et5uql\" style=\"text-align: justify\">\n<div dir=\"auto\">Han transcurrido veintiocho a\u00f1os desde que nuestro centro comenz\u00f3 su singladura, como aula de Extensi\u00f3n y como Conservatorio Elemental, casi tres d\u00e9cadas durante las cuales, adem\u00e1s de una amplia y fruct\u00edfera labor formativa, nos hemos convertido en un referente cultural y educativo tanto provincial como regional. Lo que ha sido posible gracias a que hemos contado con el concurso de un claustro de excelentes profesionales entregados de forma plena al conservatorio.<\/div>\n<\/div>\n<div class=\"o9v6fnle cxmmr5t8 oygrvhab hcukyx3x c1et5uql\" style=\"text-align: justify\">\n<div dir=\"auto\">En estos a\u00f1os, m\u00e1s de 5.000 alumnos han pasado por nuestras aulas. El curso m\u00e1s numeroso fue el de 1991-92, cuando fueron 600 los alumnos matriculados, que colocaba a nuestro centro a la cabeza de los conservatorios de su categor\u00eda en pueblos andaluces. Es motivo de satisfacci\u00f3n comprobar c\u00f3mo un buen n\u00famero de esos alumnos, que decidieron continuar por el camino de la m\u00fasica, son hoy excelentes profesionales que extienden su magisterio y saber por toda la geograf\u00eda andaluza.<\/div>\n<\/div>\n<div class=\"o9v6fnle cxmmr5t8 oygrvhab hcukyx3x c1et5uql\" style=\"text-align: justify\">\n<div dir=\"auto\">Pero no es s\u00f3lo la vertiente formativa; este conservatorio se ha convertido en un magn\u00edfico dinamizador de la vida cultural a escala local, provincial y regional. Figuras de la interpretaci\u00f3n, reconocidos cr\u00edticos e importantes personajes de la vida p\u00fablica espa\u00f1ola han participado en nuestros ciclos. De entre los muchos que nos han visitado, cabe rese\u00f1ar al llorado pianista Rafael Orozco, al tenor Pedro Lavirgen, a la pianista Rosa Torres-Pardo, al director de orquesta Enrique Garc\u00eda Asensio, al guitarrista Jos\u00e9 Maria Gallardo, a los catedr\u00e1ticos Guillermo Gonz\u00e1lez y Rafael Quero; tambi\u00e9n a las diferentes orquestas de c\u00e1mara y sinf\u00f3nicas espa\u00f1olas y europeas; a personalidades de la comunicaci\u00f3n como Fernando Argenta, M\u00e1ximo Pradera, Jes\u00fas Ruiz Mantilla, Juan \u00c1ngel Vela del Campo o Francisco Melguizo; a diplom\u00e1ticos como Delf\u00edn Colom\u00e9 o a cr\u00edticos como Andr\u00e9s Ruiz Tarazona, a poetas como Antonio Carvajal. De todas las actuaciones, no obstante, nos vienen a la memoria dos ellas: la de junio de 1992, cuando el gran pianista Rafael Orozco interpret\u00f3 la Suite Iberia de 1 de Alb\u00e9niz en la Iglesia de San Pedro (obra que en esa \u00e9poca s\u00f3lo interpret\u00f3 en las ocho capitales andaluzas y en nuestro pueblo); y la de noviembre y diciembre de 2007, cuando conseguimos reunir en nuestros \u201cDi\u00e1logos con la M\u00fasica\u201d al prestigioso psiquiatra y acad\u00e9mico, ya fallecido, Carlos Castilla del Pino, a la ministra y hoy vicepresidenta econ\u00f3mica del Gobierno de la Naci\u00f3n, Elena Salgado, y al ex presidente del Gobierno de Espa\u00f1a, Leopoldo Calvo-Sotelo y Bustelo; todos ellos grandes aficionados a la m\u00fasica. De ah\u00ed que nos jactemos de lo que nadie, ni partidos ni gobernantes, han conseguido en la historia de nuestra ciudad: la presencia y participaci\u00f3n en un acto cultural de uno de los presidentes de Gobierno de Espa\u00f1a.<\/div>\n<\/div>\n<div class=\"o9v6fnle cxmmr5t8 oygrvhab hcukyx3x c1et5uql\" style=\"text-align: justify\">\n<div dir=\"auto\">Asimismo, en este conservatorio se gest\u00f3 uno de los eventos culturales m\u00e1s importantes de las \u00faltimas d\u00e9cadas: el Concurso Internacional de Canto \u201cPedro Lavirgen\u201d, cuya idea y proyecto nacieron en el seno de nuestro Conservatorio. Contando en sus primeras ediciones con un jurado aut\u00e9nticamente de lujo formado por personalidades de la talla de Pedro Lavirgen, Alfredo Kraus, Giuseppe Di St\u00e9fano, Helga Schmidt, Fiorenza Cossotto, Carlos \u00c1lvarez, etc.<\/div>\n<\/div>\n<div class=\"o9v6fnle cxmmr5t8 oygrvhab hcukyx3x c1et5uql\" style=\"text-align: justify\">\n<div dir=\"auto\">Pero tan importante como las propias actividades fue conseguir la implicaci\u00f3n del tejido social prieguense. Con el recuerdo de esa extraordinaria labor realizada por un ilustre prieguense del pasado siglo, Jos\u00e9 Luis G\u00e1miz Valverde, logramos el apoyo y ayuda de un buen ramillete de paisanos generosos y dispuestos a aportar su grano de arena en pro de la cultura de este pueblo. Asimismo conseguimos la implicaci\u00f3n de entidades financieras en nuestros proyectos. Caja de Granada, CajaSur y Caja Madrid, patrocinaron durante a\u00f1os actividades culturales en nuestro Conservatorio.<\/div>\n<\/div>\n<div class=\"o9v6fnle cxmmr5t8 oygrvhab hcukyx3x c1et5uql\" style=\"text-align: justify\">\n<div dir=\"auto\">Por otro lado, no quiero omitir otra estupenda realizaci\u00f3n en la que tambi\u00e9n tuvo nuestro conservatorio un papel decisivo: la creaci\u00f3n de la Orquesta Ciudad de Priego. La iniciativa, que parti\u00f3 de su director, Francisco Jos\u00e9 Serrano Luque, entonces secretario del Conservatorio, enseguida cont\u00f3 con el apoyo de la direcci\u00f3n del centro y su equipo. Las primeras gestiones para conseguir patrocinio privado corrieron por cuenta del director del centro, quien consigui\u00f3 \u201cembarcar\u201d a varios prieguenses en esta iniciativa, que aportaron su colaboraci\u00f3n econ\u00f3mica e hicieron posible poner en marcha esta idea hasta que los rigores y limitaciones presupuestarias nos obligaron a abandonar esta empresa en la que tanto empe\u00f1o e ilusi\u00f3n depositamos.<\/div>\n<\/div>\n<div class=\"o9v6fnle cxmmr5t8 oygrvhab hcukyx3x c1et5uql\">\n<div dir=\"auto\" style=\"text-align: justify\">En los tiempos actuales el Conservatorio Elemental de M\u00fasica de Priego es una instituci\u00f3n plenamente consolidada y entroncada en la sociedad prieguense con una seria de iniciativas y propuestas que vierten en el pueblo de Priego y que gozan siempre del aplauso y la aprobaci\u00f3n de los prieguenses. Los padres y alumnos de nuestro centro no cejan en su empe\u00f1\u00f3 de conseguir alg\u00fan d\u00eda el tan ansiado Conservatorio Profesional de M\u00fasica que, por historia y tradici\u00f3n, merece Priego de C\u00f3rdoba.<\/div>\n<\/div>\n<p>[\/et_pb_text][\/et_pb_column][\/et_pb_row][et_pb_row column_structure=&#8221;1_5,1_5,1_5,1_5,1_5&#8243; _builder_version=&#8221;3.25&#8243; background_size=&#8221;initial&#8221; background_position=&#8221;top_left&#8221; background_repeat=&#8221;repeat&#8221;][et_pb_column type=&#8221;1_5&#8243; _builder_version=&#8221;3.25&#8243; custom_padding=&#8221;|||&#8221; custom_padding__hover=&#8221;|||&#8221;][\/et_pb_column][et_pb_column type=&#8221;1_5&#8243; _builder_version=&#8221;4.5.0&#8243; _module_preset=&#8221;default&#8221;][et_pb_blurb title=&#8221;Innovaci\u00f3n&#8221; use_icon=&#8221;on&#8221; font_icon=&#8221;%%121%%&#8221; use_circle=&#8221;on&#8221; circle_color=&#8221;#5d58ef&#8221; admin_label=&#8221;Informaci\u00f3n innovaci\u00f3n (icono, titulo y texto)&#8221; _builder_version=&#8221;3.23.3&#8243; text_orientation=&#8221;center&#8221; z_index_tablet=&#8221;500&#8243; header_text_shadow_horizontal_length_tablet=&#8221;0px&#8221; header_text_shadow_vertical_length_tablet=&#8221;0px&#8221; header_text_shadow_blur_strength_tablet=&#8221;1px&#8221; body_text_shadow_horizontal_length_tablet=&#8221;0px&#8221; body_text_shadow_vertical_length_tablet=&#8221;0px&#8221; body_text_shadow_blur_strength_tablet=&#8221;1px&#8221; body_link_text_shadow_horizontal_length_tablet=&#8221;0px&#8221; body_link_text_shadow_vertical_length_tablet=&#8221;0px&#8221; body_link_text_shadow_blur_strength_tablet=&#8221;1px&#8221; body_ul_text_shadow_horizontal_length_tablet=&#8221;0px&#8221; body_ul_text_shadow_vertical_length_tablet=&#8221;0px&#8221; body_ul_text_shadow_blur_strength_tablet=&#8221;1px&#8221; body_ol_text_shadow_horizontal_length_tablet=&#8221;0px&#8221; body_ol_text_shadow_vertical_length_tablet=&#8221;0px&#8221; body_ol_text_shadow_blur_strength_tablet=&#8221;1px&#8221; body_quote_text_shadow_horizontal_length_tablet=&#8221;0px&#8221; body_quote_text_shadow_vertical_length_tablet=&#8221;0px&#8221; body_quote_text_shadow_blur_strength_tablet=&#8221;1px&#8221; box_shadow_horizontal_tablet=&#8221;0px&#8221; box_shadow_vertical_tablet=&#8221;0px&#8221; box_shadow_blur_tablet=&#8221;40px&#8221; box_shadow_spread_tablet=&#8221;0px&#8221; box_shadow_horizontal_image_tablet=&#8221;0px&#8221; box_shadow_vertical_image_tablet=&#8221;0px&#8221; box_shadow_blur_image_tablet=&#8221;40px&#8221; box_shadow_spread_image_tablet=&#8221;0px&#8221; text_shadow_horizontal_length_tablet=&#8221;0px&#8221; text_shadow_vertical_length_tablet=&#8221;0px&#8221; text_shadow_blur_strength_tablet=&#8221;1px&#8221;]<\/p>\n<p>Nuevas tecnolog\u00edas en el centro<\/p>\n<p>[\/et_pb_blurb][\/et_pb_column][et_pb_column type=&#8221;1_5&#8243; _builder_version=&#8221;3.25&#8243; custom_padding=&#8221;|||&#8221; custom_padding__hover=&#8221;|||&#8221;][\/et_pb_column][et_pb_column type=&#8221;1_5&#8243; _builder_version=&#8221;4.5.0&#8243; _module_preset=&#8221;default&#8221;][et_pb_blurb title=&#8221;Contacta&#8221; use_icon=&#8221;on&#8221; font_icon=&#8221;%%153%%&#8221; use_circle=&#8221;on&#8221; circle_color=&#8221;#ffc259&#8243; admin_label=&#8221;Informaci\u00f3n de contacto (icono, titulo y texto)&#8221; _builder_version=&#8221;3.23.3&#8243; text_orientation=&#8221;center&#8221; z_index_tablet=&#8221;500&#8243; header_text_shadow_horizontal_length_tablet=&#8221;0px&#8221; header_text_shadow_vertical_length_tablet=&#8221;0px&#8221; header_text_shadow_blur_strength_tablet=&#8221;1px&#8221; body_text_shadow_horizontal_length_tablet=&#8221;0px&#8221; body_text_shadow_vertical_length_tablet=&#8221;0px&#8221; body_text_shadow_blur_strength_tablet=&#8221;1px&#8221; body_link_text_shadow_horizontal_length_tablet=&#8221;0px&#8221; body_link_text_shadow_vertical_length_tablet=&#8221;0px&#8221; body_link_text_shadow_blur_strength_tablet=&#8221;1px&#8221; body_ul_text_shadow_horizontal_length_tablet=&#8221;0px&#8221; body_ul_text_shadow_vertical_length_tablet=&#8221;0px&#8221; body_ul_text_shadow_blur_strength_tablet=&#8221;1px&#8221; body_ol_text_shadow_horizontal_length_tablet=&#8221;0px&#8221; body_ol_text_shadow_vertical_length_tablet=&#8221;0px&#8221; body_ol_text_shadow_blur_strength_tablet=&#8221;1px&#8221; body_quote_text_shadow_horizontal_length_tablet=&#8221;0px&#8221; body_quote_text_shadow_vertical_length_tablet=&#8221;0px&#8221; body_quote_text_shadow_blur_strength_tablet=&#8221;1px&#8221; box_shadow_horizontal_tablet=&#8221;0px&#8221; box_shadow_vertical_tablet=&#8221;0px&#8221; box_shadow_blur_tablet=&#8221;40px&#8221; box_shadow_spread_tablet=&#8221;0px&#8221; box_shadow_horizontal_image_tablet=&#8221;0px&#8221; box_shadow_vertical_image_tablet=&#8221;0px&#8221; box_shadow_blur_image_tablet=&#8221;40px&#8221; box_shadow_spread_image_tablet=&#8221;0px&#8221; text_shadow_horizontal_length_tablet=&#8221;0px&#8221; text_shadow_vertical_length_tablet=&#8221;0px&#8221; text_shadow_blur_strength_tablet=&#8221;1px&#8221;]<\/p>\n<p>Tenemos abierto nuestro buz\u00f3n de sugerencias<\/p>\n<p>[\/et_pb_blurb][\/et_pb_column][et_pb_column type=&#8221;1_5&#8243; _builder_version=&#8221;3.25&#8243; custom_padding=&#8221;|||&#8221; custom_padding__hover=&#8221;|||&#8221;][\/et_pb_column][\/et_pb_row][\/et_pb_section]<\/p>\n","protected":false},"excerpt":{"rendered":"<p>\u00a0 El d\u00eda 16 de junio de 1989, Tom\u00e1s Delgado Toro, alcalde de Priego, y Antonio Pascual Acosta, consejero de Educaci\u00f3n de la Junta de Andaluc\u00eda, rubricaban el convenio por el que se creaba el Conservatorio Elemental de M\u00fasica de Priego, as\u00ed como su puesta en funcionamiento en el curso 1989-90. La firma tuvo lugar [&hellip;]<\/p>\n","protected":false},"author":7051,"featured_media":0,"parent":0,"menu_order":0,"comment_status":"closed","ping_status":"closed","template":"","meta":{"_et_pb_use_builder":"on","_et_pb_old_content":"","_et_gb_content_width":"","ngg_post_thumbnail":0,"footnotes":""},"aioseo_notices":[],"post_mailing_queue_ids":[],"_links":{"self":[{"href":"https:\/\/blogsaverroes.juntadeandalucia.es\/cemantoniolopezserrano\/wp-json\/wp\/v2\/pages\/853"}],"collection":[{"href":"https:\/\/blogsaverroes.juntadeandalucia.es\/cemantoniolopezserrano\/wp-json\/wp\/v2\/pages"}],"about":[{"href":"https:\/\/blogsaverroes.juntadeandalucia.es\/cemantoniolopezserrano\/wp-json\/wp\/v2\/types\/page"}],"author":[{"embeddable":true,"href":"https:\/\/blogsaverroes.juntadeandalucia.es\/cemantoniolopezserrano\/wp-json\/wp\/v2\/users\/7051"}],"replies":[{"embeddable":true,"href":"https:\/\/blogsaverroes.juntadeandalucia.es\/cemantoniolopezserrano\/wp-json\/wp\/v2\/comments?post=853"}],"version-history":[{"count":2,"href":"https:\/\/blogsaverroes.juntadeandalucia.es\/cemantoniolopezserrano\/wp-json\/wp\/v2\/pages\/853\/revisions"}],"predecessor-version":[{"id":1235,"href":"https:\/\/blogsaverroes.juntadeandalucia.es\/cemantoniolopezserrano\/wp-json\/wp\/v2\/pages\/853\/revisions\/1235"}],"wp:attachment":[{"href":"https:\/\/blogsaverroes.juntadeandalucia.es\/cemantoniolopezserrano\/wp-json\/wp\/v2\/media?parent=853"}],"curies":[{"name":"wp","href":"https:\/\/api.w.org\/{rel}","templated":true}]}}