{"id":1125,"date":"2025-01-29T20:54:37","date_gmt":"2025-01-29T19:54:37","guid":{"rendered":"https:\/\/blogsaverroes.juntadeandalucia.es\/cemcazalladelasierra\/?page_id=1125"},"modified":"2025-10-23T19:15:44","modified_gmt":"2025-10-23T18:15:44","slug":"matriculacion","status":"publish","type":"page","link":"https:\/\/blogsaverroes.juntadeandalucia.es\/cemcazalladelasierra\/matriculacion\/","title":{"rendered":"Matriculaci\u00f3n"},"content":{"rendered":"<p style=\"text-align: justify\"><span style=\"font-size: 24pt;color: #000080\">\u00bfQui\u00e9n puede matricularse?<\/span><\/p>\n<ul style=\"text-align: justify\">\n<li><span style=\"color: #333333\">Los que han superado las pruebas de acceso y tengan plaza en su instrumento.<\/span><\/li>\n<li><span style=\"color: #333333\">Alumnado del Conservatorio de otros cursos que ya est\u00e1n cursando en el Centro.&nbsp;<\/span><\/li>\n<\/ul>\n<p style=\"text-align: justify\">&nbsp;<\/p>\n<p style=\"text-align: justify\"><span style=\"font-size: 24pt;color: #000080\">\u00bfCu\u00e1ndo puedo realizar la matr\u00edcula?<\/span><\/p>\n<p style=\"text-align: justify\">&nbsp; &nbsp; &nbsp; <span style=\"color: #333333\">El periodo de <b>matriculaci\u00f3n <\/b>del Conservatorio se abre <em>exclusivamente&nbsp;<\/em>entre del&nbsp;<strong>1&nbsp;<\/strong>al<strong> 10 de<\/strong><strong> julio <\/strong><strong>de cada a\u00f1o. <\/strong>Si un alumno\/a <em>no realiza la matricula<\/em> en la fecha mencionada,<em> perder\u00e1 el derecho a continuar sus estudios en el Centro<\/em>.<\/span><\/p>\n<p style=\"text-align: justify\"><span style=\"font-size: 18pt;color: #000080\"><span style=\"font-size: 24pt\">\u00bfC\u00f3mo me matriculo?<\/span>&nbsp;<\/span><\/p>\n<p style=\"text-align: justify\"><span style=\"color: #333333\"><span style=\"color: #ff6600\"><strong>&nbsp; &nbsp; <span style=\"color: #ff0000\">&nbsp;1\u00ba.<\/span><\/strong><\/span> Debe <span style=\"color: #ff0000\"><strong>cumplimentar la solicitud<\/strong><\/span> de forma telem\u00e1tica en la Secretar\u00eda Virtual de la Conserjer\u00eda de Educaci\u00f3n a trav\u00e9s de <\/span><strong><span style=\"color: #0000ff\"><a style=\"color: #0000ff\" href=\"https:\/\/www.juntadeandalucia.es\/educacion\/secretariavirtual\/accesoTramite\/656\/\">este enlace<\/a><\/span><\/strong><span style=\"color: #333333\">. Una vez cumplimentado, deber\u00e1 adjuntar <strong>adem\u00e1s<\/strong> la documentaci\u00f3n que a\u00f1adimos a continuaci\u00f3n:<\/span><\/p>\n<p style=\"text-align: center\"><span style=\"color: #333333\"><span style=\"color: #0000ff\"> <a style=\"color: #0000ff\" href=\"https:\/\/blogsaverroes.juntadeandalucia.es\/cemcazalladelasierra\/files\/2025\/07\/Solicitud-preferencia-HORARIOS.pdf\">Solicitud preferencia HORARIOS<\/a><\/span> <\/span><\/p>\n<p style=\"text-align: center\"><span style=\"color: #333333\">y <\/span><\/p>\n<p style=\"text-align: center\"><span style=\"color: #333333\"><span style=\"color: #0000ff\"><a style=\"color: #0000ff\" href=\"https:\/\/blogsaverroes.juntadeandalucia.es\/cemcazalladelasierra\/files\/2025\/07\/Autorizacion_Publicacion_Imagenes.pdf\">Autorizacion_Publicacion_Imagenes<\/a><\/span> (si es menor de edad)<\/span><\/p>\n<p style=\"text-align: justify\"><strong><span style=\"color: #ff6600\">&nbsp; &nbsp; &nbsp; <\/span><\/strong><span style=\"color: #333333\"><span style=\"color: #ff0000\"><strong>2\u00ba. <\/strong><\/span>Debe realizar el <span style=\"color: #ff0000\"><strong>pago de las tasas acad\u00e9micas y administrativas<\/strong><\/span> a trav\u00e9s de la pasarela de pago pinchando en <span style=\"color: #0000ff\"><strong><a style=\"color: #0000ff\" href=\"https:\/\/www.ceh.junta-andalucia.es\/economiayhacienda\/apl\/surweb\/modelos\/modelo169\/169.jsp\">este enlace <\/a><\/strong>o <span style=\"color: #333333\">realizando una b\u00fasqueda en Google escribiendo modelo <strong>169 Andaluc\u00eda<\/strong>.<\/span><\/span><\/span><\/p>\n<p style=\"text-align: justify\">&nbsp; &nbsp; &nbsp;En el apartado <span style=\"color: #000000\"><strong>Obligad<span style=\"color: #000000\">o <\/span><\/strong><strong>al pago<\/strong><\/span> van los datos del alumn@ y es <strong>obligatorio rellenar<\/strong>. En el caso de los menores de edad, se deber\u00e1 cumplimentar tambi\u00e9n el apartado de <strong><span style=\"color: #000000\">Representantes<\/span><\/strong> con los datos del padre o madre.<\/p>\n<p style=\"text-align: justify\"><span style=\"color: #333333\">&nbsp; &nbsp; &nbsp; Una vez cumplimentado el <strong>formulario 169<\/strong>, tiene dos opciones: <\/span><\/p>\n<p style=\"text-align: center\"><span style=\"color: #333333\">1.Pagarlo a trav\u00e9s de tarjeta bancaria (online).<\/span><\/p>\n<p style=\"text-align: center\">\u00f3<\/p>\n<p style=\"text-align: center\"><span style=\"color: #333333\">2.Imprimir el formulario y llevando consigo el modelo 909 (generado con la impresi\u00f3n) presencialmente al banco.<\/span><\/p>\n<p style=\"text-align: justify\"><span style=\"color: #333333\">&nbsp; &nbsp; &nbsp; En ambos casos, deben presentar el comprobante del pago junto con la documentaci\u00f3n de la matr\u00edcula en la Secretar\u00eda del Centro <strong>del 1 al 10 de julio<\/strong>, en horario de <strong>9:30h a 13:30h<\/strong> de lunes a viernes. O enviarlo por e-mail a<\/span> <span style=\"color: #0000ff\">41700488.Secretariadmin@g.educaand.es.<\/span><\/p>\n<p style=\"text-align: center\"><span style=\"font-size: 14pt;color: #000000\"><strong>NOTA<\/strong><\/span><\/p>\n<p><span style=\"color: #333333\">El formulario de pago consta de 3 bloques:<\/span><\/p>\n<table style=\"border-collapse: collapse;width: 100%;height: 352px\">\n<tbody>\n<tr style=\"height: 23px\">\n<td style=\"width: 29.0343%;height: 23px;background-color: #707070;text-align: center\"><span style=\"color: #ffffff\">PERSONA OBLIGADA AL PAGO<\/span><\/td>\n<td style=\"width: 70.9657%;height: 23px;padding-left: 40px\"><span style=\"color: #333333\">&nbsp;Se cumplimentar\u00e1 con los datos del\/de la alumn@<\/span><\/td>\n<\/tr>\n<tr style=\"height: 282px\">\n<td style=\"width: 29.0343%;height: 282px;background-color: #918d8d;text-align: center\"><span style=\"color: #ffffff\">LIQUIDACI\u00d3N<\/span><\/td>\n<td style=\"width: 70.9657%;height: 282px\">\n<p style=\"padding-left: 40px\"><span style=\"color: #333333\">Se cumplimentar\u00e1 con los datos relativos al Conservatorio, al concepto de pago y fecha.<\/span><\/p>\n<p style=\"padding-left: 40px\"><em><span style=\"color: #333333\">Fecha de devengo:<strong> la fecha del pago<\/strong><\/span><\/em><\/p>\n<p style=\"padding-left: 40px\"><em><span style=\"color: #333333\">C\u00f3digo territorial: <strong>ED4106<\/strong><\/span><\/em><\/p>\n<p style=\"padding-left: 40px\"><span style=\"color: #333333\"><em>Concepto de pago: <strong>32EB<\/strong> <\/em>(Aparecer\u00e1 en la casilla &#8220;Concepto Ense\u00f1anzas Elementales B\u00e1sicas y Profesionales M\u00fasica\/Danza&#8221;<\/span><\/p>\n<p style=\"padding-left: 40px\"><span style=\"color: #333333\">Motivo de la exenci\u00f3n de IVA: Aparecer\u00e1 por defecto, Art. 20.1.9\u00ba Ley del IVA.<\/span><\/p>\n<\/td>\n<\/tr>\n<tr style=\"height: 47px\">\n<td style=\"width: 29.0343%;height: 47px;background-color: #707070;text-align: center\"><span style=\"color: #ffffff\">REPRESENTANTE<\/span><\/td>\n<td style=\"width: 70.9657%;height: 47px;padding-left: 40px\"><span style=\"color: #333333\">Se cumplimentar\u00e1 con los datos identificativos de la persona representante, madre\/padre\/tutor\/tutora del alumnado, cuando se trate de menores de edad.&nbsp;<\/span><\/td>\n<\/tr>\n<\/tbody>\n<\/table>\n<p>&nbsp;<\/p>\n<p><span style=\"font-size: 24pt;color: #000080\">\u00bfCu\u00e1l es el importe de la tasa que tengo que abonar?<\/span><\/p>\n<p>&nbsp;<\/p>\n<table style=\"border-collapse: collapse;width: 100%;height: 488px\">\n<tbody>\n<tr style=\"height: 23px\">\n<td style=\"width: 66.6668%;text-align: center;height: 23px\" colspan=\"4\"><span style=\"color: #333333\"><strong>ENSE\u00d1ANZA B\u00c1SICA<\/strong><\/span><\/td>\n<\/tr>\n<tr style=\"height: 118px\">\n<td style=\"width: 16.6667%;text-align: center;height: 118px\"><span style=\"color: #800000\">CURSO<\/span><\/td>\n<td style=\"width: 16.6667%;text-align: center;height: 118px\"><span style=\"color: #800000\">ASIGNATURA PENDIENTE<\/span><\/td>\n<td style=\"width: 16.6667%;text-align: center;height: 118px\"><span style=\"color: #800000\">PAGO \u00daNICO NORMAL<\/span><\/td>\n<td style=\"width: 16.6667%;text-align: center;height: 118px\"><span style=\"color: #800000\">PAGO \u00daNICO BONIFICADO (descuento localidad de hasta 20.000 habitantes)<\/span><\/td>\n<\/tr>\n<tr style=\"height: 23px\">\n<td style=\"width: 16.6667%;height: 46px;text-align: center;background-color: #e0dede\" rowspan=\"2\"><em><strong>1\u00ba EE.BB.<\/strong><\/em><br \/>\n<em><strong><br \/>\n<\/strong><\/em><\/td>\n<td style=\"width: 16.6667%;text-align: center;height: 23px;background-color: #e0dede\">0<\/td>\n<td style=\"width: 16.6667%;text-align: center;height: 23px;background-color: #e0dede\">116,00\u20ac<\/td>\n<td style=\"width: 16.6667%;text-align: center;height: 23px;background-color: #e0dede\">58,00\u20ac<\/td>\n<\/tr>\n<tr style=\"height: 23px\">\n<td style=\"width: 16.6667%;text-align: center;height: 23px;background-color: #e0dede\">2 (Repite)<\/td>\n<td style=\"width: 16.6667%;text-align: center;height: 23px;background-color: #e0dede\">111,74\u20ac<\/td>\n<td style=\"width: 16.6667%;text-align: center;height: 23px;background-color: #e0dede\">55,87\u20ac<\/td>\n<\/tr>\n<tr style=\"height: 23px\">\n<td style=\"width: 16.6667%;height: 69px;text-align: center\" rowspan=\"3\"><em><strong>2\u00ba EE.BB.<\/strong><\/em><br \/>\n<em><strong><br \/>\n<\/strong><\/em><em><strong><br \/>\n<\/strong><\/em><\/td>\n<td style=\"width: 16.6667%;height: 23px;text-align: center\">0<\/td>\n<td style=\"width: 16.6667%;height: 23px;text-align: center\">94,50\u20ac<\/td>\n<td style=\"width: 16.6667%;height: 23px;text-align: center\">47,25\u20ac<\/td>\n<\/tr>\n<tr style=\"height: 23px\">\n<td style=\"width: 16.6667%;height: 23px;text-align: center\">1<\/td>\n<td style=\"width: 16.6667%;height: 23px;text-align: center\">146,07\u20ac<\/td>\n<td style=\"width: 16.6667%;height: 23px;text-align: center\">73,04\u20ac<\/td>\n<\/tr>\n<tr style=\"height: 23px\">\n<td style=\"width: 16.6667%;height: 23px;text-align: center\">2 (Repite)<\/td>\n<td style=\"width: 16.6667%;height: 23px;text-align: center\">&nbsp;111,74\u20ac<\/td>\n<td style=\"width: 16.6667%;height: 23px;text-align: center\">55,87\u20ac<\/td>\n<\/tr>\n<tr style=\"height: 23px\">\n<td style=\"width: 16.6667%;height: 140px;background-color: #e0dede;text-align: center;vertical-align: middle\" rowspan=\"4\"><em><strong>3\u00ba EE.BB.<\/strong><\/em><span style=\"color: #333333\"><em><strong><br \/>\n<\/strong><\/em><\/span><\/td>\n<td style=\"width: 16.6667%;height: 23px;text-align: center;background-color: #e0dede\">0<\/td>\n<td style=\"width: 16.6667%;height: 23px;text-align: center;background-color: #e0dede\">180,40\u20ac<\/td>\n<td style=\"width: 16.6667%;height: 23px;text-align: center;background-color: #e0dede\">90,20\u20ac<\/td>\n<\/tr>\n<tr style=\"height: 23px\">\n<td style=\"width: 16.6667%;height: 23px;text-align: center;background-color: #e0dede\">1<\/td>\n<td style=\"width: 16.6667%;text-align: center;height: 23px;background-color: #e0dede\">231,97\u20ac<\/td>\n<td style=\"width: 16.6667%;text-align: center;height: 23px;background-color: #e0dede\">115,99\u20ac<\/td>\n<\/tr>\n<tr style=\"height: 23px\">\n<td style=\"width: 16.6667%;height: 23px;text-align: center;background-color: #e0dede\">2 (Repite)<\/td>\n<td style=\"width: 16.6667%;height: 23px;background-color: #e0dede;text-align: center\">214,88\u20ac<\/td>\n<td style=\"width: 16.6667%;text-align: center;height: 23px;background-color: #e0dede\">111,76\u20ac<\/td>\n<\/tr>\n<tr style=\"height: 71px\">\n<td style=\"width: 16.6667%;text-align: center;background-color: #e0dede;height: 71px\">Solo 1 asignatura de 2\u00aa especialidad (convalidan el resto).<\/td>\n<td style=\"width: 16.6667%;text-align: center;background-color: #e0dede;height: 71px\">51,55\u20ac<\/td>\n<td style=\"width: 16.6667%;text-align: center;background-color: #e0dede;height: 71px\">25,78\u20ac<\/td>\n<\/tr>\n<tr style=\"height: 23px\">\n<td style=\"width: 16.6667%;height: 69px;text-align: center\" rowspan=\"3\"><em><strong>4\u00ba EE.BB.<\/strong><\/em><br \/>\n<em><strong><br \/>\n<\/strong><\/em><em><strong><br \/>\n<\/strong><\/em><\/td>\n<td style=\"width: 16.6667%;height: 23px;text-align: center\">0<\/td>\n<td style=\"width: 16.6667%;height: 23px;text-align: center\">180,40\u20ac<\/td>\n<td style=\"width: 16.6667%;height: 23px;text-align: center\">90,20\u20ac<\/td>\n<\/tr>\n<tr style=\"height: 23px\">\n<td style=\"width: 16.6667%;height: 23px;text-align: center\">1<\/td>\n<td style=\"width: 16.6667%;height: 23px;text-align: center\">231,97\u20ac<\/td>\n<td style=\"width: 16.6667%;height: 23px;text-align: center\">115,99\u20ac<\/td>\n<\/tr>\n<tr style=\"height: 23px\">\n<td style=\"width: 16.6667%;height: 23px;text-align: center\">2 (Repite)<\/td>\n<td style=\"width: 16.6667%;height: 23px;text-align: center\">214,88\u20ac<\/td>\n<td style=\"width: 16.6667%;height: 23px;text-align: center\">111,76\u20ac<\/td>\n<\/tr>\n<tr style=\"height: 23px\">\n<td style=\"width: 16.6667%;height: 23px;text-align: center;background-color: #e0dede\"><em><strong>4\u00ba EE.BB. CON SOLO UNA ASIGNATURA<\/strong><\/em><\/td>\n<td style=\"width: 16.6667%;height: 23px;text-align: center;background-color: #e0dede\">1<\/td>\n<td style=\"width: 16.6667%;height: 23px;text-align: center;background-color: #e0dede\">60,17\u20ac<\/td>\n<td style=\"width: 16.6667%;height: 23px;text-align: center;background-color: #e0dede\">30,09\u20ac<\/td>\n<\/tr>\n<\/tbody>\n<\/table>\n<p>&nbsp;<\/p>\n<p style=\"text-align: center\"><span style=\"font-size: 12pt;color: #0000ff\"><strong>EXENCI\u00d3N Y BONIFICAC\u00cdON DEL PAGO DE TASAS<\/strong><\/span><\/p>\n<table style=\"border-collapse: collapse;width: 100%;height: 615px\">\n<tbody>\n<tr style=\"text-align: justify\">\n<td style=\"width: 100%;background-color: #dec183;text-align: center;height: 23px\"><span style=\"color: #000000\"><strong><em>1. Exentos del pago<\/em><\/strong><\/span><\/td>\n<\/tr>\n<tr style=\"height: 326px\">\n<td style=\"width: 100%;height: 326px\">\n<p style=\"text-align: justify\">a) El alumnado miembro de familias numerosas de la categor\u00eda especial, presentando copia del carnet actualizado.<\/p>\n<p style=\"text-align: justify\">b)El alumnado que, como consecuencia de actos terroristas, haya sufrido da\u00f1os personales que sean de especial trascendencia, o que lo inhabiliten para el ejercicio de su profesi\u00f3n habitual, o cuyos familiares hasta 2\u00ba grado de consanguineidad, tutores o guardadores, hayan sufrido dichos da\u00f1os.<\/p>\n<p style=\"text-align: justify\">c)Las v\u00edctimas de violencia de g\u00e9nero, dom\u00e9stica o de ambas. A estos efectos, tendr\u00e1 la consideraci\u00f3n de v\u00edctima de violencia dom\u00e9stica las personas a que se refiere el art\u00edculo 173.2 de la Ley Org\u00e1nica 10\/1995, de 23 de noviembre, del c\u00f3digo penal, que cuenten con orden de protecci\u00f3n en vigor e inscrita en el registro central para la protecci\u00f3n de las v\u00edctimas de la violencia dom\u00e9stica, o con sentencia judicial firme por tal motivo en los \u00faltimos 10 a\u00f1os.<\/p>\n<p style=\"text-align: justify\">d)Las personas con discapacidad en un grado igual o superior al 33%.<\/p>\n<\/td>\n<\/tr>\n<tr style=\"height: 23px\">\n<td style=\"width: 100%;background-color: #dec183;text-align: center;height: 23px\"><strong><span style=\"color: #000000\"><em>2. Bonificaci\u00f3n del 50%<\/em><\/span><\/strong><\/td>\n<\/tr>\n<tr style=\"height: 174px\">\n<td style=\"width: 100%;text-align: justify;height: 174px\">a) Tendr\u00e1 derecho a una bonificaci\u00f3n del 50% el alumnado miembro de familias numerosas de la categor\u00eda general que tenga reconocida su condici\u00f3n, siempre que quede acreditado de conformidad con la normativa aplicable. La misma bonificaci\u00f3n del 50% se aplicar\u00e1 para los residentes en lo municipios de: Cazalla, Constantina, El Pedroso, Alan\u00eds, Guadalcanal y San Nicol\u00e1s del Puerto. Las bonificaciones mencionadas anteriormente, NO son acumulables. Presentando el certificado del padr\u00f3n <strong>actualizado<\/strong>.<\/p>\n<p>b) Carnet de Familia numerosa de categor\u00eda general.&nbsp;<\/p>\n<p>*Las bonificaciones mencionadas anteriormente <strong>NO son acumulables<\/strong>.<\/td>\n<\/tr>\n<tr style=\"height: 23px\">\n<td style=\"width: 100%;text-align: center;height: 23px\">&nbsp;<\/td>\n<\/tr>\n<tr style=\"height: 23px\">\n<td style=\"width: 100%;background-color: #dec183;height: 23px\"><span style=\"color: #000000\"><strong>Las condiciones exigidas en los apartados 1 y 2 deber\u00e1n concurrir a la fecha del d<span style=\"color: #000000\">evengo de la tasa<\/span><\/strong> y para acogerse a la misma deber\u00e1n presentar una copia del documento en cuesti\u00f3n que justifique dicha condici\u00f3n: carnet de familia numerosa e categor\u00eda especial o categor\u00eda general, certificado del padr\u00f3n <em>ACTUALIZADO<\/em>, etc.<\/span><\/td>\n<\/tr>\n<\/tbody>\n<\/table>\n<p>&nbsp;<\/p>\n","protected":false},"excerpt":{"rendered":"<p>\u00bfQui\u00e9n puede matricularse? Los que han superado las pruebas de acceso y tengan plaza en su instrumento. Alumnado del Conservatorio de otros cursos que ya est\u00e1n cursando en el Centro.&nbsp; &nbsp; \u00bfCu\u00e1ndo puedo realizar la matr\u00edcula? &nbsp; &nbsp; &nbsp; El periodo de matriculaci\u00f3n del Conservatorio se abre exclusivamente&nbsp;entre del&nbsp;1&nbsp;al 10 de julio de cada a\u00f1o. [&hellip;]<\/p>\n","protected":false},"author":18569,"featured_media":0,"parent":0,"menu_order":0,"comment_status":"closed","ping_status":"closed","template":"","meta":{"_et_pb_use_builder":"","_et_pb_old_content":"","_et_gb_content_width":"","ngg_post_thumbnail":0,"footnotes":""},"aioseo_notices":[],"_links":{"self":[{"href":"https:\/\/blogsaverroes.juntadeandalucia.es\/cemcazalladelasierra\/wp-json\/wp\/v2\/pages\/1125"}],"collection":[{"href":"https:\/\/blogsaverroes.juntadeandalucia.es\/cemcazalladelasierra\/wp-json\/wp\/v2\/pages"}],"about":[{"href":"https:\/\/blogsaverroes.juntadeandalucia.es\/cemcazalladelasierra\/wp-json\/wp\/v2\/types\/page"}],"author":[{"embeddable":true,"href":"https:\/\/blogsaverroes.juntadeandalucia.es\/cemcazalladelasierra\/wp-json\/wp\/v2\/users\/18569"}],"replies":[{"embeddable":true,"href":"https:\/\/blogsaverroes.juntadeandalucia.es\/cemcazalladelasierra\/wp-json\/wp\/v2\/comments?post=1125"}],"version-history":[{"count":28,"href":"https:\/\/blogsaverroes.juntadeandalucia.es\/cemcazalladelasierra\/wp-json\/wp\/v2\/pages\/1125\/revisions"}],"predecessor-version":[{"id":1544,"href":"https:\/\/blogsaverroes.juntadeandalucia.es\/cemcazalladelasierra\/wp-json\/wp\/v2\/pages\/1125\/revisions\/1544"}],"wp:attachment":[{"href":"https:\/\/blogsaverroes.juntadeandalucia.es\/cemcazalladelasierra\/wp-json\/wp\/v2\/media?parent=1125"}],"curies":[{"name":"wp","href":"https:\/\/api.w.org\/{rel}","templated":true}]}}