{"id":1141,"date":"2025-01-27T15:48:07","date_gmt":"2025-01-27T14:48:07","guid":{"rendered":"https:\/\/blogsaverroes.juntadeandalucia.es\/cemcazalladelasierra\/?page_id=1141"},"modified":"2025-10-09T18:46:27","modified_gmt":"2025-10-09T17:46:27","slug":"departamentos","status":"publish","type":"page","link":"https:\/\/blogsaverroes.juntadeandalucia.es\/cemcazalladelasierra\/departamentos\/","title":{"rendered":"Departamentos"},"content":{"rendered":"<p>&nbsp;<\/p>\n<table style=\"border-collapse: collapse;width: 100%;height: 192px\">\n<tbody>\n<tr style=\"height: 53px\">\n<td style=\"width: 34.1004%;text-align: center;height: 53px\"><span style=\"font-size: 14pt;color: #333333\"><strong>Departamentos<\/strong><\/span><\/td>\n<td style=\"width: 65.8996%;text-align: center;height: 53px\"><span style=\"font-size: 14pt;color: #333333\"><strong>Jefes de Departamento y contacto<\/strong><\/span><\/td>\n<\/tr>\n<tr style=\"height: 47px\">\n<td style=\"width: 34.1004%;height: 47px\"><span style=\"color: #333333\">Departamento de Viento<\/span><\/td>\n<td style=\"width: 65.8996%;height: 47px\">D. Juan Ram\u00f3n Segarra Mart\u00ednez<br \/>\ne-mail de contacto: <span style=\"color: #333399\">41700488.saxofon@g.educaand.es<\/span><\/td>\n<\/tr>\n<tr style=\"height: 23px\">\n<td style=\"width: 34.1004%;height: 23px\"><span style=\"color: #333333\">Departamento de Guitarra<\/span><\/td>\n<td style=\"width: 65.8996%;height: 23px\">D. Vicente Blanes Oyonarte<br \/>\ne-mail de contacto: <span style=\"color: #333399\">41700488.guitarra1@g.educaand.es<\/span><\/td>\n<\/tr>\n<tr style=\"height: 23px\">\n<td style=\"width: 34.1004%;height: 23px\"><span style=\"color: #333333\">Departamento de Cuerda y Piano<\/span><\/td>\n<td style=\"width: 65.8996%;height: 23px\">D. Laura Tom\u00e9 Pantrigo<br \/>\ne-mail de contacto: <span style=\"color: #333399\">41700488.piano1@g.educaand.es<\/span><\/td>\n<\/tr>\n<tr style=\"height: 23px\">\n<td style=\"width: 34.1004%;height: 23px\"><span style=\"color: #333333\">Departamento de Lenguaje Musical, Coro y Agrupaciones Musicales<\/span><\/td>\n<td style=\"width: 65.8996%;height: 23px\">D. Luis Becerra Alonso<br \/>\ne-mail de contacto: <span style=\"color: #333399\">41700488.piano2@g.educaand.es<\/span><\/td>\n<\/tr>\n<tr style=\"height: 23px\">\n<td style=\"width: 34.1004%;height: 23px\"><span style=\"color: #333333\">Departamento de DOFEI<\/span><\/td>\n<td style=\"width: 65.8996%;height: 23px\">D. Antonio Moreno Amores<br \/>\ne-mail de contacto: <span style=\"color: #333399\">41700488.guitarra2@g.educaand.es<\/span><\/td>\n<\/tr>\n<\/tbody>\n<\/table>\n<p>&nbsp;<\/p>\n<table style=\"height: 117px;width: 99.7433%;border-collapse: collapse\">\n<tbody>\n<tr style=\"height: 23px\">\n<td style=\"width: 33.3333%;text-align: center;height: 23px\"><span style=\"color: #333333\"><strong>Especialidad<\/strong><\/span><\/td>\n<td style=\"width: 33.3333%;text-align: center;height: 23px\"><span style=\"color: #333333\"><strong>Profesor<\/strong><\/span><\/td>\n<td style=\"width: 33.3333%;text-align: center;height: 23px\"><span style=\"color: #333333\"><strong>Contacto<\/strong><\/span><\/td>\n<\/tr>\n<tr style=\"height: 23px\">\n<td style=\"width: 33.3333%;height: 23px\"><span style=\"color: #333333\">Clarinete<\/span><\/td>\n<td style=\"width: 33.3333%;height: 23px\"><span style=\"color: #333333\">D. Manuel Jes\u00fas Villar\u00e1n Carrasco<\/span><\/td>\n<td style=\"width: 33.3333%;height: 23px\"><span style=\"color: #333399\">41700488.clarinete@g.educaand.es<\/span><\/td>\n<\/tr>\n<tr style=\"height: 23px\">\n<td style=\"width: 33.3333%;height: 25px\"><span style=\"color: #333333\">Saxof\u00f3n<\/span><\/td>\n<td style=\"width: 33.3333%;height: 25px\"><span style=\"color: #333333\">D. Juan Ram\u00f3n Segarra Mart\u00ednez<\/span><\/td>\n<td style=\"width: 33.3333%;height: 25px\"><span style=\"color: #333399\">41700488.saxofon@g.educaand.es<\/span><\/td>\n<\/tr>\n<tr style=\"height: 23px\">\n<td style=\"width: 33.3333%;height: 46px\" rowspan=\"2\"><span style=\"color: #333333\">Trompeta<\/span><\/td>\n<td style=\"width: 33.3333%;height: 23px\"><span style=\"color: #333333\">D. Francisco Manuel Rivero Gallardo<\/span><\/td>\n<td style=\"width: 33.3333%;height: 23px\"><span style=\"color: #333399\">41700488@g.educaand.es<\/span><\/td>\n<\/tr>\n<tr style=\"height: 23px\">\n<td style=\"width: 33.3333%;height: 23px\"><span style=\"color: #333333\">D. Juan Jos\u00e9 Torres Mart\u00ednez<\/span><\/td>\n<td style=\"width: 33.3333%;height: 23px\"><span style=\"color: #333399\">41700488.trompeta2@g.educaand.es<\/span><\/td>\n<\/tr>\n<\/tbody>\n<\/table>\n<table style=\"height: 10px;width: 99.7433%;border-collapse: collapse\">\n<tbody>\n<tr style=\"height: 10px\">\n<td style=\"width: 33.3333%;height: 10px\"><span style=\"color: #333333\">Guitarra<\/span><\/td>\n<td style=\"width: 33.462%;height: 10px\">\n<table style=\"border-collapse: collapse;width: 100%;height: 46px\">\n<tbody>\n<tr style=\"height: 23px\">\n<td style=\"width: 100%;height: 23px\"><span style=\"color: #333333\">D. Vicente Blanes Oyonarte<\/span><\/td>\n<\/tr>\n<tr style=\"height: 23px\">\n<td style=\"width: 100%;height: 23px\"><span style=\"color: #333333\">D. Antonio Moreno Amores<\/span><\/td>\n<\/tr>\n<\/tbody>\n<\/table>\n<\/td>\n<td style=\"width: 33.2046%;height: 10px\">\n<table style=\"border-collapse: collapse;width: 100%\">\n<tbody>\n<tr>\n<td style=\"width: 100%\"><span style=\"color: #333399\">41700488.guitarra1@g.educaand.es<\/span><\/td>\n<\/tr>\n<tr>\n<td style=\"width: 100%\"><span style=\"color: #333399\">41700488.guitarra2@g.educaand.es<\/span><\/td>\n<\/tr>\n<\/tbody>\n<\/table>\n<\/td>\n<\/tr>\n<tr style=\"height: 23px\">\n<td style=\"width: 33.3333%;height: 10px\"><span style=\"color: #333333\">Viol\u00edn<\/span><\/td>\n<td style=\"width: 33.462%;height: 10px\"><span style=\"color: #333333\">D\u00f1a. Manuela Garc\u00eda Quintero<\/span><\/td>\n<td style=\"width: 33.2046%;height: 10px\"><span style=\"color: #333399\">41700488.violin@g.educaand.es<\/span><\/td>\n<\/tr>\n<\/tbody>\n<\/table>\n<table style=\"border-collapse: collapse;width: 100%;height: 69px\">\n<tbody>\n<tr style=\"height: 23px\">\n<td style=\"width: 33.3333%;height: 23px;text-align: left\"><span style=\"color: #333333\">Piano<\/span><\/td>\n<td style=\"width: 33.3333%;text-align: center;height: 23px\">\n<table style=\"border-collapse: collapse;width: 100%\">\n<tbody>\n<tr>\n<td style=\"width: 100%;text-align: left\"><span style=\"color: #333333\">D\u00f1a. Laura Tom\u00e9 Pantrigo<\/span><\/td>\n<\/tr>\n<tr>\n<td style=\"width: 100%;text-align: left\"><span style=\"color: #333333\">D. Luis Becerra Alonso<\/span><\/td>\n<\/tr>\n<\/tbody>\n<\/table>\n<\/td>\n<td style=\"width: 33.3333%;text-align: center;height: 23px\">\n<table style=\"border-collapse: collapse;width: 100%\">\n<tbody>\n<tr>\n<td style=\"width: 100%;text-align: left\"><span style=\"color: #333399\">41700488.piano1@g.educaand.es<\/span><\/td>\n<\/tr>\n<tr>\n<td style=\"width: 100%;text-align: left\"><span style=\"color: #333399\">41700488.piano2@g.educaand.es<\/span><\/td>\n<\/tr>\n<\/tbody>\n<\/table>\n<\/td>\n<\/tr>\n<tr style=\"height: 23px\">\n<td style=\"width: 33.3333%;height: 23px\"><span style=\"color: #333333\">Lenguaje Musical<\/span><\/td>\n<td style=\"width: 33.3333%;height: 23px\">\n<table style=\"border-collapse: collapse;width: 100%\">\n<tbody>\n<tr>\n<td style=\"width: 100%\"><span style=\"color: #333333\">D. Jos\u00e9 Manuel Pastor Pastor<\/span><\/td>\n<\/tr>\n<tr>\n<td style=\"width: 100%\"><span style=\"color: #333333\">D\u00f1a. F\u00e1tima Navarro Mir\u00f3<\/span><\/td>\n<\/tr>\n<\/tbody>\n<\/table>\n<\/td>\n<td style=\"width: 33.3333%;height: 23px\">\n<table style=\"border-collapse: collapse;width: 100%\">\n<tbody>\n<tr>\n<td style=\"width: 100%\"><span style=\"color: #333399\">41700488.secretaria@g.educaand.es<\/span><\/td>\n<\/tr>\n<tr>\n<td style=\"width: 100%\"><span style=\"color: #333399\">41700488.jefatura@g.educaand.es<\/span><\/td>\n<\/tr>\n<\/tbody>\n<\/table>\n<\/td>\n<\/tr>\n<\/tbody>\n<\/table>\n<p>&nbsp;<\/p>\n<table style=\"border-collapse: collapse;width: 100%\">\n<tbody>\n<tr>\n<td style=\"width: 33.3333%\"><span style=\"color: #333333\">Agrupaciones<\/span><\/td>\n<td style=\"width: 33.3333%;height: 23px\">\n<table style=\"border-collapse: collapse;width: 100%\">\n<tbody>\n<tr>\n<td style=\"width: 100%\"><span style=\"color: #333333\">D. Juan Ram\u00f3n Segarra Mart\u00ednez<\/span><\/td>\n<\/tr>\n<tr>\n<td style=\"width: 100%\"><span style=\"color: #333333\">D. Manuel Jes\u00fas Villar\u00e1n Carrasco<\/span><\/td>\n<\/tr>\n<\/tbody>\n<\/table>\n<\/td>\n<td style=\"width: 33.3333%;height: 23px\">\n<table style=\"border-collapse: collapse;width: 100%\">\n<tbody>\n<tr>\n<td style=\"width: 100%\"><span style=\"color: #333399\">41700488.saxofon@g.educaand.es<\/span><\/td>\n<\/tr>\n<tr>\n<td style=\"width: 100%\"><span style=\"color: #333399\">41700488.clarinete@g.educaand.es<\/span><\/td>\n<\/tr>\n<\/tbody>\n<\/table>\n<\/td>\n<\/tr>\n<tr>\n<td style=\"width: 33.3333%\"><span style=\"color: #333333\">Coro<\/span><\/td>\n<td style=\"width: 33.3333%\"><span style=\"color: #333333\">D\u00f1a. F\u00e1tima Navarro Mir\u00f3<\/span><\/td>\n<td style=\"width: 33.3333%\"><span style=\"color: #333399\">41700488.Jefatura@g.educaand.es<\/span><\/td>\n<\/tr>\n<\/tbody>\n<\/table>\n","protected":false},"excerpt":{"rendered":"<p>&nbsp; Departamentos Jefes de Departamento y contacto Departamento de Viento D. Juan Ram\u00f3n Segarra Mart\u00ednez e-mail de contacto: 41700488.saxofon@g.educaand.es Departamento de Guitarra D. Vicente Blanes Oyonarte e-mail de contacto: 41700488.guitarra1@g.educaand.es Departamento de Cuerda y Piano D. Laura Tom\u00e9 Pantrigo e-mail de contacto: 41700488.piano1@g.educaand.es Departamento de Lenguaje Musical, Coro y Agrupaciones Musicales D. Luis Becerra Alonso [&hellip;]<\/p>\n","protected":false},"author":18569,"featured_media":0,"parent":0,"menu_order":0,"comment_status":"closed","ping_status":"closed","template":"","meta":{"_et_pb_use_builder":"","_et_pb_old_content":"","_et_gb_content_width":"","ngg_post_thumbnail":0,"footnotes":""},"aioseo_notices":[],"_links":{"self":[{"href":"https:\/\/blogsaverroes.juntadeandalucia.es\/cemcazalladelasierra\/wp-json\/wp\/v2\/pages\/1141"}],"collection":[{"href":"https:\/\/blogsaverroes.juntadeandalucia.es\/cemcazalladelasierra\/wp-json\/wp\/v2\/pages"}],"about":[{"href":"https:\/\/blogsaverroes.juntadeandalucia.es\/cemcazalladelasierra\/wp-json\/wp\/v2\/types\/page"}],"author":[{"embeddable":true,"href":"https:\/\/blogsaverroes.juntadeandalucia.es\/cemcazalladelasierra\/wp-json\/wp\/v2\/users\/18569"}],"replies":[{"embeddable":true,"href":"https:\/\/blogsaverroes.juntadeandalucia.es\/cemcazalladelasierra\/wp-json\/wp\/v2\/comments?post=1141"}],"version-history":[{"count":13,"href":"https:\/\/blogsaverroes.juntadeandalucia.es\/cemcazalladelasierra\/wp-json\/wp\/v2\/pages\/1141\/revisions"}],"predecessor-version":[{"id":1468,"href":"https:\/\/blogsaverroes.juntadeandalucia.es\/cemcazalladelasierra\/wp-json\/wp\/v2\/pages\/1141\/revisions\/1468"}],"wp:attachment":[{"href":"https:\/\/blogsaverroes.juntadeandalucia.es\/cemcazalladelasierra\/wp-json\/wp\/v2\/media?parent=1141"}],"curies":[{"name":"wp","href":"https:\/\/api.w.org\/{rel}","templated":true}]}}