{"id":1190,"date":"2025-02-06T19:02:31","date_gmt":"2025-02-06T18:02:31","guid":{"rendered":"https:\/\/blogsaverroes.juntadeandalucia.es\/cemcazalladelasierra\/?page_id=1190"},"modified":"2025-02-06T19:13:02","modified_gmt":"2025-02-06T18:13:02","slug":"ampa-2","status":"publish","type":"page","link":"https:\/\/blogsaverroes.juntadeandalucia.es\/cemcazalladelasierra\/ampa-2\/","title":{"rendered":"AMPA"},"content":{"rendered":"<p><span style=\"font-size: 18pt;color: #333399\">AMPA Sierra Norte&nbsp;<\/span><\/p>\n<p>&nbsp; <span style=\"color: #333333\">&nbsp; &nbsp;\u00a1Hola a todas las familias del Conservatorio!<\/span><\/p>\n<p><span style=\"color: #333333\">&nbsp; &nbsp; &nbsp;Desde el AMPA (Asociaci\u00f3n de Madres y Padres de Alumnos) queremos darles una c\u00e1lida bienvenida al nuevo curso y aprovechar la ocasi\u00f3n para recordarles lo importante que es el trabajo conjunto entre las familias y el centro educativo. Somos conscientes de que la m\u00fasica y las artes en general tienen un impacto profundo en el desarrollo de nuestros hijos, y desde nuestra asociaci\u00f3n nos gustar\u00eda seguir apoyando y fortaleciendo la relaci\u00f3n con ustedes.<\/span><\/p>\n<p><span style=\"color: #333333\">Este a\u00f1o, como siempre, tenemos varias iniciativas en marcha para enriquecer la experiencia educativa de nuestros estudiantes. Estamos organizando actividades y eventos en los que invitamos a todas las familias a participar, como conciertos, charlas, y actividades de convivencia. Adem\u00e1s, seguimos ofreciendo apoyo en todo lo relacionado con el d\u00eda a d\u00eda del conservatorio y con cualquier inquietud que puedan tener.<\/span><\/p>\n<p><span style=\"color: #333333\">Nos gustar\u00eda invitarles a unirse a nuestras reuniones, donde compartimos ideas y trabajamos en equipo para seguir mejorando. La colaboraci\u00f3n de cada uno de ustedes es fundamental para que, como comunidad, podamos crear un entorno de aprendizaje a\u00fan m\u00e1s enriquecedor para nuestros hijos.<\/span><\/p>\n<p><span style=\"color: #333333\">\u00a1Est\u00e9n atentos a los pr\u00f3ximos eventos y no duden en contactarnos si tienen alguna sugerencia o pregunta! Estamos aqu\u00ed para ayudarles.<\/span><\/p>\n<p><span style=\"color: #333333\">\u00a1Un fuerte abrazo musical!<\/span><\/p>\n<p><span style=\"color: #333333\">El equipo del AMPA del Conservatorio<\/span><\/p>\n<p style=\"text-align: center\"><span style=\"font-size: 18pt;color: #333399\">JUNTA DIRECTIVA<\/span><\/p>\n<p style=\"text-align: center\"><span style=\"color: #333333\">\u25cb Presidencia: Silvia Gonz\u00e1lez Cortijo. <\/span><br \/>\n<span style=\"color: #333333\">\u25cb Vicepresidencia: M\u00aa. Monte Merch\u00e1n Rodr\u00edguez. <\/span><br \/>\n<span style=\"color: #333333\">\u25cb Secretar\u00eda: Beatriz Salvador Delgado.<\/span><br \/>\n<span style=\"color: #333333\">\u25cb Tesorer\u00eda: M\u00aa Bella Guerra Acosta. <\/span><br \/>\n<span style=\"color: #333333\">\u25cb Vocal\u00edas: <\/span><br \/>\n<span style=\"color: #333333\">\u25cf Antonio Santos Cabeza. <\/span><br \/>\n<span style=\"color: #333333\">\u25cf Pilar Dur\u00e1n Rodr\u00edguez.<\/span><br \/>\n<span style=\"color: #333333\">\u25cf Sara Giampaglia Garrido.<\/span><\/p>\n<p style=\"text-align: center\"><span style=\"font-size: 18pt;color: #333399\">ACTIVIDADES<\/span><br \/>\n<span style=\"color: #333333\">a. Programa de Pr\u00e9stamo de libros. <\/span><br \/>\n<span style=\"color: #333333\">b. Becas a la excelencia acad\u00e9mica <\/span><br \/>\n<span style=\"color: #333333\">c. Colaboraciones con el Conservatorio y Ayuntamiento en: <\/span><br \/>\n<span style=\"color: #333333\">\u25cf Santa Cecilia. <\/span><br \/>\n<span style=\"color: #333333\">\u25cf D\u00eda contra la Violencia de G\u00e9nero. <\/span><br \/>\n<span style=\"color: #333333\">\u25cf D\u00eda de Andaluc\u00eda. <\/span><br \/>\n<span style=\"color: #333333\">\u25cf Organizaci\u00f3n de la Fiesta de fin de curso.<\/span><\/p>\n<p>Para apuntarse al AMPA dejamos <a href=\"https:\/\/blogsaverroes.juntadeandalucia.es\/cemcazalladelasierra\/files\/2025\/02\/inscripcion-AMPA-SIERRA-NORTE-DEL-CEM-DE-CAZALLA-DE-LA-SIERRA.pdf\">aqu\u00ed el enlace<\/a>. Debe enviarse a <span style=\"color: #800000\">ampaconservatoriocazalla@gmail.com<\/span><\/p>\n<p>Si quieres leer los estatutos <a href=\"https:\/\/blogsaverroes.juntadeandalucia.es\/cemcazalladelasierra\/files\/2025\/02\/inscripcion-AMPA-SIERRA-NORTE-DEL-CEM-DE-CAZALLA-DE-LA-SIERRA-1.pdf\">pincha en el enlace<\/a>.&nbsp;<\/p>\n","protected":false},"excerpt":{"rendered":"<p>AMPA Sierra Norte&nbsp; &nbsp; &nbsp; &nbsp;\u00a1Hola a todas las familias del Conservatorio! &nbsp; &nbsp; &nbsp;Desde el AMPA (Asociaci\u00f3n de Madres y Padres de Alumnos) queremos darles una c\u00e1lida bienvenida al nuevo curso y aprovechar la ocasi\u00f3n para recordarles lo importante que es el trabajo conjunto entre las familias y el centro educativo. Somos conscientes de [&hellip;]<\/p>\n","protected":false},"author":18569,"featured_media":0,"parent":0,"menu_order":0,"comment_status":"closed","ping_status":"closed","template":"","meta":{"_et_pb_use_builder":"","_et_pb_old_content":"","_et_gb_content_width":"","ngg_post_thumbnail":0,"footnotes":""},"aioseo_notices":[],"_links":{"self":[{"href":"https:\/\/blogsaverroes.juntadeandalucia.es\/cemcazalladelasierra\/wp-json\/wp\/v2\/pages\/1190"}],"collection":[{"href":"https:\/\/blogsaverroes.juntadeandalucia.es\/cemcazalladelasierra\/wp-json\/wp\/v2\/pages"}],"about":[{"href":"https:\/\/blogsaverroes.juntadeandalucia.es\/cemcazalladelasierra\/wp-json\/wp\/v2\/types\/page"}],"author":[{"embeddable":true,"href":"https:\/\/blogsaverroes.juntadeandalucia.es\/cemcazalladelasierra\/wp-json\/wp\/v2\/users\/18569"}],"replies":[{"embeddable":true,"href":"https:\/\/blogsaverroes.juntadeandalucia.es\/cemcazalladelasierra\/wp-json\/wp\/v2\/comments?post=1190"}],"version-history":[{"count":3,"href":"https:\/\/blogsaverroes.juntadeandalucia.es\/cemcazalladelasierra\/wp-json\/wp\/v2\/pages\/1190\/revisions"}],"predecessor-version":[{"id":1193,"href":"https:\/\/blogsaverroes.juntadeandalucia.es\/cemcazalladelasierra\/wp-json\/wp\/v2\/pages\/1190\/revisions\/1193"}],"wp:attachment":[{"href":"https:\/\/blogsaverroes.juntadeandalucia.es\/cemcazalladelasierra\/wp-json\/wp\/v2\/media?parent=1190"}],"curies":[{"name":"wp","href":"https:\/\/api.w.org\/{rel}","templated":true}]}}