{"id":53,"date":"2015-04-17T19:19:14","date_gmt":"2015-04-17T19:19:14","guid":{"rendered":"http:\/\/blogsaverroes.juntadeandalucia.es\/cemdedoshermanas\/?page_id=53"},"modified":"2026-03-20T00:31:30","modified_gmt":"2026-03-20T00:31:30","slug":"admision-curso-201516","status":"publish","type":"page","link":"https:\/\/blogsaverroes.juntadeandalucia.es\/cemdedoshermanas\/admision-curso-201516\/","title":{"rendered":"ADMISI\u00d3N"},"content":{"rendered":"<div class=\"page\" title=\"Page 3\">\n<div class=\"section\">\n<div class=\"section\">\n<div class=\"layoutArea\">\n<div class=\"page\" title=\"Page 3\">\n<div class=\"layoutArea\">\n<div class=\"column\">\n<p><span style=\"color: #3366ff\"><a style=\"color: #3366ff\" href=\"https:\/\/blogsaverroes.juntadeandalucia.es\/cemdedoshermanas\/2020\/06\/23\/instrucciones-matriculacion\/\"><span style=\"color: #4d66b3\">MATR\u00cdCULA<\/span><\/a><\/span><\/p>\n<p><span style=\"color: #516dc4\"><a style=\"color: #516dc4\" href=\"https:\/\/blogsaverroes.juntadeandalucia.es\/cemdedoshermanas\/2026\/03\/19\/admision-curso-2026-2027-del-1-al-30-de-abril\/\">ESCOLARIZACI\u00d3N CURSO 2026\/2027<\/a><\/span><\/p>\n<div class=\"layoutArea\">\n<div class=\"page\" title=\"Page 3\">\n<div class=\"layoutArea\">\n<div class=\"column\">\n<p style=\"text-align: left\"><span style=\"color: #516dc4\"><a style=\"color: #516dc4\" href=\"https:\/\/blogsaverroes.juntadeandalucia.es\/cemdedoshermanas\/2020\/02\/17\/publicada-la-segunda-adjudicacion\/\">INSCRIPCI\u00d3N A 1\u00ba CURSO<\/a>.<\/span><\/p>\n<p style=\"text-align: left\"><span style=\"color: #516dc4\"><a style=\"color: #516dc4\" href=\"https:\/\/blogsaverroes.juntadeandalucia.es\/cemdedoshermanas\/2020\/02\/16\/inscripcion-a-otros-cursos-diferente-de-1o\/\">INSCRIPCI\u00d3N A OTROS CURSOS DIFERENTE DE 1\u00ba<\/a><\/span><\/p>\n<p><span style=\"color: #516dc4\"><a style=\"color: #516dc4\" href=\"https:\/\/blogsaverroes.juntadeandalucia.es\/cemdedoshermanas\/2020\/02\/17\/1222\/\">TRASLADO DE MATR\u00cdCULA&nbsp;<\/a><\/span><\/p>\n<p><span style=\"color: #516dc4\"><a style=\"color: #516dc4\" href=\"https:\/\/blogsaverroes.juntadeandalucia.es\/cemdedoshermanas\/2020\/02\/18\/1243\/\">RENOVACI\u00d3N DE MATR\u00cdCULA<\/a><\/span><\/p>\n<\/div>\n<\/div>\n<\/div>\n<\/div>\n<\/div>\n<\/div>\n<\/div>\n<\/div>\n<\/div>\n<\/div>\n<\/div>\n<p><span style=\"color: #516dc4\"><a style=\"color: #516dc4\" href=\"https:\/\/blogsaverroes.juntadeandalucia.es\/cemdedoshermanas\/2020\/02\/18\/1243\/\">CAMBIO DE INSTRUMENTO<\/a><\/span><\/p>\n<div class=\"content\">\n<div class=\"field field-name-body field-type-text-with-summary field-label-hidden\">\n<div class=\"field-items\">\n<div class=\"field-item even\">\n<p dir=\"ltr\"><span style=\"color: #516dc4\"><a style=\"color: #516dc4\" href=\"https:\/\/blogsaverroes.juntadeandalucia.es\/cemdedoshermanas\/2020\/02\/18\/1243\/\">AMPLIACI\u00d3N DE MATR\u00cdCULA<\/a><\/span><\/p>\n<p dir=\"ltr\"><a href=\"https:\/\/blogsaverroes.juntadeandalucia.es\/cemdedoshermanas\/?p=1248&amp;preview=true\"><span style=\"color: #45cccc\"><span style=\"color: #516dc4\">REINGRESO<\/span><\/span><\/a><\/p>\n<p>&nbsp;<\/p>\n<p>&nbsp;<\/p>\n<p>&nbsp;<\/p>\n<p>&nbsp;<\/p>\n<\/div>\n<\/div>\n<\/div>\n<\/div>\n<p>&nbsp;<\/p>\n<h1 class=\"fittexted_for_page_title\">&nbsp;<\/h1>\n<h1>&nbsp;<\/h1>\n<h1 class=\"fittexted_for_page_title\">&nbsp;<\/h1>\n<p style=\"text-align: center\">&nbsp;<\/p>\n<p>&nbsp;<\/p>\n<p>&nbsp;<\/p>\n<p>&nbsp;<\/p>\n<p>&nbsp;<\/p>\n","protected":false},"excerpt":{"rendered":"<p>MATR\u00cdCULA ESCOLARIZACI\u00d3N CURSO 2026\/2027 INSCRIPCI\u00d3N A 1\u00ba CURSO. INSCRIPCI\u00d3N A OTROS CURSOS DIFERENTE DE 1\u00ba TRASLADO DE MATR\u00cdCULA&nbsp; RENOVACI\u00d3N DE MATR\u00cdCULA CAMBIO DE INSTRUMENTO AMPLIACI\u00d3N DE MATR\u00cdCULA REINGRESO &nbsp; &nbsp; &nbsp; &nbsp; &nbsp; &nbsp; &nbsp; &nbsp; &nbsp; &nbsp; &nbsp; &nbsp; &nbsp;<\/p>\n","protected":false},"author":1502,"featured_media":0,"parent":0,"menu_order":0,"comment_status":"closed","ping_status":"closed","template":"","meta":{"ngg_post_thumbnail":0,"footnotes":""},"aioseo_notices":[],"_links":{"self":[{"href":"https:\/\/blogsaverroes.juntadeandalucia.es\/cemdedoshermanas\/wp-json\/wp\/v2\/pages\/53"}],"collection":[{"href":"https:\/\/blogsaverroes.juntadeandalucia.es\/cemdedoshermanas\/wp-json\/wp\/v2\/pages"}],"about":[{"href":"https:\/\/blogsaverroes.juntadeandalucia.es\/cemdedoshermanas\/wp-json\/wp\/v2\/types\/page"}],"author":[{"embeddable":true,"href":"https:\/\/blogsaverroes.juntadeandalucia.es\/cemdedoshermanas\/wp-json\/wp\/v2\/users\/1502"}],"replies":[{"embeddable":true,"href":"https:\/\/blogsaverroes.juntadeandalucia.es\/cemdedoshermanas\/wp-json\/wp\/v2\/comments?post=53"}],"version-history":[{"count":84,"href":"https:\/\/blogsaverroes.juntadeandalucia.es\/cemdedoshermanas\/wp-json\/wp\/v2\/pages\/53\/revisions"}],"predecessor-version":[{"id":3594,"href":"https:\/\/blogsaverroes.juntadeandalucia.es\/cemdedoshermanas\/wp-json\/wp\/v2\/pages\/53\/revisions\/3594"}],"wp:attachment":[{"href":"https:\/\/blogsaverroes.juntadeandalucia.es\/cemdedoshermanas\/wp-json\/wp\/v2\/media?parent=53"}],"curies":[{"name":"wp","href":"https:\/\/api.w.org\/{rel}","templated":true}]}}