{"id":1031,"date":"2021-11-04T11:48:38","date_gmt":"2021-11-04T10:48:38","guid":{"rendered":"https:\/\/blogsaverroes.juntadeandalucia.es\/cemenriquegranados\/?page_id=1031"},"modified":"2026-01-23T14:28:09","modified_gmt":"2026-01-23T13:28:09","slug":"saxofon","status":"publish","type":"page","link":"https:\/\/blogsaverroes.juntadeandalucia.es\/cemenriquegranados\/ensenanzas\/saxofon\/","title":{"rendered":"Saxof\u00f3n"},"content":{"rendered":"<p>[et_pb_section fb_built=&#8221;1&#8243; admin_label=&#8221;Header&#8221; _builder_version=&#8221;4.3.2&#8243; background_color=&#8221;#f6f0ee&#8221; background_image=&#8221;https:\/\/blogsaverroes.juntadeandalucia.es\/cemenriquegranados\/files\/2021\/08\/music-teacher_40.png&#8221; background_last_edited=&#8221;on|phone&#8221; background_position_phone=&#8221;center_right&#8221; custom_padding=&#8221;0px|||||&#8221;][et_pb_row _builder_version=&#8221;4.1&#8243; custom_padding=&#8221;||0px|||&#8221;][et_pb_column type=&#8221;4_4&#8243; _builder_version=&#8221;4.0.9&#8243;][et_pb_text _builder_version=&#8221;4.5.0&#8243; text_font_size=&#8221;16px&#8221; text_line_height=&#8221;1.8em&#8221; header_font=&#8221;Inria Serif|700|||||||&#8221; header_text_color=&#8221;#000000&#8243; header_font_size=&#8221;70px&#8221; header_line_height=&#8221;1.2em&#8221; z_index=&#8221;1&#8243; max_width=&#8221;800px&#8221; custom_margin=&#8221;||||false|false&#8221; text_font_size_tablet=&#8221;&#8221; text_font_size_phone=&#8221;14px&#8221; text_font_size_last_edited=&#8221;on|phone&#8221; header_font_size_tablet=&#8221;48px&#8221; header_font_size_phone=&#8221;24px&#8221; header_font_size_last_edited=&#8221;on|phone&#8221; locked=&#8221;off&#8221;]<\/p>\n<h1>Saxof\u00f3n<\/h1>\n<p>[\/et_pb_text][\/et_pb_column][\/et_pb_row][et_pb_row column_structure=&#8221;1_4,3_4&#8243; _builder_version=&#8221;4.1&#8243; custom_padding=&#8221;0px||0px|||&#8221;][et_pb_column type=&#8221;1_4&#8243; _builder_version=&#8221;4.0.9&#8243;][et_pb_image src=&#8221;https:\/\/blogsaverroes.juntadeandalucia.es\/cemenriquegranados\/files\/2021\/08\/saxofon.png&#8221; title_text=&#8221;saxofon&#8221; force_fullwidth=&#8221;on&#8221; _builder_version=&#8221;4.5.0&#8243; _module_preset=&#8221;default&#8221; border_radii=&#8221;on|160px|160px|160px|160px&#8221;][\/et_pb_image][\/et_pb_column][et_pb_column type=&#8221;3_4&#8243; _builder_version=&#8221;4.0.9&#8243;][et_pb_text _builder_version=&#8221;4.5.0&#8243; text_font_size=&#8221;16px&#8221; text_line_height=&#8221;1.8em&#8221; header_font=&#8221;Inria Serif|700|||||||&#8221; header_text_color=&#8221;#000000&#8243; header_font_size=&#8221;70px&#8221; header_line_height=&#8221;1.2em&#8221; max_width=&#8221;800px&#8221; custom_margin=&#8221;||||false|false&#8221; text_font_size_tablet=&#8221;&#8221; text_font_size_phone=&#8221;14px&#8221; text_font_size_last_edited=&#8221;on|phone&#8221; header_font_size_tablet=&#8221;48px&#8221; header_font_size_phone=&#8221;24px&#8221; header_font_size_last_edited=&#8221;on|phone&#8221; locked=&#8221;off&#8221;]<\/p>\n<p style=\"text-align: justify\">Es un instrumento musical c\u00f3nico, de la familia de los instrumentos de viento-madera, generalmente hecho de lat\u00f3n que consta de una boquilla con una ca\u00f1a simple al igual que el clarinete.<\/p>\n<p style=\"text-align: justify\">Fue inventado por Adolphe Sax a principios de los a\u00f1os 1840. El saxof\u00f3n se asocia com\u00fanmente con la m\u00fasica popular, la m\u00fasica de big band y el jazz.<\/p>\n<p>[\/et_pb_text][\/et_pb_column][\/et_pb_row][\/et_pb_section][et_pb_section fb_built=&#8221;1&#8243; admin_label=&#8221;About&#8221; _builder_version=&#8221;4.5.0&#8243; background_color=&#8221;#f6f0ee&#8221; custom_padding=&#8221;0px||5%||false|false&#8221;][et_pb_row column_structure=&#8221;1_2,1_2&#8243; use_custom_gutter=&#8221;on&#8221; make_equal=&#8221;on&#8221; _builder_version=&#8221;4.5.0&#8243; min_height=&#8221;967px&#8221; custom_margin=&#8221;|auto|50px|auto||&#8221; custom_padding=&#8221;||||false|false&#8221; locked=&#8221;off&#8221;][et_pb_column type=&#8221;1_2&#8243; _builder_version=&#8221;4.5.0&#8243; use_background_color_gradient=&#8221;on&#8221; background_color_gradient_start=&#8221;rgba(0,0,0,0)&#8221; background_color_gradient_end=&#8221;#000000&#8243; background_color_gradient_overlays_image=&#8221;on&#8221; background_image=&#8221;https:\/\/blogsaverroes.juntadeandalucia.es\/cemenriquegranados\/files\/2021\/11\/tocandoelsaxofon.png&#8221; custom_padding_tablet=&#8221;100px||100px||true|false&#8221; custom_padding_last_edited=&#8221;off|desktop&#8221;][et_pb_image src=&#8221;https:\/\/blogsaverroes.juntadeandalucia.es\/cemenriquegranados\/files\/2021\/08\/music-teacher_50.png&#8221; title_text=&#8221;music-teacher_50&#8243; align=&#8221;right&#8221; _builder_version=&#8221;4.5.0&#8243; custom_margin=&#8221;||||false|true&#8221; custom_margin_tablet=&#8221;|||400px|false|false&#8221; custom_margin_phone=&#8221;|||200px|false|false&#8221; custom_margin_last_edited=&#8221;off|desktop&#8221;][\/et_pb_image][\/et_pb_column][et_pb_column type=&#8221;1_2&#8243; _builder_version=&#8221;4.5.0&#8243; custom_padding=&#8221;||||false|false&#8221; custom_padding_tablet=&#8221;0px||||false|false&#8221; custom_padding_phone=&#8221;&#8221; custom_padding_last_edited=&#8221;on|tablet&#8221;][et_pb_text _builder_version=&#8221;4.5.0&#8243; text_font_size=&#8221;16px&#8221; text_line_height=&#8221;1.8em&#8221; header_2_font=&#8221;Inria Serif|700|||||||&#8221; header_2_text_color=&#8221;#000000&#8243; header_2_font_size=&#8221;60px&#8221; header_2_line_height=&#8221;1.1em&#8221; max_width=&#8221;700px&#8221; module_alignment=&#8221;center&#8221; text_font_size_tablet=&#8221;&#8221; text_font_size_phone=&#8221;14px&#8221; text_font_size_last_edited=&#8221;on|phone&#8221; header_2_font_size_tablet=&#8221;30px&#8221; header_2_font_size_phone=&#8221;22px&#8221; header_2_font_size_last_edited=&#8221;on|desktop&#8221; locked=&#8221;off&#8221;]<\/p>\n<h2 style=\"text-align: justify\">Historia<\/h2>\n<p style=\"text-align: justify\">Adolphe Sax era un fabricante de instrumentos, flautista y clarinetista nacido en Dinant (B\u00e9lgica) que trabajaba en Par\u00eds. Mientras estaba trabajando en la tienda de instrumentos de su padre en Bruselas, Sax comenz\u00f3 a desarrollar un instrumento que ten\u00eda la proyecci\u00f3n de un instrumento de viento-metal con la movilidad de un instrumento de viento-madera.<\/p>\n<p style=\"text-align: justify\">Otra prioridad era crear un instrumento que, aunque similar al clarinete, pero transitado una octava, a diferencia del clarinete, que eleva su altura doce tonos cuando transita. Un instrumento que transita una octava tendr\u00eda id\u00e9ntica digitaci\u00f3n para ambos registros. Esto tambi\u00e9n permite a los saxofonistas hacer un mejor uso de los sobretonos.<\/p>\n<p style=\"text-align: justify\">A principios de 1840, Sax hab\u00eda construido varios saxofones de diferente tama\u00f1o y recibi\u00f3 una patente de 15 a\u00f1os para el instrumento el 28 de junio de 1846.\u200b La patente abarc\u00f3 a 14 versiones del dise\u00f1o fundamental, dividido en dos categor\u00edas de siete instrumentos cada una, desde el sopranino al contrabajo.<\/p>\n<p style=\"text-align: justify\">La patente expir\u00f3 en 1866 y numerosos saxofonistas y fabricantes de instrumentos pusieron en pr\u00e1ctica sus propias mejoras al dise\u00f1o y llaves del instrumento. La primera modificaci\u00f3n fue hecha por un fabricante franc\u00e9s y consisti\u00f3 en una ligera ampliaci\u00f3n de la campana y a\u00f1adi\u00f3 una llave suplementaria para ampliar el registro hacia abajo en un semitono al si\u266d. Este suplemento fue adoptado en casi todos los dise\u00f1os modernos.<\/p>\n<p style=\"text-align: justify\">El conjunto original de llaves de Sax era muy simplista y dificult\u00f3 la interpretaci\u00f3n de algunos pasajes legato y amplios intervalos sumamente dif\u00edciles de tocar. Entonces numerosos fabricantes a\u00f1adieron llaves suplementarias y digitaci\u00f3n alterna para hacer m\u00e1s sencilla la interpretaci\u00f3n crom\u00e1tica.<\/p>\n<p style=\"text-align: justify\">Un avance sustancial en el conjunto de llaves del saxof\u00f3n fue el desarrollo de un m\u00e9todo por el cual ambos agujeros de tono son manejados por una llave de octava sola con el pulgar izquierdo, y que es ahora universal en todos los saxofones modernos.<\/p>\n<p>[\/et_pb_text][et_pb_button button_url=&#8221;https:\/\/blogsaverroes.juntadeandalucia.es\/cemenriquegranados\/contacto\/&#8221; button_text=&#8221;\u00a1Quiero aprender a tocar este instrumento!&#8221; _builder_version=&#8221;4.5.0&#8243; custom_button=&#8221;on&#8221; button_text_size=&#8221;12px&#8221; button_text_color=&#8221;#000000&#8243; button_bg_color=&#8221;#ffffff&#8221; button_border_width=&#8221;0px&#8221; button_border_radius=&#8221;0px&#8221; button_letter_spacing=&#8221;4px&#8221; button_font=&#8221;|700||on|||||&#8221; custom_padding=&#8221;18px|30px|18px|30px|true|true&#8221; box_shadow_style=&#8221;preset3&#8243; box_shadow_vertical=&#8221;47px&#8221; box_shadow_blur=&#8221;48px&#8221; box_shadow_spread=&#8221;0px&#8221; box_shadow_color=&#8221;rgba(100,146,188,0.15)&#8221; locked=&#8221;off&#8221;][\/et_pb_button][\/et_pb_column][\/et_pb_row][\/et_pb_section][et_pb_section fb_built=&#8221;1&#8243; _builder_version=&#8221;4.5.0&#8243; _module_preset=&#8221;default&#8221;][et_pb_row _builder_version=&#8221;4.5.0&#8243; _module_preset=&#8221;default&#8221; custom_padding=&#8221;3px||86px|||&#8221;][et_pb_column type=&#8221;4_4&#8243; _builder_version=&#8221;4.5.0&#8243; _module_preset=&#8221;default&#8221;][et_pb_text _builder_version=&#8221;4.5.0&#8243; text_font_size=&#8221;16px&#8221; text_line_height=&#8221;1.8em&#8221; header_2_font=&#8221;Inria Serif|700|||||||&#8221; header_2_text_color=&#8221;#000000&#8243; header_2_font_size=&#8221;60px&#8221; header_2_line_height=&#8221;1.1em&#8221; module_alignment=&#8221;left&#8221; custom_margin=&#8221;||||false|false&#8221; text_font_size_tablet=&#8221;&#8221; text_font_size_phone=&#8221;14px&#8221; text_font_size_last_edited=&#8221;on|phone&#8221; header_2_font_size_tablet=&#8221;30px&#8221; header_2_font_size_phone=&#8221;22px&#8221; header_2_font_size_last_edited=&#8221;on|desktop&#8221; locked=&#8221;off&#8221;]<\/p>\n<h2 style=\"text-align: justify\">Otros aspectos<\/h2>\n<p>[\/et_pb_text][et_pb_accordion _builder_version=&#8221;4.5.0&#8243; _module_preset=&#8221;default&#8221;][et_pb_accordion_item title=&#8221;FAMILIAS DEL SAXOF\u00d3N:&#8221; open=&#8221;on&#8221; _builder_version=&#8221;4.5.0&#8243; _module_preset=&#8221;default&#8221;]<\/p>\n<p style=\"text-align: justify\">El saxof\u00f3n fue originalmente patentado como dos familias, cada una de siete instrumentos.<\/p>\n<ul style=\"text-align: justify\">\n<li>La familia orquestal consist\u00eda en instrumentos afinados en do y fa,<\/li>\n<li>La familia de banda militar en mi\u266d y si\u266d.<\/li>\n<\/ul>\n<p style=\"text-align: justify\">Cada familia constaba de un sopranino, un soprano, un alto, un tenor, un bar\u00edtono, un bajo y un contrabajo. Adolphe Sax tambi\u00e9n proyect\u00f3 un subcontrabajo, pero nunca lleg\u00f3 a realizarlo.<\/p>\n<p>[\/et_pb_accordion_item][et_pb_accordion_item title=&#8221;MECANISMOS Y PARTES&#8221; _builder_version=&#8221;4.5.0&#8243; _module_preset=&#8221;default&#8221; open=&#8221;off&#8221;]<\/p>\n<ul>\n<li style=\"text-align: justify\"><strong>Boquilla:<\/strong> es el extremo inicial del instrumento, por donde el m\u00fasico sopla.<\/li>\n<li style=\"text-align: justify\"><strong>Ca\u00f1a:<\/strong>&nbsp;es una pieza delgada y aplanada y se coloca en la boquilla. La ca\u00f1a es la pieza principal encargada de producir la vibraci\u00f3n, para sujetarla se utiliza una pieza llamada ligadura o abrazadera, con tornillos que permiten el ajuste.<\/li>\n<li style=\"text-align: justify\"><strong>Cuello:<\/strong>&nbsp;es la parte que conecta la boquilla y el cuerpo.&nbsp;El cuello tiene una pieza que se encarga de sujetar firmemente esta parte al cuerpo, llamada tornillo de cuello.<\/li>\n<li style=\"text-align: justify\"><strong>Cuerpo o tubo:<\/strong> es la parte vertical del instrumento y en donde se encuentran todas las llaves y mecanismos.<\/li>\n<li style=\"text-align: justify\"><strong>Llaves:<\/strong>&nbsp;son la serie de palancas y botones que funcionan con un mecanismo, tapan y destapan los agujeros del instrumento para cambiar las notas.<\/li>\n<li style=\"text-align: justify\"><strong>Arco:<\/strong> es la parte en curva situada en la parte m\u00e1s baja del saxof\u00f3n, que se dobla en 180 grados para dejar la parte final el instrumento hacia arriba.<\/li>\n<li style=\"text-align: justify\"><strong>Campana:<\/strong> es la \u00faltima de las partes del saxof\u00f3n donde se encuentra el agujero y por donde sale expulsado el sonido. Dependiendo del tipo de saxof\u00f3n y su registro, la campana apunta hacia arriba o hacia abajo.<\/li>\n<\/ul>\n<p>[\/et_pb_accordion_item][\/et_pb_accordion][\/et_pb_column][\/et_pb_row][\/et_pb_section][et_pb_section fb_built=&#8221;1&#8243; admin_label=&#8221;Stats&#8221; _builder_version=&#8221;4.3.2&#8243; background_color=&#8221;#f6f0ee&#8221; background_image=&#8221;https:\/\/blogsaverroes.juntadeandalucia.es\/cemenriquegranados\/files\/2021\/08\/music-teacher_38.png&#8221; background_size=&#8221;initial&#8221; background_position=&#8221;bottom_center&#8221; custom_padding=&#8221;46px||46px||true|false&#8221;][et_pb_row _builder_version=&#8221;4.3.2&#8243;][et_pb_column type=&#8221;4_4&#8243; _builder_version=&#8221;4.3.2&#8243;][et_pb_text _builder_version=&#8221;4.3.2&#8243; text_font_size=&#8221;16px&#8221; text_line_height=&#8221;2em&#8221; header_2_font=&#8221;Inria Serif|700|||||||&#8221; header_2_text_color=&#8221;#000000&#8243; header_2_font_size=&#8221;80px&#8221; header_2_line_height=&#8221;1.1em&#8221; text_orientation=&#8221;center&#8221; max_width=&#8221;800px&#8221; module_alignment=&#8221;center&#8221; header_2_font_size_tablet=&#8221;50px&#8221; header_2_font_size_phone=&#8221;30px&#8221; header_2_font_size_last_edited=&#8221;on|phone&#8221; locked=&#8221;off&#8221;]<\/p>\n<h2>Otras ense\u00f1anzas<\/h2>\n<p>[\/et_pb_text][\/et_pb_column][\/et_pb_row][et_pb_row column_structure=&#8221;1_4,1_4,1_4,1_4&#8243; use_custom_gutter=&#8221;on&#8221; gutter_width=&#8221;2&#8243; _builder_version=&#8221;4.7.4&#8243; locked=&#8221;off&#8221;][et_pb_column type=&#8221;1_4&#8243; _builder_version=&#8221;4.7.4&#8243; background_enable_color=&#8221;off&#8221;][et_pb_blurb title=&#8221;GUITARRA&#8221; url=&#8221;https:\/\/blogsaverroes.juntadeandalucia.es\/cemenriquegranados\/ensenanzas\/guitarra\/&#8221; image=&#8221;https:\/\/blogsaverroes.juntadeandalucia.es\/cemenriquegranados\/files\/2021\/08\/guitarra-883&#215;1024.png&#8221; image_max_width=&#8221;41%&#8221; _builder_version=&#8221;4.5.0&#8243; _module_preset=&#8221;default&#8221; text_orientation=&#8221;center&#8221; module_alignment=&#8221;center&#8221; custom_margin=&#8221;0px||||false|false&#8221; link_option_url=&#8221;https:\/\/blogsaverroes.juntadeandalucia.es\/cemenriquegranados\/ensenanzas\/guitarra\/&#8221;][\/et_pb_blurb][\/et_pb_column][et_pb_column type=&#8221;1_4&#8243; _builder_version=&#8221;4.3.2&#8243; background_enable_color=&#8221;off&#8221;][et_pb_blurb title=&#8221;VIOLONCHELO&#8221; url=&#8221;https:\/\/blogsaverroes.juntadeandalucia.es\/cemenriquegranados\/ensenanzas\/violonchelo\/&#8221; image=&#8221;https:\/\/blogsaverroes.juntadeandalucia.es\/cemenriquegranados\/files\/2021\/08\/violonchelo-689&#215;1024.png&#8221; image_max_width=&#8221;32%&#8221; _builder_version=&#8221;4.5.0&#8243; _module_preset=&#8221;default&#8221; text_orientation=&#8221;center&#8221; link_option_url=&#8221;https:\/\/blogsaverroes.juntadeandalucia.es\/cemenriquegranados\/ensenanzas\/vilonchelo\/&#8221;][\/et_pb_blurb][\/et_pb_column][et_pb_column type=&#8221;1_4&#8243; _builder_version=&#8221;4.3.2&#8243; background_enable_color=&#8221;off&#8221;][et_pb_blurb title=&#8221;FLAUTA TRAVESERA&#8221; url=&#8221;https:\/\/blogsaverroes.juntadeandalucia.es\/cemenriquegranados\/ensenanzas\/flauta-travesera\/&#8221; image=&#8221;https:\/\/blogsaverroes.juntadeandalucia.es\/cemenriquegranados\/files\/2021\/11\/flautat.png&#8221; image_max_width=&#8221;54%&#8221; _builder_version=&#8221;4.5.0&#8243; _module_preset=&#8221;default&#8221; text_orientation=&#8221;center&#8221; link_option_url=&#8221;https:\/\/blogsaverroes.juntadeandalucia.es\/cemenriquegranados\/ensenanzas\/flauta-travesera\/&#8221;][\/et_pb_blurb][\/et_pb_column][et_pb_column type=&#8221;1_4&#8243; _builder_version=&#8221;4.3.2&#8243; background_enable_color=&#8221;off&#8221;][et_pb_blurb title=&#8221;VIOL\u00cdN&#8221; url=&#8221;https:\/\/blogsaverroes.juntadeandalucia.es\/cemenriquegranados\/ensenanzas\/violin\/&#8221; image=&#8221;https:\/\/blogsaverroes.juntadeandalucia.es\/cemenriquegranados\/files\/2021\/08\/violin.png&#8221; image_max_width=&#8221;65%&#8221; _builder_version=&#8221;4.5.0&#8243; _module_preset=&#8221;default&#8221; text_orientation=&#8221;center&#8221; link_option_url=&#8221;https:\/\/blogsaverroes.juntadeandalucia.es\/cemenriquegranados\/ensenanzas\/violin\/&#8221;][\/et_pb_blurb][\/et_pb_column][\/et_pb_row][et_pb_row _builder_version=&#8221;4.3.2&#8243; custom_padding=&#8221;||54px|||&#8221; locked=&#8221;off&#8221;][et_pb_column type=&#8221;4_4&#8243; _builder_version=&#8221;4.3.2&#8243;][et_pb_button button_url=&#8221;https:\/\/blogsaverroes.juntadeandalucia.es\/cemenriquegranados\/contacto\/&#8221; button_text=&#8221;Contacta con nosotros&#8221; button_alignment=&#8221;center&#8221; _builder_version=&#8221;4.5.0&#8243; custom_button=&#8221;on&#8221; button_text_size=&#8221;12px&#8221; button_text_color=&#8221;#ffffff&#8221; button_bg_color=&#8221;#141414&#8243; button_border_width=&#8221;0px&#8221; button_border_radius=&#8221;0px&#8221; button_letter_spacing=&#8221;4px&#8221; button_font=&#8221;|700||on|||||&#8221; custom_padding=&#8221;18px|30px|18px|30px|true|true&#8221; box_shadow_style=&#8221;preset3&#8243; box_shadow_vertical=&#8221;47px&#8221; box_shadow_blur=&#8221;48px&#8221; box_shadow_spread=&#8221;0px&#8221; box_shadow_color=&#8221;rgba(100,146,188,0.15)&#8221; locked=&#8221;off&#8221;][\/et_pb_button][\/et_pb_column][\/et_pb_row][\/et_pb_section][et_pb_section fb_built=&#8221;1&#8243; admin_label=&#8221;Footer&#8221; _builder_version=&#8221;4.5.0&#8243; background_color=&#8221;#141414&#8243; background_enable_image=&#8221;off&#8221; saved_tabs=&#8221;all&#8221; locked=&#8221;off&#8221;][et_pb_row column_structure=&#8221;3_5,2_5&#8243; use_custom_gutter=&#8221;on&#8221; gutter_width=&#8221;2&#8243; _builder_version=&#8221;4.5.0&#8243; max_width=&#8221;80%&#8221;][et_pb_column type=&#8221;3_5&#8243; _builder_version=&#8221;4.2.2&#8243;][et_pb_text _builder_version=&#8221;4.5.0&#8243; link_font=&#8221;Inria Serif|700|||||||&#8221; link_text_color=&#8221;#ffffff&#8221; link_font_size=&#8221;40px&#8221; link_line_height=&#8221;1.2em&#8221; header_6_font=&#8221;|700||on|||||&#8221; header_6_text_color=&#8221;rgba(255,255,255,0.7)&#8221; header_6_letter_spacing=&#8221;4px&#8221; header_6_line_height=&#8221;1.8em&#8221; link_font_size_tablet=&#8221;30px&#8221; link_font_size_phone=&#8221;20px&#8221; link_font_size_last_edited=&#8221;on|phone&#8221; locked=&#8221;off&#8221;]<\/p>\n<h6>Email<\/h6>\n<p><a href=\"#\">consercarolina@gmail.com<\/a>[\/et_pb_text][et_pb_text _builder_version=&#8221;4.5.0&#8243; link_font=&#8221;Inria Serif|700|||||||&#8221; link_text_color=&#8221;#ffffff&#8221; link_font_size=&#8221;40px&#8221; link_line_height=&#8221;1.2em&#8221; header_6_font=&#8221;|700||on|||||&#8221; header_6_text_color=&#8221;rgba(255,255,255,0.7)&#8221; header_6_letter_spacing=&#8221;4px&#8221; header_6_line_height=&#8221;1.8em&#8221; link_font_size_tablet=&#8221;30px&#8221; link_font_size_phone=&#8221;20px&#8221; link_font_size_last_edited=&#8221;on|phone&#8221;]<\/p>\n<h6>TEL\u00c9FONO<\/h6>\n<p><a href=\"#\">(+34) 953 609 607<\/a>[\/et_pb_text][\/et_pb_column][et_pb_column type=&#8221;2_5&#8243; _builder_version=&#8221;4.2.2&#8243;][et_pb_signup mailchimp_list=&#8221;SlavaET|77d8d81149&#8243; layout=&#8221;top_bottom&#8221; first_name_field=&#8221;off&#8221; last_name_field=&#8221;off&#8221; title=&#8221;Subscr\u00edbete para estar al d\u00eda de las novedades de nuestro conservatorio&#8221; _builder_version=&#8221;4.5.0&#8243; form_field_background_color=&#8221;rgba(255,255,255,0.1)&#8221; form_field_text_color=&#8221;#ffffff&#8221; form_field_custom_padding=&#8221;18px||18px||true|false&#8221; header_level=&#8221;h3&#8243; header_font=&#8221;Inria Serif|700|||||||&#8221; header_font_size=&#8221;40px&#8221; header_line_height=&#8221;1.1em&#8221; form_field_font=&#8221;|700||on|||||&#8221; form_field_font_size=&#8221;12px&#8221; form_field_letter_spacing=&#8221;4px&#8221; form_field_line_height=&#8221;2em&#8221; use_background_color=&#8221;off&#8221; custom_button=&#8221;on&#8221; button_text_size=&#8221;12px&#8221; button_text_color=&#8221;#000000&#8243; button_bg_color=&#8221;#ffffff&#8221; button_border_width=&#8221;0px&#8221; button_border_radius=&#8221;0px&#8221; button_letter_spacing=&#8221;4px&#8221; button_font=&#8221;|700||on|||||&#8221; button_custom_padding=&#8221;18px|30px|18px|30px|true|true&#8221; header_font_size_tablet=&#8221;30px&#8221; header_font_size_phone=&#8221;20px&#8221; header_font_size_last_edited=&#8221;on|phone&#8221; border_radii_fields=&#8221;on|0px|0px|0px|0px&#8221; box_shadow_style_button=&#8221;preset3&#8243; box_shadow_vertical_button=&#8221;47px&#8221; box_shadow_blur_button=&#8221;48px&#8221; box_shadow_spread_button=&#8221;0px&#8221; box_shadow_color_button=&#8221;rgba(100,146,188,0.1)&#8221; locked=&#8221;off&#8221;][\/et_pb_signup][\/et_pb_column][\/et_pb_row][et_pb_row column_structure=&#8221;1_4,1_4,1_4,1_4&#8243; use_custom_gutter=&#8221;on&#8221; _builder_version=&#8221;4.5.0&#8243; max_width=&#8221;80%&#8221; custom_margin=&#8221;2%||||false|false&#8221;][et_pb_column type=&#8221;1_4&#8243; _builder_version=&#8221;4.2.2&#8243;][et_pb_text _builder_version=&#8221;4.5.0&#8243; text_text_color=&#8221;#ffffff&#8221; text_font_size=&#8221;16px&#8221; text_line_height=&#8221;1.8em&#8221; header_6_font=&#8221;|700||on|||||&#8221; header_6_text_color=&#8221;rgba(255,255,255,0.7)&#8221; header_6_letter_spacing=&#8221;4px&#8221; header_6_line_height=&#8221;1.8em&#8221; background_layout=&#8221;dark&#8221; text_font_size_tablet=&#8221;&#8221; text_font_size_phone=&#8221;14px&#8221; text_font_size_last_edited=&#8221;on|phone&#8221; locked=&#8221;off&#8221;]<\/p>\n<h6>Direcci\u00f3n<\/h6>\n<p>C\/Cervantes, 14, 23200<\/p>\n<p>La Carolina (Ja\u00e9n)<\/p>\n<p>[\/et_pb_text][et_pb_text _builder_version=&#8221;4.5.0&#8243; text_text_color=&#8221;#ffffff&#8221; text_font_size=&#8221;16px&#8221; text_line_height=&#8221;1.8em&#8221; header_6_font=&#8221;|700||on|||||&#8221; header_6_text_color=&#8221;rgba(255,255,255,0.7)&#8221; header_6_letter_spacing=&#8221;4px&#8221; header_6_line_height=&#8221;1.8em&#8221; background_layout=&#8221;dark&#8221; text_font_size_tablet=&#8221;&#8221; text_font_size_phone=&#8221;14px&#8221; text_font_size_last_edited=&#8221;on|phone&#8221; locked=&#8221;off&#8221;]<\/p>\n<h6>Horario<\/h6>\n<p>Mi\u00e9rcoles y Viernes: 9:00 \u2013 14:00<\/p>\n<p>Lunes &#8211; Viernes: 16:00 &#8211; 21:00<\/p>\n<p><span style=\"font-size: 16px\">S\u00e1bado y Domingo: Cerrado<\/span><\/p>\n<p>[\/et_pb_text][\/et_pb_column][et_pb_column type=&#8221;1_4&#8243; _builder_version=&#8221;4.2.2&#8243;][et_pb_text _builder_version=&#8221;4.5.0&#8243; text_text_color=&#8221;#ffffff&#8221; text_font_size=&#8221;16px&#8221; text_line_height=&#8221;1.8em&#8221; header_6_font=&#8221;|700||on|||||&#8221; header_6_text_color=&#8221;rgba(255,255,255,0.7)&#8221; header_6_letter_spacing=&#8221;4px&#8221; header_6_line_height=&#8221;1.8em&#8221; background_layout=&#8221;dark&#8221; text_font_size_tablet=&#8221;&#8221; text_font_size_phone=&#8221;14px&#8221; text_font_size_last_edited=&#8221;on|phone&#8221; locked=&#8221;off&#8221;]<\/p>\n<h6>Enlaces de inter\u00e9s<\/h6>\n<ul>\n<li><span style=\"color: #ffffff\"><a style=\"color: #ffffff\" href=\"https:\/\/apps.apple.com\/es\/app\/ipasen\/id511127024?l=en\" target=\"_blank\" rel=\"noopener noreferrer\">IPASEN M\u00d3VIL APP IOS<\/a><\/span><\/li>\n<li><span style=\"color: #ffffff\"><a style=\"color: #ffffff\" href=\"https:\/\/play.google.com\/store\/apps\/details?id=juntadeandalucia.ced.pasen\" target=\"_blank\" rel=\"noopener noreferrer\">IPASEN M\u00d3VIL APP ANDROID<\/a><\/span><\/li>\n<\/ul>\n<p>&nbsp;<\/p>\n<h6>AVISOS LEGALES<\/h6>\n<ul>\n<li><span style=\"color: #ffffff\"><a style=\"color: #ffffff\" href=\"https:\/\/blogsaverroes.juntadeandalucia.es\/cemenriquegranados\/politica-de-privacidad\/\">Pol\u00edtica de privacidad | T\u00e9rminos de Uso | Pol\u00edtica de Cookies<\/a><\/span><\/li>\n<li><span style=\"color: #ffffff\"><a style=\"color: #ffffff\" href=\"https:\/\/www.juntadeandalucia.es\/protecciondedatos.html\" target=\"_blank\" rel=\"noopener noreferrer\">Acceso a la Protecci\u00f3n de datos JJ.AA<\/a><\/span><\/li>\n<\/ul>\n<p>[\/et_pb_text][\/et_pb_column][et_pb_column type=&#8221;1_4&#8243; _builder_version=&#8221;4.2.2&#8243;][et_pb_text _builder_version=&#8221;4.5.0&#8243; text_text_color=&#8221;#ffffff&#8221; text_font_size=&#8221;16px&#8221; text_line_height=&#8221;1.8em&#8221; header_6_font=&#8221;|700||on|||||&#8221; header_6_text_color=&#8221;rgba(255,255,255,0.7)&#8221; header_6_letter_spacing=&#8221;4px&#8221; header_6_line_height=&#8221;1.8em&#8221; background_layout=&#8221;dark&#8221; text_font_size_tablet=&#8221;&#8221; text_font_size_phone=&#8221;14px&#8221; text_font_size_last_edited=&#8221;on|phone&#8221; locked=&#8221;off&#8221;]<\/p>\n<h6>\u00faltimas noticias<\/h6>\n<ul>\n<li>PLAZO DE PREINSCRIPCI\u00d3N 1 AL 30 DE ABRIL \u2013 ENSE\u00d1ANZA OFICIAL<\/li>\n<li>TRES TARDES DE M\u00daSICA EN LA PLAZA<\/li>\n<li>QU\u00c9 HAY QUE HACER PARA APUNTARSE AL CONSERVATORIO<\/li>\n<\/ul>\n<p>[\/et_pb_text][\/et_pb_column][et_pb_column type=&#8221;1_4&#8243; _builder_version=&#8221;4.2.2&#8243;][et_pb_text _builder_version=&#8221;4.5.0&#8243; text_text_color=&#8221;#ffffff&#8221; text_font_size=&#8221;16px&#8221; text_line_height=&#8221;2em&#8221; header_6_font=&#8221;|700||on|||||&#8221; header_6_text_color=&#8221;rgba(255,255,255,0.7)&#8221; header_6_letter_spacing=&#8221;4px&#8221; header_6_line_height=&#8221;1.8em&#8221; background_layout=&#8221;dark&#8221; locked=&#8221;off&#8221;]<\/p>\n<h6>S\u00cdGUENOS<\/h6>\n<p>[\/et_pb_text][et_pb_social_media_follow use_icon_font_size=&#8221;on&#8221; _builder_version=&#8221;4.5.0&#8243; background_enable_color=&#8221;off&#8221; text_orientation=&#8221;left&#8221;][et_pb_social_media_follow_network social_network=&#8221;facebook&#8221; url=&#8221;https:\/\/www.facebook.com\/cemenriquegranados.lacarolina&#8221; _builder_version=&#8221;4.5.0&#8243; background_enable_color=&#8221;off&#8221; follow_button=&#8221;off&#8221; url_new_window=&#8221;on&#8221;]facebook[\/et_pb_social_media_follow_network][et_pb_social_media_follow_network social_network=&#8221;instagram&#8221; url=&#8221;https:\/\/www.instagram.com\/conservatorioenriquegranados\/&#8221; _builder_version=&#8221;4.5.0&#8243; background_color=&#8221;#ea2c59&#8243; background_enable_color=&#8221;off&#8221; follow_button=&#8221;off&#8221; url_new_window=&#8221;on&#8221;]instagram[\/et_pb_social_media_follow_network][et_pb_social_media_follow_network social_network=&#8221;youtube&#8221; url=&#8221;https:\/\/www.youtube.com\/channel\/UCupZBlj3ghEmoJ4RAgXCvmw&#8221; _builder_version=&#8221;4.5.0&#8243; background_enable_color=&#8221;off&#8221; follow_button=&#8221;off&#8221; url_new_window=&#8221;on&#8221;]youtube[\/et_pb_social_media_follow_network][\/et_pb_social_media_follow][\/et_pb_column][\/et_pb_row][\/et_pb_section]<\/p>\n","protected":false},"excerpt":{"rendered":"<p>Saxof\u00f3n Es un instrumento musical c\u00f3nico, de la familia de los instrumentos de viento-madera, generalmente hecho de lat\u00f3n que consta de una boquilla con una ca\u00f1a simple al igual que el clarinete. Fue inventado por Adolphe Sax a principios de los a\u00f1os 1840. El saxof\u00f3n se asocia com\u00fanmente con la m\u00fasica popular, la m\u00fasica de [&hellip;]<\/p>\n","protected":false},"author":13200,"featured_media":0,"parent":787,"menu_order":0,"comment_status":"closed","ping_status":"closed","template":"","meta":{"_et_pb_use_builder":"on","_et_pb_old_content":"","_et_gb_content_width":"","ngg_post_thumbnail":0,"footnotes":""},"aioseo_notices":[],"_links":{"self":[{"href":"https:\/\/blogsaverroes.juntadeandalucia.es\/cemenriquegranados\/wp-json\/wp\/v2\/pages\/1031"}],"collection":[{"href":"https:\/\/blogsaverroes.juntadeandalucia.es\/cemenriquegranados\/wp-json\/wp\/v2\/pages"}],"about":[{"href":"https:\/\/blogsaverroes.juntadeandalucia.es\/cemenriquegranados\/wp-json\/wp\/v2\/types\/page"}],"author":[{"embeddable":true,"href":"https:\/\/blogsaverroes.juntadeandalucia.es\/cemenriquegranados\/wp-json\/wp\/v2\/users\/13200"}],"replies":[{"embeddable":true,"href":"https:\/\/blogsaverroes.juntadeandalucia.es\/cemenriquegranados\/wp-json\/wp\/v2\/comments?post=1031"}],"version-history":[{"count":19,"href":"https:\/\/blogsaverroes.juntadeandalucia.es\/cemenriquegranados\/wp-json\/wp\/v2\/pages\/1031\/revisions"}],"predecessor-version":[{"id":2159,"href":"https:\/\/blogsaverroes.juntadeandalucia.es\/cemenriquegranados\/wp-json\/wp\/v2\/pages\/1031\/revisions\/2159"}],"up":[{"embeddable":true,"href":"https:\/\/blogsaverroes.juntadeandalucia.es\/cemenriquegranados\/wp-json\/wp\/v2\/pages\/787"}],"wp:attachment":[{"href":"https:\/\/blogsaverroes.juntadeandalucia.es\/cemenriquegranados\/wp-json\/wp\/v2\/media?parent=1031"}],"curies":[{"name":"wp","href":"https:\/\/api.w.org\/{rel}","templated":true}]}}