{"id":1408,"date":"2021-11-18T12:41:03","date_gmt":"2021-11-18T11:41:03","guid":{"rendered":"https:\/\/blogsaverroes.juntadeandalucia.es\/cemenriquegranados\/?page_id=1408"},"modified":"2025-11-17T13:44:08","modified_gmt":"2025-11-17T12:44:08","slug":"matriculacion","status":"publish","type":"page","link":"https:\/\/blogsaverroes.juntadeandalucia.es\/cemenriquegranados\/matriculacion\/","title":{"rendered":"Matriculaci\u00f3n"},"content":{"rendered":"<p>[et_pb_section fb_built=&#8221;1&#8243; admin_label=&#8221;Header&#8221; _builder_version=&#8221;4.16&#8243; background_color=&#8221;#f6f0ee&#8221; width=&#8221;93.4%&#8221; custom_padding=&#8221;|||75px||&#8221; locked=&#8221;off&#8221; global_colors_info=&#8221;{}&#8221;][et_pb_row column_structure=&#8221;1_2,1_2&#8243; make_equal=&#8221;on&#8221; admin_label=&#8221;Fila&#8221; _builder_version=&#8221;4.16&#8243; custom_margin=&#8221;|auto|-2vw|3px|false|false&#8221; custom_padding=&#8221;0px||0px|||&#8221; global_colors_info=&#8221;{}&#8221;][et_pb_column type=&#8221;1_2&#8243; _builder_version=&#8221;4.16&#8243; z_index=&#8221;10&#8243; custom_padding=&#8221;||||false|false&#8221; custom_padding_tablet=&#8221;0px||||false|false&#8221; custom_padding_phone=&#8221;&#8221; custom_padding_last_edited=&#8221;on|tablet&#8221; global_colors_info=&#8221;{}&#8221;][et_pb_text _builder_version=&#8221;4.16&#8243; text_font=&#8221;||||||||&#8221; text_font_size=&#8221;16px&#8221; text_line_height=&#8221;1.8em&#8221; header_font=&#8221;Inria Serif|700|||||||&#8221; header_text_color=&#8221;#000000&#8243; header_font_size=&#8221;70px&#8221; header_line_height=&#8221;1.2em&#8221; z_index=&#8221;1&#8243; max_width=&#8221;1501px&#8221; custom_margin=&#8221;|-716px|||false|false&#8221; custom_padding=&#8221;|3px||||&#8221; text_font_size_tablet=&#8221;&#8221; text_font_size_phone=&#8221;14px&#8221; text_font_size_last_edited=&#8221;on|phone&#8221; header_font_size_tablet=&#8221;48px&#8221; header_font_size_phone=&#8221;24px&#8221; header_font_size_last_edited=&#8221;on|phone&#8221; locked=&#8221;off&#8221; global_colors_info=&#8221;{}&#8221;]<\/p>\n<h1 style=\"text-align: justify\">Matriculaci\u00f3n<\/h1>\n<p style=\"text-align: justify\">CADA A\u00d1O CONTAMOS CON DOS PLAZOS DE MATRICULACI\u00d3N:<\/p>\n<p style=\"text-align: justify\">1- <strong>DEL 1 AL 10 DE JULIO, AMBOS INCLUSIVE<\/strong>, para alumnado que accede a primer curso y para alumnado ya matriculado en el centro en cursos anteriores y que contin\u00faa sus estudios.<\/p>\n<p style=\"text-align: justify\">2- <strong>DEL 10 AL 22 DE SEPTIEMBRE, AMBOS INCLUSIVE<\/strong>, para alumnado que accede a cursos distintos de primero a trav\u00e9s de la prueba de acceso de septiembre.<\/p>\n<h3><strong>REQUISITOS PARA FORMALIZAR LA MATR\u00cdCULA<\/strong><\/h3>\n<p>1- Si usted tiene carnet de familia numerosa de categor\u00eda general o especial, se le aplicar\u00e1 un descuento en el pago de las tasas siempre y cuando adjunte una fotocopia de dicho carnet.<br \/>2- <span>Ser\u00e1 obligatorio presentar una fotocopia del DNI del alumno (si lo tuviera).<\/span><br \/>3- Usted tendr\u00e1 que entregar junto con la fotocopia del DNI y la fotocopia del carnet de familia numerosa, si lo tuviera, los impresos necesarios debidamente cumplimentados, eligiendo una de las siguientes formas:<\/p>\n<p><strong>FORMA PRESENCIAL:<\/strong> para lo cual el centro les facilitar\u00e1 la documentaci\u00f3n y una cita previa para la entrega de la misma.<\/p>\n<p><strong>FORMA TELEM\u00c1TICA 1:<\/strong> (solo para el plazo del 1 al 10 de julio) cumplimentar el pago de tasas y el impreso de matriculaci\u00f3n a trav\u00e9s de la secretar\u00eda virtual de la Junta de Andaluc\u00eda a la que pueden acceder a trav\u00e9s del siguiente enlace:<\/p>\n<p><a href=\"https:\/\/www.juntadeandalucia.es\/educacion\/secretariavirtual\/consultas\/#CONSERV\"> https:\/\/www.juntadeandalucia.es\/educacion\/secretariavirtual\/conservatorios<\/a><\/p>\n<p>Despu\u00e9s de esto, cumplimentar el resto de la documentaci\u00f3n que puede descargar de los siguientes enlaces y enviarla a <strong>consercarolina@gmail.com<\/strong>:<\/p>\n<p><a href=\"https:\/\/drive.google.com\/file\/d\/1brpfSolbopgUh0JYG0JCpkBBpCgHhGmD\/view?usp=sharing\" target=\"_blank\" rel=\"noopener noreferrer\"><em>IMPRESO<span style=\"font-size: 16px\"> DE INSCRIPCI\u00d3N EN EL AMPA (VOLUNTARIO)&gt;&gt;<\/span><\/em><\/a><\/p>\n<p><span style=\"font-size: 16px\"><\/span><a href=\"https:\/\/drive.google.com\/file\/d\/1Aflq2GixACqgIp9FPp3aZVguxcpltKp0\/view?usp=sharing\" target=\"_blank\" rel=\"noopener noreferrer\"><em>IMPRESO<span style=\"font-size: 16px\"> DE PREFERENCIAS PARA EL HORARIO &gt;&gt;<\/span><\/em><\/a><\/p>\n<p><span style=\"font-size: 16px\"><\/span><a href=\"https:\/\/blogsaverroes.juntadeandalucia.es\/cemenriquegranados\/files\/2022\/07\/CONSENTIMIENTO-PARA-LA-UTILIZACION-DEL-USO-DE-IMAGENES-DEL-ALUMNO-EN-LAS-PUBLICACIONES.pdf\" target=\"_blank\" rel=\"noopener noreferrer\"><em>IMPRESO<span style=\"font-size: 16px\"> DE CESI\u00d3N DE DERECHOS DE IMAGEN (VOLUNTARIO) &gt;&gt;<\/span><\/em><\/a><span style=\"font-size: 16px\"><\/span><em><span style=\"font-size: 16px\"><strong><\/strong><\/span><\/em><\/p>\n<p><em><span style=\"font-size: 16px\"><strong><\/strong><\/span><\/em><\/p>\n<p><em><span style=\"font-size: 16px\"><strong>FORMA TELEM\u00c1TICA 2:<\/strong> <\/span><\/em><span style=\"font-size: 16px\">rellenando los impresos que pueden descargar de los siguientes enlaces, y remiti\u00e9ndolos debidamente cumplimentados a <strong>consercarolina@gmail.com<\/strong>:<\/span><\/p>\n<p><a href=\"https:\/\/blogsaverroes.juntadeandalucia.es\/cemenriquegranados\/files\/2021\/11\/impreso-matr\u00edcula.pdf\" target=\"_blank\" rel=\"noopener noreferrer\">IMPRESO DE MATRICULACI\u00d3N &gt;&gt;<\/a><\/p>\n<p><a href=\"https:\/\/drive.google.com\/file\/d\/1cLrbTL3kx2MGgOBSNsMwfr_y-vrI1FXD\/view?usp=sharing\">INSTRUCCIONES DE MATRICULACI\u00d3N Y PAGO DE TASAS &gt;&gt;<\/a><a href=\"https:\/\/blogsaverroes.juntadeandalucia.es\/cemenriquegranados\/files\/2023\/05\/Instrucciones-de-matr\u00edcula.pdf\" target=\"_blank\" rel=\"noopener noreferrer\"><\/a><\/p>\n<p><a href=\"https:\/\/drive.google.com\/file\/d\/1brpfSolbopgUh0JYG0JCpkBBpCgHhGmD\/view?usp=sharing\" target=\"_blank\" rel=\"noopener noreferrer\"><em>IMPRESO<span style=\"font-size: 16px\"> DE INSCRIPCI\u00d3N EN EL AMPA (VOLUNTARIO)&gt;&gt;<\/span><\/em><\/a><\/p>\n<p><span style=\"font-size: 16px\"><\/span><a href=\"https:\/\/drive.google.com\/file\/d\/1Aflq2GixACqgIp9FPp3aZVguxcpltKp0\/view?usp=sharing\" target=\"_blank\" rel=\"noopener noreferrer\"><em>IMPRESO<span style=\"font-size: 16px\"> DE PREFERENCIAS PARA EL HORARIO &gt;&gt;<\/span><\/em><\/a><\/p>\n<p><span style=\"font-size: 16px\"><\/span><a href=\"https:\/\/blogsaverroes.juntadeandalucia.es\/cemenriquegranados\/files\/2022\/07\/CONSENTIMIENTO-PARA-LA-UTILIZACION-DEL-USO-DE-IMAGENES-DEL-ALUMNO-EN-LAS-PUBLICACIONES.pdf\" target=\"_blank\" rel=\"noopener noreferrer\"><em>IMPRESO<span style=\"font-size: 16px\"> DE CESI\u00d3N DE DERECHOS DE IMAGEN (VOLUNTARIO) &gt;&gt;<\/span><\/em><\/a><\/p>\n<p>[\/et_pb_text][\/et_pb_column][et_pb_column type=&#8221;1_2&#8243; _builder_version=&#8221;4.24.2&#8243; _module_preset=&#8221;default&#8221; global_colors_info=&#8221;{}&#8221;][et_pb_image src=&#8221;https:\/\/blogsaverroes.juntadeandalucia.es\/cemenriquegranados\/files\/2021\/08\/music-teacher_30.png&#8221; admin_label=&#8221;Imagen&#8221; _builder_version=&#8221;4.16&#8243; positioning=&#8221;absolute&#8221; position_origin_a=&#8221;bottom_right&#8221; vertical_offset=&#8221;975px&#8221; horizontal_offset=&#8221;72px&#8221; width=&#8221;100%&#8221; min_height=&#8221;945.2px&#8221; custom_margin=&#8221;-7px|-59.8%|-190.3%|-0.2%|false|false&#8221; custom_margin_tablet=&#8221;|0%|-30%||false|false&#8221; custom_margin_phone=&#8221;&#8221; custom_margin_last_edited=&#8221;on|tablet&#8221; custom_padding=&#8221;4px|0px||0px||&#8221; filter_opacity_tablet=&#8221;45%&#8221; filter_opacity_phone=&#8221;&#8221; filter_opacity_last_edited=&#8221;on|tablet&#8221; locked=&#8221;off&#8221; global_colors_info=&#8221;{}&#8221;][\/et_pb_image][\/et_pb_column][\/et_pb_row][\/et_pb_section][et_pb_section fb_built=&#8221;1&#8243; custom_padding_last_edited=&#8221;on|phone&#8221; admin_label=&#8221;Services&#8221; _builder_version=&#8221;4.16&#8243; background_color=&#8221;#f6f0ee&#8221; custom_padding=&#8221;49px||||false|false&#8221; custom_padding_tablet=&#8221;0px||||false|false&#8221; custom_padding_phone=&#8221;&#8221; global_colors_info=&#8221;{}&#8221;][\/et_pb_section][et_pb_section fb_built=&#8221;1&#8243; admin_label=&#8221;Footer&#8221; _builder_version=&#8221;4.16&#8243; background_color=&#8221;#141414&#8243; background_enable_image=&#8221;off&#8221; saved_tabs=&#8221;all&#8221; locked=&#8221;off&#8221; global_colors_info=&#8221;{}&#8221;][et_pb_row column_structure=&#8221;3_5,2_5&#8243; use_custom_gutter=&#8221;on&#8221; gutter_width=&#8221;2&#8243; _builder_version=&#8221;4.16&#8243; max_width=&#8221;80%&#8221; global_colors_info=&#8221;{}&#8221;][et_pb_column type=&#8221;3_5&#8243; _builder_version=&#8221;4.16&#8243; global_colors_info=&#8221;{}&#8221;][et_pb_text _builder_version=&#8221;4.16&#8243; link_font=&#8221;Inria Serif|700|||||||&#8221; link_text_color=&#8221;#ffffff&#8221; link_font_size=&#8221;40px&#8221; link_line_height=&#8221;1.2em&#8221; header_6_font=&#8221;|700||on|||||&#8221; header_6_text_color=&#8221;rgba(255,255,255,0.7)&#8221; header_6_letter_spacing=&#8221;4px&#8221; header_6_line_height=&#8221;1.8em&#8221; link_font_size_tablet=&#8221;30px&#8221; link_font_size_phone=&#8221;20px&#8221; link_font_size_last_edited=&#8221;on|phone&#8221; locked=&#8221;off&#8221; global_colors_info=&#8221;{}&#8221;]<\/p>\n<h6>Email<\/h6>\n<p><a href=\"#\">consercarolina@gmail.com<\/a>[\/et_pb_text][et_pb_text _builder_version=&#8221;4.16&#8243; link_font=&#8221;Inria Serif|700|||||||&#8221; link_text_color=&#8221;#ffffff&#8221; link_font_size=&#8221;40px&#8221; link_line_height=&#8221;1.2em&#8221; header_6_font=&#8221;|700||on|||||&#8221; header_6_text_color=&#8221;rgba(255,255,255,0.7)&#8221; header_6_letter_spacing=&#8221;4px&#8221; header_6_line_height=&#8221;1.8em&#8221; link_font_size_tablet=&#8221;30px&#8221; link_font_size_phone=&#8221;20px&#8221; link_font_size_last_edited=&#8221;on|phone&#8221; global_colors_info=&#8221;{}&#8221;]<\/p>\n<h6>TEL\u00c9FONO<\/h6>\n<p><a href=\"#\">(+34) 953 609 607<\/a>[\/et_pb_text][\/et_pb_column][et_pb_column type=&#8221;2_5&#8243; _builder_version=&#8221;4.16&#8243; global_colors_info=&#8221;{}&#8221;][et_pb_signup mailchimp_list=&#8221;SlavaET|77d8d81149&#8243; layout=&#8221;top_bottom&#8221; first_name_field=&#8221;off&#8221; last_name_field=&#8221;off&#8221; title=&#8221;Subscr\u00edbete para estar al d\u00eda de las novedades de nuestro conservatorio&#8221; _builder_version=&#8221;4.16&#8243; form_field_background_color=&#8221;rgba(255,255,255,0.1)&#8221; form_field_text_color=&#8221;#ffffff&#8221; form_field_custom_padding=&#8221;18px||18px||true|false&#8221; header_level=&#8221;h3&#8243; header_font=&#8221;Inria Serif|700|||||||&#8221; header_font_size=&#8221;40px&#8221; header_line_height=&#8221;1.1em&#8221; form_field_font=&#8221;|700||on|||||&#8221; form_field_font_size=&#8221;12px&#8221; form_field_letter_spacing=&#8221;4px&#8221; form_field_line_height=&#8221;2em&#8221; use_background_color=&#8221;off&#8221; custom_button=&#8221;on&#8221; button_text_size=&#8221;12px&#8221; button_text_color=&#8221;#000000&#8243; button_bg_color=&#8221;#ffffff&#8221; button_border_width=&#8221;0px&#8221; button_border_radius=&#8221;0px&#8221; button_letter_spacing=&#8221;4px&#8221; button_font=&#8221;|700||on|||||&#8221; button_custom_padding=&#8221;18px|30px|18px|30px|true|true&#8221; header_font_size_tablet=&#8221;30px&#8221; header_font_size_phone=&#8221;20px&#8221; header_font_size_last_edited=&#8221;on|phone&#8221; border_radii_fields=&#8221;on|0px|0px|0px|0px&#8221; box_shadow_style_button=&#8221;preset3&#8243; box_shadow_vertical_button=&#8221;47px&#8221; box_shadow_blur_button=&#8221;48px&#8221; box_shadow_spread_button=&#8221;0px&#8221; box_shadow_color_button=&#8221;rgba(100,146,188,0.1)&#8221; locked=&#8221;off&#8221; global_colors_info=&#8221;{}&#8221;][\/et_pb_signup][\/et_pb_column][\/et_pb_row][et_pb_row column_structure=&#8221;1_4,1_4,1_4,1_4&#8243; use_custom_gutter=&#8221;on&#8221; _builder_version=&#8221;4.16&#8243; max_width=&#8221;80%&#8221; custom_margin=&#8221;2%||||false|false&#8221; global_colors_info=&#8221;{}&#8221;][et_pb_column type=&#8221;1_4&#8243; _builder_version=&#8221;4.16&#8243; global_colors_info=&#8221;{}&#8221;][et_pb_text _builder_version=&#8221;4.16&#8243; text_text_color=&#8221;#ffffff&#8221; text_font_size=&#8221;16px&#8221; text_line_height=&#8221;1.8em&#8221; header_6_font=&#8221;|700||on|||||&#8221; header_6_text_color=&#8221;rgba(255,255,255,0.7)&#8221; header_6_letter_spacing=&#8221;4px&#8221; header_6_line_height=&#8221;1.8em&#8221; background_layout=&#8221;dark&#8221; text_font_size_tablet=&#8221;&#8221; text_font_size_phone=&#8221;14px&#8221; text_font_size_last_edited=&#8221;on|phone&#8221; locked=&#8221;off&#8221; global_colors_info=&#8221;{}&#8221;]<\/p>\n<h6>Direcci\u00f3n<\/h6>\n<p>C\/Cervantes, 14, 23200<\/p>\n<p>La Carolina (Ja\u00e9n)<\/p>\n<p>[\/et_pb_text][et_pb_text _builder_version=&#8221;4.16&#8243; text_text_color=&#8221;#ffffff&#8221; text_font_size=&#8221;16px&#8221; text_line_height=&#8221;1.8em&#8221; header_6_font=&#8221;|700||on|||||&#8221; header_6_text_color=&#8221;rgba(255,255,255,0.7)&#8221; header_6_letter_spacing=&#8221;4px&#8221; header_6_line_height=&#8221;1.8em&#8221; background_layout=&#8221;dark&#8221; text_font_size_tablet=&#8221;&#8221; text_font_size_phone=&#8221;14px&#8221; text_font_size_last_edited=&#8221;on|phone&#8221; locked=&#8221;off&#8221; global_colors_info=&#8221;{}&#8221;]<\/p>\n<h6>Horario<\/h6>\n<p>Mi\u00e9rcoles y Viernes: 9:00 \u2013 14:00<\/p>\n<p>Lunes &#8211; Viernes: 16:00 &#8211; 21:00<\/p>\n<p><span style=\"font-size: 16px\">S\u00e1bado y Domingo: Cerrado<\/span><\/p>\n<p>[\/et_pb_text][\/et_pb_column][et_pb_column type=&#8221;1_4&#8243; _builder_version=&#8221;4.16&#8243; global_colors_info=&#8221;{}&#8221;][et_pb_text _builder_version=&#8221;4.16&#8243; text_text_color=&#8221;#ffffff&#8221; text_font_size=&#8221;16px&#8221; text_line_height=&#8221;1.8em&#8221; header_6_font=&#8221;|700||on|||||&#8221; header_6_text_color=&#8221;rgba(255,255,255,0.7)&#8221; header_6_letter_spacing=&#8221;4px&#8221; header_6_line_height=&#8221;1.8em&#8221; background_layout=&#8221;dark&#8221; text_font_size_tablet=&#8221;&#8221; text_font_size_phone=&#8221;14px&#8221; text_font_size_last_edited=&#8221;on|phone&#8221; locked=&#8221;off&#8221; global_colors_info=&#8221;{}&#8221;]<\/p>\n<h6>Enlaces de inter\u00e9s<\/h6>\n<ul>\n<li><span style=\"color: #ffffff\"><a href=\"https:\/\/apps.apple.com\/es\/app\/ipasen\/id511127024?l=en\" target=\"_blank\" rel=\"noopener noreferrer\" style=\"color: #ffffff\">IPASEN M\u00d3VIL APP IOS<\/a><\/span><\/li>\n<li><span style=\"color: #ffffff\"><a href=\"https:\/\/play.google.com\/store\/apps\/details?id=juntadeandalucia.ced.pasen\" target=\"_blank\" rel=\"noopener noreferrer\" style=\"color: #ffffff\">IPASEN M\u00d3VIL APP ANDROID<\/a><\/span><\/li>\n<\/ul>\n<p>&nbsp;<\/p>\n<h6>AVISOS LEGALES<\/h6>\n<ul>\n<li><span style=\"color: #ffffff\"><a href=\"https:\/\/blogsaverroes.juntadeandalucia.es\/cemenriquegranados\/politica-de-privacidad\/\" style=\"color: #ffffff\">Pol\u00edtica de privacidad | T\u00e9rminos de Uso | Pol\u00edtica de Cookies<\/a><\/span><\/li>\n<li><span style=\"color: #ffffff\"><a href=\"https:\/\/www.juntadeandalucia.es\/protecciondedatos.html\" target=\"_blank\" rel=\"noopener noreferrer\" style=\"color: #ffffff\">Acceso a la Protecci\u00f3n de datos JJ.AA<\/a><\/span><\/li>\n<\/ul>\n<p>[\/et_pb_text][\/et_pb_column][et_pb_column type=&#8221;1_4&#8243; _builder_version=&#8221;4.16&#8243; global_colors_info=&#8221;{}&#8221;][et_pb_text _builder_version=&#8221;4.16&#8243; text_text_color=&#8221;#ffffff&#8221; text_font_size=&#8221;16px&#8221; text_line_height=&#8221;1.8em&#8221; header_6_font=&#8221;|700||on|||||&#8221; header_6_text_color=&#8221;rgba(255,255,255,0.7)&#8221; header_6_letter_spacing=&#8221;4px&#8221; header_6_line_height=&#8221;1.8em&#8221; background_layout=&#8221;dark&#8221; text_font_size_tablet=&#8221;&#8221; text_font_size_phone=&#8221;14px&#8221; text_font_size_last_edited=&#8221;on|phone&#8221; locked=&#8221;off&#8221; global_colors_info=&#8221;{}&#8221;]<\/p>\n<h6>\u00faltimas noticias<\/h6>\n<ul>\n<li>PLAZO DE PREINSCRIPCI\u00d3N 1 AL 30 DE ABRIL \u2013 ENSE\u00d1ANZA OFICIAL<\/li>\n<li>TRES TARDES DE M\u00daSICA EN LA PLAZA<\/li>\n<li>QU\u00c9 HAY QUE HACER PARA APUNTARSE AL CONSERVATORIO<\/li>\n<\/ul>\n<p>[\/et_pb_text][\/et_pb_column][et_pb_column type=&#8221;1_4&#8243; _builder_version=&#8221;4.16&#8243; global_colors_info=&#8221;{}&#8221;][et_pb_text _builder_version=&#8221;4.16&#8243; text_text_color=&#8221;#ffffff&#8221; text_font_size=&#8221;16px&#8221; text_line_height=&#8221;2em&#8221; header_6_font=&#8221;|700||on|||||&#8221; header_6_text_color=&#8221;rgba(255,255,255,0.7)&#8221; header_6_letter_spacing=&#8221;4px&#8221; header_6_line_height=&#8221;1.8em&#8221; background_layout=&#8221;dark&#8221; locked=&#8221;off&#8221; global_colors_info=&#8221;{}&#8221;]<\/p>\n<h6>S\u00cdGUENOS<\/h6>\n<p>[\/et_pb_text][et_pb_social_media_follow use_icon_font_size=&#8221;on&#8221; _builder_version=&#8221;4.16&#8243; background_enable_color=&#8221;off&#8221; text_orientation=&#8221;left&#8221; global_colors_info=&#8221;{}&#8221;][et_pb_social_media_follow_network social_network=&#8221;facebook&#8221; url=&#8221;https:\/\/www.facebook.com\/cemenriquegranados.lacarolina&#8221; _builder_version=&#8221;4.16&#8243; background_enable_color=&#8221;off&#8221; global_colors_info=&#8221;{}&#8221; follow_button=&#8221;off&#8221; url_new_window=&#8221;on&#8221;]facebook[\/et_pb_social_media_follow_network][et_pb_social_media_follow_network social_network=&#8221;instagram&#8221; url=&#8221;https:\/\/www.instagram.com\/conservatorioenriquegranados\/&#8221; _builder_version=&#8221;4.16&#8243; background_color=&#8221;#ea2c59&#8243; background_enable_color=&#8221;off&#8221; global_colors_info=&#8221;{}&#8221; follow_button=&#8221;off&#8221; url_new_window=&#8221;on&#8221;]instagram[\/et_pb_social_media_follow_network][et_pb_social_media_follow_network social_network=&#8221;youtube&#8221; url=&#8221;https:\/\/www.youtube.com\/channel\/UCupZBlj3ghEmoJ4RAgXCvmw&#8221; _builder_version=&#8221;4.16&#8243; background_enable_color=&#8221;off&#8221; global_colors_info=&#8221;{}&#8221; follow_button=&#8221;off&#8221; url_new_window=&#8221;on&#8221;]youtube[\/et_pb_social_media_follow_network][\/et_pb_social_media_follow][\/et_pb_column][\/et_pb_row][\/et_pb_section]<\/p>\n","protected":false},"excerpt":{"rendered":"<p>Matriculaci\u00f3n CADA A\u00d1O CONTAMOS CON DOS PLAZOS DE MATRICULACI\u00d3N: 1- DEL 1 AL 10 DE JULIO, AMBOS INCLUSIVE, para alumnado que accede a primer curso y para alumnado ya matriculado en el centro en cursos anteriores y que contin\u00faa sus estudios. 2- DEL 10 AL 22 DE SEPTIEMBRE, AMBOS INCLUSIVE, para alumnado que accede a [&hellip;]<\/p>\n","protected":false},"author":13200,"featured_media":0,"parent":0,"menu_order":0,"comment_status":"closed","ping_status":"closed","template":"","meta":{"_et_pb_use_builder":"on","_et_pb_old_content":"","_et_gb_content_width":"","ngg_post_thumbnail":0,"footnotes":""},"aioseo_notices":[],"_links":{"self":[{"href":"https:\/\/blogsaverroes.juntadeandalucia.es\/cemenriquegranados\/wp-json\/wp\/v2\/pages\/1408"}],"collection":[{"href":"https:\/\/blogsaverroes.juntadeandalucia.es\/cemenriquegranados\/wp-json\/wp\/v2\/pages"}],"about":[{"href":"https:\/\/blogsaverroes.juntadeandalucia.es\/cemenriquegranados\/wp-json\/wp\/v2\/types\/page"}],"author":[{"embeddable":true,"href":"https:\/\/blogsaverroes.juntadeandalucia.es\/cemenriquegranados\/wp-json\/wp\/v2\/users\/13200"}],"replies":[{"embeddable":true,"href":"https:\/\/blogsaverroes.juntadeandalucia.es\/cemenriquegranados\/wp-json\/wp\/v2\/comments?post=1408"}],"version-history":[{"count":22,"href":"https:\/\/blogsaverroes.juntadeandalucia.es\/cemenriquegranados\/wp-json\/wp\/v2\/pages\/1408\/revisions"}],"predecessor-version":[{"id":2006,"href":"https:\/\/blogsaverroes.juntadeandalucia.es\/cemenriquegranados\/wp-json\/wp\/v2\/pages\/1408\/revisions\/2006"}],"wp:attachment":[{"href":"https:\/\/blogsaverroes.juntadeandalucia.es\/cemenriquegranados\/wp-json\/wp\/v2\/media?parent=1408"}],"curies":[{"name":"wp","href":"https:\/\/api.w.org\/{rel}","templated":true}]}}